{"id":6,"date":"2023-12-18T05:23:16","date_gmt":"2023-12-18T05:23:16","guid":{"rendered":"https:\/\/newsreader.codesupply.co\/city\/?page_id=6"},"modified":"2026-06-25T16:55:41","modified_gmt":"2026-06-25T22:55:41","slug":"homepage","status":"publish","type":"page","link":"https:\/\/grupohoymexico.com\/tlaxcala\/","title":{"rendered":"Tlaxcala Hoy"},"content":{"rendered":"\t\t<div data-elementor-type=\"wp-page\" data-elementor-id=\"6\" class=\"elementor elementor-6\">\n\t\t\t\t<div class=\"elementor-element elementor-element-7d505bd e-flex e-con-boxed e-con e-parent\" data-id=\"7d505bd\" data-element_type=\"container\" data-e-type=\"container\">\n\t\t\t\t\t<div class=\"e-con-inner\">\n\t\t<div class=\"elementor-element elementor-element-9c86909 e-con-full e-flex e-con e-child\" data-id=\"9c86909\" data-element_type=\"container\" data-e-type=\"container\">\n\t\t<div class=\"elementor-element elementor-element-8eb768a e-con-full e-flex e-con e-child\" data-id=\"8eb768a\" data-element_type=\"container\" data-e-type=\"container\">\n\t\t\t\t<div class=\"elementor-element elementor-element-fca3729 elementor-widget elementor-widget-cs-posts\" data-id=\"fca3729\" data-element_type=\"widget\" data-e-type=\"widget\" data-widget_type=\"cs-posts.default\">\n\t\t\t\t<div class=\"elementor-widget-container\">\n\t\t\t\t\t\t\t\t<section class=\"cs-posts cs-posts__horizontal\">\r\n\t\t\t\t\t\t\t\t\t\t<div class=\"cs-posts-area cs-posts-area-elementor \" data-posts-area=\"\">\r\n\t\t\t\t\t\t\t<div class=\"cs-posts-area__outer\">\r\n\t\t\t\t\t\t\t\t<div\r\n\t\t\t\t\t\t\t\tclass=\"cs-posts-area__main\"\r\n\t\t\t\t\t\t\t\tdata-pc=\"1\"\r\n\t\t\t\t\t\t\t\tdata-lt=\"1\"\r\n\t\t\t\t\t\t\t\tdata-tb=\"1\"\r\n\t\t\t\t\t\t\t\tdata-mb=\"1\"\r\n\t\t\t\t\t\t\t\t>\r\n\t\t\t\t\t\t\t\t\t\r\n<article class=\"post-7864 post type-post status-publish format-standard has-post-thumbnail category-tlaxcala cs-entry cs-video-wrap\">\r\n\t<div class=\"cs-entry__outer cs-entry__outer-xlarge cs-entry__outer-thumbnail-right\">\r\n\t\t\t\t\t<div class=\"cs-entry__inner cs-entry__overlay cs-entry__thumbnail cs-overlay-ratio cs-ratio-landscape-16-9\">\r\n\r\n\t\t\t\t<div class=\"cs-overlay-background\">\r\n\t\t\t\t\t<img fetchpriority=\"high\" decoding=\"async\" width=\"332\" height=\"186\" src=\"https:\/\/grupohoymexico.com\/tlaxcala\/wp-content\/uploads\/sites\/4\/2026\/08\/imgregen-ai-7864-1787587514-332x186.jpg\" class=\"attachment-csco-thumbnail-uncropped size-csco-thumbnail-uncropped wp-post-image\" alt=\"\" srcset=\"https:\/\/grupohoymexico.com\/tlaxcala\/wp-content\/uploads\/sites\/4\/2026\/08\/imgregen-ai-7864-1787587514-332x186.jpg 332w, https:\/\/grupohoymexico.com\/tlaxcala\/wp-content\/uploads\/sites\/4\/2026\/08\/imgregen-ai-7864-1787587514-300x169.jpg 300w, https:\/\/grupohoymexico.com\/tlaxcala\/wp-content\/uploads\/sites\/4\/2026\/08\/imgregen-ai-7864-1787587514-1024x575.jpg 1024w, https:\/\/grupohoymexico.com\/tlaxcala\/wp-content\/uploads\/sites\/4\/2026\/08\/imgregen-ai-7864-1787587514-768x431.jpg 768w, https:\/\/grupohoymexico.com\/tlaxcala\/wp-content\/uploads\/sites\/4\/2026\/08\/imgregen-ai-7864-1787587514-664x373.jpg 664w, https:\/\/grupohoymexico.com\/tlaxcala\/wp-content\/uploads\/sites\/4\/2026\/08\/imgregen-ai-7864-1787587514-688x386.jpg 688w, https:\/\/grupohoymexico.com\/tlaxcala\/wp-content\/uploads\/sites\/4\/2026\/08\/imgregen-ai-7864-1787587514-1044x586.jpg 1044w, https:\/\/grupohoymexico.com\/tlaxcala\/wp-content\/uploads\/sites\/4\/2026\/08\/imgregen-ai-7864-1787587514.jpg 1200w\" sizes=\"(max-width: 332px) 100vw, 332px\" \/>\t\t\t\t\t<img decoding=\"async\" width=\"688\" height=\"387\" src=\"https:\/\/grupohoymexico.com\/tlaxcala\/wp-content\/uploads\/sites\/4\/2026\/08\/imgregen-ai-7864-1787587514-688x387.jpg\" class=\"attachment-csco-medium size-csco-medium wp-post-image\" alt=\"\" srcset=\"https:\/\/grupohoymexico.com\/tlaxcala\/wp-content\/uploads\/sites\/4\/2026\/08\/imgregen-ai-7864-1787587514-688x386.jpg 688w, https:\/\/grupohoymexico.com\/tlaxcala\/wp-content\/uploads\/sites\/4\/2026\/08\/imgregen-ai-7864-1787587514-300x169.jpg 300w, https:\/\/grupohoymexico.com\/tlaxcala\/wp-content\/uploads\/sites\/4\/2026\/08\/imgregen-ai-7864-1787587514-1024x575.jpg 1024w, https:\/\/grupohoymexico.com\/tlaxcala\/wp-content\/uploads\/sites\/4\/2026\/08\/imgregen-ai-7864-1787587514-768x431.jpg 768w, https:\/\/grupohoymexico.com\/tlaxcala\/wp-content\/uploads\/sites\/4\/2026\/08\/imgregen-ai-7864-1787587514-332x186.jpg 332w, https:\/\/grupohoymexico.com\/tlaxcala\/wp-content\/uploads\/sites\/4\/2026\/08\/imgregen-ai-7864-1787587514-664x373.jpg 664w, https:\/\/grupohoymexico.com\/tlaxcala\/wp-content\/uploads\/sites\/4\/2026\/08\/imgregen-ai-7864-1787587514-1044x586.jpg 1044w, https:\/\/grupohoymexico.com\/tlaxcala\/wp-content\/uploads\/sites\/4\/2026\/08\/imgregen-ai-7864-1787587514.jpg 1200w\" sizes=\"(max-width: 688px) 100vw, 688px\" \/>\t\t\t\t<\/div>\r\n\r\n\t\t\t\t\r\n\t\t\t\t\r\n\t\t\t\t<a href=\"https:\/\/grupohoymexico.com\/tlaxcala\/tlaxcala\/88-familias-empiezan-a-mudarse-a-departamentos-en-tlaxcala-tras-anos-de-espera\/\" class=\"cs-overlay-link\" title=\"88 familias empiezan a mudarse a departamentos en Tlaxcala tras a\u00f1os de espera\"><\/a>\r\n\t\t\t<\/div>\r\n\t\t\r\n\t\t<div class=\"cs-entry__inner cs-entry__content cs-entry__content-horizontal\">\r\n\t\t\t<div class=\"cs-entry__post-meta\" ><div class=\"cs-meta-category\"><ul class=\"post-categories\">\n\t<li><a href=\"https:\/\/grupohoymexico.com\/tlaxcala\/category\/tlaxcala\/\" rel=\"category tag\">Tlaxcala<\/a><\/li><\/ul><\/div><\/div>\r\n\t\t\t<h2 class=\"cs-entry__title\"><a href=\"https:\/\/grupohoymexico.com\/tlaxcala\/tlaxcala\/88-familias-empiezan-a-mudarse-a-departamentos-en-tlaxcala-tras-anos-de-espera\/\">88 familias empiezan a mudarse a departamentos en Tlaxcala tras a\u00f1os de espera<\/a><\/h2>\r\n\t\t\t\t\t\t\t\t<div class=\"cs-entry__excerpt\">\r\n\t\t\t\t\t\t88 familias comienzan a mudarse al Fraccionamiento Las \u00c1nimas en Tlaxcala. Son beneficiarias del programa Vivienda para el Bienestar. Una de ellas cont\u00f3 que esper\u00f3 12 a\u00f1os para conseguir el cr\u00e9dito.\t\t\t\t\t<\/div>\r\n\t\t\t\t\t\r\n\t\t\t<div class=\"cs-entry__post-meta\" ><div class=\"cs-meta-author\"><span class=\"cs-meta-author-by\">por<\/span><a class=\"cs-meta-author-link url fn n\" href=\"https:\/\/grupohoymexico.com\/tlaxcala\/author\/user\/\"><span class=\"cs-meta-author-name\">Grupo Hoy<\/span><\/a><\/div><div class=\"cs-meta-date\">23 de agosto de 2026<\/div><\/div>\t\t<\/div>\r\n\t<\/div>\r\n<\/article>\r\n\t\t\t\t\t\t\t\t<\/div>\r\n\t\t\t\t\t\t\t<\/div>\r\n\t\t\t\t\t\t<\/div>\r\n\t\t\t\t\t\t\t\t<\/section>\r\n\t\t\t\t\t\t<\/div>\n\t\t\t\t<\/div>\n\t\t\t\t<div class=\"elementor-element elementor-element-c831ae5 cs-dividerhorizontal cs-divider-laptophorizontal cs-divider-tablethorizontal cs-divider-mobilehorizontal elementor-widget elementor-widget-cs-divider\" data-id=\"c831ae5\" data-element_type=\"widget\" data-e-type=\"widget\" data-widget_type=\"cs-divider.default\">\n\t\t\t\t<div class=\"elementor-widget-container\">\n\t\t\t\t\t\t\t<section class=\"cs-divider cs-divider-horizontal\"><\/section>\r\n\t\t\t\t\t\t<\/div>\n\t\t\t\t<\/div>\n\t\t\t\t<div class=\"elementor-element elementor-element-8ad34f2 elementor-widget elementor-widget-cs-posts\" data-id=\"8ad34f2\" data-element_type=\"widget\" data-e-type=\"widget\" data-widget_type=\"cs-posts.default\">\n\t\t\t\t<div class=\"elementor-widget-container\">\n\t\t\t\t\t\t\t\t<section class=\"cs-posts cs-posts__standard\">\r\n\t\t\t\t\t\t\t\t\t\t<div class=\"cs-posts-area cs-posts-area-elementor \" data-posts-area=\"\">\r\n\t\t\t\t\t\t\t<div class=\"cs-posts-area__outer\">\r\n\t\t\t\t\t\t\t\t<div\r\n\t\t\t\t\t\t\t\tclass=\"cs-posts-area__main\"\r\n\t\t\t\t\t\t\t\tdata-pc=\"3\"\r\n\t\t\t\t\t\t\t\tdata-lt=\"3\"\r\n\t\t\t\t\t\t\t\tdata-tb=\"3\"\r\n\t\t\t\t\t\t\t\tdata-mb=\"1\"\r\n\t\t\t\t\t\t\t\t>\r\n\t\t\t\t\t\t\t\t\t\r\n<article class=\"post-7866 post type-post status-publish format-standard has-post-thumbnail category-tlaxcala cs-entry cs-video-wrap\">\r\n\t<div class=\"cs-entry__outer\">\r\n\t\t\t\t\t<div class=\"cs-entry__inner cs-entry__overlay cs-entry__thumbnail cs-overlay-ratio cs-ratio-landscape-16-9\">\r\n\r\n\t\t\t\t<div class=\"cs-overlay-background\">\r\n\t\t\t\t\t<img decoding=\"async\" width=\"332\" height=\"187\" src=\"https:\/\/grupohoymexico.com\/tlaxcala\/wp-content\/uploads\/sites\/4\/2026\/08\/imgregen-ai-7866-1787587510-332x187.jpg\" class=\"attachment-csco-thumbnail-uncropped size-csco-thumbnail-uncropped wp-post-image\" alt=\"\" srcset=\"https:\/\/grupohoymexico.com\/tlaxcala\/wp-content\/uploads\/sites\/4\/2026\/08\/imgregen-ai-7866-1787587510-332x187.jpg 332w, https:\/\/grupohoymexico.com\/tlaxcala\/wp-content\/uploads\/sites\/4\/2026\/08\/imgregen-ai-7866-1787587510-300x169.jpg 300w, https:\/\/grupohoymexico.com\/tlaxcala\/wp-content\/uploads\/sites\/4\/2026\/08\/imgregen-ai-7866-1787587510-1024x576.jpg 1024w, https:\/\/grupohoymexico.com\/tlaxcala\/wp-content\/uploads\/sites\/4\/2026\/08\/imgregen-ai-7866-1787587510-768x432.jpg 768w, https:\/\/grupohoymexico.com\/tlaxcala\/wp-content\/uploads\/sites\/4\/2026\/08\/imgregen-ai-7866-1787587510-664x374.jpg 664w, https:\/\/grupohoymexico.com\/tlaxcala\/wp-content\/uploads\/sites\/4\/2026\/08\/imgregen-ai-7866-1787587510-688x387.jpg 688w, https:\/\/grupohoymexico.com\/tlaxcala\/wp-content\/uploads\/sites\/4\/2026\/08\/imgregen-ai-7866-1787587510-1044x587.jpg 1044w, https:\/\/grupohoymexico.com\/tlaxcala\/wp-content\/uploads\/sites\/4\/2026\/08\/imgregen-ai-7866-1787587510.jpg 1200w\" sizes=\"(max-width: 332px) 100vw, 332px\" \/>\t\t\t\t\t<img loading=\"lazy\" decoding=\"async\" width=\"1044\" height=\"587\" src=\"https:\/\/grupohoymexico.com\/tlaxcala\/wp-content\/uploads\/sites\/4\/2026\/08\/imgregen-ai-7866-1787587510-1044x587.jpg\" class=\"attachment-csco-large size-csco-large wp-post-image\" alt=\"\" srcset=\"https:\/\/grupohoymexico.com\/tlaxcala\/wp-content\/uploads\/sites\/4\/2026\/08\/imgregen-ai-7866-1787587510-1044x587.jpg 1044w, https:\/\/grupohoymexico.com\/tlaxcala\/wp-content\/uploads\/sites\/4\/2026\/08\/imgregen-ai-7866-1787587510-300x169.jpg 300w, https:\/\/grupohoymexico.com\/tlaxcala\/wp-content\/uploads\/sites\/4\/2026\/08\/imgregen-ai-7866-1787587510-1024x576.jpg 1024w, https:\/\/grupohoymexico.com\/tlaxcala\/wp-content\/uploads\/sites\/4\/2026\/08\/imgregen-ai-7866-1787587510-768x432.jpg 768w, https:\/\/grupohoymexico.com\/tlaxcala\/wp-content\/uploads\/sites\/4\/2026\/08\/imgregen-ai-7866-1787587510-332x187.jpg 332w, https:\/\/grupohoymexico.com\/tlaxcala\/wp-content\/uploads\/sites\/4\/2026\/08\/imgregen-ai-7866-1787587510-664x374.jpg 664w, https:\/\/grupohoymexico.com\/tlaxcala\/wp-content\/uploads\/sites\/4\/2026\/08\/imgregen-ai-7866-1787587510-688x387.jpg 688w, https:\/\/grupohoymexico.com\/tlaxcala\/wp-content\/uploads\/sites\/4\/2026\/08\/imgregen-ai-7866-1787587510.jpg 1200w\" sizes=\"(max-width: 1044px) 100vw, 1044px\" \/>\t\t\t\t<\/div>\r\n\r\n\t\t\t\t\r\n\t\t\t\t\r\n\t\t\t\t<a href=\"https:\/\/grupohoymexico.com\/tlaxcala\/tlaxcala\/teolocholco-quiere-patentar-su-merengue-como-producto-original-del-pueblo\/\" class=\"cs-overlay-link\" title=\"Teolocholco quiere patentar su merengue como producto original del pueblo\"><\/a>\r\n\t\t\t<\/div>\r\n\t\t\r\n\t\t<div class=\"cs-entry__inner cs-entry__content\">\r\n\r\n\t\t\t<div class=\"cs-entry__post-meta\" ><div class=\"cs-meta-category\"><ul class=\"post-categories\">\n\t<li><a href=\"https:\/\/grupohoymexico.com\/tlaxcala\/category\/tlaxcala\/\" rel=\"category tag\">Tlaxcala<\/a><\/li><\/ul><\/div><\/div>\r\n\t\t\t<h2 class=\"cs-entry__title\"><a href=\"https:\/\/grupohoymexico.com\/tlaxcala\/tlaxcala\/teolocholco-quiere-patentar-su-merengue-como-producto-original-del-pueblo\/\">Teolocholco quiere patentar su merengue como producto original del pueblo<\/a><\/h2>\r\n\t\t\t\r\n\t\t\t<div class=\"cs-entry__post-meta\" ><div class=\"cs-meta-author\"><span class=\"cs-meta-author-by\">por<\/span><a class=\"cs-meta-author-link url fn n\" href=\"https:\/\/grupohoymexico.com\/tlaxcala\/author\/user\/\"><span class=\"cs-meta-author-name\">Grupo Hoy<\/span><\/a><\/div><div class=\"cs-meta-date\">23 de agosto de 2026<\/div><\/div>\t\t<\/div>\r\n\t<\/div>\r\n<\/article>\r\n\r\n<article class=\"post-7868 post type-post status-publish format-standard has-post-thumbnail category-tlaxcala cs-entry cs-video-wrap\">\r\n\t<div class=\"cs-entry__outer\">\r\n\t\t\t\t\t<div class=\"cs-entry__inner cs-entry__overlay cs-entry__thumbnail cs-overlay-ratio cs-ratio-landscape-16-9\">\r\n\r\n\t\t\t\t<div class=\"cs-overlay-background\">\r\n\t\t\t\t\t<img loading=\"lazy\" decoding=\"async\" width=\"332\" height=\"186\" src=\"https:\/\/grupohoymexico.com\/tlaxcala\/wp-content\/uploads\/sites\/4\/2026\/08\/imgregen-ai-7868-1787587506-332x186.jpg\" class=\"attachment-csco-thumbnail-uncropped size-csco-thumbnail-uncropped wp-post-image\" alt=\"\" srcset=\"https:\/\/grupohoymexico.com\/tlaxcala\/wp-content\/uploads\/sites\/4\/2026\/08\/imgregen-ai-7868-1787587506-332x186.jpg 332w, https:\/\/grupohoymexico.com\/tlaxcala\/wp-content\/uploads\/sites\/4\/2026\/08\/imgregen-ai-7868-1787587506-300x169.jpg 300w, https:\/\/grupohoymexico.com\/tlaxcala\/wp-content\/uploads\/sites\/4\/2026\/08\/imgregen-ai-7868-1787587506-1024x575.jpg 1024w, https:\/\/grupohoymexico.com\/tlaxcala\/wp-content\/uploads\/sites\/4\/2026\/08\/imgregen-ai-7868-1787587506-768x431.jpg 768w, https:\/\/grupohoymexico.com\/tlaxcala\/wp-content\/uploads\/sites\/4\/2026\/08\/imgregen-ai-7868-1787587506-664x373.jpg 664w, https:\/\/grupohoymexico.com\/tlaxcala\/wp-content\/uploads\/sites\/4\/2026\/08\/imgregen-ai-7868-1787587506-688x386.jpg 688w, https:\/\/grupohoymexico.com\/tlaxcala\/wp-content\/uploads\/sites\/4\/2026\/08\/imgregen-ai-7868-1787587506-1044x586.jpg 1044w, https:\/\/grupohoymexico.com\/tlaxcala\/wp-content\/uploads\/sites\/4\/2026\/08\/imgregen-ai-7868-1787587506.jpg 1200w\" sizes=\"(max-width: 332px) 100vw, 332px\" \/>\t\t\t\t\t<img loading=\"lazy\" decoding=\"async\" width=\"1044\" height=\"587\" src=\"https:\/\/grupohoymexico.com\/tlaxcala\/wp-content\/uploads\/sites\/4\/2026\/08\/imgregen-ai-7868-1787587506-1044x587.jpg\" class=\"attachment-csco-large size-csco-large wp-post-image\" alt=\"\" srcset=\"https:\/\/grupohoymexico.com\/tlaxcala\/wp-content\/uploads\/sites\/4\/2026\/08\/imgregen-ai-7868-1787587506-1044x586.jpg 1044w, https:\/\/grupohoymexico.com\/tlaxcala\/wp-content\/uploads\/sites\/4\/2026\/08\/imgregen-ai-7868-1787587506-300x169.jpg 300w, https:\/\/grupohoymexico.com\/tlaxcala\/wp-content\/uploads\/sites\/4\/2026\/08\/imgregen-ai-7868-1787587506-1024x575.jpg 1024w, https:\/\/grupohoymexico.com\/tlaxcala\/wp-content\/uploads\/sites\/4\/2026\/08\/imgregen-ai-7868-1787587506-768x431.jpg 768w, https:\/\/grupohoymexico.com\/tlaxcala\/wp-content\/uploads\/sites\/4\/2026\/08\/imgregen-ai-7868-1787587506-332x186.jpg 332w, https:\/\/grupohoymexico.com\/tlaxcala\/wp-content\/uploads\/sites\/4\/2026\/08\/imgregen-ai-7868-1787587506-664x373.jpg 664w, https:\/\/grupohoymexico.com\/tlaxcala\/wp-content\/uploads\/sites\/4\/2026\/08\/imgregen-ai-7868-1787587506-688x386.jpg 688w, https:\/\/grupohoymexico.com\/tlaxcala\/wp-content\/uploads\/sites\/4\/2026\/08\/imgregen-ai-7868-1787587506.jpg 1200w\" sizes=\"(max-width: 1044px) 100vw, 1044px\" \/>\t\t\t\t<\/div>\r\n\r\n\t\t\t\t\r\n\t\t\t\t\r\n\t\t\t\t<a href=\"https:\/\/grupohoymexico.com\/tlaxcala\/tlaxcala\/sindicato-avala-cambios-en-cecyte-movieron-a-cinco-directores-por-no-cumplir-la-norma\/\" class=\"cs-overlay-link\" title=\"Sindicato avala cambios en Cecyte: movieron a cinco directores por no cumplir la norma\"><\/a>\r\n\t\t\t<\/div>\r\n\t\t\r\n\t\t<div class=\"cs-entry__inner cs-entry__content\">\r\n\r\n\t\t\t<div class=\"cs-entry__post-meta\" ><div class=\"cs-meta-category\"><ul class=\"post-categories\">\n\t<li><a href=\"https:\/\/grupohoymexico.com\/tlaxcala\/category\/tlaxcala\/\" rel=\"category tag\">Tlaxcala<\/a><\/li><\/ul><\/div><\/div>\r\n\t\t\t<h2 class=\"cs-entry__title\"><a href=\"https:\/\/grupohoymexico.com\/tlaxcala\/tlaxcala\/sindicato-avala-cambios-en-cecyte-movieron-a-cinco-directores-por-no-cumplir-la-norma\/\">Sindicato avala cambios en Cecyte: movieron a cinco directores por no cumplir la norma<\/a><\/h2>\r\n\t\t\t\r\n\t\t\t<div class=\"cs-entry__post-meta\" ><div class=\"cs-meta-author\"><span class=\"cs-meta-author-by\">por<\/span><a class=\"cs-meta-author-link url fn n\" href=\"https:\/\/grupohoymexico.com\/tlaxcala\/author\/user\/\"><span class=\"cs-meta-author-name\">Grupo Hoy<\/span><\/a><\/div><div class=\"cs-meta-date\">23 de agosto de 2026<\/div><\/div>\t\t<\/div>\r\n\t<\/div>\r\n<\/article>\r\n\r\n<article class=\"post-7666 post type-post status-publish format-standard has-post-thumbnail category-finanzas category-tlaxcala tag-beca-rita-cetina tag-educacion tag-tlaxcala cs-entry cs-video-wrap\">\r\n\t<div class=\"cs-entry__outer\">\r\n\t\t\t\t\t<div class=\"cs-entry__inner cs-entry__overlay cs-entry__thumbnail cs-overlay-ratio cs-ratio-landscape-16-9\">\r\n\r\n\t\t\t\t<div class=\"cs-overlay-background\">\r\n\t\t\t\t\t<img loading=\"lazy\" decoding=\"async\" width=\"332\" height=\"185\" src=\"https:\/\/grupohoymexico.com\/tlaxcala\/wp-content\/uploads\/sites\/4\/2026\/08\/imgregen-ai-7666-1787333655-332x185.jpg\" class=\"attachment-csco-thumbnail-uncropped size-csco-thumbnail-uncropped wp-post-image\" alt=\"Beca Rita Cetina en Tlaxcala\" srcset=\"https:\/\/grupohoymexico.com\/tlaxcala\/wp-content\/uploads\/sites\/4\/2026\/08\/imgregen-ai-7666-1787333655-332x185.jpg 332w, https:\/\/grupohoymexico.com\/tlaxcala\/wp-content\/uploads\/sites\/4\/2026\/08\/imgregen-ai-7666-1787333655-300x167.jpg 300w, https:\/\/grupohoymexico.com\/tlaxcala\/wp-content\/uploads\/sites\/4\/2026\/08\/imgregen-ai-7666-1787333655-1024x572.jpg 1024w, https:\/\/grupohoymexico.com\/tlaxcala\/wp-content\/uploads\/sites\/4\/2026\/08\/imgregen-ai-7666-1787333655-768x429.jpg 768w, https:\/\/grupohoymexico.com\/tlaxcala\/wp-content\/uploads\/sites\/4\/2026\/08\/imgregen-ai-7666-1787333655-1536x857.jpg 1536w, https:\/\/grupohoymexico.com\/tlaxcala\/wp-content\/uploads\/sites\/4\/2026\/08\/imgregen-ai-7666-1787333655-664x371.jpg 664w, https:\/\/grupohoymexico.com\/tlaxcala\/wp-content\/uploads\/sites\/4\/2026\/08\/imgregen-ai-7666-1787333655-688x384.jpg 688w, https:\/\/grupohoymexico.com\/tlaxcala\/wp-content\/uploads\/sites\/4\/2026\/08\/imgregen-ai-7666-1787333655-1044x583.jpg 1044w, https:\/\/grupohoymexico.com\/tlaxcala\/wp-content\/uploads\/sites\/4\/2026\/08\/imgregen-ai-7666-1787333655-1400x781.jpg 1400w, https:\/\/grupohoymexico.com\/tlaxcala\/wp-content\/uploads\/sites\/4\/2026\/08\/imgregen-ai-7666-1787333655.jpg 1600w\" sizes=\"(max-width: 332px) 100vw, 332px\" \/>\t\t\t\t\t<img loading=\"lazy\" decoding=\"async\" width=\"1044\" height=\"587\" src=\"https:\/\/grupohoymexico.com\/tlaxcala\/wp-content\/uploads\/sites\/4\/2026\/08\/imgregen-ai-7666-1787333655-1044x587.jpg\" class=\"attachment-csco-large size-csco-large wp-post-image\" alt=\"Beca Rita Cetina en Tlaxcala\" srcset=\"https:\/\/grupohoymexico.com\/tlaxcala\/wp-content\/uploads\/sites\/4\/2026\/08\/imgregen-ai-7666-1787333655-1044x587.jpg 1044w, https:\/\/grupohoymexico.com\/tlaxcala\/wp-content\/uploads\/sites\/4\/2026\/08\/imgregen-ai-7666-1787333655-332x186.jpg 332w, https:\/\/grupohoymexico.com\/tlaxcala\/wp-content\/uploads\/sites\/4\/2026\/08\/imgregen-ai-7666-1787333655-664x372.jpg 664w, https:\/\/grupohoymexico.com\/tlaxcala\/wp-content\/uploads\/sites\/4\/2026\/08\/imgregen-ai-7666-1787333655-688x387.jpg 688w, https:\/\/grupohoymexico.com\/tlaxcala\/wp-content\/uploads\/sites\/4\/2026\/08\/imgregen-ai-7666-1787333655-1376x774.jpg 1376w\" sizes=\"(max-width: 1044px) 100vw, 1044px\" \/>\t\t\t\t<\/div>\r\n\r\n\t\t\t\t\r\n\t\t\t\t\r\n\t\t\t\t<a href=\"https:\/\/grupohoymexico.com\/tlaxcala\/finanzas\/beca-rita-cetina-tlaxcala-guia\/\" class=\"cs-overlay-link\" title=\"Beca Rita Cetina en Tlaxcala: cu\u00e1nto da, c\u00f3mo funciona y qu\u00e9 hacer si no te llega\"><\/a>\r\n\t\t\t<\/div>\r\n\t\t\r\n\t\t<div class=\"cs-entry__inner cs-entry__content\">\r\n\r\n\t\t\t<div class=\"cs-entry__post-meta\" ><div class=\"cs-meta-category\"><ul class=\"post-categories\">\n\t<li><a href=\"https:\/\/grupohoymexico.com\/tlaxcala\/category\/finanzas\/\" rel=\"category tag\">Econom\u00eda<\/a><\/li>\n\t<li><a href=\"https:\/\/grupohoymexico.com\/tlaxcala\/category\/tlaxcala\/\" rel=\"category tag\">Tlaxcala<\/a><\/li><\/ul><\/div><\/div>\r\n\t\t\t<h2 class=\"cs-entry__title\"><a href=\"https:\/\/grupohoymexico.com\/tlaxcala\/finanzas\/beca-rita-cetina-tlaxcala-guia\/\">Beca Rita Cetina en Tlaxcala: cu\u00e1nto da, c\u00f3mo funciona y qu\u00e9 hacer si no te llega<\/a><\/h2>\r\n\t\t\t\r\n\t\t\t<div class=\"cs-entry__post-meta\" ><div class=\"cs-meta-author\"><span class=\"cs-meta-author-by\">por<\/span><a class=\"cs-meta-author-link url fn n\" href=\"https:\/\/grupohoymexico.com\/tlaxcala\/author\/user\/\"><span class=\"cs-meta-author-name\">Grupo Hoy<\/span><\/a><\/div><div class=\"cs-meta-date\">21 de agosto de 2026<\/div><\/div>\t\t<\/div>\r\n\t<\/div>\r\n<\/article>\r\n\t\t\t\t\t\t\t\t<\/div>\r\n\t\t\t\t\t\t\t<\/div>\r\n\t\t\t\t\t\t<\/div>\r\n\t\t\t\t\t\t\t\t<\/section>\r\n\t\t\t\t\t\t<\/div>\n\t\t\t\t<\/div>\n\t\t\t\t<\/div>\n\t\t\t\t<div class=\"elementor-element elementor-element-303f729 cs-dividervertical cs-divider-laptophorizontal cs-divider-tablethorizontal cs-divider-mobilehorizontal elementor-widget elementor-widget-cs-divider\" data-id=\"303f729\" data-element_type=\"widget\" data-e-type=\"widget\" data-widget_type=\"cs-divider.default\">\n\t\t\t\t<div class=\"elementor-widget-container\">\n\t\t\t\t\t\t\t<section class=\"cs-divider cs-divider-vertical\"><\/section>\r\n\t\t\t\t\t\t<\/div>\n\t\t\t\t<\/div>\n\t\t<div class=\"elementor-element elementor-element-2b541b3 e-con-full e-flex e-con e-child\" data-id=\"2b541b3\" data-element_type=\"container\" data-e-type=\"container\">\n\t\t\t\t<div class=\"elementor-element elementor-element-53e22bf elementor-widget elementor-widget-cs-heading\" data-id=\"53e22bf\" data-element_type=\"widget\" data-e-type=\"widget\" data-widget_type=\"cs-heading.default\">\n\t\t\t\t<div class=\"elementor-widget-container\">\n\t\t\t\t\t\t\t\t\t\t<section class=\"cs-heading\">\r\n\t\t\t\t<div class=\"cs-heading__container \">\r\n\t\t\t\t\t<h2 class=\"cs-heading__content\">\r\n\t\t\t\t\t\t\u00daltimas Noticias\t\t\t\t\t<\/h2>\r\n\r\n\t\t\t\t\t\t\t\t\t<\/div>\r\n\t\t\t<\/section>\r\n\t\t\t\t\t\t\t\t<\/div>\n\t\t\t\t<\/div>\n\t\t<div class=\"elementor-element elementor-element-6ffc7d4 e-con-full e-flex e-con e-child\" data-id=\"6ffc7d4\" data-element_type=\"container\" data-e-type=\"container\">\n\t\t<div class=\"elementor-element elementor-element-02fc175 e-con-full e-flex e-con e-child\" data-id=\"02fc175\" data-element_type=\"container\" data-e-type=\"container\">\n\t\t\t\t<div class=\"elementor-element elementor-element-f228636 elementor-widget elementor-widget-cs-posts\" data-id=\"f228636\" data-element_type=\"widget\" data-e-type=\"widget\" data-widget_type=\"cs-posts.default\">\n\t\t\t\t<div class=\"elementor-widget-container\">\n\t\t\t\t\t\t\t\t<section class=\"cs-posts cs-posts__standard\">\r\n\t\t\t\t\t\t\t\t\t\t<div class=\"cs-posts-area cs-posts-area-elementor \" data-posts-area=\"\">\r\n\t\t\t\t\t\t\t<div class=\"cs-posts-area__outer\">\r\n\t\t\t\t\t\t\t\t<div\r\n\t\t\t\t\t\t\t\tclass=\"cs-posts-area__main cs-posts-area__main-divider\"\r\n\t\t\t\t\t\t\t\tdata-pc=\"1\"\r\n\t\t\t\t\t\t\t\tdata-lt=\"1\"\r\n\t\t\t\t\t\t\t\tdata-tb=\"1\"\r\n\t\t\t\t\t\t\t\tdata-mb=\"1\"\r\n\t\t\t\t\t\t\t\t>\r\n\t\t\t\t\t\t\t\t\t\r\n<article class=\"post-7689 post type-post status-publish format-standard has-post-thumbnail category-cultura category-tlaxcala tag-gastronomia tag-huamantla tag-la-malinche cs-entry cs-video-wrap\">\r\n\t<div class=\"cs-entry__outer\">\r\n\t\t\t\t\t<div class=\"cs-entry__inner cs-entry__overlay cs-entry__thumbnail cs-overlay-ratio cs-ratio-landscape-16-9\">\r\n\r\n\t\t\t\t<div class=\"cs-overlay-background\">\r\n\t\t\t\t\t<img loading=\"lazy\" decoding=\"async\" width=\"332\" height=\"185\" src=\"https:\/\/grupohoymexico.com\/tlaxcala\/wp-content\/uploads\/sites\/4\/2026\/08\/imgregen-ai-7689-1787333623-332x185.jpg\" class=\"attachment-csco-thumbnail-uncropped size-csco-thumbnail-uncropped wp-post-image\" alt=\"Festival del Hongo en Huamantla\" srcset=\"https:\/\/grupohoymexico.com\/tlaxcala\/wp-content\/uploads\/sites\/4\/2026\/08\/imgregen-ai-7689-1787333623-332x185.jpg 332w, https:\/\/grupohoymexico.com\/tlaxcala\/wp-content\/uploads\/sites\/4\/2026\/08\/imgregen-ai-7689-1787333623-300x167.jpg 300w, https:\/\/grupohoymexico.com\/tlaxcala\/wp-content\/uploads\/sites\/4\/2026\/08\/imgregen-ai-7689-1787333623-1024x572.jpg 1024w, https:\/\/grupohoymexico.com\/tlaxcala\/wp-content\/uploads\/sites\/4\/2026\/08\/imgregen-ai-7689-1787333623-768x429.jpg 768w, https:\/\/grupohoymexico.com\/tlaxcala\/wp-content\/uploads\/sites\/4\/2026\/08\/imgregen-ai-7689-1787333623-1536x857.jpg 1536w, https:\/\/grupohoymexico.com\/tlaxcala\/wp-content\/uploads\/sites\/4\/2026\/08\/imgregen-ai-7689-1787333623-664x371.jpg 664w, https:\/\/grupohoymexico.com\/tlaxcala\/wp-content\/uploads\/sites\/4\/2026\/08\/imgregen-ai-7689-1787333623-688x384.jpg 688w, https:\/\/grupohoymexico.com\/tlaxcala\/wp-content\/uploads\/sites\/4\/2026\/08\/imgregen-ai-7689-1787333623-1044x583.jpg 1044w, https:\/\/grupohoymexico.com\/tlaxcala\/wp-content\/uploads\/sites\/4\/2026\/08\/imgregen-ai-7689-1787333623-1400x781.jpg 1400w, https:\/\/grupohoymexico.com\/tlaxcala\/wp-content\/uploads\/sites\/4\/2026\/08\/imgregen-ai-7689-1787333623.jpg 1600w\" sizes=\"(max-width: 332px) 100vw, 332px\" \/>\t\t\t\t\t<img loading=\"lazy\" decoding=\"async\" width=\"1044\" height=\"587\" src=\"https:\/\/grupohoymexico.com\/tlaxcala\/wp-content\/uploads\/sites\/4\/2026\/08\/imgregen-ai-7689-1787333623-1044x587.jpg\" class=\"attachment-csco-large size-csco-large wp-post-image\" alt=\"Festival del Hongo en Huamantla\" srcset=\"https:\/\/grupohoymexico.com\/tlaxcala\/wp-content\/uploads\/sites\/4\/2026\/08\/imgregen-ai-7689-1787333623-1044x587.jpg 1044w, https:\/\/grupohoymexico.com\/tlaxcala\/wp-content\/uploads\/sites\/4\/2026\/08\/imgregen-ai-7689-1787333623-332x186.jpg 332w, https:\/\/grupohoymexico.com\/tlaxcala\/wp-content\/uploads\/sites\/4\/2026\/08\/imgregen-ai-7689-1787333623-664x372.jpg 664w, https:\/\/grupohoymexico.com\/tlaxcala\/wp-content\/uploads\/sites\/4\/2026\/08\/imgregen-ai-7689-1787333623-688x387.jpg 688w, https:\/\/grupohoymexico.com\/tlaxcala\/wp-content\/uploads\/sites\/4\/2026\/08\/imgregen-ai-7689-1787333623-1376x774.jpg 1376w\" sizes=\"(max-width: 1044px) 100vw, 1044px\" \/>\t\t\t\t<\/div>\r\n\r\n\t\t\t\t\r\n\t\t\t\t\r\n\t\t\t\t<a href=\"https:\/\/grupohoymexico.com\/tlaxcala\/cultura\/festival-del-hongo-huamantla-tlaxcala\/\" class=\"cs-overlay-link\" title=\"Festival del Hongo en Huamantla: la temporada que pocos conocen de Tlaxcala\"><\/a>\r\n\t\t\t<\/div>\r\n\t\t\r\n\t\t<div class=\"cs-entry__inner cs-entry__content\">\r\n\r\n\t\t\t<div class=\"cs-entry__post-meta\" ><div class=\"cs-meta-category\"><ul class=\"post-categories\">\n\t<li><a href=\"https:\/\/grupohoymexico.com\/tlaxcala\/category\/cultura\/\" rel=\"category tag\">Cultura<\/a><\/li>\n\t<li><a href=\"https:\/\/grupohoymexico.com\/tlaxcala\/category\/tlaxcala\/\" rel=\"category tag\">Tlaxcala<\/a><\/li><\/ul><\/div><\/div>\r\n\t\t\t<h2 class=\"cs-entry__title\"><a href=\"https:\/\/grupohoymexico.com\/tlaxcala\/cultura\/festival-del-hongo-huamantla-tlaxcala\/\">Festival del Hongo en Huamantla: la temporada que pocos conocen de Tlaxcala<\/a><\/h2>\r\n\t\t\t\r\n\t\t\t<div class=\"cs-entry__post-meta\" ><div class=\"cs-meta-author\"><span class=\"cs-meta-author-by\">por<\/span><a class=\"cs-meta-author-link url fn n\" href=\"https:\/\/grupohoymexico.com\/tlaxcala\/author\/user\/\"><span class=\"cs-meta-author-name\">Grupo Hoy<\/span><\/a><\/div><div class=\"cs-meta-date\">21 de agosto de 2026<\/div><\/div>\t\t<\/div>\r\n\t<\/div>\r\n<\/article>\r\n\t\t\t\t\t\t\t\t<\/div>\r\n\t\t\t\t\t\t\t<\/div>\r\n\t\t\t\t\t\t<\/div>\r\n\t\t\t\t\t\t\t\t<\/section>\r\n\t\t\t\t\t\t<\/div>\n\t\t\t\t<\/div>\n\t\t\t\t<\/div>\n\t\t\t\t<div class=\"elementor-element elementor-element-f61f3e4 cs-divider-laptopvertical cs-dividerhorizontal cs-divider-tablethorizontal cs-divider-mobilehorizontal elementor-widget elementor-widget-cs-divider\" data-id=\"f61f3e4\" data-element_type=\"widget\" data-e-type=\"widget\" data-widget_type=\"cs-divider.default\">\n\t\t\t\t<div class=\"elementor-widget-container\">\n\t\t\t\t\t\t\t<section class=\"cs-divider cs-divider-horizontal\"><\/section>\r\n\t\t\t\t\t\t<\/div>\n\t\t\t\t<\/div>\n\t\t<div class=\"elementor-element elementor-element-44dcc0a e-con-full e-flex e-con e-child\" data-id=\"44dcc0a\" data-element_type=\"container\" data-e-type=\"container\">\n\t\t\t\t<div class=\"elementor-element elementor-element-1517c73 elementor-widget elementor-widget-cs-posts\" data-id=\"1517c73\" data-element_type=\"widget\" data-e-type=\"widget\" data-widget_type=\"cs-posts.default\">\n\t\t\t\t<div class=\"elementor-widget-container\">\n\t\t\t\t\t\t\t\t<section class=\"cs-posts cs-posts__horizontal\">\r\n\t\t\t\t\t\t\t\t\t\t<div class=\"cs-posts-area cs-posts-area-elementor \" data-posts-area=\"\">\r\n\t\t\t\t\t\t\t<div class=\"cs-posts-area__outer\">\r\n\t\t\t\t\t\t\t\t<div\r\n\t\t\t\t\t\t\t\tclass=\"cs-posts-area__main cs-posts-area__main-divider\"\r\n\t\t\t\t\t\t\t\tdata-pc=\"1\"\r\n\t\t\t\t\t\t\t\tdata-lt=\"1\"\r\n\t\t\t\t\t\t\t\tdata-tb=\"1\"\r\n\t\t\t\t\t\t\t\tdata-mb=\"1\"\r\n\t\t\t\t\t\t\t\t>\r\n\t\t\t\t\t\t\t\t\t\r\n<article class=\"post-7820 post type-post status-publish format-standard has-post-thumbnail category-cultura category-tlaxcala tag-cruz-roja tag-huamantlada tag-tlaxcala cs-entry cs-video-wrap\">\r\n\t<div class=\"cs-entry__outer cs-entry__outer-small cs-entry__outer-thumbnail-left\">\r\n\t\t\t\t\t<div class=\"cs-entry__inner cs-entry__overlay cs-entry__thumbnail cs-overlay-ratio cs-ratio-square\">\r\n\r\n\t\t\t\t<div class=\"cs-overlay-background\">\r\n\t\t\t\t\t<img loading=\"lazy\" decoding=\"async\" width=\"332\" height=\"185\" src=\"https:\/\/grupohoymexico.com\/tlaxcala\/wp-content\/uploads\/sites\/4\/2026\/08\/imgregen-ai-7820-1787334689-332x185.jpg\" class=\"attachment-csco-thumbnail-uncropped size-csco-thumbnail-uncropped wp-post-image\" alt=\"Cruz Roja en la Huamantlada 2026\" srcset=\"https:\/\/grupohoymexico.com\/tlaxcala\/wp-content\/uploads\/sites\/4\/2026\/08\/imgregen-ai-7820-1787334689-332x185.jpg 332w, https:\/\/grupohoymexico.com\/tlaxcala\/wp-content\/uploads\/sites\/4\/2026\/08\/imgregen-ai-7820-1787334689-300x167.jpg 300w, https:\/\/grupohoymexico.com\/tlaxcala\/wp-content\/uploads\/sites\/4\/2026\/08\/imgregen-ai-7820-1787334689-1024x572.jpg 1024w, https:\/\/grupohoymexico.com\/tlaxcala\/wp-content\/uploads\/sites\/4\/2026\/08\/imgregen-ai-7820-1787334689-768x429.jpg 768w, https:\/\/grupohoymexico.com\/tlaxcala\/wp-content\/uploads\/sites\/4\/2026\/08\/imgregen-ai-7820-1787334689-1536x857.jpg 1536w, https:\/\/grupohoymexico.com\/tlaxcala\/wp-content\/uploads\/sites\/4\/2026\/08\/imgregen-ai-7820-1787334689-664x371.jpg 664w, https:\/\/grupohoymexico.com\/tlaxcala\/wp-content\/uploads\/sites\/4\/2026\/08\/imgregen-ai-7820-1787334689-688x384.jpg 688w, https:\/\/grupohoymexico.com\/tlaxcala\/wp-content\/uploads\/sites\/4\/2026\/08\/imgregen-ai-7820-1787334689-1044x583.jpg 1044w, https:\/\/grupohoymexico.com\/tlaxcala\/wp-content\/uploads\/sites\/4\/2026\/08\/imgregen-ai-7820-1787334689-1400x781.jpg 1400w, https:\/\/grupohoymexico.com\/tlaxcala\/wp-content\/uploads\/sites\/4\/2026\/08\/imgregen-ai-7820-1787334689.jpg 1600w\" sizes=\"(max-width: 332px) 100vw, 332px\" \/>\t\t\t\t\t<img loading=\"lazy\" decoding=\"async\" width=\"72\" height=\"72\" src=\"https:\/\/grupohoymexico.com\/tlaxcala\/wp-content\/uploads\/sites\/4\/2026\/08\/imgregen-ai-7820-1787334689-72x72.jpg\" class=\"attachment-csco-small size-csco-small wp-post-image\" alt=\"Cruz Roja en la Huamantlada 2026\" srcset=\"https:\/\/grupohoymexico.com\/tlaxcala\/wp-content\/uploads\/sites\/4\/2026\/08\/imgregen-ai-7820-1787334689-72x72.jpg 72w, https:\/\/grupohoymexico.com\/tlaxcala\/wp-content\/uploads\/sites\/4\/2026\/08\/imgregen-ai-7820-1787334689-150x150.jpg 150w, https:\/\/grupohoymexico.com\/tlaxcala\/wp-content\/uploads\/sites\/4\/2026\/08\/imgregen-ai-7820-1787334689-144x144.jpg 144w\" sizes=\"(max-width: 72px) 100vw, 72px\" \/>\t\t\t\t<\/div>\r\n\r\n\t\t\t\t\r\n\t\t\t\t\r\n\t\t\t\t<a href=\"https:\/\/grupohoymexico.com\/tlaxcala\/cultura\/cruz-roja-despliega-180-elementos-para-la-huamantlada-2026-asi-sera-el-operativo\/\" class=\"cs-overlay-link\" title=\"Cruz Roja despliega 180 elementos para la Huamantlada 2026: as\u00ed ser\u00e1 el operativo\"><\/a>\r\n\t\t\t<\/div>\r\n\t\t\r\n\t\t<div class=\"cs-entry__inner cs-entry__content cs-entry__content-horizontal\">\r\n\t\t\t<div class=\"cs-entry__post-meta\" ><div class=\"cs-meta-category\"><ul class=\"post-categories\">\n\t<li><a href=\"https:\/\/grupohoymexico.com\/tlaxcala\/category\/cultura\/\" rel=\"category tag\">Cultura<\/a><\/li>\n\t<li><a href=\"https:\/\/grupohoymexico.com\/tlaxcala\/category\/tlaxcala\/\" rel=\"category tag\">Tlaxcala<\/a><\/li><\/ul><\/div><\/div>\r\n\t\t\t<h2 class=\"cs-entry__title\"><a href=\"https:\/\/grupohoymexico.com\/tlaxcala\/cultura\/cruz-roja-despliega-180-elementos-para-la-huamantlada-2026-asi-sera-el-operativo\/\">Cruz Roja despliega 180 elementos para la Huamantlada 2026: as\u00ed ser\u00e1 el operativo<\/a><\/h2>\r\n\t\t\t\r\n\t\t\t<div class=\"cs-entry__post-meta\" ><div class=\"cs-meta-author\"><span class=\"cs-meta-author-by\">por<\/span><a class=\"cs-meta-author-link url fn n\" href=\"https:\/\/grupohoymexico.com\/tlaxcala\/author\/user\/\"><span class=\"cs-meta-author-name\">Grupo Hoy<\/span><\/a><\/div><\/div>\t\t<\/div>\r\n\t<\/div>\r\n<\/article>\r\n\r\n<article class=\"post-7720 post type-post status-publish format-standard has-post-thumbnail category-cultura category-tlaxcala tag-feria-de-huamantla tag-huamantla tag-huamantlada cs-entry cs-video-wrap\">\r\n\t<div class=\"cs-entry__outer cs-entry__outer-small cs-entry__outer-thumbnail-left\">\r\n\t\t\t\t\t<div class=\"cs-entry__inner cs-entry__overlay cs-entry__thumbnail cs-overlay-ratio cs-ratio-square\">\r\n\r\n\t\t\t\t<div class=\"cs-overlay-background\">\r\n\t\t\t\t\t<img loading=\"lazy\" decoding=\"async\" width=\"332\" height=\"185\" src=\"https:\/\/grupohoymexico.com\/tlaxcala\/wp-content\/uploads\/sites\/4\/2026\/08\/imgregen-ai-7720-1787333590-332x185.jpg\" class=\"attachment-csco-thumbnail-uncropped size-csco-thumbnail-uncropped wp-post-image\" alt=\"Huamantlada 2026\" srcset=\"https:\/\/grupohoymexico.com\/tlaxcala\/wp-content\/uploads\/sites\/4\/2026\/08\/imgregen-ai-7720-1787333590-332x185.jpg 332w, https:\/\/grupohoymexico.com\/tlaxcala\/wp-content\/uploads\/sites\/4\/2026\/08\/imgregen-ai-7720-1787333590-300x167.jpg 300w, https:\/\/grupohoymexico.com\/tlaxcala\/wp-content\/uploads\/sites\/4\/2026\/08\/imgregen-ai-7720-1787333590-1024x572.jpg 1024w, https:\/\/grupohoymexico.com\/tlaxcala\/wp-content\/uploads\/sites\/4\/2026\/08\/imgregen-ai-7720-1787333590-768x429.jpg 768w, https:\/\/grupohoymexico.com\/tlaxcala\/wp-content\/uploads\/sites\/4\/2026\/08\/imgregen-ai-7720-1787333590-1536x857.jpg 1536w, https:\/\/grupohoymexico.com\/tlaxcala\/wp-content\/uploads\/sites\/4\/2026\/08\/imgregen-ai-7720-1787333590-664x371.jpg 664w, https:\/\/grupohoymexico.com\/tlaxcala\/wp-content\/uploads\/sites\/4\/2026\/08\/imgregen-ai-7720-1787333590-688x384.jpg 688w, https:\/\/grupohoymexico.com\/tlaxcala\/wp-content\/uploads\/sites\/4\/2026\/08\/imgregen-ai-7720-1787333590-1044x583.jpg 1044w, https:\/\/grupohoymexico.com\/tlaxcala\/wp-content\/uploads\/sites\/4\/2026\/08\/imgregen-ai-7720-1787333590-1400x781.jpg 1400w, https:\/\/grupohoymexico.com\/tlaxcala\/wp-content\/uploads\/sites\/4\/2026\/08\/imgregen-ai-7720-1787333590.jpg 1600w\" sizes=\"(max-width: 332px) 100vw, 332px\" \/>\t\t\t\t\t<img loading=\"lazy\" decoding=\"async\" width=\"72\" height=\"72\" src=\"https:\/\/grupohoymexico.com\/tlaxcala\/wp-content\/uploads\/sites\/4\/2026\/08\/imgregen-ai-7720-1787333590-72x72.jpg\" class=\"attachment-csco-small size-csco-small wp-post-image\" alt=\"Huamantlada 2026\" srcset=\"https:\/\/grupohoymexico.com\/tlaxcala\/wp-content\/uploads\/sites\/4\/2026\/08\/imgregen-ai-7720-1787333590-72x72.jpg 72w, https:\/\/grupohoymexico.com\/tlaxcala\/wp-content\/uploads\/sites\/4\/2026\/08\/imgregen-ai-7720-1787333590-150x150.jpg 150w, https:\/\/grupohoymexico.com\/tlaxcala\/wp-content\/uploads\/sites\/4\/2026\/08\/imgregen-ai-7720-1787333590-144x144.jpg 144w\" sizes=\"(max-width: 72px) 100vw, 72px\" \/>\t\t\t\t<\/div>\r\n\r\n\t\t\t\t\r\n\t\t\t\t\r\n\t\t\t\t<a href=\"https:\/\/grupohoymexico.com\/tlaxcala\/cultura\/huamantlada-2026-cuando-es-toros-recomendaciones\/\" class=\"cs-overlay-link\" title=\"La Huamantlada 2026: cu\u00e1ndo es, qu\u00e9 toros vienen y c\u00f3mo verla sin riesgos\"><\/a>\r\n\t\t\t<\/div>\r\n\t\t\r\n\t\t<div class=\"cs-entry__inner cs-entry__content cs-entry__content-horizontal\">\r\n\t\t\t<div class=\"cs-entry__post-meta\" ><div class=\"cs-meta-category\"><ul class=\"post-categories\">\n\t<li><a href=\"https:\/\/grupohoymexico.com\/tlaxcala\/category\/cultura\/\" rel=\"category tag\">Cultura<\/a><\/li>\n\t<li><a href=\"https:\/\/grupohoymexico.com\/tlaxcala\/category\/tlaxcala\/\" rel=\"category tag\">Tlaxcala<\/a><\/li><\/ul><\/div><\/div>\r\n\t\t\t<h2 class=\"cs-entry__title\"><a href=\"https:\/\/grupohoymexico.com\/tlaxcala\/cultura\/huamantlada-2026-cuando-es-toros-recomendaciones\/\">La Huamantlada 2026: cu\u00e1ndo es, qu\u00e9 toros vienen y c\u00f3mo verla sin riesgos<\/a><\/h2>\r\n\t\t\t\r\n\t\t\t<div class=\"cs-entry__post-meta\" ><div class=\"cs-meta-author\"><span class=\"cs-meta-author-by\">por<\/span><a class=\"cs-meta-author-link url fn n\" href=\"https:\/\/grupohoymexico.com\/tlaxcala\/author\/user\/\"><span class=\"cs-meta-author-name\">Grupo Hoy<\/span><\/a><\/div><\/div>\t\t<\/div>\r\n\t<\/div>\r\n<\/article>\r\n\r\n<article class=\"post-7822 post type-post status-publish format-standard has-post-thumbnail category-cultura category-tlaxcala tag-huamantla tag-huamantlada tag-turismo cs-entry cs-video-wrap\">\r\n\t<div class=\"cs-entry__outer cs-entry__outer-small cs-entry__outer-thumbnail-left\">\r\n\t\t\t\t\t<div class=\"cs-entry__inner cs-entry__overlay cs-entry__thumbnail cs-overlay-ratio cs-ratio-square\">\r\n\r\n\t\t\t\t<div class=\"cs-overlay-background\">\r\n\t\t\t\t\t<img loading=\"lazy\" decoding=\"async\" width=\"332\" height=\"185\" src=\"https:\/\/grupohoymexico.com\/tlaxcala\/wp-content\/uploads\/sites\/4\/2026\/08\/imgregen-ai-7822-1787334718-332x185.jpg\" class=\"attachment-csco-thumbnail-uncropped size-csco-thumbnail-uncropped wp-post-image\" alt=\"Qu\u00e9 hacer en Huamantla este fin de semana\" srcset=\"https:\/\/grupohoymexico.com\/tlaxcala\/wp-content\/uploads\/sites\/4\/2026\/08\/imgregen-ai-7822-1787334718-332x185.jpg 332w, https:\/\/grupohoymexico.com\/tlaxcala\/wp-content\/uploads\/sites\/4\/2026\/08\/imgregen-ai-7822-1787334718-300x167.jpg 300w, https:\/\/grupohoymexico.com\/tlaxcala\/wp-content\/uploads\/sites\/4\/2026\/08\/imgregen-ai-7822-1787334718-1024x572.jpg 1024w, https:\/\/grupohoymexico.com\/tlaxcala\/wp-content\/uploads\/sites\/4\/2026\/08\/imgregen-ai-7822-1787334718-768x429.jpg 768w, https:\/\/grupohoymexico.com\/tlaxcala\/wp-content\/uploads\/sites\/4\/2026\/08\/imgregen-ai-7822-1787334718-1536x857.jpg 1536w, https:\/\/grupohoymexico.com\/tlaxcala\/wp-content\/uploads\/sites\/4\/2026\/08\/imgregen-ai-7822-1787334718-664x371.jpg 664w, https:\/\/grupohoymexico.com\/tlaxcala\/wp-content\/uploads\/sites\/4\/2026\/08\/imgregen-ai-7822-1787334718-688x384.jpg 688w, https:\/\/grupohoymexico.com\/tlaxcala\/wp-content\/uploads\/sites\/4\/2026\/08\/imgregen-ai-7822-1787334718-1044x583.jpg 1044w, https:\/\/grupohoymexico.com\/tlaxcala\/wp-content\/uploads\/sites\/4\/2026\/08\/imgregen-ai-7822-1787334718-1400x781.jpg 1400w, https:\/\/grupohoymexico.com\/tlaxcala\/wp-content\/uploads\/sites\/4\/2026\/08\/imgregen-ai-7822-1787334718.jpg 1600w\" sizes=\"(max-width: 332px) 100vw, 332px\" \/>\t\t\t\t\t<img loading=\"lazy\" decoding=\"async\" width=\"72\" height=\"72\" src=\"https:\/\/grupohoymexico.com\/tlaxcala\/wp-content\/uploads\/sites\/4\/2026\/08\/imgregen-ai-7822-1787334718-72x72.jpg\" class=\"attachment-csco-small size-csco-small wp-post-image\" alt=\"Qu\u00e9 hacer en Huamantla este fin de semana\" srcset=\"https:\/\/grupohoymexico.com\/tlaxcala\/wp-content\/uploads\/sites\/4\/2026\/08\/imgregen-ai-7822-1787334718-72x72.jpg 72w, https:\/\/grupohoymexico.com\/tlaxcala\/wp-content\/uploads\/sites\/4\/2026\/08\/imgregen-ai-7822-1787334718-150x150.jpg 150w, https:\/\/grupohoymexico.com\/tlaxcala\/wp-content\/uploads\/sites\/4\/2026\/08\/imgregen-ai-7822-1787334718-144x144.jpg 144w\" sizes=\"(max-width: 72px) 100vw, 72px\" \/>\t\t\t\t<\/div>\r\n\r\n\t\t\t\t\r\n\t\t\t\t\r\n\t\t\t\t<a href=\"https:\/\/grupohoymexico.com\/tlaxcala\/cultura\/sin-plan-este-fin-de-semana-esto-es-lo-que-hay-en-huamantla-toros-fe-y-cultura\/\" class=\"cs-overlay-link\" title=\"\u00bfSin plan este fin de semana? Esto es lo que hay en Huamantla: toros, fe y cultura\"><\/a>\r\n\t\t\t<\/div>\r\n\t\t\r\n\t\t<div class=\"cs-entry__inner cs-entry__content cs-entry__content-horizontal\">\r\n\t\t\t<div class=\"cs-entry__post-meta\" ><div class=\"cs-meta-category\"><ul class=\"post-categories\">\n\t<li><a href=\"https:\/\/grupohoymexico.com\/tlaxcala\/category\/cultura\/\" rel=\"category tag\">Cultura<\/a><\/li>\n\t<li><a href=\"https:\/\/grupohoymexico.com\/tlaxcala\/category\/tlaxcala\/\" rel=\"category tag\">Tlaxcala<\/a><\/li><\/ul><\/div><\/div>\r\n\t\t\t<h2 class=\"cs-entry__title\"><a href=\"https:\/\/grupohoymexico.com\/tlaxcala\/cultura\/sin-plan-este-fin-de-semana-esto-es-lo-que-hay-en-huamantla-toros-fe-y-cultura\/\">\u00bfSin plan este fin de semana? Esto es lo que hay en Huamantla: toros, fe y cultura<\/a><\/h2>\r\n\t\t\t\r\n\t\t\t<div class=\"cs-entry__post-meta\" ><div class=\"cs-meta-author\"><span class=\"cs-meta-author-by\">por<\/span><a class=\"cs-meta-author-link url fn n\" href=\"https:\/\/grupohoymexico.com\/tlaxcala\/author\/user\/\"><span class=\"cs-meta-author-name\">Grupo Hoy<\/span><\/a><\/div><\/div>\t\t<\/div>\r\n\t<\/div>\r\n<\/article>\r\n\t\t\t\t\t\t\t\t<\/div>\r\n\t\t\t\t\t\t\t<\/div>\r\n\t\t\t\t\t\t<\/div>\r\n\t\t\t\t\t\t\t\t<\/section>\r\n\t\t\t\t\t\t<\/div>\n\t\t\t\t<\/div>\n\t\t\t\t<\/div>\n\t\t\t\t<\/div>\n\t\t\t\t<\/div>\n\t\t\t\t<\/div>\n\t\t\t\t<div class=\"elementor-element elementor-element-0d5fa75 cs-dividerhorizontal cs-divider-laptophorizontal cs-divider-tablethorizontal cs-divider-mobilehorizontal elementor-widget elementor-widget-cs-divider\" data-id=\"0d5fa75\" data-element_type=\"widget\" data-e-type=\"widget\" data-widget_type=\"cs-divider.default\">\n\t\t\t\t<div class=\"elementor-widget-container\">\n\t\t\t\t\t\t\t<section class=\"cs-divider cs-divider-horizontal\"><\/section>\r\n\t\t\t\t\t\t<\/div>\n\t\t\t\t<\/div>\n\t\t\t\t\t<\/div>\n\t\t\t\t<\/div>\n\t\t<div class=\"elementor-element elementor-element-a14b6f3 e-flex e-con-boxed e-con e-parent\" data-id=\"a14b6f3\" data-element_type=\"container\" data-e-type=\"container\">\n\t\t\t\t\t<div class=\"e-con-inner\">\n\t\t\t\t<div class=\"elementor-element elementor-element-66e721e elementor-widget elementor-widget-cs-heading\" data-id=\"66e721e\" data-element_type=\"widget\" data-e-type=\"widget\" data-widget_type=\"cs-heading.default\">\n\t\t\t\t<div class=\"elementor-widget-container\">\n\t\t\t\t\t\t\t\t\t\t<section class=\"cs-heading\">\r\n\t\t\t\t<div class=\"cs-heading__container \">\r\n\t\t\t\t\t<h2 class=\"cs-heading__content\">\r\n\t\t\t\t\t\tEstatal\t\t\t\t\t<\/h2>\r\n\r\n\t\t\t\t\t\t\t\t\t\t\t<a class=\"cs-heading__link\" href=\"\/tlaxcala\/category\/estatal\/\" target=\"_self\">\r\n\t\t\t\t\t\t\t<span>\t\r\n\t\t\t\t\t\t\t\tTodo sobre Tlaxcala\t\t\t\t\t\t\t<\/span>\r\n\t\t\t\t\t\t<\/a>\r\n\t\t\t\t\t\t\t\t\t<\/div>\r\n\t\t\t<\/section>\r\n\t\t\t\t\t\t\t\t<\/div>\n\t\t\t\t<\/div>\n\t\t<div class=\"elementor-element elementor-element-e6e0b1a e-con-full e-flex e-con e-child\" data-id=\"e6e0b1a\" data-element_type=\"container\" data-e-type=\"container\">\n\t\t<div class=\"elementor-element elementor-element-8d14949 e-con-full e-flex e-con e-child\" data-id=\"8d14949\" data-element_type=\"container\" data-e-type=\"container\">\n\t\t\t\t<div class=\"elementor-element elementor-element-771edab elementor-widget elementor-widget-cs-posts\" data-id=\"771edab\" data-element_type=\"widget\" data-e-type=\"widget\" data-widget_type=\"cs-posts.default\">\n\t\t\t\t<div class=\"elementor-widget-container\">\n\t\t\t\t\t\t\t\t<section class=\"cs-posts cs-posts__standard\">\r\n\t\t\t\t\t\t\t\t\t\t<div class=\"cs-posts-area cs-posts-area-elementor \" data-posts-area=\"\">\r\n\t\t\t\t\t\t\t<div class=\"cs-posts-area__outer\">\r\n\t\t\t\t\t\t\t\t<div\r\n\t\t\t\t\t\t\t\tclass=\"cs-posts-area__main cs-posts-area__main-divider\"\r\n\t\t\t\t\t\t\t\tdata-pc=\"1\"\r\n\t\t\t\t\t\t\t\tdata-lt=\"1\"\r\n\t\t\t\t\t\t\t\tdata-tb=\"1\"\r\n\t\t\t\t\t\t\t\tdata-mb=\"1\"\r\n\t\t\t\t\t\t\t\t>\r\n\t\t\t\t\t\t\t\t\t\r\n<article class=\"post-7824 post type-post status-publish format-standard has-post-thumbnail category-estatal category-tlaxcala tag-clima tag-tlaxcala cs-entry cs-video-wrap\">\r\n\t<div class=\"cs-entry__outer\">\r\n\t\t\t\t\t<div class=\"cs-entry__inner cs-entry__overlay cs-entry__thumbnail cs-overlay-ratio cs-ratio-landscape-16-9\">\r\n\r\n\t\t\t\t<div class=\"cs-overlay-background\">\r\n\t\t\t\t\t<img loading=\"lazy\" decoding=\"async\" width=\"332\" height=\"185\" src=\"https:\/\/grupohoymexico.com\/tlaxcala\/wp-content\/uploads\/sites\/4\/2026\/08\/imgregen-ai-7824-1787334748-332x185.jpg\" class=\"attachment-csco-thumbnail-uncropped size-csco-thumbnail-uncropped wp-post-image\" alt=\"Clima en Tlaxcala hoy\" srcset=\"https:\/\/grupohoymexico.com\/tlaxcala\/wp-content\/uploads\/sites\/4\/2026\/08\/imgregen-ai-7824-1787334748-332x185.jpg 332w, https:\/\/grupohoymexico.com\/tlaxcala\/wp-content\/uploads\/sites\/4\/2026\/08\/imgregen-ai-7824-1787334748-300x167.jpg 300w, https:\/\/grupohoymexico.com\/tlaxcala\/wp-content\/uploads\/sites\/4\/2026\/08\/imgregen-ai-7824-1787334748-1024x572.jpg 1024w, https:\/\/grupohoymexico.com\/tlaxcala\/wp-content\/uploads\/sites\/4\/2026\/08\/imgregen-ai-7824-1787334748-768x429.jpg 768w, https:\/\/grupohoymexico.com\/tlaxcala\/wp-content\/uploads\/sites\/4\/2026\/08\/imgregen-ai-7824-1787334748-1536x857.jpg 1536w, https:\/\/grupohoymexico.com\/tlaxcala\/wp-content\/uploads\/sites\/4\/2026\/08\/imgregen-ai-7824-1787334748-664x371.jpg 664w, https:\/\/grupohoymexico.com\/tlaxcala\/wp-content\/uploads\/sites\/4\/2026\/08\/imgregen-ai-7824-1787334748-688x384.jpg 688w, https:\/\/grupohoymexico.com\/tlaxcala\/wp-content\/uploads\/sites\/4\/2026\/08\/imgregen-ai-7824-1787334748-1044x583.jpg 1044w, https:\/\/grupohoymexico.com\/tlaxcala\/wp-content\/uploads\/sites\/4\/2026\/08\/imgregen-ai-7824-1787334748-1400x781.jpg 1400w, https:\/\/grupohoymexico.com\/tlaxcala\/wp-content\/uploads\/sites\/4\/2026\/08\/imgregen-ai-7824-1787334748.jpg 1600w\" sizes=\"(max-width: 332px) 100vw, 332px\" \/>\t\t\t\t\t<img loading=\"lazy\" decoding=\"async\" width=\"688\" height=\"387\" src=\"https:\/\/grupohoymexico.com\/tlaxcala\/wp-content\/uploads\/sites\/4\/2026\/08\/imgregen-ai-7824-1787334748-688x387.jpg\" class=\"attachment-csco-medium size-csco-medium wp-post-image\" alt=\"Clima en Tlaxcala hoy\" srcset=\"https:\/\/grupohoymexico.com\/tlaxcala\/wp-content\/uploads\/sites\/4\/2026\/08\/imgregen-ai-7824-1787334748-688x387.jpg 688w, https:\/\/grupohoymexico.com\/tlaxcala\/wp-content\/uploads\/sites\/4\/2026\/08\/imgregen-ai-7824-1787334748-332x186.jpg 332w, https:\/\/grupohoymexico.com\/tlaxcala\/wp-content\/uploads\/sites\/4\/2026\/08\/imgregen-ai-7824-1787334748-1376x774.jpg 1376w, https:\/\/grupohoymexico.com\/tlaxcala\/wp-content\/uploads\/sites\/4\/2026\/08\/imgregen-ai-7824-1787334748-1044x587.jpg 1044w\" sizes=\"(max-width: 688px) 100vw, 688px\" \/>\t\t\t\t<\/div>\r\n\r\n\t\t\t\t\r\n\t\t\t\t\r\n\t\t\t\t<a href=\"https:\/\/grupohoymexico.com\/tlaxcala\/nacional\/estatal\/tlaxcala-amanece-con-13-grados-y-se-viene-lluvia-para-la-tarde\/\" class=\"cs-overlay-link\" title=\"Tlaxcala amanece con 13 grados y se viene lluvia para la tarde\"><\/a>\r\n\t\t\t<\/div>\r\n\t\t\r\n\t\t<div class=\"cs-entry__inner cs-entry__content\">\r\n\r\n\t\t\t<div class=\"cs-entry__post-meta\" ><div class=\"cs-meta-category\"><ul class=\"post-categories\">\n\t<li><a href=\"https:\/\/grupohoymexico.com\/tlaxcala\/category\/nacional\/estatal\/\" rel=\"category tag\">Estados<\/a><\/li>\n\t<li><a href=\"https:\/\/grupohoymexico.com\/tlaxcala\/category\/tlaxcala\/\" rel=\"category tag\">Tlaxcala<\/a><\/li><\/ul><\/div><\/div>\r\n\t\t\t<h2 class=\"cs-entry__title\"><a href=\"https:\/\/grupohoymexico.com\/tlaxcala\/nacional\/estatal\/tlaxcala-amanece-con-13-grados-y-se-viene-lluvia-para-la-tarde\/\">Tlaxcala amanece con 13 grados y se viene lluvia para la tarde<\/a><\/h2>\r\n\t\t\t\r\n\t\t\t<div class=\"cs-entry__post-meta\" ><div class=\"cs-meta-author\"><span class=\"cs-meta-author-by\">por<\/span><a class=\"cs-meta-author-link url fn n\" href=\"https:\/\/grupohoymexico.com\/tlaxcala\/author\/user\/\"><span class=\"cs-meta-author-name\">Grupo Hoy<\/span><\/a><\/div><div class=\"cs-meta-date\">21 de agosto de 2026<\/div><\/div>\t\t<\/div>\r\n\t<\/div>\r\n<\/article>\r\n\t\t\t\t\t\t\t\t<\/div>\r\n\t\t\t\t\t\t\t<\/div>\r\n\t\t\t\t\t\t<\/div>\r\n\t\t\t\t\t\t\t\t<\/section>\r\n\t\t\t\t\t\t<\/div>\n\t\t\t\t<\/div>\n\t\t\t\t<div class=\"elementor-element elementor-element-3e90eb2 cs-dividerhorizontal cs-divider-laptophorizontal cs-divider-tablethorizontal cs-divider-mobilehorizontal elementor-widget elementor-widget-cs-divider\" data-id=\"3e90eb2\" data-element_type=\"widget\" data-e-type=\"widget\" data-widget_type=\"cs-divider.default\">\n\t\t\t\t<div class=\"elementor-widget-container\">\n\t\t\t\t\t\t\t<section class=\"cs-divider cs-divider-horizontal\"><\/section>\r\n\t\t\t\t\t\t<\/div>\n\t\t\t\t<\/div>\n\t\t\t\t<div class=\"elementor-element elementor-element-3f8a183 elementor-widget elementor-widget-cs-posts\" data-id=\"3f8a183\" data-element_type=\"widget\" data-e-type=\"widget\" data-widget_type=\"cs-posts.default\">\n\t\t\t\t<div class=\"elementor-widget-container\">\n\t\t\t\t\t\t\t\t<section class=\"cs-posts cs-posts__standard\">\r\n\t\t\t\t\t\t\t\t\t\t<div class=\"cs-posts-area cs-posts-area-elementor \" data-posts-area=\"\">\r\n\t\t\t\t\t\t\t<div class=\"cs-posts-area__outer\">\r\n\t\t\t\t\t\t\t\t<div\r\n\t\t\t\t\t\t\t\tclass=\"cs-posts-area__main cs-posts-area__main-divider\"\r\n\t\t\t\t\t\t\t\tdata-pc=\"1\"\r\n\t\t\t\t\t\t\t\tdata-lt=\"1\"\r\n\t\t\t\t\t\t\t\tdata-tb=\"1\"\r\n\t\t\t\t\t\t\t\tdata-mb=\"1\"\r\n\t\t\t\t\t\t\t\t>\r\n\t\t\t\t\t\t\t\t\t\r\n<article class=\"post-7687 post type-post status-publish format-standard has-post-thumbnail category-estatal category-tlaxcala cs-entry cs-video-wrap\">\r\n\t<div class=\"cs-entry__outer\">\r\n\t\t\r\n\t\t<div class=\"cs-entry__inner cs-entry__content\">\r\n\r\n\t\t\t<div class=\"cs-entry__post-meta\" ><div class=\"cs-meta-category\"><ul class=\"post-categories\">\n\t<li><a href=\"https:\/\/grupohoymexico.com\/tlaxcala\/category\/nacional\/estatal\/\" rel=\"category tag\">Estados<\/a><\/li>\n\t<li><a href=\"https:\/\/grupohoymexico.com\/tlaxcala\/category\/tlaxcala\/\" rel=\"category tag\">Tlaxcala<\/a><\/li><\/ul><\/div><\/div>\r\n\t\t\t<h2 class=\"cs-entry__title\"><a href=\"https:\/\/grupohoymexico.com\/tlaxcala\/nacional\/estatal\/tlaxcala-unico-estado-sin-deuda-que-renovara-gubernatura-en-2027-hacienda\/\">Tlaxcala \u00fanico estado sin deuda que renovar\u00e1 gubernatura en 2027: Hacienda<\/a><\/h2>\r\n\t\t\t\r\n\t\t\t<div class=\"cs-entry__post-meta\" ><div class=\"cs-meta-author\"><span class=\"cs-meta-author-by\">por<\/span><a class=\"cs-meta-author-link url fn n\" href=\"https:\/\/grupohoymexico.com\/tlaxcala\/author\/user\/\"><span class=\"cs-meta-author-name\">Grupo Hoy<\/span><\/a><\/div><div class=\"cs-meta-date\">19 de agosto de 2026<\/div><\/div>\t\t<\/div>\r\n\t<\/div>\r\n<\/article>\r\n\r\n<article class=\"post-7706 post type-post status-publish format-standard has-post-thumbnail category-estatal cs-entry cs-video-wrap\">\r\n\t<div class=\"cs-entry__outer\">\r\n\t\t\r\n\t\t<div class=\"cs-entry__inner cs-entry__content\">\r\n\r\n\t\t\t<div class=\"cs-entry__post-meta\" ><div class=\"cs-meta-category\"><ul class=\"post-categories\">\n\t<li><a href=\"https:\/\/grupohoymexico.com\/tlaxcala\/category\/nacional\/estatal\/\" rel=\"category tag\">Estados<\/a><\/li><\/ul><\/div><\/div>\r\n\t\t\t<h2 class=\"cs-entry__title\"><a href=\"https:\/\/grupohoymexico.com\/tlaxcala\/nacional\/estatal\/denuncias-contra-funcionarios-por-proselitismo-gobierno-tlaxcala-activa-linea\/\">Denuncias contra funcionarios por proselitismo: gobierno Tlaxcala activa l\u00ednea<\/a><\/h2>\r\n\t\t\t\r\n\t\t\t<div class=\"cs-entry__post-meta\" ><div class=\"cs-meta-author\"><span class=\"cs-meta-author-by\">por<\/span><a class=\"cs-meta-author-link url fn n\" href=\"https:\/\/grupohoymexico.com\/tlaxcala\/author\/user\/\"><span class=\"cs-meta-author-name\">Grupo Hoy<\/span><\/a><\/div><div class=\"cs-meta-date\">19 de agosto de 2026<\/div><\/div>\t\t<\/div>\r\n\t<\/div>\r\n<\/article>\r\n\t\t\t\t\t\t\t\t<\/div>\r\n\t\t\t\t\t\t\t<\/div>\r\n\t\t\t\t\t\t<\/div>\r\n\t\t\t\t\t\t\t\t<\/section>\r\n\t\t\t\t\t\t<\/div>\n\t\t\t\t<\/div>\n\t\t\t\t<div class=\"elementor-element elementor-element-4ae77b6 elementor-widget elementor-widget-image\" data-id=\"4ae77b6\" data-element_type=\"widget\" data-e-type=\"widget\" data-widget_type=\"image.default\">\n\t\t\t\t<div class=\"elementor-widget-container\">\n\t\t\t\t\t\t\t\t\t\t\t\t\t\t\t<img decoding=\"async\" src=\"https:\/\/grupohoymexico.com\/wp-content\/uploads\/2025\/05\/banner-IZZA-300x300.png\" title=\"\" alt=\"\" loading=\"lazy\" \/>\t\t\t\t\t\t\t\t\t\t\t\t\t\t\t<\/div>\n\t\t\t\t<\/div>\n\t\t\t\t<div class=\"elementor-element elementor-element-71e3393 cs-dividerhorizontal cs-divider-laptophorizontal cs-divider-tablethorizontal cs-divider-mobilehorizontal elementor-widget elementor-widget-cs-divider\" data-id=\"71e3393\" data-element_type=\"widget\" data-e-type=\"widget\" data-widget_type=\"cs-divider.default\">\n\t\t\t\t<div class=\"elementor-widget-container\">\n\t\t\t\t\t\t\t<section class=\"cs-divider cs-divider-horizontal\"><\/section>\r\n\t\t\t\t\t\t<\/div>\n\t\t\t\t<\/div>\n\t\t\t\t<\/div>\n\t\t\t\t<div class=\"elementor-element elementor-element-853bd3d cs-dividervertical elementor-widget-laptop__width-inherit cs-divider-laptophorizontal cs-divider-tablethorizontal cs-divider-mobilehorizontal elementor-widget elementor-widget-cs-divider\" data-id=\"853bd3d\" data-element_type=\"widget\" data-e-type=\"widget\" data-widget_type=\"cs-divider.default\">\n\t\t\t\t<div class=\"elementor-widget-container\">\n\t\t\t\t\t\t\t<section class=\"cs-divider cs-divider-vertical\"><\/section>\r\n\t\t\t\t\t\t<\/div>\n\t\t\t\t<\/div>\n\t\t<div class=\"elementor-element elementor-element-33c9066 e-con-full e-flex e-con e-child\" data-id=\"33c9066\" data-element_type=\"container\" data-e-type=\"container\">\n\t\t\t\t<div class=\"elementor-element elementor-element-19b14a1 elementor-widget elementor-widget-cs-posts\" data-id=\"19b14a1\" data-element_type=\"widget\" data-e-type=\"widget\" data-widget_type=\"cs-posts.default\">\n\t\t\t\t<div class=\"elementor-widget-container\">\n\t\t\t\t\t\t\t\t<section class=\"cs-posts cs-posts__standard\">\r\n\t\t\t\t\t\t\t\t\t\t<div class=\"cs-posts-area cs-posts-area-elementor \" data-posts-area=\"\">\r\n\t\t\t\t\t\t\t<div class=\"cs-posts-area__outer\">\r\n\t\t\t\t\t\t\t\t<div\r\n\t\t\t\t\t\t\t\tclass=\"cs-posts-area__main\"\r\n\t\t\t\t\t\t\t\tdata-pc=\"1\"\r\n\t\t\t\t\t\t\t\tdata-lt=\"1\"\r\n\t\t\t\t\t\t\t\tdata-tb=\"1\"\r\n\t\t\t\t\t\t\t\tdata-mb=\"1\"\r\n\t\t\t\t\t\t\t\t>\r\n\t\t\t\t\t\t\t\t\t\r\n<article class=\"post-7797 post type-post status-publish format-standard has-post-thumbnail category-estatal tag-criat tag-inclusion tag-lorena-cuellar tag-teleton tag-tlaxcala cs-entry cs-video-wrap\">\r\n\t<div class=\"cs-entry__outer\">\r\n\t\t\t\t\t<div class=\"cs-entry__inner cs-entry__overlay cs-entry__thumbnail cs-overlay-ratio cs-ratio-landscape-16-9\">\r\n\r\n\t\t\t\t<div class=\"cs-overlay-background\">\r\n\t\t\t\t\t<img loading=\"lazy\" decoding=\"async\" width=\"332\" height=\"177\" src=\"https:\/\/grupohoymexico.com\/tlaxcala\/wp-content\/uploads\/sites\/4\/2026\/08\/imgregen-ai-7797-1787089067-332x177.jpg\" class=\"attachment-csco-thumbnail-uncropped size-csco-thumbnail-uncropped wp-post-image\" alt=\"\" srcset=\"https:\/\/grupohoymexico.com\/tlaxcala\/wp-content\/uploads\/sites\/4\/2026\/08\/imgregen-ai-7797-1787089067-332x177.jpg 332w, https:\/\/grupohoymexico.com\/tlaxcala\/wp-content\/uploads\/sites\/4\/2026\/08\/imgregen-ai-7797-1787089067-300x160.jpg 300w, https:\/\/grupohoymexico.com\/tlaxcala\/wp-content\/uploads\/sites\/4\/2026\/08\/imgregen-ai-7797-1787089067-1024x544.jpg 1024w, https:\/\/grupohoymexico.com\/tlaxcala\/wp-content\/uploads\/sites\/4\/2026\/08\/imgregen-ai-7797-1787089067-768x408.jpg 768w, https:\/\/grupohoymexico.com\/tlaxcala\/wp-content\/uploads\/sites\/4\/2026\/08\/imgregen-ai-7797-1787089067-664x353.jpg 664w, https:\/\/grupohoymexico.com\/tlaxcala\/wp-content\/uploads\/sites\/4\/2026\/08\/imgregen-ai-7797-1787089067-688x366.jpg 688w, https:\/\/grupohoymexico.com\/tlaxcala\/wp-content\/uploads\/sites\/4\/2026\/08\/imgregen-ai-7797-1787089067-1044x555.jpg 1044w, https:\/\/grupohoymexico.com\/tlaxcala\/wp-content\/uploads\/sites\/4\/2026\/08\/imgregen-ai-7797-1787089067.jpg 1200w\" sizes=\"(max-width: 332px) 100vw, 332px\" \/>\t\t\t\t\t<img loading=\"lazy\" decoding=\"async\" width=\"1200\" height=\"638\" src=\"https:\/\/grupohoymexico.com\/tlaxcala\/wp-content\/uploads\/sites\/4\/2026\/08\/imgregen-ai-7797-1787089067.jpg\" class=\"attachment-csco-extra-large size-csco-extra-large wp-post-image\" alt=\"\" srcset=\"https:\/\/grupohoymexico.com\/tlaxcala\/wp-content\/uploads\/sites\/4\/2026\/08\/imgregen-ai-7797-1787089067.jpg 1200w, https:\/\/grupohoymexico.com\/tlaxcala\/wp-content\/uploads\/sites\/4\/2026\/08\/imgregen-ai-7797-1787089067-300x160.jpg 300w, https:\/\/grupohoymexico.com\/tlaxcala\/wp-content\/uploads\/sites\/4\/2026\/08\/imgregen-ai-7797-1787089067-1024x544.jpg 1024w, https:\/\/grupohoymexico.com\/tlaxcala\/wp-content\/uploads\/sites\/4\/2026\/08\/imgregen-ai-7797-1787089067-768x408.jpg 768w, https:\/\/grupohoymexico.com\/tlaxcala\/wp-content\/uploads\/sites\/4\/2026\/08\/imgregen-ai-7797-1787089067-332x177.jpg 332w, https:\/\/grupohoymexico.com\/tlaxcala\/wp-content\/uploads\/sites\/4\/2026\/08\/imgregen-ai-7797-1787089067-664x353.jpg 664w, https:\/\/grupohoymexico.com\/tlaxcala\/wp-content\/uploads\/sites\/4\/2026\/08\/imgregen-ai-7797-1787089067-688x366.jpg 688w, https:\/\/grupohoymexico.com\/tlaxcala\/wp-content\/uploads\/sites\/4\/2026\/08\/imgregen-ai-7797-1787089067-1044x555.jpg 1044w\" sizes=\"(max-width: 1200px) 100vw, 1200px\" \/>\t\t\t\t<\/div>\r\n\r\n\t\t\t\t\r\n\t\t\t\t\r\n\t\t\t\t<a href=\"https:\/\/grupohoymexico.com\/tlaxcala\/nacional\/estatal\/lorena-cuellar-y-teleton-inauguran-el-criat-nuevo-centro-de-atencion-infantil-en-tlaxcala\/\" class=\"cs-overlay-link\" title=\"Lorena Cu\u00e9llar y Telet\u00f3n inauguran el CRIAT, nuevo centro de atenci\u00f3n infantil en Tlaxcala\"><\/a>\r\n\t\t\t<\/div>\r\n\t\t\r\n\t\t<div class=\"cs-entry__inner cs-entry__content\">\r\n\r\n\t\t\t<div class=\"cs-entry__post-meta\" ><div class=\"cs-meta-category\"><ul class=\"post-categories\">\n\t<li><a href=\"https:\/\/grupohoymexico.com\/tlaxcala\/category\/nacional\/estatal\/\" rel=\"category tag\">Estados<\/a><\/li><\/ul><\/div><\/div>\r\n\t\t\t<h2 class=\"cs-entry__title\"><a href=\"https:\/\/grupohoymexico.com\/tlaxcala\/nacional\/estatal\/lorena-cuellar-y-teleton-inauguran-el-criat-nuevo-centro-de-atencion-infantil-en-tlaxcala\/\">Lorena Cu\u00e9llar y Telet\u00f3n inauguran el CRIAT, nuevo centro de atenci\u00f3n infantil en Tlaxcala<\/a><\/h2>\r\n\t\t\t\t\t\t\t\t<div class=\"cs-entry__excerpt\">\r\n\t\t\t\t\t\tEl Centro de Rehabilitaci\u00f3n, Inclusi\u00f3n y Autismo Tlaxcala (CRIAT) inici\u00f3 operaciones con capacidad para atender hasta mil 150 ni\u00f1as, ni\u00f1os y adolescentes al a\u00f1o. El proyecto fue construido,&hellip;\t\t\t\t\t<\/div>\r\n\t\t\t\t\t\r\n\t\t\t<div class=\"cs-entry__post-meta\" ><div class=\"cs-meta-author\"><span class=\"cs-meta-author-by\">por<\/span><a class=\"cs-meta-author-link url fn n\" href=\"https:\/\/grupohoymexico.com\/tlaxcala\/author\/jair\/\"><span class=\"cs-meta-author-name\">jair<\/span><\/a><\/div><div class=\"cs-meta-date\">18 de agosto de 2026<\/div><\/div>\t\t<\/div>\r\n\t<\/div>\r\n<\/article>\r\n\t\t\t\t\t\t\t\t<\/div>\r\n\t\t\t\t\t\t\t<\/div>\r\n\t\t\t\t\t\t<\/div>\r\n\t\t\t\t\t\t\t\t<\/section>\r\n\t\t\t\t\t\t<\/div>\n\t\t\t\t<\/div>\n\t\t\t\t<div class=\"elementor-element elementor-element-261e2de cs-dividerhorizontal cs-divider-laptophorizontal cs-divider-tablethorizontal cs-divider-mobilehorizontal elementor-widget elementor-widget-cs-divider\" data-id=\"261e2de\" data-element_type=\"widget\" data-e-type=\"widget\" data-widget_type=\"cs-divider.default\">\n\t\t\t\t<div class=\"elementor-widget-container\">\n\t\t\t\t\t\t\t<section class=\"cs-divider cs-divider-horizontal\"><\/section>\r\n\t\t\t\t\t\t<\/div>\n\t\t\t\t<\/div>\n\t\t\t\t<div class=\"elementor-element elementor-element-e55bcd2 elementor-widget elementor-widget-cs-posts\" data-id=\"e55bcd2\" data-element_type=\"widget\" data-e-type=\"widget\" data-widget_type=\"cs-posts.default\">\n\t\t\t\t<div class=\"elementor-widget-container\">\n\t\t\t\t\t\t\t\t<section class=\"cs-posts cs-posts__horizontal\">\r\n\t\t\t\t\t\t\t\t\t\t<div class=\"cs-posts-area cs-posts-area-elementor \" data-posts-area=\"\">\r\n\t\t\t\t\t\t\t<div class=\"cs-posts-area__outer\">\r\n\t\t\t\t\t\t\t\t<div\r\n\t\t\t\t\t\t\t\tclass=\"cs-posts-area__main\"\r\n\t\t\t\t\t\t\t\tdata-pc=\"1\"\r\n\t\t\t\t\t\t\t\tdata-lt=\"1\"\r\n\t\t\t\t\t\t\t\tdata-tb=\"1\"\r\n\t\t\t\t\t\t\t\tdata-mb=\"1\"\r\n\t\t\t\t\t\t\t\t>\r\n\t\t\t\t\t\t\t\t\t\r\n<article class=\"post-7675 post type-post status-publish format-standard has-post-thumbnail category-estatal cs-entry cs-video-wrap\">\r\n\t<div class=\"cs-entry__outer cs-entry__outer-medium cs-entry__outer-thumbnail-right\">\r\n\t\t\t\t\t<div class=\"cs-entry__inner cs-entry__overlay cs-entry__thumbnail cs-overlay-ratio cs-ratio-landscape-16-9\">\r\n\r\n\t\t\t\t<div class=\"cs-overlay-background\">\r\n\t\t\t\t\t<img loading=\"lazy\" decoding=\"async\" width=\"332\" height=\"187\" src=\"https:\/\/grupohoymexico.com\/tlaxcala\/wp-content\/uploads\/sites\/4\/2026\/08\/laguna-acuitlapilco-gobierno-tlaxcala-atribuciones.jpg\" class=\"attachment-csco-thumbnail-uncropped size-csco-thumbnail-uncropped wp-post-image\" alt=\"\" srcset=\"https:\/\/grupohoymexico.com\/tlaxcala\/wp-content\/uploads\/sites\/4\/2026\/08\/laguna-acuitlapilco-gobierno-tlaxcala-atribuciones.jpg 1200w, https:\/\/grupohoymexico.com\/tlaxcala\/wp-content\/uploads\/sites\/4\/2026\/08\/laguna-acuitlapilco-gobierno-tlaxcala-atribuciones-300x169.jpg 300w, https:\/\/grupohoymexico.com\/tlaxcala\/wp-content\/uploads\/sites\/4\/2026\/08\/laguna-acuitlapilco-gobierno-tlaxcala-atribuciones-1024x576.jpg 1024w, https:\/\/grupohoymexico.com\/tlaxcala\/wp-content\/uploads\/sites\/4\/2026\/08\/laguna-acuitlapilco-gobierno-tlaxcala-atribuciones-768x432.jpg 768w\" sizes=\"(max-width: 332px) 100vw, 332px\" \/>\t\t\t\t\t<img loading=\"lazy\" decoding=\"async\" width=\"332\" height=\"186\" src=\"https:\/\/grupohoymexico.com\/tlaxcala\/wp-content\/uploads\/sites\/4\/2026\/08\/laguna-acuitlapilco-gobierno-tlaxcala-atribuciones.jpg\" class=\"attachment-csco-thumbnail size-csco-thumbnail wp-post-image\" alt=\"\" srcset=\"https:\/\/grupohoymexico.com\/tlaxcala\/wp-content\/uploads\/sites\/4\/2026\/08\/laguna-acuitlapilco-gobierno-tlaxcala-atribuciones.jpg 1200w, https:\/\/grupohoymexico.com\/tlaxcala\/wp-content\/uploads\/sites\/4\/2026\/08\/laguna-acuitlapilco-gobierno-tlaxcala-atribuciones-300x169.jpg 300w, https:\/\/grupohoymexico.com\/tlaxcala\/wp-content\/uploads\/sites\/4\/2026\/08\/laguna-acuitlapilco-gobierno-tlaxcala-atribuciones-1024x576.jpg 1024w, https:\/\/grupohoymexico.com\/tlaxcala\/wp-content\/uploads\/sites\/4\/2026\/08\/laguna-acuitlapilco-gobierno-tlaxcala-atribuciones-768x432.jpg 768w\" sizes=\"(max-width: 332px) 100vw, 332px\" \/>\t\t\t\t<\/div>\r\n\r\n\t\t\t\t\r\n\t\t\t\t\r\n\t\t\t\t<a href=\"https:\/\/grupohoymexico.com\/tlaxcala\/nacional\/estatal\/laguna-de-acuitlapilco-gobierno-de-tlaxcala-aclara-que-puede-y-que-no-puede-hacer\/\" class=\"cs-overlay-link\" title=\"Laguna de Acuitlapilco: gobierno de Tlaxcala aclara qu\u00e9 puede y qu\u00e9 no puede hacer\"><\/a>\r\n\t\t\t<\/div>\r\n\t\t\r\n\t\t<div class=\"cs-entry__inner cs-entry__content cs-entry__content-horizontal\">\r\n\t\t\t<div class=\"cs-entry__post-meta\" ><div class=\"cs-meta-category\"><ul class=\"post-categories\">\n\t<li><a href=\"https:\/\/grupohoymexico.com\/tlaxcala\/category\/nacional\/estatal\/\" rel=\"category tag\">Estados<\/a><\/li><\/ul><\/div><\/div>\r\n\t\t\t<h2 class=\"cs-entry__title\"><a href=\"https:\/\/grupohoymexico.com\/tlaxcala\/nacional\/estatal\/laguna-de-acuitlapilco-gobierno-de-tlaxcala-aclara-que-puede-y-que-no-puede-hacer\/\">Laguna de Acuitlapilco: gobierno de Tlaxcala aclara qu\u00e9 puede y qu\u00e9 no puede hacer<\/a><\/h2>\r\n\t\t\t\r\n\t\t\t<div class=\"cs-entry__post-meta\" ><div class=\"cs-meta-author\"><span class=\"cs-meta-author-by\">por<\/span><a class=\"cs-meta-author-link url fn n\" href=\"https:\/\/grupohoymexico.com\/tlaxcala\/author\/user\/\"><span class=\"cs-meta-author-name\">Grupo Hoy<\/span><\/a><\/div><div class=\"cs-meta-date\">03 de agosto de 2026<\/div><\/div>\t\t<\/div>\r\n\t<\/div>\r\n<\/article>\r\n\r\n<article class=\"post-7609 post type-post status-publish format-standard has-post-thumbnail category-estatal category-politica category-seguridad tag-busqueda-de-desaparecidos tag-ine tag-lorena-cuellar tag-personas-desaparecidas tag-seguridad tag-tlaxcala cs-entry cs-video-wrap\">\r\n\t<div class=\"cs-entry__outer cs-entry__outer-medium cs-entry__outer-thumbnail-right\">\r\n\t\t\t\t\t<div class=\"cs-entry__inner cs-entry__overlay cs-entry__thumbnail cs-overlay-ratio cs-ratio-landscape-16-9\">\r\n\r\n\t\t\t\t<div class=\"cs-overlay-background\">\r\n\t\t\t\t\t<img loading=\"lazy\" decoding=\"async\" width=\"332\" height=\"177\" src=\"https:\/\/grupohoymexico.com\/tlaxcala\/wp-content\/uploads\/sites\/4\/2026\/08\/imgregen-ai-7609-1786635133-332x177.jpg\" class=\"attachment-csco-thumbnail-uncropped size-csco-thumbnail-uncropped wp-post-image\" alt=\"\" srcset=\"https:\/\/grupohoymexico.com\/tlaxcala\/wp-content\/uploads\/sites\/4\/2026\/08\/imgregen-ai-7609-1786635133-332x177.jpg 332w, https:\/\/grupohoymexico.com\/tlaxcala\/wp-content\/uploads\/sites\/4\/2026\/08\/imgregen-ai-7609-1786635133-300x160.jpg 300w, https:\/\/grupohoymexico.com\/tlaxcala\/wp-content\/uploads\/sites\/4\/2026\/08\/imgregen-ai-7609-1786635133-1024x544.jpg 1024w, https:\/\/grupohoymexico.com\/tlaxcala\/wp-content\/uploads\/sites\/4\/2026\/08\/imgregen-ai-7609-1786635133-768x408.jpg 768w, https:\/\/grupohoymexico.com\/tlaxcala\/wp-content\/uploads\/sites\/4\/2026\/08\/imgregen-ai-7609-1786635133-664x353.jpg 664w, https:\/\/grupohoymexico.com\/tlaxcala\/wp-content\/uploads\/sites\/4\/2026\/08\/imgregen-ai-7609-1786635133-688x366.jpg 688w, https:\/\/grupohoymexico.com\/tlaxcala\/wp-content\/uploads\/sites\/4\/2026\/08\/imgregen-ai-7609-1786635133-1044x555.jpg 1044w, https:\/\/grupohoymexico.com\/tlaxcala\/wp-content\/uploads\/sites\/4\/2026\/08\/imgregen-ai-7609-1786635133.jpg 1200w\" sizes=\"(max-width: 332px) 100vw, 332px\" \/>\t\t\t\t\t<img loading=\"lazy\" decoding=\"async\" width=\"332\" height=\"186\" src=\"https:\/\/grupohoymexico.com\/tlaxcala\/wp-content\/uploads\/sites\/4\/2026\/08\/imgregen-ai-7609-1786635133-332x186.jpg\" class=\"attachment-csco-thumbnail size-csco-thumbnail wp-post-image\" alt=\"\" srcset=\"https:\/\/grupohoymexico.com\/tlaxcala\/wp-content\/uploads\/sites\/4\/2026\/08\/imgregen-ai-7609-1786635133-332x186.jpg 332w, https:\/\/grupohoymexico.com\/tlaxcala\/wp-content\/uploads\/sites\/4\/2026\/08\/imgregen-ai-7609-1786635133-664x372.jpg 664w, https:\/\/grupohoymexico.com\/tlaxcala\/wp-content\/uploads\/sites\/4\/2026\/08\/imgregen-ai-7609-1786635133-688x387.jpg 688w, https:\/\/grupohoymexico.com\/tlaxcala\/wp-content\/uploads\/sites\/4\/2026\/08\/imgregen-ai-7609-1786635133-1044x587.jpg 1044w\" sizes=\"(max-width: 332px) 100vw, 332px\" \/>\t\t\t\t<\/div>\r\n\r\n\t\t\t\t\r\n\t\t\t\t\r\n\t\t\t\t<a href=\"https:\/\/grupohoymexico.com\/tlaxcala\/nacional\/seguridad\/tlaxcala-firma-convenio-con-el-ine-para-fortalecer-la-busqueda-de-personas-desaparecidas\/\" class=\"cs-overlay-link\" title=\"Tlaxcala firma convenio con el INE para fortalecer la b\u00fasqueda de personas desaparecidas\"><\/a>\r\n\t\t\t<\/div>\r\n\t\t\r\n\t\t<div class=\"cs-entry__inner cs-entry__content cs-entry__content-horizontal\">\r\n\t\t\t<div class=\"cs-entry__post-meta\" ><div class=\"cs-meta-category\"><ul class=\"post-categories\">\n\t<li><a href=\"https:\/\/grupohoymexico.com\/tlaxcala\/category\/nacional\/estatal\/\" rel=\"category tag\">Estados<\/a><\/li>\n\t<li><a href=\"https:\/\/grupohoymexico.com\/tlaxcala\/category\/politica\/\" rel=\"category tag\">Pol\u00edtica<\/a><\/li>\n\t<li><a href=\"https:\/\/grupohoymexico.com\/tlaxcala\/category\/nacional\/seguridad\/\" rel=\"category tag\">Seguridad<\/a><\/li><\/ul><\/div><\/div>\r\n\t\t\t<h2 class=\"cs-entry__title\"><a href=\"https:\/\/grupohoymexico.com\/tlaxcala\/nacional\/seguridad\/tlaxcala-firma-convenio-con-el-ine-para-fortalecer-la-busqueda-de-personas-desaparecidas\/\">Tlaxcala firma convenio con el INE para fortalecer la b\u00fasqueda de personas desaparecidas<\/a><\/h2>\r\n\t\t\t\r\n\t\t\t<div class=\"cs-entry__post-meta\" ><div class=\"cs-meta-author\"><span class=\"cs-meta-author-by\">por<\/span><a class=\"cs-meta-author-link url fn n\" href=\"https:\/\/grupohoymexico.com\/tlaxcala\/author\/jair\/\"><span class=\"cs-meta-author-name\">jair<\/span><\/a><\/div><div class=\"cs-meta-date\">17 de julio de 2026<\/div><\/div>\t\t<\/div>\r\n\t<\/div>\r\n<\/article>\r\n\t\t\t\t\t\t\t\t<\/div>\r\n\t\t\t\t\t\t\t<\/div>\r\n\t\t\t\t\t\t<\/div>\r\n\t\t\t\t\t\t\t\t<\/section>\r\n\t\t\t\t\t\t<\/div>\n\t\t\t\t<\/div>\n\t\t\t\t<\/div>\n\t\t\t\t<div class=\"elementor-element elementor-element-a89672f cs-dividervertical cs-divider-laptopvertical cs-divider-tabletvertical cs-divider-mobilehorizontal elementor-widget elementor-widget-cs-divider\" data-id=\"a89672f\" data-element_type=\"widget\" data-e-type=\"widget\" data-widget_type=\"cs-divider.default\">\n\t\t\t\t<div class=\"elementor-widget-container\">\n\t\t\t\t\t\t\t<section class=\"cs-divider cs-divider-vertical\"><\/section>\r\n\t\t\t\t\t\t<\/div>\n\t\t\t\t<\/div>\n\t\t<div class=\"elementor-element elementor-element-22a9b4a e-con-full e-flex e-con e-child\" data-id=\"22a9b4a\" data-element_type=\"container\" data-e-type=\"container\">\n\t\t\t\t<div class=\"elementor-element elementor-element-9ea561d elementor-widget elementor-widget-cs-posts\" data-id=\"9ea561d\" data-element_type=\"widget\" data-e-type=\"widget\" data-widget_type=\"cs-posts.default\">\n\t\t\t\t<div class=\"elementor-widget-container\">\n\t\t\t\t\t\t\t\t<section class=\"cs-posts cs-posts__standard\">\r\n\t\t\t\t\t\t\t\t\t\t<div class=\"cs-posts-area cs-posts-area-elementor \" data-posts-area=\"\">\r\n\t\t\t\t\t\t\t<div class=\"cs-posts-area__outer\">\r\n\t\t\t\t\t\t\t\t<div\r\n\t\t\t\t\t\t\t\tclass=\"cs-posts-area__main cs-posts-area__main-divider\"\r\n\t\t\t\t\t\t\t\tdata-pc=\"1\"\r\n\t\t\t\t\t\t\t\tdata-lt=\"1\"\r\n\t\t\t\t\t\t\t\tdata-tb=\"1\"\r\n\t\t\t\t\t\t\t\tdata-mb=\"1\"\r\n\t\t\t\t\t\t\t\t>\r\n\t\t\t\t\t\t\t\t\t\r\n<article class=\"post-7595 post type-post status-publish format-standard has-post-thumbnail category-estatal tag-ciudad-deportiva tag-deporte tag-idet tag-lorena-cuellar tag-tlaxcala cs-entry cs-video-wrap\">\r\n\t<div class=\"cs-entry__outer\">\r\n\t\t\t\t\t<div class=\"cs-entry__inner cs-entry__overlay cs-entry__thumbnail cs-overlay-ratio cs-ratio-landscape-16-9\">\r\n\r\n\t\t\t\t<div class=\"cs-overlay-background\">\r\n\t\t\t\t\t<img loading=\"lazy\" decoding=\"async\" width=\"332\" height=\"177\" src=\"https:\/\/grupohoymexico.com\/tlaxcala\/wp-content\/uploads\/sites\/4\/2026\/07\/Ciudad-Deportiva-Tlaxcala-332x177.jpg\" class=\"attachment-csco-thumbnail-uncropped size-csco-thumbnail-uncropped wp-post-image\" alt=\"Lorena Cu\u00e9llar inaugura la tercera etapa de la Ciudad Deportiva de Alto Rendimiento en Tlaxcala\" srcset=\"https:\/\/grupohoymexico.com\/tlaxcala\/wp-content\/uploads\/sites\/4\/2026\/07\/Ciudad-Deportiva-Tlaxcala-332x177.jpg 332w, https:\/\/grupohoymexico.com\/tlaxcala\/wp-content\/uploads\/sites\/4\/2026\/07\/Ciudad-Deportiva-Tlaxcala-300x160.jpg 300w, https:\/\/grupohoymexico.com\/tlaxcala\/wp-content\/uploads\/sites\/4\/2026\/07\/Ciudad-Deportiva-Tlaxcala-1024x544.jpg 1024w, https:\/\/grupohoymexico.com\/tlaxcala\/wp-content\/uploads\/sites\/4\/2026\/07\/Ciudad-Deportiva-Tlaxcala-768x408.jpg 768w, https:\/\/grupohoymexico.com\/tlaxcala\/wp-content\/uploads\/sites\/4\/2026\/07\/Ciudad-Deportiva-Tlaxcala-664x353.jpg 664w, https:\/\/grupohoymexico.com\/tlaxcala\/wp-content\/uploads\/sites\/4\/2026\/07\/Ciudad-Deportiva-Tlaxcala-688x366.jpg 688w, https:\/\/grupohoymexico.com\/tlaxcala\/wp-content\/uploads\/sites\/4\/2026\/07\/Ciudad-Deportiva-Tlaxcala-1044x555.jpg 1044w, https:\/\/grupohoymexico.com\/tlaxcala\/wp-content\/uploads\/sites\/4\/2026\/07\/Ciudad-Deportiva-Tlaxcala.jpg 1200w\" sizes=\"(max-width: 332px) 100vw, 332px\" \/>\t\t\t\t\t<img loading=\"lazy\" decoding=\"async\" width=\"688\" height=\"387\" src=\"https:\/\/grupohoymexico.com\/tlaxcala\/wp-content\/uploads\/sites\/4\/2026\/07\/Ciudad-Deportiva-Tlaxcala-688x387.jpg\" class=\"attachment-csco-medium size-csco-medium wp-post-image\" alt=\"Lorena Cu\u00e9llar inaugura la tercera etapa de la Ciudad Deportiva de Alto Rendimiento en Tlaxcala\" srcset=\"https:\/\/grupohoymexico.com\/tlaxcala\/wp-content\/uploads\/sites\/4\/2026\/07\/Ciudad-Deportiva-Tlaxcala-688x387.jpg 688w, https:\/\/grupohoymexico.com\/tlaxcala\/wp-content\/uploads\/sites\/4\/2026\/07\/Ciudad-Deportiva-Tlaxcala-332x186.jpg 332w, https:\/\/grupohoymexico.com\/tlaxcala\/wp-content\/uploads\/sites\/4\/2026\/07\/Ciudad-Deportiva-Tlaxcala-1044x587.jpg 1044w\" sizes=\"(max-width: 688px) 100vw, 688px\" \/>\t\t\t\t<\/div>\r\n\r\n\t\t\t\t\r\n\t\t\t\t\r\n\t\t\t\t<a href=\"https:\/\/grupohoymexico.com\/tlaxcala\/nacional\/estatal\/lorena-cuellar-inaugura-la-tercera-etapa-de-la-ciudad-deportiva-de-alto-rendimiento-en-tlaxcala\/\" class=\"cs-overlay-link\" title=\"Lorena Cu\u00e9llar inaugura la tercera etapa de la Ciudad Deportiva de Alto Rendimiento en Tlaxcala\"><\/a>\r\n\t\t\t<\/div>\r\n\t\t\r\n\t\t<div class=\"cs-entry__inner cs-entry__content\">\r\n\r\n\t\t\t<div class=\"cs-entry__post-meta\" ><div class=\"cs-meta-category\"><ul class=\"post-categories\">\n\t<li><a href=\"https:\/\/grupohoymexico.com\/tlaxcala\/category\/nacional\/estatal\/\" rel=\"category tag\">Estados<\/a><\/li><\/ul><\/div><\/div>\r\n\t\t\t<h2 class=\"cs-entry__title\"><a href=\"https:\/\/grupohoymexico.com\/tlaxcala\/nacional\/estatal\/lorena-cuellar-inaugura-la-tercera-etapa-de-la-ciudad-deportiva-de-alto-rendimiento-en-tlaxcala\/\">Lorena Cu\u00e9llar inaugura la tercera etapa de la Ciudad Deportiva de Alto Rendimiento en Tlaxcala<\/a><\/h2>\r\n\t\t\t\r\n\t\t\t<div class=\"cs-entry__post-meta\" ><div class=\"cs-meta-author\"><span class=\"cs-meta-author-by\">por<\/span><a class=\"cs-meta-author-link url fn n\" href=\"https:\/\/grupohoymexico.com\/tlaxcala\/author\/jair\/\"><span class=\"cs-meta-author-name\">jair<\/span><\/a><\/div><div class=\"cs-meta-date\">08 de julio de 2026<\/div><\/div>\t\t<\/div>\r\n\t<\/div>\r\n<\/article>\r\n\t\t\t\t\t\t\t\t<\/div>\r\n\t\t\t\t\t\t\t<\/div>\r\n\t\t\t\t\t\t<\/div>\r\n\t\t\t\t\t\t\t\t<\/section>\r\n\t\t\t\t\t\t<\/div>\n\t\t\t\t<\/div>\n\t\t\t\t<div class=\"elementor-element elementor-element-8ec5451 cs-dividerhorizontal cs-divider-laptophorizontal cs-divider-tablethorizontal cs-divider-mobilehorizontal elementor-widget elementor-widget-cs-divider\" data-id=\"8ec5451\" data-element_type=\"widget\" data-e-type=\"widget\" data-widget_type=\"cs-divider.default\">\n\t\t\t\t<div class=\"elementor-widget-container\">\n\t\t\t\t\t\t\t<section class=\"cs-divider cs-divider-horizontal\"><\/section>\r\n\t\t\t\t\t\t<\/div>\n\t\t\t\t<\/div>\n\t\t\t\t<div class=\"elementor-element elementor-element-b88703e elementor-widget elementor-widget-cs-posts\" data-id=\"b88703e\" data-element_type=\"widget\" data-e-type=\"widget\" data-widget_type=\"cs-posts.default\">\n\t\t\t\t<div class=\"elementor-widget-container\">\n\t\t\t\t\t\t\t\t<section class=\"cs-posts cs-posts__standard\">\r\n\t\t\t\t\t\t\t\t\t\t<div class=\"cs-posts-area cs-posts-area-elementor \" data-posts-area=\"\">\r\n\t\t\t\t\t\t\t<div class=\"cs-posts-area__outer\">\r\n\t\t\t\t\t\t\t\t<div\r\n\t\t\t\t\t\t\t\tclass=\"cs-posts-area__main cs-posts-area__main-divider\"\r\n\t\t\t\t\t\t\t\tdata-pc=\"1\"\r\n\t\t\t\t\t\t\t\tdata-lt=\"1\"\r\n\t\t\t\t\t\t\t\tdata-tb=\"1\"\r\n\t\t\t\t\t\t\t\tdata-mb=\"1\"\r\n\t\t\t\t\t\t\t\t>\r\n\t\t\t\t\t\t\t\t\t\r\n<article class=\"post-7589 post type-post status-publish format-standard has-post-thumbnail category-estatal tag-ciudad-administrativa tag-lorena-cuellar tag-tlaxcala tag-yauhquemehcan cs-entry cs-video-wrap\">\r\n\t<div class=\"cs-entry__outer\">\r\n\t\t\r\n\t\t<div class=\"cs-entry__inner cs-entry__content\">\r\n\r\n\t\t\t<div class=\"cs-entry__post-meta\" ><div class=\"cs-meta-category\"><ul class=\"post-categories\">\n\t<li><a href=\"https:\/\/grupohoymexico.com\/tlaxcala\/category\/nacional\/estatal\/\" rel=\"category tag\">Estados<\/a><\/li><\/ul><\/div><\/div>\r\n\t\t\t<h2 class=\"cs-entry__title\"><a href=\"https:\/\/grupohoymexico.com\/tlaxcala\/nacional\/estatal\/lorena-cuellar-supervisa-la-construccion-de-la-ciudad-administrativa-que-reunira-13-dependencias\/\">Lorena Cu\u00e9llar supervisa la construcci\u00f3n de la Ciudad Administrativa que reunir\u00e1 13 dependencias<\/a><\/h2>\r\n\t\t\t\r\n\t\t\t<div class=\"cs-entry__post-meta\" ><div class=\"cs-meta-author\"><span class=\"cs-meta-author-by\">por<\/span><a class=\"cs-meta-author-link url fn n\" href=\"https:\/\/grupohoymexico.com\/tlaxcala\/author\/jair\/\"><span class=\"cs-meta-author-name\">jair<\/span><\/a><\/div><div class=\"cs-meta-date\">07 de julio de 2026<\/div><\/div>\t\t<\/div>\r\n\t<\/div>\r\n<\/article>\r\n\r\n<article class=\"post-7560 post type-post status-publish format-standard has-post-thumbnail category-estatal tag-arte tag-artesanos tag-cultura tag-gobierno-de-tlaxcala tag-tlaxcala cs-entry cs-video-wrap\">\r\n\t<div class=\"cs-entry__outer\">\r\n\t\t\r\n\t\t<div class=\"cs-entry__inner cs-entry__content\">\r\n\r\n\t\t\t<div class=\"cs-entry__post-meta\" ><div class=\"cs-meta-category\"><ul class=\"post-categories\">\n\t<li><a href=\"https:\/\/grupohoymexico.com\/tlaxcala\/category\/nacional\/estatal\/\" rel=\"category tag\">Estados<\/a><\/li><\/ul><\/div><\/div>\r\n\t\t\t<h2 class=\"cs-entry__title\"><a href=\"https:\/\/grupohoymexico.com\/tlaxcala\/nacional\/estatal\/gobierno-de-tlaxcala-premia-a-51-artesanos-en-el-35o-concurso-estatal-de-arte-popular\/\">Gobierno de Tlaxcala premia a 51 artesanos en el 35\u00ba Concurso Estatal de Arte Popular<\/a><\/h2>\r\n\t\t\t\r\n\t\t\t<div class=\"cs-entry__post-meta\" ><div class=\"cs-meta-author\"><span class=\"cs-meta-author-by\">por<\/span><a class=\"cs-meta-author-link url fn n\" href=\"https:\/\/grupohoymexico.com\/tlaxcala\/author\/jair\/\"><span class=\"cs-meta-author-name\">jair<\/span><\/a><\/div><div class=\"cs-meta-date\">25 de junio de 2026<\/div><\/div>\t\t<\/div>\r\n\t<\/div>\r\n<\/article>\r\n\t\t\t\t\t\t\t\t<\/div>\r\n\t\t\t\t\t\t\t<\/div>\r\n\t\t\t\t\t\t<\/div>\r\n\t\t\t\t\t\t\t\t<\/section>\r\n\t\t\t\t\t\t<\/div>\n\t\t\t\t<\/div>\n\t\t\t\t<div class=\"elementor-element elementor-element-4d9ac2c elementor-widget elementor-widget-image\" data-id=\"4d9ac2c\" data-element_type=\"widget\" data-e-type=\"widget\" data-widget_type=\"image.default\">\n\t\t\t\t<div class=\"elementor-widget-container\">\n\t\t\t\t\t\t\t\t\t\t\t\t\t\t\t\t<a href=\"https:\/\/www.instagram.com\/unicorniosociallistening\/\">\n\t\t\t\t\t\t\t<img loading=\"lazy\" decoding=\"async\" width=\"1000\" height=\"1000\" src=\"https:\/\/grupohoymexico.com\/tlaxcala\/wp-content\/uploads\/sites\/4\/2026\/06\/unicornio-Banner-1-espanol.jpg-1.jpeg\" class=\"attachment-large size-large wp-image-7564\" alt=\"\" srcset=\"https:\/\/grupohoymexico.com\/tlaxcala\/wp-content\/uploads\/sites\/4\/2026\/06\/unicornio-Banner-1-espanol.jpg-1.jpeg 1000w, https:\/\/grupohoymexico.com\/tlaxcala\/wp-content\/uploads\/sites\/4\/2026\/06\/unicornio-Banner-1-espanol.jpg-1-300x300.jpeg 300w, https:\/\/grupohoymexico.com\/tlaxcala\/wp-content\/uploads\/sites\/4\/2026\/06\/unicornio-Banner-1-espanol.jpg-1-150x150.jpeg 150w, https:\/\/grupohoymexico.com\/tlaxcala\/wp-content\/uploads\/sites\/4\/2026\/06\/unicornio-Banner-1-espanol.jpg-1-768x768.jpeg 768w, https:\/\/grupohoymexico.com\/tlaxcala\/wp-content\/uploads\/sites\/4\/2026\/06\/unicornio-Banner-1-espanol.jpg-1-72x72.jpeg 72w, https:\/\/grupohoymexico.com\/tlaxcala\/wp-content\/uploads\/sites\/4\/2026\/06\/unicornio-Banner-1-espanol.jpg-1-144x144.jpeg 144w, https:\/\/grupohoymexico.com\/tlaxcala\/wp-content\/uploads\/sites\/4\/2026\/06\/unicornio-Banner-1-espanol.jpg-1-332x332.jpeg 332w, https:\/\/grupohoymexico.com\/tlaxcala\/wp-content\/uploads\/sites\/4\/2026\/06\/unicornio-Banner-1-espanol.jpg-1-664x664.jpeg 664w, https:\/\/grupohoymexico.com\/tlaxcala\/wp-content\/uploads\/sites\/4\/2026\/06\/unicornio-Banner-1-espanol.jpg-1-688x688.jpeg 688w\" sizes=\"(max-width: 1000px) 100vw, 1000px\" \/>\t\t\t\t\t\t\t\t<\/a>\n\t\t\t\t\t\t\t\t\t\t\t\t\t\t\t<\/div>\n\t\t\t\t<\/div>\n\t\t\t\t<\/div>\n\t\t\t\t<\/div>\n\t\t\t\t<div class=\"elementor-element elementor-element-21a2b47 cs-dividerhorizontal cs-divider-laptophorizontal cs-divider-tablethorizontal cs-divider-mobilehorizontal elementor-widget elementor-widget-cs-divider\" data-id=\"21a2b47\" data-element_type=\"widget\" data-e-type=\"widget\" data-widget_type=\"cs-divider.default\">\n\t\t\t\t<div class=\"elementor-widget-container\">\n\t\t\t\t\t\t\t<section class=\"cs-divider cs-divider-horizontal\"><\/section>\r\n\t\t\t\t\t\t<\/div>\n\t\t\t\t<\/div>\n\t\t\t\t\t<\/div>\n\t\t\t\t<\/div>\n\t\t<div class=\"elementor-element elementor-element-f79cada e-flex e-con-boxed e-con e-parent\" data-id=\"f79cada\" data-element_type=\"container\" data-e-type=\"container\">\n\t\t\t\t\t<div class=\"e-con-inner\">\n\t\t\t\t<div class=\"elementor-element elementor-element-343c9ba elementor-widget elementor-widget-cs-subscribe\" data-id=\"343c9ba\" data-element_type=\"widget\" data-e-type=\"widget\" data-widget_type=\"cs-subscribe.default\">\n\t\t\t\t<div class=\"elementor-widget-container\">\n\t\t\t\t\t\r\n\t\t<section class=\"cs-subscribe-elementor cs-subscribe-elementor-type-1\">\r\n\r\n\t\t\t<div class=\"cs-subscribe__content\">\r\n\t\t\t\t\t\t\t\t\t<div class=\"cs-subscribe__header\">\r\n\t\t\t\t\t\t<h2 class=\"cs-subscribe__heading\">\r\n\t\t\t\t\t\t\tMant\u00e9ngase al d\u00eda con las noticias m\u00e1s importantes\t\t\t\t\t\t<\/h2>\r\n\t\t\t\t\t<\/div>\r\n\t\t\t\t\r\n\t\t\t\t\t\t\t\t\t<form class=\"cs-subscribe__form\" action=\"https:\/\/codesupply.us13.list-manage.com\/subscribe\/post?u=41845cb8908fb4302a4df512f&amp;id=b5a5e9c757\" method=\"post\" name=\"mc-embedded-subscribe-form-el\" class=\"validate\" target=\"_blank\" novalidate=\"novalidate\">\r\n\t\t\t\t\t\t<div class=\"cs-subscribe__form-group\" data-scheme=\"light\">\r\n\t\t\t\t\t\t\t<input type=\"email\" placeholder=\"E-mail\" name=\"EMAIL\">\r\n\t\t\t\t\t\t\t<button type=\"submit\" value=\"Subscribe\" name=\"subscribe\">Subscribe<\/button>\r\n\t\t\t\t\t\t<\/div>\r\n\r\n\t\t\t\t\t\t<div class=\"cs-subscribe__form-response clear\" id=\"mce-responses\">\r\n\t\t\t\t\t\t\t<div class=\"response\" id=\"mce-error-response\" style=\"display:none\"><\/div>\r\n\t\t\t\t\t\t\t<div class=\"response\" id=\"mce-success-response\" style=\"display:none\"><\/div>\r\n\t\t\t\t\t\t<\/div>\r\n\r\n\t\t\t\t\t\t\t\t\t\t\t\t\t<div class=\"cs-subscribe__description\">\r\n\t\t\t\t\t\t\t\tAl presionar el bot\u00f3n Suscribirse, confirma que ha le\u00eddo y acepta nuestra <a href=\"#\">Pol\u00edtica de privacidad<\/a> y <a href=\"#\">T\u00e9rminos de uso<\/a>.\t\t\t\t\t\t\t<\/div>\r\n\t\t\t\t\t\t\t\t\t\t\t<\/form>\r\n\t\t\t\t\t\t\t<\/div>\r\n\r\n\t\t\t\r\n\t\t<\/section>\r\n\r\n\t\t\t\t\t\t<\/div>\n\t\t\t\t<\/div>\n\t\t\t\t\t<\/div>\n\t\t\t\t<\/div>\n\t\t<div class=\"elementor-element elementor-element-b169254 e-flex e-con-boxed e-con e-parent\" data-id=\"b169254\" data-element_type=\"container\" data-e-type=\"container\">\n\t\t\t\t\t<div class=\"e-con-inner\">\n\t\t\t\t<div class=\"elementor-element elementor-element-cee13a9 elementor-widget elementor-widget-cs-heading\" data-id=\"cee13a9\" data-element_type=\"widget\" data-e-type=\"widget\" data-widget_type=\"cs-heading.default\">\n\t\t\t\t<div class=\"elementor-widget-container\">\n\t\t\t\t\t\t\t\t\t\t<section class=\"cs-heading\">\r\n\t\t\t\t<div class=\"cs-heading__container \">\r\n\t\t\t\t\t<h2 class=\"cs-heading__content\">\r\n\t\t\t\t\t\tNacional - Internacional - Columnas\t\t\t\t\t<\/h2>\r\n\r\n\t\t\t\t\t\t\t\t\t<\/div>\r\n\t\t\t<\/section>\r\n\t\t\t\t\t\t\t\t<\/div>\n\t\t\t\t<\/div>\n\t\t<div class=\"elementor-element elementor-element-af070fa e-con-full e-flex e-con e-child\" data-id=\"af070fa\" data-element_type=\"container\" data-e-type=\"container\">\n\t\t<div class=\"elementor-element elementor-element-e524cad e-con-full e-flex e-con e-child\" data-id=\"e524cad\" data-element_type=\"container\" data-e-type=\"container\">\n\t\t\t\t<div class=\"elementor-element elementor-element-8edeedf elementor-widget elementor-widget-cs-posts\" data-id=\"8edeedf\" data-element_type=\"widget\" data-e-type=\"widget\" data-widget_type=\"cs-posts.default\">\n\t\t\t\t<div class=\"elementor-widget-container\">\n\t\t\t\t\t\t\t\t<section class=\"cs-posts cs-posts__standard\">\r\n\t\t\t\t\t\t\t\t\t\t<div class=\"cs-posts-area cs-posts-area-elementor \" data-posts-area=\"\">\r\n\t\t\t\t\t\t\t<div class=\"cs-posts-area__outer\">\r\n\t\t\t\t\t\t\t\t<div\r\n\t\t\t\t\t\t\t\tclass=\"cs-posts-area__main cs-posts-area__main-divider\"\r\n\t\t\t\t\t\t\t\tdata-pc=\"1\"\r\n\t\t\t\t\t\t\t\tdata-lt=\"1\"\r\n\t\t\t\t\t\t\t\tdata-tb=\"1\"\r\n\t\t\t\t\t\t\t\tdata-mb=\"1\"\r\n\t\t\t\t\t\t\t\t>\r\n\t\t\t\t\t\t\t\t\t\r\n<article class=\"post-7717 post type-post status-publish format-standard has-post-thumbnail category-seguridad tag-buses tag-dia-mundial-del-sida tag-entertainment tag-happiness cs-entry cs-video-wrap\">\r\n\t<div class=\"cs-entry__outer\">\r\n\t\t\t\t\t<div class=\"cs-entry__inner cs-entry__overlay cs-entry__thumbnail cs-overlay-ratio cs-ratio-landscape-16-9\">\r\n\r\n\t\t\t\t<div class=\"cs-overlay-background\">\r\n\t\t\t\t\t<img loading=\"lazy\" decoding=\"async\" width=\"332\" height=\"242\" src=\"https:\/\/grupohoymexico.com\/tlaxcala\/wp-content\/uploads\/sites\/4\/2026\/08\/imgregen-ai-7717-1787185102-332x242.jpg\" class=\"attachment-csco-thumbnail-uncropped size-csco-thumbnail-uncropped wp-post-image\" alt=\"\" srcset=\"https:\/\/grupohoymexico.com\/tlaxcala\/wp-content\/uploads\/sites\/4\/2026\/08\/imgregen-ai-7717-1787185102-332x242.jpg 332w, https:\/\/grupohoymexico.com\/tlaxcala\/wp-content\/uploads\/sites\/4\/2026\/08\/imgregen-ai-7717-1787185102-300x219.jpg 300w, https:\/\/grupohoymexico.com\/tlaxcala\/wp-content\/uploads\/sites\/4\/2026\/08\/imgregen-ai-7717-1787185102-768x560.jpg 768w, https:\/\/grupohoymexico.com\/tlaxcala\/wp-content\/uploads\/sites\/4\/2026\/08\/imgregen-ai-7717-1787185102-664x484.jpg 664w, https:\/\/grupohoymexico.com\/tlaxcala\/wp-content\/uploads\/sites\/4\/2026\/08\/imgregen-ai-7717-1787185102-688x501.jpg 688w, https:\/\/grupohoymexico.com\/tlaxcala\/wp-content\/uploads\/sites\/4\/2026\/08\/imgregen-ai-7717-1787185102.jpg 943w\" sizes=\"(max-width: 332px) 100vw, 332px\" \/>\t\t\t\t\t<img loading=\"lazy\" decoding=\"async\" width=\"688\" height=\"387\" src=\"https:\/\/grupohoymexico.com\/tlaxcala\/wp-content\/uploads\/sites\/4\/2026\/08\/imgregen-ai-7717-1787185102-688x387.jpg\" class=\"attachment-csco-medium size-csco-medium wp-post-image\" alt=\"\" srcset=\"https:\/\/grupohoymexico.com\/tlaxcala\/wp-content\/uploads\/sites\/4\/2026\/08\/imgregen-ai-7717-1787185102-688x387.jpg 688w, https:\/\/grupohoymexico.com\/tlaxcala\/wp-content\/uploads\/sites\/4\/2026\/08\/imgregen-ai-7717-1787185102-332x186.jpg 332w\" sizes=\"(max-width: 688px) 100vw, 688px\" \/>\t\t\t\t<\/div>\r\n\r\n\t\t\t\t\r\n\t\t\t\t\r\n\t\t\t\t<a href=\"https:\/\/grupohoymexico.com\/tlaxcala\/nacional\/seguridad\/ddeser-inicia-diagnostico-contra-trata-en-20-municipios-de-tlaxcala\/\" class=\"cs-overlay-link\" title=\"Ddeser inicia diagn\u00f3stico contra trata en 20 municipios de Tlaxcala\"><\/a>\r\n\t\t\t<\/div>\r\n\t\t\r\n\t\t<div class=\"cs-entry__inner cs-entry__content\">\r\n\r\n\t\t\t<div class=\"cs-entry__post-meta\" ><div class=\"cs-meta-category\"><ul class=\"post-categories\">\n\t<li><a href=\"https:\/\/grupohoymexico.com\/tlaxcala\/category\/nacional\/seguridad\/\" rel=\"category tag\">Seguridad<\/a><\/li><\/ul><\/div><\/div>\r\n\t\t\t<h2 class=\"cs-entry__title\"><a href=\"https:\/\/grupohoymexico.com\/tlaxcala\/nacional\/seguridad\/ddeser-inicia-diagnostico-contra-trata-en-20-municipios-de-tlaxcala\/\">Ddeser inicia diagn\u00f3stico contra trata en 20 municipios de Tlaxcala<\/a><\/h2>\r\n\t\t\t\r\n\t\t\t<div class=\"cs-entry__post-meta\" ><div class=\"cs-meta-author\"><span class=\"cs-meta-author-by\">por<\/span><a class=\"cs-meta-author-link url fn n\" href=\"https:\/\/grupohoymexico.com\/tlaxcala\/author\/user\/\"><span class=\"cs-meta-author-name\">Grupo Hoy<\/span><\/a><\/div><div class=\"cs-meta-date\">19 de agosto de 2026<\/div><\/div>\t\t<\/div>\r\n\t<\/div>\r\n<\/article>\r\n\t\t\t\t\t\t\t\t<\/div>\r\n\t\t\t\t\t\t\t<\/div>\r\n\t\t\t\t\t\t<\/div>\r\n\t\t\t\t\t\t\t\t<\/section>\r\n\t\t\t\t\t\t<\/div>\n\t\t\t\t<\/div>\n\t\t\t\t<div class=\"elementor-element elementor-element-bb99954 cs-dividerhorizontal cs-divider-laptophorizontal cs-divider-tablethorizontal cs-divider-mobilehorizontal elementor-widget elementor-widget-cs-divider\" data-id=\"bb99954\" data-element_type=\"widget\" data-e-type=\"widget\" data-widget_type=\"cs-divider.default\">\n\t\t\t\t<div class=\"elementor-widget-container\">\n\t\t\t\t\t\t\t<section class=\"cs-divider cs-divider-horizontal\"><\/section>\r\n\t\t\t\t\t\t<\/div>\n\t\t\t\t<\/div>\n\t\t\t\t<div class=\"elementor-element elementor-element-49a0037 elementor-widget elementor-widget-cs-posts\" data-id=\"49a0037\" data-element_type=\"widget\" data-e-type=\"widget\" data-widget_type=\"cs-posts.default\">\n\t\t\t\t<div class=\"elementor-widget-container\">\n\t\t\t\t\t\t\t\t<section class=\"cs-posts cs-posts__horizontal\">\r\n\t\t\t\t\t\t\t\t\t\t<div class=\"cs-posts-area cs-posts-area-elementor \" data-posts-area=\"\">\r\n\t\t\t\t\t\t\t<div class=\"cs-posts-area__outer\">\r\n\t\t\t\t\t\t\t\t<div\r\n\t\t\t\t\t\t\t\tclass=\"cs-posts-area__main cs-posts-area__main-divider\"\r\n\t\t\t\t\t\t\t\tdata-pc=\"1\"\r\n\t\t\t\t\t\t\t\tdata-lt=\"1\"\r\n\t\t\t\t\t\t\t\tdata-tb=\"1\"\r\n\t\t\t\t\t\t\t\tdata-mb=\"1\"\r\n\t\t\t\t\t\t\t\t>\r\n\t\t\t\t\t\t\t\t\t\r\n<article class=\"post-7755 post type-post status-publish format-standard has-post-thumbnail category-nacional tag-lorena-cuellar tag-medio-ambiente tag-reforestacion tag-sembrando-vida tag-tlaxcala cs-entry cs-video-wrap\">\r\n\t<div class=\"cs-entry__outer cs-entry__outer-small cs-entry__outer-thumbnail-left\">\r\n\t\t\t\t\t<div class=\"cs-entry__inner cs-entry__overlay cs-entry__thumbnail cs-overlay-ratio cs-ratio-square\">\r\n\r\n\t\t\t\t<div class=\"cs-overlay-background\">\r\n\t\t\t\t\t<img loading=\"lazy\" decoding=\"async\" width=\"332\" height=\"177\" src=\"https:\/\/grupohoymexico.com\/tlaxcala\/wp-content\/uploads\/sites\/4\/2026\/08\/imgregen-ai-7755-1786634806-332x177.jpg\" class=\"attachment-csco-thumbnail-uncropped size-csco-thumbnail-uncropped wp-post-image\" alt=\"\" srcset=\"https:\/\/grupohoymexico.com\/tlaxcala\/wp-content\/uploads\/sites\/4\/2026\/08\/imgregen-ai-7755-1786634806-332x177.jpg 332w, https:\/\/grupohoymexico.com\/tlaxcala\/wp-content\/uploads\/sites\/4\/2026\/08\/imgregen-ai-7755-1786634806-300x160.jpg 300w, https:\/\/grupohoymexico.com\/tlaxcala\/wp-content\/uploads\/sites\/4\/2026\/08\/imgregen-ai-7755-1786634806-1024x544.jpg 1024w, https:\/\/grupohoymexico.com\/tlaxcala\/wp-content\/uploads\/sites\/4\/2026\/08\/imgregen-ai-7755-1786634806-768x408.jpg 768w, https:\/\/grupohoymexico.com\/tlaxcala\/wp-content\/uploads\/sites\/4\/2026\/08\/imgregen-ai-7755-1786634806-664x353.jpg 664w, https:\/\/grupohoymexico.com\/tlaxcala\/wp-content\/uploads\/sites\/4\/2026\/08\/imgregen-ai-7755-1786634806-688x366.jpg 688w, https:\/\/grupohoymexico.com\/tlaxcala\/wp-content\/uploads\/sites\/4\/2026\/08\/imgregen-ai-7755-1786634806-1044x555.jpg 1044w, https:\/\/grupohoymexico.com\/tlaxcala\/wp-content\/uploads\/sites\/4\/2026\/08\/imgregen-ai-7755-1786634806.jpg 1200w\" sizes=\"(max-width: 332px) 100vw, 332px\" \/>\t\t\t\t\t<img loading=\"lazy\" decoding=\"async\" width=\"688\" height=\"366\" src=\"https:\/\/grupohoymexico.com\/tlaxcala\/wp-content\/uploads\/sites\/4\/2026\/08\/imgregen-ai-7755-1786634806-688x366.jpg\" class=\"attachment-csco-medium-uncropped size-csco-medium-uncropped wp-post-image\" alt=\"\" srcset=\"https:\/\/grupohoymexico.com\/tlaxcala\/wp-content\/uploads\/sites\/4\/2026\/08\/imgregen-ai-7755-1786634806-688x366.jpg 688w, https:\/\/grupohoymexico.com\/tlaxcala\/wp-content\/uploads\/sites\/4\/2026\/08\/imgregen-ai-7755-1786634806-300x160.jpg 300w, https:\/\/grupohoymexico.com\/tlaxcala\/wp-content\/uploads\/sites\/4\/2026\/08\/imgregen-ai-7755-1786634806-1024x544.jpg 1024w, https:\/\/grupohoymexico.com\/tlaxcala\/wp-content\/uploads\/sites\/4\/2026\/08\/imgregen-ai-7755-1786634806-768x408.jpg 768w, https:\/\/grupohoymexico.com\/tlaxcala\/wp-content\/uploads\/sites\/4\/2026\/08\/imgregen-ai-7755-1786634806-332x177.jpg 332w, https:\/\/grupohoymexico.com\/tlaxcala\/wp-content\/uploads\/sites\/4\/2026\/08\/imgregen-ai-7755-1786634806-664x353.jpg 664w, https:\/\/grupohoymexico.com\/tlaxcala\/wp-content\/uploads\/sites\/4\/2026\/08\/imgregen-ai-7755-1786634806-1044x555.jpg 1044w, https:\/\/grupohoymexico.com\/tlaxcala\/wp-content\/uploads\/sites\/4\/2026\/08\/imgregen-ai-7755-1786634806.jpg 1200w\" sizes=\"(max-width: 688px) 100vw, 688px\" \/>\t\t\t\t<\/div>\r\n\r\n\t\t\t\t\r\n\t\t\t\t\r\n\t\t\t\t<a href=\"https:\/\/grupohoymexico.com\/tlaxcala\/nacional\/lorena-cuellar-lidera-jornada-de-reforestacion-tlaxcala-planta-mas-de-80-mil-arboles\/\" class=\"cs-overlay-link\" title=\"Lorena Cu\u00e9llar lidera jornada de reforestaci\u00f3n; Tlaxcala planta m\u00e1s de 80 mil \u00e1rboles\"><\/a>\r\n\t\t\t<\/div>\r\n\t\t\r\n\t\t<div class=\"cs-entry__inner cs-entry__content cs-entry__content-horizontal\">\r\n\t\t\t<div class=\"cs-entry__post-meta\" ><div class=\"cs-meta-category\"><ul class=\"post-categories\">\n\t<li><a href=\"https:\/\/grupohoymexico.com\/tlaxcala\/category\/nacional\/\" rel=\"category tag\">Nacional<\/a><\/li><\/ul><\/div><\/div>\r\n\t\t\t<h2 class=\"cs-entry__title\"><a href=\"https:\/\/grupohoymexico.com\/tlaxcala\/nacional\/lorena-cuellar-lidera-jornada-de-reforestacion-tlaxcala-planta-mas-de-80-mil-arboles\/\">Lorena Cu\u00e9llar lidera jornada de reforestaci\u00f3n; Tlaxcala planta m\u00e1s de 80 mil \u00e1rboles<\/a><\/h2>\r\n\t\t\t\r\n\t\t\t<div class=\"cs-entry__post-meta\" ><div class=\"cs-meta-author\"><span class=\"cs-meta-author-by\">por<\/span><a class=\"cs-meta-author-link url fn n\" href=\"https:\/\/grupohoymexico.com\/tlaxcala\/author\/jair\/\"><span class=\"cs-meta-author-name\">jair<\/span><\/a><\/div><\/div>\t\t<\/div>\r\n\t<\/div>\r\n<\/article>\r\n\r\n<article class=\"post-7744 post type-post status-publish format-standard has-post-thumbnail category-nacional cs-entry cs-video-wrap\">\r\n\t<div class=\"cs-entry__outer cs-entry__outer-small cs-entry__outer-thumbnail-left\">\r\n\t\t\t\t\t<div class=\"cs-entry__inner cs-entry__overlay cs-entry__thumbnail cs-overlay-ratio cs-ratio-square\">\r\n\r\n\t\t\t\t<div class=\"cs-overlay-background\">\r\n\t\t\t\t\t<img loading=\"lazy\" decoding=\"async\" width=\"332\" height=\"186\" src=\"https:\/\/grupohoymexico.com\/tlaxcala\/wp-content\/uploads\/sites\/4\/2026\/08\/imgregen-ai-7744-1786634812-332x186.jpg\" class=\"attachment-csco-thumbnail-uncropped size-csco-thumbnail-uncropped wp-post-image\" alt=\"\" srcset=\"https:\/\/grupohoymexico.com\/tlaxcala\/wp-content\/uploads\/sites\/4\/2026\/08\/imgregen-ai-7744-1786634812-332x186.jpg 332w, https:\/\/grupohoymexico.com\/tlaxcala\/wp-content\/uploads\/sites\/4\/2026\/08\/imgregen-ai-7744-1786634812-300x169.jpg 300w, https:\/\/grupohoymexico.com\/tlaxcala\/wp-content\/uploads\/sites\/4\/2026\/08\/imgregen-ai-7744-1786634812-1024x575.jpg 1024w, https:\/\/grupohoymexico.com\/tlaxcala\/wp-content\/uploads\/sites\/4\/2026\/08\/imgregen-ai-7744-1786634812-768x431.jpg 768w, https:\/\/grupohoymexico.com\/tlaxcala\/wp-content\/uploads\/sites\/4\/2026\/08\/imgregen-ai-7744-1786634812-664x373.jpg 664w, https:\/\/grupohoymexico.com\/tlaxcala\/wp-content\/uploads\/sites\/4\/2026\/08\/imgregen-ai-7744-1786634812-688x386.jpg 688w, https:\/\/grupohoymexico.com\/tlaxcala\/wp-content\/uploads\/sites\/4\/2026\/08\/imgregen-ai-7744-1786634812-1044x586.jpg 1044w, https:\/\/grupohoymexico.com\/tlaxcala\/wp-content\/uploads\/sites\/4\/2026\/08\/imgregen-ai-7744-1786634812.jpg 1200w\" sizes=\"(max-width: 332px) 100vw, 332px\" \/>\t\t\t\t\t<img loading=\"lazy\" decoding=\"async\" width=\"688\" height=\"386\" src=\"https:\/\/grupohoymexico.com\/tlaxcala\/wp-content\/uploads\/sites\/4\/2026\/08\/imgregen-ai-7744-1786634812-688x386.jpg\" class=\"attachment-csco-medium-uncropped size-csco-medium-uncropped wp-post-image\" alt=\"\" srcset=\"https:\/\/grupohoymexico.com\/tlaxcala\/wp-content\/uploads\/sites\/4\/2026\/08\/imgregen-ai-7744-1786634812-688x386.jpg 688w, https:\/\/grupohoymexico.com\/tlaxcala\/wp-content\/uploads\/sites\/4\/2026\/08\/imgregen-ai-7744-1786634812-300x169.jpg 300w, https:\/\/grupohoymexico.com\/tlaxcala\/wp-content\/uploads\/sites\/4\/2026\/08\/imgregen-ai-7744-1786634812-1024x575.jpg 1024w, https:\/\/grupohoymexico.com\/tlaxcala\/wp-content\/uploads\/sites\/4\/2026\/08\/imgregen-ai-7744-1786634812-768x431.jpg 768w, https:\/\/grupohoymexico.com\/tlaxcala\/wp-content\/uploads\/sites\/4\/2026\/08\/imgregen-ai-7744-1786634812-332x186.jpg 332w, https:\/\/grupohoymexico.com\/tlaxcala\/wp-content\/uploads\/sites\/4\/2026\/08\/imgregen-ai-7744-1786634812-664x373.jpg 664w, https:\/\/grupohoymexico.com\/tlaxcala\/wp-content\/uploads\/sites\/4\/2026\/08\/imgregen-ai-7744-1786634812-1044x586.jpg 1044w, https:\/\/grupohoymexico.com\/tlaxcala\/wp-content\/uploads\/sites\/4\/2026\/08\/imgregen-ai-7744-1786634812.jpg 1200w\" sizes=\"(max-width: 688px) 100vw, 688px\" \/>\t\t\t\t<\/div>\r\n\r\n\t\t\t\t\r\n\t\t\t\t\r\n\t\t\t\t<a href=\"https:\/\/grupohoymexico.com\/tlaxcala\/nacional\/multas-funcionarios-transparencia-tlaxcala\/\" class=\"cs-overlay-link\" title=\"Gobierno de Tlaxcala avisa: quien no cumpla con transparencia, pagar\u00e1 multa de su bolsa\"><\/a>\r\n\t\t\t<\/div>\r\n\t\t\r\n\t\t<div class=\"cs-entry__inner cs-entry__content cs-entry__content-horizontal\">\r\n\t\t\t<div class=\"cs-entry__post-meta\" ><div class=\"cs-meta-category\"><ul class=\"post-categories\">\n\t<li><a href=\"https:\/\/grupohoymexico.com\/tlaxcala\/category\/nacional\/\" rel=\"category tag\">Nacional<\/a><\/li><\/ul><\/div><\/div>\r\n\t\t\t<h2 class=\"cs-entry__title\"><a href=\"https:\/\/grupohoymexico.com\/tlaxcala\/nacional\/multas-funcionarios-transparencia-tlaxcala\/\">Gobierno de Tlaxcala avisa: quien no cumpla con transparencia, pagar\u00e1 multa de su bolsa<\/a><\/h2>\r\n\t\t\t\r\n\t\t\t<div class=\"cs-entry__post-meta\" ><div class=\"cs-meta-author\"><span class=\"cs-meta-author-by\">por<\/span><a class=\"cs-meta-author-link url fn n\" href=\"https:\/\/grupohoymexico.com\/tlaxcala\/author\/user\/\"><span class=\"cs-meta-author-name\">Grupo Hoy<\/span><\/a><\/div><\/div>\t\t<\/div>\r\n\t<\/div>\r\n<\/article>\r\n\r\n<article class=\"post-7669 post type-post status-publish format-standard has-post-thumbnail category-nacional tag-buses tag-dia-mundial-del-sida tag-entertainment tag-happiness cs-entry cs-video-wrap\">\r\n\t<div class=\"cs-entry__outer cs-entry__outer-small cs-entry__outer-thumbnail-left\">\r\n\t\t\t\t\t<div class=\"cs-entry__inner cs-entry__overlay cs-entry__thumbnail cs-overlay-ratio cs-ratio-square\">\r\n\r\n\t\t\t\t<div class=\"cs-overlay-background\">\r\n\t\t\t\t\t<img loading=\"lazy\" decoding=\"async\" width=\"332\" height=\"187\" src=\"https:\/\/grupohoymexico.com\/tlaxcala\/wp-content\/uploads\/sites\/4\/2026\/08\/movimiento-60-comite-tepetitla-participacion.jpg\" class=\"attachment-csco-thumbnail-uncropped size-csco-thumbnail-uncropped wp-post-image\" alt=\"\" srcset=\"https:\/\/grupohoymexico.com\/tlaxcala\/wp-content\/uploads\/sites\/4\/2026\/08\/movimiento-60-comite-tepetitla-participacion.jpg 1200w, https:\/\/grupohoymexico.com\/tlaxcala\/wp-content\/uploads\/sites\/4\/2026\/08\/movimiento-60-comite-tepetitla-participacion-300x169.jpg 300w, https:\/\/grupohoymexico.com\/tlaxcala\/wp-content\/uploads\/sites\/4\/2026\/08\/movimiento-60-comite-tepetitla-participacion-1024x576.jpg 1024w, https:\/\/grupohoymexico.com\/tlaxcala\/wp-content\/uploads\/sites\/4\/2026\/08\/movimiento-60-comite-tepetitla-participacion-768x432.jpg 768w\" sizes=\"(max-width: 332px) 100vw, 332px\" \/>\t\t\t\t\t<img loading=\"lazy\" decoding=\"async\" width=\"688\" height=\"387\" src=\"https:\/\/grupohoymexico.com\/tlaxcala\/wp-content\/uploads\/sites\/4\/2026\/08\/movimiento-60-comite-tepetitla-participacion.jpg\" class=\"attachment-csco-medium-uncropped size-csco-medium-uncropped wp-post-image\" alt=\"\" srcset=\"https:\/\/grupohoymexico.com\/tlaxcala\/wp-content\/uploads\/sites\/4\/2026\/08\/movimiento-60-comite-tepetitla-participacion.jpg 1200w, https:\/\/grupohoymexico.com\/tlaxcala\/wp-content\/uploads\/sites\/4\/2026\/08\/movimiento-60-comite-tepetitla-participacion-300x169.jpg 300w, https:\/\/grupohoymexico.com\/tlaxcala\/wp-content\/uploads\/sites\/4\/2026\/08\/movimiento-60-comite-tepetitla-participacion-1024x576.jpg 1024w, https:\/\/grupohoymexico.com\/tlaxcala\/wp-content\/uploads\/sites\/4\/2026\/08\/movimiento-60-comite-tepetitla-participacion-768x432.jpg 768w\" sizes=\"(max-width: 688px) 100vw, 688px\" \/>\t\t\t\t<\/div>\r\n\r\n\t\t\t\t\r\n\t\t\t\t\r\n\t\t\t\t<a href=\"https:\/\/grupohoymexico.com\/tlaxcala\/nacional\/movimiento-60-comite-tepetitla-participacion\/\" class=\"cs-overlay-link\" title=\"Movimiento 60 instala comit\u00e9 en Tepetitla: llaman a j\u00f3venes y mujeres a sumarse\"><\/a>\r\n\t\t\t<\/div>\r\n\t\t\r\n\t\t<div class=\"cs-entry__inner cs-entry__content cs-entry__content-horizontal\">\r\n\t\t\t<div class=\"cs-entry__post-meta\" ><div class=\"cs-meta-category\"><ul class=\"post-categories\">\n\t<li><a href=\"https:\/\/grupohoymexico.com\/tlaxcala\/category\/nacional\/\" rel=\"category tag\">Nacional<\/a><\/li><\/ul><\/div><\/div>\r\n\t\t\t<h2 class=\"cs-entry__title\"><a href=\"https:\/\/grupohoymexico.com\/tlaxcala\/nacional\/movimiento-60-comite-tepetitla-participacion\/\">Movimiento 60 instala comit\u00e9 en Tepetitla: llaman a j\u00f3venes y mujeres a sumarse<\/a><\/h2>\r\n\t\t\t\r\n\t\t\t<div class=\"cs-entry__post-meta\" ><div class=\"cs-meta-author\"><span class=\"cs-meta-author-by\">por<\/span><a class=\"cs-meta-author-link url fn n\" href=\"https:\/\/grupohoymexico.com\/tlaxcala\/author\/user\/\"><span class=\"cs-meta-author-name\">Grupo Hoy<\/span><\/a><\/div><\/div>\t\t<\/div>\r\n\t<\/div>\r\n<\/article>\r\n\r\n<article class=\"post-7640 post type-post status-publish format-standard has-post-thumbnail category-nacional tag-cfe tag-electrificacion-tlaxcala tag-infraestructura-electrica tag-inversion-energetica tag-lorena-cuellar cs-entry cs-video-wrap\">\r\n\t<div class=\"cs-entry__outer cs-entry__outer-small cs-entry__outer-thumbnail-left\">\r\n\t\t\t\t\t<div class=\"cs-entry__inner cs-entry__overlay cs-entry__thumbnail cs-overlay-ratio cs-ratio-square\">\r\n\r\n\t\t\t\t<div class=\"cs-overlay-background\">\r\n\t\t\t\t\t<img loading=\"lazy\" decoding=\"async\" width=\"332\" height=\"187\" src=\"https:\/\/grupohoymexico.com\/tlaxcala\/wp-content\/uploads\/sites\/4\/2026\/08\/imgregen-ai-7640-1786634848-332x187.jpg\" class=\"attachment-csco-thumbnail-uncropped size-csco-thumbnail-uncropped wp-post-image\" alt=\"\" srcset=\"https:\/\/grupohoymexico.com\/tlaxcala\/wp-content\/uploads\/sites\/4\/2026\/08\/imgregen-ai-7640-1786634848-332x187.jpg 332w, https:\/\/grupohoymexico.com\/tlaxcala\/wp-content\/uploads\/sites\/4\/2026\/08\/imgregen-ai-7640-1786634848-300x169.jpg 300w, https:\/\/grupohoymexico.com\/tlaxcala\/wp-content\/uploads\/sites\/4\/2026\/08\/imgregen-ai-7640-1786634848-1024x576.jpg 1024w, https:\/\/grupohoymexico.com\/tlaxcala\/wp-content\/uploads\/sites\/4\/2026\/08\/imgregen-ai-7640-1786634848-768x432.jpg 768w, https:\/\/grupohoymexico.com\/tlaxcala\/wp-content\/uploads\/sites\/4\/2026\/08\/imgregen-ai-7640-1786634848-664x374.jpg 664w, https:\/\/grupohoymexico.com\/tlaxcala\/wp-content\/uploads\/sites\/4\/2026\/08\/imgregen-ai-7640-1786634848-688x387.jpg 688w, https:\/\/grupohoymexico.com\/tlaxcala\/wp-content\/uploads\/sites\/4\/2026\/08\/imgregen-ai-7640-1786634848-1044x587.jpg 1044w, https:\/\/grupohoymexico.com\/tlaxcala\/wp-content\/uploads\/sites\/4\/2026\/08\/imgregen-ai-7640-1786634848.jpg 1200w\" sizes=\"(max-width: 332px) 100vw, 332px\" \/>\t\t\t\t\t<img loading=\"lazy\" decoding=\"async\" width=\"688\" height=\"387\" src=\"https:\/\/grupohoymexico.com\/tlaxcala\/wp-content\/uploads\/sites\/4\/2026\/08\/imgregen-ai-7640-1786634848-688x387.jpg\" class=\"attachment-csco-medium-uncropped size-csco-medium-uncropped wp-post-image\" alt=\"\" srcset=\"https:\/\/grupohoymexico.com\/tlaxcala\/wp-content\/uploads\/sites\/4\/2026\/08\/imgregen-ai-7640-1786634848-688x387.jpg 688w, https:\/\/grupohoymexico.com\/tlaxcala\/wp-content\/uploads\/sites\/4\/2026\/08\/imgregen-ai-7640-1786634848-300x169.jpg 300w, https:\/\/grupohoymexico.com\/tlaxcala\/wp-content\/uploads\/sites\/4\/2026\/08\/imgregen-ai-7640-1786634848-1024x576.jpg 1024w, https:\/\/grupohoymexico.com\/tlaxcala\/wp-content\/uploads\/sites\/4\/2026\/08\/imgregen-ai-7640-1786634848-768x432.jpg 768w, https:\/\/grupohoymexico.com\/tlaxcala\/wp-content\/uploads\/sites\/4\/2026\/08\/imgregen-ai-7640-1786634848-332x187.jpg 332w, https:\/\/grupohoymexico.com\/tlaxcala\/wp-content\/uploads\/sites\/4\/2026\/08\/imgregen-ai-7640-1786634848-664x374.jpg 664w, https:\/\/grupohoymexico.com\/tlaxcala\/wp-content\/uploads\/sites\/4\/2026\/08\/imgregen-ai-7640-1786634848-1044x587.jpg 1044w, https:\/\/grupohoymexico.com\/tlaxcala\/wp-content\/uploads\/sites\/4\/2026\/08\/imgregen-ai-7640-1786634848.jpg 1200w\" sizes=\"(max-width: 688px) 100vw, 688px\" \/>\t\t\t\t<\/div>\r\n\r\n\t\t\t\t\r\n\t\t\t\t\r\n\t\t\t\t<a href=\"https:\/\/grupohoymexico.com\/tlaxcala\/nacional\/tlaxcala-primer-lugar-electrificacion-viviendas\/\" class=\"cs-overlay-link\" title=\"Tlaxcala, primer lugar nacional en electrificaci\u00f3n: inversi\u00f3n r\u00e9cord de mil 146 mdp\"><\/a>\r\n\t\t\t<\/div>\r\n\t\t\r\n\t\t<div class=\"cs-entry__inner cs-entry__content cs-entry__content-horizontal\">\r\n\t\t\t<div class=\"cs-entry__post-meta\" ><div class=\"cs-meta-category\"><ul class=\"post-categories\">\n\t<li><a href=\"https:\/\/grupohoymexico.com\/tlaxcala\/category\/nacional\/\" rel=\"category tag\">Nacional<\/a><\/li><\/ul><\/div><\/div>\r\n\t\t\t<h2 class=\"cs-entry__title\"><a href=\"https:\/\/grupohoymexico.com\/tlaxcala\/nacional\/tlaxcala-primer-lugar-electrificacion-viviendas\/\">Tlaxcala, primer lugar nacional en electrificaci\u00f3n: inversi\u00f3n r\u00e9cord de mil 146 mdp<\/a><\/h2>\r\n\t\t\t\r\n\t\t\t<div class=\"cs-entry__post-meta\" ><div class=\"cs-meta-author\"><span class=\"cs-meta-author-by\">por<\/span><a class=\"cs-meta-author-link url fn n\" href=\"https:\/\/grupohoymexico.com\/tlaxcala\/author\/user\/\"><span class=\"cs-meta-author-name\">Grupo Hoy<\/span><\/a><\/div><\/div>\t\t<\/div>\r\n\t<\/div>\r\n<\/article>\r\n\t\t\t\t\t\t\t\t<\/div>\r\n\t\t\t\t\t\t\t<\/div>\r\n\t\t\t\t\t\t<\/div>\r\n\t\t\t\t\t\t\t\t<\/section>\r\n\t\t\t\t\t\t<\/div>\n\t\t\t\t<\/div>\n\t\t\t\t<\/div>\n\t\t\t\t<div class=\"elementor-element elementor-element-b12f3f6 cs-dividervertical elementor-widget-laptop__width-inherit cs-divider-laptophorizontal cs-divider-tablethorizontal cs-divider-mobilehorizontal elementor-widget elementor-widget-cs-divider\" data-id=\"b12f3f6\" data-element_type=\"widget\" data-e-type=\"widget\" data-widget_type=\"cs-divider.default\">\n\t\t\t\t<div class=\"elementor-widget-container\">\n\t\t\t\t\t\t\t<section class=\"cs-divider cs-divider-vertical\"><\/section>\r\n\t\t\t\t\t\t<\/div>\n\t\t\t\t<\/div>\n\t\t<div class=\"elementor-element elementor-element-7e766b0 e-con-full e-flex e-con e-child\" data-id=\"7e766b0\" data-element_type=\"container\" data-e-type=\"container\">\n\t\t\t\t<div class=\"elementor-element elementor-element-1de6ff4 elementor-widget elementor-widget-cs-posts\" data-id=\"1de6ff4\" data-element_type=\"widget\" data-e-type=\"widget\" data-widget_type=\"cs-posts.default\">\n\t\t\t\t<div class=\"elementor-widget-container\">\n\t\t\t\t\t\t\t\t<section class=\"cs-posts cs-posts__standard\">\r\n\t\t\t\t\t\t\t\t\t\t<div class=\"cs-posts-area cs-posts-area-elementor \" data-posts-area=\"\">\r\n\t\t\t\t\t\t\t<div class=\"cs-posts-area__outer\">\r\n\t\t\t\t\t\t\t\t<div\r\n\t\t\t\t\t\t\t\tclass=\"cs-posts-area__main\"\r\n\t\t\t\t\t\t\t\tdata-pc=\"1\"\r\n\t\t\t\t\t\t\t\tdata-lt=\"1\"\r\n\t\t\t\t\t\t\t\tdata-tb=\"1\"\r\n\t\t\t\t\t\t\t\tdata-mb=\"1\"\r\n\t\t\t\t\t\t\t\t>\r\n\t\t\t\t\t\t\t\t\t\r\n<article class=\"post-7512 post type-post status-publish format-standard has-post-thumbnail category-internacional tag-donald-trump tag-eeuu tag-guerra-con-iran cs-entry cs-video-wrap\">\r\n\t<div class=\"cs-entry__outer\">\r\n\t\t\t\t\t<div class=\"cs-entry__inner cs-entry__overlay cs-entry__thumbnail cs-overlay-ratio cs-ratio-landscape-16-9\">\r\n\r\n\t\t\t\t<div class=\"cs-overlay-background\">\r\n\t\t\t\t\t<img loading=\"lazy\" decoding=\"async\" width=\"332\" height=\"177\" src=\"https:\/\/grupohoymexico.com\/tlaxcala\/wp-content\/uploads\/sites\/4\/2026\/06\/trump_anuncia_acuerdo_iran_guerra-332x177.webp\" class=\"attachment-csco-thumbnail-uncropped size-csco-thumbnail-uncropped wp-post-image\" alt=\"Trump anuncia acuerdo con Ir\u00e1n para poner fin a la guerra\" srcset=\"https:\/\/grupohoymexico.com\/tlaxcala\/wp-content\/uploads\/sites\/4\/2026\/06\/trump_anuncia_acuerdo_iran_guerra-332x177.webp 332w, https:\/\/grupohoymexico.com\/tlaxcala\/wp-content\/uploads\/sites\/4\/2026\/06\/trump_anuncia_acuerdo_iran_guerra-300x160.webp 300w, https:\/\/grupohoymexico.com\/tlaxcala\/wp-content\/uploads\/sites\/4\/2026\/06\/trump_anuncia_acuerdo_iran_guerra-1024x544.webp 1024w, https:\/\/grupohoymexico.com\/tlaxcala\/wp-content\/uploads\/sites\/4\/2026\/06\/trump_anuncia_acuerdo_iran_guerra-768x408.webp 768w, https:\/\/grupohoymexico.com\/tlaxcala\/wp-content\/uploads\/sites\/4\/2026\/06\/trump_anuncia_acuerdo_iran_guerra-664x353.webp 664w, https:\/\/grupohoymexico.com\/tlaxcala\/wp-content\/uploads\/sites\/4\/2026\/06\/trump_anuncia_acuerdo_iran_guerra-688x366.webp 688w, https:\/\/grupohoymexico.com\/tlaxcala\/wp-content\/uploads\/sites\/4\/2026\/06\/trump_anuncia_acuerdo_iran_guerra-1044x555.webp 1044w, https:\/\/grupohoymexico.com\/tlaxcala\/wp-content\/uploads\/sites\/4\/2026\/06\/trump_anuncia_acuerdo_iran_guerra.webp 1200w\" sizes=\"(max-width: 332px) 100vw, 332px\" \/>\t\t\t\t\t<img loading=\"lazy\" decoding=\"async\" width=\"1200\" height=\"638\" src=\"https:\/\/grupohoymexico.com\/tlaxcala\/wp-content\/uploads\/sites\/4\/2026\/06\/trump_anuncia_acuerdo_iran_guerra.webp\" class=\"attachment-csco-extra-large size-csco-extra-large wp-post-image\" alt=\"Trump anuncia acuerdo con Ir\u00e1n para poner fin a la guerra\" srcset=\"https:\/\/grupohoymexico.com\/tlaxcala\/wp-content\/uploads\/sites\/4\/2026\/06\/trump_anuncia_acuerdo_iran_guerra.webp 1200w, https:\/\/grupohoymexico.com\/tlaxcala\/wp-content\/uploads\/sites\/4\/2026\/06\/trump_anuncia_acuerdo_iran_guerra-300x160.webp 300w, https:\/\/grupohoymexico.com\/tlaxcala\/wp-content\/uploads\/sites\/4\/2026\/06\/trump_anuncia_acuerdo_iran_guerra-1024x544.webp 1024w, https:\/\/grupohoymexico.com\/tlaxcala\/wp-content\/uploads\/sites\/4\/2026\/06\/trump_anuncia_acuerdo_iran_guerra-768x408.webp 768w, https:\/\/grupohoymexico.com\/tlaxcala\/wp-content\/uploads\/sites\/4\/2026\/06\/trump_anuncia_acuerdo_iran_guerra-332x177.webp 332w, https:\/\/grupohoymexico.com\/tlaxcala\/wp-content\/uploads\/sites\/4\/2026\/06\/trump_anuncia_acuerdo_iran_guerra-664x353.webp 664w, https:\/\/grupohoymexico.com\/tlaxcala\/wp-content\/uploads\/sites\/4\/2026\/06\/trump_anuncia_acuerdo_iran_guerra-688x366.webp 688w, https:\/\/grupohoymexico.com\/tlaxcala\/wp-content\/uploads\/sites\/4\/2026\/06\/trump_anuncia_acuerdo_iran_guerra-1044x555.webp 1044w\" sizes=\"(max-width: 1200px) 100vw, 1200px\" \/>\t\t\t\t<\/div>\r\n\r\n\t\t\t\t\r\n\t\t\t\t\r\n\t\t\t\t<a href=\"https:\/\/grupohoymexico.com\/tlaxcala\/internacional\/trump-anuncia-acuerdo-con-iran-para-poner-fin-a-la-guerra\/\" class=\"cs-overlay-link\" title=\"Trump anuncia acuerdo con Ir\u00e1n para poner fin a la guerra\"><\/a>\r\n\t\t\t<\/div>\r\n\t\t\r\n\t\t<div class=\"cs-entry__inner cs-entry__content\">\r\n\r\n\t\t\t<div class=\"cs-entry__post-meta\" ><div class=\"cs-meta-category\"><ul class=\"post-categories\">\n\t<li><a href=\"https:\/\/grupohoymexico.com\/tlaxcala\/category\/internacional\/\" rel=\"category tag\">Internacional<\/a><\/li><\/ul><\/div><\/div>\r\n\t\t\t<h2 class=\"cs-entry__title\"><a href=\"https:\/\/grupohoymexico.com\/tlaxcala\/internacional\/trump-anuncia-acuerdo-con-iran-para-poner-fin-a-la-guerra\/\">Trump anuncia acuerdo con Ir\u00e1n para poner fin a la guerra<\/a><\/h2>\r\n\t\t\t\t\t\t\t\t<div class=\"cs-entry__excerpt\">\r\n\t\t\t\t\t\tDonald Trump, presidente de EEUU, anunci\u00f3 que este domingo se firmar\u00e1 un acuerdo con Ir\u00e1n que, seg\u00fan afirm\u00f3, pondr\u00e1 fin al conflicto b\u00e9lico entre ambas naciones y permitir\u00e1 la reapertura&hellip;\t\t\t\t\t<\/div>\r\n\t\t\t\t\t\r\n\t\t\t<div class=\"cs-entry__post-meta\" ><div class=\"cs-meta-author\"><span class=\"cs-meta-author-by\">por<\/span><a class=\"cs-meta-author-link url fn n\" href=\"https:\/\/grupohoymexico.com\/tlaxcala\/author\/nestor\/\"><span class=\"cs-meta-author-name\">nestor<\/span><\/a><\/div><div class=\"cs-meta-date\">13 de junio de 2026<\/div><\/div>\t\t<\/div>\r\n\t<\/div>\r\n<\/article>\r\n\t\t\t\t\t\t\t\t<\/div>\r\n\t\t\t\t\t\t\t<\/div>\r\n\t\t\t\t\t\t<\/div>\r\n\t\t\t\t\t\t\t\t<\/section>\r\n\t\t\t\t\t\t<\/div>\n\t\t\t\t<\/div>\n\t\t\t\t<div class=\"elementor-element elementor-element-6a33f56 cs-dividerhorizontal cs-divider-laptophorizontal cs-divider-tablethorizontal cs-divider-mobilehorizontal elementor-widget elementor-widget-cs-divider\" data-id=\"6a33f56\" data-element_type=\"widget\" data-e-type=\"widget\" data-widget_type=\"cs-divider.default\">\n\t\t\t\t<div class=\"elementor-widget-container\">\n\t\t\t\t\t\t\t<section class=\"cs-divider cs-divider-horizontal\"><\/section>\r\n\t\t\t\t\t\t<\/div>\n\t\t\t\t<\/div>\n\t\t\t\t<div class=\"elementor-element elementor-element-64c8ce3 elementor-widget elementor-widget-cs-posts\" data-id=\"64c8ce3\" data-element_type=\"widget\" data-e-type=\"widget\" data-widget_type=\"cs-posts.default\">\n\t\t\t\t<div class=\"elementor-widget-container\">\n\t\t\t\t\t\t\t\t<section class=\"cs-posts cs-posts__horizontal\">\r\n\t\t\t\t\t\t\t\t\t\t<div class=\"cs-posts-area cs-posts-area-elementor \" data-posts-area=\"\">\r\n\t\t\t\t\t\t\t<div class=\"cs-posts-area__outer\">\r\n\t\t\t\t\t\t\t\t<div\r\n\t\t\t\t\t\t\t\tclass=\"cs-posts-area__main\"\r\n\t\t\t\t\t\t\t\tdata-pc=\"1\"\r\n\t\t\t\t\t\t\t\tdata-lt=\"1\"\r\n\t\t\t\t\t\t\t\tdata-tb=\"1\"\r\n\t\t\t\t\t\t\t\tdata-mb=\"1\"\r\n\t\t\t\t\t\t\t\t>\r\n\t\t\t\t\t\t\t\t\t\r\n<article class=\"post-7510 post type-post status-publish format-standard has-post-thumbnail category-internacional tag-donald-trump tag-el-nino-guerrero tag-tren-de-aragua cs-entry cs-video-wrap\">\r\n\t<div class=\"cs-entry__outer cs-entry__outer-medium cs-entry__outer-thumbnail-right\">\r\n\t\t\t\t\t<div class=\"cs-entry__inner cs-entry__overlay cs-entry__thumbnail cs-overlay-ratio cs-ratio-landscape-16-9\">\r\n\r\n\t\t\t\t<div class=\"cs-overlay-background\">\r\n\t\t\t\t\t<img loading=\"lazy\" decoding=\"async\" width=\"332\" height=\"177\" src=\"https:\/\/grupohoymexico.com\/tlaxcala\/wp-content\/uploads\/sites\/4\/2026\/06\/donald_trump_amenaza_no_renovar_t-mec-332x177.png\" class=\"attachment-csco-thumbnail-uncropped size-csco-thumbnail-uncropped wp-post-image\" alt=\"Donald Trump amenaza con no renovar el T-MEC\" srcset=\"https:\/\/grupohoymexico.com\/tlaxcala\/wp-content\/uploads\/sites\/4\/2026\/06\/donald_trump_amenaza_no_renovar_t-mec-332x177.png 332w, https:\/\/grupohoymexico.com\/tlaxcala\/wp-content\/uploads\/sites\/4\/2026\/06\/donald_trump_amenaza_no_renovar_t-mec-300x160.png 300w, https:\/\/grupohoymexico.com\/tlaxcala\/wp-content\/uploads\/sites\/4\/2026\/06\/donald_trump_amenaza_no_renovar_t-mec-1024x544.png 1024w, https:\/\/grupohoymexico.com\/tlaxcala\/wp-content\/uploads\/sites\/4\/2026\/06\/donald_trump_amenaza_no_renovar_t-mec-768x408.png 768w, https:\/\/grupohoymexico.com\/tlaxcala\/wp-content\/uploads\/sites\/4\/2026\/06\/donald_trump_amenaza_no_renovar_t-mec-664x353.png 664w, https:\/\/grupohoymexico.com\/tlaxcala\/wp-content\/uploads\/sites\/4\/2026\/06\/donald_trump_amenaza_no_renovar_t-mec-688x366.png 688w, https:\/\/grupohoymexico.com\/tlaxcala\/wp-content\/uploads\/sites\/4\/2026\/06\/donald_trump_amenaza_no_renovar_t-mec-1044x555.png 1044w, https:\/\/grupohoymexico.com\/tlaxcala\/wp-content\/uploads\/sites\/4\/2026\/06\/donald_trump_amenaza_no_renovar_t-mec.png 1200w\" sizes=\"(max-width: 332px) 100vw, 332px\" \/>\t\t\t\t\t<img loading=\"lazy\" decoding=\"async\" width=\"332\" height=\"186\" src=\"https:\/\/grupohoymexico.com\/tlaxcala\/wp-content\/uploads\/sites\/4\/2026\/06\/donald_trump_amenaza_no_renovar_t-mec-332x186.png\" class=\"attachment-csco-thumbnail size-csco-thumbnail wp-post-image\" alt=\"Donald Trump amenaza con no renovar el T-MEC\" srcset=\"https:\/\/grupohoymexico.com\/tlaxcala\/wp-content\/uploads\/sites\/4\/2026\/06\/donald_trump_amenaza_no_renovar_t-mec-332x186.png 332w, https:\/\/grupohoymexico.com\/tlaxcala\/wp-content\/uploads\/sites\/4\/2026\/06\/donald_trump_amenaza_no_renovar_t-mec-664x372.png 664w, https:\/\/grupohoymexico.com\/tlaxcala\/wp-content\/uploads\/sites\/4\/2026\/06\/donald_trump_amenaza_no_renovar_t-mec-688x387.png 688w, https:\/\/grupohoymexico.com\/tlaxcala\/wp-content\/uploads\/sites\/4\/2026\/06\/donald_trump_amenaza_no_renovar_t-mec-1044x587.png 1044w\" sizes=\"(max-width: 332px) 100vw, 332px\" \/>\t\t\t\t<\/div>\r\n\r\n\t\t\t\t\r\n\t\t\t\t\r\n\t\t\t\t<a href=\"https:\/\/grupohoymexico.com\/tlaxcala\/internacional\/donald-trump-elimina-a-el-nino-guerrero-lider-del-tren-de-aragua\/\" class=\"cs-overlay-link\" title=\"Donald Trump elimina a &#8216;El Ni\u00f1o Guerrero&#8217;, l\u00edder del Tren de Aragua\"><\/a>\r\n\t\t\t<\/div>\r\n\t\t\r\n\t\t<div class=\"cs-entry__inner cs-entry__content cs-entry__content-horizontal\">\r\n\t\t\t<div class=\"cs-entry__post-meta\" ><div class=\"cs-meta-category\"><ul class=\"post-categories\">\n\t<li><a href=\"https:\/\/grupohoymexico.com\/tlaxcala\/category\/internacional\/\" rel=\"category tag\">Internacional<\/a><\/li><\/ul><\/div><\/div>\r\n\t\t\t<h2 class=\"cs-entry__title\"><a href=\"https:\/\/grupohoymexico.com\/tlaxcala\/internacional\/donald-trump-elimina-a-el-nino-guerrero-lider-del-tren-de-aragua\/\">Donald Trump elimina a &#8216;El Ni\u00f1o Guerrero&#8217;, l\u00edder del Tren de Aragua<\/a><\/h2>\r\n\t\t\t\r\n\t\t\t<div class=\"cs-entry__post-meta\" ><div class=\"cs-meta-author\"><span class=\"cs-meta-author-by\">por<\/span><a class=\"cs-meta-author-link url fn n\" href=\"https:\/\/grupohoymexico.com\/tlaxcala\/author\/nestor\/\"><span class=\"cs-meta-author-name\">nestor<\/span><\/a><\/div><div class=\"cs-meta-date\">12 de junio de 2026<\/div><\/div>\t\t<\/div>\r\n\t<\/div>\r\n<\/article>\r\n\t\t\t\t\t\t\t\t<\/div>\r\n\t\t\t\t\t\t\t<\/div>\r\n\t\t\t\t\t\t<\/div>\r\n\t\t\t\t\t\t\t\t<\/section>\r\n\t\t\t\t\t\t<\/div>\n\t\t\t\t<\/div>\n\t\t\t\t<\/div>\n\t\t\t\t<div class=\"elementor-element elementor-element-92fa69c cs-dividervertical cs-divider-laptopvertical cs-divider-tabletvertical cs-divider-mobilehorizontal elementor-widget elementor-widget-cs-divider\" data-id=\"92fa69c\" data-element_type=\"widget\" data-e-type=\"widget\" data-widget_type=\"cs-divider.default\">\n\t\t\t\t<div class=\"elementor-widget-container\">\n\t\t\t\t\t\t\t<section class=\"cs-divider cs-divider-vertical\"><\/section>\r\n\t\t\t\t\t\t<\/div>\n\t\t\t\t<\/div>\n\t\t<div class=\"elementor-element elementor-element-652df92 e-con-full e-flex e-con e-child\" data-id=\"652df92\" data-element_type=\"container\" data-e-type=\"container\">\n\t\t\t\t<div class=\"elementor-element elementor-element-56ee312 elementor-widget elementor-widget-cs-posts\" data-id=\"56ee312\" data-element_type=\"widget\" data-e-type=\"widget\" data-widget_type=\"cs-posts.default\">\n\t\t\t\t<div class=\"elementor-widget-container\">\n\t\t\t\t\t\t\t\t<section class=\"cs-posts cs-posts__standard\">\r\n\t\t\t\t\t\t\t\t\t\t<div class=\"cs-posts-area cs-posts-area-elementor \" data-posts-area=\"\">\r\n\t\t\t\t\t\t\t<div class=\"cs-posts-area__outer\">\r\n\t\t\t\t\t\t\t\t<div\r\n\t\t\t\t\t\t\t\tclass=\"cs-posts-area__main cs-posts-area__main-divider\"\r\n\t\t\t\t\t\t\t\tdata-pc=\"1\"\r\n\t\t\t\t\t\t\t\tdata-lt=\"1\"\r\n\t\t\t\t\t\t\t\tdata-tb=\"1\"\r\n\t\t\t\t\t\t\t\tdata-mb=\"1\"\r\n\t\t\t\t\t\t\t\t>\r\n\t\t\t\t\t\t\t\t\t\r\n<article class=\"post-7482 post type-post status-publish format-standard has-post-thumbnail category-columnas category-conexion-global tag-mexico tag-partidos-politicos tag-politica cs-entry cs-video-wrap\">\r\n\t<div class=\"cs-entry__outer\">\r\n\t\t\t\t\t<div class=\"cs-entry__inner cs-entry__overlay cs-entry__thumbnail cs-overlay-ratio cs-ratio-landscape-16-9\">\r\n\r\n\t\t\t\t<div class=\"cs-overlay-background\">\r\n\t\t\t\t\t<img loading=\"lazy\" decoding=\"async\" width=\"332\" height=\"176\" src=\"https:\/\/grupohoymexico.com\/tlaxcala\/wp-content\/uploads\/sites\/4\/2025\/12\/eduardo_rivera_santamaria_conexion_global-332x176.jpeg\" class=\"attachment-csco-thumbnail-uncropped size-csco-thumbnail-uncropped wp-post-image\" alt=\"Eduardo Rivera Santamar\u00eda, CEO de Global Media Internacional Services. Autor de la columna Conexi\u00f3n Global\" srcset=\"https:\/\/grupohoymexico.com\/tlaxcala\/wp-content\/uploads\/sites\/4\/2025\/12\/eduardo_rivera_santamaria_conexion_global-332x176.jpeg 332w, https:\/\/grupohoymexico.com\/tlaxcala\/wp-content\/uploads\/sites\/4\/2025\/12\/eduardo_rivera_santamaria_conexion_global-300x159.jpeg 300w, https:\/\/grupohoymexico.com\/tlaxcala\/wp-content\/uploads\/sites\/4\/2025\/12\/eduardo_rivera_santamaria_conexion_global-1024x544.jpeg 1024w, https:\/\/grupohoymexico.com\/tlaxcala\/wp-content\/uploads\/sites\/4\/2025\/12\/eduardo_rivera_santamaria_conexion_global-768x408.jpeg 768w, https:\/\/grupohoymexico.com\/tlaxcala\/wp-content\/uploads\/sites\/4\/2025\/12\/eduardo_rivera_santamaria_conexion_global-664x353.jpeg 664w, https:\/\/grupohoymexico.com\/tlaxcala\/wp-content\/uploads\/sites\/4\/2025\/12\/eduardo_rivera_santamaria_conexion_global-688x366.jpeg 688w, https:\/\/grupohoymexico.com\/tlaxcala\/wp-content\/uploads\/sites\/4\/2025\/12\/eduardo_rivera_santamaria_conexion_global-1044x555.jpeg 1044w, https:\/\/grupohoymexico.com\/tlaxcala\/wp-content\/uploads\/sites\/4\/2025\/12\/eduardo_rivera_santamaria_conexion_global.jpeg 1280w\" sizes=\"(max-width: 332px) 100vw, 332px\" \/>\t\t\t\t\t<img loading=\"lazy\" decoding=\"async\" width=\"688\" height=\"387\" src=\"https:\/\/grupohoymexico.com\/tlaxcala\/wp-content\/uploads\/sites\/4\/2025\/12\/eduardo_rivera_santamaria_conexion_global-688x387.jpeg\" class=\"attachment-csco-medium size-csco-medium wp-post-image\" alt=\"Eduardo Rivera Santamar\u00eda, CEO de Global Media Internacional Services. Autor de la columna Conexi\u00f3n Global\" srcset=\"https:\/\/grupohoymexico.com\/tlaxcala\/wp-content\/uploads\/sites\/4\/2025\/12\/eduardo_rivera_santamaria_conexion_global-688x387.jpeg 688w, https:\/\/grupohoymexico.com\/tlaxcala\/wp-content\/uploads\/sites\/4\/2025\/12\/eduardo_rivera_santamaria_conexion_global-332x186.jpeg 332w, https:\/\/grupohoymexico.com\/tlaxcala\/wp-content\/uploads\/sites\/4\/2025\/12\/eduardo_rivera_santamaria_conexion_global-1044x587.jpeg 1044w\" sizes=\"(max-width: 688px) 100vw, 688px\" \/>\t\t\t\t<\/div>\r\n\r\n\t\t\t\t\r\n\t\t\t\t\r\n\t\t\t\t<a href=\"https:\/\/grupohoymexico.com\/tlaxcala\/columnas\/el-espejismo-de-la-soledad-politica-y-la-urgencia-de-la-alianza-historica\/\" class=\"cs-overlay-link\" title=\"El espejismo de la soledad pol\u00edtica y la urgencia de la alianza hist\u00f3rica\"><\/a>\r\n\t\t\t<\/div>\r\n\t\t\r\n\t\t<div class=\"cs-entry__inner cs-entry__content\">\r\n\r\n\t\t\t<div class=\"cs-entry__post-meta\" ><div class=\"cs-meta-category\"><ul class=\"post-categories\">\n\t<li><a href=\"https:\/\/grupohoymexico.com\/tlaxcala\/category\/columnas\/\" rel=\"category tag\">Columnas<\/a><\/li>\n\t<li><a href=\"https:\/\/grupohoymexico.com\/tlaxcala\/category\/columnas\/conexion-global\/\" rel=\"category tag\">Conexi\u00f3n Global<\/a><\/li><\/ul><\/div><\/div>\r\n\t\t\t<h2 class=\"cs-entry__title\"><a href=\"https:\/\/grupohoymexico.com\/tlaxcala\/columnas\/el-espejismo-de-la-soledad-politica-y-la-urgencia-de-la-alianza-historica\/\">El espejismo de la soledad pol\u00edtica y la urgencia de la alianza hist\u00f3rica<\/a><\/h2>\r\n\t\t\t\r\n\t\t\t<div class=\"cs-entry__post-meta\" ><div class=\"cs-meta-author\"><span class=\"cs-meta-author-by\">por<\/span><a class=\"cs-meta-author-link url fn n\" href=\"https:\/\/grupohoymexico.com\/tlaxcala\/author\/eduardor\/\"><span class=\"cs-meta-author-name\">Eduardo Rivera S<\/span><\/a><\/div><div class=\"cs-meta-date\">10 de junio de 2026<\/div><\/div>\t\t<\/div>\r\n\t<\/div>\r\n<\/article>\r\n\t\t\t\t\t\t\t\t<\/div>\r\n\t\t\t\t\t\t\t<\/div>\r\n\t\t\t\t\t\t<\/div>\r\n\t\t\t\t\t\t\t\t<\/section>\r\n\t\t\t\t\t\t<\/div>\n\t\t\t\t<\/div>\n\t\t\t\t<div class=\"elementor-element elementor-element-1d33f5d cs-dividerhorizontal cs-divider-laptophorizontal cs-divider-tablethorizontal cs-divider-mobilehorizontal elementor-widget elementor-widget-cs-divider\" data-id=\"1d33f5d\" data-element_type=\"widget\" data-e-type=\"widget\" data-widget_type=\"cs-divider.default\">\n\t\t\t\t<div class=\"elementor-widget-container\">\n\t\t\t\t\t\t\t<section class=\"cs-divider cs-divider-horizontal\"><\/section>\r\n\t\t\t\t\t\t<\/div>\n\t\t\t\t<\/div>\n\t\t\t\t<div class=\"elementor-element elementor-element-e16e138 elementor-widget elementor-widget-cs-posts\" data-id=\"e16e138\" data-element_type=\"widget\" data-e-type=\"widget\" data-widget_type=\"cs-posts.default\">\n\t\t\t\t<div class=\"elementor-widget-container\">\n\t\t\t\t\t\t\t\t<section class=\"cs-posts cs-posts__horizontal\">\r\n\t\t\t\t\t\t\t\t\t\t<div class=\"cs-posts-area cs-posts-area-elementor \" data-posts-area=\"\">\r\n\t\t\t\t\t\t\t<div class=\"cs-posts-area__outer\">\r\n\t\t\t\t\t\t\t\t<div\r\n\t\t\t\t\t\t\t\tclass=\"cs-posts-area__main cs-posts-area__main-divider\"\r\n\t\t\t\t\t\t\t\tdata-pc=\"1\"\r\n\t\t\t\t\t\t\t\tdata-lt=\"1\"\r\n\t\t\t\t\t\t\t\tdata-tb=\"1\"\r\n\t\t\t\t\t\t\t\tdata-mb=\"1\"\r\n\t\t\t\t\t\t\t\t>\r\n\t\t\t\t\t\t\t\t\t\r\n<article class=\"post-7366 post type-post status-publish format-standard has-post-thumbnail category-columnas category-conexion-global tag-ia tag-inteligencia-artificial tag-mexico tag-politica tag-tecnologia cs-entry cs-video-wrap\">\r\n\t<div class=\"cs-entry__outer cs-entry__outer-small cs-entry__outer-thumbnail-left\">\r\n\t\t\t\t\t<div class=\"cs-entry__inner cs-entry__overlay cs-entry__thumbnail cs-overlay-ratio cs-ratio-square\">\r\n\r\n\t\t\t\t<div class=\"cs-overlay-background\">\r\n\t\t\t\t\t<img loading=\"lazy\" decoding=\"async\" width=\"332\" height=\"176\" src=\"https:\/\/grupohoymexico.com\/tlaxcala\/wp-content\/uploads\/sites\/4\/2025\/12\/eduardo_rivera_santamaria_conexion_global-332x176.jpeg\" class=\"attachment-csco-thumbnail-uncropped size-csco-thumbnail-uncropped wp-post-image\" alt=\"Eduardo Rivera Santamar\u00eda, CEO de Global Media Internacional Services. Autor de la columna Conexi\u00f3n Global\" srcset=\"https:\/\/grupohoymexico.com\/tlaxcala\/wp-content\/uploads\/sites\/4\/2025\/12\/eduardo_rivera_santamaria_conexion_global-332x176.jpeg 332w, https:\/\/grupohoymexico.com\/tlaxcala\/wp-content\/uploads\/sites\/4\/2025\/12\/eduardo_rivera_santamaria_conexion_global-300x159.jpeg 300w, https:\/\/grupohoymexico.com\/tlaxcala\/wp-content\/uploads\/sites\/4\/2025\/12\/eduardo_rivera_santamaria_conexion_global-1024x544.jpeg 1024w, https:\/\/grupohoymexico.com\/tlaxcala\/wp-content\/uploads\/sites\/4\/2025\/12\/eduardo_rivera_santamaria_conexion_global-768x408.jpeg 768w, https:\/\/grupohoymexico.com\/tlaxcala\/wp-content\/uploads\/sites\/4\/2025\/12\/eduardo_rivera_santamaria_conexion_global-664x353.jpeg 664w, https:\/\/grupohoymexico.com\/tlaxcala\/wp-content\/uploads\/sites\/4\/2025\/12\/eduardo_rivera_santamaria_conexion_global-688x366.jpeg 688w, https:\/\/grupohoymexico.com\/tlaxcala\/wp-content\/uploads\/sites\/4\/2025\/12\/eduardo_rivera_santamaria_conexion_global-1044x555.jpeg 1044w, https:\/\/grupohoymexico.com\/tlaxcala\/wp-content\/uploads\/sites\/4\/2025\/12\/eduardo_rivera_santamaria_conexion_global.jpeg 1280w\" sizes=\"(max-width: 332px) 100vw, 332px\" \/>\t\t\t\t\t<img loading=\"lazy\" decoding=\"async\" width=\"688\" height=\"366\" src=\"https:\/\/grupohoymexico.com\/tlaxcala\/wp-content\/uploads\/sites\/4\/2025\/12\/eduardo_rivera_santamaria_conexion_global-688x366.jpeg\" class=\"attachment-csco-medium-uncropped size-csco-medium-uncropped wp-post-image\" alt=\"Eduardo Rivera Santamar\u00eda, CEO de Global Media Internacional Services. Autor de la columna Conexi\u00f3n Global\" srcset=\"https:\/\/grupohoymexico.com\/tlaxcala\/wp-content\/uploads\/sites\/4\/2025\/12\/eduardo_rivera_santamaria_conexion_global-688x366.jpeg 688w, https:\/\/grupohoymexico.com\/tlaxcala\/wp-content\/uploads\/sites\/4\/2025\/12\/eduardo_rivera_santamaria_conexion_global-300x159.jpeg 300w, https:\/\/grupohoymexico.com\/tlaxcala\/wp-content\/uploads\/sites\/4\/2025\/12\/eduardo_rivera_santamaria_conexion_global-1024x544.jpeg 1024w, https:\/\/grupohoymexico.com\/tlaxcala\/wp-content\/uploads\/sites\/4\/2025\/12\/eduardo_rivera_santamaria_conexion_global-768x408.jpeg 768w, https:\/\/grupohoymexico.com\/tlaxcala\/wp-content\/uploads\/sites\/4\/2025\/12\/eduardo_rivera_santamaria_conexion_global-332x176.jpeg 332w, https:\/\/grupohoymexico.com\/tlaxcala\/wp-content\/uploads\/sites\/4\/2025\/12\/eduardo_rivera_santamaria_conexion_global-664x353.jpeg 664w, https:\/\/grupohoymexico.com\/tlaxcala\/wp-content\/uploads\/sites\/4\/2025\/12\/eduardo_rivera_santamaria_conexion_global-1044x555.jpeg 1044w, https:\/\/grupohoymexico.com\/tlaxcala\/wp-content\/uploads\/sites\/4\/2025\/12\/eduardo_rivera_santamaria_conexion_global.jpeg 1280w\" sizes=\"(max-width: 688px) 100vw, 688px\" \/>\t\t\t\t<\/div>\r\n\r\n\t\t\t\t\r\n\t\t\t\t\r\n\t\t\t\t<a href=\"https:\/\/grupohoymexico.com\/tlaxcala\/columnas\/la-politica-mexicana-ya-habla-como-chatgpt\/\" class=\"cs-overlay-link\" title=\"La pol\u00edtica mexicana ya habla como ChatGPT\"><\/a>\r\n\t\t\t<\/div>\r\n\t\t\r\n\t\t<div class=\"cs-entry__inner cs-entry__content cs-entry__content-horizontal\">\r\n\t\t\t<div class=\"cs-entry__post-meta\" ><div class=\"cs-meta-category\"><ul class=\"post-categories\">\n\t<li><a href=\"https:\/\/grupohoymexico.com\/tlaxcala\/category\/columnas\/\" rel=\"category tag\">Columnas<\/a><\/li>\n\t<li><a href=\"https:\/\/grupohoymexico.com\/tlaxcala\/category\/columnas\/conexion-global\/\" rel=\"category tag\">Conexi\u00f3n Global<\/a><\/li><\/ul><\/div><\/div>\r\n\t\t\t<h2 class=\"cs-entry__title\"><a href=\"https:\/\/grupohoymexico.com\/tlaxcala\/columnas\/la-politica-mexicana-ya-habla-como-chatgpt\/\">La pol\u00edtica mexicana ya habla como ChatGPT<\/a><\/h2>\r\n\t\t\t\r\n\t\t\t<div class=\"cs-entry__post-meta\" ><div class=\"cs-meta-author\"><span class=\"cs-meta-author-by\">por<\/span><a class=\"cs-meta-author-link url fn n\" href=\"https:\/\/grupohoymexico.com\/tlaxcala\/author\/eduardor\/\"><span class=\"cs-meta-author-name\">Eduardo Rivera S<\/span><\/a><\/div><\/div>\t\t<\/div>\r\n\t<\/div>\r\n<\/article>\r\n\r\n<article class=\"post-7292 post type-post status-publish format-standard has-post-thumbnail category-columnas category-conexion-global tag-conexion-global tag-cuba tag-jose-luis-rodriguez-zapatero tag-morena tag-politica tag-venezuela cs-entry cs-video-wrap\">\r\n\t<div class=\"cs-entry__outer cs-entry__outer-small cs-entry__outer-thumbnail-left\">\r\n\t\t\t\t\t<div class=\"cs-entry__inner cs-entry__overlay cs-entry__thumbnail cs-overlay-ratio cs-ratio-square\">\r\n\r\n\t\t\t\t<div class=\"cs-overlay-background\">\r\n\t\t\t\t\t<img loading=\"lazy\" decoding=\"async\" width=\"332\" height=\"176\" src=\"https:\/\/grupohoymexico.com\/tlaxcala\/wp-content\/uploads\/sites\/4\/2025\/12\/eduardo_rivera_santamaria_conexion_global-332x176.jpeg\" class=\"attachment-csco-thumbnail-uncropped size-csco-thumbnail-uncropped wp-post-image\" alt=\"Eduardo Rivera Santamar\u00eda, CEO de Global Media Internacional Services. Autor de la columna Conexi\u00f3n Global\" srcset=\"https:\/\/grupohoymexico.com\/tlaxcala\/wp-content\/uploads\/sites\/4\/2025\/12\/eduardo_rivera_santamaria_conexion_global-332x176.jpeg 332w, https:\/\/grupohoymexico.com\/tlaxcala\/wp-content\/uploads\/sites\/4\/2025\/12\/eduardo_rivera_santamaria_conexion_global-300x159.jpeg 300w, https:\/\/grupohoymexico.com\/tlaxcala\/wp-content\/uploads\/sites\/4\/2025\/12\/eduardo_rivera_santamaria_conexion_global-1024x544.jpeg 1024w, https:\/\/grupohoymexico.com\/tlaxcala\/wp-content\/uploads\/sites\/4\/2025\/12\/eduardo_rivera_santamaria_conexion_global-768x408.jpeg 768w, https:\/\/grupohoymexico.com\/tlaxcala\/wp-content\/uploads\/sites\/4\/2025\/12\/eduardo_rivera_santamaria_conexion_global-664x353.jpeg 664w, https:\/\/grupohoymexico.com\/tlaxcala\/wp-content\/uploads\/sites\/4\/2025\/12\/eduardo_rivera_santamaria_conexion_global-688x366.jpeg 688w, https:\/\/grupohoymexico.com\/tlaxcala\/wp-content\/uploads\/sites\/4\/2025\/12\/eduardo_rivera_santamaria_conexion_global-1044x555.jpeg 1044w, https:\/\/grupohoymexico.com\/tlaxcala\/wp-content\/uploads\/sites\/4\/2025\/12\/eduardo_rivera_santamaria_conexion_global.jpeg 1280w\" sizes=\"(max-width: 332px) 100vw, 332px\" \/>\t\t\t\t\t<img loading=\"lazy\" decoding=\"async\" width=\"688\" height=\"366\" src=\"https:\/\/grupohoymexico.com\/tlaxcala\/wp-content\/uploads\/sites\/4\/2025\/12\/eduardo_rivera_santamaria_conexion_global-688x366.jpeg\" class=\"attachment-csco-medium-uncropped size-csco-medium-uncropped wp-post-image\" alt=\"Eduardo Rivera Santamar\u00eda, CEO de Global Media Internacional Services. Autor de la columna Conexi\u00f3n Global\" srcset=\"https:\/\/grupohoymexico.com\/tlaxcala\/wp-content\/uploads\/sites\/4\/2025\/12\/eduardo_rivera_santamaria_conexion_global-688x366.jpeg 688w, https:\/\/grupohoymexico.com\/tlaxcala\/wp-content\/uploads\/sites\/4\/2025\/12\/eduardo_rivera_santamaria_conexion_global-300x159.jpeg 300w, https:\/\/grupohoymexico.com\/tlaxcala\/wp-content\/uploads\/sites\/4\/2025\/12\/eduardo_rivera_santamaria_conexion_global-1024x544.jpeg 1024w, https:\/\/grupohoymexico.com\/tlaxcala\/wp-content\/uploads\/sites\/4\/2025\/12\/eduardo_rivera_santamaria_conexion_global-768x408.jpeg 768w, https:\/\/grupohoymexico.com\/tlaxcala\/wp-content\/uploads\/sites\/4\/2025\/12\/eduardo_rivera_santamaria_conexion_global-332x176.jpeg 332w, https:\/\/grupohoymexico.com\/tlaxcala\/wp-content\/uploads\/sites\/4\/2025\/12\/eduardo_rivera_santamaria_conexion_global-664x353.jpeg 664w, https:\/\/grupohoymexico.com\/tlaxcala\/wp-content\/uploads\/sites\/4\/2025\/12\/eduardo_rivera_santamaria_conexion_global-1044x555.jpeg 1044w, https:\/\/grupohoymexico.com\/tlaxcala\/wp-content\/uploads\/sites\/4\/2025\/12\/eduardo_rivera_santamaria_conexion_global.jpeg 1280w\" sizes=\"(max-width: 688px) 100vw, 688px\" \/>\t\t\t\t<\/div>\r\n\r\n\t\t\t\t\r\n\t\t\t\t\r\n\t\t\t\t<a href=\"https:\/\/grupohoymexico.com\/tlaxcala\/columnas\/la-caida-de-zapatero-y-el-costo-politico-para-morena\/\" class=\"cs-overlay-link\" title=\"La ca\u00edda de Zapatero y el costo pol\u00edtico para Morena\"><\/a>\r\n\t\t\t<\/div>\r\n\t\t\r\n\t\t<div class=\"cs-entry__inner cs-entry__content cs-entry__content-horizontal\">\r\n\t\t\t<div class=\"cs-entry__post-meta\" ><div class=\"cs-meta-category\"><ul class=\"post-categories\">\n\t<li><a href=\"https:\/\/grupohoymexico.com\/tlaxcala\/category\/columnas\/\" rel=\"category tag\">Columnas<\/a><\/li>\n\t<li><a href=\"https:\/\/grupohoymexico.com\/tlaxcala\/category\/columnas\/conexion-global\/\" rel=\"category tag\">Conexi\u00f3n Global<\/a><\/li><\/ul><\/div><\/div>\r\n\t\t\t<h2 class=\"cs-entry__title\"><a href=\"https:\/\/grupohoymexico.com\/tlaxcala\/columnas\/la-caida-de-zapatero-y-el-costo-politico-para-morena\/\">La ca\u00edda de Zapatero y el costo pol\u00edtico para Morena<\/a><\/h2>\r\n\t\t\t\r\n\t\t\t<div class=\"cs-entry__post-meta\" ><div class=\"cs-meta-author\"><span class=\"cs-meta-author-by\">por<\/span><a class=\"cs-meta-author-link url fn n\" href=\"https:\/\/grupohoymexico.com\/tlaxcala\/author\/eduardor\/\"><span class=\"cs-meta-author-name\">Eduardo Rivera S<\/span><\/a><\/div><\/div>\t\t<\/div>\r\n\t<\/div>\r\n<\/article>\r\n\r\n<article class=\"post-7277 post type-post status-publish format-standard has-post-thumbnail category-agenda-de-negocios category-columnas tag-agenda-de-negocios tag-credito tag-mexico tag-prosperidad tag-seguridad tag-tijuana tag-tramites cs-entry cs-video-wrap\">\r\n\t<div class=\"cs-entry__outer cs-entry__outer-small cs-entry__outer-thumbnail-left\">\r\n\t\t\t\t\t<div class=\"cs-entry__inner cs-entry__overlay cs-entry__thumbnail cs-overlay-ratio cs-ratio-square\">\r\n\r\n\t\t\t\t<div class=\"cs-overlay-background\">\r\n\t\t\t\t\t<img loading=\"lazy\" decoding=\"async\" width=\"332\" height=\"171\" src=\"https:\/\/grupohoymexico.com\/tlaxcala\/wp-content\/uploads\/sites\/4\/2025\/08\/WhatsApp-Image-2025-08-27-at-1.48.03-PM-332x171.jpeg\" class=\"attachment-csco-thumbnail-uncropped size-csco-thumbnail-uncropped wp-post-image\" alt=\"Agenda de Negocios\" srcset=\"https:\/\/grupohoymexico.com\/tlaxcala\/wp-content\/uploads\/sites\/4\/2025\/08\/WhatsApp-Image-2025-08-27-at-1.48.03-PM-332x171.jpeg 332w, https:\/\/grupohoymexico.com\/tlaxcala\/wp-content\/uploads\/sites\/4\/2025\/08\/WhatsApp-Image-2025-08-27-at-1.48.03-PM-300x155.jpeg 300w, https:\/\/grupohoymexico.com\/tlaxcala\/wp-content\/uploads\/sites\/4\/2025\/08\/WhatsApp-Image-2025-08-27-at-1.48.03-PM-1024x529.jpeg 1024w, https:\/\/grupohoymexico.com\/tlaxcala\/wp-content\/uploads\/sites\/4\/2025\/08\/WhatsApp-Image-2025-08-27-at-1.48.03-PM-768x396.jpeg 768w, https:\/\/grupohoymexico.com\/tlaxcala\/wp-content\/uploads\/sites\/4\/2025\/08\/WhatsApp-Image-2025-08-27-at-1.48.03-PM-664x343.jpeg 664w, https:\/\/grupohoymexico.com\/tlaxcala\/wp-content\/uploads\/sites\/4\/2025\/08\/WhatsApp-Image-2025-08-27-at-1.48.03-PM-688x355.jpeg 688w, https:\/\/grupohoymexico.com\/tlaxcala\/wp-content\/uploads\/sites\/4\/2025\/08\/WhatsApp-Image-2025-08-27-at-1.48.03-PM-1044x539.jpeg 1044w, https:\/\/grupohoymexico.com\/tlaxcala\/wp-content\/uploads\/sites\/4\/2025\/08\/WhatsApp-Image-2025-08-27-at-1.48.03-PM.jpeg 1209w\" sizes=\"(max-width: 332px) 100vw, 332px\" \/>\t\t\t\t\t<img loading=\"lazy\" decoding=\"async\" width=\"688\" height=\"355\" src=\"https:\/\/grupohoymexico.com\/tlaxcala\/wp-content\/uploads\/sites\/4\/2025\/08\/WhatsApp-Image-2025-08-27-at-1.48.03-PM-688x355.jpeg\" class=\"attachment-csco-medium-uncropped size-csco-medium-uncropped wp-post-image\" alt=\"Agenda de Negocios\" srcset=\"https:\/\/grupohoymexico.com\/tlaxcala\/wp-content\/uploads\/sites\/4\/2025\/08\/WhatsApp-Image-2025-08-27-at-1.48.03-PM-688x355.jpeg 688w, https:\/\/grupohoymexico.com\/tlaxcala\/wp-content\/uploads\/sites\/4\/2025\/08\/WhatsApp-Image-2025-08-27-at-1.48.03-PM-300x155.jpeg 300w, https:\/\/grupohoymexico.com\/tlaxcala\/wp-content\/uploads\/sites\/4\/2025\/08\/WhatsApp-Image-2025-08-27-at-1.48.03-PM-1024x529.jpeg 1024w, https:\/\/grupohoymexico.com\/tlaxcala\/wp-content\/uploads\/sites\/4\/2025\/08\/WhatsApp-Image-2025-08-27-at-1.48.03-PM-768x396.jpeg 768w, https:\/\/grupohoymexico.com\/tlaxcala\/wp-content\/uploads\/sites\/4\/2025\/08\/WhatsApp-Image-2025-08-27-at-1.48.03-PM-332x171.jpeg 332w, https:\/\/grupohoymexico.com\/tlaxcala\/wp-content\/uploads\/sites\/4\/2025\/08\/WhatsApp-Image-2025-08-27-at-1.48.03-PM-664x343.jpeg 664w, https:\/\/grupohoymexico.com\/tlaxcala\/wp-content\/uploads\/sites\/4\/2025\/08\/WhatsApp-Image-2025-08-27-at-1.48.03-PM-1044x539.jpeg 1044w, https:\/\/grupohoymexico.com\/tlaxcala\/wp-content\/uploads\/sites\/4\/2025\/08\/WhatsApp-Image-2025-08-27-at-1.48.03-PM.jpeg 1209w\" sizes=\"(max-width: 688px) 100vw, 688px\" \/>\t\t\t\t<\/div>\r\n\r\n\t\t\t\t\r\n\t\t\t\t\r\n\t\t\t\t<a href=\"https:\/\/grupohoymexico.com\/tlaxcala\/columnas\/mexico-necesita-trabajar-sin-miedo-seguridad-credito-y-menos-tramites\/\" class=\"cs-overlay-link\" title=\"M\u00e9xico necesita trabajar sin miedo: seguridad, cr\u00e9dito y menos tr\u00e1mites\"><\/a>\r\n\t\t\t<\/div>\r\n\t\t\r\n\t\t<div class=\"cs-entry__inner cs-entry__content cs-entry__content-horizontal\">\r\n\t\t\t<div class=\"cs-entry__post-meta\" ><div class=\"cs-meta-category\"><ul class=\"post-categories\">\n\t<li><a href=\"https:\/\/grupohoymexico.com\/tlaxcala\/category\/columnas\/agenda-de-negocios\/\" rel=\"category tag\">Agenda de Negocios<\/a><\/li>\n\t<li><a href=\"https:\/\/grupohoymexico.com\/tlaxcala\/category\/columnas\/\" rel=\"category tag\">Columnas<\/a><\/li><\/ul><\/div><\/div>\r\n\t\t\t<h2 class=\"cs-entry__title\"><a href=\"https:\/\/grupohoymexico.com\/tlaxcala\/columnas\/mexico-necesita-trabajar-sin-miedo-seguridad-credito-y-menos-tramites\/\">M\u00e9xico necesita trabajar sin miedo: seguridad, cr\u00e9dito y menos tr\u00e1mites<\/a><\/h2>\r\n\t\t\t\r\n\t\t\t<div class=\"cs-entry__post-meta\" ><div class=\"cs-meta-author\"><span class=\"cs-meta-author-by\">por<\/span><a class=\"cs-meta-author-link url fn n\" href=\"https:\/\/grupohoymexico.com\/tlaxcala\/author\/octavio\/\"><span class=\"cs-meta-author-name\">octavio<\/span><\/a><\/div><\/div>\t\t<\/div>\r\n\t<\/div>\r\n<\/article>\r\n\r\n<article class=\"post-7233 post type-post status-publish format-standard has-post-thumbnail category-agenda-de-negocios category-columnas tag-canada tag-comercio tag-estados-unidos tag-mexico tag-norteamerica tag-t-mec-2026 cs-entry cs-video-wrap\">\r\n\t<div class=\"cs-entry__outer cs-entry__outer-small cs-entry__outer-thumbnail-left\">\r\n\t\t\t\t\t<div class=\"cs-entry__inner cs-entry__overlay cs-entry__thumbnail cs-overlay-ratio cs-ratio-square\">\r\n\r\n\t\t\t\t<div class=\"cs-overlay-background\">\r\n\t\t\t\t\t<img loading=\"lazy\" decoding=\"async\" width=\"332\" height=\"171\" src=\"https:\/\/grupohoymexico.com\/tlaxcala\/wp-content\/uploads\/sites\/4\/2025\/08\/WhatsApp-Image-2025-08-27-at-1.48.03-PM-332x171.jpeg\" class=\"attachment-csco-thumbnail-uncropped size-csco-thumbnail-uncropped wp-post-image\" alt=\"Agenda de Negocios\" srcset=\"https:\/\/grupohoymexico.com\/tlaxcala\/wp-content\/uploads\/sites\/4\/2025\/08\/WhatsApp-Image-2025-08-27-at-1.48.03-PM-332x171.jpeg 332w, https:\/\/grupohoymexico.com\/tlaxcala\/wp-content\/uploads\/sites\/4\/2025\/08\/WhatsApp-Image-2025-08-27-at-1.48.03-PM-300x155.jpeg 300w, https:\/\/grupohoymexico.com\/tlaxcala\/wp-content\/uploads\/sites\/4\/2025\/08\/WhatsApp-Image-2025-08-27-at-1.48.03-PM-1024x529.jpeg 1024w, https:\/\/grupohoymexico.com\/tlaxcala\/wp-content\/uploads\/sites\/4\/2025\/08\/WhatsApp-Image-2025-08-27-at-1.48.03-PM-768x396.jpeg 768w, https:\/\/grupohoymexico.com\/tlaxcala\/wp-content\/uploads\/sites\/4\/2025\/08\/WhatsApp-Image-2025-08-27-at-1.48.03-PM-664x343.jpeg 664w, https:\/\/grupohoymexico.com\/tlaxcala\/wp-content\/uploads\/sites\/4\/2025\/08\/WhatsApp-Image-2025-08-27-at-1.48.03-PM-688x355.jpeg 688w, https:\/\/grupohoymexico.com\/tlaxcala\/wp-content\/uploads\/sites\/4\/2025\/08\/WhatsApp-Image-2025-08-27-at-1.48.03-PM-1044x539.jpeg 1044w, https:\/\/grupohoymexico.com\/tlaxcala\/wp-content\/uploads\/sites\/4\/2025\/08\/WhatsApp-Image-2025-08-27-at-1.48.03-PM.jpeg 1209w\" sizes=\"(max-width: 332px) 100vw, 332px\" \/>\t\t\t\t\t<img loading=\"lazy\" decoding=\"async\" width=\"688\" height=\"355\" src=\"https:\/\/grupohoymexico.com\/tlaxcala\/wp-content\/uploads\/sites\/4\/2025\/08\/WhatsApp-Image-2025-08-27-at-1.48.03-PM-688x355.jpeg\" class=\"attachment-csco-medium-uncropped size-csco-medium-uncropped wp-post-image\" alt=\"Agenda de Negocios\" srcset=\"https:\/\/grupohoymexico.com\/tlaxcala\/wp-content\/uploads\/sites\/4\/2025\/08\/WhatsApp-Image-2025-08-27-at-1.48.03-PM-688x355.jpeg 688w, https:\/\/grupohoymexico.com\/tlaxcala\/wp-content\/uploads\/sites\/4\/2025\/08\/WhatsApp-Image-2025-08-27-at-1.48.03-PM-300x155.jpeg 300w, https:\/\/grupohoymexico.com\/tlaxcala\/wp-content\/uploads\/sites\/4\/2025\/08\/WhatsApp-Image-2025-08-27-at-1.48.03-PM-1024x529.jpeg 1024w, https:\/\/grupohoymexico.com\/tlaxcala\/wp-content\/uploads\/sites\/4\/2025\/08\/WhatsApp-Image-2025-08-27-at-1.48.03-PM-768x396.jpeg 768w, https:\/\/grupohoymexico.com\/tlaxcala\/wp-content\/uploads\/sites\/4\/2025\/08\/WhatsApp-Image-2025-08-27-at-1.48.03-PM-332x171.jpeg 332w, https:\/\/grupohoymexico.com\/tlaxcala\/wp-content\/uploads\/sites\/4\/2025\/08\/WhatsApp-Image-2025-08-27-at-1.48.03-PM-664x343.jpeg 664w, https:\/\/grupohoymexico.com\/tlaxcala\/wp-content\/uploads\/sites\/4\/2025\/08\/WhatsApp-Image-2025-08-27-at-1.48.03-PM-1044x539.jpeg 1044w, https:\/\/grupohoymexico.com\/tlaxcala\/wp-content\/uploads\/sites\/4\/2025\/08\/WhatsApp-Image-2025-08-27-at-1.48.03-PM.jpeg 1209w\" sizes=\"(max-width: 688px) 100vw, 688px\" \/>\t\t\t\t<\/div>\r\n\r\n\t\t\t\t\r\n\t\t\t\t\r\n\t\t\t\t<a href=\"https:\/\/grupohoymexico.com\/tlaxcala\/columnas\/t-mec-2026-cuando-la-revision-tambien-es-presion\/\" class=\"cs-overlay-link\" title=\"T-MEC 2026: cuando la revisi\u00f3n tambi\u00e9n es presi\u00f3n\"><\/a>\r\n\t\t\t<\/div>\r\n\t\t\r\n\t\t<div class=\"cs-entry__inner cs-entry__content cs-entry__content-horizontal\">\r\n\t\t\t<div class=\"cs-entry__post-meta\" ><div class=\"cs-meta-category\"><ul class=\"post-categories\">\n\t<li><a href=\"https:\/\/grupohoymexico.com\/tlaxcala\/category\/columnas\/agenda-de-negocios\/\" rel=\"category tag\">Agenda de Negocios<\/a><\/li>\n\t<li><a href=\"https:\/\/grupohoymexico.com\/tlaxcala\/category\/columnas\/\" rel=\"category tag\">Columnas<\/a><\/li><\/ul><\/div><\/div>\r\n\t\t\t<h2 class=\"cs-entry__title\"><a href=\"https:\/\/grupohoymexico.com\/tlaxcala\/columnas\/t-mec-2026-cuando-la-revision-tambien-es-presion\/\">T-MEC 2026: cuando la revisi\u00f3n tambi\u00e9n es presi\u00f3n<\/a><\/h2>\r\n\t\t\t\r\n\t\t\t<div class=\"cs-entry__post-meta\" ><div class=\"cs-meta-author\"><span class=\"cs-meta-author-by\">por<\/span><a class=\"cs-meta-author-link url fn n\" href=\"https:\/\/grupohoymexico.com\/tlaxcala\/author\/octavio\/\"><span class=\"cs-meta-author-name\">octavio<\/span><\/a><\/div><\/div>\t\t<\/div>\r\n\t<\/div>\r\n<\/article>\r\n\t\t\t\t\t\t\t\t<\/div>\r\n\t\t\t\t\t\t\t<\/div>\r\n\t\t\t\t\t\t<\/div>\r\n\t\t\t\t\t\t\t\t<\/section>\r\n\t\t\t\t\t\t<\/div>\n\t\t\t\t<\/div>\n\t\t\t\t<\/div>\n\t\t\t\t<\/div>\n\t\t\t\t<div class=\"elementor-element elementor-element-9cfe328 cs-dividerhorizontal cs-divider-laptophorizontal cs-divider-tablethorizontal cs-divider-mobilehorizontal elementor-widget elementor-widget-cs-divider\" data-id=\"9cfe328\" data-element_type=\"widget\" data-e-type=\"widget\" data-widget_type=\"cs-divider.default\">\n\t\t\t\t<div class=\"elementor-widget-container\">\n\t\t\t\t\t\t\t<section class=\"cs-divider cs-divider-horizontal\"><\/section>\r\n\t\t\t\t\t\t<\/div>\n\t\t\t\t<\/div>\n\t\t\t\t\t<\/div>\n\t\t\t\t<\/div>\n\t\t<div class=\"elementor-element elementor-element-3395b36 e-flex e-con-boxed e-con e-parent\" data-id=\"3395b36\" data-element_type=\"container\" data-e-type=\"container\">\n\t\t\t\t\t<div class=\"e-con-inner\">\n\t\t\t\t<div class=\"elementor-element elementor-element-10c9197 elementor-widget elementor-widget-cs-heading\" data-id=\"10c9197\" data-element_type=\"widget\" data-e-type=\"widget\" data-widget_type=\"cs-heading.default\">\n\t\t\t\t<div class=\"elementor-widget-container\">\n\t\t\t\t\t\t\t\t\t\t<section class=\"cs-heading\">\r\n\t\t\t\t<div class=\"cs-heading__container \">\r\n\t\t\t\t\t<h2 class=\"cs-heading__content\">\r\n\t\t\t\t\t\tLo m\u00e1s le\u00eddo\t\t\t\t\t<\/h2>\r\n\r\n\t\t\t\t\t\t\t\t\t<\/div>\r\n\t\t\t<\/section>\r\n\t\t\t\t\t\t\t\t<\/div>\n\t\t\t\t<\/div>\n\t\t\t\t<div class=\"elementor-element elementor-element-dfe85ba elementor-widget elementor-widget-cs-posts\" data-id=\"dfe85ba\" data-element_type=\"widget\" data-e-type=\"widget\" data-widget_type=\"cs-posts.default\">\n\t\t\t\t<div class=\"elementor-widget-container\">\n\t\t\t\t\t\t\t\t<section class=\"cs-posts cs-posts__numbered\">\r\n\t\t\t\t\t\t\t\t\t\t<div class=\"cs-posts-area cs-posts-area-elementor \" data-posts-area=\"\">\r\n\t\t\t\t\t\t\t<div class=\"cs-posts-area__outer\">\r\n\t\t\t\t\t\t\t\t<div\r\n\t\t\t\t\t\t\t\tclass=\"cs-posts-area__main cs-posts-area__main-divider\"\r\n\t\t\t\t\t\t\t\tdata-pc=\"2\"\r\n\t\t\t\t\t\t\t\tdata-lt=\"2\"\r\n\t\t\t\t\t\t\t\tdata-tb=\"2\"\r\n\t\t\t\t\t\t\t\tdata-mb=\"1\"\r\n\t\t\t\t\t\t\t\t>\r\n\t\t\t\t\t\t\t\t\t\r\n\r\n<article class=\"post-7790 post type-post status-publish format-standard has-post-thumbnail category-politico cs-entry cs-video-wrap\">\r\n\t<div class=\"cs-entry__outer cs-entry__outer-accent\">\r\n\r\n\t\t\r\n\t\t<div class=\"cs-entry__inner cs-entry__content-wrapper\">\r\n\t\t\t<div class=\"cs-entry__content\">\r\n\r\n\t\t\t\t<div class=\"cs-entry__post-meta\" ><div class=\"cs-meta-category\"><ul class=\"post-categories\">\n\t<li><a href=\"https:\/\/grupohoymexico.com\/tlaxcala\/category\/politico\/\" rel=\"category tag\">Pol\u00edtico<\/a><\/li><\/ul><\/div><\/div>\r\n\t\t\t\t<h2 class=\"cs-entry__title\"><a href=\"https:\/\/grupohoymexico.com\/tlaxcala\/politico\/gobierno-de-tlaxcala-fortalece-atencion-a-pueblos-indigenas-con-nuevas-oficinas-del-inpi\/\">Gobierno de Tlaxcala fortalece atenci\u00f3n a pueblos ind\u00edgenas con nuevas oficinas del INPI<\/a><\/h2>\r\n\t\t\t\t\r\n\t\t\t\t<div class=\"cs-entry__post-meta\" ><div class=\"cs-meta-author\"><span class=\"cs-meta-author-by\">por<\/span><a class=\"cs-meta-author-link url fn n\" href=\"https:\/\/grupohoymexico.com\/tlaxcala\/author\/jair\/\"><span class=\"cs-meta-author-name\">jair<\/span><\/a><\/div><\/div>\t\t\t<\/div>\r\n\t\t<\/div>\r\n\r\n\t<\/div>\r\n<\/article>\r\n\r\n\r\n<article class=\"post-7761 post type-post status-publish format-standard has-post-thumbnail category-politica tag-ciri tag-lorena-cuellar tag-seguridad tag-tlaxcala cs-entry cs-video-wrap\">\r\n\t<div class=\"cs-entry__outer cs-entry__outer-accent\">\r\n\r\n\t\t\r\n\t\t<div class=\"cs-entry__inner cs-entry__content-wrapper\">\r\n\t\t\t<div class=\"cs-entry__content\">\r\n\r\n\t\t\t\t<div class=\"cs-entry__post-meta\" ><div class=\"cs-meta-category\"><ul class=\"post-categories\">\n\t<li><a href=\"https:\/\/grupohoymexico.com\/tlaxcala\/category\/politica\/\" rel=\"category tag\">Pol\u00edtica<\/a><\/li><\/ul><\/div><\/div>\r\n\t\t\t\t<h2 class=\"cs-entry__title\"><a href=\"https:\/\/grupohoymexico.com\/tlaxcala\/politica\/lorena-cuellar-inaugura-ciri-en-calpulalpan-y-entrega-vehiculos-para-seguridad-y-salud-en-tlaxcala\/\">Lorena Cu\u00e9llar inaugura CIRI en Calpulalpan y entrega veh\u00edculos para seguridad y salud en Tlaxcala<\/a><\/h2>\r\n\t\t\t\t\r\n\t\t\t\t<div class=\"cs-entry__post-meta\" ><div class=\"cs-meta-author\"><span class=\"cs-meta-author-by\">por<\/span><a class=\"cs-meta-author-link url fn n\" href=\"https:\/\/grupohoymexico.com\/tlaxcala\/author\/jair\/\"><span class=\"cs-meta-author-name\">jair<\/span><\/a><\/div><\/div>\t\t\t<\/div>\r\n\t\t<\/div>\r\n\r\n\t<\/div>\r\n<\/article>\r\n\r\n\r\n<article class=\"post-7749 post type-post status-publish format-standard has-post-thumbnail category-tlaxcala cs-entry cs-video-wrap\">\r\n\t<div class=\"cs-entry__outer cs-entry__outer-accent\">\r\n\r\n\t\t\r\n\t\t<div class=\"cs-entry__inner cs-entry__content-wrapper\">\r\n\t\t\t<div class=\"cs-entry__content\">\r\n\r\n\t\t\t\t<div class=\"cs-entry__post-meta\" ><div class=\"cs-meta-category\"><ul class=\"post-categories\">\n\t<li><a href=\"https:\/\/grupohoymexico.com\/tlaxcala\/category\/tlaxcala\/\" rel=\"category tag\">Tlaxcala<\/a><\/li><\/ul><\/div><\/div>\r\n\t\t\t\t<h2 class=\"cs-entry__title\"><a href=\"https:\/\/grupohoymexico.com\/tlaxcala\/tlaxcala\/conagua-pronostica-lluvia-tlaxcala-lunes-proteccion-civil\/\">Conagua avisa: hoy llueve en Tlaxcala y Protecci\u00f3n Civil ya anda nerviosa<\/a><\/h2>\r\n\t\t\t\t\r\n\t\t\t\t<div class=\"cs-entry__post-meta\" ><div class=\"cs-meta-author\"><span class=\"cs-meta-author-by\">por<\/span><a class=\"cs-meta-author-link url fn n\" href=\"https:\/\/grupohoymexico.com\/tlaxcala\/author\/user\/\"><span class=\"cs-meta-author-name\">Grupo Hoy<\/span><\/a><\/div><\/div>\t\t\t<\/div>\r\n\t\t<\/div>\r\n\r\n\t<\/div>\r\n<\/article>\r\n\r\n\r\n<article class=\"post-7693 post type-post status-publish format-standard has-post-thumbnail category-cultura cs-entry cs-video-wrap\">\r\n\t<div class=\"cs-entry__outer cs-entry__outer-accent\">\r\n\r\n\t\t\r\n\t\t<div class=\"cs-entry__inner cs-entry__content-wrapper\">\r\n\t\t\t<div class=\"cs-entry__content\">\r\n\r\n\t\t\t\t<div class=\"cs-entry__post-meta\" ><div class=\"cs-meta-category\"><ul class=\"post-categories\">\n\t<li><a href=\"https:\/\/grupohoymexico.com\/tlaxcala\/category\/cultura\/\" rel=\"category tag\">Cultura<\/a><\/li><\/ul><\/div><\/div>\r\n\t\t\t\t<h2 class=\"cs-entry__title\"><a href=\"https:\/\/grupohoymexico.com\/tlaxcala\/cultura\/concurso-de-matachines-en-san-lorenzo-tlacualoyan-feria-preserva-tradicion\/\">Concurso de Matachines en San Lorenzo Tlacualoyan: feria preserva tradici\u00f3n<\/a><\/h2>\r\n\t\t\t\t\r\n\t\t\t\t<div class=\"cs-entry__post-meta\" ><div class=\"cs-meta-author\"><span class=\"cs-meta-author-by\">por<\/span><a class=\"cs-meta-author-link url fn n\" href=\"https:\/\/grupohoymexico.com\/tlaxcala\/author\/user\/\"><span class=\"cs-meta-author-name\">Grupo Hoy<\/span><\/a><\/div><\/div>\t\t\t<\/div>\r\n\t\t<\/div>\r\n\r\n\t<\/div>\r\n<\/article>\r\n\r\n\r\n<article class=\"post-7732 post type-post status-publish format-standard has-post-thumbnail category-politica tag-brigadistas tag-incendios tag-la-malinche tag-lorena-cuellar tag-tlaxcala cs-entry cs-video-wrap\">\r\n\t<div class=\"cs-entry__outer cs-entry__outer-accent\">\r\n\r\n\t\t\r\n\t\t<div class=\"cs-entry__inner cs-entry__content-wrapper\">\r\n\t\t\t<div class=\"cs-entry__content\">\r\n\r\n\t\t\t\t<div class=\"cs-entry__post-meta\" ><div class=\"cs-meta-category\"><ul class=\"post-categories\">\n\t<li><a href=\"https:\/\/grupohoymexico.com\/tlaxcala\/category\/politica\/\" rel=\"category tag\">Pol\u00edtica<\/a><\/li><\/ul><\/div><\/div>\r\n\t\t\t\t<h2 class=\"cs-entry__title\"><a href=\"https:\/\/grupohoymexico.com\/tlaxcala\/politica\/gobierno-de-tlaxcala-entrega-uniformes-y-equipo-de-proteccion-a-brigadistas-del-parque-nacional-la-malinche\/\">Gobierno de Tlaxcala entrega uniformes y equipo de protecci\u00f3n a brigadistas del Parque Nacional La Malinche<\/a><\/h2>\r\n\t\t\t\t\r\n\t\t\t\t<div class=\"cs-entry__post-meta\" ><div class=\"cs-meta-author\"><span class=\"cs-meta-author-by\">por<\/span><a class=\"cs-meta-author-link url fn n\" href=\"https:\/\/grupohoymexico.com\/tlaxcala\/author\/jair\/\"><span class=\"cs-meta-author-name\">jair<\/span><\/a><\/div><\/div>\t\t\t<\/div>\r\n\t\t<\/div>\r\n\r\n\t<\/div>\r\n<\/article>\r\n\r\n\r\n<article class=\"post-7726 post type-post status-publish format-standard has-post-thumbnail category-tlaxcala tag-medio-ambiente tag-plantas-forestales tag-reforestacion tag-tlaxcala cs-entry cs-video-wrap\">\r\n\t<div class=\"cs-entry__outer cs-entry__outer-accent\">\r\n\r\n\t\t\r\n\t\t<div class=\"cs-entry__inner cs-entry__content-wrapper\">\r\n\t\t\t<div class=\"cs-entry__content\">\r\n\r\n\t\t\t\t<div class=\"cs-entry__post-meta\" ><div class=\"cs-meta-category\"><ul class=\"post-categories\">\n\t<li><a href=\"https:\/\/grupohoymexico.com\/tlaxcala\/category\/tlaxcala\/\" rel=\"category tag\">Tlaxcala<\/a><\/li><\/ul><\/div><\/div>\r\n\t\t\t\t<h2 class=\"cs-entry__title\"><a href=\"https:\/\/grupohoymexico.com\/tlaxcala\/tlaxcala\/tlaxcala-plantara-mas-de-80-mil-arboles-durante-la-jornada-nacional-de-reforestacion-2026\/\">Tlaxcala plantar\u00e1 m\u00e1s de 80 mil \u00e1rboles durante la Jornada Nacional de Reforestaci\u00f3n 2026<\/a><\/h2>\r\n\t\t\t\t\r\n\t\t\t\t<div class=\"cs-entry__post-meta\" ><div class=\"cs-meta-author\"><span class=\"cs-meta-author-by\">por<\/span><a class=\"cs-meta-author-link url fn n\" href=\"https:\/\/grupohoymexico.com\/tlaxcala\/author\/jair\/\"><span class=\"cs-meta-author-name\">jair<\/span><\/a><\/div><\/div>\t\t\t<\/div>\r\n\t\t<\/div>\r\n\r\n\t<\/div>\r\n<\/article>\r\n\r\n\r\n<article class=\"post-7681 post type-post status-publish format-standard has-post-thumbnail category-entretenamiento tag-feria-de-ferias-2026 tag-feria-de-tlaxcala tag-lorena-cuellar tag-tlaxcala cs-entry cs-video-wrap\">\r\n\t<div class=\"cs-entry__outer cs-entry__outer-accent\">\r\n\r\n\t\t\r\n\t\t<div class=\"cs-entry__inner cs-entry__content-wrapper\">\r\n\t\t\t<div class=\"cs-entry__content\">\r\n\r\n\t\t\t\t<div class=\"cs-entry__post-meta\" ><div class=\"cs-meta-category\"><ul class=\"post-categories\">\n\t<li><a href=\"https:\/\/grupohoymexico.com\/tlaxcala\/category\/entretenamiento\/\" rel=\"category tag\">Entretenimiento<\/a><\/li><\/ul><\/div><\/div>\r\n\t\t\t\t<h2 class=\"cs-entry__title\"><a href=\"https:\/\/grupohoymexico.com\/tlaxcala\/entretenamiento\/lorena-cuellar-presento-la-feria-de-ferias-2026-con-mas-de-400-actividades-que-impulsaran-al-estado\/\">Lorena Cu\u00e9llar present\u00f3 la Feria de Ferias 2026 con m\u00e1s de 400 actividades que impulsaran al estado<\/a><\/h2>\r\n\t\t\t\t\r\n\t\t\t\t<div class=\"cs-entry__post-meta\" ><div class=\"cs-meta-author\"><span class=\"cs-meta-author-by\">por<\/span><a class=\"cs-meta-author-link url fn n\" href=\"https:\/\/grupohoymexico.com\/tlaxcala\/author\/jair\/\"><span class=\"cs-meta-author-name\">jair<\/span><\/a><\/div><\/div>\t\t\t<\/div>\r\n\t\t<\/div>\r\n\r\n\t<\/div>\r\n<\/article>\r\n\r\n\r\n<article class=\"post-7642 post type-post status-publish format-standard has-post-thumbnail category-seguridad tag-c5i tag-camaras-de-seguridad tag-lorena-cuellar tag-seguridad-tlaxcala tag-videovigilancia-tlaxcala cs-entry cs-video-wrap\">\r\n\t<div class=\"cs-entry__outer cs-entry__outer-accent\">\r\n\r\n\t\t\r\n\t\t<div class=\"cs-entry__inner cs-entry__content-wrapper\">\r\n\t\t\t<div class=\"cs-entry__content\">\r\n\r\n\t\t\t\t<div class=\"cs-entry__post-meta\" ><div class=\"cs-meta-category\"><ul class=\"post-categories\">\n\t<li><a href=\"https:\/\/grupohoymexico.com\/tlaxcala\/category\/nacional\/seguridad\/\" rel=\"category tag\">Seguridad<\/a><\/li><\/ul><\/div><\/div>\r\n\t\t\t\t<h2 class=\"cs-entry__title\"><a href=\"https:\/\/grupohoymexico.com\/tlaxcala\/nacional\/seguridad\/tlaxcala-red-videovigilancia-2790-camaras\/\">Tlaxcala consolida 2,790 c\u00e1maras: la mayor red de videovigilancia en su historia<\/a><\/h2>\r\n\t\t\t\t\r\n\t\t\t\t<div class=\"cs-entry__post-meta\" ><div class=\"cs-meta-author\"><span class=\"cs-meta-author-by\">por<\/span><a class=\"cs-meta-author-link url fn n\" href=\"https:\/\/grupohoymexico.com\/tlaxcala\/author\/user\/\"><span class=\"cs-meta-author-name\">Grupo Hoy<\/span><\/a><\/div><\/div>\t\t\t<\/div>\r\n\t\t<\/div>\r\n\r\n\t<\/div>\r\n<\/article>\r\n\r\n\r\n<article class=\"post-7644 post type-post status-publish format-standard has-post-thumbnail category-politica tag-alfonso-sanchez-garcia tag-ana-lilia-rivera tag-buses tag-cuarta-transformacion tag-dia-mundial-del-sida tag-entertainment tag-happiness tag-morena tag-tlaxcala cs-entry cs-video-wrap\">\r\n\t<div class=\"cs-entry__outer cs-entry__outer-accent\">\r\n\r\n\t\t\r\n\t\t<div class=\"cs-entry__inner cs-entry__content-wrapper\">\r\n\t\t\t<div class=\"cs-entry__content\">\r\n\r\n\t\t\t\t<div class=\"cs-entry__post-meta\" ><div class=\"cs-meta-category\"><ul class=\"post-categories\">\n\t<li><a href=\"https:\/\/grupohoymexico.com\/tlaxcala\/category\/politica\/\" rel=\"category tag\">Pol\u00edtica<\/a><\/li><\/ul><\/div><\/div>\r\n\t\t\t\t<h2 class=\"cs-entry__title\"><a href=\"https:\/\/grupohoymexico.com\/tlaxcala\/politica\/ana-lilia-rivera-unir-voluntades-4t-tlaxcala\/\">Ana Lilia Rivera: unir voluntades es clave para la 4T en Tlaxcala<\/a><\/h2>\r\n\t\t\t\t\r\n\t\t\t\t<div class=\"cs-entry__post-meta\" ><div class=\"cs-meta-author\"><span class=\"cs-meta-author-by\">por<\/span><a class=\"cs-meta-author-link url fn n\" href=\"https:\/\/grupohoymexico.com\/tlaxcala\/author\/user\/\"><span class=\"cs-meta-author-name\">Grupo Hoy<\/span><\/a><\/div><\/div>\t\t\t<\/div>\r\n\t\t<\/div>\r\n\r\n\t<\/div>\r\n<\/article>\r\n\r\n\r\n<article class=\"post-7646 post type-post status-publish format-standard has-post-thumbnail category-cultura tag-banda-ms tag-cartelera tag-feria-tlaxcala-2026 tag-gobierno-de-tlaxcala tag-teatro-del-pueblo cs-entry cs-video-wrap\">\r\n\t<div class=\"cs-entry__outer cs-entry__outer-accent\">\r\n\r\n\t\t\r\n\t\t<div class=\"cs-entry__inner cs-entry__content-wrapper\">\r\n\t\t\t<div class=\"cs-entry__content\">\r\n\r\n\t\t\t\t<div class=\"cs-entry__post-meta\" ><div class=\"cs-meta-category\"><ul class=\"post-categories\">\n\t<li><a href=\"https:\/\/grupohoymexico.com\/tlaxcala\/category\/cultura\/\" rel=\"category tag\">Cultura<\/a><\/li><\/ul><\/div><\/div>\r\n\t\t\t\t<h2 class=\"cs-entry__title\"><a href=\"https:\/\/grupohoymexico.com\/tlaxcala\/cultura\/cartelera-teatro-pueblo-feria-tlaxcala-2026\/\">Cartelera Teatro del Pueblo Feria Tlaxcala 2026: Banda MS abre el 22 de octubre<\/a><\/h2>\r\n\t\t\t\t\r\n\t\t\t\t<div class=\"cs-entry__post-meta\" ><div class=\"cs-meta-author\"><span class=\"cs-meta-author-by\">por<\/span><a class=\"cs-meta-author-link url fn n\" href=\"https:\/\/grupohoymexico.com\/tlaxcala\/author\/user\/\"><span class=\"cs-meta-author-name\">Grupo Hoy<\/span><\/a><\/div><\/div>\t\t\t<\/div>\r\n\t\t<\/div>\r\n\r\n\t<\/div>\r\n<\/article>\r\n\t\t\t\t\t\t\t\t<\/div>\r\n\t\t\t\t\t\t\t<\/div>\r\n\t\t\t\t\t\t<\/div>\r\n\t\t\t\t\t\t\t\t<\/section>\r\n\t\t\t\t\t\t<\/div>\n\t\t\t\t<\/div>\n\t\t\t\t<div class=\"elementor-element elementor-element-c6cdd40 cs-dividerhorizontal cs-divider-laptophorizontal cs-divider-tablethorizontal cs-divider-mobilehorizontal elementor-widget elementor-widget-cs-divider\" data-id=\"c6cdd40\" data-element_type=\"widget\" data-e-type=\"widget\" data-widget_type=\"cs-divider.default\">\n\t\t\t\t<div class=\"elementor-widget-container\">\n\t\t\t\t\t\t\t<section class=\"cs-divider cs-divider-horizontal\"><\/section>\r\n\t\t\t\t\t\t<\/div>\n\t\t\t\t<\/div>\n\t\t\t\t\t<\/div>\n\t\t\t\t<\/div>\n\t\t<div class=\"elementor-element elementor-element-925f88e e-con-full e-flex e-con e-parent\" data-id=\"925f88e\" data-element_type=\"container\" data-e-type=\"container\" data-settings=\"{&quot;background_background&quot;:&quot;classic&quot;}\">\n\t\t\t\t<div class=\"elementor-element elementor-element-6634071 elementor-widget elementor-widget-image\" data-id=\"6634071\" data-element_type=\"widget\" data-e-type=\"widget\" data-widget_type=\"image.default\">\n\t\t\t\t<div class=\"elementor-widget-container\">\n\t\t\t\t\t\t\t\t\t\t\t\t\t\t\t<img decoding=\"async\" src=\"https:\/\/grupohoymexico.com\/puebla\/wp-content\/uploads\/sites\/3\/2025\/05\/banner-renault-1-1024x325.png\" title=\"\" alt=\"\" loading=\"lazy\" \/>\t\t\t\t\t\t\t\t\t\t\t\t\t\t\t<\/div>\n\t\t\t\t<\/div>\n\t\t\t\t<\/div>\n\t\t<div class=\"elementor-element elementor-element-9464e93 e-flex e-con-boxed e-con e-parent\" data-id=\"9464e93\" data-element_type=\"container\" data-e-type=\"container\">\n\t\t\t\t\t<div class=\"e-con-inner\">\n\t\t\t\t<div class=\"elementor-element elementor-element-2cf3025 elementor-widget elementor-widget-cs-heading\" data-id=\"2cf3025\" data-element_type=\"widget\" data-e-type=\"widget\" data-widget_type=\"cs-heading.default\">\n\t\t\t\t<div class=\"elementor-widget-container\">\n\t\t\t\t\t\t\t\t\t\t<section class=\"cs-heading\">\r\n\t\t\t\t<div class=\"cs-heading__container \">\r\n\t\t\t\t\t<h2 class=\"cs-heading__content\">\r\n\t\t\t\t\t\tDeportes\t\t\t\t\t<\/h2>\r\n\r\n\t\t\t\t\t\t\t\t\t\t\t<a class=\"cs-heading__link\" href=\"\/tlaxcala\/category\/deportes\/\" target=\"_self\">\r\n\t\t\t\t\t\t\t<span>\t\r\n\t\t\t\t\t\t\t\tTodo sobre deportes\t\t\t\t\t\t\t<\/span>\r\n\t\t\t\t\t\t<\/a>\r\n\t\t\t\t\t\t\t\t\t<\/div>\r\n\t\t\t<\/section>\r\n\t\t\t\t\t\t\t\t<\/div>\n\t\t\t\t<\/div>\n\t\t<div class=\"elementor-element elementor-element-5c802bc e-con-full e-flex e-con e-child\" data-id=\"5c802bc\" data-element_type=\"container\" data-e-type=\"container\">\n\t\t<div class=\"elementor-element elementor-element-c060d76 e-con-full e-flex e-con e-child\" data-id=\"c060d76\" data-element_type=\"container\" data-e-type=\"container\">\n\t\t\t\t<div class=\"elementor-element elementor-element-70623db elementor-widget elementor-widget-cs-posts\" data-id=\"70623db\" data-element_type=\"widget\" data-e-type=\"widget\" data-widget_type=\"cs-posts.default\">\n\t\t\t\t<div class=\"elementor-widget-container\">\n\t\t\t\t\t\t\t\t<section class=\"cs-posts cs-posts__standard\">\r\n\t\t\t\t\t\t\t\t\t\t<div class=\"cs-posts-area cs-posts-area-elementor \" data-posts-area=\"\">\r\n\t\t\t\t\t\t\t<div class=\"cs-posts-area__outer\">\r\n\t\t\t\t\t\t\t\t<div\r\n\t\t\t\t\t\t\t\tclass=\"cs-posts-area__main cs-posts-area__main-divider\"\r\n\t\t\t\t\t\t\t\tdata-pc=\"1\"\r\n\t\t\t\t\t\t\t\tdata-lt=\"1\"\r\n\t\t\t\t\t\t\t\tdata-tb=\"1\"\r\n\t\t\t\t\t\t\t\tdata-mb=\"1\"\r\n\t\t\t\t\t\t\t\t>\r\n\t\t\t\t\t\t\t\t\t\r\n<article class=\"post-7505 post type-post status-publish format-standard has-post-thumbnail category-deportes category-estatal tag-grupo-modelo tag-lorena-cuellar tag-mundial-2026 tag-seleccion-mexicana tag-tlaxcala cs-entry cs-video-wrap\">\r\n\t<div class=\"cs-entry__outer\">\r\n\t\t\r\n\t\t<div class=\"cs-entry__inner cs-entry__content\">\r\n\r\n\t\t\t<div class=\"cs-entry__post-meta\" ><div class=\"cs-meta-category\"><ul class=\"post-categories\">\n\t<li><a href=\"https:\/\/grupohoymexico.com\/tlaxcala\/category\/deportes\/\" rel=\"category tag\">Deportes<\/a><\/li>\n\t<li><a href=\"https:\/\/grupohoymexico.com\/tlaxcala\/category\/nacional\/estatal\/\" rel=\"category tag\">Estados<\/a><\/li><\/ul><\/div><\/div>\r\n\t\t\t<h2 class=\"cs-entry__title\"><a href=\"https:\/\/grupohoymexico.com\/tlaxcala\/nacional\/estatal\/saldo-blanco-en-tlaxcala-durante-los-festejos-por-la-inauguracion-del-mundial-2026\/\">Saldo blanco en Tlaxcala durante los festejos por la inauguraci\u00f3n del Mundial 2026<\/a><\/h2>\r\n\t\t\t\r\n\t\t\t<div class=\"cs-entry__post-meta\" ><div class=\"cs-meta-author\"><span class=\"cs-meta-author-by\">por<\/span><a class=\"cs-meta-author-link url fn n\" href=\"https:\/\/grupohoymexico.com\/tlaxcala\/author\/jair\/\"><span class=\"cs-meta-author-name\">jair<\/span><\/a><\/div><div class=\"cs-meta-date\">12 de junio de 2026<\/div><\/div>\t\t<\/div>\r\n\t<\/div>\r\n<\/article>\r\n\r\n<article class=\"post-7479 post type-post status-publish format-standard has-post-thumbnail category-deportes tag-mexico-vs-sudafrica tag-mundial-2026 tag-partido-mexico-vs-sudafrica cs-entry cs-video-wrap\">\r\n\t<div class=\"cs-entry__outer\">\r\n\t\t\r\n\t\t<div class=\"cs-entry__inner cs-entry__content\">\r\n\r\n\t\t\t<div class=\"cs-entry__post-meta\" ><div class=\"cs-meta-category\"><ul class=\"post-categories\">\n\t<li><a href=\"https:\/\/grupohoymexico.com\/tlaxcala\/category\/deportes\/\" rel=\"category tag\">Deportes<\/a><\/li><\/ul><\/div><\/div>\r\n\t\t\t<h2 class=\"cs-entry__title\"><a href=\"https:\/\/grupohoymexico.com\/tlaxcala\/deportes\/donde-y-a-que-hora-ver-el-partido-de-mexico-vs-sudafrica-por-la-inauguracion-del-mundial-2026\/\">\u00bfD\u00f3nde y a qu\u00e9 hora ver el partido de M\u00e9xico vs Sud\u00e1frica por la inauguraci\u00f3n del Mundial 2026?<\/a><\/h2>\r\n\t\t\t\r\n\t\t\t<div class=\"cs-entry__post-meta\" ><div class=\"cs-meta-author\"><span class=\"cs-meta-author-by\">por<\/span><a class=\"cs-meta-author-link url fn n\" href=\"https:\/\/grupohoymexico.com\/tlaxcala\/author\/nestor\/\"><span class=\"cs-meta-author-name\">nestor<\/span><\/a><\/div><div class=\"cs-meta-date\">10 de junio de 2026<\/div><\/div>\t\t<\/div>\r\n\t<\/div>\r\n<\/article>\r\n\r\n<article class=\"post-7354 post type-post status-publish format-standard has-post-thumbnail category-deportes tag-boletos-para-triplemania tag-triplemania-2026 tag-triplemania-34 cs-entry cs-video-wrap\">\r\n\t<div class=\"cs-entry__outer\">\r\n\t\t\r\n\t\t<div class=\"cs-entry__inner cs-entry__content\">\r\n\r\n\t\t\t<div class=\"cs-entry__post-meta\" ><div class=\"cs-meta-category\"><ul class=\"post-categories\">\n\t<li><a href=\"https:\/\/grupohoymexico.com\/tlaxcala\/category\/deportes\/\" rel=\"category tag\">Deportes<\/a><\/li><\/ul><\/div><\/div>\r\n\t\t\t<h2 class=\"cs-entry__title\"><a href=\"https:\/\/grupohoymexico.com\/tlaxcala\/deportes\/cuanto-cuestan-los-boletos-para-triplemania-2026\/\">\u00bfCu\u00e1nto cuestan los boletos para Triplemania 2026?<\/a><\/h2>\r\n\t\t\t\r\n\t\t\t<div class=\"cs-entry__post-meta\" ><div class=\"cs-meta-author\"><span class=\"cs-meta-author-by\">por<\/span><a class=\"cs-meta-author-link url fn n\" href=\"https:\/\/grupohoymexico.com\/tlaxcala\/author\/nestor\/\"><span class=\"cs-meta-author-name\">nestor<\/span><\/a><\/div><div class=\"cs-meta-date\">02 de junio de 2026<\/div><\/div>\t\t<\/div>\r\n\t<\/div>\r\n<\/article>\r\n\r\n<article class=\"post-6138 post type-post status-publish format-standard has-post-thumbnail category-deportes tag-cristiano-ronaldo tag-mexico-portugal cs-entry cs-video-wrap\">\r\n\t<div class=\"cs-entry__outer\">\r\n\t\t\r\n\t\t<div class=\"cs-entry__inner cs-entry__content\">\r\n\r\n\t\t\t<div class=\"cs-entry__post-meta\" ><div class=\"cs-meta-category\"><ul class=\"post-categories\">\n\t<li><a href=\"https:\/\/grupohoymexico.com\/tlaxcala\/category\/deportes\/\" rel=\"category tag\">Deportes<\/a><\/li><\/ul><\/div><\/div>\r\n\t\t\t<h2 class=\"cs-entry__title\"><a href=\"https:\/\/grupohoymexico.com\/tlaxcala\/deportes\/ausencia-de-cristiano-ronaldo-desploma-la-reventa-de-boletos-para-el-mexico-vs-portugal\/\">Ausencia de Cristiano Ronaldo desploma la reventa de boletos para el M\u00e9xico vs Portugal<\/a><\/h2>\r\n\t\t\t\r\n\t\t\t<div class=\"cs-entry__post-meta\" ><div class=\"cs-meta-author\"><span class=\"cs-meta-author-by\">por<\/span><a class=\"cs-meta-author-link url fn n\" href=\"https:\/\/grupohoymexico.com\/tlaxcala\/author\/nestor\/\"><span class=\"cs-meta-author-name\">nestor<\/span><\/a><\/div><div class=\"cs-meta-date\">20 de marzo de 2026<\/div><\/div>\t\t<\/div>\r\n\t<\/div>\r\n<\/article>\r\n\r\n<article class=\"post-6100 post type-post status-publish format-standard has-post-thumbnail category-deportes tag-900-goles-de-messi tag-inter-de-miami tag-lionel-messi cs-entry cs-video-wrap\">\r\n\t<div class=\"cs-entry__outer\">\r\n\t\t\r\n\t\t<div class=\"cs-entry__inner cs-entry__content\">\r\n\r\n\t\t\t<div class=\"cs-entry__post-meta\" ><div class=\"cs-meta-category\"><ul class=\"post-categories\">\n\t<li><a href=\"https:\/\/grupohoymexico.com\/tlaxcala\/category\/deportes\/\" rel=\"category tag\">Deportes<\/a><\/li><\/ul><\/div><\/div>\r\n\t\t\t<h2 class=\"cs-entry__title\"><a href=\"https:\/\/grupohoymexico.com\/tlaxcala\/deportes\/lionel-messi-alcanza-900-goles-oficiales-en-su-carrera\/\">Lionel Messi alcanza 900 goles oficiales en su carrera<\/a><\/h2>\r\n\t\t\t\r\n\t\t\t<div class=\"cs-entry__post-meta\" ><div class=\"cs-meta-author\"><span class=\"cs-meta-author-by\">por<\/span><a class=\"cs-meta-author-link url fn n\" href=\"https:\/\/grupohoymexico.com\/tlaxcala\/author\/redaccion\/\"><span class=\"cs-meta-author-name\">Redacci\u00f3n Grupo Hoy<\/span><\/a><\/div><div class=\"cs-meta-date\">19 de marzo de 2026<\/div><\/div>\t\t<\/div>\r\n\t<\/div>\r\n<\/article>\r\n\r\n<article class=\"post-5864 post type-post status-publish format-standard has-post-thumbnail category-deportes cs-entry cs-video-wrap\">\r\n\t<div class=\"cs-entry__outer\">\r\n\t\t\r\n\t\t<div class=\"cs-entry__inner cs-entry__content\">\r\n\r\n\t\t\t<div class=\"cs-entry__post-meta\" ><div class=\"cs-meta-category\"><ul class=\"post-categories\">\n\t<li><a href=\"https:\/\/grupohoymexico.com\/tlaxcala\/category\/deportes\/\" rel=\"category tag\">Deportes<\/a><\/li><\/ul><\/div><\/div>\r\n\t\t\t<h2 class=\"cs-entry__title\"><a href=\"https:\/\/grupohoymexico.com\/tlaxcala\/deportes\/seleccion-mexicana-gana-en-su-debut-en-el-clasico-mundial-de-beisbol-2026-frente-a-gran-bretana\/\">Selecci\u00f3n Mexicana gana en su debut en el Cl\u00e1sico Mundial de B\u00e9isbol 2026 frente a Gran Breta\u00f1a<\/a><\/h2>\r\n\t\t\t\r\n\t\t\t<div class=\"cs-entry__post-meta\" ><div class=\"cs-meta-author\"><span class=\"cs-meta-author-by\">por<\/span><a class=\"cs-meta-author-link url fn n\" href=\"https:\/\/grupohoymexico.com\/tlaxcala\/author\/jair\/\"><span class=\"cs-meta-author-name\">jair<\/span><\/a><\/div><div class=\"cs-meta-date\">06 de marzo de 2026<\/div><\/div>\t\t<\/div>\r\n\t<\/div>\r\n<\/article>\r\n\t\t\t\t\t\t\t\t<\/div>\r\n\t\t\t\t\t\t\t<\/div>\r\n\t\t\t\t\t\t<\/div>\r\n\t\t\t\t\t\t\t\t<\/section>\r\n\t\t\t\t\t\t<\/div>\n\t\t\t\t<\/div>\n\t\t\t\t<\/div>\n\t\t\t\t<div class=\"elementor-element elementor-element-6aee8d3 cs-dividervertical elementor-widget-laptop__width-inherit cs-divider-laptophorizontal cs-divider-tablethorizontal cs-divider-mobilehorizontal elementor-widget elementor-widget-cs-divider\" data-id=\"6aee8d3\" data-element_type=\"widget\" data-e-type=\"widget\" data-widget_type=\"cs-divider.default\">\n\t\t\t\t<div class=\"elementor-widget-container\">\n\t\t\t\t\t\t\t<section class=\"cs-divider cs-divider-vertical\"><\/section>\r\n\t\t\t\t\t\t<\/div>\n\t\t\t\t<\/div>\n\t\t<div class=\"elementor-element elementor-element-29cb6a6 e-con-full e-flex e-con e-child\" data-id=\"29cb6a6\" data-element_type=\"container\" data-e-type=\"container\">\n\t\t\t\t<div class=\"elementor-element elementor-element-8dbe1ce elementor-widget elementor-widget-cs-posts\" data-id=\"8dbe1ce\" data-element_type=\"widget\" data-e-type=\"widget\" data-widget_type=\"cs-posts.default\">\n\t\t\t\t<div class=\"elementor-widget-container\">\n\t\t\t\t\t\t\t\t<section class=\"cs-posts cs-posts__standard\">\r\n\t\t\t\t\t\t\t\t\t\t<div class=\"cs-posts-area cs-posts-area-elementor \" data-posts-area=\"\">\r\n\t\t\t\t\t\t\t<div class=\"cs-posts-area__outer\">\r\n\t\t\t\t\t\t\t\t<div\r\n\t\t\t\t\t\t\t\tclass=\"cs-posts-area__main\"\r\n\t\t\t\t\t\t\t\tdata-pc=\"1\"\r\n\t\t\t\t\t\t\t\tdata-lt=\"1\"\r\n\t\t\t\t\t\t\t\tdata-tb=\"1\"\r\n\t\t\t\t\t\t\t\tdata-mb=\"1\"\r\n\t\t\t\t\t\t\t\t>\r\n\t\t\t\t\t\t\t\t\t\r\n<article class=\"post-5842 post type-post status-publish format-standard has-post-thumbnail category-deportes tag-charlyn-corral tag-mundial-2026 tag-palacio-nacional cs-entry cs-video-wrap\">\r\n\t<div class=\"cs-entry__outer\">\r\n\t\t\t\t\t<div class=\"cs-entry__inner cs-entry__overlay cs-entry__thumbnail cs-overlay-ratio cs-ratio-landscape-16-9\">\r\n\r\n\t\t\t\t<div class=\"cs-overlay-background\">\r\n\t\t\t\t\t<img loading=\"lazy\" decoding=\"async\" width=\"332\" height=\"192\" src=\"https:\/\/grupohoymexico.com\/tlaxcala\/wp-content\/uploads\/sites\/4\/2026\/03\/charlyn_corral_futbol_femenil_mexicano-332x192.jpg\" class=\"attachment-csco-thumbnail-uncropped size-csco-thumbnail-uncropped wp-post-image\" alt=\"Charlyn Corral impulsa el futbol femenil mexicano en Palacio Nacional\" srcset=\"https:\/\/grupohoymexico.com\/tlaxcala\/wp-content\/uploads\/sites\/4\/2026\/03\/charlyn_corral_futbol_femenil_mexicano-332x192.jpg 332w, https:\/\/grupohoymexico.com\/tlaxcala\/wp-content\/uploads\/sites\/4\/2026\/03\/charlyn_corral_futbol_femenil_mexicano-300x173.jpg 300w, https:\/\/grupohoymexico.com\/tlaxcala\/wp-content\/uploads\/sites\/4\/2026\/03\/charlyn_corral_futbol_femenil_mexicano-1024x592.jpg 1024w, https:\/\/grupohoymexico.com\/tlaxcala\/wp-content\/uploads\/sites\/4\/2026\/03\/charlyn_corral_futbol_femenil_mexicano-768x444.jpg 768w, https:\/\/grupohoymexico.com\/tlaxcala\/wp-content\/uploads\/sites\/4\/2026\/03\/charlyn_corral_futbol_femenil_mexicano-664x384.jpg 664w, https:\/\/grupohoymexico.com\/tlaxcala\/wp-content\/uploads\/sites\/4\/2026\/03\/charlyn_corral_futbol_femenil_mexicano-688x398.jpg 688w, https:\/\/grupohoymexico.com\/tlaxcala\/wp-content\/uploads\/sites\/4\/2026\/03\/charlyn_corral_futbol_femenil_mexicano-1044x604.jpg 1044w, https:\/\/grupohoymexico.com\/tlaxcala\/wp-content\/uploads\/sites\/4\/2026\/03\/charlyn_corral_futbol_femenil_mexicano.jpg 1280w\" sizes=\"(max-width: 332px) 100vw, 332px\" \/>\t\t\t\t\t<img loading=\"lazy\" decoding=\"async\" width=\"1280\" height=\"650\" src=\"https:\/\/grupohoymexico.com\/tlaxcala\/wp-content\/uploads\/sites\/4\/2026\/03\/charlyn_corral_futbol_femenil_mexicano-1280x650.jpg\" class=\"attachment-csco-extra-large size-csco-extra-large wp-post-image\" alt=\"Charlyn Corral impulsa el futbol femenil mexicano en Palacio Nacional\" \/>\t\t\t\t<\/div>\r\n\r\n\t\t\t\t\r\n\t\t\t\t\r\n\t\t\t\t<a href=\"https:\/\/grupohoymexico.com\/tlaxcala\/deportes\/charlyn-corral-impulsa-el-futbol-femenil-mexicano-en-palacio-nacional\/\" class=\"cs-overlay-link\" title=\"Charlyn Corral impulsa el futbol femenil mexicano en Palacio Nacional\"><\/a>\r\n\t\t\t<\/div>\r\n\t\t\r\n\t\t<div class=\"cs-entry__inner cs-entry__content\">\r\n\r\n\t\t\t<div class=\"cs-entry__post-meta\" ><div class=\"cs-meta-category\"><ul class=\"post-categories\">\n\t<li><a href=\"https:\/\/grupohoymexico.com\/tlaxcala\/category\/deportes\/\" rel=\"category tag\">Deportes<\/a><\/li><\/ul><\/div><\/div>\r\n\t\t\t<h2 class=\"cs-entry__title\"><a href=\"https:\/\/grupohoymexico.com\/tlaxcala\/deportes\/charlyn-corral-impulsa-el-futbol-femenil-mexicano-en-palacio-nacional\/\">Charlyn Corral impulsa el futbol femenil mexicano en Palacio Nacional<\/a><\/h2>\r\n\t\t\t\t\t\t\t\t<div class=\"cs-entry__excerpt\">\r\n\t\t\t\t\t\tLa futbolista Charlyn Corral particip\u00f3 el 5 de marzo de 2026 en Palacio Nacional como jurado en un acto convocado por la presidenta Claudia Sheinbaum. El evento sirvi\u00f3 para elegir a la&hellip;\t\t\t\t\t<\/div>\r\n\t\t\t\t\t\r\n\t\t\t<div class=\"cs-entry__post-meta\" ><div class=\"cs-meta-author\"><span class=\"cs-meta-author-by\">por<\/span><a class=\"cs-meta-author-link url fn n\" href=\"https:\/\/grupohoymexico.com\/tlaxcala\/author\/redaccion\/\"><span class=\"cs-meta-author-name\">Redacci\u00f3n Grupo Hoy<\/span><\/a><\/div><div class=\"cs-meta-date\">05 de marzo de 2026<\/div><\/div>\t\t<\/div>\r\n\t<\/div>\r\n<\/article>\r\n\t\t\t\t\t\t\t\t<\/div>\r\n\t\t\t\t\t\t\t<\/div>\r\n\t\t\t\t\t\t<\/div>\r\n\t\t\t\t\t\t\t\t<\/section>\r\n\t\t\t\t\t\t<\/div>\n\t\t\t\t<\/div>\n\t\t\t\t<div class=\"elementor-element elementor-element-614d627 cs-dividerhorizontal cs-divider-laptophorizontal cs-divider-tablethorizontal cs-divider-mobilehorizontal elementor-widget elementor-widget-cs-divider\" data-id=\"614d627\" data-element_type=\"widget\" data-e-type=\"widget\" data-widget_type=\"cs-divider.default\">\n\t\t\t\t<div class=\"elementor-widget-container\">\n\t\t\t\t\t\t\t<section class=\"cs-divider cs-divider-horizontal\"><\/section>\r\n\t\t\t\t\t\t<\/div>\n\t\t\t\t<\/div>\n\t\t\t\t<div class=\"elementor-element elementor-element-cf9ecc3 elementor-widget elementor-widget-cs-posts\" data-id=\"cf9ecc3\" data-element_type=\"widget\" data-e-type=\"widget\" data-widget_type=\"cs-posts.default\">\n\t\t\t\t<div class=\"elementor-widget-container\">\n\t\t\t\t\t\t\t\t<section class=\"cs-posts cs-posts__horizontal\">\r\n\t\t\t\t\t\t\t\t\t\t<div class=\"cs-posts-area cs-posts-area-elementor \" data-posts-area=\"\">\r\n\t\t\t\t\t\t\t<div class=\"cs-posts-area__outer\">\r\n\t\t\t\t\t\t\t\t<div\r\n\t\t\t\t\t\t\t\tclass=\"cs-posts-area__main\"\r\n\t\t\t\t\t\t\t\tdata-pc=\"1\"\r\n\t\t\t\t\t\t\t\tdata-lt=\"1\"\r\n\t\t\t\t\t\t\t\tdata-tb=\"1\"\r\n\t\t\t\t\t\t\t\tdata-mb=\"1\"\r\n\t\t\t\t\t\t\t\t>\r\n\t\t\t\t\t\t\t\t\t\r\n<article class=\"post-5779 post type-post status-publish format-standard has-post-thumbnail category-deportes tag-fifa tag-mexico-en-el-mundial-2026 tag-mundial-2026 cs-entry cs-video-wrap\">\r\n\t<div class=\"cs-entry__outer cs-entry__outer-medium cs-entry__outer-thumbnail-right\">\r\n\t\t\t\t\t<div class=\"cs-entry__inner cs-entry__overlay cs-entry__thumbnail cs-overlay-ratio cs-ratio-landscape-16-9\">\r\n\r\n\t\t\t\t<div class=\"cs-overlay-background\">\r\n\t\t\t\t\t<img loading=\"lazy\" decoding=\"async\" width=\"332\" height=\"177\" src=\"https:\/\/grupohoymexico.com\/tlaxcala\/wp-content\/uploads\/sites\/4\/2025\/09\/Mascotas-Mundial-2026-332x177.webp\" class=\"attachment-csco-thumbnail-uncropped size-csco-thumbnail-uncropped wp-post-image\" alt=\"FIFA presenta las mascotas oficiales del Mundial 2026: Maple, Zayu y Clutch\" srcset=\"https:\/\/grupohoymexico.com\/tlaxcala\/wp-content\/uploads\/sites\/4\/2025\/09\/Mascotas-Mundial-2026-332x177.webp 332w, https:\/\/grupohoymexico.com\/tlaxcala\/wp-content\/uploads\/sites\/4\/2025\/09\/Mascotas-Mundial-2026-300x160.webp 300w, https:\/\/grupohoymexico.com\/tlaxcala\/wp-content\/uploads\/sites\/4\/2025\/09\/Mascotas-Mundial-2026-1024x545.webp 1024w, https:\/\/grupohoymexico.com\/tlaxcala\/wp-content\/uploads\/sites\/4\/2025\/09\/Mascotas-Mundial-2026-768x409.webp 768w, https:\/\/grupohoymexico.com\/tlaxcala\/wp-content\/uploads\/sites\/4\/2025\/09\/Mascotas-Mundial-2026-664x353.webp 664w, https:\/\/grupohoymexico.com\/tlaxcala\/wp-content\/uploads\/sites\/4\/2025\/09\/Mascotas-Mundial-2026-688x366.webp 688w, https:\/\/grupohoymexico.com\/tlaxcala\/wp-content\/uploads\/sites\/4\/2025\/09\/Mascotas-Mundial-2026-1044x555.webp 1044w, https:\/\/grupohoymexico.com\/tlaxcala\/wp-content\/uploads\/sites\/4\/2025\/09\/Mascotas-Mundial-2026.webp 1201w\" sizes=\"(max-width: 332px) 100vw, 332px\" \/>\t\t\t\t\t<img loading=\"lazy\" decoding=\"async\" width=\"332\" height=\"186\" src=\"https:\/\/grupohoymexico.com\/tlaxcala\/wp-content\/uploads\/sites\/4\/2025\/09\/Mascotas-Mundial-2026-332x186.webp\" class=\"attachment-csco-thumbnail size-csco-thumbnail wp-post-image\" alt=\"FIFA presenta las mascotas oficiales del Mundial 2026: Maple, Zayu y Clutch\" srcset=\"https:\/\/grupohoymexico.com\/tlaxcala\/wp-content\/uploads\/sites\/4\/2025\/09\/Mascotas-Mundial-2026-332x186.webp 332w, https:\/\/grupohoymexico.com\/tlaxcala\/wp-content\/uploads\/sites\/4\/2025\/09\/Mascotas-Mundial-2026-664x372.webp 664w, https:\/\/grupohoymexico.com\/tlaxcala\/wp-content\/uploads\/sites\/4\/2025\/09\/Mascotas-Mundial-2026-688x387.webp 688w, https:\/\/grupohoymexico.com\/tlaxcala\/wp-content\/uploads\/sites\/4\/2025\/09\/Mascotas-Mundial-2026-1044x587.webp 1044w\" sizes=\"(max-width: 332px) 100vw, 332px\" \/>\t\t\t\t<\/div>\r\n\r\n\t\t\t\t\r\n\t\t\t\t\r\n\t\t\t\t<a href=\"https:\/\/grupohoymexico.com\/tlaxcala\/deportes\/mundial-2026-seis-selecciones-eligen-a-mexico-como-base-de-entrenamiento\/\" class=\"cs-overlay-link\" title=\"Mundial 2026: Seis selecciones eligen a M\u00e9xico como base de entrenamiento\"><\/a>\r\n\t\t\t<\/div>\r\n\t\t\r\n\t\t<div class=\"cs-entry__inner cs-entry__content cs-entry__content-horizontal\">\r\n\t\t\t<div class=\"cs-entry__post-meta\" ><div class=\"cs-meta-category\"><ul class=\"post-categories\">\n\t<li><a href=\"https:\/\/grupohoymexico.com\/tlaxcala\/category\/deportes\/\" rel=\"category tag\">Deportes<\/a><\/li><\/ul><\/div><\/div>\r\n\t\t\t<h2 class=\"cs-entry__title\"><a href=\"https:\/\/grupohoymexico.com\/tlaxcala\/deportes\/mundial-2026-seis-selecciones-eligen-a-mexico-como-base-de-entrenamiento\/\">Mundial 2026: Seis selecciones eligen a M\u00e9xico como base de entrenamiento<\/a><\/h2>\r\n\t\t\t\r\n\t\t\t<div class=\"cs-entry__post-meta\" ><div class=\"cs-meta-author\"><span class=\"cs-meta-author-by\">por<\/span><a class=\"cs-meta-author-link url fn n\" href=\"https:\/\/grupohoymexico.com\/tlaxcala\/author\/redaccion\/\"><span class=\"cs-meta-author-name\">Redacci\u00f3n Grupo Hoy<\/span><\/a><\/div><div class=\"cs-meta-date\">03 de marzo de 2026<\/div><\/div>\t\t<\/div>\r\n\t<\/div>\r\n<\/article>\r\n\t\t\t\t\t\t\t\t<\/div>\r\n\t\t\t\t\t\t\t<\/div>\r\n\t\t\t\t\t\t<\/div>\r\n\t\t\t\t\t\t\t\t<\/section>\r\n\t\t\t\t\t\t<\/div>\n\t\t\t\t<\/div>\n\t\t\t\t<\/div>\n\t\t\t\t<div class=\"elementor-element elementor-element-feab530 cs-dividervertical cs-divider-laptopvertical cs-divider-tabletvertical cs-divider-mobilehorizontal elementor-widget elementor-widget-cs-divider\" data-id=\"feab530\" data-element_type=\"widget\" data-e-type=\"widget\" data-widget_type=\"cs-divider.default\">\n\t\t\t\t<div class=\"elementor-widget-container\">\n\t\t\t\t\t\t\t<section class=\"cs-divider cs-divider-vertical\"><\/section>\r\n\t\t\t\t\t\t<\/div>\n\t\t\t\t<\/div>\n\t\t<div class=\"elementor-element elementor-element-9f086d5 e-con-full e-flex e-con e-child\" data-id=\"9f086d5\" data-element_type=\"container\" data-e-type=\"container\">\n\t\t\t\t<div class=\"elementor-element elementor-element-74a80d4 elementor-widget elementor-widget-cs-posts\" data-id=\"74a80d4\" data-element_type=\"widget\" data-e-type=\"widget\" data-widget_type=\"cs-posts.default\">\n\t\t\t\t<div class=\"elementor-widget-container\">\n\t\t\t\t\t\t\t\t<section class=\"cs-posts cs-posts__standard\">\r\n\t\t\t\t\t\t\t\t\t\t<div class=\"cs-posts-area cs-posts-area-elementor \" data-posts-area=\"\">\r\n\t\t\t\t\t\t\t<div class=\"cs-posts-area__outer\">\r\n\t\t\t\t\t\t\t\t<div\r\n\t\t\t\t\t\t\t\tclass=\"cs-posts-area__main cs-posts-area__main-divider\"\r\n\t\t\t\t\t\t\t\tdata-pc=\"1\"\r\n\t\t\t\t\t\t\t\tdata-lt=\"1\"\r\n\t\t\t\t\t\t\t\tdata-tb=\"1\"\r\n\t\t\t\t\t\t\t\tdata-mb=\"1\"\r\n\t\t\t\t\t\t\t\t>\r\n\t\t\t\t\t\t\t\t\t\r\n<article class=\"post-5721 post type-post status-publish format-standard has-post-thumbnail category-deportes tag-cllub-tijuana tag-gilberto-mora tag-mundial-2026 cs-entry cs-video-wrap\">\r\n\t<div class=\"cs-entry__outer\">\r\n\t\t\r\n\t\t<div class=\"cs-entry__inner cs-entry__content\">\r\n\r\n\t\t\t<div class=\"cs-entry__post-meta\" ><div class=\"cs-meta-category\"><ul class=\"post-categories\">\n\t<li><a href=\"https:\/\/grupohoymexico.com\/tlaxcala\/category\/deportes\/\" rel=\"category tag\">Deportes<\/a><\/li><\/ul><\/div><\/div>\r\n\t\t\t<h2 class=\"cs-entry__title\"><a href=\"https:\/\/grupohoymexico.com\/tlaxcala\/deportes\/gilberto-mora-estara-en-el-mundial-2026\/\">\u00bfGilberto Mora estar\u00e1 en el Mundial 2026?<\/a><\/h2>\r\n\t\t\t\r\n\t\t\t<div class=\"cs-entry__post-meta\" ><div class=\"cs-meta-author\"><span class=\"cs-meta-author-by\">por<\/span><a class=\"cs-meta-author-link url fn n\" href=\"https:\/\/grupohoymexico.com\/tlaxcala\/author\/redaccion\/\"><span class=\"cs-meta-author-name\">Redacci\u00f3n Grupo Hoy<\/span><\/a><\/div><div class=\"cs-meta-date\">02 de marzo de 2026<\/div><\/div>\t\t<\/div>\r\n\t<\/div>\r\n<\/article>\r\n\r\n<article class=\"post-5724 post type-post status-publish format-standard has-post-thumbnail category-deportes tag-katia-itzel-garcia tag-mundial-2026 tag-unam cs-entry cs-video-wrap\">\r\n\t<div class=\"cs-entry__outer\">\r\n\t\t\r\n\t\t<div class=\"cs-entry__inner cs-entry__content\">\r\n\r\n\t\t\t<div class=\"cs-entry__post-meta\" ><div class=\"cs-meta-category\"><ul class=\"post-categories\">\n\t<li><a href=\"https:\/\/grupohoymexico.com\/tlaxcala\/category\/deportes\/\" rel=\"category tag\">Deportes<\/a><\/li><\/ul><\/div><\/div>\r\n\t\t\t<h2 class=\"cs-entry__title\"><a href=\"https:\/\/grupohoymexico.com\/tlaxcala\/deportes\/quien-es-katia-itzel-garcia-la-arbitra-mexicana-que-apunta-al-mundial-2026\/\">\u00bfQui\u00e9n es Katia Itzel Garc\u00eda, la \u00e1rbitra mexicana que apunta al Mundial 2026?<\/a><\/h2>\r\n\t\t\t\r\n\t\t\t<div class=\"cs-entry__post-meta\" ><div class=\"cs-meta-author\"><span class=\"cs-meta-author-by\">por<\/span><a class=\"cs-meta-author-link url fn n\" href=\"https:\/\/grupohoymexico.com\/tlaxcala\/author\/redaccion\/\"><span class=\"cs-meta-author-name\">Redacci\u00f3n Grupo Hoy<\/span><\/a><\/div><div class=\"cs-meta-date\">02 de marzo de 2026<\/div><\/div>\t\t<\/div>\r\n\t<\/div>\r\n<\/article>\r\n\r\n<article class=\"post-5603 post type-post status-publish format-standard has-post-thumbnail category-deportes tag-antonio-mohamed tag-liga-mx tag-toluca cs-entry cs-video-wrap\">\r\n\t<div class=\"cs-entry__outer\">\r\n\t\t\r\n\t\t<div class=\"cs-entry__inner cs-entry__content\">\r\n\r\n\t\t\t<div class=\"cs-entry__post-meta\" ><div class=\"cs-meta-category\"><ul class=\"post-categories\">\n\t<li><a href=\"https:\/\/grupohoymexico.com\/tlaxcala\/category\/deportes\/\" rel=\"category tag\">Deportes<\/a><\/li><\/ul><\/div><\/div>\r\n\t\t\t<h2 class=\"cs-entry__title\"><a href=\"https:\/\/grupohoymexico.com\/tlaxcala\/deportes\/cuantas-veces-y-de-que-clubes-ha-sido-director-tecnico-antonio-mohamed\/\">\u00bfCu\u00e1ntas veces y de qu\u00e9 clubes ha sido director t\u00e9cnico Antonio Mohamed?<\/a><\/h2>\r\n\t\t\t\r\n\t\t\t<div class=\"cs-entry__post-meta\" ><div class=\"cs-meta-author\"><span class=\"cs-meta-author-by\">por<\/span><a class=\"cs-meta-author-link url fn n\" href=\"https:\/\/grupohoymexico.com\/tlaxcala\/author\/redaccion\/\"><span class=\"cs-meta-author-name\">Redacci\u00f3n Grupo Hoy<\/span><\/a><\/div><div class=\"cs-meta-date\">26 de febrero de 2026<\/div><\/div>\t\t<\/div>\r\n\t<\/div>\r\n<\/article>\r\n\r\n<article class=\"post-5594 post type-post status-publish format-standard has-post-thumbnail category-deportes tag-cruz-azul tag-cruz-azul-femenil tag-diego-testas cs-entry cs-video-wrap\">\r\n\t<div class=\"cs-entry__outer\">\r\n\t\t\r\n\t\t<div class=\"cs-entry__inner cs-entry__content\">\r\n\r\n\t\t\t<div class=\"cs-entry__post-meta\" ><div class=\"cs-meta-category\"><ul class=\"post-categories\">\n\t<li><a href=\"https:\/\/grupohoymexico.com\/tlaxcala\/category\/deportes\/\" rel=\"category tag\">Deportes<\/a><\/li><\/ul><\/div><\/div>\r\n\t\t\t<h2 class=\"cs-entry__title\"><a href=\"https:\/\/grupohoymexico.com\/tlaxcala\/deportes\/diego-testas-deja-la-dt-de-cruz-azul-femenil-para-el-clausura-2026\/\">Diego Testas deja la DT de Cruz Azul femenil para el Clausura 2026<\/a><\/h2>\r\n\t\t\t\r\n\t\t\t<div class=\"cs-entry__post-meta\" ><div class=\"cs-meta-author\"><span class=\"cs-meta-author-by\">por<\/span><a class=\"cs-meta-author-link url fn n\" href=\"https:\/\/grupohoymexico.com\/tlaxcala\/author\/redaccion\/\"><span class=\"cs-meta-author-name\">Redacci\u00f3n Grupo Hoy<\/span><\/a><\/div><div class=\"cs-meta-date\">26 de febrero de 2026<\/div><\/div>\t\t<\/div>\r\n\t<\/div>\r\n<\/article>\r\n\t\t\t\t\t\t\t\t<\/div>\r\n\t\t\t\t\t\t\t<\/div>\r\n\t\t\t\t\t\t<\/div>\r\n\t\t\t\t\t\t\t\t<\/section>\r\n\t\t\t\t\t\t<\/div>\n\t\t\t\t<\/div>\n\t\t\t\t<div class=\"elementor-element elementor-element-b23b6f5 elementor-widget elementor-widget-image\" data-id=\"b23b6f5\" data-element_type=\"widget\" data-e-type=\"widget\" data-widget_type=\"image.default\">\n\t\t\t\t<div class=\"elementor-widget-container\">\n\t\t\t\t\t\t\t\t\t\t\t\t\t\t\t<img decoding=\"async\" src=\"https:\/\/grupohoymexico.com\/wp-content\/uploads\/2025\/05\/box-banner-la-joya-300x300.png\" title=\"\" alt=\"\" loading=\"lazy\" \/>\t\t\t\t\t\t\t\t\t\t\t\t\t\t\t<\/div>\n\t\t\t\t<\/div>\n\t\t\t\t<div class=\"elementor-element elementor-element-c184e0e cs-dividerhorizontal cs-divider-laptophorizontal cs-divider-tablethorizontal cs-divider-mobilehorizontal elementor-widget elementor-widget-cs-divider\" data-id=\"c184e0e\" data-element_type=\"widget\" data-e-type=\"widget\" data-widget_type=\"cs-divider.default\">\n\t\t\t\t<div class=\"elementor-widget-container\">\n\t\t\t\t\t\t\t<section class=\"cs-divider cs-divider-horizontal\"><\/section>\r\n\t\t\t\t\t\t<\/div>\n\t\t\t\t<\/div>\n\t\t\t\t<\/div>\n\t\t\t\t<\/div>\n\t\t\t\t<div class=\"elementor-element elementor-element-3eed156 cs-dividerhorizontal cs-divider-laptophorizontal cs-divider-tablethorizontal cs-divider-mobilehorizontal elementor-widget elementor-widget-cs-divider\" data-id=\"3eed156\" data-element_type=\"widget\" data-e-type=\"widget\" data-widget_type=\"cs-divider.default\">\n\t\t\t\t<div class=\"elementor-widget-container\">\n\t\t\t\t\t\t\t<section class=\"cs-divider cs-divider-horizontal\"><\/section>\r\n\t\t\t\t\t\t<\/div>\n\t\t\t\t<\/div>\n\t\t\t\t\t<\/div>\n\t\t\t\t<\/div>\n\t\t\t\t<\/div>\n\t\t","protected":false},"excerpt":{"rendered":"Nacional Seguridad Detienen a dos exfuncionarios vinculados al asesinato de Carlos Manzo La Fiscal\u00eda General del Estado de&hellip;","protected":false},"author":1,"featured_media":0,"parent":0,"menu_order":0,"comment_status":"closed","ping_status":"closed","template":"elementor_header_footer","meta":{"csco_display_header_overlay":false,"csco_singular_sidebar":"disabled","csco_page_header_type":"none","csco_page_load_nextpost":"","csco_post_video_location":[],"csco_post_video_location_hash":"","csco_post_video_url":"","csco_post_video_bg_start_time":0,"csco_post_video_bg_end_time":0,"footnotes":""},"class_list":["post-6","page","type-page","status-publish","cs-entry","cs-video-wrap"],"yoast_head":"<!-- This site is optimized with the Yoast SEO Premium plugin v26.0 (Yoast SEO v28.0) - https:\/\/yoast.com\/product\/yoast-seo-premium-wordpress\/ -->\n<title>Tlaxcala Hoy | El portal l\u00edder en noticias en Tlaxcala<\/title>\n<meta name=\"description\" content=\"Sitio l\u00edder de noticias en Tlaxcala. Pol\u00edtica, deportes, espect\u00e1culos, econom\u00eda y m\u00e1s: Somos periodismo local con impacto nacional\" \/>\n<meta name=\"robots\" content=\"index, follow, max-snippet:-1, max-image-preview:large, max-video-preview:-1\" \/>\n<link rel=\"canonical\" href=\"https:\/\/grupohoymexico.com\/tlaxcala\/\" \/>\n<meta property=\"og:locale\" content=\"es_MX\" \/>\n<meta property=\"og:type\" content=\"article\" \/>\n<meta property=\"og:title\" content=\"Tlaxcala Hoy\" \/>\n<meta property=\"og:description\" content=\"Sitio l\u00edder de noticias en Tlaxcala. Pol\u00edtica, deportes, espect\u00e1culos, econom\u00eda y m\u00e1s: Somos periodismo local con impacto nacional\" \/>\n<meta property=\"og:url\" content=\"https:\/\/grupohoymexico.com\/tlaxcala\/\" \/>\n<meta property=\"og:site_name\" content=\"Tlaxcala Hoy\" \/>\n<meta property=\"article:modified_time\" content=\"2026-06-25T22:55:41+00:00\" \/>\n<meta property=\"og:image\" content=\"https:\/\/grupohoymexico.com\/tlaxcala\/wp-content\/uploads\/sites\/4\/2026\/06\/Caso-Carlos-Manzo-332x177.jpg\" \/>\n<meta name=\"twitter:card\" content=\"summary_large_image\" \/>\n<meta name=\"twitter:label1\" content=\"Tiempo de lectura\" \/>\n\t<meta name=\"twitter:data1\" content=\"17 minutos\" \/>\n<script type=\"application\/ld+json\" class=\"yoast-schema-graph\">{\"@context\":\"https:\\\/\\\/schema.org\",\"@graph\":[{\"@type\":\"WebPage\",\"@id\":\"https:\\\/\\\/grupohoymexico.com\\\/tlaxcala\\\/\",\"url\":\"https:\\\/\\\/grupohoymexico.com\\\/tlaxcala\\\/\",\"name\":\"Tlaxcala Hoy | El portal l\u00edder en noticias en Tlaxcala\",\"isPartOf\":{\"@id\":\"https:\\\/\\\/grupohoymexico.com\\\/tlaxcala\\\/#website\"},\"primaryImageOfPage\":{\"@id\":\"https:\\\/\\\/grupohoymexico.com\\\/tlaxcala\\\/#primaryimage\"},\"image\":{\"@id\":\"https:\\\/\\\/grupohoymexico.com\\\/tlaxcala\\\/#primaryimage\"},\"thumbnailUrl\":\"https:\\\/\\\/grupohoymexico.com\\\/tlaxcala\\\/wp-content\\\/uploads\\\/sites\\\/4\\\/2026\\\/06\\\/Caso-Carlos-Manzo-332x177.jpg\",\"datePublished\":\"2023-12-18T05:23:16+00:00\",\"dateModified\":\"2026-06-25T22:55:41+00:00\",\"description\":\"Sitio l\u00edder de noticias en Tlaxcala. Pol\u00edtica, deportes, espect\u00e1culos, econom\u00eda y m\u00e1s: Somos periodismo local con impacto nacional\",\"breadcrumb\":{\"@id\":\"https:\\\/\\\/grupohoymexico.com\\\/tlaxcala\\\/#breadcrumb\"},\"inLanguage\":\"es\",\"potentialAction\":[{\"@type\":\"ReadAction\",\"target\":[\"https:\\\/\\\/grupohoymexico.com\\\/tlaxcala\\\/\"]}]},{\"@type\":\"ImageObject\",\"inLanguage\":\"es\",\"@id\":\"https:\\\/\\\/grupohoymexico.com\\\/tlaxcala\\\/#primaryimage\",\"url\":\"https:\\\/\\\/grupohoymexico.com\\\/tlaxcala\\\/wp-content\\\/uploads\\\/sites\\\/4\\\/2026\\\/06\\\/Caso-Carlos-Manzo.jpg\",\"contentUrl\":\"https:\\\/\\\/grupohoymexico.com\\\/tlaxcala\\\/wp-content\\\/uploads\\\/sites\\\/4\\\/2026\\\/06\\\/Caso-Carlos-Manzo.jpg\",\"width\":1200,\"height\":638,\"caption\":\"Foto: Grupo Hoy\"},{\"@type\":\"BreadcrumbList\",\"@id\":\"https:\\\/\\\/grupohoymexico.com\\\/tlaxcala\\\/#breadcrumb\",\"itemListElement\":[{\"@type\":\"ListItem\",\"position\":1,\"name\":\"Inicio\",\"item\":\"https:\\\/\\\/grupohoymexico.com\\\/tlaxcala\\\/\"},{\"@type\":\"ListItem\",\"position\":2,\"name\":\"Tlaxcala Hoy\"}]},{\"@type\":\"WebSite\",\"@id\":\"https:\\\/\\\/grupohoymexico.com\\\/tlaxcala\\\/#website\",\"url\":\"https:\\\/\\\/grupohoymexico.com\\\/tlaxcala\\\/\",\"name\":\"Tlaxcala Hoy\",\"description\":\"El alma de la naci\u00f3n\",\"potentialAction\":[{\"@type\":\"SearchAction\",\"target\":{\"@type\":\"EntryPoint\",\"urlTemplate\":\"https:\\\/\\\/grupohoymexico.com\\\/tlaxcala\\\/?s={search_term_string}\"},\"query-input\":{\"@type\":\"PropertyValueSpecification\",\"valueRequired\":true,\"valueName\":\"search_term_string\"}}],\"inLanguage\":\"es\"}]}<\/script>\n<!-- \/ Yoast SEO Premium plugin. -->","yoast_head_json":{"title":"Tlaxcala Hoy | El portal l\u00edder en noticias en Tlaxcala","description":"Sitio l\u00edder de noticias en Tlaxcala. Pol\u00edtica, deportes, espect\u00e1culos, econom\u00eda y m\u00e1s: Somos periodismo local con impacto nacional","robots":{"index":"index","follow":"follow","max-snippet":"max-snippet:-1","max-image-preview":"max-image-preview:large","max-video-preview":"max-video-preview:-1"},"canonical":"https:\/\/grupohoymexico.com\/tlaxcala\/","og_locale":"es_MX","og_type":"article","og_title":"Tlaxcala Hoy","og_description":"Sitio l\u00edder de noticias en Tlaxcala. Pol\u00edtica, deportes, espect\u00e1culos, econom\u00eda y m\u00e1s: Somos periodismo local con impacto nacional","og_url":"https:\/\/grupohoymexico.com\/tlaxcala\/","og_site_name":"Tlaxcala Hoy","article_modified_time":"2026-06-25T22:55:41+00:00","og_image":[{"url":"https:\/\/grupohoymexico.com\/tlaxcala\/wp-content\/uploads\/sites\/4\/2026\/06\/Caso-Carlos-Manzo-332x177.jpg","type":"","width":"","height":""}],"twitter_card":"summary_large_image","twitter_misc":{"Tiempo de lectura":"17 minutos"},"schema":{"@context":"https:\/\/schema.org","@graph":[{"@type":"WebPage","@id":"https:\/\/grupohoymexico.com\/tlaxcala\/","url":"https:\/\/grupohoymexico.com\/tlaxcala\/","name":"Tlaxcala Hoy | El portal l\u00edder en noticias en Tlaxcala","isPartOf":{"@id":"https:\/\/grupohoymexico.com\/tlaxcala\/#website"},"primaryImageOfPage":{"@id":"https:\/\/grupohoymexico.com\/tlaxcala\/#primaryimage"},"image":{"@id":"https:\/\/grupohoymexico.com\/tlaxcala\/#primaryimage"},"thumbnailUrl":"https:\/\/grupohoymexico.com\/tlaxcala\/wp-content\/uploads\/sites\/4\/2026\/06\/Caso-Carlos-Manzo-332x177.jpg","datePublished":"2023-12-18T05:23:16+00:00","dateModified":"2026-06-25T22:55:41+00:00","description":"Sitio l\u00edder de noticias en Tlaxcala. Pol\u00edtica, deportes, espect\u00e1culos, econom\u00eda y m\u00e1s: Somos periodismo local con impacto nacional","breadcrumb":{"@id":"https:\/\/grupohoymexico.com\/tlaxcala\/#breadcrumb"},"inLanguage":"es","potentialAction":[{"@type":"ReadAction","target":["https:\/\/grupohoymexico.com\/tlaxcala\/"]}]},{"@type":"ImageObject","inLanguage":"es","@id":"https:\/\/grupohoymexico.com\/tlaxcala\/#primaryimage","url":"https:\/\/grupohoymexico.com\/tlaxcala\/wp-content\/uploads\/sites\/4\/2026\/06\/Caso-Carlos-Manzo.jpg","contentUrl":"https:\/\/grupohoymexico.com\/tlaxcala\/wp-content\/uploads\/sites\/4\/2026\/06\/Caso-Carlos-Manzo.jpg","width":1200,"height":638,"caption":"Foto: Grupo Hoy"},{"@type":"BreadcrumbList","@id":"https:\/\/grupohoymexico.com\/tlaxcala\/#breadcrumb","itemListElement":[{"@type":"ListItem","position":1,"name":"Inicio","item":"https:\/\/grupohoymexico.com\/tlaxcala\/"},{"@type":"ListItem","position":2,"name":"Tlaxcala Hoy"}]},{"@type":"WebSite","@id":"https:\/\/grupohoymexico.com\/tlaxcala\/#website","url":"https:\/\/grupohoymexico.com\/tlaxcala\/","name":"Tlaxcala Hoy","description":"El alma de la naci\u00f3n","potentialAction":[{"@type":"SearchAction","target":{"@type":"EntryPoint","urlTemplate":"https:\/\/grupohoymexico.com\/tlaxcala\/?s={search_term_string}"},"query-input":{"@type":"PropertyValueSpecification","valueRequired":true,"valueName":"search_term_string"}}],"inLanguage":"es"}]}},"_links":{"self":[{"href":"https:\/\/grupohoymexico.com\/tlaxcala\/wp-json\/wp\/v2\/pages\/6","targetHints":{"allow":["GET"]}}],"collection":[{"href":"https:\/\/grupohoymexico.com\/tlaxcala\/wp-json\/wp\/v2\/pages"}],"about":[{"href":"https:\/\/grupohoymexico.com\/tlaxcala\/wp-json\/wp\/v2\/types\/page"}],"author":[{"embeddable":true,"href":"https:\/\/grupohoymexico.com\/tlaxcala\/wp-json\/wp\/v2\/users\/1"}],"replies":[{"embeddable":true,"href":"https:\/\/grupohoymexico.com\/tlaxcala\/wp-json\/wp\/v2\/comments?post=6"}],"version-history":[{"count":27,"href":"https:\/\/grupohoymexico.com\/tlaxcala\/wp-json\/wp\/v2\/pages\/6\/revisions"}],"predecessor-version":[{"id":7567,"href":"https:\/\/grupohoymexico.com\/tlaxcala\/wp-json\/wp\/v2\/pages\/6\/revisions\/7567"}],"wp:attachment":[{"href":"https:\/\/grupohoymexico.com\/tlaxcala\/wp-json\/wp\/v2\/media?parent=6"}],"curies":[{"name":"wp","href":"https:\/\/api.w.org\/{rel}","templated":true}]}}