{"id":1988,"date":"2023-12-18T05:23:16","date_gmt":"2023-12-18T05:23:16","guid":{"rendered":"https:\/\/newsreader.codesupply.co\/city\/?page_id=6"},"modified":"2026-06-26T16:09:24","modified_gmt":"2026-06-26T16:09:24","slug":"homepage","status":"publish","type":"page","link":"https:\/\/grupohoymexico.com\/puebla\/","title":{"rendered":"Puebla Hoy"},"content":{"rendered":"\t\t<div data-elementor-type=\"wp-page\" data-elementor-id=\"1988\" class=\"elementor elementor-1988\">\n\t\t\t\t<div class=\"elementor-element elementor-element-7d505bd e-flex e-con-boxed e-con e-parent\" data-id=\"7d505bd\" data-element_type=\"container\" data-e-type=\"container\">\n\t\t\t\t\t<div class=\"e-con-inner\">\n\t\t<div class=\"elementor-element elementor-element-9c86909 e-con-full e-flex e-con e-child\" data-id=\"9c86909\" data-element_type=\"container\" data-e-type=\"container\">\n\t\t<div class=\"elementor-element elementor-element-8eb768a e-con-full e-flex e-con e-child\" data-id=\"8eb768a\" data-element_type=\"container\" data-e-type=\"container\">\n\t\t\t\t<div class=\"elementor-element elementor-element-fca3729 elementor-widget elementor-widget-cs-posts\" data-id=\"fca3729\" data-element_type=\"widget\" data-e-type=\"widget\" data-widget_type=\"cs-posts.default\">\n\t\t\t\t<div class=\"elementor-widget-container\">\n\t\t\t\t\t\t\t\t<section class=\"cs-posts cs-posts__horizontal\">\r\n\t\t\t\t\t\t\t\t\t\t<div class=\"cs-posts-area cs-posts-area-elementor \" data-posts-area=\"\">\r\n\t\t\t\t\t\t\t<div class=\"cs-posts-area__outer\">\r\n\t\t\t\t\t\t\t\t<div\r\n\t\t\t\t\t\t\t\tclass=\"cs-posts-area__main\"\r\n\t\t\t\t\t\t\t\tdata-pc=\"1\"\r\n\t\t\t\t\t\t\t\tdata-lt=\"1\"\r\n\t\t\t\t\t\t\t\tdata-tb=\"1\"\r\n\t\t\t\t\t\t\t\tdata-mb=\"1\"\r\n\t\t\t\t\t\t\t\t>\r\n\t\t\t\t\t\t\t\t\t\r\n<article class=\"post-84188 post type-post status-publish format-standard has-post-thumbnail category-cultura tag-agua tag-eduardo-rivera-s tag-octavio-de-la-torre tag-puebla-pierde cs-entry cs-video-wrap\">\r\n\t<div class=\"cs-entry__outer cs-entry__outer-xlarge cs-entry__outer-thumbnail-right\">\r\n\t\t\t\t\t<div class=\"cs-entry__inner cs-entry__overlay cs-entry__thumbnail cs-overlay-ratio cs-ratio-landscape-16-9\">\r\n\r\n\t\t\t\t<div class=\"cs-overlay-background\">\r\n\t\t\t\t\t<img fetchpriority=\"high\" decoding=\"async\" width=\"332\" height=\"187\" src=\"https:\/\/grupohoymexico.com\/puebla\/wp-content\/uploads\/sites\/3\/2026\/09\/imgregen-ai-84188-1788379892-332x187.jpg\" class=\"attachment-csco-thumbnail-uncropped size-csco-thumbnail-uncropped wp-post-image\" alt=\"\" srcset=\"https:\/\/grupohoymexico.com\/puebla\/wp-content\/uploads\/sites\/3\/2026\/09\/imgregen-ai-84188-1788379892-332x187.jpg 332w, https:\/\/grupohoymexico.com\/puebla\/wp-content\/uploads\/sites\/3\/2026\/09\/imgregen-ai-84188-1788379892-300x169.jpg 300w, https:\/\/grupohoymexico.com\/puebla\/wp-content\/uploads\/sites\/3\/2026\/09\/imgregen-ai-84188-1788379892-1024x576.jpg 1024w, https:\/\/grupohoymexico.com\/puebla\/wp-content\/uploads\/sites\/3\/2026\/09\/imgregen-ai-84188-1788379892-768x432.jpg 768w, https:\/\/grupohoymexico.com\/puebla\/wp-content\/uploads\/sites\/3\/2026\/09\/imgregen-ai-84188-1788379892-664x374.jpg 664w, https:\/\/grupohoymexico.com\/puebla\/wp-content\/uploads\/sites\/3\/2026\/09\/imgregen-ai-84188-1788379892-688x387.jpg 688w, https:\/\/grupohoymexico.com\/puebla\/wp-content\/uploads\/sites\/3\/2026\/09\/imgregen-ai-84188-1788379892-1044x587.jpg 1044w, https:\/\/grupohoymexico.com\/puebla\/wp-content\/uploads\/sites\/3\/2026\/09\/imgregen-ai-84188-1788379892.jpg 1200w\" sizes=\"(max-width: 332px) 100vw, 332px\" \/>\t\t\t\t\t<img decoding=\"async\" width=\"688\" height=\"387\" src=\"https:\/\/grupohoymexico.com\/puebla\/wp-content\/uploads\/sites\/3\/2026\/09\/imgregen-ai-84188-1788379892-688x387.jpg\" class=\"attachment-csco-medium size-csco-medium wp-post-image\" alt=\"\" srcset=\"https:\/\/grupohoymexico.com\/puebla\/wp-content\/uploads\/sites\/3\/2026\/09\/imgregen-ai-84188-1788379892-688x387.jpg 688w, https:\/\/grupohoymexico.com\/puebla\/wp-content\/uploads\/sites\/3\/2026\/09\/imgregen-ai-84188-1788379892-300x169.jpg 300w, https:\/\/grupohoymexico.com\/puebla\/wp-content\/uploads\/sites\/3\/2026\/09\/imgregen-ai-84188-1788379892-1024x576.jpg 1024w, https:\/\/grupohoymexico.com\/puebla\/wp-content\/uploads\/sites\/3\/2026\/09\/imgregen-ai-84188-1788379892-768x432.jpg 768w, https:\/\/grupohoymexico.com\/puebla\/wp-content\/uploads\/sites\/3\/2026\/09\/imgregen-ai-84188-1788379892-332x187.jpg 332w, https:\/\/grupohoymexico.com\/puebla\/wp-content\/uploads\/sites\/3\/2026\/09\/imgregen-ai-84188-1788379892-664x374.jpg 664w, https:\/\/grupohoymexico.com\/puebla\/wp-content\/uploads\/sites\/3\/2026\/09\/imgregen-ai-84188-1788379892-1044x587.jpg 1044w, https:\/\/grupohoymexico.com\/puebla\/wp-content\/uploads\/sites\/3\/2026\/09\/imgregen-ai-84188-1788379892.jpg 1200w\" sizes=\"(max-width: 688px) 100vw, 688px\" \/>\t\t\t\t<\/div>\r\n\r\n\t\t\t\t\r\n\t\t\t\t\r\n\t\t\t\t<a href=\"https:\/\/grupohoymexico.com\/puebla\/2026\/09\/02\/alemana-40-anos-puebla-susanne-kapitza\/\" class=\"cs-overlay-link\" title=\"Alemana vive 40 a\u00f1os en Puebla: historia de Susanne Kapitza\"><\/a>\r\n\t\t\t<\/div>\r\n\t\t\r\n\t\t<div class=\"cs-entry__inner cs-entry__content cs-entry__content-horizontal\">\r\n\t\t\t<div class=\"cs-entry__post-meta\" ><div class=\"cs-meta-category\"><ul class=\"post-categories\">\n\t<li><a href=\"https:\/\/grupohoymexico.com\/puebla\/category\/cultura\/\" rel=\"category tag\">Cultura<\/a><\/li><\/ul><\/div><\/div>\r\n\t\t\t<h2 class=\"cs-entry__title\"><a href=\"https:\/\/grupohoymexico.com\/puebla\/2026\/09\/02\/alemana-40-anos-puebla-susanne-kapitza\/\">Alemana vive 40 a\u00f1os en Puebla: historia de Susanne Kapitza<\/a><\/h2>\r\n\t\t\t\t\t\t\t\t<div class=\"cs-entry__excerpt\">\r\n\t\t\t\t\t\tSusanne Kapitza lleg\u00f3 a Puebla por una estancia temporal y construy\u00f3 su vida entre sabores, familia y tradiciones que unen Alemania y M\u00e9xico.\t\t\t\t\t<\/div>\r\n\t\t\t\t\t\r\n\t\t\t<div class=\"cs-entry__post-meta\" ><div class=\"cs-meta-author\"><span class=\"cs-meta-author-by\">por<\/span><a class=\"cs-meta-author-link url fn n\" href=\"https:\/\/grupohoymexico.com\/puebla\/author\/user\/\"><span class=\"cs-meta-author-name\">Grupo Hoy<\/span><\/a><\/div><div class=\"cs-meta-date\">septiembre 2, 2026<\/div><\/div>\t\t<\/div>\r\n\t<\/div>\r\n<\/article>\r\n\t\t\t\t\t\t\t\t<\/div>\r\n\t\t\t\t\t\t\t<\/div>\r\n\t\t\t\t\t\t<\/div>\r\n\t\t\t\t\t\t\t\t<\/section>\r\n\t\t\t\t\t\t<\/div>\n\t\t\t\t<\/div>\n\t\t\t\t<div class=\"elementor-element elementor-element-c831ae5 cs-dividerhorizontal cs-divider-laptophorizontal cs-divider-tablethorizontal cs-divider-mobilehorizontal elementor-widget elementor-widget-cs-divider\" data-id=\"c831ae5\" data-element_type=\"widget\" data-e-type=\"widget\" data-widget_type=\"cs-divider.default\">\n\t\t\t\t<div class=\"elementor-widget-container\">\n\t\t\t\t\t\t\t<section class=\"cs-divider cs-divider-horizontal\"><\/section>\r\n\t\t\t\t\t\t<\/div>\n\t\t\t\t<\/div>\n\t\t\t\t<div class=\"elementor-element elementor-element-8ad34f2 elementor-widget elementor-widget-cs-posts\" data-id=\"8ad34f2\" data-element_type=\"widget\" data-e-type=\"widget\" data-widget_type=\"cs-posts.default\">\n\t\t\t\t<div class=\"elementor-widget-container\">\n\t\t\t\t\t\t\t\t<section class=\"cs-posts cs-posts__standard\">\r\n\t\t\t\t\t\t\t\t\t\t<div class=\"cs-posts-area cs-posts-area-elementor \" data-posts-area=\"\">\r\n\t\t\t\t\t\t\t<div class=\"cs-posts-area__outer\">\r\n\t\t\t\t\t\t\t\t<div\r\n\t\t\t\t\t\t\t\tclass=\"cs-posts-area__main\"\r\n\t\t\t\t\t\t\t\tdata-pc=\"3\"\r\n\t\t\t\t\t\t\t\tdata-lt=\"3\"\r\n\t\t\t\t\t\t\t\tdata-tb=\"3\"\r\n\t\t\t\t\t\t\t\tdata-mb=\"1\"\r\n\t\t\t\t\t\t\t\t>\r\n\t\t\t\t\t\t\t\t\t\r\n<article class=\"post-84185 post type-post status-publish format-standard has-post-thumbnail category-finanzas tag-agua tag-eduardo-rivera-s tag-octavio-de-la-torre tag-puebla-pierde cs-entry cs-video-wrap\">\r\n\t<div class=\"cs-entry__outer\">\r\n\t\t\t\t\t<div class=\"cs-entry__inner cs-entry__overlay cs-entry__thumbnail cs-overlay-ratio cs-ratio-landscape-16-9\">\r\n\r\n\t\t\t\t<div class=\"cs-overlay-background\">\r\n\t\t\t\t\t<img decoding=\"async\" width=\"332\" height=\"187\" src=\"https:\/\/grupohoymexico.com\/puebla\/wp-content\/uploads\/sites\/3\/2026\/09\/imgregen-ai-84185-1788376293-332x187.jpg\" class=\"attachment-csco-thumbnail-uncropped size-csco-thumbnail-uncropped wp-post-image\" alt=\"\" srcset=\"https:\/\/grupohoymexico.com\/puebla\/wp-content\/uploads\/sites\/3\/2026\/09\/imgregen-ai-84185-1788376293-332x187.jpg 332w, https:\/\/grupohoymexico.com\/puebla\/wp-content\/uploads\/sites\/3\/2026\/09\/imgregen-ai-84185-1788376293-300x169.jpg 300w, https:\/\/grupohoymexico.com\/puebla\/wp-content\/uploads\/sites\/3\/2026\/09\/imgregen-ai-84185-1788376293-1024x576.jpg 1024w, https:\/\/grupohoymexico.com\/puebla\/wp-content\/uploads\/sites\/3\/2026\/09\/imgregen-ai-84185-1788376293-768x432.jpg 768w, https:\/\/grupohoymexico.com\/puebla\/wp-content\/uploads\/sites\/3\/2026\/09\/imgregen-ai-84185-1788376293-664x374.jpg 664w, https:\/\/grupohoymexico.com\/puebla\/wp-content\/uploads\/sites\/3\/2026\/09\/imgregen-ai-84185-1788376293-688x387.jpg 688w, https:\/\/grupohoymexico.com\/puebla\/wp-content\/uploads\/sites\/3\/2026\/09\/imgregen-ai-84185-1788376293-1044x587.jpg 1044w, https:\/\/grupohoymexico.com\/puebla\/wp-content\/uploads\/sites\/3\/2026\/09\/imgregen-ai-84185-1788376293.jpg 1200w\" sizes=\"(max-width: 332px) 100vw, 332px\" \/>\t\t\t\t\t<img loading=\"lazy\" decoding=\"async\" width=\"1044\" height=\"587\" src=\"https:\/\/grupohoymexico.com\/puebla\/wp-content\/uploads\/sites\/3\/2026\/09\/imgregen-ai-84185-1788376293-1044x587.jpg\" class=\"attachment-csco-large size-csco-large wp-post-image\" alt=\"\" srcset=\"https:\/\/grupohoymexico.com\/puebla\/wp-content\/uploads\/sites\/3\/2026\/09\/imgregen-ai-84185-1788376293-1044x587.jpg 1044w, https:\/\/grupohoymexico.com\/puebla\/wp-content\/uploads\/sites\/3\/2026\/09\/imgregen-ai-84185-1788376293-300x169.jpg 300w, https:\/\/grupohoymexico.com\/puebla\/wp-content\/uploads\/sites\/3\/2026\/09\/imgregen-ai-84185-1788376293-1024x576.jpg 1024w, https:\/\/grupohoymexico.com\/puebla\/wp-content\/uploads\/sites\/3\/2026\/09\/imgregen-ai-84185-1788376293-768x432.jpg 768w, https:\/\/grupohoymexico.com\/puebla\/wp-content\/uploads\/sites\/3\/2026\/09\/imgregen-ai-84185-1788376293-332x187.jpg 332w, https:\/\/grupohoymexico.com\/puebla\/wp-content\/uploads\/sites\/3\/2026\/09\/imgregen-ai-84185-1788376293-664x374.jpg 664w, https:\/\/grupohoymexico.com\/puebla\/wp-content\/uploads\/sites\/3\/2026\/09\/imgregen-ai-84185-1788376293-688x387.jpg 688w, https:\/\/grupohoymexico.com\/puebla\/wp-content\/uploads\/sites\/3\/2026\/09\/imgregen-ai-84185-1788376293.jpg 1200w\" sizes=\"(max-width: 1044px) 100vw, 1044px\" \/>\t\t\t\t<\/div>\r\n\r\n\t\t\t\t\r\n\t\t\t\t\r\n\t\t\t\t<a href=\"https:\/\/grupohoymexico.com\/puebla\/2026\/09\/02\/tienda-3b-cholula-divide-opiniones\/\" class=\"cs-overlay-link\" title=\"Tienda 3B en Cholula divide a vecinos y comerciantes locales\"><\/a>\r\n\t\t\t<\/div>\r\n\t\t\r\n\t\t<div class=\"cs-entry__inner cs-entry__content\">\r\n\r\n\t\t\t<div class=\"cs-entry__post-meta\" ><div class=\"cs-meta-category\"><ul class=\"post-categories\">\n\t<li><a href=\"https:\/\/grupohoymexico.com\/puebla\/category\/finanzas\/\" rel=\"category tag\">Econom\u00eda<\/a><\/li><\/ul><\/div><\/div>\r\n\t\t\t<h2 class=\"cs-entry__title\"><a href=\"https:\/\/grupohoymexico.com\/puebla\/2026\/09\/02\/tienda-3b-cholula-divide-opiniones\/\">Tienda 3B en Cholula divide a vecinos y comerciantes locales<\/a><\/h2>\r\n\t\t\t\r\n\t\t\t<div class=\"cs-entry__post-meta\" ><div class=\"cs-meta-author\"><span class=\"cs-meta-author-by\">por<\/span><a class=\"cs-meta-author-link url fn n\" href=\"https:\/\/grupohoymexico.com\/puebla\/author\/user\/\"><span class=\"cs-meta-author-name\">Grupo Hoy<\/span><\/a><\/div><div class=\"cs-meta-date\">septiembre 2, 2026<\/div><\/div>\t\t<\/div>\r\n\t<\/div>\r\n<\/article>\r\n\r\n<article class=\"post-84180 post type-post status-publish format-standard has-post-thumbnail category-seguridad tag-agua tag-disponibilidad tag-eduardo-rivera-s tag-es-de-muy-buena-fuente tag-hecho-en-puebla tag-lfa tag-mario-delgado tag-mujeres-fuertes tag-octavio-de-la-torre tag-panorama tag-puebla-pierde tag-sobrepoblacion tag-taxistas tag-turismo-comunitario cs-entry cs-video-wrap\">\r\n\t<div class=\"cs-entry__outer\">\r\n\t\t\t\t\t<div class=\"cs-entry__inner cs-entry__overlay cs-entry__thumbnail cs-overlay-ratio cs-ratio-landscape-16-9\">\r\n\r\n\t\t\t\t<div class=\"cs-overlay-background\">\r\n\t\t\t\t\t<img loading=\"lazy\" decoding=\"async\" width=\"332\" height=\"187\" src=\"https:\/\/grupohoymexico.com\/puebla\/wp-content\/uploads\/sites\/3\/2026\/08\/imgregen-ai-84180-1787688697-332x187.jpg\" class=\"attachment-csco-thumbnail-uncropped size-csco-thumbnail-uncropped wp-post-image\" alt=\"\" srcset=\"https:\/\/grupohoymexico.com\/puebla\/wp-content\/uploads\/sites\/3\/2026\/08\/imgregen-ai-84180-1787688697-332x187.jpg 332w, https:\/\/grupohoymexico.com\/puebla\/wp-content\/uploads\/sites\/3\/2026\/08\/imgregen-ai-84180-1787688697-300x169.jpg 300w, https:\/\/grupohoymexico.com\/puebla\/wp-content\/uploads\/sites\/3\/2026\/08\/imgregen-ai-84180-1787688697-1024x576.jpg 1024w, https:\/\/grupohoymexico.com\/puebla\/wp-content\/uploads\/sites\/3\/2026\/08\/imgregen-ai-84180-1787688697-768x432.jpg 768w, https:\/\/grupohoymexico.com\/puebla\/wp-content\/uploads\/sites\/3\/2026\/08\/imgregen-ai-84180-1787688697-1536x864.jpg 1536w, https:\/\/grupohoymexico.com\/puebla\/wp-content\/uploads\/sites\/3\/2026\/08\/imgregen-ai-84180-1787688697-664x374.jpg 664w, https:\/\/grupohoymexico.com\/puebla\/wp-content\/uploads\/sites\/3\/2026\/08\/imgregen-ai-84180-1787688697-688x387.jpg 688w, https:\/\/grupohoymexico.com\/puebla\/wp-content\/uploads\/sites\/3\/2026\/08\/imgregen-ai-84180-1787688697-1376x774.jpg 1376w, https:\/\/grupohoymexico.com\/puebla\/wp-content\/uploads\/sites\/3\/2026\/08\/imgregen-ai-84180-1787688697-1044x587.jpg 1044w, https:\/\/grupohoymexico.com\/puebla\/wp-content\/uploads\/sites\/3\/2026\/08\/imgregen-ai-84180-1787688697-1400x788.jpg 1400w, https:\/\/grupohoymexico.com\/puebla\/wp-content\/uploads\/sites\/3\/2026\/08\/imgregen-ai-84180-1787688697.jpg 1600w\" sizes=\"(max-width: 332px) 100vw, 332px\" \/>\t\t\t\t\t<img loading=\"lazy\" decoding=\"async\" width=\"1044\" height=\"587\" src=\"https:\/\/grupohoymexico.com\/puebla\/wp-content\/uploads\/sites\/3\/2026\/08\/imgregen-ai-84180-1787688697-1044x587.jpg\" class=\"attachment-csco-large size-csco-large wp-post-image\" alt=\"\" srcset=\"https:\/\/grupohoymexico.com\/puebla\/wp-content\/uploads\/sites\/3\/2026\/08\/imgregen-ai-84180-1787688697-1044x587.jpg 1044w, https:\/\/grupohoymexico.com\/puebla\/wp-content\/uploads\/sites\/3\/2026\/08\/imgregen-ai-84180-1787688697-300x169.jpg 300w, https:\/\/grupohoymexico.com\/puebla\/wp-content\/uploads\/sites\/3\/2026\/08\/imgregen-ai-84180-1787688697-1024x576.jpg 1024w, https:\/\/grupohoymexico.com\/puebla\/wp-content\/uploads\/sites\/3\/2026\/08\/imgregen-ai-84180-1787688697-768x432.jpg 768w, https:\/\/grupohoymexico.com\/puebla\/wp-content\/uploads\/sites\/3\/2026\/08\/imgregen-ai-84180-1787688697-1536x864.jpg 1536w, https:\/\/grupohoymexico.com\/puebla\/wp-content\/uploads\/sites\/3\/2026\/08\/imgregen-ai-84180-1787688697-332x187.jpg 332w, https:\/\/grupohoymexico.com\/puebla\/wp-content\/uploads\/sites\/3\/2026\/08\/imgregen-ai-84180-1787688697-664x374.jpg 664w, https:\/\/grupohoymexico.com\/puebla\/wp-content\/uploads\/sites\/3\/2026\/08\/imgregen-ai-84180-1787688697-688x387.jpg 688w, https:\/\/grupohoymexico.com\/puebla\/wp-content\/uploads\/sites\/3\/2026\/08\/imgregen-ai-84180-1787688697-1376x774.jpg 1376w, https:\/\/grupohoymexico.com\/puebla\/wp-content\/uploads\/sites\/3\/2026\/08\/imgregen-ai-84180-1787688697-1400x788.jpg 1400w, https:\/\/grupohoymexico.com\/puebla\/wp-content\/uploads\/sites\/3\/2026\/08\/imgregen-ai-84180-1787688697.jpg 1600w\" sizes=\"(max-width: 1044px) 100vw, 1044px\" \/>\t\t\t\t<\/div>\r\n\r\n\t\t\t\t\r\n\t\t\t\t\r\n\t\t\t\t<a href=\"https:\/\/grupohoymexico.com\/puebla\/2026\/08\/25\/bloqueo-autopista-puebla-orizaba-desaparicion-menor\/\" class=\"cs-overlay-link\" title=\"Bloquean autopista Puebla-Orizaba por desaparici\u00f3n de menor\"><\/a>\r\n\t\t\t<\/div>\r\n\t\t\r\n\t\t<div class=\"cs-entry__inner cs-entry__content\">\r\n\r\n\t\t\t<div class=\"cs-entry__post-meta\" ><div class=\"cs-meta-category\"><ul class=\"post-categories\">\n\t<li><a href=\"https:\/\/grupohoymexico.com\/puebla\/category\/nacional\/seguridad\/\" rel=\"category tag\">Seguridad<\/a><\/li><\/ul><\/div><\/div>\r\n\t\t\t<h2 class=\"cs-entry__title\"><a href=\"https:\/\/grupohoymexico.com\/puebla\/2026\/08\/25\/bloqueo-autopista-puebla-orizaba-desaparicion-menor\/\">Bloquean autopista Puebla-Orizaba por desaparici\u00f3n de menor<\/a><\/h2>\r\n\t\t\t\r\n\t\t\t<div class=\"cs-entry__post-meta\" ><div class=\"cs-meta-author\"><span class=\"cs-meta-author-by\">por<\/span><a class=\"cs-meta-author-link url fn n\" href=\"https:\/\/grupohoymexico.com\/puebla\/author\/user\/\"><span class=\"cs-meta-author-name\">Grupo Hoy<\/span><\/a><\/div><div class=\"cs-meta-date\">agosto 25, 2026<\/div><\/div>\t\t<\/div>\r\n\t<\/div>\r\n<\/article>\r\n\r\n<article class=\"post-84163 post type-post status-publish format-standard has-post-thumbnail category-nacional tag-agua tag-eduardo-rivera-s tag-octavio-de-la-torre tag-puebla-pierde cs-entry cs-video-wrap\">\r\n\t<div class=\"cs-entry__outer\">\r\n\t\t\t\t\t<div class=\"cs-entry__inner cs-entry__overlay cs-entry__thumbnail cs-overlay-ratio cs-ratio-landscape-16-9\">\r\n\r\n\t\t\t\t<div class=\"cs-overlay-background\">\r\n\t\t\t\t\t<img loading=\"lazy\" decoding=\"async\" width=\"332\" height=\"186\" src=\"https:\/\/grupohoymexico.com\/puebla\/wp-content\/uploads\/sites\/3\/2026\/08\/imgregen-ai-84163-1787685399-332x186.jpg\" class=\"attachment-csco-thumbnail-uncropped size-csco-thumbnail-uncropped wp-post-image\" alt=\"\" srcset=\"https:\/\/grupohoymexico.com\/puebla\/wp-content\/uploads\/sites\/3\/2026\/08\/imgregen-ai-84163-1787685399-332x186.jpg 332w, https:\/\/grupohoymexico.com\/puebla\/wp-content\/uploads\/sites\/3\/2026\/08\/imgregen-ai-84163-1787685399-300x169.jpg 300w, https:\/\/grupohoymexico.com\/puebla\/wp-content\/uploads\/sites\/3\/2026\/08\/imgregen-ai-84163-1787685399-1024x575.jpg 1024w, https:\/\/grupohoymexico.com\/puebla\/wp-content\/uploads\/sites\/3\/2026\/08\/imgregen-ai-84163-1787685399-768x431.jpg 768w, https:\/\/grupohoymexico.com\/puebla\/wp-content\/uploads\/sites\/3\/2026\/08\/imgregen-ai-84163-1787685399-664x373.jpg 664w, https:\/\/grupohoymexico.com\/puebla\/wp-content\/uploads\/sites\/3\/2026\/08\/imgregen-ai-84163-1787685399-688x386.jpg 688w, https:\/\/grupohoymexico.com\/puebla\/wp-content\/uploads\/sites\/3\/2026\/08\/imgregen-ai-84163-1787685399-1044x586.jpg 1044w, https:\/\/grupohoymexico.com\/puebla\/wp-content\/uploads\/sites\/3\/2026\/08\/imgregen-ai-84163-1787685399.jpg 1200w\" sizes=\"(max-width: 332px) 100vw, 332px\" \/>\t\t\t\t\t<img loading=\"lazy\" decoding=\"async\" width=\"1044\" height=\"587\" src=\"https:\/\/grupohoymexico.com\/puebla\/wp-content\/uploads\/sites\/3\/2026\/08\/imgregen-ai-84163-1787685399-1044x587.jpg\" class=\"attachment-csco-large size-csco-large wp-post-image\" alt=\"\" srcset=\"https:\/\/grupohoymexico.com\/puebla\/wp-content\/uploads\/sites\/3\/2026\/08\/imgregen-ai-84163-1787685399-1044x586.jpg 1044w, https:\/\/grupohoymexico.com\/puebla\/wp-content\/uploads\/sites\/3\/2026\/08\/imgregen-ai-84163-1787685399-300x169.jpg 300w, https:\/\/grupohoymexico.com\/puebla\/wp-content\/uploads\/sites\/3\/2026\/08\/imgregen-ai-84163-1787685399-1024x575.jpg 1024w, https:\/\/grupohoymexico.com\/puebla\/wp-content\/uploads\/sites\/3\/2026\/08\/imgregen-ai-84163-1787685399-768x431.jpg 768w, https:\/\/grupohoymexico.com\/puebla\/wp-content\/uploads\/sites\/3\/2026\/08\/imgregen-ai-84163-1787685399-332x186.jpg 332w, https:\/\/grupohoymexico.com\/puebla\/wp-content\/uploads\/sites\/3\/2026\/08\/imgregen-ai-84163-1787685399-664x373.jpg 664w, https:\/\/grupohoymexico.com\/puebla\/wp-content\/uploads\/sites\/3\/2026\/08\/imgregen-ai-84163-1787685399-688x386.jpg 688w, https:\/\/grupohoymexico.com\/puebla\/wp-content\/uploads\/sites\/3\/2026\/08\/imgregen-ai-84163-1787685399.jpg 1200w\" sizes=\"(max-width: 1044px) 100vw, 1044px\" \/>\t\t\t\t<\/div>\r\n\r\n\t\t\t\t\r\n\t\t\t\t\r\n\t\t\t\t<a href=\"https:\/\/grupohoymexico.com\/puebla\/2026\/08\/25\/viviendas-torres-alta-tension-puebla-cfe\/\" class=\"cs-overlay-link\" title=\"Viviendas bajo torres de alta tensi\u00f3n en Puebla: CFE debe desalojar\"><\/a>\r\n\t\t\t<\/div>\r\n\t\t\r\n\t\t<div class=\"cs-entry__inner cs-entry__content\">\r\n\r\n\t\t\t<div class=\"cs-entry__post-meta\" ><div class=\"cs-meta-category\"><ul class=\"post-categories\">\n\t<li><a href=\"https:\/\/grupohoymexico.com\/puebla\/category\/nacional\/\" rel=\"category tag\">Nacional<\/a><\/li><\/ul><\/div><\/div>\r\n\t\t\t<h2 class=\"cs-entry__title\"><a href=\"https:\/\/grupohoymexico.com\/puebla\/2026\/08\/25\/viviendas-torres-alta-tension-puebla-cfe\/\">Viviendas bajo torres de alta tensi\u00f3n en Puebla: CFE debe desalojar<\/a><\/h2>\r\n\t\t\t\r\n\t\t\t<div class=\"cs-entry__post-meta\" ><div class=\"cs-meta-author\"><span class=\"cs-meta-author-by\">por<\/span><a class=\"cs-meta-author-link url fn n\" href=\"https:\/\/grupohoymexico.com\/puebla\/author\/user\/\"><span class=\"cs-meta-author-name\">Grupo Hoy<\/span><\/a><\/div><div class=\"cs-meta-date\">agosto 25, 2026<\/div><\/div>\t\t<\/div>\r\n\t<\/div>\r\n<\/article>\r\n\t\t\t\t\t\t\t\t<\/div>\r\n\t\t\t\t\t\t\t<\/div>\r\n\t\t\t\t\t\t<\/div>\r\n\t\t\t\t\t\t\t\t<\/section>\r\n\t\t\t\t\t\t<\/div>\n\t\t\t\t<\/div>\n\t\t\t\t<\/div>\n\t\t\t\t<div class=\"elementor-element elementor-element-303f729 cs-dividervertical cs-divider-laptophorizontal cs-divider-tablethorizontal cs-divider-mobilehorizontal elementor-widget elementor-widget-cs-divider\" data-id=\"303f729\" data-element_type=\"widget\" data-e-type=\"widget\" data-widget_type=\"cs-divider.default\">\n\t\t\t\t<div class=\"elementor-widget-container\">\n\t\t\t\t\t\t\t<section class=\"cs-divider cs-divider-vertical\"><\/section>\r\n\t\t\t\t\t\t<\/div>\n\t\t\t\t<\/div>\n\t\t<div class=\"elementor-element elementor-element-2b541b3 e-con-full e-flex e-con e-child\" data-id=\"2b541b3\" data-element_type=\"container\" data-e-type=\"container\">\n\t\t\t\t<div class=\"elementor-element elementor-element-53e22bf elementor-widget elementor-widget-cs-heading\" data-id=\"53e22bf\" data-element_type=\"widget\" data-e-type=\"widget\" data-widget_type=\"cs-heading.default\">\n\t\t\t\t<div class=\"elementor-widget-container\">\n\t\t\t\t\t\t\t\t\t\t<section class=\"cs-heading\">\r\n\t\t\t\t<div class=\"cs-heading__container \">\r\n\t\t\t\t\t<h2 class=\"cs-heading__content\">\r\n\t\t\t\t\t\tUltimas noticias\t\t\t\t\t<\/h2>\r\n\r\n\t\t\t\t\t\t\t\t\t<\/div>\r\n\t\t\t<\/section>\r\n\t\t\t\t\t\t\t\t<\/div>\n\t\t\t\t<\/div>\n\t\t<div class=\"elementor-element elementor-element-6ffc7d4 e-con-full e-flex e-con e-child\" data-id=\"6ffc7d4\" data-element_type=\"container\" data-e-type=\"container\">\n\t\t<div class=\"elementor-element elementor-element-02fc175 e-con-full e-flex e-con e-child\" data-id=\"02fc175\" data-element_type=\"container\" data-e-type=\"container\">\n\t\t\t\t<div class=\"elementor-element elementor-element-f228636 elementor-widget elementor-widget-cs-posts\" data-id=\"f228636\" data-element_type=\"widget\" data-e-type=\"widget\" data-widget_type=\"cs-posts.default\">\n\t\t\t\t<div class=\"elementor-widget-container\">\n\t\t\t\t\t\t\t\t<section class=\"cs-posts cs-posts__standard\">\r\n\t\t\t\t\t\t\t\t\t\t<div class=\"cs-posts-area cs-posts-area-elementor \" data-posts-area=\"\">\r\n\t\t\t\t\t\t\t<div class=\"cs-posts-area__outer\">\r\n\t\t\t\t\t\t\t\t<div\r\n\t\t\t\t\t\t\t\tclass=\"cs-posts-area__main cs-posts-area__main-divider\"\r\n\t\t\t\t\t\t\t\tdata-pc=\"1\"\r\n\t\t\t\t\t\t\t\tdata-lt=\"1\"\r\n\t\t\t\t\t\t\t\tdata-tb=\"1\"\r\n\t\t\t\t\t\t\t\tdata-mb=\"1\"\r\n\t\t\t\t\t\t\t\t>\r\n\t\t\t\t\t\t\t\t\t\r\n<article class=\"post-84166 post type-post status-publish format-standard has-post-thumbnail category-nacional tag-agua tag-eduardo-rivera-s tag-octavio-de-la-torre tag-puebla-pierde cs-entry cs-video-wrap\">\r\n\t<div class=\"cs-entry__outer\">\r\n\t\t\t\t\t<div class=\"cs-entry__inner cs-entry__overlay cs-entry__thumbnail cs-overlay-ratio cs-ratio-landscape-16-9\">\r\n\r\n\t\t\t\t<div class=\"cs-overlay-background\">\r\n\t\t\t\t\t<img loading=\"lazy\" decoding=\"async\" width=\"332\" height=\"187\" src=\"https:\/\/grupohoymexico.com\/puebla\/wp-content\/uploads\/sites\/3\/2026\/08\/imgregen-ai-84166-1787685404-332x187.jpg\" class=\"attachment-csco-thumbnail-uncropped size-csco-thumbnail-uncropped wp-post-image\" alt=\"\" srcset=\"https:\/\/grupohoymexico.com\/puebla\/wp-content\/uploads\/sites\/3\/2026\/08\/imgregen-ai-84166-1787685404-332x187.jpg 332w, https:\/\/grupohoymexico.com\/puebla\/wp-content\/uploads\/sites\/3\/2026\/08\/imgregen-ai-84166-1787685404-300x169.jpg 300w, https:\/\/grupohoymexico.com\/puebla\/wp-content\/uploads\/sites\/3\/2026\/08\/imgregen-ai-84166-1787685404-1024x576.jpg 1024w, https:\/\/grupohoymexico.com\/puebla\/wp-content\/uploads\/sites\/3\/2026\/08\/imgregen-ai-84166-1787685404-768x432.jpg 768w, https:\/\/grupohoymexico.com\/puebla\/wp-content\/uploads\/sites\/3\/2026\/08\/imgregen-ai-84166-1787685404-664x374.jpg 664w, https:\/\/grupohoymexico.com\/puebla\/wp-content\/uploads\/sites\/3\/2026\/08\/imgregen-ai-84166-1787685404-688x387.jpg 688w, https:\/\/grupohoymexico.com\/puebla\/wp-content\/uploads\/sites\/3\/2026\/08\/imgregen-ai-84166-1787685404-1044x587.jpg 1044w, https:\/\/grupohoymexico.com\/puebla\/wp-content\/uploads\/sites\/3\/2026\/08\/imgregen-ai-84166-1787685404.jpg 1200w\" sizes=\"(max-width: 332px) 100vw, 332px\" \/>\t\t\t\t\t<img loading=\"lazy\" decoding=\"async\" width=\"1044\" height=\"587\" src=\"https:\/\/grupohoymexico.com\/puebla\/wp-content\/uploads\/sites\/3\/2026\/08\/imgregen-ai-84166-1787685404-1044x587.jpg\" class=\"attachment-csco-large size-csco-large wp-post-image\" alt=\"\" srcset=\"https:\/\/grupohoymexico.com\/puebla\/wp-content\/uploads\/sites\/3\/2026\/08\/imgregen-ai-84166-1787685404-1044x587.jpg 1044w, https:\/\/grupohoymexico.com\/puebla\/wp-content\/uploads\/sites\/3\/2026\/08\/imgregen-ai-84166-1787685404-300x169.jpg 300w, https:\/\/grupohoymexico.com\/puebla\/wp-content\/uploads\/sites\/3\/2026\/08\/imgregen-ai-84166-1787685404-1024x576.jpg 1024w, https:\/\/grupohoymexico.com\/puebla\/wp-content\/uploads\/sites\/3\/2026\/08\/imgregen-ai-84166-1787685404-768x432.jpg 768w, https:\/\/grupohoymexico.com\/puebla\/wp-content\/uploads\/sites\/3\/2026\/08\/imgregen-ai-84166-1787685404-332x187.jpg 332w, https:\/\/grupohoymexico.com\/puebla\/wp-content\/uploads\/sites\/3\/2026\/08\/imgregen-ai-84166-1787685404-664x374.jpg 664w, https:\/\/grupohoymexico.com\/puebla\/wp-content\/uploads\/sites\/3\/2026\/08\/imgregen-ai-84166-1787685404-688x387.jpg 688w, https:\/\/grupohoymexico.com\/puebla\/wp-content\/uploads\/sites\/3\/2026\/08\/imgregen-ai-84166-1787685404.jpg 1200w\" sizes=\"(max-width: 1044px) 100vw, 1044px\" \/>\t\t\t\t<\/div>\r\n\r\n\t\t\t\t\r\n\t\t\t\t\r\n\t\t\t\t<a href=\"https:\/\/grupohoymexico.com\/puebla\/2026\/08\/25\/poblano-restauracion-muebles-phoenix\/\" class=\"cs-overlay-link\" title=\"Poblano convierte restauraci\u00f3n de muebles en negocio en Phoenix\"><\/a>\r\n\t\t\t<\/div>\r\n\t\t\r\n\t\t<div class=\"cs-entry__inner cs-entry__content\">\r\n\r\n\t\t\t<div class=\"cs-entry__post-meta\" ><div class=\"cs-meta-category\"><ul class=\"post-categories\">\n\t<li><a href=\"https:\/\/grupohoymexico.com\/puebla\/category\/nacional\/\" rel=\"category tag\">Nacional<\/a><\/li><\/ul><\/div><\/div>\r\n\t\t\t<h2 class=\"cs-entry__title\"><a href=\"https:\/\/grupohoymexico.com\/puebla\/2026\/08\/25\/poblano-restauracion-muebles-phoenix\/\">Poblano convierte restauraci\u00f3n de muebles en negocio en Phoenix<\/a><\/h2>\r\n\t\t\t\r\n\t\t\t<div class=\"cs-entry__post-meta\" ><div class=\"cs-meta-author\"><span class=\"cs-meta-author-by\">por<\/span><a class=\"cs-meta-author-link url fn n\" href=\"https:\/\/grupohoymexico.com\/puebla\/author\/user\/\"><span class=\"cs-meta-author-name\">Grupo Hoy<\/span><\/a><\/div><div class=\"cs-meta-date\">agosto 25, 2026<\/div><\/div>\t\t<\/div>\r\n\t<\/div>\r\n<\/article>\r\n\t\t\t\t\t\t\t\t<\/div>\r\n\t\t\t\t\t\t\t<\/div>\r\n\t\t\t\t\t\t<\/div>\r\n\t\t\t\t\t\t\t\t<\/section>\r\n\t\t\t\t\t\t<\/div>\n\t\t\t\t<\/div>\n\t\t\t\t<\/div>\n\t\t\t\t<div class=\"elementor-element elementor-element-f61f3e4 cs-divider-laptopvertical cs-dividerhorizontal cs-divider-tablethorizontal cs-divider-mobilehorizontal elementor-widget elementor-widget-cs-divider\" data-id=\"f61f3e4\" data-element_type=\"widget\" data-e-type=\"widget\" data-widget_type=\"cs-divider.default\">\n\t\t\t\t<div class=\"elementor-widget-container\">\n\t\t\t\t\t\t\t<section class=\"cs-divider cs-divider-horizontal\"><\/section>\r\n\t\t\t\t\t\t<\/div>\n\t\t\t\t<\/div>\n\t\t<div class=\"elementor-element elementor-element-44dcc0a e-con-full e-flex e-con e-child\" data-id=\"44dcc0a\" data-element_type=\"container\" data-e-type=\"container\">\n\t\t\t\t<div class=\"elementor-element elementor-element-1517c73 elementor-widget elementor-widget-cs-posts\" data-id=\"1517c73\" data-element_type=\"widget\" data-e-type=\"widget\" data-widget_type=\"cs-posts.default\">\n\t\t\t\t<div class=\"elementor-widget-container\">\n\t\t\t\t\t\t\t\t<section class=\"cs-posts cs-posts__horizontal\">\r\n\t\t\t\t\t\t\t\t\t\t<div class=\"cs-posts-area cs-posts-area-elementor \" data-posts-area=\"\">\r\n\t\t\t\t\t\t\t<div class=\"cs-posts-area__outer\">\r\n\t\t\t\t\t\t\t\t<div\r\n\t\t\t\t\t\t\t\tclass=\"cs-posts-area__main cs-posts-area__main-divider\"\r\n\t\t\t\t\t\t\t\tdata-pc=\"1\"\r\n\t\t\t\t\t\t\t\tdata-lt=\"1\"\r\n\t\t\t\t\t\t\t\tdata-tb=\"1\"\r\n\t\t\t\t\t\t\t\tdata-mb=\"1\"\r\n\t\t\t\t\t\t\t\t>\r\n\t\t\t\t\t\t\t\t\t\r\n<article class=\"post-84169 post type-post status-publish format-standard has-post-thumbnail category-nacional tag-agua tag-eduardo-rivera-s tag-octavio-de-la-torre tag-puebla-pierde cs-entry cs-video-wrap\">\r\n\t<div class=\"cs-entry__outer cs-entry__outer-small cs-entry__outer-thumbnail-left\">\r\n\t\t\t\t\t<div class=\"cs-entry__inner cs-entry__overlay cs-entry__thumbnail cs-overlay-ratio cs-ratio-square\">\r\n\r\n\t\t\t\t<div class=\"cs-overlay-background\">\r\n\t\t\t\t\t<img loading=\"lazy\" decoding=\"async\" width=\"332\" height=\"187\" src=\"https:\/\/grupohoymexico.com\/puebla\/wp-content\/uploads\/sites\/3\/2026\/08\/imgregen-ai-84169-1787685410-332x187.jpg\" class=\"attachment-csco-thumbnail-uncropped size-csco-thumbnail-uncropped wp-post-image\" alt=\"\" srcset=\"https:\/\/grupohoymexico.com\/puebla\/wp-content\/uploads\/sites\/3\/2026\/08\/imgregen-ai-84169-1787685410-332x187.jpg 332w, https:\/\/grupohoymexico.com\/puebla\/wp-content\/uploads\/sites\/3\/2026\/08\/imgregen-ai-84169-1787685410-300x169.jpg 300w, https:\/\/grupohoymexico.com\/puebla\/wp-content\/uploads\/sites\/3\/2026\/08\/imgregen-ai-84169-1787685410-1024x576.jpg 1024w, https:\/\/grupohoymexico.com\/puebla\/wp-content\/uploads\/sites\/3\/2026\/08\/imgregen-ai-84169-1787685410-768x432.jpg 768w, https:\/\/grupohoymexico.com\/puebla\/wp-content\/uploads\/sites\/3\/2026\/08\/imgregen-ai-84169-1787685410-664x374.jpg 664w, https:\/\/grupohoymexico.com\/puebla\/wp-content\/uploads\/sites\/3\/2026\/08\/imgregen-ai-84169-1787685410-688x387.jpg 688w, https:\/\/grupohoymexico.com\/puebla\/wp-content\/uploads\/sites\/3\/2026\/08\/imgregen-ai-84169-1787685410-1044x587.jpg 1044w, https:\/\/grupohoymexico.com\/puebla\/wp-content\/uploads\/sites\/3\/2026\/08\/imgregen-ai-84169-1787685410.jpg 1200w\" sizes=\"(max-width: 332px) 100vw, 332px\" \/>\t\t\t\t\t<img loading=\"lazy\" decoding=\"async\" width=\"72\" height=\"72\" src=\"https:\/\/grupohoymexico.com\/puebla\/wp-content\/uploads\/sites\/3\/2026\/08\/imgregen-ai-84169-1787685410-72x72.jpg\" class=\"attachment-csco-small size-csco-small wp-post-image\" alt=\"\" srcset=\"https:\/\/grupohoymexico.com\/puebla\/wp-content\/uploads\/sites\/3\/2026\/08\/imgregen-ai-84169-1787685410-72x72.jpg 72w, https:\/\/grupohoymexico.com\/puebla\/wp-content\/uploads\/sites\/3\/2026\/08\/imgregen-ai-84169-1787685410-150x150.jpg 150w, https:\/\/grupohoymexico.com\/puebla\/wp-content\/uploads\/sites\/3\/2026\/08\/imgregen-ai-84169-1787685410-144x144.jpg 144w\" sizes=\"(max-width: 72px) 100vw, 72px\" \/>\t\t\t\t<\/div>\r\n\r\n\t\t\t\t\r\n\t\t\t\t\r\n\t\t\t\t<a href=\"https:\/\/grupohoymexico.com\/puebla\/2026\/08\/25\/denuncias-despojo-cholula-corrupcion-plusvalia\/\" class=\"cs-overlay-link\" title=\"69 denuncias por despojo en Cholula: corrupci\u00f3n y plusval\u00eda detr\u00e1s\"><\/a>\r\n\t\t\t<\/div>\r\n\t\t\r\n\t\t<div class=\"cs-entry__inner cs-entry__content cs-entry__content-horizontal\">\r\n\t\t\t<div class=\"cs-entry__post-meta\" ><div class=\"cs-meta-category\"><ul class=\"post-categories\">\n\t<li><a href=\"https:\/\/grupohoymexico.com\/puebla\/category\/nacional\/\" rel=\"category tag\">Nacional<\/a><\/li><\/ul><\/div><\/div>\r\n\t\t\t<h2 class=\"cs-entry__title\"><a href=\"https:\/\/grupohoymexico.com\/puebla\/2026\/08\/25\/denuncias-despojo-cholula-corrupcion-plusvalia\/\">69 denuncias por despojo en Cholula: corrupci\u00f3n y plusval\u00eda detr\u00e1s<\/a><\/h2>\r\n\t\t\t\r\n\t\t\t<div class=\"cs-entry__post-meta\" ><div class=\"cs-meta-author\"><span class=\"cs-meta-author-by\">por<\/span><a class=\"cs-meta-author-link url fn n\" href=\"https:\/\/grupohoymexico.com\/puebla\/author\/user\/\"><span class=\"cs-meta-author-name\">Grupo Hoy<\/span><\/a><\/div><\/div>\t\t<\/div>\r\n\t<\/div>\r\n<\/article>\r\n\r\n<article class=\"post-84154 post type-post status-publish format-standard has-post-thumbnail category-finanzas tag-desempleo tag-economia-mexicana tag-empleo tag-inegi tag-informalidad-laboral tag-mercado-laboral tag-mexico cs-entry cs-video-wrap\">\r\n\t<div class=\"cs-entry__outer cs-entry__outer-small cs-entry__outer-thumbnail-left\">\r\n\t\t\t\t\t<div class=\"cs-entry__inner cs-entry__overlay cs-entry__thumbnail cs-overlay-ratio cs-ratio-square\">\r\n\r\n\t\t\t\t<div class=\"cs-overlay-background\">\r\n\t\t\t\t\t<img loading=\"lazy\" decoding=\"async\" width=\"332\" height=\"249\" src=\"https:\/\/grupohoymexico.com\/puebla\/wp-content\/uploads\/sites\/3\/2026\/08\/713204704_18590507347023056_3247805101056570226_n-332x249.jpg\" class=\"attachment-csco-thumbnail-uncropped size-csco-thumbnail-uncropped wp-post-image\" alt=\"Personas caminan frente a comercios en un mercado de M\u00e9xico\" srcset=\"https:\/\/grupohoymexico.com\/puebla\/wp-content\/uploads\/sites\/3\/2026\/08\/713204704_18590507347023056_3247805101056570226_n-332x249.jpg 332w, https:\/\/grupohoymexico.com\/puebla\/wp-content\/uploads\/sites\/3\/2026\/08\/713204704_18590507347023056_3247805101056570226_n-300x225.jpg 300w, https:\/\/grupohoymexico.com\/puebla\/wp-content\/uploads\/sites\/3\/2026\/08\/713204704_18590507347023056_3247805101056570226_n-1024x768.jpg 1024w, https:\/\/grupohoymexico.com\/puebla\/wp-content\/uploads\/sites\/3\/2026\/08\/713204704_18590507347023056_3247805101056570226_n-768x576.jpg 768w, https:\/\/grupohoymexico.com\/puebla\/wp-content\/uploads\/sites\/3\/2026\/08\/713204704_18590507347023056_3247805101056570226_n-664x498.jpg 664w, https:\/\/grupohoymexico.com\/puebla\/wp-content\/uploads\/sites\/3\/2026\/08\/713204704_18590507347023056_3247805101056570226_n-688x516.jpg 688w, https:\/\/grupohoymexico.com\/puebla\/wp-content\/uploads\/sites\/3\/2026\/08\/713204704_18590507347023056_3247805101056570226_n-1044x783.jpg 1044w, https:\/\/grupohoymexico.com\/puebla\/wp-content\/uploads\/sites\/3\/2026\/08\/713204704_18590507347023056_3247805101056570226_n.jpg 1170w\" sizes=\"(max-width: 332px) 100vw, 332px\" \/>\t\t\t\t\t<img loading=\"lazy\" decoding=\"async\" width=\"72\" height=\"72\" src=\"https:\/\/grupohoymexico.com\/puebla\/wp-content\/uploads\/sites\/3\/2026\/08\/713204704_18590507347023056_3247805101056570226_n-72x72.jpg\" class=\"attachment-csco-small size-csco-small wp-post-image\" alt=\"Personas caminan frente a comercios en un mercado de M\u00e9xico\" srcset=\"https:\/\/grupohoymexico.com\/puebla\/wp-content\/uploads\/sites\/3\/2026\/08\/713204704_18590507347023056_3247805101056570226_n-72x72.jpg 72w, https:\/\/grupohoymexico.com\/puebla\/wp-content\/uploads\/sites\/3\/2026\/08\/713204704_18590507347023056_3247805101056570226_n-150x150.jpg 150w, https:\/\/grupohoymexico.com\/puebla\/wp-content\/uploads\/sites\/3\/2026\/08\/713204704_18590507347023056_3247805101056570226_n-144x144.jpg 144w\" sizes=\"(max-width: 72px) 100vw, 72px\" \/>\t\t\t\t<\/div>\r\n\r\n\t\t\t\t\r\n\t\t\t\t\r\n\t\t\t\t<a href=\"https:\/\/grupohoymexico.com\/puebla\/2026\/08\/25\/informalidad-laboral-mexico-55-1-2026\/\" class=\"cs-overlay-link\" title=\"La informalidad laboral en M\u00e9xico sube al 55,1 % en el segundo trimestre de 2026\"><\/a>\r\n\t\t\t<\/div>\r\n\t\t\r\n\t\t<div class=\"cs-entry__inner cs-entry__content cs-entry__content-horizontal\">\r\n\t\t\t<div class=\"cs-entry__post-meta\" ><div class=\"cs-meta-category\"><ul class=\"post-categories\">\n\t<li><a href=\"https:\/\/grupohoymexico.com\/puebla\/category\/finanzas\/\" rel=\"category tag\">Econom\u00eda<\/a><\/li><\/ul><\/div><\/div>\r\n\t\t\t<h2 class=\"cs-entry__title\"><a href=\"https:\/\/grupohoymexico.com\/puebla\/2026\/08\/25\/informalidad-laboral-mexico-55-1-2026\/\">La informalidad laboral en M\u00e9xico sube al 55,1 % en el segundo trimestre de 2026<\/a><\/h2>\r\n\t\t\t\r\n\t\t\t<div class=\"cs-entry__post-meta\" ><div class=\"cs-meta-author\"><span class=\"cs-meta-author-by\">por<\/span><a class=\"cs-meta-author-link url fn n\" href=\"https:\/\/grupohoymexico.com\/puebla\/author\/nettoreyes27\/\"><span class=\"cs-meta-author-name\">Ernesto Reyes Bello<\/span><\/a><\/div><\/div>\t\t<\/div>\r\n\t<\/div>\r\n<\/article>\r\n\r\n<article class=\"post-84150 post type-post status-publish format-standard has-post-thumbnail category-columnas category-de-buena-fuente tag-4t tag-carlos-macias-palma-2 tag-columna-de-opinion tag-de-buena-fuente tag-liz-vilchis tag-politica-poblana tag-puebla cs-entry cs-video-wrap\">\r\n\t<div class=\"cs-entry__outer cs-entry__outer-small cs-entry__outer-thumbnail-left\">\r\n\t\t\t\t\t<div class=\"cs-entry__inner cs-entry__overlay cs-entry__thumbnail cs-overlay-ratio cs-ratio-square\">\r\n\r\n\t\t\t\t<div class=\"cs-overlay-background\">\r\n\t\t\t\t\t<img loading=\"lazy\" decoding=\"async\" width=\"332\" height=\"263\" src=\"https:\/\/grupohoymexico.com\/puebla\/wp-content\/uploads\/sites\/3\/2025\/05\/CARLOS-01-01-01-jpg-332x263.webp\" class=\"attachment-csco-thumbnail-uncropped size-csco-thumbnail-uncropped wp-post-image\" alt=\"Estrella de rock and roll o gobernador\" srcset=\"https:\/\/grupohoymexico.com\/puebla\/wp-content\/uploads\/sites\/3\/2025\/05\/CARLOS-01-01-01-jpg-332x263.webp 332w, https:\/\/grupohoymexico.com\/puebla\/wp-content\/uploads\/sites\/3\/2025\/05\/CARLOS-01-01-01-jpg-300x238.webp 300w, https:\/\/grupohoymexico.com\/puebla\/wp-content\/uploads\/sites\/3\/2025\/05\/CARLOS-01-01-01-jpg-1024x811.webp 1024w, https:\/\/grupohoymexico.com\/puebla\/wp-content\/uploads\/sites\/3\/2025\/05\/CARLOS-01-01-01-jpg-768x609.webp 768w, https:\/\/grupohoymexico.com\/puebla\/wp-content\/uploads\/sites\/3\/2025\/05\/CARLOS-01-01-01-jpg-664x526.webp 664w, https:\/\/grupohoymexico.com\/puebla\/wp-content\/uploads\/sites\/3\/2025\/05\/CARLOS-01-01-01-jpg-688x545.webp 688w, https:\/\/grupohoymexico.com\/puebla\/wp-content\/uploads\/sites\/3\/2025\/05\/CARLOS-01-01-01-jpg-1044x827.webp 1044w, https:\/\/grupohoymexico.com\/puebla\/wp-content\/uploads\/sites\/3\/2025\/05\/CARLOS-01-01-01-jpg.webp 1060w\" sizes=\"(max-width: 332px) 100vw, 332px\" \/>\t\t\t\t\t<img loading=\"lazy\" decoding=\"async\" width=\"72\" height=\"72\" src=\"https:\/\/grupohoymexico.com\/puebla\/wp-content\/uploads\/sites\/3\/2025\/05\/CARLOS-01-01-01-jpg-72x72.webp\" class=\"attachment-csco-small size-csco-small wp-post-image\" alt=\"Estrella de rock and roll o gobernador\" srcset=\"https:\/\/grupohoymexico.com\/puebla\/wp-content\/uploads\/sites\/3\/2025\/05\/CARLOS-01-01-01-jpg-72x72.webp 72w, https:\/\/grupohoymexico.com\/puebla\/wp-content\/uploads\/sites\/3\/2025\/05\/CARLOS-01-01-01-jpg-150x150.webp 150w, https:\/\/grupohoymexico.com\/puebla\/wp-content\/uploads\/sites\/3\/2025\/05\/CARLOS-01-01-01-jpg-144x144.webp 144w\" sizes=\"(max-width: 72px) 100vw, 72px\" \/>\t\t\t\t<\/div>\r\n\r\n\t\t\t\t\r\n\t\t\t\t\r\n\t\t\t\t<a href=\"https:\/\/grupohoymexico.com\/puebla\/2026\/08\/25\/candidaturas-puebla-2030\/\" class=\"cs-overlay-link\" title=\"El nuevo actor\u2026 al 2030\"><\/a>\r\n\t\t\t<\/div>\r\n\t\t\r\n\t\t<div class=\"cs-entry__inner cs-entry__content cs-entry__content-horizontal\">\r\n\t\t\t<div class=\"cs-entry__post-meta\" ><div class=\"cs-meta-category\"><ul class=\"post-categories\">\n\t<li><a href=\"https:\/\/grupohoymexico.com\/puebla\/category\/columnas\/\" rel=\"category tag\">Columnas<\/a><\/li>\n\t<li><a href=\"https:\/\/grupohoymexico.com\/puebla\/category\/de-buena-fuente\/\" rel=\"category tag\">De Buena Fuente<\/a><\/li><\/ul><\/div><\/div>\r\n\t\t\t<h2 class=\"cs-entry__title\"><a href=\"https:\/\/grupohoymexico.com\/puebla\/2026\/08\/25\/candidaturas-puebla-2030\/\">El nuevo actor\u2026 al 2030<\/a><\/h2>\r\n\t\t\t\r\n\t\t\t<div class=\"cs-entry__post-meta\" ><div class=\"cs-meta-author\"><span class=\"cs-meta-author-by\">por<\/span><a class=\"cs-meta-author-link url fn n\" href=\"https:\/\/grupohoymexico.com\/puebla\/author\/redaccion\/\"><span class=\"cs-meta-author-name\">Redacci\u00f3n Grupo Hoy<\/span><\/a><\/div><\/div>\t\t<\/div>\r\n\t<\/div>\r\n<\/article>\r\n\t\t\t\t\t\t\t\t<\/div>\r\n\t\t\t\t\t\t\t<\/div>\r\n\t\t\t\t\t\t<\/div>\r\n\t\t\t\t\t\t\t\t<\/section>\r\n\t\t\t\t\t\t<\/div>\n\t\t\t\t<\/div>\n\t\t\t\t<\/div>\n\t\t\t\t<\/div>\n\t\t\t\t<\/div>\n\t\t\t\t<\/div>\n\t\t\t\t<div class=\"elementor-element elementor-element-0d5fa75 cs-dividerhorizontal cs-divider-laptophorizontal cs-divider-tablethorizontal cs-divider-mobilehorizontal elementor-widget elementor-widget-cs-divider\" data-id=\"0d5fa75\" data-element_type=\"widget\" data-e-type=\"widget\" data-widget_type=\"cs-divider.default\">\n\t\t\t\t<div class=\"elementor-widget-container\">\n\t\t\t\t\t\t\t<section class=\"cs-divider cs-divider-horizontal\"><\/section>\r\n\t\t\t\t\t\t<\/div>\n\t\t\t\t<\/div>\n\t\t\t\t\t<\/div>\n\t\t\t\t<\/div>\n\t\t<div class=\"elementor-element elementor-element-a14b6f3 e-flex e-con-boxed e-con e-parent\" data-id=\"a14b6f3\" data-element_type=\"container\" data-e-type=\"container\">\n\t\t\t\t\t<div class=\"e-con-inner\">\n\t\t\t\t<div class=\"elementor-element elementor-element-66e721e elementor-widget elementor-widget-cs-heading\" data-id=\"66e721e\" data-element_type=\"widget\" data-e-type=\"widget\" data-widget_type=\"cs-heading.default\">\n\t\t\t\t<div class=\"elementor-widget-container\">\n\t\t\t\t\t\t\t\t\t\t<section class=\"cs-heading\">\r\n\t\t\t\t<div class=\"cs-heading__container \">\r\n\t\t\t\t\t<h2 class=\"cs-heading__content\">\r\n\t\t\t\t\t\tEstatal\t\t\t\t\t<\/h2>\r\n\r\n\t\t\t\t\t\t\t\t\t\t\t<a class=\"cs-heading__link\" href=\"https:\/\/grupohoymexico.com\/puebla\/category\/estatal\/\" target=\"_self\">\r\n\t\t\t\t\t\t\t<span>\t\r\n\t\t\t\t\t\t\t\tTodo sobre Puebla\t\t\t\t\t\t\t<\/span>\r\n\t\t\t\t\t\t<\/a>\r\n\t\t\t\t\t\t\t\t\t<\/div>\r\n\t\t\t<\/section>\r\n\t\t\t\t\t\t\t\t<\/div>\n\t\t\t\t<\/div>\n\t\t<div class=\"elementor-element elementor-element-e6e0b1a e-con-full e-flex e-con e-child\" data-id=\"e6e0b1a\" data-element_type=\"container\" data-e-type=\"container\">\n\t\t<div class=\"elementor-element elementor-element-8d14949 e-con-full e-flex e-con e-child\" data-id=\"8d14949\" data-element_type=\"container\" data-e-type=\"container\">\n\t\t\t\t<div class=\"elementor-element elementor-element-771edab elementor-widget elementor-widget-cs-posts\" data-id=\"771edab\" data-element_type=\"widget\" data-e-type=\"widget\" data-widget_type=\"cs-posts.default\">\n\t\t\t\t<div class=\"elementor-widget-container\">\n\t\t\t\t\t\t\t\t<section class=\"cs-posts cs-posts__standard\">\r\n\t\t\t\t\t\t\t\t\t\t<div class=\"cs-posts-area cs-posts-area-elementor \" data-posts-area=\"\">\r\n\t\t\t\t\t\t\t<div class=\"cs-posts-area__outer\">\r\n\t\t\t\t\t\t\t\t<div\r\n\t\t\t\t\t\t\t\tclass=\"cs-posts-area__main cs-posts-area__main-divider\"\r\n\t\t\t\t\t\t\t\tdata-pc=\"1\"\r\n\t\t\t\t\t\t\t\tdata-lt=\"1\"\r\n\t\t\t\t\t\t\t\tdata-tb=\"1\"\r\n\t\t\t\t\t\t\t\tdata-mb=\"1\"\r\n\t\t\t\t\t\t\t\t>\r\n\t\t\t\t\t\t\t\t\t\r\n<article class=\"post-83995 post type-post status-publish format-standard has-post-thumbnail category-estatal tag-gobierno-municipal tag-puebla cs-entry cs-video-wrap\">\r\n\t<div class=\"cs-entry__outer\">\r\n\t\t\t\t\t<div class=\"cs-entry__inner cs-entry__overlay cs-entry__thumbnail cs-overlay-ratio cs-ratio-landscape-16-9\">\r\n\r\n\t\t\t\t<div class=\"cs-overlay-background\">\r\n\t\t\t\t\t<img loading=\"lazy\" decoding=\"async\" width=\"332\" height=\"175\" src=\"https:\/\/grupohoymexico.com\/puebla\/wp-content\/uploads\/sites\/3\/2026\/08\/imgregen-ai-83995-1787176302-332x175.jpg\" class=\"attachment-csco-thumbnail-uncropped size-csco-thumbnail-uncropped wp-post-image\" alt=\"\" srcset=\"https:\/\/grupohoymexico.com\/puebla\/wp-content\/uploads\/sites\/3\/2026\/08\/imgregen-ai-83995-1787176302-332x175.jpg 332w, https:\/\/grupohoymexico.com\/puebla\/wp-content\/uploads\/sites\/3\/2026\/08\/imgregen-ai-83995-1787176302-300x158.jpg 300w, https:\/\/grupohoymexico.com\/puebla\/wp-content\/uploads\/sites\/3\/2026\/08\/imgregen-ai-83995-1787176302-1024x541.jpg 1024w, https:\/\/grupohoymexico.com\/puebla\/wp-content\/uploads\/sites\/3\/2026\/08\/imgregen-ai-83995-1787176302-768x406.jpg 768w, https:\/\/grupohoymexico.com\/puebla\/wp-content\/uploads\/sites\/3\/2026\/08\/imgregen-ai-83995-1787176302-664x351.jpg 664w, https:\/\/grupohoymexico.com\/puebla\/wp-content\/uploads\/sites\/3\/2026\/08\/imgregen-ai-83995-1787176302-688x363.jpg 688w, https:\/\/grupohoymexico.com\/puebla\/wp-content\/uploads\/sites\/3\/2026\/08\/imgregen-ai-83995-1787176302-1044x551.jpg 1044w, https:\/\/grupohoymexico.com\/puebla\/wp-content\/uploads\/sites\/3\/2026\/08\/imgregen-ai-83995-1787176302.jpg 1195w\" sizes=\"(max-width: 332px) 100vw, 332px\" \/>\t\t\t\t\t<img loading=\"lazy\" decoding=\"async\" width=\"688\" height=\"387\" src=\"https:\/\/grupohoymexico.com\/puebla\/wp-content\/uploads\/sites\/3\/2026\/08\/imgregen-ai-83995-1787176302-688x387.jpg\" class=\"attachment-csco-medium size-csco-medium wp-post-image\" alt=\"\" srcset=\"https:\/\/grupohoymexico.com\/puebla\/wp-content\/uploads\/sites\/3\/2026\/08\/imgregen-ai-83995-1787176302-688x387.jpg 688w, https:\/\/grupohoymexico.com\/puebla\/wp-content\/uploads\/sites\/3\/2026\/08\/imgregen-ai-83995-1787176302-332x186.jpg 332w, https:\/\/grupohoymexico.com\/puebla\/wp-content\/uploads\/sites\/3\/2026\/08\/imgregen-ai-83995-1787176302-1044x587.jpg 1044w\" sizes=\"(max-width: 688px) 100vw, 688px\" \/>\t\t\t\t<\/div>\r\n\r\n\t\t\t\t\r\n\t\t\t\t\r\n\t\t\t\t<a href=\"https:\/\/grupohoymexico.com\/puebla\/2026\/08\/19\/puebla-suma-5-concejos-municipales-que-implica-para-la-gobernanza\/\" class=\"cs-overlay-link\" title=\"Puebla suma 5 concejos municipales: qu\u00e9 implica para la gobernanza\"><\/a>\r\n\t\t\t<\/div>\r\n\t\t\r\n\t\t<div class=\"cs-entry__inner cs-entry__content\">\r\n\r\n\t\t\t<div class=\"cs-entry__post-meta\" ><div class=\"cs-meta-category\"><ul class=\"post-categories\">\n\t<li><a href=\"https:\/\/grupohoymexico.com\/puebla\/category\/estatal\/\" rel=\"category tag\">Estados<\/a><\/li><\/ul><\/div><\/div>\r\n\t\t\t<h2 class=\"cs-entry__title\"><a href=\"https:\/\/grupohoymexico.com\/puebla\/2026\/08\/19\/puebla-suma-5-concejos-municipales-que-implica-para-la-gobernanza\/\">Puebla suma 5 concejos municipales: qu\u00e9 implica para la gobernanza<\/a><\/h2>\r\n\t\t\t\r\n\t\t\t<div class=\"cs-entry__post-meta\" ><div class=\"cs-meta-author\"><span class=\"cs-meta-author-by\">por<\/span><a class=\"cs-meta-author-link url fn n\" href=\"https:\/\/grupohoymexico.com\/puebla\/author\/user\/\"><span class=\"cs-meta-author-name\">Grupo Hoy<\/span><\/a><\/div><div class=\"cs-meta-date\">agosto 19, 2026<\/div><\/div>\t\t<\/div>\r\n\t<\/div>\r\n<\/article>\r\n\t\t\t\t\t\t\t\t<\/div>\r\n\t\t\t\t\t\t\t<\/div>\r\n\t\t\t\t\t\t<\/div>\r\n\t\t\t\t\t\t\t\t<\/section>\r\n\t\t\t\t\t\t<\/div>\n\t\t\t\t<\/div>\n\t\t\t\t<div class=\"elementor-element elementor-element-3e90eb2 cs-dividerhorizontal cs-divider-laptophorizontal cs-divider-tablethorizontal cs-divider-mobilehorizontal elementor-widget elementor-widget-cs-divider\" data-id=\"3e90eb2\" data-element_type=\"widget\" data-e-type=\"widget\" data-widget_type=\"cs-divider.default\">\n\t\t\t\t<div class=\"elementor-widget-container\">\n\t\t\t\t\t\t\t<section class=\"cs-divider cs-divider-horizontal\"><\/section>\r\n\t\t\t\t\t\t<\/div>\n\t\t\t\t<\/div>\n\t\t\t\t<div class=\"elementor-element elementor-element-3f8a183 elementor-widget elementor-widget-cs-posts\" data-id=\"3f8a183\" data-element_type=\"widget\" data-e-type=\"widget\" data-widget_type=\"cs-posts.default\">\n\t\t\t\t<div class=\"elementor-widget-container\">\n\t\t\t\t\t\t\t\t<section class=\"cs-posts cs-posts__standard\">\r\n\t\t\t\t\t\t\t\t\t\t<div class=\"cs-posts-area cs-posts-area-elementor \" data-posts-area=\"\">\r\n\t\t\t\t\t\t\t<div class=\"cs-posts-area__outer\">\r\n\t\t\t\t\t\t\t\t<div\r\n\t\t\t\t\t\t\t\tclass=\"cs-posts-area__main cs-posts-area__main-divider\"\r\n\t\t\t\t\t\t\t\tdata-pc=\"1\"\r\n\t\t\t\t\t\t\t\tdata-lt=\"1\"\r\n\t\t\t\t\t\t\t\tdata-tb=\"1\"\r\n\t\t\t\t\t\t\t\tdata-mb=\"1\"\r\n\t\t\t\t\t\t\t\t>\r\n\t\t\t\t\t\t\t\t\t\r\n<article class=\"post-83948 post type-post status-publish format-standard has-post-thumbnail category-estatal cs-entry cs-video-wrap\">\r\n\t<div class=\"cs-entry__outer\">\r\n\t\t\r\n\t\t<div class=\"cs-entry__inner cs-entry__content\">\r\n\r\n\t\t\t<div class=\"cs-entry__post-meta\" ><div class=\"cs-meta-category\"><ul class=\"post-categories\">\n\t<li><a href=\"https:\/\/grupohoymexico.com\/puebla\/category\/estatal\/\" rel=\"category tag\">Estados<\/a><\/li><\/ul><\/div><\/div>\r\n\t\t\t<h2 class=\"cs-entry__title\"><a href=\"https:\/\/grupohoymexico.com\/puebla\/2026\/08\/12\/tramite-de-escrituras-en-puebla-costos-requisitos-y-donde-hacerlo\/\">Tr\u00e1mite de escrituras en Puebla: costos, requisitos y d\u00f3nde hacerlo<\/a><\/h2>\r\n\t\t\t\r\n\t\t\t<div class=\"cs-entry__post-meta\" ><div class=\"cs-meta-author\"><span class=\"cs-meta-author-by\">por<\/span><a class=\"cs-meta-author-link url fn n\" href=\"https:\/\/grupohoymexico.com\/puebla\/author\/user\/\"><span class=\"cs-meta-author-name\">Grupo Hoy<\/span><\/a><\/div><div class=\"cs-meta-date\">agosto 12, 2026<\/div><\/div>\t\t<\/div>\r\n\t<\/div>\r\n<\/article>\r\n\t\t\t\t\t\t\t\t<\/div>\r\n\t\t\t\t\t\t\t<\/div>\r\n\t\t\t\t\t\t<\/div>\r\n\t\t\t\t\t\t\t\t<\/section>\r\n\t\t\t\t\t\t<\/div>\n\t\t\t\t<\/div>\n\t\t\t\t<div class=\"elementor-element elementor-element-71e3393 cs-dividerhorizontal cs-divider-laptophorizontal cs-divider-tablethorizontal cs-divider-mobilehorizontal elementor-widget elementor-widget-cs-divider\" data-id=\"71e3393\" data-element_type=\"widget\" data-e-type=\"widget\" data-widget_type=\"cs-divider.default\">\n\t\t\t\t<div class=\"elementor-widget-container\">\n\t\t\t\t\t\t\t<section class=\"cs-divider cs-divider-horizontal\"><\/section>\r\n\t\t\t\t\t\t<\/div>\n\t\t\t\t<\/div>\n\t\t\t\t<div class=\"elementor-element elementor-element-c33ef52 elementor-widget__width-initial elementor-hidden-desktop elementor-hidden-laptop elementor-hidden-tablet elementor-hidden-mobile elementor-widget elementor-widget-cs-banner\" data-id=\"c33ef52\" data-element_type=\"widget\" data-e-type=\"widget\" data-widget_type=\"cs-banner.default\">\n\t\t\t\t<div class=\"elementor-widget-container\">\n\t\t\t\t\t\t\t<section class=\"cs-banner-elementor\">\r\n\t\t\t<div class=\"cs-banner\">\r\n\t\t\t\t<div class=\"cs-banner__container \">\r\n\t\t\t\t\t<div class=\"cs-banner__content\">\r\n\t\t\t\t\t\t<a href=\"https:\/\/1.envato.market\/newsreader\" title=\"Advertisement\">\r\n    <img decoding=\"async\" loading=\"lazy\" src=\"http:\/\/newsreader.codesupply.co\/city\/wp-content\/uploads\/sites\/7\/2024\/03\/demo-banner-medium-0004.webp\" alt=\"Advertisement\">\r\n<\/a>\t\t\t\t\t<\/div>\r\n\t\t\t\t\t\t\t\t\t\t\t<div class=\"cs-banner__label\">\r\n\t\t\t\t\t\t\tAdvertisement\t\t\t\t\t\t<\/div>\r\n\t\t\t\t\t\t\t\t\t<\/div>\r\n\t\t\t<\/div>\r\n\t\t<\/section>\r\n\t\t\t\t\t\t<\/div>\n\t\t\t\t<\/div>\n\t\t\t\t<div class=\"elementor-element elementor-element-eb49306 elementor-widget elementor-widget-image\" data-id=\"eb49306\" data-element_type=\"widget\" data-e-type=\"widget\" data-widget_type=\"image.default\">\n\t\t\t\t<div class=\"elementor-widget-container\">\n\t\t\t\t\t\t\t\t\t\t\t\t\t\t\t\t<a href=\"https:\/\/www.lajoyahoteles.com\/\" target=\"_blank\">\n\t\t\t\t\t\t\t<img loading=\"lazy\" decoding=\"async\" width=\"500\" height=\"500\" src=\"https:\/\/grupohoymexico.com\/puebla\/wp-content\/uploads\/sites\/3\/2025\/05\/box-banner-la-joya.png\" class=\"attachment-large size-large wp-image-74524\" alt=\"\" srcset=\"https:\/\/grupohoymexico.com\/puebla\/wp-content\/uploads\/sites\/3\/2025\/05\/box-banner-la-joya.png 500w, https:\/\/grupohoymexico.com\/puebla\/wp-content\/uploads\/sites\/3\/2025\/05\/box-banner-la-joya-300x300.png 300w, https:\/\/grupohoymexico.com\/puebla\/wp-content\/uploads\/sites\/3\/2025\/05\/box-banner-la-joya-150x150.png 150w, https:\/\/grupohoymexico.com\/puebla\/wp-content\/uploads\/sites\/3\/2025\/05\/box-banner-la-joya-72x72.png 72w, https:\/\/grupohoymexico.com\/puebla\/wp-content\/uploads\/sites\/3\/2025\/05\/box-banner-la-joya-144x144.png 144w, https:\/\/grupohoymexico.com\/puebla\/wp-content\/uploads\/sites\/3\/2025\/05\/box-banner-la-joya-332x332.png 332w\" sizes=\"(max-width: 500px) 100vw, 500px\" \/>\t\t\t\t\t\t\t\t<\/a>\n\t\t\t\t\t\t\t\t\t\t\t\t\t\t\t<\/div>\n\t\t\t\t<\/div>\n\t\t\t\t<\/div>\n\t\t\t\t<div class=\"elementor-element elementor-element-853bd3d cs-dividervertical elementor-widget-laptop__width-inherit cs-divider-laptophorizontal cs-divider-tablethorizontal cs-divider-mobilehorizontal elementor-widget elementor-widget-cs-divider\" data-id=\"853bd3d\" data-element_type=\"widget\" data-e-type=\"widget\" data-widget_type=\"cs-divider.default\">\n\t\t\t\t<div class=\"elementor-widget-container\">\n\t\t\t\t\t\t\t<section class=\"cs-divider cs-divider-vertical\"><\/section>\r\n\t\t\t\t\t\t<\/div>\n\t\t\t\t<\/div>\n\t\t<div class=\"elementor-element elementor-element-33c9066 e-con-full e-flex e-con e-child\" data-id=\"33c9066\" data-element_type=\"container\" data-e-type=\"container\">\n\t\t\t\t<div class=\"elementor-element elementor-element-19b14a1 elementor-widget elementor-widget-cs-posts\" data-id=\"19b14a1\" data-element_type=\"widget\" data-e-type=\"widget\" data-widget_type=\"cs-posts.default\">\n\t\t\t\t<div class=\"elementor-widget-container\">\n\t\t\t\t\t\t\t\t<section class=\"cs-posts cs-posts__standard\">\r\n\t\t\t\t\t\t\t\t\t\t<div class=\"cs-posts-area cs-posts-area-elementor \" data-posts-area=\"\">\r\n\t\t\t\t\t\t\t<div class=\"cs-posts-area__outer\">\r\n\t\t\t\t\t\t\t\t<div\r\n\t\t\t\t\t\t\t\tclass=\"cs-posts-area__main\"\r\n\t\t\t\t\t\t\t\tdata-pc=\"1\"\r\n\t\t\t\t\t\t\t\tdata-lt=\"1\"\r\n\t\t\t\t\t\t\t\tdata-tb=\"1\"\r\n\t\t\t\t\t\t\t\tdata-mb=\"1\"\r\n\t\t\t\t\t\t\t\t>\r\n\t\t\t\t\t\t\t\t\t\r\n<article class=\"post-83825 post type-post status-publish format-standard has-post-thumbnail category-estatal tag-acaxochitlan tag-bloqueo-mexico-tuxpan tag-carretera-federal tag-hidalgo tag-huauchinango tag-pacientes-oncologicos tag-sierra-norte-de-puebla tag-zacatlan cs-entry cs-video-wrap\">\r\n\t<div class=\"cs-entry__outer\">\r\n\t\t\t\t\t<div class=\"cs-entry__inner cs-entry__overlay cs-entry__thumbnail cs-overlay-ratio cs-ratio-landscape-16-9\">\r\n\r\n\t\t\t\t<div class=\"cs-overlay-background\">\r\n\t\t\t\t\t<img loading=\"lazy\" decoding=\"async\" width=\"332\" height=\"249\" src=\"https:\/\/grupohoymexico.com\/puebla\/wp-content\/uploads\/sites\/3\/2026\/08\/puebla-83825.jpg\" class=\"attachment-csco-thumbnail-uncropped size-csco-thumbnail-uncropped wp-post-image\" alt=\"\" srcset=\"https:\/\/grupohoymexico.com\/puebla\/wp-content\/uploads\/sites\/3\/2026\/08\/puebla-83825.jpg 800w, https:\/\/grupohoymexico.com\/puebla\/wp-content\/uploads\/sites\/3\/2026\/08\/puebla-83825-300x225.jpg 300w, https:\/\/grupohoymexico.com\/puebla\/wp-content\/uploads\/sites\/3\/2026\/08\/puebla-83825-768x576.jpg 768w\" sizes=\"(max-width: 332px) 100vw, 332px\" \/>\t\t\t\t\t<img loading=\"lazy\" decoding=\"async\" width=\"800\" height=\"600\" src=\"https:\/\/grupohoymexico.com\/puebla\/wp-content\/uploads\/sites\/3\/2026\/08\/puebla-83825.jpg\" class=\"attachment-csco-extra-large size-csco-extra-large wp-post-image\" alt=\"\" srcset=\"https:\/\/grupohoymexico.com\/puebla\/wp-content\/uploads\/sites\/3\/2026\/08\/puebla-83825.jpg 800w, https:\/\/grupohoymexico.com\/puebla\/wp-content\/uploads\/sites\/3\/2026\/08\/puebla-83825-300x225.jpg 300w, https:\/\/grupohoymexico.com\/puebla\/wp-content\/uploads\/sites\/3\/2026\/08\/puebla-83825-768x576.jpg 768w\" sizes=\"(max-width: 800px) 100vw, 800px\" \/>\t\t\t\t<\/div>\r\n\r\n\t\t\t\t\r\n\t\t\t\t\r\n\t\t\t\t<a href=\"https:\/\/grupohoymexico.com\/puebla\/2026\/08\/03\/bloqueo-mexico-tuxpan-sierra-norte-puebla\/\" class=\"cs-overlay-link\" title=\"Bloqueo M\u00e9xico-Tuxpan afecta Sierra Norte de Puebla: 30 pacientes pierden citas\"><\/a>\r\n\t\t\t<\/div>\r\n\t\t\r\n\t\t<div class=\"cs-entry__inner cs-entry__content\">\r\n\r\n\t\t\t<div class=\"cs-entry__post-meta\" ><div class=\"cs-meta-category\"><ul class=\"post-categories\">\n\t<li><a href=\"https:\/\/grupohoymexico.com\/puebla\/category\/estatal\/\" rel=\"category tag\">Estados<\/a><\/li><\/ul><\/div><\/div>\r\n\t\t\t<h2 class=\"cs-entry__title\"><a href=\"https:\/\/grupohoymexico.com\/puebla\/2026\/08\/03\/bloqueo-mexico-tuxpan-sierra-norte-puebla\/\">Bloqueo M\u00e9xico-Tuxpan afecta Sierra Norte de Puebla: 30 pacientes pierden citas<\/a><\/h2>\r\n\t\t\t\t\t\t\t\t<div class=\"cs-entry__excerpt\">\r\n\t\t\t\t\t\tHabitantes de Acaxochitl\u00e1n, Hidalgo, mantienen cerradas la autopista y carretera federal desde hace m\u00e1s de 24 horas; exigen conclusi\u00f3n de obras viales.\t\t\t\t\t<\/div>\r\n\t\t\t\t\t\r\n\t\t\t<div class=\"cs-entry__post-meta\" ><div class=\"cs-meta-author\"><span class=\"cs-meta-author-by\">por<\/span><a class=\"cs-meta-author-link url fn n\" href=\"https:\/\/grupohoymexico.com\/puebla\/author\/user\/\"><span class=\"cs-meta-author-name\">Grupo Hoy<\/span><\/a><\/div><div class=\"cs-meta-date\">agosto 3, 2026<\/div><\/div>\t\t<\/div>\r\n\t<\/div>\r\n<\/article>\r\n\t\t\t\t\t\t\t\t<\/div>\r\n\t\t\t\t\t\t\t<\/div>\r\n\t\t\t\t\t\t<\/div>\r\n\t\t\t\t\t\t\t\t<\/section>\r\n\t\t\t\t\t\t<\/div>\n\t\t\t\t<\/div>\n\t\t\t\t<div class=\"elementor-element elementor-element-261e2de cs-dividerhorizontal cs-divider-laptophorizontal cs-divider-tablethorizontal cs-divider-mobilehorizontal elementor-widget elementor-widget-cs-divider\" data-id=\"261e2de\" data-element_type=\"widget\" data-e-type=\"widget\" data-widget_type=\"cs-divider.default\">\n\t\t\t\t<div class=\"elementor-widget-container\">\n\t\t\t\t\t\t\t<section class=\"cs-divider cs-divider-horizontal\"><\/section>\r\n\t\t\t\t\t\t<\/div>\n\t\t\t\t<\/div>\n\t\t\t\t<div class=\"elementor-element elementor-element-e55bcd2 elementor-widget elementor-widget-cs-posts\" data-id=\"e55bcd2\" data-element_type=\"widget\" data-e-type=\"widget\" data-widget_type=\"cs-posts.default\">\n\t\t\t\t<div class=\"elementor-widget-container\">\n\t\t\t\t\t\t\t\t<section class=\"cs-posts cs-posts__horizontal\">\r\n\t\t\t\t\t\t\t\t\t\t<div class=\"cs-posts-area cs-posts-area-elementor \" data-posts-area=\"\">\r\n\t\t\t\t\t\t\t<div class=\"cs-posts-area__outer\">\r\n\t\t\t\t\t\t\t\t<div\r\n\t\t\t\t\t\t\t\tclass=\"cs-posts-area__main\"\r\n\t\t\t\t\t\t\t\tdata-pc=\"1\"\r\n\t\t\t\t\t\t\t\tdata-lt=\"1\"\r\n\t\t\t\t\t\t\t\tdata-tb=\"1\"\r\n\t\t\t\t\t\t\t\tdata-mb=\"1\"\r\n\t\t\t\t\t\t\t\t>\r\n\t\t\t\t\t\t\t\t\t\r\n<article class=\"post-83586 post type-post status-publish format-standard has-post-thumbnail category-estatal tag-amozoc tag-atlixco tag-inundaciones tag-lluvias tag-puebla tag-tepeaca cs-entry cs-video-wrap\">\r\n\t<div class=\"cs-entry__outer cs-entry__outer-medium cs-entry__outer-thumbnail-right\">\r\n\t\t\t\t\t<div class=\"cs-entry__inner cs-entry__overlay cs-entry__thumbnail cs-overlay-ratio cs-ratio-landscape-16-9\">\r\n\r\n\t\t\t\t<div class=\"cs-overlay-background\">\r\n\t\t\t\t\t<img loading=\"lazy\" decoding=\"async\" width=\"332\" height=\"177\" src=\"https:\/\/grupohoymexico.com\/puebla\/wp-content\/uploads\/sites\/3\/2026\/07\/GH-3-332x177.png\" class=\"attachment-csco-thumbnail-uncropped size-csco-thumbnail-uncropped wp-post-image\" alt=\"Lluvias da\u00f1an 55 escuelas y cultivos en Puebla\" srcset=\"https:\/\/grupohoymexico.com\/puebla\/wp-content\/uploads\/sites\/3\/2026\/07\/GH-3-332x177.png 332w, https:\/\/grupohoymexico.com\/puebla\/wp-content\/uploads\/sites\/3\/2026\/07\/GH-3-300x160.png 300w, https:\/\/grupohoymexico.com\/puebla\/wp-content\/uploads\/sites\/3\/2026\/07\/GH-3-1024x544.png 1024w, https:\/\/grupohoymexico.com\/puebla\/wp-content\/uploads\/sites\/3\/2026\/07\/GH-3-768x408.png 768w, https:\/\/grupohoymexico.com\/puebla\/wp-content\/uploads\/sites\/3\/2026\/07\/GH-3-664x353.png 664w, https:\/\/grupohoymexico.com\/puebla\/wp-content\/uploads\/sites\/3\/2026\/07\/GH-3-688x366.png 688w, https:\/\/grupohoymexico.com\/puebla\/wp-content\/uploads\/sites\/3\/2026\/07\/GH-3-1044x555.png 1044w, https:\/\/grupohoymexico.com\/puebla\/wp-content\/uploads\/sites\/3\/2026\/07\/GH-3.png 1200w\" sizes=\"(max-width: 332px) 100vw, 332px\" \/>\t\t\t\t\t<img loading=\"lazy\" decoding=\"async\" width=\"332\" height=\"186\" src=\"https:\/\/grupohoymexico.com\/puebla\/wp-content\/uploads\/sites\/3\/2026\/07\/GH-3-332x186.png\" class=\"attachment-csco-thumbnail size-csco-thumbnail wp-post-image\" alt=\"Lluvias da\u00f1an 55 escuelas y cultivos en Puebla\" srcset=\"https:\/\/grupohoymexico.com\/puebla\/wp-content\/uploads\/sites\/3\/2026\/07\/GH-3-332x186.png 332w, https:\/\/grupohoymexico.com\/puebla\/wp-content\/uploads\/sites\/3\/2026\/07\/GH-3-664x372.png 664w, https:\/\/grupohoymexico.com\/puebla\/wp-content\/uploads\/sites\/3\/2026\/07\/GH-3-688x387.png 688w, https:\/\/grupohoymexico.com\/puebla\/wp-content\/uploads\/sites\/3\/2026\/07\/GH-3-1044x587.png 1044w\" sizes=\"(max-width: 332px) 100vw, 332px\" \/>\t\t\t\t<\/div>\r\n\r\n\t\t\t\t\r\n\t\t\t\t\r\n\t\t\t\t<a href=\"https:\/\/grupohoymexico.com\/puebla\/2026\/07\/15\/lluvias-danan-55-escuelas-cultivos-atlixco-amozoc-tepeaca-puebla\/\" class=\"cs-overlay-link\" title=\"Lluvias da\u00f1an 55 escuelas y cultivos en Atlixco, Amozoc y Tepeaca\"><\/a>\r\n\t\t\t<\/div>\r\n\t\t\r\n\t\t<div class=\"cs-entry__inner cs-entry__content cs-entry__content-horizontal\">\r\n\t\t\t<div class=\"cs-entry__post-meta\" ><div class=\"cs-meta-category\"><ul class=\"post-categories\">\n\t<li><a href=\"https:\/\/grupohoymexico.com\/puebla\/category\/estatal\/\" rel=\"category tag\">Estados<\/a><\/li><\/ul><\/div><\/div>\r\n\t\t\t<h2 class=\"cs-entry__title\"><a href=\"https:\/\/grupohoymexico.com\/puebla\/2026\/07\/15\/lluvias-danan-55-escuelas-cultivos-atlixco-amozoc-tepeaca-puebla\/\">Lluvias da\u00f1an 55 escuelas y cultivos en Atlixco, Amozoc y Tepeaca<\/a><\/h2>\r\n\t\t\t\r\n\t\t\t<div class=\"cs-entry__post-meta\" ><div class=\"cs-meta-author\"><span class=\"cs-meta-author-by\">por<\/span><a class=\"cs-meta-author-link url fn n\" href=\"https:\/\/grupohoymexico.com\/puebla\/author\/nettoreyes27\/\"><span class=\"cs-meta-author-name\">Ernesto Reyes Bello<\/span><\/a><\/div><div class=\"cs-meta-date\">julio 15, 2026<\/div><\/div>\t\t<\/div>\r\n\t<\/div>\r\n<\/article>\r\n\r\n<article class=\"post-83573 post type-post status-publish format-standard has-post-thumbnail category-estatal tag-lluvias-en-veracruz tag-viviendas-del-bienestar-veracruz cs-entry cs-video-wrap\">\r\n\t<div class=\"cs-entry__outer cs-entry__outer-medium cs-entry__outer-thumbnail-right\">\r\n\t\t\t\t\t<div class=\"cs-entry__inner cs-entry__overlay cs-entry__thumbnail cs-overlay-ratio cs-ratio-landscape-16-9\">\r\n\r\n\t\t\t\t<div class=\"cs-overlay-background\">\r\n\t\t\t\t\t<img loading=\"lazy\" decoding=\"async\" width=\"332\" height=\"177\" src=\"https:\/\/grupohoymexico.com\/puebla\/wp-content\/uploads\/sites\/3\/2026\/07\/lluvias_destrozan_danos_casas_viviendas_del_bienestar_veracruz-332x177.webp\" class=\"attachment-csco-thumbnail-uncropped size-csco-thumbnail-uncropped wp-post-image\" alt=\"Lluvias destrozan las casas del Bienestar en Veracruz que inaugur\u00f3 Claudia Sheinbaum\" srcset=\"https:\/\/grupohoymexico.com\/puebla\/wp-content\/uploads\/sites\/3\/2026\/07\/lluvias_destrozan_danos_casas_viviendas_del_bienestar_veracruz-332x177.webp 332w, https:\/\/grupohoymexico.com\/puebla\/wp-content\/uploads\/sites\/3\/2026\/07\/lluvias_destrozan_danos_casas_viviendas_del_bienestar_veracruz-300x160.webp 300w, https:\/\/grupohoymexico.com\/puebla\/wp-content\/uploads\/sites\/3\/2026\/07\/lluvias_destrozan_danos_casas_viviendas_del_bienestar_veracruz-1024x544.webp 1024w, https:\/\/grupohoymexico.com\/puebla\/wp-content\/uploads\/sites\/3\/2026\/07\/lluvias_destrozan_danos_casas_viviendas_del_bienestar_veracruz-768x408.webp 768w, https:\/\/grupohoymexico.com\/puebla\/wp-content\/uploads\/sites\/3\/2026\/07\/lluvias_destrozan_danos_casas_viviendas_del_bienestar_veracruz-664x353.webp 664w, https:\/\/grupohoymexico.com\/puebla\/wp-content\/uploads\/sites\/3\/2026\/07\/lluvias_destrozan_danos_casas_viviendas_del_bienestar_veracruz-688x366.webp 688w, https:\/\/grupohoymexico.com\/puebla\/wp-content\/uploads\/sites\/3\/2026\/07\/lluvias_destrozan_danos_casas_viviendas_del_bienestar_veracruz-1044x555.webp 1044w, https:\/\/grupohoymexico.com\/puebla\/wp-content\/uploads\/sites\/3\/2026\/07\/lluvias_destrozan_danos_casas_viviendas_del_bienestar_veracruz.webp 1200w\" sizes=\"(max-width: 332px) 100vw, 332px\" \/>\t\t\t\t\t<img loading=\"lazy\" decoding=\"async\" width=\"332\" height=\"186\" src=\"https:\/\/grupohoymexico.com\/puebla\/wp-content\/uploads\/sites\/3\/2026\/07\/lluvias_destrozan_danos_casas_viviendas_del_bienestar_veracruz-332x186.webp\" class=\"attachment-csco-thumbnail size-csco-thumbnail wp-post-image\" alt=\"Lluvias destrozan las casas del Bienestar en Veracruz que inaugur\u00f3 Claudia Sheinbaum\" srcset=\"https:\/\/grupohoymexico.com\/puebla\/wp-content\/uploads\/sites\/3\/2026\/07\/lluvias_destrozan_danos_casas_viviendas_del_bienestar_veracruz-332x186.webp 332w, https:\/\/grupohoymexico.com\/puebla\/wp-content\/uploads\/sites\/3\/2026\/07\/lluvias_destrozan_danos_casas_viviendas_del_bienestar_veracruz-664x372.webp 664w, https:\/\/grupohoymexico.com\/puebla\/wp-content\/uploads\/sites\/3\/2026\/07\/lluvias_destrozan_danos_casas_viviendas_del_bienestar_veracruz-688x387.webp 688w, https:\/\/grupohoymexico.com\/puebla\/wp-content\/uploads\/sites\/3\/2026\/07\/lluvias_destrozan_danos_casas_viviendas_del_bienestar_veracruz-1044x587.webp 1044w\" sizes=\"(max-width: 332px) 100vw, 332px\" \/>\t\t\t\t<\/div>\r\n\r\n\t\t\t\t\r\n\t\t\t\t\r\n\t\t\t\t<a href=\"https:\/\/grupohoymexico.com\/puebla\/2026\/07\/08\/lluvias-destrozan-las-casas-del-bienestar-en-veracruz-que-inauguro-claudia-sheinbaum\/\" class=\"cs-overlay-link\" title=\"Lluvias destrozan las casas del Bienestar en Veracruz que inaugur\u00f3 Claudia Sheinbaum\"><\/a>\r\n\t\t\t<\/div>\r\n\t\t\r\n\t\t<div class=\"cs-entry__inner cs-entry__content cs-entry__content-horizontal\">\r\n\t\t\t<div class=\"cs-entry__post-meta\" ><div class=\"cs-meta-category\"><ul class=\"post-categories\">\n\t<li><a href=\"https:\/\/grupohoymexico.com\/puebla\/category\/estatal\/\" rel=\"category tag\">Estados<\/a><\/li><\/ul><\/div><\/div>\r\n\t\t\t<h2 class=\"cs-entry__title\"><a href=\"https:\/\/grupohoymexico.com\/puebla\/2026\/07\/08\/lluvias-destrozan-las-casas-del-bienestar-en-veracruz-que-inauguro-claudia-sheinbaum\/\">Lluvias destrozan las casas del Bienestar en Veracruz que inaugur\u00f3 Claudia Sheinbaum<\/a><\/h2>\r\n\t\t\t\r\n\t\t\t<div class=\"cs-entry__post-meta\" ><div class=\"cs-meta-author\"><span class=\"cs-meta-author-by\">por<\/span><a class=\"cs-meta-author-link url fn n\" href=\"https:\/\/grupohoymexico.com\/puebla\/author\/nestor\/\"><span class=\"cs-meta-author-name\">nestor<\/span><\/a><\/div><div class=\"cs-meta-date\">julio 8, 2026<\/div><\/div>\t\t<\/div>\r\n\t<\/div>\r\n<\/article>\r\n\r\n<article class=\"post-83570 post type-post status-publish format-standard has-post-thumbnail category-estatal tag-4t-en-veracruz tag-revocacion-de-mandato-en-veracruz tag-rocio-nahle cs-entry cs-video-wrap\">\r\n\t<div class=\"cs-entry__outer cs-entry__outer-medium cs-entry__outer-thumbnail-right\">\r\n\t\t\t\t\t<div class=\"cs-entry__inner cs-entry__overlay cs-entry__thumbnail cs-overlay-ratio cs-ratio-landscape-16-9\">\r\n\r\n\t\t\t\t<div class=\"cs-overlay-background\">\r\n\t\t\t\t\t<img loading=\"lazy\" decoding=\"async\" width=\"332\" height=\"177\" src=\"https:\/\/grupohoymexico.com\/puebla\/wp-content\/uploads\/sites\/3\/2026\/07\/4t_rocio_nahle_revocacion_mandato_veracruz-332x177.png\" class=\"attachment-csco-thumbnail-uncropped size-csco-thumbnail-uncropped wp-post-image\" alt=\"La 4T protege a Roc\u00edo Nahle de la revocaci\u00f3n de mandato en Veracruz\" srcset=\"https:\/\/grupohoymexico.com\/puebla\/wp-content\/uploads\/sites\/3\/2026\/07\/4t_rocio_nahle_revocacion_mandato_veracruz-332x177.png 332w, https:\/\/grupohoymexico.com\/puebla\/wp-content\/uploads\/sites\/3\/2026\/07\/4t_rocio_nahle_revocacion_mandato_veracruz-300x160.png 300w, https:\/\/grupohoymexico.com\/puebla\/wp-content\/uploads\/sites\/3\/2026\/07\/4t_rocio_nahle_revocacion_mandato_veracruz-1024x544.png 1024w, https:\/\/grupohoymexico.com\/puebla\/wp-content\/uploads\/sites\/3\/2026\/07\/4t_rocio_nahle_revocacion_mandato_veracruz-768x408.png 768w, https:\/\/grupohoymexico.com\/puebla\/wp-content\/uploads\/sites\/3\/2026\/07\/4t_rocio_nahle_revocacion_mandato_veracruz-664x353.png 664w, https:\/\/grupohoymexico.com\/puebla\/wp-content\/uploads\/sites\/3\/2026\/07\/4t_rocio_nahle_revocacion_mandato_veracruz-688x366.png 688w, https:\/\/grupohoymexico.com\/puebla\/wp-content\/uploads\/sites\/3\/2026\/07\/4t_rocio_nahle_revocacion_mandato_veracruz-1044x555.png 1044w, https:\/\/grupohoymexico.com\/puebla\/wp-content\/uploads\/sites\/3\/2026\/07\/4t_rocio_nahle_revocacion_mandato_veracruz.png 1200w\" sizes=\"(max-width: 332px) 100vw, 332px\" \/>\t\t\t\t\t<img loading=\"lazy\" decoding=\"async\" width=\"332\" height=\"186\" src=\"https:\/\/grupohoymexico.com\/puebla\/wp-content\/uploads\/sites\/3\/2026\/07\/4t_rocio_nahle_revocacion_mandato_veracruz-332x186.png\" class=\"attachment-csco-thumbnail size-csco-thumbnail wp-post-image\" alt=\"La 4T protege a Roc\u00edo Nahle de la revocaci\u00f3n de mandato en Veracruz\" srcset=\"https:\/\/grupohoymexico.com\/puebla\/wp-content\/uploads\/sites\/3\/2026\/07\/4t_rocio_nahle_revocacion_mandato_veracruz-332x186.png 332w, https:\/\/grupohoymexico.com\/puebla\/wp-content\/uploads\/sites\/3\/2026\/07\/4t_rocio_nahle_revocacion_mandato_veracruz-664x372.png 664w, https:\/\/grupohoymexico.com\/puebla\/wp-content\/uploads\/sites\/3\/2026\/07\/4t_rocio_nahle_revocacion_mandato_veracruz-688x387.png 688w, https:\/\/grupohoymexico.com\/puebla\/wp-content\/uploads\/sites\/3\/2026\/07\/4t_rocio_nahle_revocacion_mandato_veracruz-1044x587.png 1044w\" sizes=\"(max-width: 332px) 100vw, 332px\" \/>\t\t\t\t<\/div>\r\n\r\n\t\t\t\t\r\n\t\t\t\t\r\n\t\t\t\t<a href=\"https:\/\/grupohoymexico.com\/puebla\/2026\/07\/08\/la-4t-protege-a-rocio-nahle-de-la-revocacion-de-mandato-en-veracruz\/\" class=\"cs-overlay-link\" title=\"La 4T protege a Roc\u00edo Nahle de la revocaci\u00f3n de mandato en Veracruz\"><\/a>\r\n\t\t\t<\/div>\r\n\t\t\r\n\t\t<div class=\"cs-entry__inner cs-entry__content cs-entry__content-horizontal\">\r\n\t\t\t<div class=\"cs-entry__post-meta\" ><div class=\"cs-meta-category\"><ul class=\"post-categories\">\n\t<li><a href=\"https:\/\/grupohoymexico.com\/puebla\/category\/estatal\/\" rel=\"category tag\">Estados<\/a><\/li><\/ul><\/div><\/div>\r\n\t\t\t<h2 class=\"cs-entry__title\"><a href=\"https:\/\/grupohoymexico.com\/puebla\/2026\/07\/08\/la-4t-protege-a-rocio-nahle-de-la-revocacion-de-mandato-en-veracruz\/\">La 4T protege a Roc\u00edo Nahle de la revocaci\u00f3n de mandato en Veracruz<\/a><\/h2>\r\n\t\t\t\r\n\t\t\t<div class=\"cs-entry__post-meta\" ><div class=\"cs-meta-author\"><span class=\"cs-meta-author-by\">por<\/span><a class=\"cs-meta-author-link url fn n\" href=\"https:\/\/grupohoymexico.com\/puebla\/author\/nestor\/\"><span class=\"cs-meta-author-name\">nestor<\/span><\/a><\/div><div class=\"cs-meta-date\">julio 8, 2026<\/div><\/div>\t\t<\/div>\r\n\t<\/div>\r\n<\/article>\r\n\t\t\t\t\t\t\t\t<\/div>\r\n\t\t\t\t\t\t\t<\/div>\r\n\t\t\t\t\t\t<\/div>\r\n\t\t\t\t\t\t\t\t<\/section>\r\n\t\t\t\t\t\t<\/div>\n\t\t\t\t<\/div>\n\t\t\t\t<\/div>\n\t\t\t\t<div class=\"elementor-element elementor-element-a89672f cs-dividervertical cs-divider-laptopvertical cs-divider-tabletvertical cs-divider-mobilehorizontal elementor-widget elementor-widget-cs-divider\" data-id=\"a89672f\" data-element_type=\"widget\" data-e-type=\"widget\" data-widget_type=\"cs-divider.default\">\n\t\t\t\t<div class=\"elementor-widget-container\">\n\t\t\t\t\t\t\t<section class=\"cs-divider cs-divider-vertical\"><\/section>\r\n\t\t\t\t\t\t<\/div>\n\t\t\t\t<\/div>\n\t\t<div class=\"elementor-element elementor-element-22a9b4a e-con-full e-flex e-con e-child\" data-id=\"22a9b4a\" data-element_type=\"container\" data-e-type=\"container\">\n\t\t\t\t<div class=\"elementor-element elementor-element-9ea561d elementor-widget elementor-widget-cs-posts\" data-id=\"9ea561d\" data-element_type=\"widget\" data-e-type=\"widget\" data-widget_type=\"cs-posts.default\">\n\t\t\t\t<div class=\"elementor-widget-container\">\n\t\t\t\t\t\t\t\t<section class=\"cs-posts cs-posts__standard\">\r\n\t\t\t\t\t\t\t\t\t\t<div class=\"cs-posts-area cs-posts-area-elementor \" data-posts-area=\"\">\r\n\t\t\t\t\t\t\t<div class=\"cs-posts-area__outer\">\r\n\t\t\t\t\t\t\t\t<div\r\n\t\t\t\t\t\t\t\tclass=\"cs-posts-area__main cs-posts-area__main-divider\"\r\n\t\t\t\t\t\t\t\tdata-pc=\"1\"\r\n\t\t\t\t\t\t\t\tdata-lt=\"1\"\r\n\t\t\t\t\t\t\t\tdata-tb=\"1\"\r\n\t\t\t\t\t\t\t\tdata-mb=\"1\"\r\n\t\t\t\t\t\t\t\t>\r\n\t\t\t\t\t\t\t\t\t\r\n<article class=\"post-83548 post type-post status-publish format-standard has-post-thumbnail category-estatal cs-entry cs-video-wrap\">\r\n\t<div class=\"cs-entry__outer\">\r\n\t\t\t\t\t<div class=\"cs-entry__inner cs-entry__overlay cs-entry__thumbnail cs-overlay-ratio cs-ratio-landscape-16-9\">\r\n\r\n\t\t\t\t<div class=\"cs-overlay-background\">\r\n\t\t\t\t\t<img loading=\"lazy\" decoding=\"async\" width=\"332\" height=\"177\" src=\"https:\/\/grupohoymexico.com\/puebla\/wp-content\/uploads\/sites\/3\/2026\/07\/austeridad_puebla-332x177.png\" class=\"attachment-csco-thumbnail-uncropped size-csco-thumbnail-uncropped wp-post-image\" alt=\"Austeridad para unos, banquetes gourmet para la 4Ten Puebla\" srcset=\"https:\/\/grupohoymexico.com\/puebla\/wp-content\/uploads\/sites\/3\/2026\/07\/austeridad_puebla-332x177.png 332w, https:\/\/grupohoymexico.com\/puebla\/wp-content\/uploads\/sites\/3\/2026\/07\/austeridad_puebla-300x160.png 300w, https:\/\/grupohoymexico.com\/puebla\/wp-content\/uploads\/sites\/3\/2026\/07\/austeridad_puebla-1024x544.png 1024w, https:\/\/grupohoymexico.com\/puebla\/wp-content\/uploads\/sites\/3\/2026\/07\/austeridad_puebla-768x408.png 768w, https:\/\/grupohoymexico.com\/puebla\/wp-content\/uploads\/sites\/3\/2026\/07\/austeridad_puebla-664x353.png 664w, https:\/\/grupohoymexico.com\/puebla\/wp-content\/uploads\/sites\/3\/2026\/07\/austeridad_puebla-688x366.png 688w, https:\/\/grupohoymexico.com\/puebla\/wp-content\/uploads\/sites\/3\/2026\/07\/austeridad_puebla-1044x555.png 1044w, https:\/\/grupohoymexico.com\/puebla\/wp-content\/uploads\/sites\/3\/2026\/07\/austeridad_puebla.png 1200w\" sizes=\"(max-width: 332px) 100vw, 332px\" \/>\t\t\t\t\t<img loading=\"lazy\" decoding=\"async\" width=\"688\" height=\"387\" src=\"https:\/\/grupohoymexico.com\/puebla\/wp-content\/uploads\/sites\/3\/2026\/07\/austeridad_puebla-688x387.png\" class=\"attachment-csco-medium size-csco-medium wp-post-image\" alt=\"Austeridad para unos, banquetes gourmet para la 4Ten Puebla\" srcset=\"https:\/\/grupohoymexico.com\/puebla\/wp-content\/uploads\/sites\/3\/2026\/07\/austeridad_puebla-688x387.png 688w, https:\/\/grupohoymexico.com\/puebla\/wp-content\/uploads\/sites\/3\/2026\/07\/austeridad_puebla-332x186.png 332w, https:\/\/grupohoymexico.com\/puebla\/wp-content\/uploads\/sites\/3\/2026\/07\/austeridad_puebla-1044x587.png 1044w\" sizes=\"(max-width: 688px) 100vw, 688px\" \/>\t\t\t\t<\/div>\r\n\r\n\t\t\t\t\r\n\t\t\t\t\r\n\t\t\t\t<a href=\"https:\/\/grupohoymexico.com\/puebla\/2026\/07\/04\/austeridad-para-unos-banquetes-gourmet-para-la-4ten-puebla\/\" class=\"cs-overlay-link\" title=\"Austeridad para unos, banquetes gourmet para la 4Ten Puebla\"><\/a>\r\n\t\t\t<\/div>\r\n\t\t\r\n\t\t<div class=\"cs-entry__inner cs-entry__content\">\r\n\r\n\t\t\t<div class=\"cs-entry__post-meta\" ><div class=\"cs-meta-category\"><ul class=\"post-categories\">\n\t<li><a href=\"https:\/\/grupohoymexico.com\/puebla\/category\/estatal\/\" rel=\"category tag\">Estados<\/a><\/li><\/ul><\/div><\/div>\r\n\t\t\t<h2 class=\"cs-entry__title\"><a href=\"https:\/\/grupohoymexico.com\/puebla\/2026\/07\/04\/austeridad-para-unos-banquetes-gourmet-para-la-4ten-puebla\/\">Austeridad para unos, banquetes gourmet para la 4Ten Puebla<\/a><\/h2>\r\n\t\t\t\r\n\t\t\t<div class=\"cs-entry__post-meta\" ><div class=\"cs-meta-author\"><span class=\"cs-meta-author-by\">por<\/span><a class=\"cs-meta-author-link url fn n\" href=\"https:\/\/grupohoymexico.com\/puebla\/author\/nestor\/\"><span class=\"cs-meta-author-name\">nestor<\/span><\/a><\/div><div class=\"cs-meta-date\">julio 4, 2026<\/div><\/div>\t\t<\/div>\r\n\t<\/div>\r\n<\/article>\r\n\t\t\t\t\t\t\t\t<\/div>\r\n\t\t\t\t\t\t\t<\/div>\r\n\t\t\t\t\t\t<\/div>\r\n\t\t\t\t\t\t\t\t<\/section>\r\n\t\t\t\t\t\t<\/div>\n\t\t\t\t<\/div>\n\t\t\t\t<div class=\"elementor-element elementor-element-8ec5451 cs-dividerhorizontal cs-divider-laptophorizontal cs-divider-tablethorizontal cs-divider-mobilehorizontal elementor-widget elementor-widget-cs-divider\" data-id=\"8ec5451\" data-element_type=\"widget\" data-e-type=\"widget\" data-widget_type=\"cs-divider.default\">\n\t\t\t\t<div class=\"elementor-widget-container\">\n\t\t\t\t\t\t\t<section class=\"cs-divider cs-divider-horizontal\"><\/section>\r\n\t\t\t\t\t\t<\/div>\n\t\t\t\t<\/div>\n\t\t\t\t<div class=\"elementor-element elementor-element-b88703e elementor-widget elementor-widget-cs-posts\" data-id=\"b88703e\" data-element_type=\"widget\" data-e-type=\"widget\" data-widget_type=\"cs-posts.default\">\n\t\t\t\t<div class=\"elementor-widget-container\">\n\t\t\t\t\t\t\t\t<section class=\"cs-posts cs-posts__standard\">\r\n\t\t\t\t\t\t\t\t\t\t<div class=\"cs-posts-area cs-posts-area-elementor \" data-posts-area=\"\">\r\n\t\t\t\t\t\t\t<div class=\"cs-posts-area__outer\">\r\n\t\t\t\t\t\t\t\t<div\r\n\t\t\t\t\t\t\t\tclass=\"cs-posts-area__main cs-posts-area__main-divider\"\r\n\t\t\t\t\t\t\t\tdata-pc=\"1\"\r\n\t\t\t\t\t\t\t\tdata-lt=\"1\"\r\n\t\t\t\t\t\t\t\tdata-tb=\"1\"\r\n\t\t\t\t\t\t\t\tdata-mb=\"1\"\r\n\t\t\t\t\t\t\t\t>\r\n\t\t\t\t\t\t\t\t\t\r\n<article class=\"post-83487 post type-post status-publish format-standard has-post-thumbnail category-estatal category-seguridad tag-guanajuato tag-irapuato tag-santa-rosa-de-lima tag-seguridad cs-entry cs-video-wrap\">\r\n\t<div class=\"cs-entry__outer\">\r\n\t\t\r\n\t\t<div class=\"cs-entry__inner cs-entry__content\">\r\n\r\n\t\t\t<div class=\"cs-entry__post-meta\" ><div class=\"cs-meta-category\"><ul class=\"post-categories\">\n\t<li><a href=\"https:\/\/grupohoymexico.com\/puebla\/category\/estatal\/\" rel=\"category tag\">Estados<\/a><\/li>\n\t<li><a href=\"https:\/\/grupohoymexico.com\/puebla\/category\/nacional\/seguridad\/\" rel=\"category tag\">Seguridad<\/a><\/li><\/ul><\/div><\/div>\r\n\t\t\t<h2 class=\"cs-entry__title\"><a href=\"https:\/\/grupohoymexico.com\/puebla\/2026\/06\/17\/desmantelan-celula-de-extorsionadores-ligada-al-cartel-de-santa-rosa-de-lima-en-irapuato\/\">Desmantelan c\u00e9lula de extorsionadores ligada al C\u00e1rtel de Santa Rosa de Lima en Irapuato<\/a><\/h2>\r\n\t\t\t\r\n\t\t\t<div class=\"cs-entry__post-meta\" ><div class=\"cs-meta-author\"><span class=\"cs-meta-author-by\">por<\/span><a class=\"cs-meta-author-link url fn n\" href=\"https:\/\/grupohoymexico.com\/puebla\/author\/jair\/\"><span class=\"cs-meta-author-name\">jair<\/span><\/a><\/div><div class=\"cs-meta-date\">junio 17, 2026<\/div><\/div>\t\t<\/div>\r\n\t<\/div>\r\n<\/article>\r\n\r\n<article class=\"post-83478 post type-post status-publish format-standard has-post-thumbnail category-estatal category-nacional category-seguridad tag-carlos-orocio-cruz tag-celestino-orocio-cruz tag-oaxaca tag-san-juan-quiahije tag-seguridad cs-entry cs-video-wrap\">\r\n\t<div class=\"cs-entry__outer\">\r\n\t\t\r\n\t\t<div class=\"cs-entry__inner cs-entry__content\">\r\n\r\n\t\t\t<div class=\"cs-entry__post-meta\" ><div class=\"cs-meta-category\"><ul class=\"post-categories\">\n\t<li><a href=\"https:\/\/grupohoymexico.com\/puebla\/category\/estatal\/\" rel=\"category tag\">Estados<\/a><\/li>\n\t<li><a href=\"https:\/\/grupohoymexico.com\/puebla\/category\/nacional\/\" rel=\"category tag\">Nacional<\/a><\/li>\n\t<li><a href=\"https:\/\/grupohoymexico.com\/puebla\/category\/nacional\/seguridad\/\" rel=\"category tag\">Seguridad<\/a><\/li><\/ul><\/div><\/div>\r\n\t\t\t<h2 class=\"cs-entry__title\"><a href=\"https:\/\/grupohoymexico.com\/puebla\/2026\/06\/16\/asesinan-al-expresidente-municipal-de-san-juan-quiahije-y-a-su-hijo-en-oaxaca\/\">Asesinan al expresidente municipal de San Juan Quiahije y a su hijo en Oaxaca<\/a><\/h2>\r\n\t\t\t\r\n\t\t\t<div class=\"cs-entry__post-meta\" ><div class=\"cs-meta-author\"><span class=\"cs-meta-author-by\">por<\/span><a class=\"cs-meta-author-link url fn n\" href=\"https:\/\/grupohoymexico.com\/puebla\/author\/jair\/\"><span class=\"cs-meta-author-name\">jair<\/span><\/a><\/div><div class=\"cs-meta-date\">junio 16, 2026<\/div><\/div>\t\t<\/div>\r\n\t<\/div>\r\n<\/article>\r\n\r\n<article class=\"post-83464 post type-post status-publish format-standard has-post-thumbnail category-estatal category-politico tag-alejandro-armenta tag-auto-mexicano-olinia tag-jorge-garcia-orozco cs-entry cs-video-wrap\">\r\n\t<div class=\"cs-entry__outer\">\r\n\t\t\r\n\t\t<div class=\"cs-entry__inner cs-entry__content\">\r\n\r\n\t\t\t<div class=\"cs-entry__post-meta\" ><div class=\"cs-meta-category\"><ul class=\"post-categories\">\n\t<li><a href=\"https:\/\/grupohoymexico.com\/puebla\/category\/estatal\/\" rel=\"category tag\">Estados<\/a><\/li>\n\t<li><a href=\"https:\/\/grupohoymexico.com\/puebla\/category\/politico\/\" rel=\"category tag\">Pol\u00edtico<\/a><\/li><\/ul><\/div><\/div>\r\n\t\t\t<h2 class=\"cs-entry__title\"><a href=\"https:\/\/grupohoymexico.com\/puebla\/2026\/06\/15\/alejandro-armenta-llama-perrito-a-periodista-que-revelo-estafa-del-auto-mexicano-olinia-hecho-con-piezas-chinas\/\">Alejandro Armenta llama &#8216;perrito&#8217; a periodista que revel\u00f3 estafa del auto mexicano Olinia hecho con piezas chinas<\/a><\/h2>\r\n\t\t\t\r\n\t\t\t<div class=\"cs-entry__post-meta\" ><div class=\"cs-meta-author\"><span class=\"cs-meta-author-by\">por<\/span><a class=\"cs-meta-author-link url fn n\" href=\"https:\/\/grupohoymexico.com\/puebla\/author\/nestor\/\"><span class=\"cs-meta-author-name\">nestor<\/span><\/a><\/div><div class=\"cs-meta-date\">junio 15, 2026<\/div><\/div>\t\t<\/div>\r\n\t<\/div>\r\n<\/article>\r\n\r\n<article class=\"post-83461 post type-post status-publish format-standard has-post-thumbnail category-estatal category-seguridad tag-alejandro-armenta tag-desapariciones-en-puebla tag-gobierno-de-puebla cs-entry cs-video-wrap\">\r\n\t<div class=\"cs-entry__outer\">\r\n\t\t\r\n\t\t<div class=\"cs-entry__inner cs-entry__content\">\r\n\r\n\t\t\t<div class=\"cs-entry__post-meta\" ><div class=\"cs-meta-category\"><ul class=\"post-categories\">\n\t<li><a href=\"https:\/\/grupohoymexico.com\/puebla\/category\/estatal\/\" rel=\"category tag\">Estados<\/a><\/li>\n\t<li><a href=\"https:\/\/grupohoymexico.com\/puebla\/category\/nacional\/seguridad\/\" rel=\"category tag\">Seguridad<\/a><\/li><\/ul><\/div><\/div>\r\n\t\t\t<h2 class=\"cs-entry__title\"><a href=\"https:\/\/grupohoymexico.com\/puebla\/2026\/06\/15\/reportan-en-puebla-desapariciones-de-hasta-cuatro-personas-al-dia-bajo-el-gobierno-de-alejandro-armenta\/\">Reportan en Puebla desapariciones de hasta cuatro personas al d\u00eda bajo el gobierno de Alejandro Armenta<\/a><\/h2>\r\n\t\t\t\r\n\t\t\t<div class=\"cs-entry__post-meta\" ><div class=\"cs-meta-author\"><span class=\"cs-meta-author-by\">por<\/span><a class=\"cs-meta-author-link url fn n\" href=\"https:\/\/grupohoymexico.com\/puebla\/author\/nestor\/\"><span class=\"cs-meta-author-name\">nestor<\/span><\/a><\/div><div class=\"cs-meta-date\">junio 15, 2026<\/div><\/div>\t\t<\/div>\r\n\t<\/div>\r\n<\/article>\r\n\t\t\t\t\t\t\t\t<\/div>\r\n\t\t\t\t\t\t\t<\/div>\r\n\t\t\t\t\t\t<\/div>\r\n\t\t\t\t\t\t\t\t<\/section>\r\n\t\t\t\t\t\t<\/div>\n\t\t\t\t<\/div>\n\t\t\t\t<div class=\"elementor-element elementor-element-a464eea elementor-widget elementor-widget-image\" data-id=\"a464eea\" data-element_type=\"widget\" data-e-type=\"widget\" data-widget_type=\"image.default\">\n\t\t\t\t<div class=\"elementor-widget-container\">\n\t\t\t\t\t\t\t\t\t\t\t\t\t\t\t\t<a href=\"https:\/\/www.instagram.com\/unicorniosociallistening\/\">\n\t\t\t\t\t\t\t<img decoding=\"async\" src=\"https:\/\/grupohoymexico.com\/puebla\/wp-content\/uploads\/sites\/3\/elementor\/thumbs\/unicornio-Banner-1-espanol.jpg-1-rphx36ccivqqkrcrjapuvraf3ev74nk086f9nd8174.jpeg\" title=\"unicornio Banner 1-espan\u0303ol.jpg (1)\" alt=\"unicornio Banner 1-espan\u0303ol.jpg (1)\" loading=\"lazy\" \/>\t\t\t\t\t\t\t\t<\/a>\n\t\t\t\t\t\t\t\t\t\t\t\t\t\t\t<\/div>\n\t\t\t\t<\/div>\n\t\t\t\t<\/div>\n\t\t\t\t<\/div>\n\t\t\t\t<div class=\"elementor-element elementor-element-21a2b47 cs-dividerhorizontal cs-divider-laptophorizontal cs-divider-tablethorizontal cs-divider-mobilehorizontal elementor-widget elementor-widget-cs-divider\" data-id=\"21a2b47\" data-element_type=\"widget\" data-e-type=\"widget\" data-widget_type=\"cs-divider.default\">\n\t\t\t\t<div class=\"elementor-widget-container\">\n\t\t\t\t\t\t\t<section class=\"cs-divider cs-divider-horizontal\"><\/section>\r\n\t\t\t\t\t\t<\/div>\n\t\t\t\t<\/div>\n\t\t\t\t\t<\/div>\n\t\t\t\t<\/div>\n\t\t<div class=\"elementor-element elementor-element-f79cada e-flex e-con-boxed e-con e-parent\" data-id=\"f79cada\" data-element_type=\"container\" data-e-type=\"container\">\n\t\t\t\t\t<div class=\"e-con-inner\">\n\t\t\t\t<div class=\"elementor-element elementor-element-343c9ba elementor-widget elementor-widget-cs-subscribe\" data-id=\"343c9ba\" data-element_type=\"widget\" data-e-type=\"widget\" data-widget_type=\"cs-subscribe.default\">\n\t\t\t\t<div class=\"elementor-widget-container\">\n\t\t\t\t\t\r\n\t\t<section class=\"cs-subscribe-elementor cs-subscribe-elementor-type-1\">\r\n\r\n\t\t\t<div class=\"cs-subscribe__content\">\r\n\t\t\t\t\t\t\t\t\t<div class=\"cs-subscribe__header\">\r\n\t\t\t\t\t\t<h2 class=\"cs-subscribe__heading\">\r\n\t\t\t\t\t\t\tMant\u00e9ngase al d\u00eda con las noticias m\u00e1s importantes\t\t\t\t\t\t<\/h2>\r\n\t\t\t\t\t<\/div>\r\n\t\t\t\t\r\n\t\t\t\t\t\t\t\t\t<form class=\"cs-subscribe__form\" action=\"https:\/\/codesupply.us13.list-manage.com\/subscribe\/post?u=41845cb8908fb4302a4df512f&amp;id=b5a5e9c757\" method=\"post\" name=\"mc-embedded-subscribe-form-el\" class=\"validate\" target=\"_blank\" novalidate=\"novalidate\">\r\n\t\t\t\t\t\t<div class=\"cs-subscribe__form-group\" data-scheme=\"light\">\r\n\t\t\t\t\t\t\t<input type=\"email\" placeholder=\"E-mail\" name=\"EMAIL\">\r\n\t\t\t\t\t\t\t<button type=\"submit\" value=\"Subscribete\" name=\"subscribe\">Subscribete<\/button>\r\n\t\t\t\t\t\t<\/div>\r\n\r\n\t\t\t\t\t\t<div class=\"cs-subscribe__form-response clear\" id=\"mce-responses\">\r\n\t\t\t\t\t\t\t<div class=\"response\" id=\"mce-error-response\" style=\"display:none\"><\/div>\r\n\t\t\t\t\t\t\t<div class=\"response\" id=\"mce-success-response\" style=\"display:none\"><\/div>\r\n\t\t\t\t\t\t<\/div>\r\n\r\n\t\t\t\t\t\t\t\t\t\t\t\t\t<div class=\"cs-subscribe__description\">\r\n\t\t\t\t\t\t\t\tAl presionar el bot\u00f3n Suscribirse, confirma que ha le\u00eddo y acepta nuestra <a href=\"\/city\/privacy-policy\/\">Pol\u00edtica de privacidad<\/a> y <a href=\"\/city\/terms-of-use\/\">T\u00e9rminos de uso<\/a>.\t\t\t\t\t\t\t<\/div>\r\n\t\t\t\t\t\t\t\t\t\t\t<\/form>\r\n\t\t\t\t\t\t\t<\/div>\r\n\r\n\t\t\t\r\n\t\t<\/section>\r\n\r\n\t\t\t\t\t\t<\/div>\n\t\t\t\t<\/div>\n\t\t\t\t\t<\/div>\n\t\t\t\t<\/div>\n\t\t<div class=\"elementor-element elementor-element-b169254 e-flex e-con-boxed e-con e-parent\" data-id=\"b169254\" data-element_type=\"container\" data-e-type=\"container\">\n\t\t\t\t\t<div class=\"e-con-inner\">\n\t\t\t\t<div class=\"elementor-element elementor-element-cee13a9 elementor-widget elementor-widget-cs-heading\" data-id=\"cee13a9\" data-element_type=\"widget\" data-e-type=\"widget\" data-widget_type=\"cs-heading.default\">\n\t\t\t\t<div class=\"elementor-widget-container\">\n\t\t\t\t\t\t\t\t\t\t<section class=\"cs-heading\">\r\n\t\t\t\t<div class=\"cs-heading__container \">\r\n\t\t\t\t\t<h2 class=\"cs-heading__content\">\r\n\t\t\t\t\t\tNacional - Internacional - Columna\t\t\t\t\t<\/h2>\r\n\r\n\t\t\t\t\t\t\t\t\t<\/div>\r\n\t\t\t<\/section>\r\n\t\t\t\t\t\t\t\t<\/div>\n\t\t\t\t<\/div>\n\t\t<div class=\"elementor-element elementor-element-af070fa e-con-full e-flex e-con e-child\" data-id=\"af070fa\" data-element_type=\"container\" data-e-type=\"container\">\n\t\t<div class=\"elementor-element elementor-element-e524cad e-con-full e-flex e-con e-child\" data-id=\"e524cad\" data-element_type=\"container\" data-e-type=\"container\">\n\t\t\t\t<div class=\"elementor-element elementor-element-8edeedf elementor-widget elementor-widget-cs-posts\" data-id=\"8edeedf\" data-element_type=\"widget\" data-e-type=\"widget\" data-widget_type=\"cs-posts.default\">\n\t\t\t\t<div class=\"elementor-widget-container\">\n\t\t\t\t\t\t\t\t<section class=\"cs-posts cs-posts__standard\">\r\n\t\t\t\t\t\t\t\t\t\t<div class=\"cs-posts-area cs-posts-area-elementor \" data-posts-area=\"\">\r\n\t\t\t\t\t\t\t<div class=\"cs-posts-area__outer\">\r\n\t\t\t\t\t\t\t\t<div\r\n\t\t\t\t\t\t\t\tclass=\"cs-posts-area__main cs-posts-area__main-divider\"\r\n\t\t\t\t\t\t\t\tdata-pc=\"1\"\r\n\t\t\t\t\t\t\t\tdata-lt=\"1\"\r\n\t\t\t\t\t\t\t\tdata-tb=\"1\"\r\n\t\t\t\t\t\t\t\tdata-mb=\"1\"\r\n\t\t\t\t\t\t\t\t>\r\n\t\t\t\t\t\t\t\t\t\r\n<article class=\"post-83842 post type-post status-publish format-standard has-post-thumbnail category-internacional tag-burdeos tag-desminado tag-francia tag-incendio-forestal tag-le-porge tag-proyectiles tag-segunda-guerra-mundial cs-entry cs-video-wrap\">\r\n\t<div class=\"cs-entry__outer\">\r\n\t\t\t\t\t<div class=\"cs-entry__inner cs-entry__overlay cs-entry__thumbnail cs-overlay-ratio cs-ratio-landscape-16-9\">\r\n\r\n\t\t\t\t<div class=\"cs-overlay-background\">\r\n\t\t\t\t\t<img loading=\"lazy\" decoding=\"async\" width=\"332\" height=\"187\" src=\"https:\/\/grupohoymexico.com\/puebla\/wp-content\/uploads\/sites\/3\/2026\/08\/imgregen-ai-83842-1786635123-332x187.jpg\" class=\"attachment-csco-thumbnail-uncropped size-csco-thumbnail-uncropped wp-post-image\" alt=\"\" srcset=\"https:\/\/grupohoymexico.com\/puebla\/wp-content\/uploads\/sites\/3\/2026\/08\/imgregen-ai-83842-1786635123-332x187.jpg 332w, https:\/\/grupohoymexico.com\/puebla\/wp-content\/uploads\/sites\/3\/2026\/08\/imgregen-ai-83842-1786635123-300x169.jpg 300w, https:\/\/grupohoymexico.com\/puebla\/wp-content\/uploads\/sites\/3\/2026\/08\/imgregen-ai-83842-1786635123-1024x576.jpg 1024w, https:\/\/grupohoymexico.com\/puebla\/wp-content\/uploads\/sites\/3\/2026\/08\/imgregen-ai-83842-1786635123-768x432.jpg 768w, https:\/\/grupohoymexico.com\/puebla\/wp-content\/uploads\/sites\/3\/2026\/08\/imgregen-ai-83842-1786635123-664x374.jpg 664w, https:\/\/grupohoymexico.com\/puebla\/wp-content\/uploads\/sites\/3\/2026\/08\/imgregen-ai-83842-1786635123-688x387.jpg 688w, https:\/\/grupohoymexico.com\/puebla\/wp-content\/uploads\/sites\/3\/2026\/08\/imgregen-ai-83842-1786635123-1044x587.jpg 1044w, https:\/\/grupohoymexico.com\/puebla\/wp-content\/uploads\/sites\/3\/2026\/08\/imgregen-ai-83842-1786635123.jpg 1200w\" sizes=\"(max-width: 332px) 100vw, 332px\" \/>\t\t\t\t\t<img loading=\"lazy\" decoding=\"async\" width=\"688\" height=\"387\" src=\"https:\/\/grupohoymexico.com\/puebla\/wp-content\/uploads\/sites\/3\/2026\/08\/imgregen-ai-83842-1786635123-688x387.jpg\" class=\"attachment-csco-medium size-csco-medium wp-post-image\" alt=\"\" srcset=\"https:\/\/grupohoymexico.com\/puebla\/wp-content\/uploads\/sites\/3\/2026\/08\/imgregen-ai-83842-1786635123-688x387.jpg 688w, https:\/\/grupohoymexico.com\/puebla\/wp-content\/uploads\/sites\/3\/2026\/08\/imgregen-ai-83842-1786635123-300x169.jpg 300w, https:\/\/grupohoymexico.com\/puebla\/wp-content\/uploads\/sites\/3\/2026\/08\/imgregen-ai-83842-1786635123-1024x576.jpg 1024w, https:\/\/grupohoymexico.com\/puebla\/wp-content\/uploads\/sites\/3\/2026\/08\/imgregen-ai-83842-1786635123-768x432.jpg 768w, https:\/\/grupohoymexico.com\/puebla\/wp-content\/uploads\/sites\/3\/2026\/08\/imgregen-ai-83842-1786635123-332x187.jpg 332w, https:\/\/grupohoymexico.com\/puebla\/wp-content\/uploads\/sites\/3\/2026\/08\/imgregen-ai-83842-1786635123-664x374.jpg 664w, https:\/\/grupohoymexico.com\/puebla\/wp-content\/uploads\/sites\/3\/2026\/08\/imgregen-ai-83842-1786635123-1044x587.jpg 1044w, https:\/\/grupohoymexico.com\/puebla\/wp-content\/uploads\/sites\/3\/2026\/08\/imgregen-ai-83842-1786635123.jpg 1200w\" sizes=\"(max-width: 688px) 100vw, 688px\" \/>\t\t\t\t<\/div>\r\n\r\n\t\t\t\t\r\n\t\t\t\t\r\n\t\t\t\t<a href=\"https:\/\/grupohoymexico.com\/puebla\/2026\/08\/03\/incendio-francia-proyectiles-segunda-guerra-mundial\/\" class=\"cs-overlay-link\" title=\"Incendio en Francia revela proyectiles de la Segunda Guerra Mundial\"><\/a>\r\n\t\t\t<\/div>\r\n\t\t\r\n\t\t<div class=\"cs-entry__inner cs-entry__content\">\r\n\r\n\t\t\t<div class=\"cs-entry__post-meta\" ><div class=\"cs-meta-category\"><ul class=\"post-categories\">\n\t<li><a href=\"https:\/\/grupohoymexico.com\/puebla\/category\/internacional\/\" rel=\"category tag\">Internacional<\/a><\/li><\/ul><\/div><\/div>\r\n\t\t\t<h2 class=\"cs-entry__title\"><a href=\"https:\/\/grupohoymexico.com\/puebla\/2026\/08\/03\/incendio-francia-proyectiles-segunda-guerra-mundial\/\">Incendio en Francia revela proyectiles de la Segunda Guerra Mundial<\/a><\/h2>\r\n\t\t\t\r\n\t\t\t<div class=\"cs-entry__post-meta\" ><div class=\"cs-meta-author\"><span class=\"cs-meta-author-by\">por<\/span><a class=\"cs-meta-author-link url fn n\" href=\"https:\/\/grupohoymexico.com\/puebla\/author\/user\/\"><span class=\"cs-meta-author-name\">Grupo Hoy<\/span><\/a><\/div><div class=\"cs-meta-date\">agosto 3, 2026<\/div><\/div>\t\t<\/div>\r\n\t<\/div>\r\n<\/article>\r\n\t\t\t\t\t\t\t\t<\/div>\r\n\t\t\t\t\t\t\t<\/div>\r\n\t\t\t\t\t\t<\/div>\r\n\t\t\t\t\t\t\t\t<\/section>\r\n\t\t\t\t\t\t<\/div>\n\t\t\t\t<\/div>\n\t\t\t\t<div class=\"elementor-element elementor-element-bb99954 cs-dividerhorizontal cs-divider-laptophorizontal cs-divider-tablethorizontal cs-divider-mobilehorizontal elementor-widget elementor-widget-cs-divider\" data-id=\"bb99954\" data-element_type=\"widget\" data-e-type=\"widget\" data-widget_type=\"cs-divider.default\">\n\t\t\t\t<div class=\"elementor-widget-container\">\n\t\t\t\t\t\t\t<section class=\"cs-divider cs-divider-horizontal\"><\/section>\r\n\t\t\t\t\t\t<\/div>\n\t\t\t\t<\/div>\n\t\t\t\t<div class=\"elementor-element elementor-element-49a0037 elementor-widget elementor-widget-cs-posts\" data-id=\"49a0037\" data-element_type=\"widget\" data-e-type=\"widget\" data-widget_type=\"cs-posts.default\">\n\t\t\t\t<div class=\"elementor-widget-container\">\n\t\t\t\t\t\t\t\t<section class=\"cs-posts cs-posts__horizontal\">\r\n\t\t\t\t\t\t\t\t\t\t<div class=\"cs-posts-area cs-posts-area-elementor \" data-posts-area=\"\">\r\n\t\t\t\t\t\t\t<div class=\"cs-posts-area__outer\">\r\n\t\t\t\t\t\t\t\t<div\r\n\t\t\t\t\t\t\t\tclass=\"cs-posts-area__main cs-posts-area__main-divider\"\r\n\t\t\t\t\t\t\t\tdata-pc=\"1\"\r\n\t\t\t\t\t\t\t\tdata-lt=\"1\"\r\n\t\t\t\t\t\t\t\tdata-tb=\"1\"\r\n\t\t\t\t\t\t\t\tdata-mb=\"1\"\r\n\t\t\t\t\t\t\t\t>\r\n\t\t\t\t\t\t\t\t\t\r\n<article class=\"post-83439 post type-post status-publish format-standard has-post-thumbnail category-internacional tag-donald-trump tag-eeuu tag-guerra-con-iran cs-entry cs-video-wrap\">\r\n\t<div class=\"cs-entry__outer cs-entry__outer-small cs-entry__outer-thumbnail-left\">\r\n\t\t\t\t\t<div class=\"cs-entry__inner cs-entry__overlay cs-entry__thumbnail cs-overlay-ratio cs-ratio-square\">\r\n\r\n\t\t\t\t<div class=\"cs-overlay-background\">\r\n\t\t\t\t\t<img loading=\"lazy\" decoding=\"async\" width=\"332\" height=\"177\" src=\"https:\/\/grupohoymexico.com\/puebla\/wp-content\/uploads\/sites\/3\/2026\/06\/trump_anuncia_acuerdo_iran_guerra-332x177.webp\" class=\"attachment-csco-thumbnail-uncropped size-csco-thumbnail-uncropped wp-post-image\" alt=\"Trump anuncia acuerdo con Ir\u00e1n para poner fin a la guerra\" srcset=\"https:\/\/grupohoymexico.com\/puebla\/wp-content\/uploads\/sites\/3\/2026\/06\/trump_anuncia_acuerdo_iran_guerra-332x177.webp 332w, https:\/\/grupohoymexico.com\/puebla\/wp-content\/uploads\/sites\/3\/2026\/06\/trump_anuncia_acuerdo_iran_guerra-300x160.webp 300w, https:\/\/grupohoymexico.com\/puebla\/wp-content\/uploads\/sites\/3\/2026\/06\/trump_anuncia_acuerdo_iran_guerra-1024x544.webp 1024w, https:\/\/grupohoymexico.com\/puebla\/wp-content\/uploads\/sites\/3\/2026\/06\/trump_anuncia_acuerdo_iran_guerra-768x408.webp 768w, https:\/\/grupohoymexico.com\/puebla\/wp-content\/uploads\/sites\/3\/2026\/06\/trump_anuncia_acuerdo_iran_guerra-664x353.webp 664w, https:\/\/grupohoymexico.com\/puebla\/wp-content\/uploads\/sites\/3\/2026\/06\/trump_anuncia_acuerdo_iran_guerra-688x366.webp 688w, https:\/\/grupohoymexico.com\/puebla\/wp-content\/uploads\/sites\/3\/2026\/06\/trump_anuncia_acuerdo_iran_guerra-1044x555.webp 1044w, https:\/\/grupohoymexico.com\/puebla\/wp-content\/uploads\/sites\/3\/2026\/06\/trump_anuncia_acuerdo_iran_guerra.webp 1200w\" sizes=\"(max-width: 332px) 100vw, 332px\" \/>\t\t\t\t\t<img loading=\"lazy\" decoding=\"async\" width=\"688\" height=\"366\" src=\"https:\/\/grupohoymexico.com\/puebla\/wp-content\/uploads\/sites\/3\/2026\/06\/trump_anuncia_acuerdo_iran_guerra-688x366.webp\" class=\"attachment-csco-medium-uncropped size-csco-medium-uncropped wp-post-image\" alt=\"Trump anuncia acuerdo con Ir\u00e1n para poner fin a la guerra\" srcset=\"https:\/\/grupohoymexico.com\/puebla\/wp-content\/uploads\/sites\/3\/2026\/06\/trump_anuncia_acuerdo_iran_guerra-688x366.webp 688w, https:\/\/grupohoymexico.com\/puebla\/wp-content\/uploads\/sites\/3\/2026\/06\/trump_anuncia_acuerdo_iran_guerra-300x160.webp 300w, https:\/\/grupohoymexico.com\/puebla\/wp-content\/uploads\/sites\/3\/2026\/06\/trump_anuncia_acuerdo_iran_guerra-1024x544.webp 1024w, https:\/\/grupohoymexico.com\/puebla\/wp-content\/uploads\/sites\/3\/2026\/06\/trump_anuncia_acuerdo_iran_guerra-768x408.webp 768w, https:\/\/grupohoymexico.com\/puebla\/wp-content\/uploads\/sites\/3\/2026\/06\/trump_anuncia_acuerdo_iran_guerra-332x177.webp 332w, https:\/\/grupohoymexico.com\/puebla\/wp-content\/uploads\/sites\/3\/2026\/06\/trump_anuncia_acuerdo_iran_guerra-664x353.webp 664w, https:\/\/grupohoymexico.com\/puebla\/wp-content\/uploads\/sites\/3\/2026\/06\/trump_anuncia_acuerdo_iran_guerra-1044x555.webp 1044w, https:\/\/grupohoymexico.com\/puebla\/wp-content\/uploads\/sites\/3\/2026\/06\/trump_anuncia_acuerdo_iran_guerra.webp 1200w\" sizes=\"(max-width: 688px) 100vw, 688px\" \/>\t\t\t\t<\/div>\r\n\r\n\t\t\t\t\r\n\t\t\t\t\r\n\t\t\t\t<a href=\"https:\/\/grupohoymexico.com\/puebla\/2026\/06\/13\/trump-anuncia-acuerdo-con-iran-para-poner-fin-a-la-guerra\/\" class=\"cs-overlay-link\" title=\"Trump anuncia acuerdo con Ir\u00e1n para poner fin a la guerra\"><\/a>\r\n\t\t\t<\/div>\r\n\t\t\r\n\t\t<div class=\"cs-entry__inner cs-entry__content cs-entry__content-horizontal\">\r\n\t\t\t<div class=\"cs-entry__post-meta\" ><div class=\"cs-meta-category\"><ul class=\"post-categories\">\n\t<li><a href=\"https:\/\/grupohoymexico.com\/puebla\/category\/internacional\/\" rel=\"category tag\">Internacional<\/a><\/li><\/ul><\/div><\/div>\r\n\t\t\t<h2 class=\"cs-entry__title\"><a href=\"https:\/\/grupohoymexico.com\/puebla\/2026\/06\/13\/trump-anuncia-acuerdo-con-iran-para-poner-fin-a-la-guerra\/\">Trump anuncia acuerdo con Ir\u00e1n para poner fin a la guerra<\/a><\/h2>\r\n\t\t\t\r\n\t\t\t<div class=\"cs-entry__post-meta\" ><div class=\"cs-meta-author\"><span class=\"cs-meta-author-by\">por<\/span><a class=\"cs-meta-author-link url fn n\" href=\"https:\/\/grupohoymexico.com\/puebla\/author\/nestor\/\"><span class=\"cs-meta-author-name\">nestor<\/span><\/a><\/div><\/div>\t\t<\/div>\r\n\t<\/div>\r\n<\/article>\r\n\r\n<article class=\"post-83437 post type-post status-publish format-standard has-post-thumbnail category-internacional tag-donald-trump tag-el-nino-guerrero tag-tren-de-aragua cs-entry cs-video-wrap\">\r\n\t<div class=\"cs-entry__outer cs-entry__outer-small cs-entry__outer-thumbnail-left\">\r\n\t\t\t\t\t<div class=\"cs-entry__inner cs-entry__overlay cs-entry__thumbnail cs-overlay-ratio cs-ratio-square\">\r\n\r\n\t\t\t\t<div class=\"cs-overlay-background\">\r\n\t\t\t\t\t<img loading=\"lazy\" decoding=\"async\" width=\"332\" height=\"177\" src=\"https:\/\/grupohoymexico.com\/puebla\/wp-content\/uploads\/sites\/3\/2026\/06\/donald_trump_amenaza_no_renovar_t-mec-332x177.png\" class=\"attachment-csco-thumbnail-uncropped size-csco-thumbnail-uncropped wp-post-image\" alt=\"Donald Trump amenaza con no renovar el T-MEC\" srcset=\"https:\/\/grupohoymexico.com\/puebla\/wp-content\/uploads\/sites\/3\/2026\/06\/donald_trump_amenaza_no_renovar_t-mec-332x177.png 332w, https:\/\/grupohoymexico.com\/puebla\/wp-content\/uploads\/sites\/3\/2026\/06\/donald_trump_amenaza_no_renovar_t-mec-300x160.png 300w, https:\/\/grupohoymexico.com\/puebla\/wp-content\/uploads\/sites\/3\/2026\/06\/donald_trump_amenaza_no_renovar_t-mec-1024x544.png 1024w, https:\/\/grupohoymexico.com\/puebla\/wp-content\/uploads\/sites\/3\/2026\/06\/donald_trump_amenaza_no_renovar_t-mec-768x408.png 768w, https:\/\/grupohoymexico.com\/puebla\/wp-content\/uploads\/sites\/3\/2026\/06\/donald_trump_amenaza_no_renovar_t-mec-664x353.png 664w, https:\/\/grupohoymexico.com\/puebla\/wp-content\/uploads\/sites\/3\/2026\/06\/donald_trump_amenaza_no_renovar_t-mec-688x366.png 688w, https:\/\/grupohoymexico.com\/puebla\/wp-content\/uploads\/sites\/3\/2026\/06\/donald_trump_amenaza_no_renovar_t-mec-1044x555.png 1044w, https:\/\/grupohoymexico.com\/puebla\/wp-content\/uploads\/sites\/3\/2026\/06\/donald_trump_amenaza_no_renovar_t-mec.png 1200w\" sizes=\"(max-width: 332px) 100vw, 332px\" \/>\t\t\t\t\t<img loading=\"lazy\" decoding=\"async\" width=\"688\" height=\"366\" src=\"https:\/\/grupohoymexico.com\/puebla\/wp-content\/uploads\/sites\/3\/2026\/06\/donald_trump_amenaza_no_renovar_t-mec-688x366.png\" class=\"attachment-csco-medium-uncropped size-csco-medium-uncropped wp-post-image\" alt=\"Donald Trump amenaza con no renovar el T-MEC\" srcset=\"https:\/\/grupohoymexico.com\/puebla\/wp-content\/uploads\/sites\/3\/2026\/06\/donald_trump_amenaza_no_renovar_t-mec-688x366.png 688w, https:\/\/grupohoymexico.com\/puebla\/wp-content\/uploads\/sites\/3\/2026\/06\/donald_trump_amenaza_no_renovar_t-mec-300x160.png 300w, https:\/\/grupohoymexico.com\/puebla\/wp-content\/uploads\/sites\/3\/2026\/06\/donald_trump_amenaza_no_renovar_t-mec-1024x544.png 1024w, https:\/\/grupohoymexico.com\/puebla\/wp-content\/uploads\/sites\/3\/2026\/06\/donald_trump_amenaza_no_renovar_t-mec-768x408.png 768w, https:\/\/grupohoymexico.com\/puebla\/wp-content\/uploads\/sites\/3\/2026\/06\/donald_trump_amenaza_no_renovar_t-mec-332x177.png 332w, https:\/\/grupohoymexico.com\/puebla\/wp-content\/uploads\/sites\/3\/2026\/06\/donald_trump_amenaza_no_renovar_t-mec-664x353.png 664w, https:\/\/grupohoymexico.com\/puebla\/wp-content\/uploads\/sites\/3\/2026\/06\/donald_trump_amenaza_no_renovar_t-mec-1044x555.png 1044w, https:\/\/grupohoymexico.com\/puebla\/wp-content\/uploads\/sites\/3\/2026\/06\/donald_trump_amenaza_no_renovar_t-mec.png 1200w\" sizes=\"(max-width: 688px) 100vw, 688px\" \/>\t\t\t\t<\/div>\r\n\r\n\t\t\t\t\r\n\t\t\t\t\r\n\t\t\t\t<a href=\"https:\/\/grupohoymexico.com\/puebla\/2026\/06\/13\/donald-trump-elimina-a-el-nino-guerrero-lider-del-tren-de-aragua\/\" class=\"cs-overlay-link\" title=\"Donald Trump elimina a &#8216;El Ni\u00f1o Guerrero&#8217;, l\u00edder del Tren de Aragua\"><\/a>\r\n\t\t\t<\/div>\r\n\t\t\r\n\t\t<div class=\"cs-entry__inner cs-entry__content cs-entry__content-horizontal\">\r\n\t\t\t<div class=\"cs-entry__post-meta\" ><div class=\"cs-meta-category\"><ul class=\"post-categories\">\n\t<li><a href=\"https:\/\/grupohoymexico.com\/puebla\/category\/internacional\/\" rel=\"category tag\">Internacional<\/a><\/li><\/ul><\/div><\/div>\r\n\t\t\t<h2 class=\"cs-entry__title\"><a href=\"https:\/\/grupohoymexico.com\/puebla\/2026\/06\/13\/donald-trump-elimina-a-el-nino-guerrero-lider-del-tren-de-aragua\/\">Donald Trump elimina a &#8216;El Ni\u00f1o Guerrero&#8217;, l\u00edder del Tren de Aragua<\/a><\/h2>\r\n\t\t\t\r\n\t\t\t<div class=\"cs-entry__post-meta\" ><div class=\"cs-meta-author\"><span class=\"cs-meta-author-by\">por<\/span><a class=\"cs-meta-author-link url fn n\" href=\"https:\/\/grupohoymexico.com\/puebla\/author\/nestor\/\"><span class=\"cs-meta-author-name\">nestor<\/span><\/a><\/div><\/div>\t\t<\/div>\r\n\t<\/div>\r\n<\/article>\r\n\r\n<article class=\"post-83426 post type-post status-publish format-standard has-post-thumbnail category-internacional tag-elecciones-de-peru tag-keiko-fujimori tag-peru cs-entry cs-video-wrap\">\r\n\t<div class=\"cs-entry__outer cs-entry__outer-small cs-entry__outer-thumbnail-left\">\r\n\t\t\t\t\t<div class=\"cs-entry__inner cs-entry__overlay cs-entry__thumbnail cs-overlay-ratio cs-ratio-square\">\r\n\r\n\t\t\t\t<div class=\"cs-overlay-background\">\r\n\t\t\t\t\t<img loading=\"lazy\" decoding=\"async\" width=\"332\" height=\"177\" src=\"https:\/\/grupohoymexico.com\/puebla\/wp-content\/uploads\/sites\/3\/2026\/06\/keiko_fujimori_peru_derecha_izquieerda-332x177.webp\" class=\"attachment-csco-thumbnail-uncropped size-csco-thumbnail-uncropped wp-post-image\" alt=\"Keiko Fujimori gana y Per\u00fa le da una patada a la izquierda\" srcset=\"https:\/\/grupohoymexico.com\/puebla\/wp-content\/uploads\/sites\/3\/2026\/06\/keiko_fujimori_peru_derecha_izquieerda-332x177.webp 332w, https:\/\/grupohoymexico.com\/puebla\/wp-content\/uploads\/sites\/3\/2026\/06\/keiko_fujimori_peru_derecha_izquieerda-300x160.webp 300w, https:\/\/grupohoymexico.com\/puebla\/wp-content\/uploads\/sites\/3\/2026\/06\/keiko_fujimori_peru_derecha_izquieerda-1024x544.webp 1024w, https:\/\/grupohoymexico.com\/puebla\/wp-content\/uploads\/sites\/3\/2026\/06\/keiko_fujimori_peru_derecha_izquieerda-768x408.webp 768w, https:\/\/grupohoymexico.com\/puebla\/wp-content\/uploads\/sites\/3\/2026\/06\/keiko_fujimori_peru_derecha_izquieerda-664x353.webp 664w, https:\/\/grupohoymexico.com\/puebla\/wp-content\/uploads\/sites\/3\/2026\/06\/keiko_fujimori_peru_derecha_izquieerda-688x366.webp 688w, https:\/\/grupohoymexico.com\/puebla\/wp-content\/uploads\/sites\/3\/2026\/06\/keiko_fujimori_peru_derecha_izquieerda-1044x555.webp 1044w, https:\/\/grupohoymexico.com\/puebla\/wp-content\/uploads\/sites\/3\/2026\/06\/keiko_fujimori_peru_derecha_izquieerda.webp 1200w\" sizes=\"(max-width: 332px) 100vw, 332px\" \/>\t\t\t\t\t<img loading=\"lazy\" decoding=\"async\" width=\"688\" height=\"366\" src=\"https:\/\/grupohoymexico.com\/puebla\/wp-content\/uploads\/sites\/3\/2026\/06\/keiko_fujimori_peru_derecha_izquieerda-688x366.webp\" class=\"attachment-csco-medium-uncropped size-csco-medium-uncropped wp-post-image\" alt=\"Keiko Fujimori gana y Per\u00fa le da una patada a la izquierda\" srcset=\"https:\/\/grupohoymexico.com\/puebla\/wp-content\/uploads\/sites\/3\/2026\/06\/keiko_fujimori_peru_derecha_izquieerda-688x366.webp 688w, https:\/\/grupohoymexico.com\/puebla\/wp-content\/uploads\/sites\/3\/2026\/06\/keiko_fujimori_peru_derecha_izquieerda-300x160.webp 300w, https:\/\/grupohoymexico.com\/puebla\/wp-content\/uploads\/sites\/3\/2026\/06\/keiko_fujimori_peru_derecha_izquieerda-1024x544.webp 1024w, https:\/\/grupohoymexico.com\/puebla\/wp-content\/uploads\/sites\/3\/2026\/06\/keiko_fujimori_peru_derecha_izquieerda-768x408.webp 768w, https:\/\/grupohoymexico.com\/puebla\/wp-content\/uploads\/sites\/3\/2026\/06\/keiko_fujimori_peru_derecha_izquieerda-332x177.webp 332w, https:\/\/grupohoymexico.com\/puebla\/wp-content\/uploads\/sites\/3\/2026\/06\/keiko_fujimori_peru_derecha_izquieerda-664x353.webp 664w, https:\/\/grupohoymexico.com\/puebla\/wp-content\/uploads\/sites\/3\/2026\/06\/keiko_fujimori_peru_derecha_izquieerda-1044x555.webp 1044w, https:\/\/grupohoymexico.com\/puebla\/wp-content\/uploads\/sites\/3\/2026\/06\/keiko_fujimori_peru_derecha_izquieerda.webp 1200w\" sizes=\"(max-width: 688px) 100vw, 688px\" \/>\t\t\t\t<\/div>\r\n\r\n\t\t\t\t\r\n\t\t\t\t\r\n\t\t\t\t<a href=\"https:\/\/grupohoymexico.com\/puebla\/2026\/06\/12\/peru-le-da-una-patada-a-la-izquierda-de-la-mano-de-keiko-fujimori\/\" class=\"cs-overlay-link\" title=\"Per\u00fa le da una patada a la izquierda de la mano de Keiko Fujimori\"><\/a>\r\n\t\t\t<\/div>\r\n\t\t\r\n\t\t<div class=\"cs-entry__inner cs-entry__content cs-entry__content-horizontal\">\r\n\t\t\t<div class=\"cs-entry__post-meta\" ><div class=\"cs-meta-category\"><ul class=\"post-categories\">\n\t<li><a href=\"https:\/\/grupohoymexico.com\/puebla\/category\/internacional\/\" rel=\"category tag\">Internacional<\/a><\/li><\/ul><\/div><\/div>\r\n\t\t\t<h2 class=\"cs-entry__title\"><a href=\"https:\/\/grupohoymexico.com\/puebla\/2026\/06\/12\/peru-le-da-una-patada-a-la-izquierda-de-la-mano-de-keiko-fujimori\/\">Per\u00fa le da una patada a la izquierda de la mano de Keiko Fujimori<\/a><\/h2>\r\n\t\t\t\r\n\t\t\t<div class=\"cs-entry__post-meta\" ><div class=\"cs-meta-author\"><span class=\"cs-meta-author-by\">por<\/span><a class=\"cs-meta-author-link url fn n\" href=\"https:\/\/grupohoymexico.com\/puebla\/author\/abigail\/\"><span class=\"cs-meta-author-name\">abigail<\/span><\/a><\/div><\/div>\t\t<\/div>\r\n\t<\/div>\r\n<\/article>\r\n\r\n<article class=\"post-83402 post type-post status-publish format-standard has-post-thumbnail category-internacional tag-donald-trump tag-t-mec cs-entry cs-video-wrap\">\r\n\t<div class=\"cs-entry__outer cs-entry__outer-small cs-entry__outer-thumbnail-left\">\r\n\t\t\t\t\t<div class=\"cs-entry__inner cs-entry__overlay cs-entry__thumbnail cs-overlay-ratio cs-ratio-square\">\r\n\r\n\t\t\t\t<div class=\"cs-overlay-background\">\r\n\t\t\t\t\t<img loading=\"lazy\" decoding=\"async\" width=\"332\" height=\"177\" src=\"https:\/\/grupohoymexico.com\/puebla\/wp-content\/uploads\/sites\/3\/2026\/06\/donald_trump_amenaza_no_renovar_t-mec-332x177.png\" class=\"attachment-csco-thumbnail-uncropped size-csco-thumbnail-uncropped wp-post-image\" alt=\"Donald Trump amenaza con no renovar el T-MEC\" srcset=\"https:\/\/grupohoymexico.com\/puebla\/wp-content\/uploads\/sites\/3\/2026\/06\/donald_trump_amenaza_no_renovar_t-mec-332x177.png 332w, https:\/\/grupohoymexico.com\/puebla\/wp-content\/uploads\/sites\/3\/2026\/06\/donald_trump_amenaza_no_renovar_t-mec-300x160.png 300w, https:\/\/grupohoymexico.com\/puebla\/wp-content\/uploads\/sites\/3\/2026\/06\/donald_trump_amenaza_no_renovar_t-mec-1024x544.png 1024w, https:\/\/grupohoymexico.com\/puebla\/wp-content\/uploads\/sites\/3\/2026\/06\/donald_trump_amenaza_no_renovar_t-mec-768x408.png 768w, https:\/\/grupohoymexico.com\/puebla\/wp-content\/uploads\/sites\/3\/2026\/06\/donald_trump_amenaza_no_renovar_t-mec-664x353.png 664w, https:\/\/grupohoymexico.com\/puebla\/wp-content\/uploads\/sites\/3\/2026\/06\/donald_trump_amenaza_no_renovar_t-mec-688x366.png 688w, https:\/\/grupohoymexico.com\/puebla\/wp-content\/uploads\/sites\/3\/2026\/06\/donald_trump_amenaza_no_renovar_t-mec-1044x555.png 1044w, https:\/\/grupohoymexico.com\/puebla\/wp-content\/uploads\/sites\/3\/2026\/06\/donald_trump_amenaza_no_renovar_t-mec.png 1200w\" sizes=\"(max-width: 332px) 100vw, 332px\" \/>\t\t\t\t\t<img loading=\"lazy\" decoding=\"async\" width=\"688\" height=\"366\" src=\"https:\/\/grupohoymexico.com\/puebla\/wp-content\/uploads\/sites\/3\/2026\/06\/donald_trump_amenaza_no_renovar_t-mec-688x366.png\" class=\"attachment-csco-medium-uncropped size-csco-medium-uncropped wp-post-image\" alt=\"Donald Trump amenaza con no renovar el T-MEC\" srcset=\"https:\/\/grupohoymexico.com\/puebla\/wp-content\/uploads\/sites\/3\/2026\/06\/donald_trump_amenaza_no_renovar_t-mec-688x366.png 688w, https:\/\/grupohoymexico.com\/puebla\/wp-content\/uploads\/sites\/3\/2026\/06\/donald_trump_amenaza_no_renovar_t-mec-300x160.png 300w, https:\/\/grupohoymexico.com\/puebla\/wp-content\/uploads\/sites\/3\/2026\/06\/donald_trump_amenaza_no_renovar_t-mec-1024x544.png 1024w, https:\/\/grupohoymexico.com\/puebla\/wp-content\/uploads\/sites\/3\/2026\/06\/donald_trump_amenaza_no_renovar_t-mec-768x408.png 768w, https:\/\/grupohoymexico.com\/puebla\/wp-content\/uploads\/sites\/3\/2026\/06\/donald_trump_amenaza_no_renovar_t-mec-332x177.png 332w, https:\/\/grupohoymexico.com\/puebla\/wp-content\/uploads\/sites\/3\/2026\/06\/donald_trump_amenaza_no_renovar_t-mec-664x353.png 664w, https:\/\/grupohoymexico.com\/puebla\/wp-content\/uploads\/sites\/3\/2026\/06\/donald_trump_amenaza_no_renovar_t-mec-1044x555.png 1044w, https:\/\/grupohoymexico.com\/puebla\/wp-content\/uploads\/sites\/3\/2026\/06\/donald_trump_amenaza_no_renovar_t-mec.png 1200w\" sizes=\"(max-width: 688px) 100vw, 688px\" \/>\t\t\t\t<\/div>\r\n\r\n\t\t\t\t\r\n\t\t\t\t\r\n\t\t\t\t<a href=\"https:\/\/grupohoymexico.com\/puebla\/2026\/06\/10\/donald-trump-amenaza-con-no-renovar-el-t-mec\/\" class=\"cs-overlay-link\" title=\"Donald Trump amenaza con no renovar el T-MEC\"><\/a>\r\n\t\t\t<\/div>\r\n\t\t\r\n\t\t<div class=\"cs-entry__inner cs-entry__content cs-entry__content-horizontal\">\r\n\t\t\t<div class=\"cs-entry__post-meta\" ><div class=\"cs-meta-category\"><ul class=\"post-categories\">\n\t<li><a href=\"https:\/\/grupohoymexico.com\/puebla\/category\/internacional\/\" rel=\"category tag\">Internacional<\/a><\/li><\/ul><\/div><\/div>\r\n\t\t\t<h2 class=\"cs-entry__title\"><a href=\"https:\/\/grupohoymexico.com\/puebla\/2026\/06\/10\/donald-trump-amenaza-con-no-renovar-el-t-mec\/\">Donald Trump amenaza con no renovar el T-MEC<\/a><\/h2>\r\n\t\t\t\r\n\t\t\t<div class=\"cs-entry__post-meta\" ><div class=\"cs-meta-author\"><span class=\"cs-meta-author-by\">por<\/span><a class=\"cs-meta-author-link url fn n\" href=\"https:\/\/grupohoymexico.com\/puebla\/author\/nestor\/\"><span class=\"cs-meta-author-name\">nestor<\/span><\/a><\/div><\/div>\t\t<\/div>\r\n\t<\/div>\r\n<\/article>\r\n\t\t\t\t\t\t\t\t<\/div>\r\n\t\t\t\t\t\t\t<\/div>\r\n\t\t\t\t\t\t<\/div>\r\n\t\t\t\t\t\t\t\t<\/section>\r\n\t\t\t\t\t\t<\/div>\n\t\t\t\t<\/div>\n\t\t\t\t<\/div>\n\t\t\t\t<div class=\"elementor-element elementor-element-b12f3f6 cs-dividervertical elementor-widget-laptop__width-inherit cs-divider-laptophorizontal cs-divider-tablethorizontal cs-divider-mobilehorizontal elementor-widget elementor-widget-cs-divider\" data-id=\"b12f3f6\" data-element_type=\"widget\" data-e-type=\"widget\" data-widget_type=\"cs-divider.default\">\n\t\t\t\t<div class=\"elementor-widget-container\">\n\t\t\t\t\t\t\t<section class=\"cs-divider cs-divider-vertical\"><\/section>\r\n\t\t\t\t\t\t<\/div>\n\t\t\t\t<\/div>\n\t\t<div class=\"elementor-element elementor-element-7e766b0 e-con-full e-flex e-con e-child\" data-id=\"7e766b0\" data-element_type=\"container\" data-e-type=\"container\">\n\t\t\t\t<div class=\"elementor-element elementor-element-1de6ff4 elementor-widget elementor-widget-cs-posts\" data-id=\"1de6ff4\" data-element_type=\"widget\" data-e-type=\"widget\" data-widget_type=\"cs-posts.default\">\n\t\t\t\t<div class=\"elementor-widget-container\">\n\t\t\t\t\t\t\t\t<section class=\"cs-posts cs-posts__standard\">\r\n\t\t\t\t\t\t\t\t\t\t<div class=\"cs-posts-area cs-posts-area-elementor \" data-posts-area=\"\">\r\n\t\t\t\t\t\t\t<div class=\"cs-posts-area__outer\">\r\n\t\t\t\t\t\t\t\t<div\r\n\t\t\t\t\t\t\t\tclass=\"cs-posts-area__main\"\r\n\t\t\t\t\t\t\t\tdata-pc=\"1\"\r\n\t\t\t\t\t\t\t\tdata-lt=\"1\"\r\n\t\t\t\t\t\t\t\tdata-tb=\"1\"\r\n\t\t\t\t\t\t\t\tdata-mb=\"1\"\r\n\t\t\t\t\t\t\t\t>\r\n\t\t\t\t\t\t\t\t\t\r\n<article class=\"post-84134 post type-post status-publish format-standard has-post-thumbnail category-seguridad tag-agua tag-eduardo-rivera-s tag-octavio-de-la-torre tag-puebla-pierde cs-entry cs-video-wrap\">\r\n\t<div class=\"cs-entry__outer\">\r\n\t\t\t\t\t<div class=\"cs-entry__inner cs-entry__overlay cs-entry__thumbnail cs-overlay-ratio cs-ratio-landscape-16-9\">\r\n\r\n\t\t\t\t<div class=\"cs-overlay-background\">\r\n\t\t\t\t\t<img loading=\"lazy\" decoding=\"async\" width=\"332\" height=\"187\" src=\"https:\/\/grupohoymexico.com\/puebla\/wp-content\/uploads\/sites\/3\/2026\/08\/imgregen-ai-84134-1787537194-332x187.jpg\" class=\"attachment-csco-thumbnail-uncropped size-csco-thumbnail-uncropped wp-post-image\" alt=\"\" srcset=\"https:\/\/grupohoymexico.com\/puebla\/wp-content\/uploads\/sites\/3\/2026\/08\/imgregen-ai-84134-1787537194-332x187.jpg 332w, https:\/\/grupohoymexico.com\/puebla\/wp-content\/uploads\/sites\/3\/2026\/08\/imgregen-ai-84134-1787537194-300x169.jpg 300w, https:\/\/grupohoymexico.com\/puebla\/wp-content\/uploads\/sites\/3\/2026\/08\/imgregen-ai-84134-1787537194-1024x576.jpg 1024w, https:\/\/grupohoymexico.com\/puebla\/wp-content\/uploads\/sites\/3\/2026\/08\/imgregen-ai-84134-1787537194-768x432.jpg 768w, https:\/\/grupohoymexico.com\/puebla\/wp-content\/uploads\/sites\/3\/2026\/08\/imgregen-ai-84134-1787537194-664x374.jpg 664w, https:\/\/grupohoymexico.com\/puebla\/wp-content\/uploads\/sites\/3\/2026\/08\/imgregen-ai-84134-1787537194-688x387.jpg 688w, https:\/\/grupohoymexico.com\/puebla\/wp-content\/uploads\/sites\/3\/2026\/08\/imgregen-ai-84134-1787537194-1044x587.jpg 1044w, https:\/\/grupohoymexico.com\/puebla\/wp-content\/uploads\/sites\/3\/2026\/08\/imgregen-ai-84134-1787537194.jpg 1200w\" sizes=\"(max-width: 332px) 100vw, 332px\" \/>\t\t\t\t\t<img loading=\"lazy\" decoding=\"async\" width=\"1200\" height=\"650\" src=\"https:\/\/grupohoymexico.com\/puebla\/wp-content\/uploads\/sites\/3\/2026\/08\/imgregen-ai-84134-1787537194-1200x650.jpg\" class=\"attachment-csco-extra-large size-csco-extra-large wp-post-image\" alt=\"\" \/>\t\t\t\t<\/div>\r\n\r\n\t\t\t\t\r\n\t\t\t\t\r\n\t\t\t\t<a href=\"https:\/\/grupohoymexico.com\/puebla\/2026\/08\/23\/acompanamiento-bancario-san-andres-cholula-robos\/\" class=\"cs-overlay-link\" title=\"106 cholultecas piden escolta policial para ir al banco\"><\/a>\r\n\t\t\t<\/div>\r\n\t\t\r\n\t\t<div class=\"cs-entry__inner cs-entry__content\">\r\n\r\n\t\t\t<div class=\"cs-entry__post-meta\" ><div class=\"cs-meta-category\"><ul class=\"post-categories\">\n\t<li><a href=\"https:\/\/grupohoymexico.com\/puebla\/category\/nacional\/seguridad\/\" rel=\"category tag\">Seguridad<\/a><\/li><\/ul><\/div><\/div>\r\n\t\t\t<h2 class=\"cs-entry__title\"><a href=\"https:\/\/grupohoymexico.com\/puebla\/2026\/08\/23\/acompanamiento-bancario-san-andres-cholula-robos\/\">106 cholultecas piden escolta policial para ir al banco<\/a><\/h2>\r\n\t\t\t\t\t\t\t\t<div class=\"cs-entry__excerpt\">\r\n\t\t\t\t\t\tEl programa de acompa\u00f1amiento bancario de San Andr\u00e9s Cholula refleja el temor ciudadano ante el aumento de robos a cuentahabientes en la zona metropolitana\t\t\t\t\t<\/div>\r\n\t\t\t\t\t\r\n\t\t\t<div class=\"cs-entry__post-meta\" ><div class=\"cs-meta-author\"><span class=\"cs-meta-author-by\">por<\/span><a class=\"cs-meta-author-link url fn n\" href=\"https:\/\/grupohoymexico.com\/puebla\/author\/user\/\"><span class=\"cs-meta-author-name\">Grupo Hoy<\/span><\/a><\/div><div class=\"cs-meta-date\">agosto 23, 2026<\/div><\/div>\t\t<\/div>\r\n\t<\/div>\r\n<\/article>\r\n\t\t\t\t\t\t\t\t<\/div>\r\n\t\t\t\t\t\t\t<\/div>\r\n\t\t\t\t\t\t<\/div>\r\n\t\t\t\t\t\t\t\t<\/section>\r\n\t\t\t\t\t\t<\/div>\n\t\t\t\t<\/div>\n\t\t\t\t<div class=\"elementor-element elementor-element-6a33f56 cs-dividerhorizontal cs-divider-laptophorizontal cs-divider-tablethorizontal cs-divider-mobilehorizontal elementor-widget elementor-widget-cs-divider\" data-id=\"6a33f56\" data-element_type=\"widget\" data-e-type=\"widget\" data-widget_type=\"cs-divider.default\">\n\t\t\t\t<div class=\"elementor-widget-container\">\n\t\t\t\t\t\t\t<section class=\"cs-divider cs-divider-horizontal\"><\/section>\r\n\t\t\t\t\t\t<\/div>\n\t\t\t\t<\/div>\n\t\t\t\t<div class=\"elementor-element elementor-element-64c8ce3 elementor-widget elementor-widget-cs-posts\" data-id=\"64c8ce3\" data-element_type=\"widget\" data-e-type=\"widget\" data-widget_type=\"cs-posts.default\">\n\t\t\t\t<div class=\"elementor-widget-container\">\n\t\t\t\t\t\t\t\t<section class=\"cs-posts cs-posts__horizontal\">\r\n\t\t\t\t\t\t\t\t\t\t<div class=\"cs-posts-area cs-posts-area-elementor \" data-posts-area=\"\">\r\n\t\t\t\t\t\t\t<div class=\"cs-posts-area__outer\">\r\n\t\t\t\t\t\t\t\t<div\r\n\t\t\t\t\t\t\t\tclass=\"cs-posts-area__main\"\r\n\t\t\t\t\t\t\t\tdata-pc=\"1\"\r\n\t\t\t\t\t\t\t\tdata-lt=\"1\"\r\n\t\t\t\t\t\t\t\tdata-tb=\"1\"\r\n\t\t\t\t\t\t\t\tdata-mb=\"1\"\r\n\t\t\t\t\t\t\t\t>\r\n\t\t\t\t\t\t\t\t\t\r\n<article class=\"post-84119 post type-post status-publish format-standard has-post-thumbnail category-seguridad tag-agua tag-eduardo-rivera-s tag-octavio-de-la-torre tag-puebla-pierde cs-entry cs-video-wrap\">\r\n\t<div class=\"cs-entry__outer cs-entry__outer-medium cs-entry__outer-thumbnail-right\">\r\n\t\t\t\t\t<div class=\"cs-entry__inner cs-entry__overlay cs-entry__thumbnail cs-overlay-ratio cs-ratio-landscape-16-9\">\r\n\r\n\t\t\t\t<div class=\"cs-overlay-background\">\r\n\t\t\t\t\t<img loading=\"lazy\" decoding=\"async\" width=\"332\" height=\"187\" src=\"https:\/\/grupohoymexico.com\/puebla\/wp-content\/uploads\/sites\/3\/2026\/08\/imgregen-ai-84119-1787533892-332x187.jpg\" class=\"attachment-csco-thumbnail-uncropped size-csco-thumbnail-uncropped wp-post-image\" alt=\"\" srcset=\"https:\/\/grupohoymexico.com\/puebla\/wp-content\/uploads\/sites\/3\/2026\/08\/imgregen-ai-84119-1787533892-332x187.jpg 332w, https:\/\/grupohoymexico.com\/puebla\/wp-content\/uploads\/sites\/3\/2026\/08\/imgregen-ai-84119-1787533892-300x169.jpg 300w, https:\/\/grupohoymexico.com\/puebla\/wp-content\/uploads\/sites\/3\/2026\/08\/imgregen-ai-84119-1787533892-1024x576.jpg 1024w, https:\/\/grupohoymexico.com\/puebla\/wp-content\/uploads\/sites\/3\/2026\/08\/imgregen-ai-84119-1787533892-768x432.jpg 768w, https:\/\/grupohoymexico.com\/puebla\/wp-content\/uploads\/sites\/3\/2026\/08\/imgregen-ai-84119-1787533892-664x374.jpg 664w, https:\/\/grupohoymexico.com\/puebla\/wp-content\/uploads\/sites\/3\/2026\/08\/imgregen-ai-84119-1787533892-688x387.jpg 688w, https:\/\/grupohoymexico.com\/puebla\/wp-content\/uploads\/sites\/3\/2026\/08\/imgregen-ai-84119-1787533892-1044x587.jpg 1044w, https:\/\/grupohoymexico.com\/puebla\/wp-content\/uploads\/sites\/3\/2026\/08\/imgregen-ai-84119-1787533892.jpg 1200w\" sizes=\"(max-width: 332px) 100vw, 332px\" \/>\t\t\t\t\t<img loading=\"lazy\" decoding=\"async\" width=\"332\" height=\"186\" src=\"https:\/\/grupohoymexico.com\/puebla\/wp-content\/uploads\/sites\/3\/2026\/08\/imgregen-ai-84119-1787533892-332x186.jpg\" class=\"attachment-csco-thumbnail size-csco-thumbnail wp-post-image\" alt=\"\" srcset=\"https:\/\/grupohoymexico.com\/puebla\/wp-content\/uploads\/sites\/3\/2026\/08\/imgregen-ai-84119-1787533892-332x187.jpg 332w, https:\/\/grupohoymexico.com\/puebla\/wp-content\/uploads\/sites\/3\/2026\/08\/imgregen-ai-84119-1787533892-300x169.jpg 300w, https:\/\/grupohoymexico.com\/puebla\/wp-content\/uploads\/sites\/3\/2026\/08\/imgregen-ai-84119-1787533892-1024x576.jpg 1024w, https:\/\/grupohoymexico.com\/puebla\/wp-content\/uploads\/sites\/3\/2026\/08\/imgregen-ai-84119-1787533892-768x432.jpg 768w, https:\/\/grupohoymexico.com\/puebla\/wp-content\/uploads\/sites\/3\/2026\/08\/imgregen-ai-84119-1787533892-664x374.jpg 664w, https:\/\/grupohoymexico.com\/puebla\/wp-content\/uploads\/sites\/3\/2026\/08\/imgregen-ai-84119-1787533892-688x387.jpg 688w, https:\/\/grupohoymexico.com\/puebla\/wp-content\/uploads\/sites\/3\/2026\/08\/imgregen-ai-84119-1787533892-1044x587.jpg 1044w, https:\/\/grupohoymexico.com\/puebla\/wp-content\/uploads\/sites\/3\/2026\/08\/imgregen-ai-84119-1787533892.jpg 1200w\" sizes=\"(max-width: 332px) 100vw, 332px\" \/>\t\t\t\t<\/div>\r\n\r\n\t\t\t\t\r\n\t\t\t\t\r\n\t\t\t\t<a href=\"https:\/\/grupohoymexico.com\/puebla\/2026\/08\/23\/delitos-adultos-mayores-puebla-2026\/\" class=\"cs-overlay-link\" title=\"11 delitos diarios contra adultos mayores en Puebla: cifras 2026\"><\/a>\r\n\t\t\t<\/div>\r\n\t\t\r\n\t\t<div class=\"cs-entry__inner cs-entry__content cs-entry__content-horizontal\">\r\n\t\t\t<div class=\"cs-entry__post-meta\" ><div class=\"cs-meta-category\"><ul class=\"post-categories\">\n\t<li><a href=\"https:\/\/grupohoymexico.com\/puebla\/category\/nacional\/seguridad\/\" rel=\"category tag\">Seguridad<\/a><\/li><\/ul><\/div><\/div>\r\n\t\t\t<h2 class=\"cs-entry__title\"><a href=\"https:\/\/grupohoymexico.com\/puebla\/2026\/08\/23\/delitos-adultos-mayores-puebla-2026\/\">11 delitos diarios contra adultos mayores en Puebla: cifras 2026<\/a><\/h2>\r\n\t\t\t\r\n\t\t\t<div class=\"cs-entry__post-meta\" ><div class=\"cs-meta-author\"><span class=\"cs-meta-author-by\">por<\/span><a class=\"cs-meta-author-link url fn n\" href=\"https:\/\/grupohoymexico.com\/puebla\/author\/user\/\"><span class=\"cs-meta-author-name\">Grupo Hoy<\/span><\/a><\/div><div class=\"cs-meta-date\">agosto 23, 2026<\/div><\/div>\t\t<\/div>\r\n\t<\/div>\r\n<\/article>\r\n\t\t\t\t\t\t\t\t<\/div>\r\n\t\t\t\t\t\t\t<\/div>\r\n\t\t\t\t\t\t<\/div>\r\n\t\t\t\t\t\t\t\t<\/section>\r\n\t\t\t\t\t\t<\/div>\n\t\t\t\t<\/div>\n\t\t\t\t<\/div>\n\t\t\t\t<div class=\"elementor-element elementor-element-92fa69c cs-dividervertical cs-divider-laptopvertical cs-divider-tabletvertical cs-divider-mobilehorizontal elementor-widget elementor-widget-cs-divider\" data-id=\"92fa69c\" data-element_type=\"widget\" data-e-type=\"widget\" data-widget_type=\"cs-divider.default\">\n\t\t\t\t<div class=\"elementor-widget-container\">\n\t\t\t\t\t\t\t<section class=\"cs-divider cs-divider-vertical\"><\/section>\r\n\t\t\t\t\t\t<\/div>\n\t\t\t\t<\/div>\n\t\t<div class=\"elementor-element elementor-element-652df92 e-con-full e-flex e-con e-child\" data-id=\"652df92\" data-element_type=\"container\" data-e-type=\"container\">\n\t\t\t\t<div class=\"elementor-element elementor-element-56ee312 elementor-widget elementor-widget-cs-posts\" data-id=\"56ee312\" data-element_type=\"widget\" data-e-type=\"widget\" data-widget_type=\"cs-posts.default\">\n\t\t\t\t<div class=\"elementor-widget-container\">\n\t\t\t\t\t\t\t\t<section class=\"cs-posts cs-posts__standard\">\r\n\t\t\t\t\t\t\t\t\t\t<div class=\"cs-posts-area cs-posts-area-elementor \" data-posts-area=\"\">\r\n\t\t\t\t\t\t\t<div class=\"cs-posts-area__outer\">\r\n\t\t\t\t\t\t\t\t<div\r\n\t\t\t\t\t\t\t\tclass=\"cs-posts-area__main cs-posts-area__main-divider\"\r\n\t\t\t\t\t\t\t\tdata-pc=\"1\"\r\n\t\t\t\t\t\t\t\tdata-lt=\"1\"\r\n\t\t\t\t\t\t\t\tdata-tb=\"1\"\r\n\t\t\t\t\t\t\t\tdata-mb=\"1\"\r\n\t\t\t\t\t\t\t\t>\r\n\t\t\t\t\t\t\t\t\t\r\n<article class=\"post-84010 post type-post status-publish format-standard has-post-thumbnail category-columnas category-de-buena-fuente tag-alcaldias tag-carlos-macias-palma-2 tag-columna-de-opinion tag-de-buena-fuente tag-elecciones-2027 tag-morena tag-politica-poblana tag-pt tag-puebla tag-pvem cs-entry cs-video-wrap\">\r\n\t<div class=\"cs-entry__outer\">\r\n\t\t\t\t\t<div class=\"cs-entry__inner cs-entry__overlay cs-entry__thumbnail cs-overlay-ratio cs-ratio-landscape-16-9\">\r\n\r\n\t\t\t\t<div class=\"cs-overlay-background\">\r\n\t\t\t\t\t<img loading=\"lazy\" decoding=\"async\" width=\"332\" height=\"263\" src=\"https:\/\/grupohoymexico.com\/puebla\/wp-content\/uploads\/sites\/3\/2026\/08\/imgregen-ai-84010-1787252792-332x263.jpg\" class=\"attachment-csco-thumbnail-uncropped size-csco-thumbnail-uncropped wp-post-image\" alt=\"\" srcset=\"https:\/\/grupohoymexico.com\/puebla\/wp-content\/uploads\/sites\/3\/2026\/08\/imgregen-ai-84010-1787252792-332x263.jpg 332w, https:\/\/grupohoymexico.com\/puebla\/wp-content\/uploads\/sites\/3\/2026\/08\/imgregen-ai-84010-1787252792-300x238.jpg 300w, https:\/\/grupohoymexico.com\/puebla\/wp-content\/uploads\/sites\/3\/2026\/08\/imgregen-ai-84010-1787252792-1024x811.jpg 1024w, https:\/\/grupohoymexico.com\/puebla\/wp-content\/uploads\/sites\/3\/2026\/08\/imgregen-ai-84010-1787252792-768x609.jpg 768w, https:\/\/grupohoymexico.com\/puebla\/wp-content\/uploads\/sites\/3\/2026\/08\/imgregen-ai-84010-1787252792-664x526.jpg 664w, https:\/\/grupohoymexico.com\/puebla\/wp-content\/uploads\/sites\/3\/2026\/08\/imgregen-ai-84010-1787252792-688x545.jpg 688w, https:\/\/grupohoymexico.com\/puebla\/wp-content\/uploads\/sites\/3\/2026\/08\/imgregen-ai-84010-1787252792-1044x827.jpg 1044w, https:\/\/grupohoymexico.com\/puebla\/wp-content\/uploads\/sites\/3\/2026\/08\/imgregen-ai-84010-1787252792.jpg 1060w\" sizes=\"(max-width: 332px) 100vw, 332px\" \/>\t\t\t\t\t<img loading=\"lazy\" decoding=\"async\" width=\"688\" height=\"387\" src=\"https:\/\/grupohoymexico.com\/puebla\/wp-content\/uploads\/sites\/3\/2026\/08\/imgregen-ai-84010-1787252792-688x387.jpg\" class=\"attachment-csco-medium size-csco-medium wp-post-image\" alt=\"\" srcset=\"https:\/\/grupohoymexico.com\/puebla\/wp-content\/uploads\/sites\/3\/2026\/08\/imgregen-ai-84010-1787252792-688x387.jpg 688w, https:\/\/grupohoymexico.com\/puebla\/wp-content\/uploads\/sites\/3\/2026\/08\/imgregen-ai-84010-1787252792-332x186.jpg 332w, https:\/\/grupohoymexico.com\/puebla\/wp-content\/uploads\/sites\/3\/2026\/08\/imgregen-ai-84010-1787252792-1044x587.jpg 1044w\" sizes=\"(max-width: 688px) 100vw, 688px\" \/>\t\t\t\t<\/div>\r\n\r\n\t\t\t\t\r\n\t\t\t\t\r\n\t\t\t\t<a href=\"https:\/\/grupohoymexico.com\/puebla\/2026\/08\/20\/candidatos-alcaldias-puebla-2027-finalistas\/\" class=\"cs-overlay-link\" title=\"Atlixco, San Andr\u00e9s, Huejo, Cholula y Puebla\"><\/a>\r\n\t\t\t<\/div>\r\n\t\t\r\n\t\t<div class=\"cs-entry__inner cs-entry__content\">\r\n\r\n\t\t\t<div class=\"cs-entry__post-meta\" ><div class=\"cs-meta-category\"><ul class=\"post-categories\">\n\t<li><a href=\"https:\/\/grupohoymexico.com\/puebla\/category\/columnas\/\" rel=\"category tag\">Columnas<\/a><\/li>\n\t<li><a href=\"https:\/\/grupohoymexico.com\/puebla\/category\/de-buena-fuente\/\" rel=\"category tag\">De Buena Fuente<\/a><\/li><\/ul><\/div><\/div>\r\n\t\t\t<h2 class=\"cs-entry__title\"><a href=\"https:\/\/grupohoymexico.com\/puebla\/2026\/08\/20\/candidatos-alcaldias-puebla-2027-finalistas\/\">Atlixco, San Andr\u00e9s, Huejo, Cholula y Puebla<\/a><\/h2>\r\n\t\t\t\r\n\t\t\t<div class=\"cs-entry__post-meta\" ><div class=\"cs-meta-author\"><span class=\"cs-meta-author-by\">por<\/span><a class=\"cs-meta-author-link url fn n\" href=\"https:\/\/grupohoymexico.com\/puebla\/author\/redaccion\/\"><span class=\"cs-meta-author-name\">Redacci\u00f3n Grupo Hoy<\/span><\/a><\/div><div class=\"cs-meta-date\">agosto 20, 2026<\/div><\/div>\t\t<\/div>\r\n\t<\/div>\r\n<\/article>\r\n\t\t\t\t\t\t\t\t<\/div>\r\n\t\t\t\t\t\t\t<\/div>\r\n\t\t\t\t\t\t<\/div>\r\n\t\t\t\t\t\t\t\t<\/section>\r\n\t\t\t\t\t\t<\/div>\n\t\t\t\t<\/div>\n\t\t\t\t<div class=\"elementor-element elementor-element-1d33f5d cs-dividerhorizontal cs-divider-laptophorizontal cs-divider-tablethorizontal cs-divider-mobilehorizontal elementor-widget elementor-widget-cs-divider\" data-id=\"1d33f5d\" data-element_type=\"widget\" data-e-type=\"widget\" data-widget_type=\"cs-divider.default\">\n\t\t\t\t<div class=\"elementor-widget-container\">\n\t\t\t\t\t\t\t<section class=\"cs-divider cs-divider-horizontal\"><\/section>\r\n\t\t\t\t\t\t<\/div>\n\t\t\t\t<\/div>\n\t\t\t\t<div class=\"elementor-element elementor-element-e16e138 elementor-widget elementor-widget-cs-posts\" data-id=\"e16e138\" data-element_type=\"widget\" data-e-type=\"widget\" data-widget_type=\"cs-posts.default\">\n\t\t\t\t<div class=\"elementor-widget-container\">\n\t\t\t\t\t\t\t\t<section class=\"cs-posts cs-posts__horizontal\">\r\n\t\t\t\t\t\t\t\t\t\t<div class=\"cs-posts-area cs-posts-area-elementor \" data-posts-area=\"\">\r\n\t\t\t\t\t\t\t<div class=\"cs-posts-area__outer\">\r\n\t\t\t\t\t\t\t\t<div\r\n\t\t\t\t\t\t\t\tclass=\"cs-posts-area__main cs-posts-area__main-divider\"\r\n\t\t\t\t\t\t\t\tdata-pc=\"1\"\r\n\t\t\t\t\t\t\t\tdata-lt=\"1\"\r\n\t\t\t\t\t\t\t\tdata-tb=\"1\"\r\n\t\t\t\t\t\t\t\tdata-mb=\"1\"\r\n\t\t\t\t\t\t\t\t>\r\n\t\t\t\t\t\t\t\t\t\r\n<article class=\"post-83990 post type-post status-publish format-standard has-post-thumbnail category-columnas category-de-buena-fuente cs-entry cs-video-wrap\">\r\n\t<div class=\"cs-entry__outer cs-entry__outer-small cs-entry__outer-thumbnail-left\">\r\n\t\t\t\t\t<div class=\"cs-entry__inner cs-entry__overlay cs-entry__thumbnail cs-overlay-ratio cs-ratio-square\">\r\n\r\n\t\t\t\t<div class=\"cs-overlay-background\">\r\n\t\t\t\t\t<img loading=\"lazy\" decoding=\"async\" width=\"332\" height=\"263\" src=\"https:\/\/grupohoymexico.com\/puebla\/wp-content\/uploads\/sites\/3\/2026\/08\/imgregen-ai-83990-1787322403-332x263.jpg\" class=\"attachment-csco-thumbnail-uncropped size-csco-thumbnail-uncropped wp-post-image\" alt=\"\" srcset=\"https:\/\/grupohoymexico.com\/puebla\/wp-content\/uploads\/sites\/3\/2026\/08\/imgregen-ai-83990-1787322403-332x263.jpg 332w, https:\/\/grupohoymexico.com\/puebla\/wp-content\/uploads\/sites\/3\/2026\/08\/imgregen-ai-83990-1787322403-300x238.jpg 300w, https:\/\/grupohoymexico.com\/puebla\/wp-content\/uploads\/sites\/3\/2026\/08\/imgregen-ai-83990-1787322403-1024x811.jpg 1024w, https:\/\/grupohoymexico.com\/puebla\/wp-content\/uploads\/sites\/3\/2026\/08\/imgregen-ai-83990-1787322403-768x609.jpg 768w, https:\/\/grupohoymexico.com\/puebla\/wp-content\/uploads\/sites\/3\/2026\/08\/imgregen-ai-83990-1787322403-664x526.jpg 664w, https:\/\/grupohoymexico.com\/puebla\/wp-content\/uploads\/sites\/3\/2026\/08\/imgregen-ai-83990-1787322403-688x545.jpg 688w, https:\/\/grupohoymexico.com\/puebla\/wp-content\/uploads\/sites\/3\/2026\/08\/imgregen-ai-83990-1787322403-1044x827.jpg 1044w, https:\/\/grupohoymexico.com\/puebla\/wp-content\/uploads\/sites\/3\/2026\/08\/imgregen-ai-83990-1787322403.jpg 1060w\" sizes=\"(max-width: 332px) 100vw, 332px\" \/>\t\t\t\t\t<img loading=\"lazy\" decoding=\"async\" width=\"688\" height=\"545\" src=\"https:\/\/grupohoymexico.com\/puebla\/wp-content\/uploads\/sites\/3\/2026\/08\/imgregen-ai-83990-1787322403-688x545.jpg\" class=\"attachment-csco-medium-uncropped size-csco-medium-uncropped wp-post-image\" alt=\"\" srcset=\"https:\/\/grupohoymexico.com\/puebla\/wp-content\/uploads\/sites\/3\/2026\/08\/imgregen-ai-83990-1787322403-688x545.jpg 688w, https:\/\/grupohoymexico.com\/puebla\/wp-content\/uploads\/sites\/3\/2026\/08\/imgregen-ai-83990-1787322403-300x238.jpg 300w, https:\/\/grupohoymexico.com\/puebla\/wp-content\/uploads\/sites\/3\/2026\/08\/imgregen-ai-83990-1787322403-1024x811.jpg 1024w, https:\/\/grupohoymexico.com\/puebla\/wp-content\/uploads\/sites\/3\/2026\/08\/imgregen-ai-83990-1787322403-768x609.jpg 768w, https:\/\/grupohoymexico.com\/puebla\/wp-content\/uploads\/sites\/3\/2026\/08\/imgregen-ai-83990-1787322403-332x263.jpg 332w, https:\/\/grupohoymexico.com\/puebla\/wp-content\/uploads\/sites\/3\/2026\/08\/imgregen-ai-83990-1787322403-664x526.jpg 664w, https:\/\/grupohoymexico.com\/puebla\/wp-content\/uploads\/sites\/3\/2026\/08\/imgregen-ai-83990-1787322403-1044x827.jpg 1044w, https:\/\/grupohoymexico.com\/puebla\/wp-content\/uploads\/sites\/3\/2026\/08\/imgregen-ai-83990-1787322403.jpg 1060w\" sizes=\"(max-width: 688px) 100vw, 688px\" \/>\t\t\t\t<\/div>\r\n\r\n\t\t\t\t\r\n\t\t\t\t\r\n\t\t\t\t<a href=\"https:\/\/grupohoymexico.com\/puebla\/2026\/08\/19\/crisis-acatlan-osorio-barcenas-concejo-municipal\/\" class=\"cs-overlay-link\" title=\"Lupita de Acatl\u00e1n, ya se va\"><\/a>\r\n\t\t\t<\/div>\r\n\t\t\r\n\t\t<div class=\"cs-entry__inner cs-entry__content cs-entry__content-horizontal\">\r\n\t\t\t<div class=\"cs-entry__post-meta\" ><div class=\"cs-meta-category\"><ul class=\"post-categories\">\n\t<li><a href=\"https:\/\/grupohoymexico.com\/puebla\/category\/columnas\/\" rel=\"category tag\">Columnas<\/a><\/li>\n\t<li><a href=\"https:\/\/grupohoymexico.com\/puebla\/category\/de-buena-fuente\/\" rel=\"category tag\">De Buena Fuente<\/a><\/li><\/ul><\/div><\/div>\r\n\t\t\t<h2 class=\"cs-entry__title\"><a href=\"https:\/\/grupohoymexico.com\/puebla\/2026\/08\/19\/crisis-acatlan-osorio-barcenas-concejo-municipal\/\">Lupita de Acatl\u00e1n, ya se va<\/a><\/h2>\r\n\t\t\t\r\n\t\t\t<div class=\"cs-entry__post-meta\" ><div class=\"cs-meta-author\"><span class=\"cs-meta-author-by\">por<\/span><a class=\"cs-meta-author-link url fn n\" href=\"https:\/\/grupohoymexico.com\/puebla\/author\/redaccion\/\"><span class=\"cs-meta-author-name\">Redacci\u00f3n Grupo Hoy<\/span><\/a><\/div><\/div>\t\t<\/div>\r\n\t<\/div>\r\n<\/article>\r\n\r\n<article class=\"post-83987 post type-post status-publish format-standard has-post-thumbnail category-columnas category-conexion-global tag-christopher-landau tag-columna-de-opinion tag-conexion-global tag-lopez-beltran tag-marco-rubio tag-morena tag-relacion-mexico-estados-unidos tag-visa-estadounidense cs-entry cs-video-wrap\">\r\n\t<div class=\"cs-entry__outer cs-entry__outer-small cs-entry__outer-thumbnail-left\">\r\n\t\t\t\t\t<div class=\"cs-entry__inner cs-entry__overlay cs-entry__thumbnail cs-overlay-ratio cs-ratio-square\">\r\n\r\n\t\t\t\t<div class=\"cs-overlay-background\">\r\n\t\t\t\t\t<img loading=\"lazy\" decoding=\"async\" width=\"332\" height=\"171\" src=\"https:\/\/grupohoymexico.com\/puebla\/wp-content\/uploads\/sites\/3\/2026\/08\/imgregen-ai-83987-1787322407-332x171.jpg\" class=\"attachment-csco-thumbnail-uncropped size-csco-thumbnail-uncropped wp-post-image\" alt=\"\" srcset=\"https:\/\/grupohoymexico.com\/puebla\/wp-content\/uploads\/sites\/3\/2026\/08\/imgregen-ai-83987-1787322407-332x171.jpg 332w, https:\/\/grupohoymexico.com\/puebla\/wp-content\/uploads\/sites\/3\/2026\/08\/imgregen-ai-83987-1787322407-300x155.jpg 300w, https:\/\/grupohoymexico.com\/puebla\/wp-content\/uploads\/sites\/3\/2026\/08\/imgregen-ai-83987-1787322407-1024x529.jpg 1024w, https:\/\/grupohoymexico.com\/puebla\/wp-content\/uploads\/sites\/3\/2026\/08\/imgregen-ai-83987-1787322407-768x396.jpg 768w, https:\/\/grupohoymexico.com\/puebla\/wp-content\/uploads\/sites\/3\/2026\/08\/imgregen-ai-83987-1787322407-664x343.jpg 664w, https:\/\/grupohoymexico.com\/puebla\/wp-content\/uploads\/sites\/3\/2026\/08\/imgregen-ai-83987-1787322407-688x355.jpg 688w, https:\/\/grupohoymexico.com\/puebla\/wp-content\/uploads\/sites\/3\/2026\/08\/imgregen-ai-83987-1787322407-1044x539.jpg 1044w, https:\/\/grupohoymexico.com\/puebla\/wp-content\/uploads\/sites\/3\/2026\/08\/imgregen-ai-83987-1787322407.jpg 1209w\" sizes=\"(max-width: 332px) 100vw, 332px\" \/>\t\t\t\t\t<img loading=\"lazy\" decoding=\"async\" width=\"688\" height=\"355\" src=\"https:\/\/grupohoymexico.com\/puebla\/wp-content\/uploads\/sites\/3\/2026\/08\/imgregen-ai-83987-1787322407-688x355.jpg\" class=\"attachment-csco-medium-uncropped size-csco-medium-uncropped wp-post-image\" alt=\"\" srcset=\"https:\/\/grupohoymexico.com\/puebla\/wp-content\/uploads\/sites\/3\/2026\/08\/imgregen-ai-83987-1787322407-688x355.jpg 688w, https:\/\/grupohoymexico.com\/puebla\/wp-content\/uploads\/sites\/3\/2026\/08\/imgregen-ai-83987-1787322407-300x155.jpg 300w, https:\/\/grupohoymexico.com\/puebla\/wp-content\/uploads\/sites\/3\/2026\/08\/imgregen-ai-83987-1787322407-1024x529.jpg 1024w, https:\/\/grupohoymexico.com\/puebla\/wp-content\/uploads\/sites\/3\/2026\/08\/imgregen-ai-83987-1787322407-768x396.jpg 768w, https:\/\/grupohoymexico.com\/puebla\/wp-content\/uploads\/sites\/3\/2026\/08\/imgregen-ai-83987-1787322407-332x171.jpg 332w, https:\/\/grupohoymexico.com\/puebla\/wp-content\/uploads\/sites\/3\/2026\/08\/imgregen-ai-83987-1787322407-664x343.jpg 664w, https:\/\/grupohoymexico.com\/puebla\/wp-content\/uploads\/sites\/3\/2026\/08\/imgregen-ai-83987-1787322407-1044x539.jpg 1044w, https:\/\/grupohoymexico.com\/puebla\/wp-content\/uploads\/sites\/3\/2026\/08\/imgregen-ai-83987-1787322407.jpg 1209w\" sizes=\"(max-width: 688px) 100vw, 688px\" \/>\t\t\t\t<\/div>\r\n\r\n\t\t\t\t\r\n\t\t\t\t\r\n\t\t\t\t<a href=\"https:\/\/grupohoymexico.com\/puebla\/2026\/08\/18\/lopez-beltran-instagram-la-confirmacion-de-todo-lo-que-washington-ya-sabia-sobre-morena\/\" class=\"cs-overlay-link\" title=\"L\u00f3pez Beltr\u00e1n, Instagram y la confirmaci\u00f3n de todo lo que Washington ya sab\u00eda sobre Morena\"><\/a>\r\n\t\t\t<\/div>\r\n\t\t\r\n\t\t<div class=\"cs-entry__inner cs-entry__content cs-entry__content-horizontal\">\r\n\t\t\t<div class=\"cs-entry__post-meta\" ><div class=\"cs-meta-category\"><ul class=\"post-categories\">\n\t<li><a href=\"https:\/\/grupohoymexico.com\/puebla\/category\/columnas\/\" rel=\"category tag\">Columnas<\/a><\/li>\n\t<li><a href=\"https:\/\/grupohoymexico.com\/puebla\/category\/columnas\/conexion-global\/\" rel=\"category tag\">Conexi\u00f3n Global<\/a><\/li><\/ul><\/div><\/div>\r\n\t\t\t<h2 class=\"cs-entry__title\"><a href=\"https:\/\/grupohoymexico.com\/puebla\/2026\/08\/18\/lopez-beltran-instagram-la-confirmacion-de-todo-lo-que-washington-ya-sabia-sobre-morena\/\">L\u00f3pez Beltr\u00e1n, Instagram y la confirmaci\u00f3n de todo lo que Washington ya sab\u00eda sobre Morena<\/a><\/h2>\r\n\t\t\t\r\n\t\t\t<div class=\"cs-entry__post-meta\" ><div class=\"cs-meta-author\"><span class=\"cs-meta-author-by\">por<\/span><a class=\"cs-meta-author-link url fn n\" href=\"https:\/\/grupohoymexico.com\/puebla\/author\/eduardor\/\"><span class=\"cs-meta-author-name\">Eduardo Rivera S<\/span><\/a><\/div><\/div>\t\t<\/div>\r\n\t<\/div>\r\n<\/article>\r\n\r\n<article class=\"post-83985 post type-post status-publish format-standard has-post-thumbnail category-columnas category-de-buena-fuente tag-ariadna-ayala tag-atlixco tag-carlos-macias-palma-2 tag-columna-de-opinion tag-de-buena-fuente tag-elecciones-2027 tag-politica-poblana tag-puebla cs-entry cs-video-wrap\">\r\n\t<div class=\"cs-entry__outer cs-entry__outer-small cs-entry__outer-thumbnail-left\">\r\n\t\t\t\t\t<div class=\"cs-entry__inner cs-entry__overlay cs-entry__thumbnail cs-overlay-ratio cs-ratio-square\">\r\n\r\n\t\t\t\t<div class=\"cs-overlay-background\">\r\n\t\t\t\t\t<img loading=\"lazy\" decoding=\"async\" width=\"332\" height=\"263\" src=\"https:\/\/grupohoymexico.com\/puebla\/wp-content\/uploads\/sites\/3\/2026\/08\/imgregen-ai-83985-1787322410-332x263.jpg\" class=\"attachment-csco-thumbnail-uncropped size-csco-thumbnail-uncropped wp-post-image\" alt=\"\" srcset=\"https:\/\/grupohoymexico.com\/puebla\/wp-content\/uploads\/sites\/3\/2026\/08\/imgregen-ai-83985-1787322410-332x263.jpg 332w, https:\/\/grupohoymexico.com\/puebla\/wp-content\/uploads\/sites\/3\/2026\/08\/imgregen-ai-83985-1787322410-300x238.jpg 300w, https:\/\/grupohoymexico.com\/puebla\/wp-content\/uploads\/sites\/3\/2026\/08\/imgregen-ai-83985-1787322410-1024x811.jpg 1024w, https:\/\/grupohoymexico.com\/puebla\/wp-content\/uploads\/sites\/3\/2026\/08\/imgregen-ai-83985-1787322410-768x609.jpg 768w, https:\/\/grupohoymexico.com\/puebla\/wp-content\/uploads\/sites\/3\/2026\/08\/imgregen-ai-83985-1787322410-664x526.jpg 664w, https:\/\/grupohoymexico.com\/puebla\/wp-content\/uploads\/sites\/3\/2026\/08\/imgregen-ai-83985-1787322410-688x545.jpg 688w, https:\/\/grupohoymexico.com\/puebla\/wp-content\/uploads\/sites\/3\/2026\/08\/imgregen-ai-83985-1787322410-1044x827.jpg 1044w, https:\/\/grupohoymexico.com\/puebla\/wp-content\/uploads\/sites\/3\/2026\/08\/imgregen-ai-83985-1787322410.jpg 1060w\" sizes=\"(max-width: 332px) 100vw, 332px\" \/>\t\t\t\t\t<img loading=\"lazy\" decoding=\"async\" width=\"688\" height=\"545\" src=\"https:\/\/grupohoymexico.com\/puebla\/wp-content\/uploads\/sites\/3\/2026\/08\/imgregen-ai-83985-1787322410-688x545.jpg\" class=\"attachment-csco-medium-uncropped size-csco-medium-uncropped wp-post-image\" alt=\"\" srcset=\"https:\/\/grupohoymexico.com\/puebla\/wp-content\/uploads\/sites\/3\/2026\/08\/imgregen-ai-83985-1787322410-688x545.jpg 688w, https:\/\/grupohoymexico.com\/puebla\/wp-content\/uploads\/sites\/3\/2026\/08\/imgregen-ai-83985-1787322410-300x238.jpg 300w, https:\/\/grupohoymexico.com\/puebla\/wp-content\/uploads\/sites\/3\/2026\/08\/imgregen-ai-83985-1787322410-1024x811.jpg 1024w, https:\/\/grupohoymexico.com\/puebla\/wp-content\/uploads\/sites\/3\/2026\/08\/imgregen-ai-83985-1787322410-768x609.jpg 768w, https:\/\/grupohoymexico.com\/puebla\/wp-content\/uploads\/sites\/3\/2026\/08\/imgregen-ai-83985-1787322410-332x263.jpg 332w, https:\/\/grupohoymexico.com\/puebla\/wp-content\/uploads\/sites\/3\/2026\/08\/imgregen-ai-83985-1787322410-664x526.jpg 664w, https:\/\/grupohoymexico.com\/puebla\/wp-content\/uploads\/sites\/3\/2026\/08\/imgregen-ai-83985-1787322410-1044x827.jpg 1044w, https:\/\/grupohoymexico.com\/puebla\/wp-content\/uploads\/sites\/3\/2026\/08\/imgregen-ai-83985-1787322410.jpg 1060w\" sizes=\"(max-width: 688px) 100vw, 688px\" \/>\t\t\t\t<\/div>\r\n\r\n\t\t\t\t\r\n\t\t\t\t\r\n\t\t\t\t<a href=\"https:\/\/grupohoymexico.com\/puebla\/2026\/08\/18\/ariadna-ayala-crisis-atlixco-detencion-seguridad\/\" class=\"cs-overlay-link\" title=\"Caen: To\u00f1o, Ariadna, Nay, Natalia, Grace. Sube Filomeno\"><\/a>\r\n\t\t\t<\/div>\r\n\t\t\r\n\t\t<div class=\"cs-entry__inner cs-entry__content cs-entry__content-horizontal\">\r\n\t\t\t<div class=\"cs-entry__post-meta\" ><div class=\"cs-meta-category\"><ul class=\"post-categories\">\n\t<li><a href=\"https:\/\/grupohoymexico.com\/puebla\/category\/columnas\/\" rel=\"category tag\">Columnas<\/a><\/li>\n\t<li><a href=\"https:\/\/grupohoymexico.com\/puebla\/category\/de-buena-fuente\/\" rel=\"category tag\">De Buena Fuente<\/a><\/li><\/ul><\/div><\/div>\r\n\t\t\t<h2 class=\"cs-entry__title\"><a href=\"https:\/\/grupohoymexico.com\/puebla\/2026\/08\/18\/ariadna-ayala-crisis-atlixco-detencion-seguridad\/\">Caen: To\u00f1o, Ariadna, Nay, Natalia, Grace. Sube Filomeno<\/a><\/h2>\r\n\t\t\t\r\n\t\t\t<div class=\"cs-entry__post-meta\" ><div class=\"cs-meta-author\"><span class=\"cs-meta-author-by\">por<\/span><a class=\"cs-meta-author-link url fn n\" href=\"https:\/\/grupohoymexico.com\/puebla\/author\/redaccion\/\"><span class=\"cs-meta-author-name\">Redacci\u00f3n Grupo Hoy<\/span><\/a><\/div><\/div>\t\t<\/div>\r\n\t<\/div>\r\n<\/article>\r\n\r\n<article class=\"post-83983 post type-post status-publish format-standard has-post-thumbnail category-columnas category-de-buena-fuente tag-candidaturas-2027 tag-carlos-macias-palma-2 tag-columna-de-opinion tag-concanaco tag-de-buena-fuente tag-octavio-de-la-torre tag-politica-poblana tag-puebla cs-entry cs-video-wrap\">\r\n\t<div class=\"cs-entry__outer cs-entry__outer-small cs-entry__outer-thumbnail-left\">\r\n\t\t\t\t\t<div class=\"cs-entry__inner cs-entry__overlay cs-entry__thumbnail cs-overlay-ratio cs-ratio-square\">\r\n\r\n\t\t\t\t<div class=\"cs-overlay-background\">\r\n\t\t\t\t\t<img loading=\"lazy\" decoding=\"async\" width=\"332\" height=\"263\" src=\"https:\/\/grupohoymexico.com\/puebla\/wp-content\/uploads\/sites\/3\/2026\/08\/imgregen-ai-83983-1787322414-332x263.jpg\" class=\"attachment-csco-thumbnail-uncropped size-csco-thumbnail-uncropped wp-post-image\" alt=\"\" srcset=\"https:\/\/grupohoymexico.com\/puebla\/wp-content\/uploads\/sites\/3\/2026\/08\/imgregen-ai-83983-1787322414-332x263.jpg 332w, https:\/\/grupohoymexico.com\/puebla\/wp-content\/uploads\/sites\/3\/2026\/08\/imgregen-ai-83983-1787322414-300x238.jpg 300w, https:\/\/grupohoymexico.com\/puebla\/wp-content\/uploads\/sites\/3\/2026\/08\/imgregen-ai-83983-1787322414-1024x811.jpg 1024w, https:\/\/grupohoymexico.com\/puebla\/wp-content\/uploads\/sites\/3\/2026\/08\/imgregen-ai-83983-1787322414-768x609.jpg 768w, https:\/\/grupohoymexico.com\/puebla\/wp-content\/uploads\/sites\/3\/2026\/08\/imgregen-ai-83983-1787322414-664x526.jpg 664w, https:\/\/grupohoymexico.com\/puebla\/wp-content\/uploads\/sites\/3\/2026\/08\/imgregen-ai-83983-1787322414-688x545.jpg 688w, https:\/\/grupohoymexico.com\/puebla\/wp-content\/uploads\/sites\/3\/2026\/08\/imgregen-ai-83983-1787322414-1044x827.jpg 1044w, https:\/\/grupohoymexico.com\/puebla\/wp-content\/uploads\/sites\/3\/2026\/08\/imgregen-ai-83983-1787322414.jpg 1060w\" sizes=\"(max-width: 332px) 100vw, 332px\" \/>\t\t\t\t\t<img loading=\"lazy\" decoding=\"async\" width=\"688\" height=\"545\" src=\"https:\/\/grupohoymexico.com\/puebla\/wp-content\/uploads\/sites\/3\/2026\/08\/imgregen-ai-83983-1787322414-688x545.jpg\" class=\"attachment-csco-medium-uncropped size-csco-medium-uncropped wp-post-image\" alt=\"\" srcset=\"https:\/\/grupohoymexico.com\/puebla\/wp-content\/uploads\/sites\/3\/2026\/08\/imgregen-ai-83983-1787322414-688x545.jpg 688w, https:\/\/grupohoymexico.com\/puebla\/wp-content\/uploads\/sites\/3\/2026\/08\/imgregen-ai-83983-1787322414-300x238.jpg 300w, https:\/\/grupohoymexico.com\/puebla\/wp-content\/uploads\/sites\/3\/2026\/08\/imgregen-ai-83983-1787322414-1024x811.jpg 1024w, https:\/\/grupohoymexico.com\/puebla\/wp-content\/uploads\/sites\/3\/2026\/08\/imgregen-ai-83983-1787322414-768x609.jpg 768w, https:\/\/grupohoymexico.com\/puebla\/wp-content\/uploads\/sites\/3\/2026\/08\/imgregen-ai-83983-1787322414-332x263.jpg 332w, https:\/\/grupohoymexico.com\/puebla\/wp-content\/uploads\/sites\/3\/2026\/08\/imgregen-ai-83983-1787322414-664x526.jpg 664w, https:\/\/grupohoymexico.com\/puebla\/wp-content\/uploads\/sites\/3\/2026\/08\/imgregen-ai-83983-1787322414-1044x827.jpg 1044w, https:\/\/grupohoymexico.com\/puebla\/wp-content\/uploads\/sites\/3\/2026\/08\/imgregen-ai-83983-1787322414.jpg 1060w\" sizes=\"(max-width: 688px) 100vw, 688px\" \/>\t\t\t\t<\/div>\r\n\r\n\t\t\t\t\r\n\t\t\t\t\r\n\t\t\t\t<a href=\"https:\/\/grupohoymexico.com\/puebla\/2026\/08\/17\/concanaco-aliada-sheinbaum-candidaturas-puebla\/\" class=\"cs-overlay-link\" title=\"Sheinbaum, la CONCANACO y El Yayo e invitados\"><\/a>\r\n\t\t\t<\/div>\r\n\t\t\r\n\t\t<div class=\"cs-entry__inner cs-entry__content cs-entry__content-horizontal\">\r\n\t\t\t<div class=\"cs-entry__post-meta\" ><div class=\"cs-meta-category\"><ul class=\"post-categories\">\n\t<li><a href=\"https:\/\/grupohoymexico.com\/puebla\/category\/columnas\/\" rel=\"category tag\">Columnas<\/a><\/li>\n\t<li><a href=\"https:\/\/grupohoymexico.com\/puebla\/category\/de-buena-fuente\/\" rel=\"category tag\">De Buena Fuente<\/a><\/li><\/ul><\/div><\/div>\r\n\t\t\t<h2 class=\"cs-entry__title\"><a href=\"https:\/\/grupohoymexico.com\/puebla\/2026\/08\/17\/concanaco-aliada-sheinbaum-candidaturas-puebla\/\">Sheinbaum, la CONCANACO y El Yayo e invitados<\/a><\/h2>\r\n\t\t\t\r\n\t\t\t<div class=\"cs-entry__post-meta\" ><div class=\"cs-meta-author\"><span class=\"cs-meta-author-by\">por<\/span><a class=\"cs-meta-author-link url fn n\" href=\"https:\/\/grupohoymexico.com\/puebla\/author\/redaccion\/\"><span class=\"cs-meta-author-name\">Redacci\u00f3n Grupo Hoy<\/span><\/a><\/div><\/div>\t\t<\/div>\r\n\t<\/div>\r\n<\/article>\r\n\t\t\t\t\t\t\t\t<\/div>\r\n\t\t\t\t\t\t\t<\/div>\r\n\t\t\t\t\t\t<\/div>\r\n\t\t\t\t\t\t\t\t<\/section>\r\n\t\t\t\t\t\t<\/div>\n\t\t\t\t<\/div>\n\t\t\t\t<\/div>\n\t\t\t\t<\/div>\n\t\t\t\t<div class=\"elementor-element elementor-element-9cfe328 cs-dividerhorizontal cs-divider-laptophorizontal cs-divider-tablethorizontal cs-divider-mobilehorizontal elementor-widget elementor-widget-cs-divider\" data-id=\"9cfe328\" data-element_type=\"widget\" data-e-type=\"widget\" data-widget_type=\"cs-divider.default\">\n\t\t\t\t<div class=\"elementor-widget-container\">\n\t\t\t\t\t\t\t<section class=\"cs-divider cs-divider-horizontal\"><\/section>\r\n\t\t\t\t\t\t<\/div>\n\t\t\t\t<\/div>\n\t\t\t\t\t<\/div>\n\t\t\t\t<\/div>\n\t\t<div class=\"elementor-element elementor-element-3395b36 e-flex e-con-boxed e-con e-parent\" data-id=\"3395b36\" data-element_type=\"container\" data-e-type=\"container\">\n\t\t\t\t\t<div class=\"e-con-inner\">\n\t\t\t\t<div class=\"elementor-element elementor-element-10c9197 elementor-widget elementor-widget-cs-heading\" data-id=\"10c9197\" data-element_type=\"widget\" data-e-type=\"widget\" data-widget_type=\"cs-heading.default\">\n\t\t\t\t<div class=\"elementor-widget-container\">\n\t\t\t\t\t\t\t\t\t\t<section class=\"cs-heading\">\r\n\t\t\t\t<div class=\"cs-heading__container \">\r\n\t\t\t\t\t<h2 class=\"cs-heading__content\">\r\n\t\t\t\t\t\tLo m\u00e1s le\u00eddo\t\t\t\t\t<\/h2>\r\n\r\n\t\t\t\t\t\t\t\t\t<\/div>\r\n\t\t\t<\/section>\r\n\t\t\t\t\t\t\t\t<\/div>\n\t\t\t\t<\/div>\n\t\t\t\t<div class=\"elementor-element elementor-element-dfe85ba elementor-widget elementor-widget-cs-posts\" data-id=\"dfe85ba\" data-element_type=\"widget\" data-e-type=\"widget\" data-widget_type=\"cs-posts.default\">\n\t\t\t\t<div class=\"elementor-widget-container\">\n\t\t\t\t\t\t\t\t<section class=\"cs-posts cs-posts__numbered\">\r\n\t\t\t\t\t\t\t\t\t\t<div class=\"cs-posts-area cs-posts-area-elementor \" data-posts-area=\"\">\r\n\t\t\t\t\t\t\t<div class=\"cs-posts-area__outer\">\r\n\t\t\t\t\t\t\t\t<div\r\n\t\t\t\t\t\t\t\tclass=\"cs-posts-area__main cs-posts-area__main-divider\"\r\n\t\t\t\t\t\t\t\tdata-pc=\"2\"\r\n\t\t\t\t\t\t\t\tdata-lt=\"2\"\r\n\t\t\t\t\t\t\t\tdata-tb=\"2\"\r\n\t\t\t\t\t\t\t\tdata-mb=\"1\"\r\n\t\t\t\t\t\t\t\t>\r\n\t\t\t\t\t\t\t\t\t\r\n\r\n<article class=\"post-84099 post type-post status-publish format-standard has-post-thumbnail category-puebla cs-entry cs-video-wrap\">\r\n\t<div class=\"cs-entry__outer cs-entry__outer-accent\">\r\n\r\n\t\t\r\n\t\t<div class=\"cs-entry__inner cs-entry__content-wrapper\">\r\n\t\t\t<div class=\"cs-entry__content\">\r\n\r\n\t\t\t\t<div class=\"cs-entry__post-meta\" ><div class=\"cs-meta-category\"><ul class=\"post-categories\">\n\t<li><a href=\"https:\/\/grupohoymexico.com\/puebla\/category\/puebla\/\" rel=\"category tag\">Puebla<\/a><\/li><\/ul><\/div><\/div>\r\n\t\t\t\t<h2 class=\"cs-entry__title\"><a href=\"https:\/\/grupohoymexico.com\/puebla\/2026\/08\/23\/imss-puebla-estrena-ocho-ambulancias-para-mejorar-traslados-de-pacientes\/\">IMSS Puebla estrena ocho ambulancias para mejorar traslados de pacientes<\/a><\/h2>\r\n\t\t\t\t\r\n\t\t\t\t<div class=\"cs-entry__post-meta\" ><div class=\"cs-meta-author\"><span class=\"cs-meta-author-by\">por<\/span><a class=\"cs-meta-author-link url fn n\" href=\"https:\/\/grupohoymexico.com\/puebla\/author\/user\/\"><span class=\"cs-meta-author-name\">Grupo Hoy<\/span><\/a><\/div><\/div>\t\t\t<\/div>\r\n\t\t<\/div>\r\n\r\n\t<\/div>\r\n<\/article>\r\n\r\n\r\n<article class=\"post-84100 post type-post status-publish format-standard has-post-thumbnail category-politica cs-entry cs-video-wrap\">\r\n\t<div class=\"cs-entry__outer cs-entry__outer-accent\">\r\n\r\n\t\t\r\n\t\t<div class=\"cs-entry__inner cs-entry__content-wrapper\">\r\n\t\t\t<div class=\"cs-entry__content\">\r\n\r\n\t\t\t\t<div class=\"cs-entry__post-meta\" ><div class=\"cs-meta-category\"><ul class=\"post-categories\">\n\t<li><a href=\"https:\/\/grupohoymexico.com\/puebla\/category\/politica\/\" rel=\"category tag\">Pol\u00edtica<\/a><\/li><\/ul><\/div><\/div>\r\n\t\t\t\t<h2 class=\"cs-entry__title\"><a href=\"https:\/\/grupohoymexico.com\/puebla\/2026\/08\/23\/laura-artemisa-visita-eventos-de-morena-en-puebla-pocos-detalles-del-mensaje\/\">Laura Artemisa visita eventos de Morena en Puebla; pocos detalles del mensaje<\/a><\/h2>\r\n\t\t\t\t\r\n\t\t\t\t<div class=\"cs-entry__post-meta\" ><div class=\"cs-meta-author\"><span class=\"cs-meta-author-by\">por<\/span><a class=\"cs-meta-author-link url fn n\" href=\"https:\/\/grupohoymexico.com\/puebla\/author\/user\/\"><span class=\"cs-meta-author-name\">Grupo Hoy<\/span><\/a><\/div><\/div>\t\t\t<\/div>\r\n\t\t<\/div>\r\n\r\n\t<\/div>\r\n<\/article>\r\n\r\n\r\n<article class=\"post-84101 post type-post status-publish format-standard has-post-thumbnail category-seguridad cs-entry cs-video-wrap\">\r\n\t<div class=\"cs-entry__outer cs-entry__outer-accent\">\r\n\r\n\t\t\r\n\t\t<div class=\"cs-entry__inner cs-entry__content-wrapper\">\r\n\t\t\t<div class=\"cs-entry__content\">\r\n\r\n\t\t\t\t<div class=\"cs-entry__post-meta\" ><div class=\"cs-meta-category\"><ul class=\"post-categories\">\n\t<li><a href=\"https:\/\/grupohoymexico.com\/puebla\/category\/nacional\/seguridad\/\" rel=\"category tag\">Seguridad<\/a><\/li><\/ul><\/div><\/div>\r\n\t\t\t\t<h2 class=\"cs-entry__title\"><a href=\"https:\/\/grupohoymexico.com\/puebla\/2026\/08\/23\/puebla-capital-y-texmelucan-campeones-en-camaras-parasitas\/\">Puebla capital y Texmelucan, campeones en c\u00e1maras par\u00e1sitas<\/a><\/h2>\r\n\t\t\t\t\r\n\t\t\t\t<div class=\"cs-entry__post-meta\" ><div class=\"cs-meta-author\"><span class=\"cs-meta-author-by\">por<\/span><a class=\"cs-meta-author-link url fn n\" href=\"https:\/\/grupohoymexico.com\/puebla\/author\/user\/\"><span class=\"cs-meta-author-name\">Grupo Hoy<\/span><\/a><\/div><\/div>\t\t\t<\/div>\r\n\t\t<\/div>\r\n\r\n\t<\/div>\r\n<\/article>\r\n\r\n\r\n<article class=\"post-84102 post type-post status-publish format-standard has-post-thumbnail category-policiaco cs-entry cs-video-wrap\">\r\n\t<div class=\"cs-entry__outer cs-entry__outer-accent\">\r\n\r\n\t\t\r\n\t\t<div class=\"cs-entry__inner cs-entry__content-wrapper\">\r\n\t\t\t<div class=\"cs-entry__content\">\r\n\r\n\t\t\t\t<div class=\"cs-entry__post-meta\" ><div class=\"cs-meta-category\"><ul class=\"post-categories\">\n\t<li><a href=\"https:\/\/grupohoymexico.com\/puebla\/category\/policiaco\/\" rel=\"category tag\">Policiaco<\/a><\/li><\/ul><\/div><\/div>\r\n\t\t\t\t<h2 class=\"cs-entry__title\"><a href=\"https:\/\/grupohoymexico.com\/puebla\/2026\/08\/23\/puebla-cada-dia-11-abuelitos-son-victimas-de-algun-delito\/\">Puebla: cada d\u00eda 11 abuelitos son v\u00edctimas de alg\u00fan delito<\/a><\/h2>\r\n\t\t\t\t\r\n\t\t\t\t<div class=\"cs-entry__post-meta\" ><div class=\"cs-meta-author\"><span class=\"cs-meta-author-by\">por<\/span><a class=\"cs-meta-author-link url fn n\" href=\"https:\/\/grupohoymexico.com\/puebla\/author\/user\/\"><span class=\"cs-meta-author-name\">Grupo Hoy<\/span><\/a><\/div><\/div>\t\t\t<\/div>\r\n\t\t<\/div>\r\n\r\n\t<\/div>\r\n<\/article>\r\n\r\n\r\n<article class=\"post-84103 post type-post status-publish format-standard has-post-thumbnail category-policiaco cs-entry cs-video-wrap\">\r\n\t<div class=\"cs-entry__outer cs-entry__outer-accent\">\r\n\r\n\t\t\r\n\t\t<div class=\"cs-entry__inner cs-entry__content-wrapper\">\r\n\t\t\t<div class=\"cs-entry__content\">\r\n\r\n\t\t\t\t<div class=\"cs-entry__post-meta\" ><div class=\"cs-meta-category\"><ul class=\"post-categories\">\n\t<li><a href=\"https:\/\/grupohoymexico.com\/puebla\/category\/policiaco\/\" rel=\"category tag\">Policiaco<\/a><\/li><\/ul><\/div><\/div>\r\n\t\t\t\t<h2 class=\"cs-entry__title\"><a href=\"https:\/\/grupohoymexico.com\/puebla\/2026\/08\/23\/collar-de-250-mil-pesos-desaparece-de-la-fge-en-puebla-la-victima-lo-espero-8-anos\/\">Collar de 250 mil pesos desaparece de la FGE en Puebla; la v\u00edctima lo esper\u00f3 8 a\u00f1os<\/a><\/h2>\r\n\t\t\t\t\r\n\t\t\t\t<div class=\"cs-entry__post-meta\" ><div class=\"cs-meta-author\"><span class=\"cs-meta-author-by\">por<\/span><a class=\"cs-meta-author-link url fn n\" href=\"https:\/\/grupohoymexico.com\/puebla\/author\/user\/\"><span class=\"cs-meta-author-name\">Grupo Hoy<\/span><\/a><\/div><\/div>\t\t\t<\/div>\r\n\t\t<\/div>\r\n\r\n\t<\/div>\r\n<\/article>\r\n\r\n\r\n<article class=\"post-84104 post type-post status-publish format-standard has-post-thumbnail category-policiaco cs-entry cs-video-wrap\">\r\n\t<div class=\"cs-entry__outer cs-entry__outer-accent\">\r\n\r\n\t\t\r\n\t\t<div class=\"cs-entry__inner cs-entry__content-wrapper\">\r\n\t\t\t<div class=\"cs-entry__content\">\r\n\r\n\t\t\t\t<div class=\"cs-entry__post-meta\" ><div class=\"cs-meta-category\"><ul class=\"post-categories\">\n\t<li><a href=\"https:\/\/grupohoymexico.com\/puebla\/category\/policiaco\/\" rel=\"category tag\">Policiaco<\/a><\/li><\/ul><\/div><\/div>\r\n\t\t\t\t<h2 class=\"cs-entry__title\"><a href=\"https:\/\/grupohoymexico.com\/puebla\/2026\/08\/23\/106-cholultecas-piden-escolta-para-ir-al-banco-el-miedo-ya-se-hizo-costumbre\/\">106 cholultecas piden escolta para ir al banco: el miedo ya se hizo costumbre<\/a><\/h2>\r\n\t\t\t\t\r\n\t\t\t\t<div class=\"cs-entry__post-meta\" ><div class=\"cs-meta-author\"><span class=\"cs-meta-author-by\">por<\/span><a class=\"cs-meta-author-link url fn n\" href=\"https:\/\/grupohoymexico.com\/puebla\/author\/user\/\"><span class=\"cs-meta-author-name\">Grupo Hoy<\/span><\/a><\/div><\/div>\t\t\t<\/div>\r\n\t\t<\/div>\r\n\r\n\t<\/div>\r\n<\/article>\r\n\r\n\r\n<article class=\"post-84105 post type-post status-publish format-standard has-post-thumbnail category-puebla cs-entry cs-video-wrap\">\r\n\t<div class=\"cs-entry__outer cs-entry__outer-accent\">\r\n\r\n\t\t\r\n\t\t<div class=\"cs-entry__inner cs-entry__content-wrapper\">\r\n\t\t\t<div class=\"cs-entry__content\">\r\n\r\n\t\t\t\t<div class=\"cs-entry__post-meta\" ><div class=\"cs-meta-category\"><ul class=\"post-categories\">\n\t<li><a href=\"https:\/\/grupohoymexico.com\/puebla\/category\/puebla\/\" rel=\"category tag\">Puebla<\/a><\/li><\/ul><\/div><\/div>\r\n\t\t\t\t<h2 class=\"cs-entry__title\"><a href=\"https:\/\/grupohoymexico.com\/puebla\/2026\/08\/23\/chedraui-reparte-mas-de-7-mil-despensas-en-romero-vargas-edil-invita-a-los-que-faltan\/\">Chedraui reparte m\u00e1s de 7 mil despensas en Romero Vargas; edil invita a los que faltan<\/a><\/h2>\r\n\t\t\t\t\r\n\t\t\t\t<div class=\"cs-entry__post-meta\" ><div class=\"cs-meta-author\"><span class=\"cs-meta-author-by\">por<\/span><a class=\"cs-meta-author-link url fn n\" href=\"https:\/\/grupohoymexico.com\/puebla\/author\/user\/\"><span class=\"cs-meta-author-name\">Grupo Hoy<\/span><\/a><\/div><\/div>\t\t\t<\/div>\r\n\t\t<\/div>\r\n\r\n\t<\/div>\r\n<\/article>\r\n\r\n\r\n<article class=\"post-84106 post type-post status-publish format-standard has-post-thumbnail category-policiaco cs-entry cs-video-wrap\">\r\n\t<div class=\"cs-entry__outer cs-entry__outer-accent\">\r\n\r\n\t\t\r\n\t\t<div class=\"cs-entry__inner cs-entry__content-wrapper\">\r\n\t\t\t<div class=\"cs-entry__content\">\r\n\r\n\t\t\t\t<div class=\"cs-entry__post-meta\" ><div class=\"cs-meta-category\"><ul class=\"post-categories\">\n\t<li><a href=\"https:\/\/grupohoymexico.com\/puebla\/category\/policiaco\/\" rel=\"category tag\">Policiaco<\/a><\/li><\/ul><\/div><\/div>\r\n\t\t\t\t<h2 class=\"cs-entry__title\"><a href=\"https:\/\/grupohoymexico.com\/puebla\/2026\/08\/23\/alumnas-de-la-normal-de-teteles-denuncian-agresiones-afuera-del-plantel\/\">Alumnas de la Normal de Teteles denuncian agresiones afuera del plantel<\/a><\/h2>\r\n\t\t\t\t\r\n\t\t\t\t<div class=\"cs-entry__post-meta\" ><div class=\"cs-meta-author\"><span class=\"cs-meta-author-by\">por<\/span><a class=\"cs-meta-author-link url fn n\" href=\"https:\/\/grupohoymexico.com\/puebla\/author\/user\/\"><span class=\"cs-meta-author-name\">Grupo Hoy<\/span><\/a><\/div><\/div>\t\t\t<\/div>\r\n\t\t<\/div>\r\n\r\n\t<\/div>\r\n<\/article>\r\n\r\n\r\n<article class=\"post-84107 post type-post status-publish format-standard has-post-thumbnail category-deportes cs-entry cs-video-wrap\">\r\n\t<div class=\"cs-entry__outer cs-entry__outer-accent\">\r\n\r\n\t\t\r\n\t\t<div class=\"cs-entry__inner cs-entry__content-wrapper\">\r\n\t\t\t<div class=\"cs-entry__content\">\r\n\r\n\t\t\t\t<div class=\"cs-entry__post-meta\" ><div class=\"cs-meta-category\"><ul class=\"post-categories\">\n\t<li><a href=\"https:\/\/grupohoymexico.com\/puebla\/category\/deportes\/\" rel=\"category tag\">Deportes<\/a><\/li><\/ul><\/div><\/div>\r\n\t\t\t\t<h2 class=\"cs-entry__title\"><a href=\"https:\/\/grupohoymexico.com\/puebla\/2026\/08\/23\/miles-corrieron-en-san-andres-cholula-por-las-juventudes\/\">Miles corrieron en San Andr\u00e9s Cholula por las juventudes<\/a><\/h2>\r\n\t\t\t\t\r\n\t\t\t\t<div class=\"cs-entry__post-meta\" ><div class=\"cs-meta-author\"><span class=\"cs-meta-author-by\">por<\/span><a class=\"cs-meta-author-link url fn n\" href=\"https:\/\/grupohoymexico.com\/puebla\/author\/user\/\"><span class=\"cs-meta-author-name\">Grupo Hoy<\/span><\/a><\/div><\/div>\t\t\t<\/div>\r\n\t\t<\/div>\r\n\r\n\t<\/div>\r\n<\/article>\r\n\r\n\r\n<article class=\"post-84108 post type-post status-publish format-standard has-post-thumbnail category-puebla cs-entry cs-video-wrap\">\r\n\t<div class=\"cs-entry__outer cs-entry__outer-accent\">\r\n\r\n\t\t\r\n\t\t<div class=\"cs-entry__inner cs-entry__content-wrapper\">\r\n\t\t\t<div class=\"cs-entry__content\">\r\n\r\n\t\t\t\t<div class=\"cs-entry__post-meta\" ><div class=\"cs-meta-category\"><ul class=\"post-categories\">\n\t<li><a href=\"https:\/\/grupohoymexico.com\/puebla\/category\/puebla\/\" rel=\"category tag\">Puebla<\/a><\/li><\/ul><\/div><\/div>\r\n\t\t\t\t<h2 class=\"cs-entry__title\"><a href=\"https:\/\/grupohoymexico.com\/puebla\/2026\/08\/23\/muere-roberto-tecpanecatl-presidente-auxiliar-de-san-bernabe-temoxtitla\/\">Muere Roberto Tecpanecatl, presidente auxiliar de San Bernab\u00e9 Temoxtitla<\/a><\/h2>\r\n\t\t\t\t\r\n\t\t\t\t<div class=\"cs-entry__post-meta\" ><div class=\"cs-meta-author\"><span class=\"cs-meta-author-by\">por<\/span><a class=\"cs-meta-author-link url fn n\" href=\"https:\/\/grupohoymexico.com\/puebla\/author\/user\/\"><span class=\"cs-meta-author-name\">Grupo Hoy<\/span><\/a><\/div><\/div>\t\t\t<\/div>\r\n\t\t<\/div>\r\n\r\n\t<\/div>\r\n<\/article>\r\n\t\t\t\t\t\t\t\t<\/div>\r\n\t\t\t\t\t\t\t<\/div>\r\n\t\t\t\t\t\t<\/div>\r\n\t\t\t\t\t\t\t\t<\/section>\r\n\t\t\t\t\t\t<\/div>\n\t\t\t\t<\/div>\n\t\t\t\t<div class=\"elementor-element elementor-element-c6cdd40 cs-dividerhorizontal cs-divider-laptophorizontal cs-divider-tablethorizontal cs-divider-mobilehorizontal elementor-widget elementor-widget-cs-divider\" data-id=\"c6cdd40\" data-element_type=\"widget\" data-e-type=\"widget\" data-widget_type=\"cs-divider.default\">\n\t\t\t\t<div class=\"elementor-widget-container\">\n\t\t\t\t\t\t\t<section class=\"cs-divider cs-divider-horizontal\"><\/section>\r\n\t\t\t\t\t\t<\/div>\n\t\t\t\t<\/div>\n\t\t\t\t\t<\/div>\n\t\t\t\t<\/div>\n\t\t<div class=\"elementor-element elementor-element-925f88e e-con-full e-flex e-con e-parent\" data-id=\"925f88e\" data-element_type=\"container\" data-e-type=\"container\" data-settings=\"{&quot;background_background&quot;:&quot;classic&quot;}\">\n\t\t\t\t<div class=\"elementor-element elementor-element-ac768b5 elementor-widget elementor-widget-image\" data-id=\"ac768b5\" data-element_type=\"widget\" data-e-type=\"widget\" data-widget_type=\"image.default\">\n\t\t\t\t<div class=\"elementor-widget-container\">\n\t\t\t\t\t\t\t\t\t\t\t\t\t\t\t\t<a href=\"https:\/\/www.renault.com.mx\/\" target=\"_blank\">\n\t\t\t\t\t\t\t<img loading=\"lazy\" decoding=\"async\" width=\"1024\" height=\"166\" src=\"https:\/\/grupohoymexico.com\/puebla\/wp-content\/uploads\/sites\/3\/2025\/05\/banner-renault-largo-1024x166.jpg\" class=\"attachment-large size-large wp-image-74639\" alt=\"\" srcset=\"https:\/\/grupohoymexico.com\/puebla\/wp-content\/uploads\/sites\/3\/2025\/05\/banner-renault-largo-1024x166.jpg 1024w, https:\/\/grupohoymexico.com\/puebla\/wp-content\/uploads\/sites\/3\/2025\/05\/banner-renault-largo-300x49.jpg 300w, https:\/\/grupohoymexico.com\/puebla\/wp-content\/uploads\/sites\/3\/2025\/05\/banner-renault-largo-768x124.jpg 768w, https:\/\/grupohoymexico.com\/puebla\/wp-content\/uploads\/sites\/3\/2025\/05\/banner-renault-largo-1536x248.jpg 1536w, https:\/\/grupohoymexico.com\/puebla\/wp-content\/uploads\/sites\/3\/2025\/05\/banner-renault-largo-2048x331.jpg 2048w, https:\/\/grupohoymexico.com\/puebla\/wp-content\/uploads\/sites\/3\/2025\/05\/banner-renault-largo-332x54.jpg 332w, https:\/\/grupohoymexico.com\/puebla\/wp-content\/uploads\/sites\/3\/2025\/05\/banner-renault-largo-664x107.jpg 664w, https:\/\/grupohoymexico.com\/puebla\/wp-content\/uploads\/sites\/3\/2025\/05\/banner-renault-largo-688x111.jpg 688w, https:\/\/grupohoymexico.com\/puebla\/wp-content\/uploads\/sites\/3\/2025\/05\/banner-renault-largo-1044x169.jpg 1044w, https:\/\/grupohoymexico.com\/puebla\/wp-content\/uploads\/sites\/3\/2025\/05\/banner-renault-largo-1400x226.jpg 1400w, https:\/\/grupohoymexico.com\/puebla\/wp-content\/uploads\/sites\/3\/2025\/05\/banner-renault-largo-1920x311.jpg 1920w, https:\/\/grupohoymexico.com\/puebla\/wp-content\/uploads\/sites\/3\/2025\/05\/banner-renault-largo-scaled.jpg 2560w\" sizes=\"(max-width: 1024px) 100vw, 1024px\" \/>\t\t\t\t\t\t\t\t<\/a>\n\t\t\t\t\t\t\t\t\t\t\t\t\t\t\t<\/div>\n\t\t\t\t<\/div>\n\t\t\t\t<\/div>\n\t\t<div class=\"elementor-element elementor-element-c938b20 e-con-full elementor-hidden-desktop elementor-hidden-laptop elementor-hidden-tablet elementor-hidden-mobile e-flex e-con e-parent\" data-id=\"c938b20\" data-element_type=\"container\" data-e-type=\"container\" data-settings=\"{&quot;background_background&quot;:&quot;classic&quot;}\">\n\t\t\t\t<div class=\"elementor-element elementor-element-463913b elementor-widget elementor-widget-cs-banner\" data-id=\"463913b\" data-element_type=\"widget\" data-e-type=\"widget\" data-widget_type=\"cs-banner.default\">\n\t\t\t\t<div class=\"elementor-widget-container\">\n\t\t\t\t\t\t\t<section class=\"cs-banner-elementor\">\r\n\t\t\t<div class=\"cs-banner cs-banner-background\">\r\n\t\t\t\t<div class=\"cs-banner__container cs-container\">\r\n\t\t\t\t\t<div class=\"cs-banner__content\">\r\n\t\t\t\t\t\t<a href=\"https:\/\/1.envato.market\/newsreader\" title=\"Advertisement\">\r\n    <img decoding=\"async\" loading=\"lazy\" src=\"http:\/\/newsreader.codesupply.co\/city\/wp-content\/uploads\/sites\/7\/2024\/03\/demo-banner-horizontal-0004.webp\" alt=\"Advertisement\">\r\n<\/a>\t\t\t\t\t<\/div>\r\n\t\t\t\t\t\t\t\t\t\t\t<div class=\"cs-banner__label\">\r\n\t\t\t\t\t\t\tAdvertisement\t\t\t\t\t\t<\/div>\r\n\t\t\t\t\t\t\t\t\t<\/div>\r\n\t\t\t<\/div>\r\n\t\t<\/section>\r\n\t\t\t\t\t\t<\/div>\n\t\t\t\t<\/div>\n\t\t\t\t<\/div>\n\t\t<div class=\"elementor-element elementor-element-9464e93 e-flex e-con-boxed e-con e-parent\" data-id=\"9464e93\" data-element_type=\"container\" data-e-type=\"container\">\n\t\t\t\t\t<div class=\"e-con-inner\">\n\t\t\t\t<div class=\"elementor-element elementor-element-2cf3025 elementor-widget elementor-widget-cs-heading\" data-id=\"2cf3025\" data-element_type=\"widget\" data-e-type=\"widget\" data-widget_type=\"cs-heading.default\">\n\t\t\t\t<div class=\"elementor-widget-container\">\n\t\t\t\t\t\t\t\t\t\t<section class=\"cs-heading\">\r\n\t\t\t\t<div class=\"cs-heading__container \">\r\n\t\t\t\t\t<h2 class=\"cs-heading__content\">\r\n\t\t\t\t\t\tDeportes\t\t\t\t\t<\/h2>\r\n\r\n\t\t\t\t\t\t\t\t\t\t\t<a class=\"cs-heading__link\" href=\"\/puebla\/category\/deportes\/\" target=\"_self\">\r\n\t\t\t\t\t\t\t<span>\t\r\n\t\t\t\t\t\t\t\tTodo sobre el deporte\t\t\t\t\t\t\t<\/span>\r\n\t\t\t\t\t\t<\/a>\r\n\t\t\t\t\t\t\t\t\t<\/div>\r\n\t\t\t<\/section>\r\n\t\t\t\t\t\t\t\t<\/div>\n\t\t\t\t<\/div>\n\t\t<div class=\"elementor-element elementor-element-5c802bc e-con-full e-flex e-con e-child\" data-id=\"5c802bc\" data-element_type=\"container\" data-e-type=\"container\">\n\t\t<div class=\"elementor-element elementor-element-c060d76 e-con-full e-flex e-con e-child\" data-id=\"c060d76\" data-element_type=\"container\" data-e-type=\"container\">\n\t\t\t\t<div class=\"elementor-element elementor-element-70623db elementor-widget elementor-widget-cs-posts\" data-id=\"70623db\" data-element_type=\"widget\" data-e-type=\"widget\" data-widget_type=\"cs-posts.default\">\n\t\t\t\t<div class=\"elementor-widget-container\">\n\t\t\t\t\t\t\t\t<section class=\"cs-posts cs-posts__standard\">\r\n\t\t\t\t\t\t\t\t\t\t<div class=\"cs-posts-area cs-posts-area-elementor \" data-posts-area=\"\">\r\n\t\t\t\t\t\t\t<div class=\"cs-posts-area__outer\">\r\n\t\t\t\t\t\t\t\t<div\r\n\t\t\t\t\t\t\t\tclass=\"cs-posts-area__main cs-posts-area__main-divider\"\r\n\t\t\t\t\t\t\t\tdata-pc=\"1\"\r\n\t\t\t\t\t\t\t\tdata-lt=\"1\"\r\n\t\t\t\t\t\t\t\tdata-tb=\"1\"\r\n\t\t\t\t\t\t\t\tdata-mb=\"1\"\r\n\t\t\t\t\t\t\t\t>\r\n\t\t\t\t\t\t\t\t\t\r\n<article class=\"post-83848 post type-post status-publish format-standard has-post-thumbnail category-deportes tag-beisbol tag-estadio-hermanos-serdan tag-liga-mexicana-de-beisbol tag-pericos-de-puebla tag-playoffs-2026 tag-postemporada tag-puebla cs-entry cs-video-wrap\">\r\n\t<div class=\"cs-entry__outer\">\r\n\t\t\r\n\t\t<div class=\"cs-entry__inner cs-entry__content\">\r\n\r\n\t\t\t<div class=\"cs-entry__post-meta\" ><div class=\"cs-meta-category\"><ul class=\"post-categories\">\n\t<li><a href=\"https:\/\/grupohoymexico.com\/puebla\/category\/deportes\/\" rel=\"category tag\">Deportes<\/a><\/li><\/ul><\/div><\/div>\r\n\t\t\t<h2 class=\"cs-entry__title\"><a href=\"https:\/\/grupohoymexico.com\/puebla\/2026\/08\/03\/pericos-puebla-boletos-playoffs-2026\/\">Pericos Puebla: boletos para playoffs 2026 ya a la venta desde 100 pesos<\/a><\/h2>\r\n\t\t\t\r\n\t\t\t<div class=\"cs-entry__post-meta\" ><div class=\"cs-meta-author\"><span class=\"cs-meta-author-by\">por<\/span><a class=\"cs-meta-author-link url fn n\" href=\"https:\/\/grupohoymexico.com\/puebla\/author\/user\/\"><span class=\"cs-meta-author-name\">Grupo Hoy<\/span><\/a><\/div><div class=\"cs-meta-date\">agosto 3, 2026<\/div><\/div>\t\t<\/div>\r\n\t<\/div>\r\n<\/article>\r\n\r\n<article class=\"post-83774 post type-post status-publish format-standard has-post-thumbnail category-deportes tag-alejandro-armenta tag-chignahuapan tag-deporte tag-estadio-ajolotes tag-infraestructura tag-juan-rivera-trejo tag-puebla tag-sierra-norte cs-entry cs-video-wrap\">\r\n\t<div class=\"cs-entry__outer\">\r\n\t\t\r\n\t\t<div class=\"cs-entry__inner cs-entry__content\">\r\n\r\n\t\t\t<div class=\"cs-entry__post-meta\" ><div class=\"cs-meta-category\"><ul class=\"post-categories\">\n\t<li><a href=\"https:\/\/grupohoymexico.com\/puebla\/category\/deportes\/\" rel=\"category tag\">Deportes<\/a><\/li><\/ul><\/div><\/div>\r\n\t\t\t<h2 class=\"cs-entry__title\"><a href=\"https:\/\/grupohoymexico.com\/puebla\/2026\/07\/29\/alejandro-armenta-inaugura-estadio-ajolotes-chignahuapan\/\">Alejandro Armenta inaugura Estadio Ajolotes en Chignahuapan, Puebla<\/a><\/h2>\r\n\t\t\t\r\n\t\t\t<div class=\"cs-entry__post-meta\" ><div class=\"cs-meta-author\"><span class=\"cs-meta-author-by\">por<\/span><a class=\"cs-meta-author-link url fn n\" href=\"https:\/\/grupohoymexico.com\/puebla\/author\/user\/\"><span class=\"cs-meta-author-name\">Grupo Hoy<\/span><\/a><\/div><div class=\"cs-meta-date\">julio 29, 2026<\/div><\/div>\t\t<\/div>\r\n\t<\/div>\r\n<\/article>\r\n\r\n<article class=\"post-83697 post type-post status-publish format-standard has-post-thumbnail category-deportes tag-alejandro-armenta tag-centro-expositor-de-puebla tag-federacion-mexicana-de-voleibol tag-festival-master-de-voleibol tag-pepe-chedraui tag-puebla-capital tag-turismo-deportivo cs-entry cs-video-wrap\">\r\n\t<div class=\"cs-entry__outer\">\r\n\t\t\r\n\t\t<div class=\"cs-entry__inner cs-entry__content\">\r\n\r\n\t\t\t<div class=\"cs-entry__post-meta\" ><div class=\"cs-meta-category\"><ul class=\"post-categories\">\n\t<li><a href=\"https:\/\/grupohoymexico.com\/puebla\/category\/deportes\/\" rel=\"category tag\">Deportes<\/a><\/li><\/ul><\/div><\/div>\r\n\t\t\t<h2 class=\"cs-entry__title\"><a href=\"https:\/\/grupohoymexico.com\/puebla\/2026\/07\/27\/festival-master-voleibol-730-equipos-puebla-capital\/\">Festival M\u00e1ster de Voleibol re\u00fane a 730 equipos en Puebla capital<\/a><\/h2>\r\n\t\t\t\r\n\t\t\t<div class=\"cs-entry__post-meta\" ><div class=\"cs-meta-author\"><span class=\"cs-meta-author-by\">por<\/span><a class=\"cs-meta-author-link url fn n\" href=\"https:\/\/grupohoymexico.com\/puebla\/author\/user\/\"><span class=\"cs-meta-author-name\">Grupo Hoy<\/span><\/a><\/div><div class=\"cs-meta-date\">julio 27, 2026<\/div><\/div>\t\t<\/div>\r\n\t<\/div>\r\n<\/article>\r\n\r\n<article class=\"post-83699 post type-post status-publish format-standard has-post-thumbnail category-deportes tag-ariadna-ayala tag-asociacion-poblana-de-tenis tag-atlixco tag-campeonato-nacional-de-tenis tag-christian-feldmann-gonzalez tag-deporte-juvenil tag-federacion-mexicana-de-tenis cs-entry cs-video-wrap\">\r\n\t<div class=\"cs-entry__outer\">\r\n\t\t\r\n\t\t<div class=\"cs-entry__inner cs-entry__content\">\r\n\r\n\t\t\t<div class=\"cs-entry__post-meta\" ><div class=\"cs-meta-category\"><ul class=\"post-categories\">\n\t<li><a href=\"https:\/\/grupohoymexico.com\/puebla\/category\/deportes\/\" rel=\"category tag\">Deportes<\/a><\/li><\/ul><\/div><\/div>\r\n\t\t\t<h2 class=\"cs-entry__title\"><a href=\"https:\/\/grupohoymexico.com\/puebla\/2026\/07\/27\/atlixco-sede-campeonato-nacional-infantil-tenis-2026\/\">Atlixco sede del Campeonato Nacional Infantil de Tenis 2026 con 400 deportistas<\/a><\/h2>\r\n\t\t\t\r\n\t\t\t<div class=\"cs-entry__post-meta\" ><div class=\"cs-meta-author\"><span class=\"cs-meta-author-by\">por<\/span><a class=\"cs-meta-author-link url fn n\" href=\"https:\/\/grupohoymexico.com\/puebla\/author\/user\/\"><span class=\"cs-meta-author-name\">Grupo Hoy<\/span><\/a><\/div><div class=\"cs-meta-date\">julio 27, 2026<\/div><\/div>\t\t<\/div>\r\n\t<\/div>\r\n<\/article>\r\n\r\n<article class=\"post-83701 post type-post status-publish format-standard has-post-thumbnail category-deportes tag-alejandro-armenta tag-deporte tag-gobierno-de-puebla tag-infraestructura-deportiva tag-laura-artemisa-garcia-chavez tag-municipios-de-puebla tag-programa-de-obra-comunitaria cs-entry cs-video-wrap\">\r\n\t<div class=\"cs-entry__outer\">\r\n\t\t\r\n\t\t<div class=\"cs-entry__inner cs-entry__content\">\r\n\r\n\t\t\t<div class=\"cs-entry__post-meta\" ><div class=\"cs-meta-category\"><ul class=\"post-categories\">\n\t<li><a href=\"https:\/\/grupohoymexico.com\/puebla\/category\/deportes\/\" rel=\"category tag\">Deportes<\/a><\/li><\/ul><\/div><\/div>\r\n\t\t\t<h2 class=\"cs-entry__title\"><a href=\"https:\/\/grupohoymexico.com\/puebla\/2026\/07\/27\/puebla-invierte-105-mdp-infraestructura-deportiva-146-municipios\/\">Puebla invierte 105 mdp en infraestructura deportiva para 146 municipios<\/a><\/h2>\r\n\t\t\t\r\n\t\t\t<div class=\"cs-entry__post-meta\" ><div class=\"cs-meta-author\"><span class=\"cs-meta-author-by\">por<\/span><a class=\"cs-meta-author-link url fn n\" href=\"https:\/\/grupohoymexico.com\/puebla\/author\/user\/\"><span class=\"cs-meta-author-name\">Grupo Hoy<\/span><\/a><\/div><div class=\"cs-meta-date\">julio 27, 2026<\/div><\/div>\t\t<\/div>\r\n\t<\/div>\r\n<\/article>\r\n\r\n<article class=\"post-83594 post type-post status-publish format-standard has-post-thumbnail category-deportes tag-bety-sanchez tag-circuito-futbolero tag-deportes tag-educacion tag-juventud tag-mundial-2026 tag-prevencion-de-adicciones tag-puebla tag-zacatlan tag-zacatlan-mundialista cs-entry cs-video-wrap\">\r\n\t<div class=\"cs-entry__outer\">\r\n\t\t\r\n\t\t<div class=\"cs-entry__inner cs-entry__content\">\r\n\r\n\t\t\t<div class=\"cs-entry__post-meta\" ><div class=\"cs-meta-category\"><ul class=\"post-categories\">\n\t<li><a href=\"https:\/\/grupohoymexico.com\/puebla\/category\/deportes\/\" rel=\"category tag\">Deportes<\/a><\/li><\/ul><\/div><\/div>\r\n\t\t\t<h2 class=\"cs-entry__title\"><a href=\"https:\/\/grupohoymexico.com\/puebla\/2026\/07\/16\/zacatlan-mundialista-circuito-futbolero-2-mil-jovenes\/\">Zacatl\u00e1n Mundialista y Circuito Futbolero impactan a 2 mil j\u00f3venes y fortalecen la convivencia social<\/a><\/h2>\r\n\t\t\t\r\n\t\t\t<div class=\"cs-entry__post-meta\" ><div class=\"cs-meta-author\"><span class=\"cs-meta-author-by\">por<\/span><a class=\"cs-meta-author-link url fn n\" href=\"https:\/\/grupohoymexico.com\/puebla\/author\/nettoreyes27\/\"><span class=\"cs-meta-author-name\">Ernesto Reyes Bello<\/span><\/a><\/div><div class=\"cs-meta-date\">julio 16, 2026<\/div><\/div>\t\t<\/div>\r\n\t<\/div>\r\n<\/article>\r\n\t\t\t\t\t\t\t\t<\/div>\r\n\t\t\t\t\t\t\t<\/div>\r\n\t\t\t\t\t\t<\/div>\r\n\t\t\t\t\t\t\t\t<\/section>\r\n\t\t\t\t\t\t<\/div>\n\t\t\t\t<\/div>\n\t\t\t\t<\/div>\n\t\t\t\t<div class=\"elementor-element elementor-element-6aee8d3 cs-dividervertical elementor-widget-laptop__width-inherit cs-divider-laptophorizontal cs-divider-tablethorizontal cs-divider-mobilehorizontal elementor-widget elementor-widget-cs-divider\" data-id=\"6aee8d3\" data-element_type=\"widget\" data-e-type=\"widget\" data-widget_type=\"cs-divider.default\">\n\t\t\t\t<div class=\"elementor-widget-container\">\n\t\t\t\t\t\t\t<section class=\"cs-divider cs-divider-vertical\"><\/section>\r\n\t\t\t\t\t\t<\/div>\n\t\t\t\t<\/div>\n\t\t<div class=\"elementor-element elementor-element-29cb6a6 e-con-full e-flex e-con e-child\" data-id=\"29cb6a6\" data-element_type=\"container\" data-e-type=\"container\">\n\t\t\t\t<div class=\"elementor-element elementor-element-8dbe1ce elementor-widget elementor-widget-cs-posts\" data-id=\"8dbe1ce\" data-element_type=\"widget\" data-e-type=\"widget\" data-widget_type=\"cs-posts.default\">\n\t\t\t\t<div class=\"elementor-widget-container\">\n\t\t\t\t\t\t\t\t<section class=\"cs-posts cs-posts__standard\">\r\n\t\t\t\t\t\t\t\t\t\t<div class=\"cs-posts-area cs-posts-area-elementor \" data-posts-area=\"\">\r\n\t\t\t\t\t\t\t<div class=\"cs-posts-area__outer\">\r\n\t\t\t\t\t\t\t\t<div\r\n\t\t\t\t\t\t\t\tclass=\"cs-posts-area__main\"\r\n\t\t\t\t\t\t\t\tdata-pc=\"1\"\r\n\t\t\t\t\t\t\t\tdata-lt=\"1\"\r\n\t\t\t\t\t\t\t\tdata-tb=\"1\"\r\n\t\t\t\t\t\t\t\tdata-mb=\"1\"\r\n\t\t\t\t\t\t\t\t>\r\n\t\t\t\t\t\t\t\t\t\r\n<article class=\"post-83477 post type-post status-publish format-standard has-post-thumbnail category-deportes tag-apertura-2026 tag-club-puebla tag-fichajes tag-futbol-mexicano-2 tag-liga-mx tag-lucas-camilo cs-entry cs-video-wrap\">\r\n\t<div class=\"cs-entry__outer\">\r\n\t\t\t\t\t<div class=\"cs-entry__inner cs-entry__overlay cs-entry__thumbnail cs-overlay-ratio cs-ratio-landscape-16-9\">\r\n\r\n\t\t\t\t<div class=\"cs-overlay-background\">\r\n\t\t\t\t\t<img loading=\"lazy\" decoding=\"async\" width=\"332\" height=\"177\" src=\"https:\/\/grupohoymexico.com\/puebla\/wp-content\/uploads\/sites\/3\/2026\/06\/Lucas-Camilo-Puebla-332x177.jpg\" class=\"attachment-csco-thumbnail-uncropped size-csco-thumbnail-uncropped wp-post-image\" alt=\"Club Puebla anuncia el fichaje de Lucas Camilo para el Apertura 2026\" srcset=\"https:\/\/grupohoymexico.com\/puebla\/wp-content\/uploads\/sites\/3\/2026\/06\/Lucas-Camilo-Puebla-332x177.jpg 332w, https:\/\/grupohoymexico.com\/puebla\/wp-content\/uploads\/sites\/3\/2026\/06\/Lucas-Camilo-Puebla-300x160.jpg 300w, https:\/\/grupohoymexico.com\/puebla\/wp-content\/uploads\/sites\/3\/2026\/06\/Lucas-Camilo-Puebla-1024x544.jpg 1024w, https:\/\/grupohoymexico.com\/puebla\/wp-content\/uploads\/sites\/3\/2026\/06\/Lucas-Camilo-Puebla-768x408.jpg 768w, https:\/\/grupohoymexico.com\/puebla\/wp-content\/uploads\/sites\/3\/2026\/06\/Lucas-Camilo-Puebla-664x353.jpg 664w, https:\/\/grupohoymexico.com\/puebla\/wp-content\/uploads\/sites\/3\/2026\/06\/Lucas-Camilo-Puebla-688x366.jpg 688w, https:\/\/grupohoymexico.com\/puebla\/wp-content\/uploads\/sites\/3\/2026\/06\/Lucas-Camilo-Puebla-1044x555.jpg 1044w, https:\/\/grupohoymexico.com\/puebla\/wp-content\/uploads\/sites\/3\/2026\/06\/Lucas-Camilo-Puebla.jpg 1200w\" sizes=\"(max-width: 332px) 100vw, 332px\" \/>\t\t\t\t\t<img loading=\"lazy\" decoding=\"async\" width=\"1200\" height=\"638\" src=\"https:\/\/grupohoymexico.com\/puebla\/wp-content\/uploads\/sites\/3\/2026\/06\/Lucas-Camilo-Puebla.jpg\" class=\"attachment-csco-extra-large size-csco-extra-large wp-post-image\" alt=\"Club Puebla anuncia el fichaje de Lucas Camilo para el Apertura 2026\" srcset=\"https:\/\/grupohoymexico.com\/puebla\/wp-content\/uploads\/sites\/3\/2026\/06\/Lucas-Camilo-Puebla.jpg 1200w, https:\/\/grupohoymexico.com\/puebla\/wp-content\/uploads\/sites\/3\/2026\/06\/Lucas-Camilo-Puebla-300x160.jpg 300w, https:\/\/grupohoymexico.com\/puebla\/wp-content\/uploads\/sites\/3\/2026\/06\/Lucas-Camilo-Puebla-1024x544.jpg 1024w, https:\/\/grupohoymexico.com\/puebla\/wp-content\/uploads\/sites\/3\/2026\/06\/Lucas-Camilo-Puebla-768x408.jpg 768w, https:\/\/grupohoymexico.com\/puebla\/wp-content\/uploads\/sites\/3\/2026\/06\/Lucas-Camilo-Puebla-332x177.jpg 332w, https:\/\/grupohoymexico.com\/puebla\/wp-content\/uploads\/sites\/3\/2026\/06\/Lucas-Camilo-Puebla-664x353.jpg 664w, https:\/\/grupohoymexico.com\/puebla\/wp-content\/uploads\/sites\/3\/2026\/06\/Lucas-Camilo-Puebla-688x366.jpg 688w, https:\/\/grupohoymexico.com\/puebla\/wp-content\/uploads\/sites\/3\/2026\/06\/Lucas-Camilo-Puebla-1044x555.jpg 1044w\" sizes=\"(max-width: 1200px) 100vw, 1200px\" \/>\t\t\t\t<\/div>\r\n\r\n\t\t\t\t\r\n\t\t\t\t\r\n\t\t\t\t<a href=\"https:\/\/grupohoymexico.com\/puebla\/2026\/06\/16\/club-puebla-anuncia-el-fichaje-de-lucas-camilo-para-el-apertura-2026\/\" class=\"cs-overlay-link\" title=\"Club Puebla anuncia el fichaje de Lucas Camilo para el Apertura 2026\"><\/a>\r\n\t\t\t<\/div>\r\n\t\t\r\n\t\t<div class=\"cs-entry__inner cs-entry__content\">\r\n\r\n\t\t\t<div class=\"cs-entry__post-meta\" ><div class=\"cs-meta-category\"><ul class=\"post-categories\">\n\t<li><a href=\"https:\/\/grupohoymexico.com\/puebla\/category\/deportes\/\" rel=\"category tag\">Deportes<\/a><\/li><\/ul><\/div><\/div>\r\n\t\t\t<h2 class=\"cs-entry__title\"><a href=\"https:\/\/grupohoymexico.com\/puebla\/2026\/06\/16\/club-puebla-anuncia-el-fichaje-de-lucas-camilo-para-el-apertura-2026\/\">Club Puebla anuncia el fichaje de Lucas Camilo para el Apertura 2026<\/a><\/h2>\r\n\t\t\t\t\t\t\t\t<div class=\"cs-entry__excerpt\">\r\n\t\t\t\t\t\tEl Club Puebla contin\u00faa reforzando su plantilla para el Torneo Apertura 2026 de la Liga MX y anunci\u00f3 oficialmente la incorporaci\u00f3n del mediocampista brasile\u00f1o Lucas Camilo Azevedo, una de las&hellip;\t\t\t\t\t<\/div>\r\n\t\t\t\t\t\r\n\t\t\t<div class=\"cs-entry__post-meta\" ><div class=\"cs-meta-author\"><span class=\"cs-meta-author-by\">por<\/span><a class=\"cs-meta-author-link url fn n\" href=\"https:\/\/grupohoymexico.com\/puebla\/author\/jair\/\"><span class=\"cs-meta-author-name\">jair<\/span><\/a><\/div><div class=\"cs-meta-date\">junio 16, 2026<\/div><\/div>\t\t<\/div>\r\n\t<\/div>\r\n<\/article>\r\n\t\t\t\t\t\t\t\t<\/div>\r\n\t\t\t\t\t\t\t<\/div>\r\n\t\t\t\t\t\t<\/div>\r\n\t\t\t\t\t\t\t\t<\/section>\r\n\t\t\t\t\t\t<\/div>\n\t\t\t\t<\/div>\n\t\t\t\t<div class=\"elementor-element elementor-element-614d627 cs-dividerhorizontal cs-divider-laptophorizontal cs-divider-tablethorizontal cs-divider-mobilehorizontal elementor-widget elementor-widget-cs-divider\" data-id=\"614d627\" data-element_type=\"widget\" data-e-type=\"widget\" data-widget_type=\"cs-divider.default\">\n\t\t\t\t<div class=\"elementor-widget-container\">\n\t\t\t\t\t\t\t<section class=\"cs-divider cs-divider-horizontal\"><\/section>\r\n\t\t\t\t\t\t<\/div>\n\t\t\t\t<\/div>\n\t\t\t\t<div class=\"elementor-element elementor-element-cf9ecc3 elementor-widget elementor-widget-cs-posts\" data-id=\"cf9ecc3\" data-element_type=\"widget\" data-e-type=\"widget\" data-widget_type=\"cs-posts.default\">\n\t\t\t\t<div class=\"elementor-widget-container\">\n\t\t\t\t\t\t\t\t<section class=\"cs-posts cs-posts__horizontal\">\r\n\t\t\t\t\t\t\t\t\t\t<div class=\"cs-posts-area cs-posts-area-elementor \" data-posts-area=\"\">\r\n\t\t\t\t\t\t\t<div class=\"cs-posts-area__outer\">\r\n\t\t\t\t\t\t\t\t<div\r\n\t\t\t\t\t\t\t\tclass=\"cs-posts-area__main\"\r\n\t\t\t\t\t\t\t\tdata-pc=\"1\"\r\n\t\t\t\t\t\t\t\tdata-lt=\"1\"\r\n\t\t\t\t\t\t\t\tdata-tb=\"1\"\r\n\t\t\t\t\t\t\t\tdata-mb=\"1\"\r\n\t\t\t\t\t\t\t\t>\r\n\t\t\t\t\t\t\t\t\t\r\n<article class=\"post-83408 post type-post status-publish format-standard has-post-thumbnail category-deportes tag-mexico-vs-sudafrica tag-mundial-2026 tag-partido-mexico-vs-sudafrica cs-entry cs-video-wrap\">\r\n\t<div class=\"cs-entry__outer cs-entry__outer-medium cs-entry__outer-thumbnail-right\">\r\n\t\t\t\t\t<div class=\"cs-entry__inner cs-entry__overlay cs-entry__thumbnail cs-overlay-ratio cs-ratio-landscape-16-9\">\r\n\r\n\t\t\t\t<div class=\"cs-overlay-background\">\r\n\t\t\t\t\t<img loading=\"lazy\" decoding=\"async\" width=\"332\" height=\"177\" src=\"https:\/\/grupohoymexico.com\/puebla\/wp-content\/uploads\/sites\/3\/2026\/06\/donde_ver_el_partido_mexico_vs_sudafrica_inauguracion_mundial_2026-332x177.png\" class=\"attachment-csco-thumbnail-uncropped size-csco-thumbnail-uncropped wp-post-image\" alt=\"\u00bfD\u00f3nde ver el partido de M\u00e9xico vs Sud\u00e1frica del Mundial 2026?\" srcset=\"https:\/\/grupohoymexico.com\/puebla\/wp-content\/uploads\/sites\/3\/2026\/06\/donde_ver_el_partido_mexico_vs_sudafrica_inauguracion_mundial_2026-332x177.png 332w, https:\/\/grupohoymexico.com\/puebla\/wp-content\/uploads\/sites\/3\/2026\/06\/donde_ver_el_partido_mexico_vs_sudafrica_inauguracion_mundial_2026-300x160.png 300w, https:\/\/grupohoymexico.com\/puebla\/wp-content\/uploads\/sites\/3\/2026\/06\/donde_ver_el_partido_mexico_vs_sudafrica_inauguracion_mundial_2026-1024x544.png 1024w, https:\/\/grupohoymexico.com\/puebla\/wp-content\/uploads\/sites\/3\/2026\/06\/donde_ver_el_partido_mexico_vs_sudafrica_inauguracion_mundial_2026-768x408.png 768w, https:\/\/grupohoymexico.com\/puebla\/wp-content\/uploads\/sites\/3\/2026\/06\/donde_ver_el_partido_mexico_vs_sudafrica_inauguracion_mundial_2026-664x353.png 664w, https:\/\/grupohoymexico.com\/puebla\/wp-content\/uploads\/sites\/3\/2026\/06\/donde_ver_el_partido_mexico_vs_sudafrica_inauguracion_mundial_2026-688x366.png 688w, https:\/\/grupohoymexico.com\/puebla\/wp-content\/uploads\/sites\/3\/2026\/06\/donde_ver_el_partido_mexico_vs_sudafrica_inauguracion_mundial_2026-1044x555.png 1044w, https:\/\/grupohoymexico.com\/puebla\/wp-content\/uploads\/sites\/3\/2026\/06\/donde_ver_el_partido_mexico_vs_sudafrica_inauguracion_mundial_2026.png 1200w\" sizes=\"(max-width: 332px) 100vw, 332px\" \/>\t\t\t\t\t<img loading=\"lazy\" decoding=\"async\" width=\"332\" height=\"186\" src=\"https:\/\/grupohoymexico.com\/puebla\/wp-content\/uploads\/sites\/3\/2026\/06\/donde_ver_el_partido_mexico_vs_sudafrica_inauguracion_mundial_2026-332x186.png\" class=\"attachment-csco-thumbnail size-csco-thumbnail wp-post-image\" alt=\"\u00bfD\u00f3nde ver el partido de M\u00e9xico vs Sud\u00e1frica del Mundial 2026?\" srcset=\"https:\/\/grupohoymexico.com\/puebla\/wp-content\/uploads\/sites\/3\/2026\/06\/donde_ver_el_partido_mexico_vs_sudafrica_inauguracion_mundial_2026-332x186.png 332w, https:\/\/grupohoymexico.com\/puebla\/wp-content\/uploads\/sites\/3\/2026\/06\/donde_ver_el_partido_mexico_vs_sudafrica_inauguracion_mundial_2026-664x372.png 664w, https:\/\/grupohoymexico.com\/puebla\/wp-content\/uploads\/sites\/3\/2026\/06\/donde_ver_el_partido_mexico_vs_sudafrica_inauguracion_mundial_2026-688x387.png 688w, https:\/\/grupohoymexico.com\/puebla\/wp-content\/uploads\/sites\/3\/2026\/06\/donde_ver_el_partido_mexico_vs_sudafrica_inauguracion_mundial_2026-1044x587.png 1044w\" sizes=\"(max-width: 332px) 100vw, 332px\" \/>\t\t\t\t<\/div>\r\n\r\n\t\t\t\t\r\n\t\t\t\t\r\n\t\t\t\t<a href=\"https:\/\/grupohoymexico.com\/puebla\/2026\/06\/10\/donde-y-a-que-hora-ver-el-partido-de-mexico-vs-sudafrica-por-la-inauguracion-del-mundial-2026\/\" class=\"cs-overlay-link\" title=\"\u00bfD\u00f3nde y a qu\u00e9 hora ver el partido de M\u00e9xico vs Sud\u00e1frica por la inauguraci\u00f3n del Mundial 2026?\"><\/a>\r\n\t\t\t<\/div>\r\n\t\t\r\n\t\t<div class=\"cs-entry__inner cs-entry__content cs-entry__content-horizontal\">\r\n\t\t\t<div class=\"cs-entry__post-meta\" ><div class=\"cs-meta-category\"><ul class=\"post-categories\">\n\t<li><a href=\"https:\/\/grupohoymexico.com\/puebla\/category\/deportes\/\" rel=\"category tag\">Deportes<\/a><\/li><\/ul><\/div><\/div>\r\n\t\t\t<h2 class=\"cs-entry__title\"><a href=\"https:\/\/grupohoymexico.com\/puebla\/2026\/06\/10\/donde-y-a-que-hora-ver-el-partido-de-mexico-vs-sudafrica-por-la-inauguracion-del-mundial-2026\/\">\u00bfD\u00f3nde y a qu\u00e9 hora ver el partido de M\u00e9xico vs Sud\u00e1frica por la inauguraci\u00f3n del Mundial 2026?<\/a><\/h2>\r\n\t\t\t\r\n\t\t\t<div class=\"cs-entry__post-meta\" ><div class=\"cs-meta-author\"><span class=\"cs-meta-author-by\">por<\/span><a class=\"cs-meta-author-link url fn n\" href=\"https:\/\/grupohoymexico.com\/puebla\/author\/nestor\/\"><span class=\"cs-meta-author-name\">nestor<\/span><\/a><\/div><div class=\"cs-meta-date\">junio 10, 2026<\/div><\/div>\t\t<\/div>\r\n\t<\/div>\r\n<\/article>\r\n\t\t\t\t\t\t\t\t<\/div>\r\n\t\t\t\t\t\t\t<\/div>\r\n\t\t\t\t\t\t<\/div>\r\n\t\t\t\t\t\t\t\t<\/section>\r\n\t\t\t\t\t\t<\/div>\n\t\t\t\t<\/div>\n\t\t\t\t<\/div>\n\t\t\t\t<div class=\"elementor-element elementor-element-feab530 cs-dividervertical cs-divider-laptopvertical cs-divider-tabletvertical cs-divider-mobilehorizontal elementor-widget elementor-widget-cs-divider\" data-id=\"feab530\" data-element_type=\"widget\" data-e-type=\"widget\" data-widget_type=\"cs-divider.default\">\n\t\t\t\t<div class=\"elementor-widget-container\">\n\t\t\t\t\t\t\t<section class=\"cs-divider cs-divider-vertical\"><\/section>\r\n\t\t\t\t\t\t<\/div>\n\t\t\t\t<\/div>\n\t\t<div class=\"elementor-element elementor-element-9f086d5 e-con-full e-flex e-con e-child\" data-id=\"9f086d5\" data-element_type=\"container\" data-e-type=\"container\">\n\t\t\t\t<div class=\"elementor-element elementor-element-74a80d4 elementor-widget elementor-widget-cs-posts\" data-id=\"74a80d4\" data-element_type=\"widget\" data-e-type=\"widget\" data-widget_type=\"cs-posts.default\">\n\t\t\t\t<div class=\"elementor-widget-container\">\n\t\t\t\t\t\t\t\t<section class=\"cs-posts cs-posts__standard\">\r\n\t\t\t\t\t\t\t\t\t\t<div class=\"cs-posts-area cs-posts-area-elementor \" data-posts-area=\"\">\r\n\t\t\t\t\t\t\t<div class=\"cs-posts-area__outer\">\r\n\t\t\t\t\t\t\t\t<div\r\n\t\t\t\t\t\t\t\tclass=\"cs-posts-area__main cs-posts-area__main-divider\"\r\n\t\t\t\t\t\t\t\tdata-pc=\"1\"\r\n\t\t\t\t\t\t\t\tdata-lt=\"1\"\r\n\t\t\t\t\t\t\t\tdata-tb=\"1\"\r\n\t\t\t\t\t\t\t\tdata-mb=\"1\"\r\n\t\t\t\t\t\t\t\t>\r\n\t\t\t\t\t\t\t\t\t\r\n<article class=\"post-83265 post type-post status-publish format-standard has-post-thumbnail category-deportes tag-apertura-2026 tag-club-puebla tag-fichajes tag-gerardo-espinoza tag-liga-mx tag-luifer-hernandez cs-entry cs-video-wrap\">\r\n\t<div class=\"cs-entry__outer\">\r\n\t\t\r\n\t\t<div class=\"cs-entry__inner cs-entry__content\">\r\n\r\n\t\t\t<div class=\"cs-entry__post-meta\" ><div class=\"cs-meta-category\"><ul class=\"post-categories\">\n\t<li><a href=\"https:\/\/grupohoymexico.com\/puebla\/category\/deportes\/\" rel=\"category tag\">Deportes<\/a><\/li><\/ul><\/div><\/div>\r\n\t\t\t<h2 class=\"cs-entry__title\"><a href=\"https:\/\/grupohoymexico.com\/puebla\/2026\/06\/03\/club-puebla-anuncia-a-luifer-hernandez-como-refuerzo-para-el-apertura-2026\/\">Club Puebla anuncia a Luifer Hern\u00e1ndez como refuerzo para el Apertura 2026<\/a><\/h2>\r\n\t\t\t\r\n\t\t\t<div class=\"cs-entry__post-meta\" ><div class=\"cs-meta-author\"><span class=\"cs-meta-author-by\">por<\/span><a class=\"cs-meta-author-link url fn n\" href=\"https:\/\/grupohoymexico.com\/puebla\/author\/jair\/\"><span class=\"cs-meta-author-name\">jair<\/span><\/a><\/div><div class=\"cs-meta-date\">junio 3, 2026<\/div><\/div>\t\t<\/div>\r\n\t<\/div>\r\n<\/article>\r\n\r\n<article class=\"post-83238 post type-post status-publish format-standard has-post-thumbnail category-deportes tag-boletos-para-triplemania tag-triplemania-2026 tag-triplemania-34 cs-entry cs-video-wrap\">\r\n\t<div class=\"cs-entry__outer\">\r\n\t\t\r\n\t\t<div class=\"cs-entry__inner cs-entry__content\">\r\n\r\n\t\t\t<div class=\"cs-entry__post-meta\" ><div class=\"cs-meta-category\"><ul class=\"post-categories\">\n\t<li><a href=\"https:\/\/grupohoymexico.com\/puebla\/category\/deportes\/\" rel=\"category tag\">Deportes<\/a><\/li><\/ul><\/div><\/div>\r\n\t\t\t<h2 class=\"cs-entry__title\"><a href=\"https:\/\/grupohoymexico.com\/puebla\/2026\/06\/02\/cuanto-cuestan-los-boletos-para-triplemania-2026\/\">\u00bfCu\u00e1nto cuestan los boletos para Triplemania 2026?<\/a><\/h2>\r\n\t\t\t\r\n\t\t\t<div class=\"cs-entry__post-meta\" ><div class=\"cs-meta-author\"><span class=\"cs-meta-author-by\">por<\/span><a class=\"cs-meta-author-link url fn n\" href=\"https:\/\/grupohoymexico.com\/puebla\/author\/redaccion\/\"><span class=\"cs-meta-author-name\">Redacci\u00f3n Grupo Hoy<\/span><\/a><\/div><div class=\"cs-meta-date\">junio 2, 2026<\/div><\/div>\t\t<\/div>\r\n\t<\/div>\r\n<\/article>\r\n\r\n<article class=\"post-83234 post type-post status-publish format-standard has-post-thumbnail category-deportes tag-angel-leyva tag-apertura-2026 tag-club-puebla tag-fichajes tag-la-franja tag-liga-mx tag-refuerzos cs-entry cs-video-wrap\">\r\n\t<div class=\"cs-entry__outer\">\r\n\t\t\r\n\t\t<div class=\"cs-entry__inner cs-entry__content\">\r\n\r\n\t\t\t<div class=\"cs-entry__post-meta\" ><div class=\"cs-meta-category\"><ul class=\"post-categories\">\n\t<li><a href=\"https:\/\/grupohoymexico.com\/puebla\/category\/deportes\/\" rel=\"category tag\">Deportes<\/a><\/li><\/ul><\/div><\/div>\r\n\t\t\t<h2 class=\"cs-entry__title\"><a href=\"https:\/\/grupohoymexico.com\/puebla\/2026\/06\/02\/angel-leyva-nuevo-refuerzo-del-club-puebla-para-el-apertura-2026\/\">\u00c1ngel Leyva, nuevo refuerzo del Club Puebla para el Apertura 2026<\/a><\/h2>\r\n\t\t\t\r\n\t\t\t<div class=\"cs-entry__post-meta\" ><div class=\"cs-meta-author\"><span class=\"cs-meta-author-by\">por<\/span><a class=\"cs-meta-author-link url fn n\" href=\"https:\/\/grupohoymexico.com\/puebla\/author\/jair\/\"><span class=\"cs-meta-author-name\">jair<\/span><\/a><\/div><div class=\"cs-meta-date\">junio 2, 2026<\/div><\/div>\t\t<\/div>\r\n\t<\/div>\r\n<\/article>\r\n\r\n<article class=\"post-80791 post type-post status-publish format-standard has-post-thumbnail category-deportes tag-cristiano-ronaldo tag-mexico-portugal cs-entry cs-video-wrap\">\r\n\t<div class=\"cs-entry__outer\">\r\n\t\t\r\n\t\t<div class=\"cs-entry__inner cs-entry__content\">\r\n\r\n\t\t\t<div class=\"cs-entry__post-meta\" ><div class=\"cs-meta-category\"><ul class=\"post-categories\">\n\t<li><a href=\"https:\/\/grupohoymexico.com\/puebla\/category\/deportes\/\" rel=\"category tag\">Deportes<\/a><\/li><\/ul><\/div><\/div>\r\n\t\t\t<h2 class=\"cs-entry__title\"><a href=\"https:\/\/grupohoymexico.com\/puebla\/2026\/03\/20\/ausencia-de-cristiano-ronaldo-desploma-la-reventa-de-boletos-para-el-mexico-vs-portugal\/\">Ausencia de Cristiano Ronaldo desploma la reventa de boletos para el M\u00e9xico vs Portugal<\/a><\/h2>\r\n\t\t\t\r\n\t\t\t<div class=\"cs-entry__post-meta\" ><div class=\"cs-meta-author\"><span class=\"cs-meta-author-by\">por<\/span><a class=\"cs-meta-author-link url fn n\" href=\"https:\/\/grupohoymexico.com\/puebla\/author\/nestor\/\"><span class=\"cs-meta-author-name\">nestor<\/span><\/a><\/div><div class=\"cs-meta-date\">marzo 20, 2026<\/div><\/div>\t\t<\/div>\r\n\t<\/div>\r\n<\/article>\r\n\t\t\t\t\t\t\t\t<\/div>\r\n\t\t\t\t\t\t\t<\/div>\r\n\t\t\t\t\t\t<\/div>\r\n\t\t\t\t\t\t\t\t<\/section>\r\n\t\t\t\t\t\t<\/div>\n\t\t\t\t<\/div>\n\t\t\t\t<div class=\"elementor-element elementor-element-46cd625 elementor-widget elementor-widget-image\" data-id=\"46cd625\" data-element_type=\"widget\" data-e-type=\"widget\" data-widget_type=\"image.default\">\n\t\t\t\t<div class=\"elementor-widget-container\">\n\t\t\t\t\t\t\t\t\t\t\t\t\t\t\t\t<a href=\"https:\/\/izabc.com.mx\/\" target=\"_blank\" rel=\"nofollow\">\n\t\t\t\t\t\t\t<img loading=\"lazy\" decoding=\"async\" width=\"500\" height=\"500\" src=\"https:\/\/grupohoymexico.com\/puebla\/wp-content\/uploads\/sites\/3\/2025\/05\/banner-IZZA.png\" class=\"attachment-large size-large wp-image-74566\" alt=\"\" srcset=\"https:\/\/grupohoymexico.com\/puebla\/wp-content\/uploads\/sites\/3\/2025\/05\/banner-IZZA.png 500w, https:\/\/grupohoymexico.com\/puebla\/wp-content\/uploads\/sites\/3\/2025\/05\/banner-IZZA-300x300.png 300w, https:\/\/grupohoymexico.com\/puebla\/wp-content\/uploads\/sites\/3\/2025\/05\/banner-IZZA-150x150.png 150w, https:\/\/grupohoymexico.com\/puebla\/wp-content\/uploads\/sites\/3\/2025\/05\/banner-IZZA-72x72.png 72w, https:\/\/grupohoymexico.com\/puebla\/wp-content\/uploads\/sites\/3\/2025\/05\/banner-IZZA-144x144.png 144w, https:\/\/grupohoymexico.com\/puebla\/wp-content\/uploads\/sites\/3\/2025\/05\/banner-IZZA-332x332.png 332w\" sizes=\"(max-width: 500px) 100vw, 500px\" \/>\t\t\t\t\t\t\t\t<\/a>\n\t\t\t\t\t\t\t\t\t\t\t\t\t\t\t<\/div>\n\t\t\t\t<\/div>\n\t\t\t\t<div class=\"elementor-element elementor-element-c184e0e cs-dividerhorizontal cs-divider-laptophorizontal cs-divider-tablethorizontal cs-divider-mobilehorizontal elementor-widget elementor-widget-cs-divider\" data-id=\"c184e0e\" data-element_type=\"widget\" data-e-type=\"widget\" data-widget_type=\"cs-divider.default\">\n\t\t\t\t<div class=\"elementor-widget-container\">\n\t\t\t\t\t\t\t<section class=\"cs-divider cs-divider-horizontal\"><\/section>\r\n\t\t\t\t\t\t<\/div>\n\t\t\t\t<\/div>\n\t\t\t\t<\/div>\n\t\t\t\t<\/div>\n\t\t\t\t<div class=\"elementor-element elementor-element-3eed156 cs-dividerhorizontal cs-divider-laptophorizontal cs-divider-tablethorizontal cs-divider-mobilehorizontal elementor-widget elementor-widget-cs-divider\" data-id=\"3eed156\" data-element_type=\"widget\" data-e-type=\"widget\" data-widget_type=\"cs-divider.default\">\n\t\t\t\t<div class=\"elementor-widget-container\">\n\t\t\t\t\t\t\t<section class=\"cs-divider cs-divider-horizontal\"><\/section>\r\n\t\t\t\t\t\t<\/div>\n\t\t\t\t<\/div>\n\t\t\t\t\t<\/div>\n\t\t\t\t<\/div>\n\t\t\t\t<\/div>\n\t\t","protected":false},"excerpt":{"rendered":"Nacional &#8216;Vas a acabar en la c\u00e1rcel por ser un pinche narcopresidente&#8217;: &#8216;Alito&#8217; Moreno a AMLO El dirigente&hellip;","protected":false},"author":1,"featured_media":0,"parent":0,"menu_order":0,"comment_status":"closed","ping_status":"closed","template":"elementor_header_footer","meta":{"csco_display_header_overlay":false,"csco_singular_sidebar":"disabled","csco_page_header_type":"none","csco_page_load_nextpost":"","csco_post_video_location":[],"csco_post_video_location_hash":"","csco_post_video_url":"","csco_post_video_bg_start_time":0,"csco_post_video_bg_end_time":0,"footnotes":""},"class_list":["post-1988","page","type-page","status-publish","cs-entry","cs-video-wrap"],"yoast_head":"<!-- This site is optimized with the Yoast SEO Premium plugin v26.0 (Yoast SEO v28.0) - https:\/\/yoast.com\/product\/yoast-seo-premium-wordpress\/ -->\n<title>Puebla Hoy | El portal l\u00edder de noticias en Puebla<\/title>\n<meta name=\"description\" content=\"Sitio l\u00edder de noticias en Puebla. Pol\u00edtica, deportes, espect\u00e1culos, econom\u00eda y m\u00e1s: Somos periodismo local con impacto nacional\" \/>\n<meta name=\"robots\" content=\"index, follow, max-snippet:-1, max-image-preview:large, max-video-preview:-1\" \/>\n<link rel=\"canonical\" href=\"https:\/\/grupohoymexico.com\/puebla\/\" \/>\n<meta property=\"og:locale\" content=\"es_MX\" \/>\n<meta property=\"og:type\" content=\"article\" \/>\n<meta property=\"og:title\" content=\"Puebla Hoy\" \/>\n<meta property=\"og:description\" content=\"Sitio l\u00edder de noticias en Puebla. Pol\u00edtica, deportes, espect\u00e1culos, econom\u00eda y m\u00e1s: Somos periodismo local con impacto nacional\" \/>\n<meta property=\"og:url\" content=\"https:\/\/grupohoymexico.com\/puebla\/\" \/>\n<meta property=\"og:site_name\" content=\"Grupo Hoy Puebla\" \/>\n<meta property=\"article:modified_time\" content=\"2026-06-26T16:09:24+00:00\" \/>\n<meta property=\"og:image\" content=\"https:\/\/grupohoymexico.com\/puebla\/wp-content\/uploads\/sites\/3\/2026\/06\/narcopresidentee_alito_moreno_amlo-332x177.png\" \/>\n<meta name=\"twitter:card\" content=\"summary_large_image\" \/>\n<meta name=\"twitter:label1\" content=\"Tiempo de lectura\" \/>\n\t<meta name=\"twitter:data1\" content=\"18 minutos\" \/>\n<script type=\"application\/ld+json\" class=\"yoast-schema-graph\">{\"@context\":\"https:\\\/\\\/schema.org\",\"@graph\":[{\"@type\":\"WebPage\",\"@id\":\"https:\\\/\\\/grupohoymexico.com\\\/puebla\\\/\",\"url\":\"https:\\\/\\\/grupohoymexico.com\\\/puebla\\\/\",\"name\":\"Puebla Hoy | El portal l\u00edder de noticias en Puebla\",\"isPartOf\":{\"@id\":\"https:\\\/\\\/grupohoymexico.com\\\/puebla\\\/#website\"},\"primaryImageOfPage\":{\"@id\":\"https:\\\/\\\/grupohoymexico.com\\\/puebla\\\/#primaryimage\"},\"image\":{\"@id\":\"https:\\\/\\\/grupohoymexico.com\\\/puebla\\\/#primaryimage\"},\"thumbnailUrl\":\"https:\\\/\\\/grupohoymexico.com\\\/puebla\\\/wp-content\\\/uploads\\\/sites\\\/3\\\/2026\\\/06\\\/narcopresidentee_alito_moreno_amlo-332x177.png\",\"datePublished\":\"2023-12-18T05:23:16+00:00\",\"dateModified\":\"2026-06-26T16:09:24+00:00\",\"description\":\"Sitio l\u00edder de noticias en Puebla. Pol\u00edtica, deportes, espect\u00e1culos, econom\u00eda y m\u00e1s: Somos periodismo local con impacto nacional\",\"breadcrumb\":{\"@id\":\"https:\\\/\\\/grupohoymexico.com\\\/puebla\\\/#breadcrumb\"},\"inLanguage\":\"es\",\"potentialAction\":[{\"@type\":\"ReadAction\",\"target\":[\"https:\\\/\\\/grupohoymexico.com\\\/puebla\\\/\"]}]},{\"@type\":\"ImageObject\",\"inLanguage\":\"es\",\"@id\":\"https:\\\/\\\/grupohoymexico.com\\\/puebla\\\/#primaryimage\",\"url\":\"https:\\\/\\\/grupohoymexico.com\\\/puebla\\\/wp-content\\\/uploads\\\/sites\\\/3\\\/2026\\\/06\\\/narcopresidentee_alito_moreno_amlo.png\",\"contentUrl\":\"https:\\\/\\\/grupohoymexico.com\\\/puebla\\\/wp-content\\\/uploads\\\/sites\\\/3\\\/2026\\\/06\\\/narcopresidentee_alito_moreno_amlo.png\",\"width\":1200,\"height\":638,\"caption\":\"Foto: Facebook\"},{\"@type\":\"BreadcrumbList\",\"@id\":\"https:\\\/\\\/grupohoymexico.com\\\/puebla\\\/#breadcrumb\",\"itemListElement\":[{\"@type\":\"ListItem\",\"position\":1,\"name\":\"Inicio\",\"item\":\"https:\\\/\\\/grupohoymexico.com\\\/puebla\\\/\"},{\"@type\":\"ListItem\",\"position\":2,\"name\":\"Puebla Hoy\"}]},{\"@type\":\"WebSite\",\"@id\":\"https:\\\/\\\/grupohoymexico.com\\\/puebla\\\/#website\",\"url\":\"https:\\\/\\\/grupohoymexico.com\\\/puebla\\\/\",\"name\":\"Grupo Hoy Puebla\",\"description\":\"\",\"potentialAction\":[{\"@type\":\"SearchAction\",\"target\":{\"@type\":\"EntryPoint\",\"urlTemplate\":\"https:\\\/\\\/grupohoymexico.com\\\/puebla\\\/?s={search_term_string}\"},\"query-input\":{\"@type\":\"PropertyValueSpecification\",\"valueRequired\":true,\"valueName\":\"search_term_string\"}}],\"inLanguage\":\"es\"}]}<\/script>\n<!-- \/ Yoast SEO Premium plugin. -->","yoast_head_json":{"title":"Puebla Hoy | El portal l\u00edder de noticias en Puebla","description":"Sitio l\u00edder de noticias en Puebla. Pol\u00edtica, deportes, espect\u00e1culos, econom\u00eda y m\u00e1s: Somos periodismo local con impacto nacional","robots":{"index":"index","follow":"follow","max-snippet":"max-snippet:-1","max-image-preview":"max-image-preview:large","max-video-preview":"max-video-preview:-1"},"canonical":"https:\/\/grupohoymexico.com\/puebla\/","og_locale":"es_MX","og_type":"article","og_title":"Puebla Hoy","og_description":"Sitio l\u00edder de noticias en Puebla. Pol\u00edtica, deportes, espect\u00e1culos, econom\u00eda y m\u00e1s: Somos periodismo local con impacto nacional","og_url":"https:\/\/grupohoymexico.com\/puebla\/","og_site_name":"Grupo Hoy Puebla","article_modified_time":"2026-06-26T16:09:24+00:00","og_image":[{"url":"https:\/\/grupohoymexico.com\/puebla\/wp-content\/uploads\/sites\/3\/2026\/06\/narcopresidentee_alito_moreno_amlo-332x177.png","type":"","width":"","height":""}],"twitter_card":"summary_large_image","twitter_misc":{"Tiempo de lectura":"18 minutos"},"schema":{"@context":"https:\/\/schema.org","@graph":[{"@type":"WebPage","@id":"https:\/\/grupohoymexico.com\/puebla\/","url":"https:\/\/grupohoymexico.com\/puebla\/","name":"Puebla Hoy | El portal l\u00edder de noticias en Puebla","isPartOf":{"@id":"https:\/\/grupohoymexico.com\/puebla\/#website"},"primaryImageOfPage":{"@id":"https:\/\/grupohoymexico.com\/puebla\/#primaryimage"},"image":{"@id":"https:\/\/grupohoymexico.com\/puebla\/#primaryimage"},"thumbnailUrl":"https:\/\/grupohoymexico.com\/puebla\/wp-content\/uploads\/sites\/3\/2026\/06\/narcopresidentee_alito_moreno_amlo-332x177.png","datePublished":"2023-12-18T05:23:16+00:00","dateModified":"2026-06-26T16:09:24+00:00","description":"Sitio l\u00edder de noticias en Puebla. Pol\u00edtica, deportes, espect\u00e1culos, econom\u00eda y m\u00e1s: Somos periodismo local con impacto nacional","breadcrumb":{"@id":"https:\/\/grupohoymexico.com\/puebla\/#breadcrumb"},"inLanguage":"es","potentialAction":[{"@type":"ReadAction","target":["https:\/\/grupohoymexico.com\/puebla\/"]}]},{"@type":"ImageObject","inLanguage":"es","@id":"https:\/\/grupohoymexico.com\/puebla\/#primaryimage","url":"https:\/\/grupohoymexico.com\/puebla\/wp-content\/uploads\/sites\/3\/2026\/06\/narcopresidentee_alito_moreno_amlo.png","contentUrl":"https:\/\/grupohoymexico.com\/puebla\/wp-content\/uploads\/sites\/3\/2026\/06\/narcopresidentee_alito_moreno_amlo.png","width":1200,"height":638,"caption":"Foto: Facebook"},{"@type":"BreadcrumbList","@id":"https:\/\/grupohoymexico.com\/puebla\/#breadcrumb","itemListElement":[{"@type":"ListItem","position":1,"name":"Inicio","item":"https:\/\/grupohoymexico.com\/puebla\/"},{"@type":"ListItem","position":2,"name":"Puebla Hoy"}]},{"@type":"WebSite","@id":"https:\/\/grupohoymexico.com\/puebla\/#website","url":"https:\/\/grupohoymexico.com\/puebla\/","name":"Grupo Hoy Puebla","description":"","potentialAction":[{"@type":"SearchAction","target":{"@type":"EntryPoint","urlTemplate":"https:\/\/grupohoymexico.com\/puebla\/?s={search_term_string}"},"query-input":{"@type":"PropertyValueSpecification","valueRequired":true,"valueName":"search_term_string"}}],"inLanguage":"es"}]}},"_links":{"self":[{"href":"https:\/\/grupohoymexico.com\/puebla\/wp-json\/wp\/v2\/pages\/1988","targetHints":{"allow":["GET"]}}],"collection":[{"href":"https:\/\/grupohoymexico.com\/puebla\/wp-json\/wp\/v2\/pages"}],"about":[{"href":"https:\/\/grupohoymexico.com\/puebla\/wp-json\/wp\/v2\/types\/page"}],"author":[{"embeddable":true,"href":"https:\/\/grupohoymexico.com\/puebla\/wp-json\/wp\/v2\/users\/1"}],"replies":[{"embeddable":true,"href":"https:\/\/grupohoymexico.com\/puebla\/wp-json\/wp\/v2\/comments?post=1988"}],"version-history":[{"count":41,"href":"https:\/\/grupohoymexico.com\/puebla\/wp-json\/wp\/v2\/pages\/1988\/revisions"}],"predecessor-version":[{"id":83514,"href":"https:\/\/grupohoymexico.com\/puebla\/wp-json\/wp\/v2\/pages\/1988\/revisions\/83514"}],"wp:attachment":[{"href":"https:\/\/grupohoymexico.com\/puebla\/wp-json\/wp\/v2\/media?parent=1988"}],"curies":[{"name":"wp","href":"https:\/\/api.w.org\/{rel}","templated":true}]}}