{"id":10,"date":"2023-12-18T05:23:16","date_gmt":"2023-12-18T05:23:16","guid":{"rendered":"https:\/\/newsreader.codesupply.co\/city\/?page_id=6"},"modified":"2025-08-07T16:38:23","modified_gmt":"2025-08-07T16:38:23","slug":"homepage","status":"publish","type":"page","link":"https:\/\/grupohoymexico.com\/nuevo-leon\/","title":{"rendered":"Nuevo Le\u00f3n Hoy"},"content":{"rendered":"\t\t<div data-elementor-type=\"wp-page\" data-elementor-id=\"10\" class=\"elementor elementor-10\">\n\t\t\t\t<div class=\"elementor-element elementor-element-7d505bd e-flex e-con-boxed e-con e-parent\" data-id=\"7d505bd\" data-element_type=\"container\" data-e-type=\"container\">\n\t\t\t\t\t<div class=\"e-con-inner\">\n\t\t<div class=\"elementor-element elementor-element-9c86909 e-con-full e-flex e-con e-child\" data-id=\"9c86909\" data-element_type=\"container\" data-e-type=\"container\">\n\t\t<div class=\"elementor-element elementor-element-8eb768a e-con-full e-flex e-con e-child\" data-id=\"8eb768a\" data-element_type=\"container\" data-e-type=\"container\">\n\t\t\t\t<div class=\"elementor-element elementor-element-fca3729 elementor-widget elementor-widget-cs-posts\" data-id=\"fca3729\" data-element_type=\"widget\" data-e-type=\"widget\" data-widget_type=\"cs-posts.default\">\n\t\t\t\t<div class=\"elementor-widget-container\">\n\t\t\t\t\t\t\t\t<section class=\"cs-posts cs-posts__horizontal\">\r\n\t\t\t\t\t\t\t\t\t\t<div class=\"cs-posts-area cs-posts-area-elementor \" data-posts-area=\"\">\r\n\t\t\t\t\t\t\t<div class=\"cs-posts-area__outer\">\r\n\t\t\t\t\t\t\t\t<div\r\n\t\t\t\t\t\t\t\tclass=\"cs-posts-area__main\"\r\n\t\t\t\t\t\t\t\tdata-pc=\"1\"\r\n\t\t\t\t\t\t\t\tdata-lt=\"1\"\r\n\t\t\t\t\t\t\t\tdata-tb=\"1\"\r\n\t\t\t\t\t\t\t\tdata-mb=\"1\"\r\n\t\t\t\t\t\t\t\t>\r\n\t\t\t\t\t\t\t\t\t\r\n<article class=\"post-36477 post type-post status-publish format-standard has-post-thumbnail category-nacional tag-nuevo-leon tag-salud cs-entry cs-video-wrap\">\r\n\t<div class=\"cs-entry__outer cs-entry__outer-xlarge cs-entry__outer-thumbnail-right\">\r\n\t\t\t\t\t<div class=\"cs-entry__inner cs-entry__overlay cs-entry__thumbnail cs-overlay-ratio cs-ratio-landscape-16-9\">\r\n\r\n\t\t\t\t<div class=\"cs-overlay-background\">\r\n\t\t\t\t\t<img fetchpriority=\"high\" decoding=\"async\" width=\"332\" height=\"176\" src=\"https:\/\/grupohoymexico.com\/nuevo-leon\/wp-content\/uploads\/sites\/6\/2026\/08\/imgregen-ai-36477-1787182942-332x176.jpg\" class=\"attachment-csco-thumbnail-uncropped size-csco-thumbnail-uncropped wp-post-image\" alt=\"\" srcset=\"https:\/\/grupohoymexico.com\/nuevo-leon\/wp-content\/uploads\/sites\/6\/2026\/08\/imgregen-ai-36477-1787182942-332x176.jpg 332w, https:\/\/grupohoymexico.com\/nuevo-leon\/wp-content\/uploads\/sites\/6\/2026\/08\/imgregen-ai-36477-1787182942-300x159.jpg 300w, https:\/\/grupohoymexico.com\/nuevo-leon\/wp-content\/uploads\/sites\/6\/2026\/08\/imgregen-ai-36477-1787182942-1024x543.jpg 1024w, https:\/\/grupohoymexico.com\/nuevo-leon\/wp-content\/uploads\/sites\/6\/2026\/08\/imgregen-ai-36477-1787182942-768x408.jpg 768w, https:\/\/grupohoymexico.com\/nuevo-leon\/wp-content\/uploads\/sites\/6\/2026\/08\/imgregen-ai-36477-1787182942-1536x815.jpg 1536w, https:\/\/grupohoymexico.com\/nuevo-leon\/wp-content\/uploads\/sites\/6\/2026\/08\/imgregen-ai-36477-1787182942-664x352.jpg 664w, https:\/\/grupohoymexico.com\/nuevo-leon\/wp-content\/uploads\/sites\/6\/2026\/08\/imgregen-ai-36477-1787182942-688x365.jpg 688w, https:\/\/grupohoymexico.com\/nuevo-leon\/wp-content\/uploads\/sites\/6\/2026\/08\/imgregen-ai-36477-1787182942-1044x554.jpg 1044w, https:\/\/grupohoymexico.com\/nuevo-leon\/wp-content\/uploads\/sites\/6\/2026\/08\/imgregen-ai-36477-1787182942-1400x743.jpg 1400w, https:\/\/grupohoymexico.com\/nuevo-leon\/wp-content\/uploads\/sites\/6\/2026\/08\/imgregen-ai-36477-1787182942.jpg 1600w\" sizes=\"(max-width: 332px) 100vw, 332px\" \/>\t\t\t\t\t<img decoding=\"async\" width=\"688\" height=\"387\" src=\"https:\/\/grupohoymexico.com\/nuevo-leon\/wp-content\/uploads\/sites\/6\/2026\/08\/imgregen-ai-36477-1787182942-688x387.jpg\" class=\"attachment-csco-medium size-csco-medium wp-post-image\" alt=\"\" srcset=\"https:\/\/grupohoymexico.com\/nuevo-leon\/wp-content\/uploads\/sites\/6\/2026\/08\/imgregen-ai-36477-1787182942-688x387.jpg 688w, https:\/\/grupohoymexico.com\/nuevo-leon\/wp-content\/uploads\/sites\/6\/2026\/08\/imgregen-ai-36477-1787182942-332x186.jpg 332w, https:\/\/grupohoymexico.com\/nuevo-leon\/wp-content\/uploads\/sites\/6\/2026\/08\/imgregen-ai-36477-1787182942-1376x774.jpg 1376w, https:\/\/grupohoymexico.com\/nuevo-leon\/wp-content\/uploads\/sites\/6\/2026\/08\/imgregen-ai-36477-1787182942-1044x587.jpg 1044w\" sizes=\"(max-width: 688px) 100vw, 688px\" \/>\t\t\t\t<\/div>\r\n\r\n\t\t\t\t\r\n\t\t\t\t\r\n\t\t\t\t<a href=\"https:\/\/grupohoymexico.com\/nuevo-leon\/2026\/08\/19\/influenza-en-nuevo-leon-2026-674-casos-y-17-mas-que-en-2025\/\" class=\"cs-overlay-link\" title=\"Influenza en Nuevo Le\u00f3n 2026: 674 casos y 17% m\u00e1s que en 2025\"><\/a>\r\n\t\t\t<\/div>\r\n\t\t\r\n\t\t<div class=\"cs-entry__inner cs-entry__content cs-entry__content-horizontal\">\r\n\t\t\t<div class=\"cs-entry__post-meta\" ><div class=\"cs-meta-category\"><ul class=\"post-categories\">\n\t<li><a href=\"https:\/\/grupohoymexico.com\/nuevo-leon\/category\/nacional\/\" rel=\"category tag\">Nacional<\/a><\/li><\/ul><\/div><\/div>\r\n\t\t\t<h2 class=\"cs-entry__title\"><a href=\"https:\/\/grupohoymexico.com\/nuevo-leon\/2026\/08\/19\/influenza-en-nuevo-leon-2026-674-casos-y-17-mas-que-en-2025\/\">Influenza en Nuevo Le\u00f3n 2026: 674 casos y 17% m\u00e1s que en 2025<\/a><\/h2>\r\n\t\t\t\t\t\t\t\t<div class=\"cs-entry__excerpt\">\r\n\t\t\t\t\t\tNuevo Le\u00f3n registra 674 casos de influenza al corte de la semana epidemiol\u00f3gica 30, lo que representa un incremento del 17.2 por ciento respecto al mismo periodo de 2025. La entidad se&hellip;\t\t\t\t\t<\/div>\r\n\t\t\t\t\t\r\n\t\t\t<div class=\"cs-entry__post-meta\" ><div class=\"cs-meta-author\"><span class=\"cs-meta-author-by\">por<\/span><a class=\"cs-meta-author-link url fn n\" href=\"https:\/\/grupohoymexico.com\/nuevo-leon\/author\/user\/\"><span class=\"cs-meta-author-name\">Grupo Hoy<\/span><\/a><\/div><div class=\"cs-meta-date\">19 agosto, 2026<\/div><\/div>\t\t<\/div>\r\n\t<\/div>\r\n<\/article>\r\n\t\t\t\t\t\t\t\t<\/div>\r\n\t\t\t\t\t\t\t<\/div>\r\n\t\t\t\t\t\t<\/div>\r\n\t\t\t\t\t\t\t\t<\/section>\r\n\t\t\t\t\t\t<\/div>\n\t\t\t\t<\/div>\n\t\t\t\t<div class=\"elementor-element elementor-element-c831ae5 cs-dividerhorizontal cs-divider-laptophorizontal cs-divider-tablethorizontal cs-divider-mobilehorizontal elementor-widget elementor-widget-cs-divider\" data-id=\"c831ae5\" data-element_type=\"widget\" data-e-type=\"widget\" data-widget_type=\"cs-divider.default\">\n\t\t\t\t<div class=\"elementor-widget-container\">\n\t\t\t\t\t\t\t<section class=\"cs-divider cs-divider-horizontal\"><\/section>\r\n\t\t\t\t\t\t<\/div>\n\t\t\t\t<\/div>\n\t\t\t\t<div class=\"elementor-element elementor-element-8ad34f2 elementor-widget elementor-widget-cs-posts\" data-id=\"8ad34f2\" data-element_type=\"widget\" data-e-type=\"widget\" data-widget_type=\"cs-posts.default\">\n\t\t\t\t<div class=\"elementor-widget-container\">\n\t\t\t\t\t\t\t\t<section class=\"cs-posts cs-posts__standard\">\r\n\t\t\t\t\t\t\t\t\t\t<div class=\"cs-posts-area cs-posts-area-elementor \" data-posts-area=\"\">\r\n\t\t\t\t\t\t\t<div class=\"cs-posts-area__outer\">\r\n\t\t\t\t\t\t\t\t<div\r\n\t\t\t\t\t\t\t\tclass=\"cs-posts-area__main\"\r\n\t\t\t\t\t\t\t\tdata-pc=\"3\"\r\n\t\t\t\t\t\t\t\tdata-lt=\"3\"\r\n\t\t\t\t\t\t\t\tdata-tb=\"3\"\r\n\t\t\t\t\t\t\t\tdata-mb=\"1\"\r\n\t\t\t\t\t\t\t\t>\r\n\t\t\t\t\t\t\t\t\t\r\n<article class=\"post-36355 post type-post status-publish format-standard has-post-thumbnail category-nacional tag-calor tag-clima tag-julio-2026 tag-monterrey tag-proteccion-civil-nuevo-leon tag-temperatura cs-entry cs-video-wrap\">\r\n\t<div class=\"cs-entry__outer\">\r\n\t\t\t\t\t<div class=\"cs-entry__inner cs-entry__overlay cs-entry__thumbnail cs-overlay-ratio cs-ratio-landscape-16-9\">\r\n\r\n\t\t\t\t<div class=\"cs-overlay-background\">\r\n\t\t\t\t\t<img decoding=\"async\" width=\"332\" height=\"187\" src=\"https:\/\/grupohoymexico.com\/nuevo-leon\/wp-content\/uploads\/sites\/6\/2026\/08\/imgregen-ai-36355-1786634675-332x187.jpg\" class=\"attachment-csco-thumbnail-uncropped size-csco-thumbnail-uncropped wp-post-image\" alt=\"\" srcset=\"https:\/\/grupohoymexico.com\/nuevo-leon\/wp-content\/uploads\/sites\/6\/2026\/08\/imgregen-ai-36355-1786634675-332x187.jpg 332w, https:\/\/grupohoymexico.com\/nuevo-leon\/wp-content\/uploads\/sites\/6\/2026\/08\/imgregen-ai-36355-1786634675-300x169.jpg 300w, https:\/\/grupohoymexico.com\/nuevo-leon\/wp-content\/uploads\/sites\/6\/2026\/08\/imgregen-ai-36355-1786634675-1024x576.jpg 1024w, https:\/\/grupohoymexico.com\/nuevo-leon\/wp-content\/uploads\/sites\/6\/2026\/08\/imgregen-ai-36355-1786634675-768x432.jpg 768w, https:\/\/grupohoymexico.com\/nuevo-leon\/wp-content\/uploads\/sites\/6\/2026\/08\/imgregen-ai-36355-1786634675-664x374.jpg 664w, https:\/\/grupohoymexico.com\/nuevo-leon\/wp-content\/uploads\/sites\/6\/2026\/08\/imgregen-ai-36355-1786634675-688x387.jpg 688w, https:\/\/grupohoymexico.com\/nuevo-leon\/wp-content\/uploads\/sites\/6\/2026\/08\/imgregen-ai-36355-1786634675-1044x587.jpg 1044w, https:\/\/grupohoymexico.com\/nuevo-leon\/wp-content\/uploads\/sites\/6\/2026\/08\/imgregen-ai-36355-1786634675.jpg 1280w\" sizes=\"(max-width: 332px) 100vw, 332px\" \/>\t\t\t\t\t<img loading=\"lazy\" decoding=\"async\" width=\"1044\" height=\"587\" src=\"https:\/\/grupohoymexico.com\/nuevo-leon\/wp-content\/uploads\/sites\/6\/2026\/08\/imgregen-ai-36355-1786634675-1044x587.jpg\" class=\"attachment-csco-large size-csco-large wp-post-image\" alt=\"\" srcset=\"https:\/\/grupohoymexico.com\/nuevo-leon\/wp-content\/uploads\/sites\/6\/2026\/08\/imgregen-ai-36355-1786634675-1044x587.jpg 1044w, https:\/\/grupohoymexico.com\/nuevo-leon\/wp-content\/uploads\/sites\/6\/2026\/08\/imgregen-ai-36355-1786634675-300x169.jpg 300w, https:\/\/grupohoymexico.com\/nuevo-leon\/wp-content\/uploads\/sites\/6\/2026\/08\/imgregen-ai-36355-1786634675-1024x576.jpg 1024w, https:\/\/grupohoymexico.com\/nuevo-leon\/wp-content\/uploads\/sites\/6\/2026\/08\/imgregen-ai-36355-1786634675-768x432.jpg 768w, https:\/\/grupohoymexico.com\/nuevo-leon\/wp-content\/uploads\/sites\/6\/2026\/08\/imgregen-ai-36355-1786634675-332x187.jpg 332w, https:\/\/grupohoymexico.com\/nuevo-leon\/wp-content\/uploads\/sites\/6\/2026\/08\/imgregen-ai-36355-1786634675-664x374.jpg 664w, https:\/\/grupohoymexico.com\/nuevo-leon\/wp-content\/uploads\/sites\/6\/2026\/08\/imgregen-ai-36355-1786634675-688x387.jpg 688w, https:\/\/grupohoymexico.com\/nuevo-leon\/wp-content\/uploads\/sites\/6\/2026\/08\/imgregen-ai-36355-1786634675.jpg 1280w\" sizes=\"(max-width: 1044px) 100vw, 1044px\" \/>\t\t\t\t<\/div>\r\n\r\n\t\t\t\t\r\n\t\t\t\t\r\n\t\t\t\t<a href=\"https:\/\/grupohoymexico.com\/nuevo-leon\/2026\/07\/29\/clima-monterrey-hoy-29-julio-2026-maximas-38-grados\/\" class=\"cs-overlay-link\" title=\"Clima en Monterrey hoy 29 de julio: m\u00e1ximas de 38 grados y cielos despejados\"><\/a>\r\n\t\t\t<\/div>\r\n\t\t\r\n\t\t<div class=\"cs-entry__inner cs-entry__content\">\r\n\r\n\t\t\t<div class=\"cs-entry__post-meta\" ><div class=\"cs-meta-category\"><ul class=\"post-categories\">\n\t<li><a href=\"https:\/\/grupohoymexico.com\/nuevo-leon\/category\/nacional\/\" rel=\"category tag\">Nacional<\/a><\/li><\/ul><\/div><\/div>\r\n\t\t\t<h2 class=\"cs-entry__title\"><a href=\"https:\/\/grupohoymexico.com\/nuevo-leon\/2026\/07\/29\/clima-monterrey-hoy-29-julio-2026-maximas-38-grados\/\">Clima en Monterrey hoy 29 de julio: m\u00e1ximas de 38 grados y cielos despejados<\/a><\/h2>\r\n\t\t\t\r\n\t\t\t<div class=\"cs-entry__post-meta\" ><div class=\"cs-meta-author\"><span class=\"cs-meta-author-by\">por<\/span><a class=\"cs-meta-author-link url fn n\" href=\"https:\/\/grupohoymexico.com\/nuevo-leon\/author\/user\/\"><span class=\"cs-meta-author-name\">Grupo Hoy<\/span><\/a><\/div><div class=\"cs-meta-date\">29 julio, 2026<\/div><\/div>\t\t<\/div>\r\n\t<\/div>\r\n<\/article>\r\n\r\n<article class=\"post-36358 post type-post status-publish format-standard has-post-thumbnail category-seguridad tag-atropellamientos tag-avenida-gonzalitos tag-fidel-velazquez tag-monterrey tag-ocisevi tag-peatones tag-seguridad-vial cs-entry cs-video-wrap\">\r\n\t<div class=\"cs-entry__outer\">\r\n\t\t\t\t\t<div class=\"cs-entry__inner cs-entry__overlay cs-entry__thumbnail cs-overlay-ratio cs-ratio-landscape-16-9\">\r\n\r\n\t\t\t\t<div class=\"cs-overlay-background\">\r\n\t\t\t\t\t<img loading=\"lazy\" decoding=\"async\" width=\"332\" height=\"187\" src=\"https:\/\/grupohoymexico.com\/nuevo-leon\/wp-content\/uploads\/sites\/6\/2026\/08\/imgregen-ai-36358-1786634676-332x187.jpg\" class=\"attachment-csco-thumbnail-uncropped size-csco-thumbnail-uncropped wp-post-image\" alt=\"\" srcset=\"https:\/\/grupohoymexico.com\/nuevo-leon\/wp-content\/uploads\/sites\/6\/2026\/08\/imgregen-ai-36358-1786634676-332x187.jpg 332w, https:\/\/grupohoymexico.com\/nuevo-leon\/wp-content\/uploads\/sites\/6\/2026\/08\/imgregen-ai-36358-1786634676-300x169.jpg 300w, https:\/\/grupohoymexico.com\/nuevo-leon\/wp-content\/uploads\/sites\/6\/2026\/08\/imgregen-ai-36358-1786634676-1024x576.jpg 1024w, https:\/\/grupohoymexico.com\/nuevo-leon\/wp-content\/uploads\/sites\/6\/2026\/08\/imgregen-ai-36358-1786634676-768x432.jpg 768w, https:\/\/grupohoymexico.com\/nuevo-leon\/wp-content\/uploads\/sites\/6\/2026\/08\/imgregen-ai-36358-1786634676-664x374.jpg 664w, https:\/\/grupohoymexico.com\/nuevo-leon\/wp-content\/uploads\/sites\/6\/2026\/08\/imgregen-ai-36358-1786634676-688x387.jpg 688w, https:\/\/grupohoymexico.com\/nuevo-leon\/wp-content\/uploads\/sites\/6\/2026\/08\/imgregen-ai-36358-1786634676-1044x587.jpg 1044w, https:\/\/grupohoymexico.com\/nuevo-leon\/wp-content\/uploads\/sites\/6\/2026\/08\/imgregen-ai-36358-1786634676.jpg 1280w\" sizes=\"(max-width: 332px) 100vw, 332px\" \/>\t\t\t\t\t<img loading=\"lazy\" decoding=\"async\" width=\"1044\" height=\"587\" src=\"https:\/\/grupohoymexico.com\/nuevo-leon\/wp-content\/uploads\/sites\/6\/2026\/08\/imgregen-ai-36358-1786634676-1044x587.jpg\" class=\"attachment-csco-large size-csco-large wp-post-image\" alt=\"\" srcset=\"https:\/\/grupohoymexico.com\/nuevo-leon\/wp-content\/uploads\/sites\/6\/2026\/08\/imgregen-ai-36358-1786634676-1044x587.jpg 1044w, https:\/\/grupohoymexico.com\/nuevo-leon\/wp-content\/uploads\/sites\/6\/2026\/08\/imgregen-ai-36358-1786634676-300x169.jpg 300w, https:\/\/grupohoymexico.com\/nuevo-leon\/wp-content\/uploads\/sites\/6\/2026\/08\/imgregen-ai-36358-1786634676-1024x576.jpg 1024w, https:\/\/grupohoymexico.com\/nuevo-leon\/wp-content\/uploads\/sites\/6\/2026\/08\/imgregen-ai-36358-1786634676-768x432.jpg 768w, https:\/\/grupohoymexico.com\/nuevo-leon\/wp-content\/uploads\/sites\/6\/2026\/08\/imgregen-ai-36358-1786634676-332x187.jpg 332w, https:\/\/grupohoymexico.com\/nuevo-leon\/wp-content\/uploads\/sites\/6\/2026\/08\/imgregen-ai-36358-1786634676-664x374.jpg 664w, https:\/\/grupohoymexico.com\/nuevo-leon\/wp-content\/uploads\/sites\/6\/2026\/08\/imgregen-ai-36358-1786634676-688x387.jpg 688w, https:\/\/grupohoymexico.com\/nuevo-leon\/wp-content\/uploads\/sites\/6\/2026\/08\/imgregen-ai-36358-1786634676.jpg 1280w\" sizes=\"(max-width: 1044px) 100vw, 1044px\" \/>\t\t\t\t<\/div>\r\n\r\n\t\t\t\t\r\n\t\t\t\t\r\n\t\t\t\t<a href=\"https:\/\/grupohoymexico.com\/nuevo-leon\/2026\/07\/29\/peatones-monterrey-avenidas-peligrosas-velocidad-puentes\/\" class=\"cs-overlay-link\" title=\"Peatones en Monterrey alertan: sin l\u00edmites de velocidad, todas las avenidas son peligrosas\"><\/a>\r\n\t\t\t<\/div>\r\n\t\t\r\n\t\t<div class=\"cs-entry__inner cs-entry__content\">\r\n\r\n\t\t\t<div class=\"cs-entry__post-meta\" ><div class=\"cs-meta-category\"><ul class=\"post-categories\">\n\t<li><a href=\"https:\/\/grupohoymexico.com\/nuevo-leon\/category\/nacional\/seguridad\/\" rel=\"category tag\">Seguridad<\/a><\/li><\/ul><\/div><\/div>\r\n\t\t\t<h2 class=\"cs-entry__title\"><a href=\"https:\/\/grupohoymexico.com\/nuevo-leon\/2026\/07\/29\/peatones-monterrey-avenidas-peligrosas-velocidad-puentes\/\">Peatones en Monterrey alertan: sin l\u00edmites de velocidad, todas las avenidas son peligrosas<\/a><\/h2>\r\n\t\t\t\r\n\t\t\t<div class=\"cs-entry__post-meta\" ><div class=\"cs-meta-author\"><span class=\"cs-meta-author-by\">por<\/span><a class=\"cs-meta-author-link url fn n\" href=\"https:\/\/grupohoymexico.com\/nuevo-leon\/author\/user\/\"><span class=\"cs-meta-author-name\">Grupo Hoy<\/span><\/a><\/div><div class=\"cs-meta-date\">29 julio, 2026<\/div><\/div>\t\t<\/div>\r\n\t<\/div>\r\n<\/article>\r\n\r\n<article class=\"post-36346 post type-post status-publish format-standard has-post-thumbnail category-seguridad tag-gucci tag-jhon-echeverry tag-karely-ruiz tag-las-puentes tag-san-nicolas-de-los-garza cs-entry cs-video-wrap\">\r\n\t<div class=\"cs-entry__outer\">\r\n\t\t\t\t\t<div class=\"cs-entry__inner cs-entry__overlay cs-entry__thumbnail cs-overlay-ratio cs-ratio-landscape-16-9\">\r\n\r\n\t\t\t\t<div class=\"cs-overlay-background\">\r\n\t\t\t\t\t<img loading=\"lazy\" decoding=\"async\" width=\"332\" height=\"187\" src=\"https:\/\/grupohoymexico.com\/nuevo-leon\/wp-content\/uploads\/sites\/6\/2026\/08\/imgregen-ai-36346-1786634795-332x187.jpg\" class=\"attachment-csco-thumbnail-uncropped size-csco-thumbnail-uncropped wp-post-image\" alt=\"\" srcset=\"https:\/\/grupohoymexico.com\/nuevo-leon\/wp-content\/uploads\/sites\/6\/2026\/08\/imgregen-ai-36346-1786634795-332x187.jpg 332w, https:\/\/grupohoymexico.com\/nuevo-leon\/wp-content\/uploads\/sites\/6\/2026\/08\/imgregen-ai-36346-1786634795-300x169.jpg 300w, https:\/\/grupohoymexico.com\/nuevo-leon\/wp-content\/uploads\/sites\/6\/2026\/08\/imgregen-ai-36346-1786634795-1024x576.jpg 1024w, https:\/\/grupohoymexico.com\/nuevo-leon\/wp-content\/uploads\/sites\/6\/2026\/08\/imgregen-ai-36346-1786634795-768x432.jpg 768w, https:\/\/grupohoymexico.com\/nuevo-leon\/wp-content\/uploads\/sites\/6\/2026\/08\/imgregen-ai-36346-1786634795-664x374.jpg 664w, https:\/\/grupohoymexico.com\/nuevo-leon\/wp-content\/uploads\/sites\/6\/2026\/08\/imgregen-ai-36346-1786634795-688x387.jpg 688w, https:\/\/grupohoymexico.com\/nuevo-leon\/wp-content\/uploads\/sites\/6\/2026\/08\/imgregen-ai-36346-1786634795-1044x587.jpg 1044w, https:\/\/grupohoymexico.com\/nuevo-leon\/wp-content\/uploads\/sites\/6\/2026\/08\/imgregen-ai-36346-1786634795.jpg 1280w\" sizes=\"(max-width: 332px) 100vw, 332px\" \/>\t\t\t\t\t<img loading=\"lazy\" decoding=\"async\" width=\"1044\" height=\"587\" src=\"https:\/\/grupohoymexico.com\/nuevo-leon\/wp-content\/uploads\/sites\/6\/2026\/08\/imgregen-ai-36346-1786634795-1044x587.jpg\" class=\"attachment-csco-large size-csco-large wp-post-image\" alt=\"\" srcset=\"https:\/\/grupohoymexico.com\/nuevo-leon\/wp-content\/uploads\/sites\/6\/2026\/08\/imgregen-ai-36346-1786634795-1044x587.jpg 1044w, https:\/\/grupohoymexico.com\/nuevo-leon\/wp-content\/uploads\/sites\/6\/2026\/08\/imgregen-ai-36346-1786634795-300x169.jpg 300w, https:\/\/grupohoymexico.com\/nuevo-leon\/wp-content\/uploads\/sites\/6\/2026\/08\/imgregen-ai-36346-1786634795-1024x576.jpg 1024w, https:\/\/grupohoymexico.com\/nuevo-leon\/wp-content\/uploads\/sites\/6\/2026\/08\/imgregen-ai-36346-1786634795-768x432.jpg 768w, https:\/\/grupohoymexico.com\/nuevo-leon\/wp-content\/uploads\/sites\/6\/2026\/08\/imgregen-ai-36346-1786634795-332x187.jpg 332w, https:\/\/grupohoymexico.com\/nuevo-leon\/wp-content\/uploads\/sites\/6\/2026\/08\/imgregen-ai-36346-1786634795-664x374.jpg 664w, https:\/\/grupohoymexico.com\/nuevo-leon\/wp-content\/uploads\/sites\/6\/2026\/08\/imgregen-ai-36346-1786634795-688x387.jpg 688w, https:\/\/grupohoymexico.com\/nuevo-leon\/wp-content\/uploads\/sites\/6\/2026\/08\/imgregen-ai-36346-1786634795.jpg 1280w\" sizes=\"(max-width: 1044px) 100vw, 1044px\" \/>\t\t\t\t<\/div>\r\n\r\n\t\t\t\t\r\n\t\t\t\t\r\n\t\t\t\t<a href=\"https:\/\/grupohoymexico.com\/nuevo-leon\/2026\/07\/29\/robo-casa-karely-ruiz-bolsas-gucci-san-nicolas\/\" class=\"cs-overlay-link\" title=\"Robo en casa de Karely Ruiz: hallan bolsas Gucci abandonadas tras asalto\"><\/a>\r\n\t\t\t<\/div>\r\n\t\t\r\n\t\t<div class=\"cs-entry__inner cs-entry__content\">\r\n\r\n\t\t\t<div class=\"cs-entry__post-meta\" ><div class=\"cs-meta-category\"><ul class=\"post-categories\">\n\t<li><a href=\"https:\/\/grupohoymexico.com\/nuevo-leon\/category\/nacional\/seguridad\/\" rel=\"category tag\">Seguridad<\/a><\/li><\/ul><\/div><\/div>\r\n\t\t\t<h2 class=\"cs-entry__title\"><a href=\"https:\/\/grupohoymexico.com\/nuevo-leon\/2026\/07\/29\/robo-casa-karely-ruiz-bolsas-gucci-san-nicolas\/\">Robo en casa de Karely Ruiz: hallan bolsas Gucci abandonadas tras asalto<\/a><\/h2>\r\n\t\t\t\r\n\t\t\t<div class=\"cs-entry__post-meta\" ><div class=\"cs-meta-author\"><span class=\"cs-meta-author-by\">por<\/span><a class=\"cs-meta-author-link url fn n\" href=\"https:\/\/grupohoymexico.com\/nuevo-leon\/author\/user\/\"><span class=\"cs-meta-author-name\">Grupo Hoy<\/span><\/a><\/div><div class=\"cs-meta-date\">29 julio, 2026<\/div><\/div>\t\t<\/div>\r\n\t<\/div>\r\n<\/article>\r\n\t\t\t\t\t\t\t\t<\/div>\r\n\t\t\t\t\t\t\t<\/div>\r\n\t\t\t\t\t\t<\/div>\r\n\t\t\t\t\t\t\t\t<\/section>\r\n\t\t\t\t\t\t<\/div>\n\t\t\t\t<\/div>\n\t\t\t\t<\/div>\n\t\t\t\t<div class=\"elementor-element elementor-element-303f729 cs-dividervertical cs-divider-laptophorizontal cs-divider-tablethorizontal cs-divider-mobilehorizontal elementor-widget elementor-widget-cs-divider\" data-id=\"303f729\" data-element_type=\"widget\" data-e-type=\"widget\" data-widget_type=\"cs-divider.default\">\n\t\t\t\t<div class=\"elementor-widget-container\">\n\t\t\t\t\t\t\t<section class=\"cs-divider cs-divider-vertical\"><\/section>\r\n\t\t\t\t\t\t<\/div>\n\t\t\t\t<\/div>\n\t\t<div class=\"elementor-element elementor-element-2b541b3 e-con-full e-flex e-con e-child\" data-id=\"2b541b3\" data-element_type=\"container\" data-e-type=\"container\">\n\t\t\t\t<div class=\"elementor-element elementor-element-53e22bf elementor-widget elementor-widget-cs-heading\" data-id=\"53e22bf\" data-element_type=\"widget\" data-e-type=\"widget\" data-widget_type=\"cs-heading.default\">\n\t\t\t\t<div class=\"elementor-widget-container\">\n\t\t\t\t\t\t\t\t\t\t<section class=\"cs-heading\">\r\n\t\t\t\t<div class=\"cs-heading__container \">\r\n\t\t\t\t\t<h2 class=\"cs-heading__content\">\r\n\t\t\t\t\t\t\u00daltimas noticias\t\t\t\t\t<\/h2>\r\n\r\n\t\t\t\t\t\t\t\t\t<\/div>\r\n\t\t\t<\/section>\r\n\t\t\t\t\t\t\t\t<\/div>\n\t\t\t\t<\/div>\n\t\t<div class=\"elementor-element elementor-element-6ffc7d4 e-con-full e-flex e-con e-child\" data-id=\"6ffc7d4\" data-element_type=\"container\" data-e-type=\"container\">\n\t\t<div class=\"elementor-element elementor-element-02fc175 e-con-full e-flex e-con e-child\" data-id=\"02fc175\" data-element_type=\"container\" data-e-type=\"container\">\n\t\t\t\t<div class=\"elementor-element elementor-element-f228636 elementor-widget elementor-widget-cs-posts\" data-id=\"f228636\" data-element_type=\"widget\" data-e-type=\"widget\" data-widget_type=\"cs-posts.default\">\n\t\t\t\t<div class=\"elementor-widget-container\">\n\t\t\t\t\t\t\t\t<section class=\"cs-posts cs-posts__standard\">\r\n\t\t\t\t\t\t\t\t\t\t<div class=\"cs-posts-area cs-posts-area-elementor \" data-posts-area=\"\">\r\n\t\t\t\t\t\t\t<div class=\"cs-posts-area__outer\">\r\n\t\t\t\t\t\t\t\t<div\r\n\t\t\t\t\t\t\t\tclass=\"cs-posts-area__main cs-posts-area__main-divider\"\r\n\t\t\t\t\t\t\t\tdata-pc=\"1\"\r\n\t\t\t\t\t\t\t\tdata-lt=\"1\"\r\n\t\t\t\t\t\t\t\tdata-tb=\"1\"\r\n\t\t\t\t\t\t\t\tdata-mb=\"1\"\r\n\t\t\t\t\t\t\t\t>\r\n\t\t\t\t\t\t\t\t\t\r\n<article class=\"post-36554 post type-post status-publish format-standard has-post-thumbnail category-espectaculos cs-entry cs-video-wrap\">\r\n\t<div class=\"cs-entry__outer\">\r\n\t\t\t\t\t<div class=\"cs-entry__inner cs-entry__overlay cs-entry__thumbnail cs-overlay-ratio cs-ratio-landscape-16-9\">\r\n\r\n\t\t\t\t<div class=\"cs-overlay-background\">\r\n\t\t\t\t\t<img loading=\"lazy\" decoding=\"async\" width=\"332\" height=\"188\" src=\"https:\/\/grupohoymexico.com\/nuevo-leon\/wp-content\/uploads\/sites\/6\/2026\/08\/imgregen-ai-36554-1787587524-332x188.jpg\" class=\"attachment-csco-thumbnail-uncropped size-csco-thumbnail-uncropped wp-post-image\" alt=\"\" srcset=\"https:\/\/grupohoymexico.com\/nuevo-leon\/wp-content\/uploads\/sites\/6\/2026\/08\/imgregen-ai-36554-1787587524-332x188.jpg 332w, https:\/\/grupohoymexico.com\/nuevo-leon\/wp-content\/uploads\/sites\/6\/2026\/08\/imgregen-ai-36554-1787587524-300x170.jpg 300w, https:\/\/grupohoymexico.com\/nuevo-leon\/wp-content\/uploads\/sites\/6\/2026\/08\/imgregen-ai-36554-1787587524-1024x579.jpg 1024w, https:\/\/grupohoymexico.com\/nuevo-leon\/wp-content\/uploads\/sites\/6\/2026\/08\/imgregen-ai-36554-1787587524-768x434.jpg 768w, https:\/\/grupohoymexico.com\/nuevo-leon\/wp-content\/uploads\/sites\/6\/2026\/08\/imgregen-ai-36554-1787587524-664x375.jpg 664w, https:\/\/grupohoymexico.com\/nuevo-leon\/wp-content\/uploads\/sites\/6\/2026\/08\/imgregen-ai-36554-1787587524-688x389.jpg 688w, https:\/\/grupohoymexico.com\/nuevo-leon\/wp-content\/uploads\/sites\/6\/2026\/08\/imgregen-ai-36554-1787587524-1044x590.jpg 1044w, https:\/\/grupohoymexico.com\/nuevo-leon\/wp-content\/uploads\/sites\/6\/2026\/08\/imgregen-ai-36554-1787587524.jpg 1200w\" sizes=\"(max-width: 332px) 100vw, 332px\" \/>\t\t\t\t\t<img loading=\"lazy\" decoding=\"async\" width=\"1044\" height=\"587\" src=\"https:\/\/grupohoymexico.com\/nuevo-leon\/wp-content\/uploads\/sites\/6\/2026\/08\/imgregen-ai-36554-1787587524-1044x587.jpg\" class=\"attachment-csco-large size-csco-large wp-post-image\" alt=\"\" srcset=\"https:\/\/grupohoymexico.com\/nuevo-leon\/wp-content\/uploads\/sites\/6\/2026\/08\/imgregen-ai-36554-1787587524-1044x587.jpg 1044w, https:\/\/grupohoymexico.com\/nuevo-leon\/wp-content\/uploads\/sites\/6\/2026\/08\/imgregen-ai-36554-1787587524-300x170.jpg 300w, https:\/\/grupohoymexico.com\/nuevo-leon\/wp-content\/uploads\/sites\/6\/2026\/08\/imgregen-ai-36554-1787587524-332x188.jpg 332w, https:\/\/grupohoymexico.com\/nuevo-leon\/wp-content\/uploads\/sites\/6\/2026\/08\/imgregen-ai-36554-1787587524-664x372.jpg 664w, https:\/\/grupohoymexico.com\/nuevo-leon\/wp-content\/uploads\/sites\/6\/2026\/08\/imgregen-ai-36554-1787587524-688x387.jpg 688w\" sizes=\"(max-width: 1044px) 100vw, 1044px\" \/>\t\t\t\t<\/div>\r\n\r\n\t\t\t\t\r\n\t\t\t\t\r\n\t\t\t\t<a href=\"https:\/\/grupohoymexico.com\/nuevo-leon\/2026\/08\/23\/kabah-regresa-monterrey-nostalgia-noventera-concierto\/\" class=\"cs-overlay-link\" title=\"Kabah regresa a Monterrey y desata la nostalgia noventera con lleno total\"><\/a>\r\n\t\t\t<\/div>\r\n\t\t\r\n\t\t<div class=\"cs-entry__inner cs-entry__content\">\r\n\r\n\t\t\t<div class=\"cs-entry__post-meta\" ><div class=\"cs-meta-category\"><ul class=\"post-categories\">\n\t<li><a href=\"https:\/\/grupohoymexico.com\/nuevo-leon\/category\/espectaculos\/\" rel=\"category tag\">Espect\u00e1culos<\/a><\/li><\/ul><\/div><\/div>\r\n\t\t\t<h2 class=\"cs-entry__title\"><a href=\"https:\/\/grupohoymexico.com\/nuevo-leon\/2026\/08\/23\/kabah-regresa-monterrey-nostalgia-noventera-concierto\/\">Kabah regresa a Monterrey y desata la nostalgia noventera con lleno total<\/a><\/h2>\r\n\t\t\t\r\n\t\t\t<div class=\"cs-entry__post-meta\" ><div class=\"cs-meta-author\"><span class=\"cs-meta-author-by\">por<\/span><a class=\"cs-meta-author-link url fn n\" href=\"https:\/\/grupohoymexico.com\/nuevo-leon\/author\/user\/\"><span class=\"cs-meta-author-name\">Grupo Hoy<\/span><\/a><\/div><div class=\"cs-meta-date\">23 agosto, 2026<\/div><\/div>\t\t<\/div>\r\n\t<\/div>\r\n<\/article>\r\n\t\t\t\t\t\t\t\t<\/div>\r\n\t\t\t\t\t\t\t<\/div>\r\n\t\t\t\t\t\t<\/div>\r\n\t\t\t\t\t\t\t\t<\/section>\r\n\t\t\t\t\t\t<\/div>\n\t\t\t\t<\/div>\n\t\t\t\t<\/div>\n\t\t\t\t<div class=\"elementor-element elementor-element-f61f3e4 cs-divider-laptopvertical cs-dividerhorizontal cs-divider-tablethorizontal cs-divider-mobilehorizontal elementor-widget elementor-widget-cs-divider\" data-id=\"f61f3e4\" data-element_type=\"widget\" data-e-type=\"widget\" data-widget_type=\"cs-divider.default\">\n\t\t\t\t<div class=\"elementor-widget-container\">\n\t\t\t\t\t\t\t<section class=\"cs-divider cs-divider-horizontal\"><\/section>\r\n\t\t\t\t\t\t<\/div>\n\t\t\t\t<\/div>\n\t\t<div class=\"elementor-element elementor-element-44dcc0a e-con-full e-flex e-con e-child\" data-id=\"44dcc0a\" data-element_type=\"container\" data-e-type=\"container\">\n\t\t\t\t<div class=\"elementor-element elementor-element-1517c73 elementor-widget elementor-widget-cs-posts\" data-id=\"1517c73\" data-element_type=\"widget\" data-e-type=\"widget\" data-widget_type=\"cs-posts.default\">\n\t\t\t\t<div class=\"elementor-widget-container\">\n\t\t\t\t\t\t\t\t<section class=\"cs-posts cs-posts__horizontal\">\r\n\t\t\t\t\t\t\t\t\t\t<div class=\"cs-posts-area cs-posts-area-elementor \" data-posts-area=\"\">\r\n\t\t\t\t\t\t\t<div class=\"cs-posts-area__outer\">\r\n\t\t\t\t\t\t\t\t<div\r\n\t\t\t\t\t\t\t\tclass=\"cs-posts-area__main cs-posts-area__main-divider\"\r\n\t\t\t\t\t\t\t\tdata-pc=\"1\"\r\n\t\t\t\t\t\t\t\tdata-lt=\"1\"\r\n\t\t\t\t\t\t\t\tdata-tb=\"1\"\r\n\t\t\t\t\t\t\t\tdata-mb=\"1\"\r\n\t\t\t\t\t\t\t\t>\r\n\t\t\t\t\t\t\t\t\t\r\n<article class=\"post-36556 post type-post status-publish format-standard has-post-thumbnail category-espectaculos cs-entry cs-video-wrap\">\r\n\t<div class=\"cs-entry__outer cs-entry__outer-small cs-entry__outer-thumbnail-left\">\r\n\t\t\t\t\t<div class=\"cs-entry__inner cs-entry__overlay cs-entry__thumbnail cs-overlay-ratio cs-ratio-square\">\r\n\r\n\t\t\t\t<div class=\"cs-overlay-background\">\r\n\t\t\t\t\t<img loading=\"lazy\" decoding=\"async\" width=\"332\" height=\"174\" src=\"https:\/\/grupohoymexico.com\/nuevo-leon\/wp-content\/uploads\/sites\/6\/2026\/08\/imgregen-ai-36556-1787587193-332x174.jpg\" class=\"attachment-csco-thumbnail-uncropped size-csco-thumbnail-uncropped wp-post-image\" alt=\"\" srcset=\"https:\/\/grupohoymexico.com\/nuevo-leon\/wp-content\/uploads\/sites\/6\/2026\/08\/imgregen-ai-36556-1787587193-332x174.jpg 332w, https:\/\/grupohoymexico.com\/nuevo-leon\/wp-content\/uploads\/sites\/6\/2026\/08\/imgregen-ai-36556-1787587193-300x158.jpg 300w, https:\/\/grupohoymexico.com\/nuevo-leon\/wp-content\/uploads\/sites\/6\/2026\/08\/imgregen-ai-36556-1787587193-1024x538.jpg 1024w, https:\/\/grupohoymexico.com\/nuevo-leon\/wp-content\/uploads\/sites\/6\/2026\/08\/imgregen-ai-36556-1787587193-768x403.jpg 768w, https:\/\/grupohoymexico.com\/nuevo-leon\/wp-content\/uploads\/sites\/6\/2026\/08\/imgregen-ai-36556-1787587193-664x349.jpg 664w, https:\/\/grupohoymexico.com\/nuevo-leon\/wp-content\/uploads\/sites\/6\/2026\/08\/imgregen-ai-36556-1787587193-688x361.jpg 688w, https:\/\/grupohoymexico.com\/nuevo-leon\/wp-content\/uploads\/sites\/6\/2026\/08\/imgregen-ai-36556-1787587193-1044x548.jpg 1044w, https:\/\/grupohoymexico.com\/nuevo-leon\/wp-content\/uploads\/sites\/6\/2026\/08\/imgregen-ai-36556-1787587193.jpg 1200w\" sizes=\"(max-width: 332px) 100vw, 332px\" \/>\t\t\t\t\t<img loading=\"lazy\" decoding=\"async\" width=\"72\" height=\"72\" src=\"https:\/\/grupohoymexico.com\/nuevo-leon\/wp-content\/uploads\/sites\/6\/2026\/08\/imgregen-ai-36556-1787587193-72x72.jpg\" class=\"attachment-csco-small size-csco-small wp-post-image\" alt=\"\" srcset=\"https:\/\/grupohoymexico.com\/nuevo-leon\/wp-content\/uploads\/sites\/6\/2026\/08\/imgregen-ai-36556-1787587193-72x72.jpg 72w, https:\/\/grupohoymexico.com\/nuevo-leon\/wp-content\/uploads\/sites\/6\/2026\/08\/imgregen-ai-36556-1787587193-150x150.jpg 150w, https:\/\/grupohoymexico.com\/nuevo-leon\/wp-content\/uploads\/sites\/6\/2026\/08\/imgregen-ai-36556-1787587193-144x144.jpg 144w\" sizes=\"(max-width: 72px) 100vw, 72px\" \/>\t\t\t\t<\/div>\r\n\r\n\t\t\t\t\r\n\t\t\t\t\r\n\t\t\t\t<a href=\"https:\/\/grupohoymexico.com\/nuevo-leon\/2026\/08\/23\/duelo-de-acordeones-2026-tultepec-cardenales-invasores\/\" class=\"cs-overlay-link\" title=\"Duelo de Acordeones 2026: cuatro leyendas norte\u00f1as se plantan en Tultepec\"><\/a>\r\n\t\t\t<\/div>\r\n\t\t\r\n\t\t<div class=\"cs-entry__inner cs-entry__content cs-entry__content-horizontal\">\r\n\t\t\t<div class=\"cs-entry__post-meta\" ><div class=\"cs-meta-category\"><ul class=\"post-categories\">\n\t<li><a href=\"https:\/\/grupohoymexico.com\/nuevo-leon\/category\/espectaculos\/\" rel=\"category tag\">Espect\u00e1culos<\/a><\/li><\/ul><\/div><\/div>\r\n\t\t\t<h2 class=\"cs-entry__title\"><a href=\"https:\/\/grupohoymexico.com\/nuevo-leon\/2026\/08\/23\/duelo-de-acordeones-2026-tultepec-cardenales-invasores\/\">Duelo de Acordeones 2026: cuatro leyendas norte\u00f1as se plantan en Tultepec<\/a><\/h2>\r\n\t\t\t\r\n\t\t\t<div class=\"cs-entry__post-meta\" ><div class=\"cs-meta-author\"><span class=\"cs-meta-author-by\">por<\/span><a class=\"cs-meta-author-link url fn n\" href=\"https:\/\/grupohoymexico.com\/nuevo-leon\/author\/user\/\"><span class=\"cs-meta-author-name\">Grupo Hoy<\/span><\/a><\/div><\/div>\t\t<\/div>\r\n\t<\/div>\r\n<\/article>\r\n\r\n<article class=\"post-36558 post type-post status-publish format-standard has-post-thumbnail category-deportes cs-entry cs-video-wrap\">\r\n\t<div class=\"cs-entry__outer cs-entry__outer-small cs-entry__outer-thumbnail-left\">\r\n\t\t\t\t\t<div class=\"cs-entry__inner cs-entry__overlay cs-entry__thumbnail cs-overlay-ratio cs-ratio-square\">\r\n\r\n\t\t\t\t<div class=\"cs-overlay-background\">\r\n\t\t\t\t\t<img loading=\"lazy\" decoding=\"async\" width=\"332\" height=\"188\" src=\"https:\/\/grupohoymexico.com\/nuevo-leon\/wp-content\/uploads\/sites\/6\/2026\/08\/imgregen-ai-36558-1787587519-332x188.jpg\" class=\"attachment-csco-thumbnail-uncropped size-csco-thumbnail-uncropped wp-post-image\" alt=\"\" srcset=\"https:\/\/grupohoymexico.com\/nuevo-leon\/wp-content\/uploads\/sites\/6\/2026\/08\/imgregen-ai-36558-1787587519-332x188.jpg 332w, https:\/\/grupohoymexico.com\/nuevo-leon\/wp-content\/uploads\/sites\/6\/2026\/08\/imgregen-ai-36558-1787587519-300x170.jpg 300w, https:\/\/grupohoymexico.com\/nuevo-leon\/wp-content\/uploads\/sites\/6\/2026\/08\/imgregen-ai-36558-1787587519-1024x579.jpg 1024w, https:\/\/grupohoymexico.com\/nuevo-leon\/wp-content\/uploads\/sites\/6\/2026\/08\/imgregen-ai-36558-1787587519-768x434.jpg 768w, https:\/\/grupohoymexico.com\/nuevo-leon\/wp-content\/uploads\/sites\/6\/2026\/08\/imgregen-ai-36558-1787587519-664x375.jpg 664w, https:\/\/grupohoymexico.com\/nuevo-leon\/wp-content\/uploads\/sites\/6\/2026\/08\/imgregen-ai-36558-1787587519-688x389.jpg 688w, https:\/\/grupohoymexico.com\/nuevo-leon\/wp-content\/uploads\/sites\/6\/2026\/08\/imgregen-ai-36558-1787587519-1044x590.jpg 1044w, https:\/\/grupohoymexico.com\/nuevo-leon\/wp-content\/uploads\/sites\/6\/2026\/08\/imgregen-ai-36558-1787587519.jpg 1200w\" sizes=\"(max-width: 332px) 100vw, 332px\" \/>\t\t\t\t\t<img loading=\"lazy\" decoding=\"async\" width=\"72\" height=\"72\" src=\"https:\/\/grupohoymexico.com\/nuevo-leon\/wp-content\/uploads\/sites\/6\/2026\/08\/imgregen-ai-36558-1787587519-72x72.jpg\" class=\"attachment-csco-small size-csco-small wp-post-image\" alt=\"\" srcset=\"https:\/\/grupohoymexico.com\/nuevo-leon\/wp-content\/uploads\/sites\/6\/2026\/08\/imgregen-ai-36558-1787587519-72x72.jpg 72w, https:\/\/grupohoymexico.com\/nuevo-leon\/wp-content\/uploads\/sites\/6\/2026\/08\/imgregen-ai-36558-1787587519-150x150.jpg 150w, https:\/\/grupohoymexico.com\/nuevo-leon\/wp-content\/uploads\/sites\/6\/2026\/08\/imgregen-ai-36558-1787587519-144x144.jpg 144w\" sizes=\"(max-width: 72px) 100vw, 72px\" \/>\t\t\t\t<\/div>\r\n\r\n\t\t\t\t\r\n\t\t\t\t\r\n\t\t\t\t<a href=\"https:\/\/grupohoymexico.com\/nuevo-leon\/2026\/08\/23\/lando-norris-gana-gran-premio-paises-bajos-checo-perez\/\" class=\"cs-overlay-link\" title=\"Norris se lleva el Gran Premio de Pa\u00edses Bajos; Checo P\u00e9rez ni las luces del top 10\"><\/a>\r\n\t\t\t<\/div>\r\n\t\t\r\n\t\t<div class=\"cs-entry__inner cs-entry__content cs-entry__content-horizontal\">\r\n\t\t\t<div class=\"cs-entry__post-meta\" ><div class=\"cs-meta-category\"><ul class=\"post-categories\">\n\t<li><a href=\"https:\/\/grupohoymexico.com\/nuevo-leon\/category\/deportes\/\" rel=\"category tag\">Deportes<\/a><\/li><\/ul><\/div><\/div>\r\n\t\t\t<h2 class=\"cs-entry__title\"><a href=\"https:\/\/grupohoymexico.com\/nuevo-leon\/2026\/08\/23\/lando-norris-gana-gran-premio-paises-bajos-checo-perez\/\">Norris se lleva el Gran Premio de Pa\u00edses Bajos; Checo P\u00e9rez ni las luces del top 10<\/a><\/h2>\r\n\t\t\t\r\n\t\t\t<div class=\"cs-entry__post-meta\" ><div class=\"cs-meta-author\"><span class=\"cs-meta-author-by\">por<\/span><a class=\"cs-meta-author-link url fn n\" href=\"https:\/\/grupohoymexico.com\/nuevo-leon\/author\/user\/\"><span class=\"cs-meta-author-name\">Grupo Hoy<\/span><\/a><\/div><\/div>\t\t<\/div>\r\n\t<\/div>\r\n<\/article>\r\n\r\n<article class=\"post-36515 post type-post status-publish format-standard has-post-thumbnail category-finanzas category-nuevo-leon tag-economia tag-peso-mexicano tag-tipo-de-cambio cs-entry cs-video-wrap\">\r\n\t<div class=\"cs-entry__outer cs-entry__outer-small cs-entry__outer-thumbnail-left\">\r\n\t\t\t\t\t<div class=\"cs-entry__inner cs-entry__overlay cs-entry__thumbnail cs-overlay-ratio cs-ratio-square\">\r\n\r\n\t\t\t\t<div class=\"cs-overlay-background\">\r\n\t\t\t\t\t<img loading=\"lazy\" decoding=\"async\" width=\"332\" height=\"185\" src=\"https:\/\/grupohoymexico.com\/nuevo-leon\/wp-content\/uploads\/sites\/6\/2026\/08\/imgregen-ai-36515-1787336248-332x185.jpg\" class=\"attachment-csco-thumbnail-uncropped size-csco-thumbnail-uncropped wp-post-image\" alt=\"Peso mexicano mejor nivel del a\u00f1o\" srcset=\"https:\/\/grupohoymexico.com\/nuevo-leon\/wp-content\/uploads\/sites\/6\/2026\/08\/imgregen-ai-36515-1787336248-332x185.jpg 332w, https:\/\/grupohoymexico.com\/nuevo-leon\/wp-content\/uploads\/sites\/6\/2026\/08\/imgregen-ai-36515-1787336248-300x167.jpg 300w, https:\/\/grupohoymexico.com\/nuevo-leon\/wp-content\/uploads\/sites\/6\/2026\/08\/imgregen-ai-36515-1787336248-1024x572.jpg 1024w, https:\/\/grupohoymexico.com\/nuevo-leon\/wp-content\/uploads\/sites\/6\/2026\/08\/imgregen-ai-36515-1787336248-768x429.jpg 768w, https:\/\/grupohoymexico.com\/nuevo-leon\/wp-content\/uploads\/sites\/6\/2026\/08\/imgregen-ai-36515-1787336248-1536x857.jpg 1536w, https:\/\/grupohoymexico.com\/nuevo-leon\/wp-content\/uploads\/sites\/6\/2026\/08\/imgregen-ai-36515-1787336248-664x371.jpg 664w, https:\/\/grupohoymexico.com\/nuevo-leon\/wp-content\/uploads\/sites\/6\/2026\/08\/imgregen-ai-36515-1787336248-688x384.jpg 688w, https:\/\/grupohoymexico.com\/nuevo-leon\/wp-content\/uploads\/sites\/6\/2026\/08\/imgregen-ai-36515-1787336248-1044x583.jpg 1044w, https:\/\/grupohoymexico.com\/nuevo-leon\/wp-content\/uploads\/sites\/6\/2026\/08\/imgregen-ai-36515-1787336248-1400x781.jpg 1400w, https:\/\/grupohoymexico.com\/nuevo-leon\/wp-content\/uploads\/sites\/6\/2026\/08\/imgregen-ai-36515-1787336248.jpg 1600w\" sizes=\"(max-width: 332px) 100vw, 332px\" \/>\t\t\t\t\t<img loading=\"lazy\" decoding=\"async\" width=\"72\" height=\"72\" src=\"https:\/\/grupohoymexico.com\/nuevo-leon\/wp-content\/uploads\/sites\/6\/2026\/08\/imgregen-ai-36515-1787336248-72x72.jpg\" class=\"attachment-csco-small size-csco-small wp-post-image\" alt=\"Peso mexicano mejor nivel del a\u00f1o\" srcset=\"https:\/\/grupohoymexico.com\/nuevo-leon\/wp-content\/uploads\/sites\/6\/2026\/08\/imgregen-ai-36515-1787336248-72x72.jpg 72w, https:\/\/grupohoymexico.com\/nuevo-leon\/wp-content\/uploads\/sites\/6\/2026\/08\/imgregen-ai-36515-1787336248-150x150.jpg 150w, https:\/\/grupohoymexico.com\/nuevo-leon\/wp-content\/uploads\/sites\/6\/2026\/08\/imgregen-ai-36515-1787336248-144x144.jpg 144w\" sizes=\"(max-width: 72px) 100vw, 72px\" \/>\t\t\t\t<\/div>\r\n\r\n\t\t\t\t\r\n\t\t\t\t\r\n\t\t\t\t<a href=\"https:\/\/grupohoymexico.com\/nuevo-leon\/2026\/08\/21\/el-peso-mexicano-toca-su-mejor-nivel-del-ano-asi-llego-a-16-88-por-dolar\/\" class=\"cs-overlay-link\" title=\"El peso mexicano toca su mejor nivel del a\u00f1o: as\u00ed lleg\u00f3 a 16.88 por d\u00f3lar\"><\/a>\r\n\t\t\t<\/div>\r\n\t\t\r\n\t\t<div class=\"cs-entry__inner cs-entry__content cs-entry__content-horizontal\">\r\n\t\t\t<div class=\"cs-entry__post-meta\" ><div class=\"cs-meta-category\"><ul class=\"post-categories\">\n\t<li><a href=\"https:\/\/grupohoymexico.com\/nuevo-leon\/category\/finanzas\/\" rel=\"category tag\">Econom\u00eda<\/a><\/li>\n\t<li><a href=\"https:\/\/grupohoymexico.com\/nuevo-leon\/category\/nuevo-leon\/\" rel=\"category tag\">Nuevo Le\u00f3n<\/a><\/li><\/ul><\/div><\/div>\r\n\t\t\t<h2 class=\"cs-entry__title\"><a href=\"https:\/\/grupohoymexico.com\/nuevo-leon\/2026\/08\/21\/el-peso-mexicano-toca-su-mejor-nivel-del-ano-asi-llego-a-16-88-por-dolar\/\">El peso mexicano toca su mejor nivel del a\u00f1o: as\u00ed lleg\u00f3 a 16.88 por d\u00f3lar<\/a><\/h2>\r\n\t\t\t\r\n\t\t\t<div class=\"cs-entry__post-meta\" ><div class=\"cs-meta-author\"><span class=\"cs-meta-author-by\">por<\/span><a class=\"cs-meta-author-link url fn n\" href=\"https:\/\/grupohoymexico.com\/nuevo-leon\/author\/user\/\"><span class=\"cs-meta-author-name\">Grupo Hoy<\/span><\/a><\/div><\/div>\t\t<\/div>\r\n\t<\/div>\r\n<\/article>\r\n\t\t\t\t\t\t\t\t<\/div>\r\n\t\t\t\t\t\t\t<\/div>\r\n\t\t\t\t\t\t<\/div>\r\n\t\t\t\t\t\t\t\t<\/section>\r\n\t\t\t\t\t\t<\/div>\n\t\t\t\t<\/div>\n\t\t\t\t<\/div>\n\t\t\t\t<\/div>\n\t\t\t\t<\/div>\n\t\t\t\t<\/div>\n\t\t\t\t<div class=\"elementor-element elementor-element-0d5fa75 cs-dividerhorizontal cs-divider-laptophorizontal cs-divider-tablethorizontal cs-divider-mobilehorizontal elementor-widget elementor-widget-cs-divider\" data-id=\"0d5fa75\" data-element_type=\"widget\" data-e-type=\"widget\" data-widget_type=\"cs-divider.default\">\n\t\t\t\t<div class=\"elementor-widget-container\">\n\t\t\t\t\t\t\t<section class=\"cs-divider cs-divider-horizontal\"><\/section>\r\n\t\t\t\t\t\t<\/div>\n\t\t\t\t<\/div>\n\t\t\t\t\t<\/div>\n\t\t\t\t<\/div>\n\t\t<div class=\"elementor-element elementor-element-a14b6f3 e-flex e-con-boxed e-con e-parent\" data-id=\"a14b6f3\" data-element_type=\"container\" data-e-type=\"container\">\n\t\t\t\t\t<div class=\"e-con-inner\">\n\t\t\t\t<div class=\"elementor-element elementor-element-66e721e elementor-widget elementor-widget-cs-heading\" data-id=\"66e721e\" data-element_type=\"widget\" data-e-type=\"widget\" data-widget_type=\"cs-heading.default\">\n\t\t\t\t<div class=\"elementor-widget-container\">\n\t\t\t\t\t\t\t\t\t\t<section class=\"cs-heading\">\r\n\t\t\t\t<div class=\"cs-heading__container \">\r\n\t\t\t\t\t<h2 class=\"cs-heading__content\">\r\n\t\t\t\t\t\tNacional\t\t\t\t\t<\/h2>\r\n\r\n\t\t\t\t\t\t\t\t\t\t\t<a class=\"cs-heading__link\" href=\"\/category\/nacional\/\" target=\"_self\">\r\n\t\t\t\t\t\t\t<span>\t\r\n\t\t\t\t\t\t\t\tTodo sobre Nacional\t\t\t\t\t\t\t<\/span>\r\n\t\t\t\t\t\t<\/a>\r\n\t\t\t\t\t\t\t\t\t<\/div>\r\n\t\t\t<\/section>\r\n\t\t\t\t\t\t\t\t<\/div>\n\t\t\t\t<\/div>\n\t\t<div class=\"elementor-element elementor-element-e6e0b1a e-con-full e-flex e-con e-child\" data-id=\"e6e0b1a\" data-element_type=\"container\" data-e-type=\"container\">\n\t\t<div class=\"elementor-element elementor-element-8d14949 e-con-full e-flex e-con e-child\" data-id=\"8d14949\" data-element_type=\"container\" data-e-type=\"container\">\n\t\t\t\t<div class=\"elementor-element elementor-element-771edab elementor-widget elementor-widget-cs-posts\" data-id=\"771edab\" data-element_type=\"widget\" data-e-type=\"widget\" data-widget_type=\"cs-posts.default\">\n\t\t\t\t<div class=\"elementor-widget-container\">\n\t\t\t\t\t\t\t\t<section class=\"cs-posts cs-posts__standard\">\r\n\t\t\t\t\t\t\t\t\t\t<div class=\"cs-posts-area cs-posts-area-elementor \" data-posts-area=\"\">\r\n\t\t\t\t\t\t\t<div class=\"cs-posts-area__outer\">\r\n\t\t\t\t\t\t\t\t<div\r\n\t\t\t\t\t\t\t\tclass=\"cs-posts-area__main cs-posts-area__main-divider\"\r\n\t\t\t\t\t\t\t\tdata-pc=\"1\"\r\n\t\t\t\t\t\t\t\tdata-lt=\"1\"\r\n\t\t\t\t\t\t\t\tdata-tb=\"1\"\r\n\t\t\t\t\t\t\t\tdata-mb=\"1\"\r\n\t\t\t\t\t\t\t\t>\r\n\t\t\t\t\t\t\t\t\t\r\n<article class=\"post-36343 post type-post status-publish format-standard has-post-thumbnail category-seguridad tag-arboleda tag-fiscalia-nuevo-leon tag-javier-flores-saldivar tag-juan-carlos-nunez tag-san-pedro-garza-garcia cs-entry cs-video-wrap\">\r\n\t<div class=\"cs-entry__outer\">\r\n\t\t\t\t\t<div class=\"cs-entry__inner cs-entry__overlay cs-entry__thumbnail cs-overlay-ratio cs-ratio-landscape-16-9\">\r\n\r\n\t\t\t\t<div class=\"cs-overlay-background\">\r\n\t\t\t\t\t<img loading=\"lazy\" decoding=\"async\" width=\"332\" height=\"187\" src=\"https:\/\/grupohoymexico.com\/nuevo-leon\/wp-content\/uploads\/sites\/6\/2026\/08\/imgregen-ai-36343-1786634804-332x187.jpg\" class=\"attachment-csco-thumbnail-uncropped size-csco-thumbnail-uncropped wp-post-image\" alt=\"\" srcset=\"https:\/\/grupohoymexico.com\/nuevo-leon\/wp-content\/uploads\/sites\/6\/2026\/08\/imgregen-ai-36343-1786634804-332x187.jpg 332w, https:\/\/grupohoymexico.com\/nuevo-leon\/wp-content\/uploads\/sites\/6\/2026\/08\/imgregen-ai-36343-1786634804-300x169.jpg 300w, https:\/\/grupohoymexico.com\/nuevo-leon\/wp-content\/uploads\/sites\/6\/2026\/08\/imgregen-ai-36343-1786634804-1024x576.jpg 1024w, https:\/\/grupohoymexico.com\/nuevo-leon\/wp-content\/uploads\/sites\/6\/2026\/08\/imgregen-ai-36343-1786634804-768x432.jpg 768w, https:\/\/grupohoymexico.com\/nuevo-leon\/wp-content\/uploads\/sites\/6\/2026\/08\/imgregen-ai-36343-1786634804-664x374.jpg 664w, https:\/\/grupohoymexico.com\/nuevo-leon\/wp-content\/uploads\/sites\/6\/2026\/08\/imgregen-ai-36343-1786634804-688x387.jpg 688w, https:\/\/grupohoymexico.com\/nuevo-leon\/wp-content\/uploads\/sites\/6\/2026\/08\/imgregen-ai-36343-1786634804-1044x587.jpg 1044w, https:\/\/grupohoymexico.com\/nuevo-leon\/wp-content\/uploads\/sites\/6\/2026\/08\/imgregen-ai-36343-1786634804.jpg 1280w\" sizes=\"(max-width: 332px) 100vw, 332px\" \/>\t\t\t\t\t<img loading=\"lazy\" decoding=\"async\" width=\"688\" height=\"387\" src=\"https:\/\/grupohoymexico.com\/nuevo-leon\/wp-content\/uploads\/sites\/6\/2026\/08\/imgregen-ai-36343-1786634804-688x387.jpg\" class=\"attachment-csco-medium size-csco-medium wp-post-image\" alt=\"\" srcset=\"https:\/\/grupohoymexico.com\/nuevo-leon\/wp-content\/uploads\/sites\/6\/2026\/08\/imgregen-ai-36343-1786634804-688x387.jpg 688w, https:\/\/grupohoymexico.com\/nuevo-leon\/wp-content\/uploads\/sites\/6\/2026\/08\/imgregen-ai-36343-1786634804-300x169.jpg 300w, https:\/\/grupohoymexico.com\/nuevo-leon\/wp-content\/uploads\/sites\/6\/2026\/08\/imgregen-ai-36343-1786634804-1024x576.jpg 1024w, https:\/\/grupohoymexico.com\/nuevo-leon\/wp-content\/uploads\/sites\/6\/2026\/08\/imgregen-ai-36343-1786634804-768x432.jpg 768w, https:\/\/grupohoymexico.com\/nuevo-leon\/wp-content\/uploads\/sites\/6\/2026\/08\/imgregen-ai-36343-1786634804-332x187.jpg 332w, https:\/\/grupohoymexico.com\/nuevo-leon\/wp-content\/uploads\/sites\/6\/2026\/08\/imgregen-ai-36343-1786634804-664x374.jpg 664w, https:\/\/grupohoymexico.com\/nuevo-leon\/wp-content\/uploads\/sites\/6\/2026\/08\/imgregen-ai-36343-1786634804-1044x587.jpg 1044w, https:\/\/grupohoymexico.com\/nuevo-leon\/wp-content\/uploads\/sites\/6\/2026\/08\/imgregen-ai-36343-1786634804.jpg 1280w\" sizes=\"(max-width: 688px) 100vw, 688px\" \/>\t\t\t\t<\/div>\r\n\r\n\t\t\t\t\r\n\t\t\t\t\r\n\t\t\t\t<a href=\"https:\/\/grupohoymexico.com\/nuevo-leon\/2026\/07\/29\/detienen-segundo-implicado-crimen-arboleda-san-pedro\/\" class=\"cs-overlay-link\" title=\"Detienen a segundo implicado en crimen de Arboleda, San Pedro Garza Garc\u00eda\"><\/a>\r\n\t\t\t<\/div>\r\n\t\t\r\n\t\t<div class=\"cs-entry__inner cs-entry__content\">\r\n\r\n\t\t\t<div class=\"cs-entry__post-meta\" ><div class=\"cs-meta-category\"><ul class=\"post-categories\">\n\t<li><a href=\"https:\/\/grupohoymexico.com\/nuevo-leon\/category\/nacional\/seguridad\/\" rel=\"category tag\">Seguridad<\/a><\/li><\/ul><\/div><\/div>\r\n\t\t\t<h2 class=\"cs-entry__title\"><a href=\"https:\/\/grupohoymexico.com\/nuevo-leon\/2026\/07\/29\/detienen-segundo-implicado-crimen-arboleda-san-pedro\/\">Detienen a segundo implicado en crimen de Arboleda, San Pedro Garza Garc\u00eda<\/a><\/h2>\r\n\t\t\t\r\n\t\t\t<div class=\"cs-entry__post-meta\" ><div class=\"cs-meta-author\"><span class=\"cs-meta-author-by\">por<\/span><a class=\"cs-meta-author-link url fn n\" href=\"https:\/\/grupohoymexico.com\/nuevo-leon\/author\/user\/\"><span class=\"cs-meta-author-name\">Grupo Hoy<\/span><\/a><\/div><div class=\"cs-meta-date\">29 julio, 2026<\/div><\/div>\t\t<\/div>\r\n\t<\/div>\r\n<\/article>\r\n\t\t\t\t\t\t\t\t<\/div>\r\n\t\t\t\t\t\t\t<\/div>\r\n\t\t\t\t\t\t<\/div>\r\n\t\t\t\t\t\t\t\t<\/section>\r\n\t\t\t\t\t\t<\/div>\n\t\t\t\t<\/div>\n\t\t\t\t<div class=\"elementor-element elementor-element-3e90eb2 cs-dividerhorizontal cs-divider-laptophorizontal cs-divider-tablethorizontal cs-divider-mobilehorizontal elementor-widget elementor-widget-cs-divider\" data-id=\"3e90eb2\" data-element_type=\"widget\" data-e-type=\"widget\" data-widget_type=\"cs-divider.default\">\n\t\t\t\t<div class=\"elementor-widget-container\">\n\t\t\t\t\t\t\t<section class=\"cs-divider cs-divider-horizontal\"><\/section>\r\n\t\t\t\t\t\t<\/div>\n\t\t\t\t<\/div>\n\t\t\t\t<div class=\"elementor-element elementor-element-3f8a183 elementor-widget elementor-widget-cs-posts\" data-id=\"3f8a183\" data-element_type=\"widget\" data-e-type=\"widget\" data-widget_type=\"cs-posts.default\">\n\t\t\t\t<div class=\"elementor-widget-container\">\n\t\t\t\t\t\t\t\t<section class=\"cs-posts cs-posts__standard\">\r\n\t\t\t\t\t\t\t\t\t\t<div class=\"cs-posts-area cs-posts-area-elementor \" data-posts-area=\"\">\r\n\t\t\t\t\t\t\t<div class=\"cs-posts-area__outer\">\r\n\t\t\t\t\t\t\t\t<div\r\n\t\t\t\t\t\t\t\tclass=\"cs-posts-area__main cs-posts-area__main-divider\"\r\n\t\t\t\t\t\t\t\tdata-pc=\"1\"\r\n\t\t\t\t\t\t\t\tdata-lt=\"1\"\r\n\t\t\t\t\t\t\t\tdata-tb=\"1\"\r\n\t\t\t\t\t\t\t\tdata-mb=\"1\"\r\n\t\t\t\t\t\t\t\t>\r\n\t\t\t\t\t\t\t\t\t\r\n<article class=\"post-36340 post type-post status-publish format-standard has-post-thumbnail category-seguridad tag-asalto tag-jhon-echeverry tag-karely-ruiz tag-san-nicolas-de-los-garza tag-seguridad-nuevo-leon cs-entry cs-video-wrap\">\r\n\t<div class=\"cs-entry__outer\">\r\n\t\t\r\n\t\t<div class=\"cs-entry__inner cs-entry__content\">\r\n\r\n\t\t\t<div class=\"cs-entry__post-meta\" ><div class=\"cs-meta-category\"><ul class=\"post-categories\">\n\t<li><a href=\"https:\/\/grupohoymexico.com\/nuevo-leon\/category\/nacional\/seguridad\/\" rel=\"category tag\">Seguridad<\/a><\/li><\/ul><\/div><\/div>\r\n\t\t\t<h2 class=\"cs-entry__title\"><a href=\"https:\/\/grupohoymexico.com\/nuevo-leon\/2026\/07\/29\/asalto-karely-ruiz-san-nicolas-policia-detalles\/\">Asalto a Karely Ruiz en San Nicol\u00e1s: Polic\u00eda revela qu\u00e9 ocurri\u00f3<\/a><\/h2>\r\n\t\t\t\r\n\t\t\t<div class=\"cs-entry__post-meta\" ><div class=\"cs-meta-author\"><span class=\"cs-meta-author-by\">por<\/span><a class=\"cs-meta-author-link url fn n\" href=\"https:\/\/grupohoymexico.com\/nuevo-leon\/author\/user\/\"><span class=\"cs-meta-author-name\">Grupo Hoy<\/span><\/a><\/div><div class=\"cs-meta-date\">29 julio, 2026<\/div><\/div>\t\t<\/div>\r\n\t<\/div>\r\n<\/article>\r\n\t\t\t\t\t\t\t\t<\/div>\r\n\t\t\t\t\t\t\t<\/div>\r\n\t\t\t\t\t\t<\/div>\r\n\t\t\t\t\t\t\t\t<\/section>\r\n\t\t\t\t\t\t<\/div>\n\t\t\t\t<\/div>\n\t\t\t\t<div class=\"elementor-element elementor-element-71e3393 cs-dividerhorizontal cs-divider-laptophorizontal cs-divider-tablethorizontal cs-divider-mobilehorizontal elementor-widget elementor-widget-cs-divider\" data-id=\"71e3393\" data-element_type=\"widget\" data-e-type=\"widget\" data-widget_type=\"cs-divider.default\">\n\t\t\t\t<div class=\"elementor-widget-container\">\n\t\t\t\t\t\t\t<section class=\"cs-divider cs-divider-horizontal\"><\/section>\r\n\t\t\t\t\t\t<\/div>\n\t\t\t\t<\/div>\n\t\t\t\t<div class=\"elementor-element elementor-element-c33ef52 elementor-widget__width-initial elementor-hidden-desktop elementor-hidden-laptop elementor-hidden-tablet elementor-hidden-mobile elementor-widget elementor-widget-cs-banner\" data-id=\"c33ef52\" data-element_type=\"widget\" data-e-type=\"widget\" data-widget_type=\"cs-banner.default\">\n\t\t\t\t<div class=\"elementor-widget-container\">\n\t\t\t\t\t\t\t<section class=\"cs-banner-elementor\">\r\n\t\t\t<div class=\"cs-banner\">\r\n\t\t\t\t<div class=\"cs-banner__container \">\r\n\t\t\t\t\t<div class=\"cs-banner__content\">\r\n\t\t\t\t\t\t<a href=\"https:\/\/1.envato.market\/newsreader\" title=\"Advertisement\">\r\n    <img decoding=\"async\" loading=\"lazy\" src=\"http:\/\/newsreader.codesupply.co\/city\/wp-content\/uploads\/sites\/7\/2024\/03\/demo-banner-medium-0004.webp\" alt=\"Advertisement\">\r\n<\/a>\t\t\t\t\t<\/div>\r\n\t\t\t\t\t\t\t\t\t\t\t<div class=\"cs-banner__label\">\r\n\t\t\t\t\t\t\tAdvertisement\t\t\t\t\t\t<\/div>\r\n\t\t\t\t\t\t\t\t\t<\/div>\r\n\t\t\t<\/div>\r\n\t\t<\/section>\r\n\t\t\t\t\t\t<\/div>\n\t\t\t\t<\/div>\n\t\t\t\t<div class=\"elementor-element elementor-element-a070738 elementor-widget elementor-widget-image\" data-id=\"a070738\" data-element_type=\"widget\" data-e-type=\"widget\" data-widget_type=\"image.default\">\n\t\t\t\t\t\t\t\t\t\t\t\t\t\t\t<img decoding=\"async\" src=\"https:\/\/grupohoymexico.com\/wp-content\/uploads\/2025\/05\/banner-IZZA.png\" title=\"\" alt=\"\" loading=\"lazy\" \/>\t\t\t\t\t\t\t\t\t\t\t\t\t\t\t<\/div>\n\t\t\t\t<\/div>\n\t\t\t\t<div class=\"elementor-element elementor-element-853bd3d cs-dividervertical elementor-widget-laptop__width-inherit cs-divider-laptophorizontal cs-divider-tablethorizontal cs-divider-mobilehorizontal elementor-widget elementor-widget-cs-divider\" data-id=\"853bd3d\" data-element_type=\"widget\" data-e-type=\"widget\" data-widget_type=\"cs-divider.default\">\n\t\t\t\t<div class=\"elementor-widget-container\">\n\t\t\t\t\t\t\t<section class=\"cs-divider cs-divider-vertical\"><\/section>\r\n\t\t\t\t\t\t<\/div>\n\t\t\t\t<\/div>\n\t\t<div class=\"elementor-element elementor-element-33c9066 e-con-full e-flex e-con e-child\" data-id=\"33c9066\" data-element_type=\"container\" data-e-type=\"container\">\n\t\t\t\t<div class=\"elementor-element elementor-element-19b14a1 elementor-widget elementor-widget-cs-posts\" data-id=\"19b14a1\" data-element_type=\"widget\" data-e-type=\"widget\" data-widget_type=\"cs-posts.default\">\n\t\t\t\t<div class=\"elementor-widget-container\">\n\t\t\t\t\t\t\t\t<section class=\"cs-posts cs-posts__standard\">\r\n\t\t\t\t\t\t\t\t\t\t<div class=\"cs-posts-area cs-posts-area-elementor \" data-posts-area=\"\">\r\n\t\t\t\t\t\t\t<div class=\"cs-posts-area__outer\">\r\n\t\t\t\t\t\t\t\t<div\r\n\t\t\t\t\t\t\t\tclass=\"cs-posts-area__main\"\r\n\t\t\t\t\t\t\t\tdata-pc=\"1\"\r\n\t\t\t\t\t\t\t\tdata-lt=\"1\"\r\n\t\t\t\t\t\t\t\tdata-tb=\"1\"\r\n\t\t\t\t\t\t\t\tdata-mb=\"1\"\r\n\t\t\t\t\t\t\t\t>\r\n\t\t\t\t\t\t\t\t\t\r\n<article class=\"post-36322 post type-post status-publish format-standard has-post-thumbnail category-seguridad tag-accidente-vial tag-fiscalia-general-de-justicia-de-nuevo-leon tag-monterrey tag-ruta-1-pilares tag-transpais cs-entry cs-video-wrap\">\r\n\t<div class=\"cs-entry__outer\">\r\n\t\t\t\t\t<div class=\"cs-entry__inner cs-entry__overlay cs-entry__thumbnail cs-overlay-ratio cs-ratio-landscape-16-9\">\r\n\r\n\t\t\t\t<div class=\"cs-overlay-background\">\r\n\t\t\t\t\t<img loading=\"lazy\" decoding=\"async\" width=\"332\" height=\"187\" src=\"https:\/\/grupohoymexico.com\/nuevo-leon\/wp-content\/uploads\/sites\/6\/2026\/08\/imgregen-ai-36322-1786634819-332x187.jpg\" class=\"attachment-csco-thumbnail-uncropped size-csco-thumbnail-uncropped wp-post-image\" alt=\"\" srcset=\"https:\/\/grupohoymexico.com\/nuevo-leon\/wp-content\/uploads\/sites\/6\/2026\/08\/imgregen-ai-36322-1786634819-332x187.jpg 332w, https:\/\/grupohoymexico.com\/nuevo-leon\/wp-content\/uploads\/sites\/6\/2026\/08\/imgregen-ai-36322-1786634819-300x169.jpg 300w, https:\/\/grupohoymexico.com\/nuevo-leon\/wp-content\/uploads\/sites\/6\/2026\/08\/imgregen-ai-36322-1786634819-1024x576.jpg 1024w, https:\/\/grupohoymexico.com\/nuevo-leon\/wp-content\/uploads\/sites\/6\/2026\/08\/imgregen-ai-36322-1786634819-768x432.jpg 768w, https:\/\/grupohoymexico.com\/nuevo-leon\/wp-content\/uploads\/sites\/6\/2026\/08\/imgregen-ai-36322-1786634819-664x374.jpg 664w, https:\/\/grupohoymexico.com\/nuevo-leon\/wp-content\/uploads\/sites\/6\/2026\/08\/imgregen-ai-36322-1786634819-688x387.jpg 688w, https:\/\/grupohoymexico.com\/nuevo-leon\/wp-content\/uploads\/sites\/6\/2026\/08\/imgregen-ai-36322-1786634819-1044x587.jpg 1044w, https:\/\/grupohoymexico.com\/nuevo-leon\/wp-content\/uploads\/sites\/6\/2026\/08\/imgregen-ai-36322-1786634819.jpg 1280w\" sizes=\"(max-width: 332px) 100vw, 332px\" \/>\t\t\t\t\t<img loading=\"lazy\" decoding=\"async\" width=\"1280\" height=\"650\" src=\"https:\/\/grupohoymexico.com\/nuevo-leon\/wp-content\/uploads\/sites\/6\/2026\/08\/imgregen-ai-36322-1786634819-1280x650.jpg\" class=\"attachment-csco-extra-large size-csco-extra-large wp-post-image\" alt=\"\" \/>\t\t\t\t<\/div>\r\n\r\n\t\t\t\t\r\n\t\t\t\t\r\n\t\t\t\t<a href=\"https:\/\/grupohoymexico.com\/nuevo-leon\/2026\/07\/29\/chofer-autobus-transpais-frenos-choque-10-heridos-monterrey\/\" class=\"cs-overlay-link\" title=\"Chofer de autob\u00fas culpa a frenos por choque con 10 heridos en Monterrey\"><\/a>\r\n\t\t\t<\/div>\r\n\t\t\r\n\t\t<div class=\"cs-entry__inner cs-entry__content\">\r\n\r\n\t\t\t<div class=\"cs-entry__post-meta\" ><div class=\"cs-meta-category\"><ul class=\"post-categories\">\n\t<li><a href=\"https:\/\/grupohoymexico.com\/nuevo-leon\/category\/nacional\/seguridad\/\" rel=\"category tag\">Seguridad<\/a><\/li><\/ul><\/div><\/div>\r\n\t\t\t<h2 class=\"cs-entry__title\"><a href=\"https:\/\/grupohoymexico.com\/nuevo-leon\/2026\/07\/29\/chofer-autobus-transpais-frenos-choque-10-heridos-monterrey\/\">Chofer de autob\u00fas culpa a frenos por choque con 10 heridos en Monterrey<\/a><\/h2>\r\n\t\t\t\t\t\t\t\t<div class=\"cs-entry__excerpt\">\r\n\t\t\t\t\t\tEl conductor de Transpais asegura que una falla mec\u00e1nica provoc\u00f3 el accidente m\u00faltiple en el centro de la capital regiomontana; la Fiscal\u00eda espera los resultados del peritaje\t\t\t\t\t<\/div>\r\n\t\t\t\t\t\r\n\t\t\t<div class=\"cs-entry__post-meta\" ><div class=\"cs-meta-author\"><span class=\"cs-meta-author-by\">por<\/span><a class=\"cs-meta-author-link url fn n\" href=\"https:\/\/grupohoymexico.com\/nuevo-leon\/author\/user\/\"><span class=\"cs-meta-author-name\">Grupo Hoy<\/span><\/a><\/div><div class=\"cs-meta-date\">29 julio, 2026<\/div><\/div>\t\t<\/div>\r\n\t<\/div>\r\n<\/article>\r\n\t\t\t\t\t\t\t\t<\/div>\r\n\t\t\t\t\t\t\t<\/div>\r\n\t\t\t\t\t\t<\/div>\r\n\t\t\t\t\t\t\t\t<\/section>\r\n\t\t\t\t\t\t<\/div>\n\t\t\t\t<\/div>\n\t\t\t\t<div class=\"elementor-element elementor-element-261e2de cs-dividerhorizontal cs-divider-laptophorizontal cs-divider-tablethorizontal cs-divider-mobilehorizontal elementor-widget elementor-widget-cs-divider\" data-id=\"261e2de\" data-element_type=\"widget\" data-e-type=\"widget\" data-widget_type=\"cs-divider.default\">\n\t\t\t\t<div class=\"elementor-widget-container\">\n\t\t\t\t\t\t\t<section class=\"cs-divider cs-divider-horizontal\"><\/section>\r\n\t\t\t\t\t\t<\/div>\n\t\t\t\t<\/div>\n\t\t\t\t<div class=\"elementor-element elementor-element-e55bcd2 elementor-widget elementor-widget-cs-posts\" data-id=\"e55bcd2\" data-element_type=\"widget\" data-e-type=\"widget\" data-widget_type=\"cs-posts.default\">\n\t\t\t\t<div class=\"elementor-widget-container\">\n\t\t\t\t\t\t\t\t<section class=\"cs-posts cs-posts__horizontal\">\r\n\t\t\t\t\t\t\t\t\t\t<div class=\"cs-posts-area cs-posts-area-elementor \" data-posts-area=\"\">\r\n\t\t\t\t\t\t\t<div class=\"cs-posts-area__outer\">\r\n\t\t\t\t\t\t\t\t<div\r\n\t\t\t\t\t\t\t\tclass=\"cs-posts-area__main\"\r\n\t\t\t\t\t\t\t\tdata-pc=\"1\"\r\n\t\t\t\t\t\t\t\tdata-lt=\"1\"\r\n\t\t\t\t\t\t\t\tdata-tb=\"1\"\r\n\t\t\t\t\t\t\t\tdata-mb=\"1\"\r\n\t\t\t\t\t\t\t\t>\r\n\t\t\t\t\t\t\t\t\t\r\n<article class=\"post-36325 post type-post status-publish format-standard has-post-thumbnail category-seguridad tag-alejandra-quintos tag-dafne-tamaulipas tag-danna-yanina tag-feminicidio tag-tamaulipas cs-entry cs-video-wrap\">\r\n\t<div class=\"cs-entry__outer cs-entry__outer-medium cs-entry__outer-thumbnail-right\">\r\n\t\t\t\t\t<div class=\"cs-entry__inner cs-entry__overlay cs-entry__thumbnail cs-overlay-ratio cs-ratio-landscape-16-9\">\r\n\r\n\t\t\t\t<div class=\"cs-overlay-background\">\r\n\t\t\t\t\t<img loading=\"lazy\" decoding=\"async\" width=\"332\" height=\"187\" src=\"https:\/\/grupohoymexico.com\/nuevo-leon\/wp-content\/uploads\/sites\/6\/2026\/08\/imgregen-ai-36325-1786634827-332x187.jpg\" class=\"attachment-csco-thumbnail-uncropped size-csco-thumbnail-uncropped wp-post-image\" alt=\"\" srcset=\"https:\/\/grupohoymexico.com\/nuevo-leon\/wp-content\/uploads\/sites\/6\/2026\/08\/imgregen-ai-36325-1786634827-332x187.jpg 332w, https:\/\/grupohoymexico.com\/nuevo-leon\/wp-content\/uploads\/sites\/6\/2026\/08\/imgregen-ai-36325-1786634827-300x169.jpg 300w, https:\/\/grupohoymexico.com\/nuevo-leon\/wp-content\/uploads\/sites\/6\/2026\/08\/imgregen-ai-36325-1786634827-1024x576.jpg 1024w, https:\/\/grupohoymexico.com\/nuevo-leon\/wp-content\/uploads\/sites\/6\/2026\/08\/imgregen-ai-36325-1786634827-768x432.jpg 768w, https:\/\/grupohoymexico.com\/nuevo-leon\/wp-content\/uploads\/sites\/6\/2026\/08\/imgregen-ai-36325-1786634827-664x374.jpg 664w, https:\/\/grupohoymexico.com\/nuevo-leon\/wp-content\/uploads\/sites\/6\/2026\/08\/imgregen-ai-36325-1786634827-688x387.jpg 688w, https:\/\/grupohoymexico.com\/nuevo-leon\/wp-content\/uploads\/sites\/6\/2026\/08\/imgregen-ai-36325-1786634827-1044x587.jpg 1044w, https:\/\/grupohoymexico.com\/nuevo-leon\/wp-content\/uploads\/sites\/6\/2026\/08\/imgregen-ai-36325-1786634827.jpg 1280w\" sizes=\"(max-width: 332px) 100vw, 332px\" \/>\t\t\t\t\t<img loading=\"lazy\" decoding=\"async\" width=\"332\" height=\"186\" src=\"https:\/\/grupohoymexico.com\/nuevo-leon\/wp-content\/uploads\/sites\/6\/2026\/08\/imgregen-ai-36325-1786634827-332x186.jpg\" class=\"attachment-csco-thumbnail size-csco-thumbnail wp-post-image\" alt=\"\" srcset=\"https:\/\/grupohoymexico.com\/nuevo-leon\/wp-content\/uploads\/sites\/6\/2026\/08\/imgregen-ai-36325-1786634827-332x187.jpg 332w, https:\/\/grupohoymexico.com\/nuevo-leon\/wp-content\/uploads\/sites\/6\/2026\/08\/imgregen-ai-36325-1786634827-300x169.jpg 300w, https:\/\/grupohoymexico.com\/nuevo-leon\/wp-content\/uploads\/sites\/6\/2026\/08\/imgregen-ai-36325-1786634827-1024x576.jpg 1024w, https:\/\/grupohoymexico.com\/nuevo-leon\/wp-content\/uploads\/sites\/6\/2026\/08\/imgregen-ai-36325-1786634827-768x432.jpg 768w, https:\/\/grupohoymexico.com\/nuevo-leon\/wp-content\/uploads\/sites\/6\/2026\/08\/imgregen-ai-36325-1786634827-664x374.jpg 664w, https:\/\/grupohoymexico.com\/nuevo-leon\/wp-content\/uploads\/sites\/6\/2026\/08\/imgregen-ai-36325-1786634827-688x387.jpg 688w, https:\/\/grupohoymexico.com\/nuevo-leon\/wp-content\/uploads\/sites\/6\/2026\/08\/imgregen-ai-36325-1786634827-1044x587.jpg 1044w, https:\/\/grupohoymexico.com\/nuevo-leon\/wp-content\/uploads\/sites\/6\/2026\/08\/imgregen-ai-36325-1786634827.jpg 1280w\" sizes=\"(max-width: 332px) 100vw, 332px\" \/>\t\t\t\t<\/div>\r\n\r\n\t\t\t\t\r\n\t\t\t\t\r\n\t\t\t\t<a href=\"https:\/\/grupohoymexico.com\/nuevo-leon\/2026\/07\/29\/mama-dafne-pruebas-danna-yanina-feminicidio-tamaulipas\/\" class=\"cs-overlay-link\" title=\"Mam\u00e1 de Dafne revela pruebas contra Danna Yanina por feminicidio en Tamaulipas\"><\/a>\r\n\t\t\t<\/div>\r\n\t\t\r\n\t\t<div class=\"cs-entry__inner cs-entry__content cs-entry__content-horizontal\">\r\n\t\t\t<div class=\"cs-entry__post-meta\" ><div class=\"cs-meta-category\"><ul class=\"post-categories\">\n\t<li><a href=\"https:\/\/grupohoymexico.com\/nuevo-leon\/category\/nacional\/seguridad\/\" rel=\"category tag\">Seguridad<\/a><\/li><\/ul><\/div><\/div>\r\n\t\t\t<h2 class=\"cs-entry__title\"><a href=\"https:\/\/grupohoymexico.com\/nuevo-leon\/2026\/07\/29\/mama-dafne-pruebas-danna-yanina-feminicidio-tamaulipas\/\">Mam\u00e1 de Dafne revela pruebas contra Danna Yanina por feminicidio en Tamaulipas<\/a><\/h2>\r\n\t\t\t\r\n\t\t\t<div class=\"cs-entry__post-meta\" ><div class=\"cs-meta-author\"><span class=\"cs-meta-author-by\">por<\/span><a class=\"cs-meta-author-link url fn n\" href=\"https:\/\/grupohoymexico.com\/nuevo-leon\/author\/user\/\"><span class=\"cs-meta-author-name\">Grupo Hoy<\/span><\/a><\/div><div class=\"cs-meta-date\">29 julio, 2026<\/div><\/div>\t\t<\/div>\r\n\t<\/div>\r\n<\/article>\r\n\t\t\t\t\t\t\t\t<\/div>\r\n\t\t\t\t\t\t\t<\/div>\r\n\t\t\t\t\t\t<\/div>\r\n\t\t\t\t\t\t\t\t<\/section>\r\n\t\t\t\t\t\t<\/div>\n\t\t\t\t<\/div>\n\t\t\t\t<\/div>\n\t\t\t\t<div class=\"elementor-element elementor-element-a89672f cs-dividervertical cs-divider-laptopvertical cs-divider-tabletvertical cs-divider-mobilehorizontal elementor-widget elementor-widget-cs-divider\" data-id=\"a89672f\" data-element_type=\"widget\" data-e-type=\"widget\" data-widget_type=\"cs-divider.default\">\n\t\t\t\t<div class=\"elementor-widget-container\">\n\t\t\t\t\t\t\t<section class=\"cs-divider cs-divider-vertical\"><\/section>\r\n\t\t\t\t\t\t<\/div>\n\t\t\t\t<\/div>\n\t\t<div class=\"elementor-element elementor-element-22a9b4a e-con-full e-flex e-con e-child\" data-id=\"22a9b4a\" data-element_type=\"container\" data-e-type=\"container\">\n\t\t\t\t<div class=\"elementor-element elementor-element-9ea561d elementor-widget elementor-widget-cs-posts\" data-id=\"9ea561d\" data-element_type=\"widget\" data-e-type=\"widget\" data-widget_type=\"cs-posts.default\">\n\t\t\t\t<div class=\"elementor-widget-container\">\n\t\t\t\t\t\t\t\t<section class=\"cs-posts cs-posts__standard\">\r\n\t\t\t\t\t\t\t\t\t\t<div class=\"cs-posts-area cs-posts-area-elementor \" data-posts-area=\"\">\r\n\t\t\t\t\t\t\t<div class=\"cs-posts-area__outer\">\r\n\t\t\t\t\t\t\t\t<div\r\n\t\t\t\t\t\t\t\tclass=\"cs-posts-area__main cs-posts-area__main-divider\"\r\n\t\t\t\t\t\t\t\tdata-pc=\"1\"\r\n\t\t\t\t\t\t\t\tdata-lt=\"1\"\r\n\t\t\t\t\t\t\t\tdata-tb=\"1\"\r\n\t\t\t\t\t\t\t\tdata-mb=\"1\"\r\n\t\t\t\t\t\t\t\t>\r\n\t\t\t\t\t\t\t\t\t\r\n<article class=\"post-36328 post type-post status-publish format-standard has-post-thumbnail category-seguridad tag-cartel-del-pacifico tag-el-20 tag-mazatlan tag-secretaria-de-la-defensa-nacional tag-sinaloa cs-entry cs-video-wrap\">\r\n\t<div class=\"cs-entry__outer\">\r\n\t\t\t\t\t<div class=\"cs-entry__inner cs-entry__overlay cs-entry__thumbnail cs-overlay-ratio cs-ratio-landscape-16-9\">\r\n\r\n\t\t\t\t<div class=\"cs-overlay-background\">\r\n\t\t\t\t\t<img loading=\"lazy\" decoding=\"async\" width=\"332\" height=\"187\" src=\"https:\/\/grupohoymexico.com\/nuevo-leon\/wp-content\/uploads\/sites\/6\/2026\/08\/imgregen-ai-36328-1786634833-332x187.jpg\" class=\"attachment-csco-thumbnail-uncropped size-csco-thumbnail-uncropped wp-post-image\" alt=\"\" srcset=\"https:\/\/grupohoymexico.com\/nuevo-leon\/wp-content\/uploads\/sites\/6\/2026\/08\/imgregen-ai-36328-1786634833-332x187.jpg 332w, https:\/\/grupohoymexico.com\/nuevo-leon\/wp-content\/uploads\/sites\/6\/2026\/08\/imgregen-ai-36328-1786634833-300x169.jpg 300w, https:\/\/grupohoymexico.com\/nuevo-leon\/wp-content\/uploads\/sites\/6\/2026\/08\/imgregen-ai-36328-1786634833-1024x576.jpg 1024w, https:\/\/grupohoymexico.com\/nuevo-leon\/wp-content\/uploads\/sites\/6\/2026\/08\/imgregen-ai-36328-1786634833-768x432.jpg 768w, https:\/\/grupohoymexico.com\/nuevo-leon\/wp-content\/uploads\/sites\/6\/2026\/08\/imgregen-ai-36328-1786634833-664x374.jpg 664w, https:\/\/grupohoymexico.com\/nuevo-leon\/wp-content\/uploads\/sites\/6\/2026\/08\/imgregen-ai-36328-1786634833-688x387.jpg 688w, https:\/\/grupohoymexico.com\/nuevo-leon\/wp-content\/uploads\/sites\/6\/2026\/08\/imgregen-ai-36328-1786634833-1044x587.jpg 1044w, https:\/\/grupohoymexico.com\/nuevo-leon\/wp-content\/uploads\/sites\/6\/2026\/08\/imgregen-ai-36328-1786634833.jpg 1280w\" sizes=\"(max-width: 332px) 100vw, 332px\" \/>\t\t\t\t\t<img loading=\"lazy\" decoding=\"async\" width=\"688\" height=\"387\" src=\"https:\/\/grupohoymexico.com\/nuevo-leon\/wp-content\/uploads\/sites\/6\/2026\/08\/imgregen-ai-36328-1786634833-688x387.jpg\" class=\"attachment-csco-medium size-csco-medium wp-post-image\" alt=\"\" srcset=\"https:\/\/grupohoymexico.com\/nuevo-leon\/wp-content\/uploads\/sites\/6\/2026\/08\/imgregen-ai-36328-1786634833-688x387.jpg 688w, https:\/\/grupohoymexico.com\/nuevo-leon\/wp-content\/uploads\/sites\/6\/2026\/08\/imgregen-ai-36328-1786634833-300x169.jpg 300w, https:\/\/grupohoymexico.com\/nuevo-leon\/wp-content\/uploads\/sites\/6\/2026\/08\/imgregen-ai-36328-1786634833-1024x576.jpg 1024w, https:\/\/grupohoymexico.com\/nuevo-leon\/wp-content\/uploads\/sites\/6\/2026\/08\/imgregen-ai-36328-1786634833-768x432.jpg 768w, https:\/\/grupohoymexico.com\/nuevo-leon\/wp-content\/uploads\/sites\/6\/2026\/08\/imgregen-ai-36328-1786634833-332x187.jpg 332w, https:\/\/grupohoymexico.com\/nuevo-leon\/wp-content\/uploads\/sites\/6\/2026\/08\/imgregen-ai-36328-1786634833-664x374.jpg 664w, https:\/\/grupohoymexico.com\/nuevo-leon\/wp-content\/uploads\/sites\/6\/2026\/08\/imgregen-ai-36328-1786634833-1044x587.jpg 1044w, https:\/\/grupohoymexico.com\/nuevo-leon\/wp-content\/uploads\/sites\/6\/2026\/08\/imgregen-ai-36328-1786634833.jpg 1280w\" sizes=\"(max-width: 688px) 100vw, 688px\" \/>\t\t\t\t<\/div>\r\n\r\n\t\t\t\t\r\n\t\t\t\t\r\n\t\t\t\t<a href=\"https:\/\/grupohoymexico.com\/nuevo-leon\/2026\/07\/29\/detienen-el-20-lider-cartel-pacifico-emboscada-militares-sinaloa\/\" class=\"cs-overlay-link\" title=\"Detienen a &#8216;El 20&#8217;, presunto l\u00edder del C\u00e1rtel del Pac\u00edfico ligado a emboscada militar\"><\/a>\r\n\t\t\t<\/div>\r\n\t\t\r\n\t\t<div class=\"cs-entry__inner cs-entry__content\">\r\n\r\n\t\t\t<div class=\"cs-entry__post-meta\" ><div class=\"cs-meta-category\"><ul class=\"post-categories\">\n\t<li><a href=\"https:\/\/grupohoymexico.com\/nuevo-leon\/category\/nacional\/seguridad\/\" rel=\"category tag\">Seguridad<\/a><\/li><\/ul><\/div><\/div>\r\n\t\t\t<h2 class=\"cs-entry__title\"><a href=\"https:\/\/grupohoymexico.com\/nuevo-leon\/2026\/07\/29\/detienen-el-20-lider-cartel-pacifico-emboscada-militares-sinaloa\/\">Detienen a &#8216;El 20&#8217;, presunto l\u00edder del C\u00e1rtel del Pac\u00edfico ligado a emboscada militar<\/a><\/h2>\r\n\t\t\t\r\n\t\t\t<div class=\"cs-entry__post-meta\" ><div class=\"cs-meta-author\"><span class=\"cs-meta-author-by\">por<\/span><a class=\"cs-meta-author-link url fn n\" href=\"https:\/\/grupohoymexico.com\/nuevo-leon\/author\/user\/\"><span class=\"cs-meta-author-name\">Grupo Hoy<\/span><\/a><\/div><div class=\"cs-meta-date\">29 julio, 2026<\/div><\/div>\t\t<\/div>\r\n\t<\/div>\r\n<\/article>\r\n\t\t\t\t\t\t\t\t<\/div>\r\n\t\t\t\t\t\t\t<\/div>\r\n\t\t\t\t\t\t<\/div>\r\n\t\t\t\t\t\t\t\t<\/section>\r\n\t\t\t\t\t\t<\/div>\n\t\t\t\t<\/div>\n\t\t\t\t<div class=\"elementor-element elementor-element-8ec5451 cs-dividerhorizontal cs-divider-laptophorizontal cs-divider-tablethorizontal cs-divider-mobilehorizontal elementor-widget elementor-widget-cs-divider\" data-id=\"8ec5451\" data-element_type=\"widget\" data-e-type=\"widget\" data-widget_type=\"cs-divider.default\">\n\t\t\t\t<div class=\"elementor-widget-container\">\n\t\t\t\t\t\t\t<section class=\"cs-divider cs-divider-horizontal\"><\/section>\r\n\t\t\t\t\t\t<\/div>\n\t\t\t\t<\/div>\n\t\t\t\t<div class=\"elementor-element elementor-element-b88703e elementor-widget elementor-widget-cs-posts\" data-id=\"b88703e\" data-element_type=\"widget\" data-e-type=\"widget\" data-widget_type=\"cs-posts.default\">\n\t\t\t\t<div class=\"elementor-widget-container\">\n\t\t\t\t\t\t\t\t<section class=\"cs-posts cs-posts__standard\">\r\n\t\t\t\t\t\t\t\t\t\t<div class=\"cs-posts-area cs-posts-area-elementor \" data-posts-area=\"\">\r\n\t\t\t\t\t\t\t<div class=\"cs-posts-area__outer\">\r\n\t\t\t\t\t\t\t\t<div\r\n\t\t\t\t\t\t\t\tclass=\"cs-posts-area__main cs-posts-area__main-divider\"\r\n\t\t\t\t\t\t\t\tdata-pc=\"1\"\r\n\t\t\t\t\t\t\t\tdata-lt=\"1\"\r\n\t\t\t\t\t\t\t\tdata-tb=\"1\"\r\n\t\t\t\t\t\t\t\tdata-mb=\"1\"\r\n\t\t\t\t\t\t\t\t>\r\n\t\t\t\t\t\t\t\t\t\r\n<article class=\"post-36334 post type-post status-publish format-standard has-post-thumbnail category-seguridad tag-accidente-vial tag-centro-de-monterrey tag-monterrey tag-ruta-1-pilares tag-transpais cs-entry cs-video-wrap\">\r\n\t<div class=\"cs-entry__outer\">\r\n\t\t\r\n\t\t<div class=\"cs-entry__inner cs-entry__content\">\r\n\r\n\t\t\t<div class=\"cs-entry__post-meta\" ><div class=\"cs-meta-category\"><ul class=\"post-categories\">\n\t<li><a href=\"https:\/\/grupohoymexico.com\/nuevo-leon\/category\/nacional\/seguridad\/\" rel=\"category tag\">Seguridad<\/a><\/li><\/ul><\/div><\/div>\r\n\t\t\t<h2 class=\"cs-entry__title\"><a href=\"https:\/\/grupohoymexico.com\/nuevo-leon\/2026\/07\/29\/accidente-centro-monterrey-autobus-transpais-10-lesionados\/\">Accidente en centro de Monterrey: autob\u00fas sin frenos deja 10 lesionados<\/a><\/h2>\r\n\t\t\t\r\n\t\t\t<div class=\"cs-entry__post-meta\" ><div class=\"cs-meta-author\"><span class=\"cs-meta-author-by\">por<\/span><a class=\"cs-meta-author-link url fn n\" href=\"https:\/\/grupohoymexico.com\/nuevo-leon\/author\/user\/\"><span class=\"cs-meta-author-name\">Grupo Hoy<\/span><\/a><\/div><div class=\"cs-meta-date\">29 julio, 2026<\/div><\/div>\t\t<\/div>\r\n\t<\/div>\r\n<\/article>\r\n\r\n<article class=\"post-36337 post type-post status-publish format-standard has-post-thumbnail category-seguridad tag-alzheimer tag-fiscalia-general-de-justicia-de-nuevo-leon tag-guadalupe tag-roberto-zamarron tag-valles-del-sol cs-entry cs-video-wrap\">\r\n\t<div class=\"cs-entry__outer\">\r\n\t\t\r\n\t\t<div class=\"cs-entry__inner cs-entry__content\">\r\n\r\n\t\t\t<div class=\"cs-entry__post-meta\" ><div class=\"cs-meta-category\"><ul class=\"post-categories\">\n\t<li><a href=\"https:\/\/grupohoymexico.com\/nuevo-leon\/category\/nacional\/seguridad\/\" rel=\"category tag\">Seguridad<\/a><\/li><\/ul><\/div><\/div>\r\n\t\t\t<h2 class=\"cs-entry__title\"><a href=\"https:\/\/grupohoymexico.com\/nuevo-leon\/2026\/07\/29\/madre-alzheimer-tres-dias-cuerpo-hijo-guadalupe\/\">Madre con Alzheimer pasa tres d\u00edas junto al cuerpo de su hijo en Guadalupe<\/a><\/h2>\r\n\t\t\t\r\n\t\t\t<div class=\"cs-entry__post-meta\" ><div class=\"cs-meta-author\"><span class=\"cs-meta-author-by\">por<\/span><a class=\"cs-meta-author-link url fn n\" href=\"https:\/\/grupohoymexico.com\/nuevo-leon\/author\/user\/\"><span class=\"cs-meta-author-name\">Grupo Hoy<\/span><\/a><\/div><div class=\"cs-meta-date\">29 julio, 2026<\/div><\/div>\t\t<\/div>\r\n\t<\/div>\r\n<\/article>\r\n\r\n<article class=\"post-36307 post type-post status-publish format-standard has-post-thumbnail category-nacional tag-accidentes-viales tag-carretera-nacional tag-irais-reyes tag-movimiento-ciudadano tag-nuevo-leon tag-sandra-pamanes tag-santiago cs-entry cs-video-wrap\">\r\n\t<div class=\"cs-entry__outer\">\r\n\t\t\r\n\t\t<div class=\"cs-entry__inner cs-entry__content\">\r\n\r\n\t\t\t<div class=\"cs-entry__post-meta\" ><div class=\"cs-meta-category\"><ul class=\"post-categories\">\n\t<li><a href=\"https:\/\/grupohoymexico.com\/nuevo-leon\/category\/nacional\/\" rel=\"category tag\">Nacional<\/a><\/li><\/ul><\/div><\/div>\r\n\t\t\t<h2 class=\"cs-entry__title\"><a href=\"https:\/\/grupohoymexico.com\/nuevo-leon\/2026\/07\/29\/carretera-nacional-facultades-municipios-sur-nuevo-leon\/\">Carretera Nacional: proponen dar m\u00e1s facultades a municipios del sur de NL<\/a><\/h2>\r\n\t\t\t\r\n\t\t\t<div class=\"cs-entry__post-meta\" ><div class=\"cs-meta-author\"><span class=\"cs-meta-author-by\">por<\/span><a class=\"cs-meta-author-link url fn n\" href=\"https:\/\/grupohoymexico.com\/nuevo-leon\/author\/user\/\"><span class=\"cs-meta-author-name\">Grupo Hoy<\/span><\/a><\/div><div class=\"cs-meta-date\">29 julio, 2026<\/div><\/div>\t\t<\/div>\r\n\t<\/div>\r\n<\/article>\r\n\r\n<article class=\"post-36313 post type-post status-publish format-standard has-post-thumbnail category-seguridad tag-extorsion-telefonica tag-fraude tag-mauricio-farah tag-nuevo-leon tag-san-pedro-garza-garcia tag-seguridad cs-entry cs-video-wrap\">\r\n\t<div class=\"cs-entry__outer\">\r\n\t\t\r\n\t\t<div class=\"cs-entry__inner cs-entry__content\">\r\n\r\n\t\t\t<div class=\"cs-entry__post-meta\" ><div class=\"cs-meta-category\"><ul class=\"post-categories\">\n\t<li><a href=\"https:\/\/grupohoymexico.com\/nuevo-leon\/category\/nacional\/seguridad\/\" rel=\"category tag\">Seguridad<\/a><\/li><\/ul><\/div><\/div>\r\n\t\t\t<h2 class=\"cs-entry__title\"><a href=\"https:\/\/grupohoymexico.com\/nuevo-leon\/2026\/07\/29\/extorsion-telefonica-san-pedro-municipio-mas-seguro-nuevo-leon\/\">Extorsi\u00f3n telef\u00f3nica en San Pedro persiste pese a ser el municipio m\u00e1s seguro<\/a><\/h2>\r\n\t\t\t\r\n\t\t\t<div class=\"cs-entry__post-meta\" ><div class=\"cs-meta-author\"><span class=\"cs-meta-author-by\">por<\/span><a class=\"cs-meta-author-link url fn n\" href=\"https:\/\/grupohoymexico.com\/nuevo-leon\/author\/user\/\"><span class=\"cs-meta-author-name\">Grupo Hoy<\/span><\/a><\/div><div class=\"cs-meta-date\">29 julio, 2026<\/div><\/div>\t\t<\/div>\r\n\t<\/div>\r\n<\/article>\r\n\t\t\t\t\t\t\t\t<\/div>\r\n\t\t\t\t\t\t\t<\/div>\r\n\t\t\t\t\t\t<\/div>\r\n\t\t\t\t\t\t\t\t<\/section>\r\n\t\t\t\t\t\t<\/div>\n\t\t\t\t<\/div>\n\t\t\t\t<\/div>\n\t\t\t\t<\/div>\n\t\t\t\t<div class=\"elementor-element elementor-element-21a2b47 cs-dividerhorizontal cs-divider-laptophorizontal cs-divider-tablethorizontal cs-divider-mobilehorizontal elementor-widget elementor-widget-cs-divider\" data-id=\"21a2b47\" data-element_type=\"widget\" data-e-type=\"widget\" data-widget_type=\"cs-divider.default\">\n\t\t\t\t<div class=\"elementor-widget-container\">\n\t\t\t\t\t\t\t<section class=\"cs-divider cs-divider-horizontal\"><\/section>\r\n\t\t\t\t\t\t<\/div>\n\t\t\t\t<\/div>\n\t\t\t\t\t<\/div>\n\t\t\t\t<\/div>\n\t\t<div class=\"elementor-element elementor-element-f79cada e-flex e-con-boxed e-con e-parent\" data-id=\"f79cada\" data-element_type=\"container\" data-e-type=\"container\">\n\t\t\t\t\t<div class=\"e-con-inner\">\n\t\t\t\t<div class=\"elementor-element elementor-element-343c9ba elementor-widget elementor-widget-cs-subscribe\" data-id=\"343c9ba\" data-element_type=\"widget\" data-e-type=\"widget\" data-widget_type=\"cs-subscribe.default\">\n\t\t\t\t<div class=\"elementor-widget-container\">\n\t\t\t\t\t\r\n\t\t<section class=\"cs-subscribe-elementor cs-subscribe-elementor-type-1\">\r\n\r\n\t\t\t<div class=\"cs-subscribe__content\">\r\n\t\t\t\t\t\t\t\t\t<div class=\"cs-subscribe__header\">\r\n\t\t\t\t\t\t<h2 class=\"cs-subscribe__heading\">\r\n\t\t\t\t\t\t\tMant\u00e9ngase al d\u00eda con las noticias m\u00e1s importantes\t\t\t\t\t\t<\/h2>\r\n\t\t\t\t\t<\/div>\r\n\t\t\t\t\r\n\t\t\t\t\t\t\t\t\t<form class=\"cs-subscribe__form\" action=\"https:\/\/codesupply.us13.list-manage.com\/subscribe\/post?u=41845cb8908fb4302a4df512f&amp;id=b5a5e9c757\" method=\"post\" name=\"mc-embedded-subscribe-form-el\" class=\"validate\" target=\"_blank\" novalidate=\"novalidate\">\r\n\t\t\t\t\t\t<div class=\"cs-subscribe__form-group\" data-scheme=\"light\">\r\n\t\t\t\t\t\t\t<input type=\"email\" placeholder=\"E-mail\" name=\"EMAIL\">\r\n\t\t\t\t\t\t\t<button type=\"submit\" value=\"Subscribete\" name=\"subscribe\">Subscribete<\/button>\r\n\t\t\t\t\t\t<\/div>\r\n\r\n\t\t\t\t\t\t<div class=\"cs-subscribe__form-response clear\" id=\"mce-responses\">\r\n\t\t\t\t\t\t\t<div class=\"response\" id=\"mce-error-response\" style=\"display:none\"><\/div>\r\n\t\t\t\t\t\t\t<div class=\"response\" id=\"mce-success-response\" style=\"display:none\"><\/div>\r\n\t\t\t\t\t\t<\/div>\r\n\r\n\t\t\t\t\t\t\t\t\t\t\t\t\t<div class=\"cs-subscribe__description\">\r\n\t\t\t\t\t\t\t\tAl presionar el bot\u00f3n Suscribirse, confirma que ha le\u00eddo y acepta nuestra <a href=\"\/city\/privacy-policy\/\">Pol\u00edtica de privacidad<\/a> y <a href=\"\/city\/terms-of-use\/\">T\u00e9rminos de uso<\/a>.\t\t\t\t\t\t\t<\/div>\r\n\t\t\t\t\t\t\t\t\t\t\t<\/form>\r\n\t\t\t\t\t\t\t<\/div>\r\n\r\n\t\t\t\r\n\t\t<\/section>\r\n\r\n\t\t\t\t\t\t<\/div>\n\t\t\t\t<\/div>\n\t\t\t\t\t<\/div>\n\t\t\t\t<\/div>\n\t\t<div class=\"elementor-element elementor-element-b169254 e-flex e-con-boxed e-con e-parent\" data-id=\"b169254\" data-element_type=\"container\" data-e-type=\"container\">\n\t\t\t\t\t<div class=\"e-con-inner\">\n\t\t\t\t<div class=\"elementor-element elementor-element-cee13a9 elementor-widget elementor-widget-cs-heading\" data-id=\"cee13a9\" data-element_type=\"widget\" data-e-type=\"widget\" data-widget_type=\"cs-heading.default\">\n\t\t\t\t<div class=\"elementor-widget-container\">\n\t\t\t\t\t\t\t\t\t\t<section class=\"cs-heading\">\r\n\t\t\t\t<div class=\"cs-heading__container \">\r\n\t\t\t\t\t<h2 class=\"cs-heading__content\">\r\n\t\t\t\t\t\tInternacional - Pol\u00edtica - Columnas\t\t\t\t\t<\/h2>\r\n\r\n\t\t\t\t\t\t\t\t\t<\/div>\r\n\t\t\t<\/section>\r\n\t\t\t\t\t\t\t\t<\/div>\n\t\t\t\t<\/div>\n\t\t<div class=\"elementor-element elementor-element-af070fa e-con-full e-flex e-con e-child\" data-id=\"af070fa\" data-element_type=\"container\" data-e-type=\"container\">\n\t\t<div class=\"elementor-element elementor-element-e524cad e-con-full e-flex e-con e-child\" data-id=\"e524cad\" data-element_type=\"container\" data-e-type=\"container\">\n\t\t\t\t<div class=\"elementor-element elementor-element-8edeedf elementor-widget elementor-widget-cs-posts\" data-id=\"8edeedf\" data-element_type=\"widget\" data-e-type=\"widget\" data-widget_type=\"cs-posts.default\">\n\t\t\t\t<div class=\"elementor-widget-container\">\n\t\t\t\t\t\t\t\t<section class=\"cs-posts cs-posts__standard\">\r\n\t\t\t\t\t\t\t\t\t\t<div class=\"cs-posts-area cs-posts-area-elementor \" data-posts-area=\"\">\r\n\t\t\t\t\t\t\t<div class=\"cs-posts-area__outer\">\r\n\t\t\t\t\t\t\t\t<div\r\n\t\t\t\t\t\t\t\tclass=\"cs-posts-area__main cs-posts-area__main-divider\"\r\n\t\t\t\t\t\t\t\tdata-pc=\"1\"\r\n\t\t\t\t\t\t\t\tdata-lt=\"1\"\r\n\t\t\t\t\t\t\t\tdata-tb=\"1\"\r\n\t\t\t\t\t\t\t\tdata-mb=\"1\"\r\n\t\t\t\t\t\t\t\t>\r\n\t\t\t\t\t\t\t\t\t\r\n<article class=\"post-36517 post type-post status-publish format-standard has-post-thumbnail category-nuevo-leon category-politica tag-educacion tag-ley-de-educacion tag-nuevo-leon cs-entry cs-video-wrap\">\r\n\t<div class=\"cs-entry__outer\">\r\n\t\t\t\t\t<div class=\"cs-entry__inner cs-entry__overlay cs-entry__thumbnail cs-overlay-ratio cs-ratio-landscape-16-9\">\r\n\r\n\t\t\t\t<div class=\"cs-overlay-background\">\r\n\t\t\t\t\t<img loading=\"lazy\" decoding=\"async\" width=\"332\" height=\"185\" src=\"https:\/\/grupohoymexico.com\/nuevo-leon\/wp-content\/uploads\/sites\/6\/2026\/08\/imgregen-ai-36517-1787336219-332x185.jpg\" class=\"attachment-csco-thumbnail-uncropped size-csco-thumbnail-uncropped wp-post-image\" alt=\"Ley de Educaci\u00f3n en Nuevo Le\u00f3n\" srcset=\"https:\/\/grupohoymexico.com\/nuevo-leon\/wp-content\/uploads\/sites\/6\/2026\/08\/imgregen-ai-36517-1787336219-332x185.jpg 332w, https:\/\/grupohoymexico.com\/nuevo-leon\/wp-content\/uploads\/sites\/6\/2026\/08\/imgregen-ai-36517-1787336219-300x167.jpg 300w, https:\/\/grupohoymexico.com\/nuevo-leon\/wp-content\/uploads\/sites\/6\/2026\/08\/imgregen-ai-36517-1787336219-1024x572.jpg 1024w, https:\/\/grupohoymexico.com\/nuevo-leon\/wp-content\/uploads\/sites\/6\/2026\/08\/imgregen-ai-36517-1787336219-768x429.jpg 768w, https:\/\/grupohoymexico.com\/nuevo-leon\/wp-content\/uploads\/sites\/6\/2026\/08\/imgregen-ai-36517-1787336219-1536x857.jpg 1536w, https:\/\/grupohoymexico.com\/nuevo-leon\/wp-content\/uploads\/sites\/6\/2026\/08\/imgregen-ai-36517-1787336219-664x371.jpg 664w, https:\/\/grupohoymexico.com\/nuevo-leon\/wp-content\/uploads\/sites\/6\/2026\/08\/imgregen-ai-36517-1787336219-688x384.jpg 688w, https:\/\/grupohoymexico.com\/nuevo-leon\/wp-content\/uploads\/sites\/6\/2026\/08\/imgregen-ai-36517-1787336219-1044x583.jpg 1044w, https:\/\/grupohoymexico.com\/nuevo-leon\/wp-content\/uploads\/sites\/6\/2026\/08\/imgregen-ai-36517-1787336219-1400x781.jpg 1400w, https:\/\/grupohoymexico.com\/nuevo-leon\/wp-content\/uploads\/sites\/6\/2026\/08\/imgregen-ai-36517-1787336219.jpg 1600w\" sizes=\"(max-width: 332px) 100vw, 332px\" \/>\t\t\t\t\t<img loading=\"lazy\" decoding=\"async\" width=\"688\" height=\"387\" src=\"https:\/\/grupohoymexico.com\/nuevo-leon\/wp-content\/uploads\/sites\/6\/2026\/08\/imgregen-ai-36517-1787336219-688x387.jpg\" class=\"attachment-csco-medium size-csco-medium wp-post-image\" alt=\"Ley de Educaci\u00f3n en Nuevo Le\u00f3n\" srcset=\"https:\/\/grupohoymexico.com\/nuevo-leon\/wp-content\/uploads\/sites\/6\/2026\/08\/imgregen-ai-36517-1787336219-688x387.jpg 688w, https:\/\/grupohoymexico.com\/nuevo-leon\/wp-content\/uploads\/sites\/6\/2026\/08\/imgregen-ai-36517-1787336219-332x186.jpg 332w, https:\/\/grupohoymexico.com\/nuevo-leon\/wp-content\/uploads\/sites\/6\/2026\/08\/imgregen-ai-36517-1787336219-1376x774.jpg 1376w, https:\/\/grupohoymexico.com\/nuevo-leon\/wp-content\/uploads\/sites\/6\/2026\/08\/imgregen-ai-36517-1787336219-1044x587.jpg 1044w\" sizes=\"(max-width: 688px) 100vw, 688px\" \/>\t\t\t\t<\/div>\r\n\r\n\t\t\t\t\r\n\t\t\t\t\r\n\t\t\t\t<a href=\"https:\/\/grupohoymexico.com\/nuevo-leon\/2026\/08\/21\/nuevo-leon-arranca-clases-con-la-ley-de-educacion-a-medias-esto-es-lo-que-falta\/\" class=\"cs-overlay-link\" title=\"Nuevo Le\u00f3n arranca clases con la Ley de Educaci\u00f3n a medias: esto es lo que falta\"><\/a>\r\n\t\t\t<\/div>\r\n\t\t\r\n\t\t<div class=\"cs-entry__inner cs-entry__content\">\r\n\r\n\t\t\t<div class=\"cs-entry__post-meta\" ><div class=\"cs-meta-category\"><ul class=\"post-categories\">\n\t<li><a href=\"https:\/\/grupohoymexico.com\/nuevo-leon\/category\/nuevo-leon\/\" rel=\"category tag\">Nuevo Le\u00f3n<\/a><\/li>\n\t<li><a href=\"https:\/\/grupohoymexico.com\/nuevo-leon\/category\/politica\/\" rel=\"category tag\">Pol\u00edtica<\/a><\/li><\/ul><\/div><\/div>\r\n\t\t\t<h2 class=\"cs-entry__title\"><a href=\"https:\/\/grupohoymexico.com\/nuevo-leon\/2026\/08\/21\/nuevo-leon-arranca-clases-con-la-ley-de-educacion-a-medias-esto-es-lo-que-falta\/\">Nuevo Le\u00f3n arranca clases con la Ley de Educaci\u00f3n a medias: esto es lo que falta<\/a><\/h2>\r\n\t\t\t\r\n\t\t\t<div class=\"cs-entry__post-meta\" ><div class=\"cs-meta-author\"><span class=\"cs-meta-author-by\">por<\/span><a class=\"cs-meta-author-link url fn n\" href=\"https:\/\/grupohoymexico.com\/nuevo-leon\/author\/user\/\"><span class=\"cs-meta-author-name\">Grupo Hoy<\/span><\/a><\/div><div class=\"cs-meta-date\">21 agosto, 2026<\/div><\/div>\t\t<\/div>\r\n\t<\/div>\r\n<\/article>\r\n\t\t\t\t\t\t\t\t<\/div>\r\n\t\t\t\t\t\t\t<\/div>\r\n\t\t\t\t\t\t<\/div>\r\n\t\t\t\t\t\t\t\t<\/section>\r\n\t\t\t\t\t\t<\/div>\n\t\t\t\t<\/div>\n\t\t\t\t<div class=\"elementor-element elementor-element-bb99954 cs-dividerhorizontal cs-divider-laptophorizontal cs-divider-tablethorizontal cs-divider-mobilehorizontal elementor-widget elementor-widget-cs-divider\" data-id=\"bb99954\" data-element_type=\"widget\" data-e-type=\"widget\" data-widget_type=\"cs-divider.default\">\n\t\t\t\t<div class=\"elementor-widget-container\">\n\t\t\t\t\t\t\t<section class=\"cs-divider cs-divider-horizontal\"><\/section>\r\n\t\t\t\t\t\t<\/div>\n\t\t\t\t<\/div>\n\t\t\t\t<div class=\"elementor-element elementor-element-49a0037 elementor-widget elementor-widget-cs-posts\" data-id=\"49a0037\" data-element_type=\"widget\" data-e-type=\"widget\" data-widget_type=\"cs-posts.default\">\n\t\t\t\t<div class=\"elementor-widget-container\">\n\t\t\t\t\t\t\t\t<section class=\"cs-posts cs-posts__horizontal\">\r\n\t\t\t\t\t\t\t\t\t\t<div class=\"cs-posts-area cs-posts-area-elementor \" data-posts-area=\"\">\r\n\t\t\t\t\t\t\t<div class=\"cs-posts-area__outer\">\r\n\t\t\t\t\t\t\t\t<div\r\n\t\t\t\t\t\t\t\tclass=\"cs-posts-area__main cs-posts-area__main-divider\"\r\n\t\t\t\t\t\t\t\tdata-pc=\"1\"\r\n\t\t\t\t\t\t\t\tdata-lt=\"1\"\r\n\t\t\t\t\t\t\t\tdata-tb=\"1\"\r\n\t\t\t\t\t\t\t\tdata-mb=\"1\"\r\n\t\t\t\t\t\t\t\t>\r\n\t\t\t\t\t\t\t\t\t\r\n<article class=\"post-36475 post type-post status-publish format-standard has-post-thumbnail category-nuevo-leon category-politica tag-nuevo-leon tag-secretaria-de-las-mujeres tag-violencia-de-genero cs-entry cs-video-wrap\">\r\n\t<div class=\"cs-entry__outer cs-entry__outer-small cs-entry__outer-thumbnail-left\">\r\n\t\t\t\t\t<div class=\"cs-entry__inner cs-entry__overlay cs-entry__thumbnail cs-overlay-ratio cs-ratio-square\">\r\n\r\n\t\t\t\t<div class=\"cs-overlay-background\">\r\n\t\t\t\t\t<img loading=\"lazy\" decoding=\"async\" width=\"332\" height=\"185\" src=\"https:\/\/grupohoymexico.com\/nuevo-leon\/wp-content\/uploads\/sites\/6\/2026\/08\/imgregen-ai-36475-1787335000-332x185.jpg\" class=\"attachment-csco-thumbnail-uncropped size-csco-thumbnail-uncropped wp-post-image\" alt=\"Atenci\u00f3n a v\u00edctimas en Nuevo Le\u00f3n\" srcset=\"https:\/\/grupohoymexico.com\/nuevo-leon\/wp-content\/uploads\/sites\/6\/2026\/08\/imgregen-ai-36475-1787335000-332x185.jpg 332w, https:\/\/grupohoymexico.com\/nuevo-leon\/wp-content\/uploads\/sites\/6\/2026\/08\/imgregen-ai-36475-1787335000-300x167.jpg 300w, https:\/\/grupohoymexico.com\/nuevo-leon\/wp-content\/uploads\/sites\/6\/2026\/08\/imgregen-ai-36475-1787335000-1024x572.jpg 1024w, https:\/\/grupohoymexico.com\/nuevo-leon\/wp-content\/uploads\/sites\/6\/2026\/08\/imgregen-ai-36475-1787335000-768x429.jpg 768w, https:\/\/grupohoymexico.com\/nuevo-leon\/wp-content\/uploads\/sites\/6\/2026\/08\/imgregen-ai-36475-1787335000-1536x857.jpg 1536w, https:\/\/grupohoymexico.com\/nuevo-leon\/wp-content\/uploads\/sites\/6\/2026\/08\/imgregen-ai-36475-1787335000-664x371.jpg 664w, https:\/\/grupohoymexico.com\/nuevo-leon\/wp-content\/uploads\/sites\/6\/2026\/08\/imgregen-ai-36475-1787335000-688x384.jpg 688w, https:\/\/grupohoymexico.com\/nuevo-leon\/wp-content\/uploads\/sites\/6\/2026\/08\/imgregen-ai-36475-1787335000-1044x583.jpg 1044w, https:\/\/grupohoymexico.com\/nuevo-leon\/wp-content\/uploads\/sites\/6\/2026\/08\/imgregen-ai-36475-1787335000-1400x781.jpg 1400w, https:\/\/grupohoymexico.com\/nuevo-leon\/wp-content\/uploads\/sites\/6\/2026\/08\/imgregen-ai-36475-1787335000.jpg 1600w\" sizes=\"(max-width: 332px) 100vw, 332px\" \/>\t\t\t\t\t<img loading=\"lazy\" decoding=\"async\" width=\"688\" height=\"384\" src=\"https:\/\/grupohoymexico.com\/nuevo-leon\/wp-content\/uploads\/sites\/6\/2026\/08\/imgregen-ai-36475-1787335000-688x384.jpg\" class=\"attachment-csco-medium-uncropped size-csco-medium-uncropped wp-post-image\" alt=\"Atenci\u00f3n a v\u00edctimas en Nuevo Le\u00f3n\" srcset=\"https:\/\/grupohoymexico.com\/nuevo-leon\/wp-content\/uploads\/sites\/6\/2026\/08\/imgregen-ai-36475-1787335000-688x384.jpg 688w, https:\/\/grupohoymexico.com\/nuevo-leon\/wp-content\/uploads\/sites\/6\/2026\/08\/imgregen-ai-36475-1787335000-300x167.jpg 300w, https:\/\/grupohoymexico.com\/nuevo-leon\/wp-content\/uploads\/sites\/6\/2026\/08\/imgregen-ai-36475-1787335000-1024x572.jpg 1024w, https:\/\/grupohoymexico.com\/nuevo-leon\/wp-content\/uploads\/sites\/6\/2026\/08\/imgregen-ai-36475-1787335000-768x429.jpg 768w, https:\/\/grupohoymexico.com\/nuevo-leon\/wp-content\/uploads\/sites\/6\/2026\/08\/imgregen-ai-36475-1787335000-1536x857.jpg 1536w, https:\/\/grupohoymexico.com\/nuevo-leon\/wp-content\/uploads\/sites\/6\/2026\/08\/imgregen-ai-36475-1787335000-332x185.jpg 332w, https:\/\/grupohoymexico.com\/nuevo-leon\/wp-content\/uploads\/sites\/6\/2026\/08\/imgregen-ai-36475-1787335000-664x371.jpg 664w, https:\/\/grupohoymexico.com\/nuevo-leon\/wp-content\/uploads\/sites\/6\/2026\/08\/imgregen-ai-36475-1787335000-1044x583.jpg 1044w, https:\/\/grupohoymexico.com\/nuevo-leon\/wp-content\/uploads\/sites\/6\/2026\/08\/imgregen-ai-36475-1787335000-1400x781.jpg 1400w, https:\/\/grupohoymexico.com\/nuevo-leon\/wp-content\/uploads\/sites\/6\/2026\/08\/imgregen-ai-36475-1787335000.jpg 1600w\" sizes=\"(max-width: 688px) 100vw, 688px\" \/>\t\t\t\t<\/div>\r\n\r\n\t\t\t\t\r\n\t\t\t\t\r\n\t\t\t\t<a href=\"https:\/\/grupohoymexico.com\/nuevo-leon\/2026\/08\/21\/nuevo-leon-es-lider-nacional-en-atencion-a-victimas-asi-capacito-a-500-funcionarios\/\" class=\"cs-overlay-link\" title=\"Nuevo Le\u00f3n es l\u00edder nacional en atenci\u00f3n a v\u00edctimas: as\u00ed capacit\u00f3 a 500 funcionarios\"><\/a>\r\n\t\t\t<\/div>\r\n\t\t\r\n\t\t<div class=\"cs-entry__inner cs-entry__content cs-entry__content-horizontal\">\r\n\t\t\t<div class=\"cs-entry__post-meta\" ><div class=\"cs-meta-category\"><ul class=\"post-categories\">\n\t<li><a href=\"https:\/\/grupohoymexico.com\/nuevo-leon\/category\/nuevo-leon\/\" rel=\"category tag\">Nuevo Le\u00f3n<\/a><\/li>\n\t<li><a href=\"https:\/\/grupohoymexico.com\/nuevo-leon\/category\/politica\/\" rel=\"category tag\">Pol\u00edtica<\/a><\/li><\/ul><\/div><\/div>\r\n\t\t\t<h2 class=\"cs-entry__title\"><a href=\"https:\/\/grupohoymexico.com\/nuevo-leon\/2026\/08\/21\/nuevo-leon-es-lider-nacional-en-atencion-a-victimas-asi-capacito-a-500-funcionarios\/\">Nuevo Le\u00f3n es l\u00edder nacional en atenci\u00f3n a v\u00edctimas: as\u00ed capacit\u00f3 a 500 funcionarios<\/a><\/h2>\r\n\t\t\t\r\n\t\t\t<div class=\"cs-entry__post-meta\" ><div class=\"cs-meta-author\"><span class=\"cs-meta-author-by\">por<\/span><a class=\"cs-meta-author-link url fn n\" href=\"https:\/\/grupohoymexico.com\/nuevo-leon\/author\/user\/\"><span class=\"cs-meta-author-name\">Grupo Hoy<\/span><\/a><\/div><\/div>\t\t<\/div>\r\n\t<\/div>\r\n<\/article>\r\n\r\n<article class=\"post-36349 post type-post status-publish format-standard has-post-thumbnail category-politica tag-academia-militarizada tag-educacion tag-euripides-flores tag-nuevo-leon tag-puebla tag-sep tag-validez-oficial cs-entry cs-video-wrap\">\r\n\t<div class=\"cs-entry__outer cs-entry__outer-small cs-entry__outer-thumbnail-left\">\r\n\t\t\t\t\t<div class=\"cs-entry__inner cs-entry__overlay cs-entry__thumbnail cs-overlay-ratio cs-ratio-square\">\r\n\r\n\t\t\t\t<div class=\"cs-overlay-background\">\r\n\t\t\t\t\t<img loading=\"lazy\" decoding=\"async\" width=\"332\" height=\"187\" src=\"https:\/\/grupohoymexico.com\/nuevo-leon\/wp-content\/uploads\/sites\/6\/2026\/08\/imgregen-ai-36349-1786634671-332x187.jpg\" class=\"attachment-csco-thumbnail-uncropped size-csco-thumbnail-uncropped wp-post-image\" alt=\"\" srcset=\"https:\/\/grupohoymexico.com\/nuevo-leon\/wp-content\/uploads\/sites\/6\/2026\/08\/imgregen-ai-36349-1786634671-332x187.jpg 332w, https:\/\/grupohoymexico.com\/nuevo-leon\/wp-content\/uploads\/sites\/6\/2026\/08\/imgregen-ai-36349-1786634671-300x169.jpg 300w, https:\/\/grupohoymexico.com\/nuevo-leon\/wp-content\/uploads\/sites\/6\/2026\/08\/imgregen-ai-36349-1786634671-1024x576.jpg 1024w, https:\/\/grupohoymexico.com\/nuevo-leon\/wp-content\/uploads\/sites\/6\/2026\/08\/imgregen-ai-36349-1786634671-768x432.jpg 768w, https:\/\/grupohoymexico.com\/nuevo-leon\/wp-content\/uploads\/sites\/6\/2026\/08\/imgregen-ai-36349-1786634671-664x374.jpg 664w, https:\/\/grupohoymexico.com\/nuevo-leon\/wp-content\/uploads\/sites\/6\/2026\/08\/imgregen-ai-36349-1786634671-688x387.jpg 688w, https:\/\/grupohoymexico.com\/nuevo-leon\/wp-content\/uploads\/sites\/6\/2026\/08\/imgregen-ai-36349-1786634671-1044x587.jpg 1044w, https:\/\/grupohoymexico.com\/nuevo-leon\/wp-content\/uploads\/sites\/6\/2026\/08\/imgregen-ai-36349-1786634671.jpg 1280w\" sizes=\"(max-width: 332px) 100vw, 332px\" \/>\t\t\t\t\t<img loading=\"lazy\" decoding=\"async\" width=\"688\" height=\"387\" src=\"https:\/\/grupohoymexico.com\/nuevo-leon\/wp-content\/uploads\/sites\/6\/2026\/08\/imgregen-ai-36349-1786634671-688x387.jpg\" class=\"attachment-csco-medium-uncropped size-csco-medium-uncropped wp-post-image\" alt=\"\" srcset=\"https:\/\/grupohoymexico.com\/nuevo-leon\/wp-content\/uploads\/sites\/6\/2026\/08\/imgregen-ai-36349-1786634671-688x387.jpg 688w, https:\/\/grupohoymexico.com\/nuevo-leon\/wp-content\/uploads\/sites\/6\/2026\/08\/imgregen-ai-36349-1786634671-300x169.jpg 300w, https:\/\/grupohoymexico.com\/nuevo-leon\/wp-content\/uploads\/sites\/6\/2026\/08\/imgregen-ai-36349-1786634671-1024x576.jpg 1024w, https:\/\/grupohoymexico.com\/nuevo-leon\/wp-content\/uploads\/sites\/6\/2026\/08\/imgregen-ai-36349-1786634671-768x432.jpg 768w, https:\/\/grupohoymexico.com\/nuevo-leon\/wp-content\/uploads\/sites\/6\/2026\/08\/imgregen-ai-36349-1786634671-332x187.jpg 332w, https:\/\/grupohoymexico.com\/nuevo-leon\/wp-content\/uploads\/sites\/6\/2026\/08\/imgregen-ai-36349-1786634671-664x374.jpg 664w, https:\/\/grupohoymexico.com\/nuevo-leon\/wp-content\/uploads\/sites\/6\/2026\/08\/imgregen-ai-36349-1786634671-1044x587.jpg 1044w, https:\/\/grupohoymexico.com\/nuevo-leon\/wp-content\/uploads\/sites\/6\/2026\/08\/imgregen-ai-36349-1786634671.jpg 1280w\" sizes=\"(max-width: 688px) 100vw, 688px\" \/>\t\t\t\t<\/div>\r\n\r\n\t\t\t\t\r\n\t\t\t\t\r\n\t\t\t\t<a href=\"https:\/\/grupohoymexico.com\/nuevo-leon\/2026\/07\/29\/sep-cierra-academia-militarizada-puebla-modelo-no-autorizado\/\" class=\"cs-overlay-link\" title=\"SEP cierra academia militarizada en Puebla: \u00bfqu\u00e9 sigue para NL?\"><\/a>\r\n\t\t\t<\/div>\r\n\t\t\r\n\t\t<div class=\"cs-entry__inner cs-entry__content cs-entry__content-horizontal\">\r\n\t\t\t<div class=\"cs-entry__post-meta\" ><div class=\"cs-meta-category\"><ul class=\"post-categories\">\n\t<li><a href=\"https:\/\/grupohoymexico.com\/nuevo-leon\/category\/politica\/\" rel=\"category tag\">Pol\u00edtica<\/a><\/li><\/ul><\/div><\/div>\r\n\t\t\t<h2 class=\"cs-entry__title\"><a href=\"https:\/\/grupohoymexico.com\/nuevo-leon\/2026\/07\/29\/sep-cierra-academia-militarizada-puebla-modelo-no-autorizado\/\">SEP cierra academia militarizada en Puebla: \u00bfqu\u00e9 sigue para NL?<\/a><\/h2>\r\n\t\t\t\r\n\t\t\t<div class=\"cs-entry__post-meta\" ><div class=\"cs-meta-author\"><span class=\"cs-meta-author-by\">por<\/span><a class=\"cs-meta-author-link url fn n\" href=\"https:\/\/grupohoymexico.com\/nuevo-leon\/author\/user\/\"><span class=\"cs-meta-author-name\">Grupo Hoy<\/span><\/a><\/div><\/div>\t\t<\/div>\r\n\t<\/div>\r\n<\/article>\r\n\r\n<article class=\"post-36331 post type-post status-publish format-standard has-post-thumbnail category-politica tag-claudia-sheinbaum tag-libertad-de-expresion tag-luisa-maria-alcalde tag-nuevo-leon tag-radio-y-television cs-entry cs-video-wrap\">\r\n\t<div class=\"cs-entry__outer cs-entry__outer-small cs-entry__outer-thumbnail-left\">\r\n\t\t\t\t\t<div class=\"cs-entry__inner cs-entry__overlay cs-entry__thumbnail cs-overlay-ratio cs-ratio-square\">\r\n\r\n\t\t\t\t<div class=\"cs-overlay-background\">\r\n\t\t\t\t\t<img loading=\"lazy\" decoding=\"async\" width=\"332\" height=\"187\" src=\"https:\/\/grupohoymexico.com\/nuevo-leon\/wp-content\/uploads\/sites\/6\/2026\/08\/imgregen-ai-36331-1786634840-332x187.jpg\" class=\"attachment-csco-thumbnail-uncropped size-csco-thumbnail-uncropped wp-post-image\" alt=\"\" srcset=\"https:\/\/grupohoymexico.com\/nuevo-leon\/wp-content\/uploads\/sites\/6\/2026\/08\/imgregen-ai-36331-1786634840-332x187.jpg 332w, https:\/\/grupohoymexico.com\/nuevo-leon\/wp-content\/uploads\/sites\/6\/2026\/08\/imgregen-ai-36331-1786634840-300x169.jpg 300w, https:\/\/grupohoymexico.com\/nuevo-leon\/wp-content\/uploads\/sites\/6\/2026\/08\/imgregen-ai-36331-1786634840-1024x576.jpg 1024w, https:\/\/grupohoymexico.com\/nuevo-leon\/wp-content\/uploads\/sites\/6\/2026\/08\/imgregen-ai-36331-1786634840-768x432.jpg 768w, https:\/\/grupohoymexico.com\/nuevo-leon\/wp-content\/uploads\/sites\/6\/2026\/08\/imgregen-ai-36331-1786634840-664x374.jpg 664w, https:\/\/grupohoymexico.com\/nuevo-leon\/wp-content\/uploads\/sites\/6\/2026\/08\/imgregen-ai-36331-1786634840-688x387.jpg 688w, https:\/\/grupohoymexico.com\/nuevo-leon\/wp-content\/uploads\/sites\/6\/2026\/08\/imgregen-ai-36331-1786634840-1044x587.jpg 1044w, https:\/\/grupohoymexico.com\/nuevo-leon\/wp-content\/uploads\/sites\/6\/2026\/08\/imgregen-ai-36331-1786634840.jpg 1280w\" sizes=\"(max-width: 332px) 100vw, 332px\" \/>\t\t\t\t\t<img loading=\"lazy\" decoding=\"async\" width=\"688\" height=\"387\" src=\"https:\/\/grupohoymexico.com\/nuevo-leon\/wp-content\/uploads\/sites\/6\/2026\/08\/imgregen-ai-36331-1786634840-688x387.jpg\" class=\"attachment-csco-medium-uncropped size-csco-medium-uncropped wp-post-image\" alt=\"\" srcset=\"https:\/\/grupohoymexico.com\/nuevo-leon\/wp-content\/uploads\/sites\/6\/2026\/08\/imgregen-ai-36331-1786634840-688x387.jpg 688w, https:\/\/grupohoymexico.com\/nuevo-leon\/wp-content\/uploads\/sites\/6\/2026\/08\/imgregen-ai-36331-1786634840-300x169.jpg 300w, https:\/\/grupohoymexico.com\/nuevo-leon\/wp-content\/uploads\/sites\/6\/2026\/08\/imgregen-ai-36331-1786634840-1024x576.jpg 1024w, https:\/\/grupohoymexico.com\/nuevo-leon\/wp-content\/uploads\/sites\/6\/2026\/08\/imgregen-ai-36331-1786634840-768x432.jpg 768w, https:\/\/grupohoymexico.com\/nuevo-leon\/wp-content\/uploads\/sites\/6\/2026\/08\/imgregen-ai-36331-1786634840-332x187.jpg 332w, https:\/\/grupohoymexico.com\/nuevo-leon\/wp-content\/uploads\/sites\/6\/2026\/08\/imgregen-ai-36331-1786634840-664x374.jpg 664w, https:\/\/grupohoymexico.com\/nuevo-leon\/wp-content\/uploads\/sites\/6\/2026\/08\/imgregen-ai-36331-1786634840-1044x587.jpg 1044w, https:\/\/grupohoymexico.com\/nuevo-leon\/wp-content\/uploads\/sites\/6\/2026\/08\/imgregen-ai-36331-1786634840.jpg 1280w\" sizes=\"(max-width: 688px) 100vw, 688px\" \/>\t\t\t\t<\/div>\r\n\r\n\t\t\t\t\r\n\t\t\t\t\r\n\t\t\t\t<a href=\"https:\/\/grupohoymexico.com\/nuevo-leon\/2026\/07\/29\/gobierno-federal-regular-contenidos-radio-tv-censura\/\" class=\"cs-overlay-link\" title=\"Gobierno federal busca regular contenidos en radio y TV; industria alerta censura\"><\/a>\r\n\t\t\t<\/div>\r\n\t\t\r\n\t\t<div class=\"cs-entry__inner cs-entry__content cs-entry__content-horizontal\">\r\n\t\t\t<div class=\"cs-entry__post-meta\" ><div class=\"cs-meta-category\"><ul class=\"post-categories\">\n\t<li><a href=\"https:\/\/grupohoymexico.com\/nuevo-leon\/category\/politica\/\" rel=\"category tag\">Pol\u00edtica<\/a><\/li><\/ul><\/div><\/div>\r\n\t\t\t<h2 class=\"cs-entry__title\"><a href=\"https:\/\/grupohoymexico.com\/nuevo-leon\/2026\/07\/29\/gobierno-federal-regular-contenidos-radio-tv-censura\/\">Gobierno federal busca regular contenidos en radio y TV; industria alerta censura<\/a><\/h2>\r\n\t\t\t\r\n\t\t\t<div class=\"cs-entry__post-meta\" ><div class=\"cs-meta-author\"><span class=\"cs-meta-author-by\">por<\/span><a class=\"cs-meta-author-link url fn n\" href=\"https:\/\/grupohoymexico.com\/nuevo-leon\/author\/user\/\"><span class=\"cs-meta-author-name\">Grupo Hoy<\/span><\/a><\/div><\/div>\t\t<\/div>\r\n\t<\/div>\r\n<\/article>\r\n\r\n<article class=\"post-36304 post type-post status-publish format-standard has-post-thumbnail category-politica tag-andres-mijes tag-cuarta-transformacion tag-escobedo tag-garcia tag-linares tag-morena tag-nuevo-leon cs-entry cs-video-wrap\">\r\n\t<div class=\"cs-entry__outer cs-entry__outer-small cs-entry__outer-thumbnail-left\">\r\n\t\t\t\t\t<div class=\"cs-entry__inner cs-entry__overlay cs-entry__thumbnail cs-overlay-ratio cs-ratio-square\">\r\n\r\n\t\t\t\t<div class=\"cs-overlay-background\">\r\n\t\t\t\t\t<img loading=\"lazy\" decoding=\"async\" width=\"332\" height=\"187\" src=\"https:\/\/grupohoymexico.com\/nuevo-leon\/wp-content\/uploads\/sites\/6\/2026\/08\/imgregen-ai-36304-1786634857-332x187.jpg\" class=\"attachment-csco-thumbnail-uncropped size-csco-thumbnail-uncropped wp-post-image\" alt=\"\" srcset=\"https:\/\/grupohoymexico.com\/nuevo-leon\/wp-content\/uploads\/sites\/6\/2026\/08\/imgregen-ai-36304-1786634857-332x187.jpg 332w, https:\/\/grupohoymexico.com\/nuevo-leon\/wp-content\/uploads\/sites\/6\/2026\/08\/imgregen-ai-36304-1786634857-300x169.jpg 300w, https:\/\/grupohoymexico.com\/nuevo-leon\/wp-content\/uploads\/sites\/6\/2026\/08\/imgregen-ai-36304-1786634857-1024x576.jpg 1024w, https:\/\/grupohoymexico.com\/nuevo-leon\/wp-content\/uploads\/sites\/6\/2026\/08\/imgregen-ai-36304-1786634857-768x432.jpg 768w, https:\/\/grupohoymexico.com\/nuevo-leon\/wp-content\/uploads\/sites\/6\/2026\/08\/imgregen-ai-36304-1786634857-1536x864.jpg 1536w, https:\/\/grupohoymexico.com\/nuevo-leon\/wp-content\/uploads\/sites\/6\/2026\/08\/imgregen-ai-36304-1786634857-664x374.jpg 664w, https:\/\/grupohoymexico.com\/nuevo-leon\/wp-content\/uploads\/sites\/6\/2026\/08\/imgregen-ai-36304-1786634857-688x387.jpg 688w, https:\/\/grupohoymexico.com\/nuevo-leon\/wp-content\/uploads\/sites\/6\/2026\/08\/imgregen-ai-36304-1786634857-1376x774.jpg 1376w, https:\/\/grupohoymexico.com\/nuevo-leon\/wp-content\/uploads\/sites\/6\/2026\/08\/imgregen-ai-36304-1786634857-1044x587.jpg 1044w, https:\/\/grupohoymexico.com\/nuevo-leon\/wp-content\/uploads\/sites\/6\/2026\/08\/imgregen-ai-36304-1786634857-1400x788.jpg 1400w, https:\/\/grupohoymexico.com\/nuevo-leon\/wp-content\/uploads\/sites\/6\/2026\/08\/imgregen-ai-36304-1786634857.jpg 1600w\" sizes=\"(max-width: 332px) 100vw, 332px\" \/>\t\t\t\t\t<img loading=\"lazy\" decoding=\"async\" width=\"688\" height=\"387\" src=\"https:\/\/grupohoymexico.com\/nuevo-leon\/wp-content\/uploads\/sites\/6\/2026\/08\/imgregen-ai-36304-1786634857-688x387.jpg\" class=\"attachment-csco-medium-uncropped size-csco-medium-uncropped wp-post-image\" alt=\"\" srcset=\"https:\/\/grupohoymexico.com\/nuevo-leon\/wp-content\/uploads\/sites\/6\/2026\/08\/imgregen-ai-36304-1786634857-688x387.jpg 688w, https:\/\/grupohoymexico.com\/nuevo-leon\/wp-content\/uploads\/sites\/6\/2026\/08\/imgregen-ai-36304-1786634857-300x169.jpg 300w, https:\/\/grupohoymexico.com\/nuevo-leon\/wp-content\/uploads\/sites\/6\/2026\/08\/imgregen-ai-36304-1786634857-1024x576.jpg 1024w, https:\/\/grupohoymexico.com\/nuevo-leon\/wp-content\/uploads\/sites\/6\/2026\/08\/imgregen-ai-36304-1786634857-768x432.jpg 768w, https:\/\/grupohoymexico.com\/nuevo-leon\/wp-content\/uploads\/sites\/6\/2026\/08\/imgregen-ai-36304-1786634857-1536x864.jpg 1536w, https:\/\/grupohoymexico.com\/nuevo-leon\/wp-content\/uploads\/sites\/6\/2026\/08\/imgregen-ai-36304-1786634857-332x187.jpg 332w, https:\/\/grupohoymexico.com\/nuevo-leon\/wp-content\/uploads\/sites\/6\/2026\/08\/imgregen-ai-36304-1786634857-664x374.jpg 664w, https:\/\/grupohoymexico.com\/nuevo-leon\/wp-content\/uploads\/sites\/6\/2026\/08\/imgregen-ai-36304-1786634857-1376x774.jpg 1376w, https:\/\/grupohoymexico.com\/nuevo-leon\/wp-content\/uploads\/sites\/6\/2026\/08\/imgregen-ai-36304-1786634857-1044x587.jpg 1044w, https:\/\/grupohoymexico.com\/nuevo-leon\/wp-content\/uploads\/sites\/6\/2026\/08\/imgregen-ai-36304-1786634857-1400x788.jpg 1400w, https:\/\/grupohoymexico.com\/nuevo-leon\/wp-content\/uploads\/sites\/6\/2026\/08\/imgregen-ai-36304-1786634857.jpg 1600w\" sizes=\"(max-width: 688px) 100vw, 688px\" \/>\t\t\t\t<\/div>\r\n\r\n\t\t\t\t\r\n\t\t\t\t\r\n\t\t\t\t<a href=\"https:\/\/grupohoymexico.com\/nuevo-leon\/2026\/07\/29\/andres-mijes-recorre-nuevo-leon-asambleas-cuarta-transformacion\/\" class=\"cs-overlay-link\" title=\"Andr\u00e9s Mijes recorre Nuevo Le\u00f3n con asambleas de la Cuarta Transformaci\u00f3n\"><\/a>\r\n\t\t\t<\/div>\r\n\t\t\r\n\t\t<div class=\"cs-entry__inner cs-entry__content cs-entry__content-horizontal\">\r\n\t\t\t<div class=\"cs-entry__post-meta\" ><div class=\"cs-meta-category\"><ul class=\"post-categories\">\n\t<li><a href=\"https:\/\/grupohoymexico.com\/nuevo-leon\/category\/politica\/\" rel=\"category tag\">Pol\u00edtica<\/a><\/li><\/ul><\/div><\/div>\r\n\t\t\t<h2 class=\"cs-entry__title\"><a href=\"https:\/\/grupohoymexico.com\/nuevo-leon\/2026\/07\/29\/andres-mijes-recorre-nuevo-leon-asambleas-cuarta-transformacion\/\">Andr\u00e9s Mijes recorre Nuevo Le\u00f3n con asambleas de la Cuarta Transformaci\u00f3n<\/a><\/h2>\r\n\t\t\t\r\n\t\t\t<div class=\"cs-entry__post-meta\" ><div class=\"cs-meta-author\"><span class=\"cs-meta-author-by\">por<\/span><a class=\"cs-meta-author-link url fn n\" href=\"https:\/\/grupohoymexico.com\/nuevo-leon\/author\/user\/\"><span class=\"cs-meta-author-name\">Grupo Hoy<\/span><\/a><\/div><\/div>\t\t<\/div>\r\n\t<\/div>\r\n<\/article>\r\n\t\t\t\t\t\t\t\t<\/div>\r\n\t\t\t\t\t\t\t<\/div>\r\n\t\t\t\t\t\t<\/div>\r\n\t\t\t\t\t\t\t\t<\/section>\r\n\t\t\t\t\t\t<\/div>\n\t\t\t\t<\/div>\n\t\t\t\t<\/div>\n\t\t\t\t<div class=\"elementor-element elementor-element-b12f3f6 cs-dividervertical elementor-widget-laptop__width-inherit cs-divider-laptophorizontal cs-divider-tablethorizontal cs-divider-mobilehorizontal elementor-widget elementor-widget-cs-divider\" data-id=\"b12f3f6\" data-element_type=\"widget\" data-e-type=\"widget\" data-widget_type=\"cs-divider.default\">\n\t\t\t\t<div class=\"elementor-widget-container\">\n\t\t\t\t\t\t\t<section class=\"cs-divider cs-divider-vertical\"><\/section>\r\n\t\t\t\t\t\t<\/div>\n\t\t\t\t<\/div>\n\t\t<div class=\"elementor-element elementor-element-7e766b0 e-con-full e-flex e-con e-child\" data-id=\"7e766b0\" data-element_type=\"container\" data-e-type=\"container\">\n\t\t\t\t<div class=\"elementor-element elementor-element-1de6ff4 elementor-widget elementor-widget-cs-posts\" data-id=\"1de6ff4\" data-element_type=\"widget\" data-e-type=\"widget\" data-widget_type=\"cs-posts.default\">\n\t\t\t\t<div class=\"elementor-widget-container\">\n\t\t\t\t\t\t\t\t<section class=\"cs-posts cs-posts__standard\">\r\n\t\t\t\t\t\t\t\t\t\t<div class=\"cs-posts-area cs-posts-area-elementor \" data-posts-area=\"\">\r\n\t\t\t\t\t\t\t<div class=\"cs-posts-area__outer\">\r\n\t\t\t\t\t\t\t\t<div\r\n\t\t\t\t\t\t\t\tclass=\"cs-posts-area__main\"\r\n\t\t\t\t\t\t\t\tdata-pc=\"1\"\r\n\t\t\t\t\t\t\t\tdata-lt=\"1\"\r\n\t\t\t\t\t\t\t\tdata-tb=\"1\"\r\n\t\t\t\t\t\t\t\tdata-mb=\"1\"\r\n\t\t\t\t\t\t\t\t>\r\n\t\t\t\t\t\t\t\t\t\r\n<article class=\"post-36168 post type-post status-publish format-standard has-post-thumbnail category-internacional tag-donald-trump tag-eeuu tag-guerra-con-iran cs-entry cs-video-wrap\">\r\n\t<div class=\"cs-entry__outer\">\r\n\t\t\t\t\t<div class=\"cs-entry__inner cs-entry__overlay cs-entry__thumbnail cs-overlay-ratio cs-ratio-landscape-16-9\">\r\n\r\n\t\t\t\t<div class=\"cs-overlay-background\">\r\n\t\t\t\t\t<img loading=\"lazy\" decoding=\"async\" width=\"332\" height=\"177\" src=\"https:\/\/grupohoymexico.com\/nuevo-leon\/wp-content\/uploads\/sites\/6\/2026\/06\/trump_anuncia_acuerdo_iran_guerra-332x177.webp\" class=\"attachment-csco-thumbnail-uncropped size-csco-thumbnail-uncropped wp-post-image\" alt=\"Trump anuncia acuerdo con Ir\u00e1n para poner fin a la guerra\" srcset=\"https:\/\/grupohoymexico.com\/nuevo-leon\/wp-content\/uploads\/sites\/6\/2026\/06\/trump_anuncia_acuerdo_iran_guerra-332x177.webp 332w, https:\/\/grupohoymexico.com\/nuevo-leon\/wp-content\/uploads\/sites\/6\/2026\/06\/trump_anuncia_acuerdo_iran_guerra-300x160.webp 300w, https:\/\/grupohoymexico.com\/nuevo-leon\/wp-content\/uploads\/sites\/6\/2026\/06\/trump_anuncia_acuerdo_iran_guerra-1024x544.webp 1024w, https:\/\/grupohoymexico.com\/nuevo-leon\/wp-content\/uploads\/sites\/6\/2026\/06\/trump_anuncia_acuerdo_iran_guerra-768x408.webp 768w, https:\/\/grupohoymexico.com\/nuevo-leon\/wp-content\/uploads\/sites\/6\/2026\/06\/trump_anuncia_acuerdo_iran_guerra-664x353.webp 664w, https:\/\/grupohoymexico.com\/nuevo-leon\/wp-content\/uploads\/sites\/6\/2026\/06\/trump_anuncia_acuerdo_iran_guerra-688x366.webp 688w, https:\/\/grupohoymexico.com\/nuevo-leon\/wp-content\/uploads\/sites\/6\/2026\/06\/trump_anuncia_acuerdo_iran_guerra-1044x555.webp 1044w, https:\/\/grupohoymexico.com\/nuevo-leon\/wp-content\/uploads\/sites\/6\/2026\/06\/trump_anuncia_acuerdo_iran_guerra.webp 1200w\" sizes=\"(max-width: 332px) 100vw, 332px\" \/>\t\t\t\t\t<img loading=\"lazy\" decoding=\"async\" width=\"1200\" height=\"638\" src=\"https:\/\/grupohoymexico.com\/nuevo-leon\/wp-content\/uploads\/sites\/6\/2026\/06\/trump_anuncia_acuerdo_iran_guerra.webp\" class=\"attachment-csco-extra-large size-csco-extra-large wp-post-image\" alt=\"Trump anuncia acuerdo con Ir\u00e1n para poner fin a la guerra\" srcset=\"https:\/\/grupohoymexico.com\/nuevo-leon\/wp-content\/uploads\/sites\/6\/2026\/06\/trump_anuncia_acuerdo_iran_guerra.webp 1200w, https:\/\/grupohoymexico.com\/nuevo-leon\/wp-content\/uploads\/sites\/6\/2026\/06\/trump_anuncia_acuerdo_iran_guerra-300x160.webp 300w, https:\/\/grupohoymexico.com\/nuevo-leon\/wp-content\/uploads\/sites\/6\/2026\/06\/trump_anuncia_acuerdo_iran_guerra-1024x544.webp 1024w, https:\/\/grupohoymexico.com\/nuevo-leon\/wp-content\/uploads\/sites\/6\/2026\/06\/trump_anuncia_acuerdo_iran_guerra-768x408.webp 768w, https:\/\/grupohoymexico.com\/nuevo-leon\/wp-content\/uploads\/sites\/6\/2026\/06\/trump_anuncia_acuerdo_iran_guerra-332x177.webp 332w, https:\/\/grupohoymexico.com\/nuevo-leon\/wp-content\/uploads\/sites\/6\/2026\/06\/trump_anuncia_acuerdo_iran_guerra-664x353.webp 664w, https:\/\/grupohoymexico.com\/nuevo-leon\/wp-content\/uploads\/sites\/6\/2026\/06\/trump_anuncia_acuerdo_iran_guerra-688x366.webp 688w, https:\/\/grupohoymexico.com\/nuevo-leon\/wp-content\/uploads\/sites\/6\/2026\/06\/trump_anuncia_acuerdo_iran_guerra-1044x555.webp 1044w\" sizes=\"(max-width: 1200px) 100vw, 1200px\" \/>\t\t\t\t<\/div>\r\n\r\n\t\t\t\t\r\n\t\t\t\t\r\n\t\t\t\t<a href=\"https:\/\/grupohoymexico.com\/nuevo-leon\/2026\/06\/13\/trump-anuncia-acuerdo-con-iran-para-poner-fin-a-la-guerra\/\" class=\"cs-overlay-link\" title=\"Trump anuncia acuerdo con Ir\u00e1n para poner fin a la guerra\"><\/a>\r\n\t\t\t<\/div>\r\n\t\t\r\n\t\t<div class=\"cs-entry__inner cs-entry__content\">\r\n\r\n\t\t\t<div class=\"cs-entry__post-meta\" ><div class=\"cs-meta-category\"><ul class=\"post-categories\">\n\t<li><a href=\"https:\/\/grupohoymexico.com\/nuevo-leon\/category\/internacional\/\" rel=\"category tag\">Internacional<\/a><\/li><\/ul><\/div><\/div>\r\n\t\t\t<h2 class=\"cs-entry__title\"><a href=\"https:\/\/grupohoymexico.com\/nuevo-leon\/2026\/06\/13\/trump-anuncia-acuerdo-con-iran-para-poner-fin-a-la-guerra\/\">Trump anuncia acuerdo con Ir\u00e1n para poner fin a la guerra<\/a><\/h2>\r\n\t\t\t\t\t\t\t\t<div class=\"cs-entry__excerpt\">\r\n\t\t\t\t\t\tDonald Trump, presidente de EEUU, anunci\u00f3 que este domingo se firmar\u00e1 un acuerdo con Ir\u00e1n que, seg\u00fan afirm\u00f3, pondr\u00e1 fin al conflicto b\u00e9lico entre ambas naciones y permitir\u00e1 la reapertura&hellip;\t\t\t\t\t<\/div>\r\n\t\t\t\t\t\r\n\t\t\t<div class=\"cs-entry__post-meta\" ><div class=\"cs-meta-author\"><span class=\"cs-meta-author-by\">por<\/span><a class=\"cs-meta-author-link url fn n\" href=\"https:\/\/grupohoymexico.com\/nuevo-leon\/author\/nestor\/\"><span class=\"cs-meta-author-name\">nestor<\/span><\/a><\/div><div class=\"cs-meta-date\">13 junio, 2026<\/div><\/div>\t\t<\/div>\r\n\t<\/div>\r\n<\/article>\r\n\t\t\t\t\t\t\t\t<\/div>\r\n\t\t\t\t\t\t\t<\/div>\r\n\t\t\t\t\t\t<\/div>\r\n\t\t\t\t\t\t\t\t<\/section>\r\n\t\t\t\t\t\t<\/div>\n\t\t\t\t<\/div>\n\t\t\t\t<div class=\"elementor-element elementor-element-6a33f56 cs-dividerhorizontal cs-divider-laptophorizontal cs-divider-tablethorizontal cs-divider-mobilehorizontal elementor-widget elementor-widget-cs-divider\" data-id=\"6a33f56\" data-element_type=\"widget\" data-e-type=\"widget\" data-widget_type=\"cs-divider.default\">\n\t\t\t\t<div class=\"elementor-widget-container\">\n\t\t\t\t\t\t\t<section class=\"cs-divider cs-divider-horizontal\"><\/section>\r\n\t\t\t\t\t\t<\/div>\n\t\t\t\t<\/div>\n\t\t\t\t<div class=\"elementor-element elementor-element-64c8ce3 elementor-widget elementor-widget-cs-posts\" data-id=\"64c8ce3\" data-element_type=\"widget\" data-e-type=\"widget\" data-widget_type=\"cs-posts.default\">\n\t\t\t\t<div class=\"elementor-widget-container\">\n\t\t\t\t\t\t\t\t<section class=\"cs-posts cs-posts__horizontal\">\r\n\t\t\t\t\t\t\t\t\t\t<div class=\"cs-posts-area cs-posts-area-elementor \" data-posts-area=\"\">\r\n\t\t\t\t\t\t\t<div class=\"cs-posts-area__outer\">\r\n\t\t\t\t\t\t\t\t<div\r\n\t\t\t\t\t\t\t\tclass=\"cs-posts-area__main\"\r\n\t\t\t\t\t\t\t\tdata-pc=\"1\"\r\n\t\t\t\t\t\t\t\tdata-lt=\"1\"\r\n\t\t\t\t\t\t\t\tdata-tb=\"1\"\r\n\t\t\t\t\t\t\t\tdata-mb=\"1\"\r\n\t\t\t\t\t\t\t\t>\r\n\t\t\t\t\t\t\t\t\t\r\n<article class=\"post-36166 post type-post status-publish format-standard has-post-thumbnail category-internacional tag-donald-trump tag-el-nino-guerrero tag-tren-de-aragua cs-entry cs-video-wrap\">\r\n\t<div class=\"cs-entry__outer cs-entry__outer-medium cs-entry__outer-thumbnail-right\">\r\n\t\t\t\t\t<div class=\"cs-entry__inner cs-entry__overlay cs-entry__thumbnail cs-overlay-ratio cs-ratio-landscape-16-9\">\r\n\r\n\t\t\t\t<div class=\"cs-overlay-background\">\r\n\t\t\t\t\t<img loading=\"lazy\" decoding=\"async\" width=\"332\" height=\"177\" src=\"https:\/\/grupohoymexico.com\/nuevo-leon\/wp-content\/uploads\/sites\/6\/2026\/06\/donald_trump_amenaza_no_renovar_t-mec-332x177.png\" class=\"attachment-csco-thumbnail-uncropped size-csco-thumbnail-uncropped wp-post-image\" alt=\"Donald Trump amenaza con no renovar el T-MEC\" srcset=\"https:\/\/grupohoymexico.com\/nuevo-leon\/wp-content\/uploads\/sites\/6\/2026\/06\/donald_trump_amenaza_no_renovar_t-mec-332x177.png 332w, https:\/\/grupohoymexico.com\/nuevo-leon\/wp-content\/uploads\/sites\/6\/2026\/06\/donald_trump_amenaza_no_renovar_t-mec-300x160.png 300w, https:\/\/grupohoymexico.com\/nuevo-leon\/wp-content\/uploads\/sites\/6\/2026\/06\/donald_trump_amenaza_no_renovar_t-mec-1024x544.png 1024w, https:\/\/grupohoymexico.com\/nuevo-leon\/wp-content\/uploads\/sites\/6\/2026\/06\/donald_trump_amenaza_no_renovar_t-mec-768x408.png 768w, https:\/\/grupohoymexico.com\/nuevo-leon\/wp-content\/uploads\/sites\/6\/2026\/06\/donald_trump_amenaza_no_renovar_t-mec-664x353.png 664w, https:\/\/grupohoymexico.com\/nuevo-leon\/wp-content\/uploads\/sites\/6\/2026\/06\/donald_trump_amenaza_no_renovar_t-mec-688x366.png 688w, https:\/\/grupohoymexico.com\/nuevo-leon\/wp-content\/uploads\/sites\/6\/2026\/06\/donald_trump_amenaza_no_renovar_t-mec-1044x555.png 1044w, https:\/\/grupohoymexico.com\/nuevo-leon\/wp-content\/uploads\/sites\/6\/2026\/06\/donald_trump_amenaza_no_renovar_t-mec.png 1200w\" sizes=\"(max-width: 332px) 100vw, 332px\" \/>\t\t\t\t\t<img loading=\"lazy\" decoding=\"async\" width=\"332\" height=\"186\" src=\"https:\/\/grupohoymexico.com\/nuevo-leon\/wp-content\/uploads\/sites\/6\/2026\/06\/donald_trump_amenaza_no_renovar_t-mec-332x186.png\" class=\"attachment-csco-thumbnail size-csco-thumbnail wp-post-image\" alt=\"Donald Trump amenaza con no renovar el T-MEC\" srcset=\"https:\/\/grupohoymexico.com\/nuevo-leon\/wp-content\/uploads\/sites\/6\/2026\/06\/donald_trump_amenaza_no_renovar_t-mec-332x186.png 332w, https:\/\/grupohoymexico.com\/nuevo-leon\/wp-content\/uploads\/sites\/6\/2026\/06\/donald_trump_amenaza_no_renovar_t-mec-664x372.png 664w, https:\/\/grupohoymexico.com\/nuevo-leon\/wp-content\/uploads\/sites\/6\/2026\/06\/donald_trump_amenaza_no_renovar_t-mec-688x387.png 688w, https:\/\/grupohoymexico.com\/nuevo-leon\/wp-content\/uploads\/sites\/6\/2026\/06\/donald_trump_amenaza_no_renovar_t-mec-1044x587.png 1044w\" sizes=\"(max-width: 332px) 100vw, 332px\" \/>\t\t\t\t<\/div>\r\n\r\n\t\t\t\t\r\n\t\t\t\t\r\n\t\t\t\t<a href=\"https:\/\/grupohoymexico.com\/nuevo-leon\/2026\/06\/12\/donald-trump-elimina-a-el-nino-guerrero-lider-del-tren-de-aragua\/\" class=\"cs-overlay-link\" title=\"Donald Trump elimina a &#8216;El Ni\u00f1o Guerrero&#8217;, l\u00edder del Tren de Aragua\"><\/a>\r\n\t\t\t<\/div>\r\n\t\t\r\n\t\t<div class=\"cs-entry__inner cs-entry__content cs-entry__content-horizontal\">\r\n\t\t\t<div class=\"cs-entry__post-meta\" ><div class=\"cs-meta-category\"><ul class=\"post-categories\">\n\t<li><a href=\"https:\/\/grupohoymexico.com\/nuevo-leon\/category\/internacional\/\" rel=\"category tag\">Internacional<\/a><\/li><\/ul><\/div><\/div>\r\n\t\t\t<h2 class=\"cs-entry__title\"><a href=\"https:\/\/grupohoymexico.com\/nuevo-leon\/2026\/06\/12\/donald-trump-elimina-a-el-nino-guerrero-lider-del-tren-de-aragua\/\">Donald Trump elimina a &#8216;El Ni\u00f1o Guerrero&#8217;, l\u00edder del Tren de Aragua<\/a><\/h2>\r\n\t\t\t\r\n\t\t\t<div class=\"cs-entry__post-meta\" ><div class=\"cs-meta-author\"><span class=\"cs-meta-author-by\">por<\/span><a class=\"cs-meta-author-link url fn n\" href=\"https:\/\/grupohoymexico.com\/nuevo-leon\/author\/nestor\/\"><span class=\"cs-meta-author-name\">nestor<\/span><\/a><\/div><div class=\"cs-meta-date\">12 junio, 2026<\/div><\/div>\t\t<\/div>\r\n\t<\/div>\r\n<\/article>\r\n\t\t\t\t\t\t\t\t<\/div>\r\n\t\t\t\t\t\t\t<\/div>\r\n\t\t\t\t\t\t<\/div>\r\n\t\t\t\t\t\t\t\t<\/section>\r\n\t\t\t\t\t\t<\/div>\n\t\t\t\t<\/div>\n\t\t\t\t<\/div>\n\t\t\t\t<div class=\"elementor-element elementor-element-92fa69c cs-dividervertical cs-divider-laptopvertical cs-divider-tabletvertical cs-divider-mobilehorizontal elementor-widget elementor-widget-cs-divider\" data-id=\"92fa69c\" data-element_type=\"widget\" data-e-type=\"widget\" data-widget_type=\"cs-divider.default\">\n\t\t\t\t<div class=\"elementor-widget-container\">\n\t\t\t\t\t\t\t<section class=\"cs-divider cs-divider-vertical\"><\/section>\r\n\t\t\t\t\t\t<\/div>\n\t\t\t\t<\/div>\n\t\t<div class=\"elementor-element elementor-element-652df92 e-con-full e-flex e-con e-child\" data-id=\"652df92\" data-element_type=\"container\" data-e-type=\"container\">\n\t\t\t\t<div class=\"elementor-element elementor-element-56ee312 elementor-widget elementor-widget-cs-posts\" data-id=\"56ee312\" data-element_type=\"widget\" data-e-type=\"widget\" data-widget_type=\"cs-posts.default\">\n\t\t\t\t<div class=\"elementor-widget-container\">\n\t\t\t\t\t\t\t\t<section class=\"cs-posts cs-posts__standard\">\r\n\t\t\t\t\t\t\t\t\t\t<div class=\"cs-posts-area cs-posts-area-elementor \" data-posts-area=\"\">\r\n\t\t\t\t\t\t\t<div class=\"cs-posts-area__outer\">\r\n\t\t\t\t\t\t\t\t<div\r\n\t\t\t\t\t\t\t\tclass=\"cs-posts-area__main cs-posts-area__main-divider\"\r\n\t\t\t\t\t\t\t\tdata-pc=\"1\"\r\n\t\t\t\t\t\t\t\tdata-lt=\"1\"\r\n\t\t\t\t\t\t\t\tdata-tb=\"1\"\r\n\t\t\t\t\t\t\t\tdata-mb=\"1\"\r\n\t\t\t\t\t\t\t\t>\r\n\t\t\t\t\t\t\t\t\t\r\n<article class=\"post-36148 post type-post status-publish format-standard has-post-thumbnail category-columnas category-conexion-global tag-mexico tag-partidos-politicos tag-politica cs-entry cs-video-wrap\">\r\n\t<div class=\"cs-entry__outer\">\r\n\t\t\t\t\t<div class=\"cs-entry__inner cs-entry__overlay cs-entry__thumbnail cs-overlay-ratio cs-ratio-landscape-16-9\">\r\n\r\n\t\t\t\t<div class=\"cs-overlay-background\">\r\n\t\t\t\t\t<img loading=\"lazy\" decoding=\"async\" width=\"332\" height=\"176\" src=\"https:\/\/grupohoymexico.com\/nuevo-leon\/wp-content\/uploads\/sites\/6\/2026\/01\/eduardo_rivera_santamaria_conexion_global-332x176.jpeg\" class=\"attachment-csco-thumbnail-uncropped size-csco-thumbnail-uncropped wp-post-image\" alt=\"Eduardo Rivera Santamar\u00eda, CEO de Global Media Internacional Services. Autor de la columna Conexi\u00f3n Global\" srcset=\"https:\/\/grupohoymexico.com\/nuevo-leon\/wp-content\/uploads\/sites\/6\/2026\/01\/eduardo_rivera_santamaria_conexion_global-332x176.jpeg 332w, https:\/\/grupohoymexico.com\/nuevo-leon\/wp-content\/uploads\/sites\/6\/2026\/01\/eduardo_rivera_santamaria_conexion_global-300x159.jpeg 300w, https:\/\/grupohoymexico.com\/nuevo-leon\/wp-content\/uploads\/sites\/6\/2026\/01\/eduardo_rivera_santamaria_conexion_global-1024x544.jpeg 1024w, https:\/\/grupohoymexico.com\/nuevo-leon\/wp-content\/uploads\/sites\/6\/2026\/01\/eduardo_rivera_santamaria_conexion_global-768x408.jpeg 768w, https:\/\/grupohoymexico.com\/nuevo-leon\/wp-content\/uploads\/sites\/6\/2026\/01\/eduardo_rivera_santamaria_conexion_global-664x353.jpeg 664w, https:\/\/grupohoymexico.com\/nuevo-leon\/wp-content\/uploads\/sites\/6\/2026\/01\/eduardo_rivera_santamaria_conexion_global-688x366.jpeg 688w, https:\/\/grupohoymexico.com\/nuevo-leon\/wp-content\/uploads\/sites\/6\/2026\/01\/eduardo_rivera_santamaria_conexion_global-1044x555.jpeg 1044w, https:\/\/grupohoymexico.com\/nuevo-leon\/wp-content\/uploads\/sites\/6\/2026\/01\/eduardo_rivera_santamaria_conexion_global.jpeg 1280w\" sizes=\"(max-width: 332px) 100vw, 332px\" \/>\t\t\t\t\t<img loading=\"lazy\" decoding=\"async\" width=\"688\" height=\"387\" src=\"https:\/\/grupohoymexico.com\/nuevo-leon\/wp-content\/uploads\/sites\/6\/2026\/01\/eduardo_rivera_santamaria_conexion_global-688x387.jpeg\" class=\"attachment-csco-medium size-csco-medium wp-post-image\" alt=\"Eduardo Rivera Santamar\u00eda, CEO de Global Media Internacional Services. Autor de la columna Conexi\u00f3n Global\" srcset=\"https:\/\/grupohoymexico.com\/nuevo-leon\/wp-content\/uploads\/sites\/6\/2026\/01\/eduardo_rivera_santamaria_conexion_global-688x387.jpeg 688w, https:\/\/grupohoymexico.com\/nuevo-leon\/wp-content\/uploads\/sites\/6\/2026\/01\/eduardo_rivera_santamaria_conexion_global-332x186.jpeg 332w, https:\/\/grupohoymexico.com\/nuevo-leon\/wp-content\/uploads\/sites\/6\/2026\/01\/eduardo_rivera_santamaria_conexion_global-1044x587.jpeg 1044w\" sizes=\"(max-width: 688px) 100vw, 688px\" \/>\t\t\t\t<\/div>\r\n\r\n\t\t\t\t\r\n\t\t\t\t\r\n\t\t\t\t<a href=\"https:\/\/grupohoymexico.com\/nuevo-leon\/2026\/06\/10\/el-espejismo-de-la-soledad-politica-y-la-urgencia-de-la-alianza-historica\/\" class=\"cs-overlay-link\" title=\"El espejismo de la soledad pol\u00edtica y la urgencia de la alianza hist\u00f3rica\"><\/a>\r\n\t\t\t<\/div>\r\n\t\t\r\n\t\t<div class=\"cs-entry__inner cs-entry__content\">\r\n\r\n\t\t\t<div class=\"cs-entry__post-meta\" ><div class=\"cs-meta-category\"><ul class=\"post-categories\">\n\t<li><a href=\"https:\/\/grupohoymexico.com\/nuevo-leon\/category\/columnas\/\" rel=\"category tag\">Columnas<\/a><\/li>\n\t<li><a href=\"https:\/\/grupohoymexico.com\/nuevo-leon\/category\/columnas\/conexion-global\/\" rel=\"category tag\">Conexi\u00f3n Global<\/a><\/li><\/ul><\/div><\/div>\r\n\t\t\t<h2 class=\"cs-entry__title\"><a href=\"https:\/\/grupohoymexico.com\/nuevo-leon\/2026\/06\/10\/el-espejismo-de-la-soledad-politica-y-la-urgencia-de-la-alianza-historica\/\">El espejismo de la soledad pol\u00edtica y la urgencia de la alianza hist\u00f3rica<\/a><\/h2>\r\n\t\t\t\r\n\t\t\t<div class=\"cs-entry__post-meta\" ><div class=\"cs-meta-author\"><span class=\"cs-meta-author-by\">por<\/span><a class=\"cs-meta-author-link url fn n\" href=\"https:\/\/grupohoymexico.com\/nuevo-leon\/author\/eduardor\/\"><span class=\"cs-meta-author-name\">Eduardo Rivera S<\/span><\/a><\/div><div class=\"cs-meta-date\">10 junio, 2026<\/div><\/div>\t\t<\/div>\r\n\t<\/div>\r\n<\/article>\r\n\t\t\t\t\t\t\t\t<\/div>\r\n\t\t\t\t\t\t\t<\/div>\r\n\t\t\t\t\t\t<\/div>\r\n\t\t\t\t\t\t\t\t<\/section>\r\n\t\t\t\t\t\t<\/div>\n\t\t\t\t<\/div>\n\t\t\t\t<div class=\"elementor-element elementor-element-1d33f5d cs-dividerhorizontal cs-divider-laptophorizontal cs-divider-tablethorizontal cs-divider-mobilehorizontal elementor-widget elementor-widget-cs-divider\" data-id=\"1d33f5d\" data-element_type=\"widget\" data-e-type=\"widget\" data-widget_type=\"cs-divider.default\">\n\t\t\t\t<div class=\"elementor-widget-container\">\n\t\t\t\t\t\t\t<section class=\"cs-divider cs-divider-horizontal\"><\/section>\r\n\t\t\t\t\t\t<\/div>\n\t\t\t\t<\/div>\n\t\t\t\t<div class=\"elementor-element elementor-element-e16e138 elementor-widget elementor-widget-cs-posts\" data-id=\"e16e138\" data-element_type=\"widget\" data-e-type=\"widget\" data-widget_type=\"cs-posts.default\">\n\t\t\t\t<div class=\"elementor-widget-container\">\n\t\t\t\t\t\t\t\t<section class=\"cs-posts cs-posts__horizontal\">\r\n\t\t\t\t\t\t\t\t\t\t<div class=\"cs-posts-area cs-posts-area-elementor \" data-posts-area=\"\">\r\n\t\t\t\t\t\t\t<div class=\"cs-posts-area__outer\">\r\n\t\t\t\t\t\t\t\t<div\r\n\t\t\t\t\t\t\t\tclass=\"cs-posts-area__main cs-posts-area__main-divider\"\r\n\t\t\t\t\t\t\t\tdata-pc=\"1\"\r\n\t\t\t\t\t\t\t\tdata-lt=\"1\"\r\n\t\t\t\t\t\t\t\tdata-tb=\"1\"\r\n\t\t\t\t\t\t\t\tdata-mb=\"1\"\r\n\t\t\t\t\t\t\t\t>\r\n\t\t\t\t\t\t\t\t\t\r\n<article class=\"post-36071 post type-post status-publish format-standard has-post-thumbnail category-columnas category-conexion-global tag-ia tag-inteligencia-artificial tag-mexico tag-politica tag-tecnologia cs-entry cs-video-wrap\">\r\n\t<div class=\"cs-entry__outer cs-entry__outer-small cs-entry__outer-thumbnail-left\">\r\n\t\t\t\t\t<div class=\"cs-entry__inner cs-entry__overlay cs-entry__thumbnail cs-overlay-ratio cs-ratio-square\">\r\n\r\n\t\t\t\t<div class=\"cs-overlay-background\">\r\n\t\t\t\t\t<img loading=\"lazy\" decoding=\"async\" width=\"332\" height=\"176\" src=\"https:\/\/grupohoymexico.com\/nuevo-leon\/wp-content\/uploads\/sites\/6\/2026\/01\/eduardo_rivera_santamaria_conexion_global-332x176.jpeg\" class=\"attachment-csco-thumbnail-uncropped size-csco-thumbnail-uncropped wp-post-image\" alt=\"Eduardo Rivera Santamar\u00eda, CEO de Global Media Internacional Services. Autor de la columna Conexi\u00f3n Global\" srcset=\"https:\/\/grupohoymexico.com\/nuevo-leon\/wp-content\/uploads\/sites\/6\/2026\/01\/eduardo_rivera_santamaria_conexion_global-332x176.jpeg 332w, https:\/\/grupohoymexico.com\/nuevo-leon\/wp-content\/uploads\/sites\/6\/2026\/01\/eduardo_rivera_santamaria_conexion_global-300x159.jpeg 300w, https:\/\/grupohoymexico.com\/nuevo-leon\/wp-content\/uploads\/sites\/6\/2026\/01\/eduardo_rivera_santamaria_conexion_global-1024x544.jpeg 1024w, https:\/\/grupohoymexico.com\/nuevo-leon\/wp-content\/uploads\/sites\/6\/2026\/01\/eduardo_rivera_santamaria_conexion_global-768x408.jpeg 768w, https:\/\/grupohoymexico.com\/nuevo-leon\/wp-content\/uploads\/sites\/6\/2026\/01\/eduardo_rivera_santamaria_conexion_global-664x353.jpeg 664w, https:\/\/grupohoymexico.com\/nuevo-leon\/wp-content\/uploads\/sites\/6\/2026\/01\/eduardo_rivera_santamaria_conexion_global-688x366.jpeg 688w, https:\/\/grupohoymexico.com\/nuevo-leon\/wp-content\/uploads\/sites\/6\/2026\/01\/eduardo_rivera_santamaria_conexion_global-1044x555.jpeg 1044w, https:\/\/grupohoymexico.com\/nuevo-leon\/wp-content\/uploads\/sites\/6\/2026\/01\/eduardo_rivera_santamaria_conexion_global.jpeg 1280w\" sizes=\"(max-width: 332px) 100vw, 332px\" \/>\t\t\t\t\t<img loading=\"lazy\" decoding=\"async\" width=\"688\" height=\"366\" src=\"https:\/\/grupohoymexico.com\/nuevo-leon\/wp-content\/uploads\/sites\/6\/2026\/01\/eduardo_rivera_santamaria_conexion_global-688x366.jpeg\" class=\"attachment-csco-medium-uncropped size-csco-medium-uncropped wp-post-image\" alt=\"Eduardo Rivera Santamar\u00eda, CEO de Global Media Internacional Services. Autor de la columna Conexi\u00f3n Global\" srcset=\"https:\/\/grupohoymexico.com\/nuevo-leon\/wp-content\/uploads\/sites\/6\/2026\/01\/eduardo_rivera_santamaria_conexion_global-688x366.jpeg 688w, https:\/\/grupohoymexico.com\/nuevo-leon\/wp-content\/uploads\/sites\/6\/2026\/01\/eduardo_rivera_santamaria_conexion_global-300x159.jpeg 300w, https:\/\/grupohoymexico.com\/nuevo-leon\/wp-content\/uploads\/sites\/6\/2026\/01\/eduardo_rivera_santamaria_conexion_global-1024x544.jpeg 1024w, https:\/\/grupohoymexico.com\/nuevo-leon\/wp-content\/uploads\/sites\/6\/2026\/01\/eduardo_rivera_santamaria_conexion_global-768x408.jpeg 768w, https:\/\/grupohoymexico.com\/nuevo-leon\/wp-content\/uploads\/sites\/6\/2026\/01\/eduardo_rivera_santamaria_conexion_global-332x176.jpeg 332w, https:\/\/grupohoymexico.com\/nuevo-leon\/wp-content\/uploads\/sites\/6\/2026\/01\/eduardo_rivera_santamaria_conexion_global-664x353.jpeg 664w, https:\/\/grupohoymexico.com\/nuevo-leon\/wp-content\/uploads\/sites\/6\/2026\/01\/eduardo_rivera_santamaria_conexion_global-1044x555.jpeg 1044w, https:\/\/grupohoymexico.com\/nuevo-leon\/wp-content\/uploads\/sites\/6\/2026\/01\/eduardo_rivera_santamaria_conexion_global.jpeg 1280w\" sizes=\"(max-width: 688px) 100vw, 688px\" \/>\t\t\t\t<\/div>\r\n\r\n\t\t\t\t\r\n\t\t\t\t\r\n\t\t\t\t<a href=\"https:\/\/grupohoymexico.com\/nuevo-leon\/2026\/06\/02\/la-politica-mexicana-ya-habla-como-chatgpt\/\" class=\"cs-overlay-link\" title=\"La pol\u00edtica mexicana ya habla como ChatGPT\"><\/a>\r\n\t\t\t<\/div>\r\n\t\t\r\n\t\t<div class=\"cs-entry__inner cs-entry__content cs-entry__content-horizontal\">\r\n\t\t\t<div class=\"cs-entry__post-meta\" ><div class=\"cs-meta-category\"><ul class=\"post-categories\">\n\t<li><a href=\"https:\/\/grupohoymexico.com\/nuevo-leon\/category\/columnas\/\" rel=\"category tag\">Columnas<\/a><\/li>\n\t<li><a href=\"https:\/\/grupohoymexico.com\/nuevo-leon\/category\/columnas\/conexion-global\/\" rel=\"category tag\">Conexi\u00f3n Global<\/a><\/li><\/ul><\/div><\/div>\r\n\t\t\t<h2 class=\"cs-entry__title\"><a href=\"https:\/\/grupohoymexico.com\/nuevo-leon\/2026\/06\/02\/la-politica-mexicana-ya-habla-como-chatgpt\/\">La pol\u00edtica mexicana ya habla como ChatGPT<\/a><\/h2>\r\n\t\t\t\r\n\t\t\t<div class=\"cs-entry__post-meta\" ><div class=\"cs-meta-author\"><span class=\"cs-meta-author-by\">por<\/span><a class=\"cs-meta-author-link url fn n\" href=\"https:\/\/grupohoymexico.com\/nuevo-leon\/author\/eduardor\/\"><span class=\"cs-meta-author-name\">Eduardo Rivera S<\/span><\/a><\/div><\/div>\t\t<\/div>\r\n\t<\/div>\r\n<\/article>\r\n\r\n<article class=\"post-36023 post type-post status-publish format-standard has-post-thumbnail category-columnas category-conexion-global tag-conexion-global tag-cuba tag-jose-luis-rodriguez-zapatero tag-morena tag-politica tag-venezuela cs-entry cs-video-wrap\">\r\n\t<div class=\"cs-entry__outer cs-entry__outer-small cs-entry__outer-thumbnail-left\">\r\n\t\t\t\t\t<div class=\"cs-entry__inner cs-entry__overlay cs-entry__thumbnail cs-overlay-ratio cs-ratio-square\">\r\n\r\n\t\t\t\t<div class=\"cs-overlay-background\">\r\n\t\t\t\t\t<img loading=\"lazy\" decoding=\"async\" width=\"332\" height=\"176\" src=\"https:\/\/grupohoymexico.com\/nuevo-leon\/wp-content\/uploads\/sites\/6\/2026\/01\/eduardo_rivera_santamaria_conexion_global-332x176.jpeg\" class=\"attachment-csco-thumbnail-uncropped size-csco-thumbnail-uncropped wp-post-image\" alt=\"Eduardo Rivera Santamar\u00eda, CEO de Global Media Internacional Services. Autor de la columna Conexi\u00f3n Global\" srcset=\"https:\/\/grupohoymexico.com\/nuevo-leon\/wp-content\/uploads\/sites\/6\/2026\/01\/eduardo_rivera_santamaria_conexion_global-332x176.jpeg 332w, https:\/\/grupohoymexico.com\/nuevo-leon\/wp-content\/uploads\/sites\/6\/2026\/01\/eduardo_rivera_santamaria_conexion_global-300x159.jpeg 300w, https:\/\/grupohoymexico.com\/nuevo-leon\/wp-content\/uploads\/sites\/6\/2026\/01\/eduardo_rivera_santamaria_conexion_global-1024x544.jpeg 1024w, https:\/\/grupohoymexico.com\/nuevo-leon\/wp-content\/uploads\/sites\/6\/2026\/01\/eduardo_rivera_santamaria_conexion_global-768x408.jpeg 768w, https:\/\/grupohoymexico.com\/nuevo-leon\/wp-content\/uploads\/sites\/6\/2026\/01\/eduardo_rivera_santamaria_conexion_global-664x353.jpeg 664w, https:\/\/grupohoymexico.com\/nuevo-leon\/wp-content\/uploads\/sites\/6\/2026\/01\/eduardo_rivera_santamaria_conexion_global-688x366.jpeg 688w, https:\/\/grupohoymexico.com\/nuevo-leon\/wp-content\/uploads\/sites\/6\/2026\/01\/eduardo_rivera_santamaria_conexion_global-1044x555.jpeg 1044w, https:\/\/grupohoymexico.com\/nuevo-leon\/wp-content\/uploads\/sites\/6\/2026\/01\/eduardo_rivera_santamaria_conexion_global.jpeg 1280w\" sizes=\"(max-width: 332px) 100vw, 332px\" \/>\t\t\t\t\t<img loading=\"lazy\" decoding=\"async\" width=\"688\" height=\"366\" src=\"https:\/\/grupohoymexico.com\/nuevo-leon\/wp-content\/uploads\/sites\/6\/2026\/01\/eduardo_rivera_santamaria_conexion_global-688x366.jpeg\" class=\"attachment-csco-medium-uncropped size-csco-medium-uncropped wp-post-image\" alt=\"Eduardo Rivera Santamar\u00eda, CEO de Global Media Internacional Services. Autor de la columna Conexi\u00f3n Global\" srcset=\"https:\/\/grupohoymexico.com\/nuevo-leon\/wp-content\/uploads\/sites\/6\/2026\/01\/eduardo_rivera_santamaria_conexion_global-688x366.jpeg 688w, https:\/\/grupohoymexico.com\/nuevo-leon\/wp-content\/uploads\/sites\/6\/2026\/01\/eduardo_rivera_santamaria_conexion_global-300x159.jpeg 300w, https:\/\/grupohoymexico.com\/nuevo-leon\/wp-content\/uploads\/sites\/6\/2026\/01\/eduardo_rivera_santamaria_conexion_global-1024x544.jpeg 1024w, https:\/\/grupohoymexico.com\/nuevo-leon\/wp-content\/uploads\/sites\/6\/2026\/01\/eduardo_rivera_santamaria_conexion_global-768x408.jpeg 768w, https:\/\/grupohoymexico.com\/nuevo-leon\/wp-content\/uploads\/sites\/6\/2026\/01\/eduardo_rivera_santamaria_conexion_global-332x176.jpeg 332w, https:\/\/grupohoymexico.com\/nuevo-leon\/wp-content\/uploads\/sites\/6\/2026\/01\/eduardo_rivera_santamaria_conexion_global-664x353.jpeg 664w, https:\/\/grupohoymexico.com\/nuevo-leon\/wp-content\/uploads\/sites\/6\/2026\/01\/eduardo_rivera_santamaria_conexion_global-1044x555.jpeg 1044w, https:\/\/grupohoymexico.com\/nuevo-leon\/wp-content\/uploads\/sites\/6\/2026\/01\/eduardo_rivera_santamaria_conexion_global.jpeg 1280w\" sizes=\"(max-width: 688px) 100vw, 688px\" \/>\t\t\t\t<\/div>\r\n\r\n\t\t\t\t\r\n\t\t\t\t\r\n\t\t\t\t<a href=\"https:\/\/grupohoymexico.com\/nuevo-leon\/2026\/05\/28\/la-caida-de-zapatero-y-el-costo-politico-para-morena\/\" class=\"cs-overlay-link\" title=\"La ca\u00edda de Zapatero y el costo pol\u00edtico para Morena\"><\/a>\r\n\t\t\t<\/div>\r\n\t\t\r\n\t\t<div class=\"cs-entry__inner cs-entry__content cs-entry__content-horizontal\">\r\n\t\t\t<div class=\"cs-entry__post-meta\" ><div class=\"cs-meta-category\"><ul class=\"post-categories\">\n\t<li><a href=\"https:\/\/grupohoymexico.com\/nuevo-leon\/category\/columnas\/\" rel=\"category tag\">Columnas<\/a><\/li>\n\t<li><a href=\"https:\/\/grupohoymexico.com\/nuevo-leon\/category\/columnas\/conexion-global\/\" rel=\"category tag\">Conexi\u00f3n Global<\/a><\/li><\/ul><\/div><\/div>\r\n\t\t\t<h2 class=\"cs-entry__title\"><a href=\"https:\/\/grupohoymexico.com\/nuevo-leon\/2026\/05\/28\/la-caida-de-zapatero-y-el-costo-politico-para-morena\/\">La ca\u00edda de Zapatero y el costo pol\u00edtico para Morena<\/a><\/h2>\r\n\t\t\t\r\n\t\t\t<div class=\"cs-entry__post-meta\" ><div class=\"cs-meta-author\"><span class=\"cs-meta-author-by\">por<\/span><a class=\"cs-meta-author-link url fn n\" href=\"https:\/\/grupohoymexico.com\/nuevo-leon\/author\/eduardor\/\"><span class=\"cs-meta-author-name\">Eduardo Rivera S<\/span><\/a><\/div><\/div>\t\t<\/div>\r\n\t<\/div>\r\n<\/article>\r\n\r\n<article class=\"post-36014 post type-post status-publish format-standard has-post-thumbnail category-agenda-de-negocios category-columnas tag-agenda-de-negocios tag-credito tag-mexico tag-prosperidad tag-seguridad tag-tijuana tag-tramites cs-entry cs-video-wrap\">\r\n\t<div class=\"cs-entry__outer cs-entry__outer-small cs-entry__outer-thumbnail-left\">\r\n\t\t\t\t\t<div class=\"cs-entry__inner cs-entry__overlay cs-entry__thumbnail cs-overlay-ratio cs-ratio-square\">\r\n\r\n\t\t\t\t<div class=\"cs-overlay-background\">\r\n\t\t\t\t\t<img loading=\"lazy\" decoding=\"async\" width=\"332\" height=\"171\" src=\"https:\/\/grupohoymexico.com\/nuevo-leon\/wp-content\/uploads\/sites\/6\/2025\/08\/WhatsApp-Image-2025-08-27-at-1.48.03-PM-332x171.jpeg\" class=\"attachment-csco-thumbnail-uncropped size-csco-thumbnail-uncropped wp-post-image\" alt=\"Agenda de Negocios\" srcset=\"https:\/\/grupohoymexico.com\/nuevo-leon\/wp-content\/uploads\/sites\/6\/2025\/08\/WhatsApp-Image-2025-08-27-at-1.48.03-PM-332x171.jpeg 332w, https:\/\/grupohoymexico.com\/nuevo-leon\/wp-content\/uploads\/sites\/6\/2025\/08\/WhatsApp-Image-2025-08-27-at-1.48.03-PM-300x155.jpeg 300w, https:\/\/grupohoymexico.com\/nuevo-leon\/wp-content\/uploads\/sites\/6\/2025\/08\/WhatsApp-Image-2025-08-27-at-1.48.03-PM-1024x529.jpeg 1024w, https:\/\/grupohoymexico.com\/nuevo-leon\/wp-content\/uploads\/sites\/6\/2025\/08\/WhatsApp-Image-2025-08-27-at-1.48.03-PM-768x396.jpeg 768w, https:\/\/grupohoymexico.com\/nuevo-leon\/wp-content\/uploads\/sites\/6\/2025\/08\/WhatsApp-Image-2025-08-27-at-1.48.03-PM-664x343.jpeg 664w, https:\/\/grupohoymexico.com\/nuevo-leon\/wp-content\/uploads\/sites\/6\/2025\/08\/WhatsApp-Image-2025-08-27-at-1.48.03-PM-688x355.jpeg 688w, https:\/\/grupohoymexico.com\/nuevo-leon\/wp-content\/uploads\/sites\/6\/2025\/08\/WhatsApp-Image-2025-08-27-at-1.48.03-PM-1044x539.jpeg 1044w, https:\/\/grupohoymexico.com\/nuevo-leon\/wp-content\/uploads\/sites\/6\/2025\/08\/WhatsApp-Image-2025-08-27-at-1.48.03-PM.jpeg 1209w\" sizes=\"(max-width: 332px) 100vw, 332px\" \/>\t\t\t\t\t<img loading=\"lazy\" decoding=\"async\" width=\"688\" height=\"355\" src=\"https:\/\/grupohoymexico.com\/nuevo-leon\/wp-content\/uploads\/sites\/6\/2025\/08\/WhatsApp-Image-2025-08-27-at-1.48.03-PM-688x355.jpeg\" class=\"attachment-csco-medium-uncropped size-csco-medium-uncropped wp-post-image\" alt=\"Agenda de Negocios\" srcset=\"https:\/\/grupohoymexico.com\/nuevo-leon\/wp-content\/uploads\/sites\/6\/2025\/08\/WhatsApp-Image-2025-08-27-at-1.48.03-PM-688x355.jpeg 688w, https:\/\/grupohoymexico.com\/nuevo-leon\/wp-content\/uploads\/sites\/6\/2025\/08\/WhatsApp-Image-2025-08-27-at-1.48.03-PM-300x155.jpeg 300w, https:\/\/grupohoymexico.com\/nuevo-leon\/wp-content\/uploads\/sites\/6\/2025\/08\/WhatsApp-Image-2025-08-27-at-1.48.03-PM-1024x529.jpeg 1024w, https:\/\/grupohoymexico.com\/nuevo-leon\/wp-content\/uploads\/sites\/6\/2025\/08\/WhatsApp-Image-2025-08-27-at-1.48.03-PM-768x396.jpeg 768w, https:\/\/grupohoymexico.com\/nuevo-leon\/wp-content\/uploads\/sites\/6\/2025\/08\/WhatsApp-Image-2025-08-27-at-1.48.03-PM-332x171.jpeg 332w, https:\/\/grupohoymexico.com\/nuevo-leon\/wp-content\/uploads\/sites\/6\/2025\/08\/WhatsApp-Image-2025-08-27-at-1.48.03-PM-664x343.jpeg 664w, https:\/\/grupohoymexico.com\/nuevo-leon\/wp-content\/uploads\/sites\/6\/2025\/08\/WhatsApp-Image-2025-08-27-at-1.48.03-PM-1044x539.jpeg 1044w, https:\/\/grupohoymexico.com\/nuevo-leon\/wp-content\/uploads\/sites\/6\/2025\/08\/WhatsApp-Image-2025-08-27-at-1.48.03-PM.jpeg 1209w\" sizes=\"(max-width: 688px) 100vw, 688px\" \/>\t\t\t\t<\/div>\r\n\r\n\t\t\t\t\r\n\t\t\t\t\r\n\t\t\t\t<a href=\"https:\/\/grupohoymexico.com\/nuevo-leon\/2026\/05\/27\/mexico-necesita-trabajar-sin-miedo-seguridad-credito-y-menos-tramites\/\" class=\"cs-overlay-link\" title=\"M\u00e9xico necesita trabajar sin miedo: seguridad, cr\u00e9dito y menos tr\u00e1mites\"><\/a>\r\n\t\t\t<\/div>\r\n\t\t\r\n\t\t<div class=\"cs-entry__inner cs-entry__content cs-entry__content-horizontal\">\r\n\t\t\t<div class=\"cs-entry__post-meta\" ><div class=\"cs-meta-category\"><ul class=\"post-categories\">\n\t<li><a href=\"https:\/\/grupohoymexico.com\/nuevo-leon\/category\/columnas\/agenda-de-negocios\/\" rel=\"category tag\">Agenda de Negocios<\/a><\/li>\n\t<li><a href=\"https:\/\/grupohoymexico.com\/nuevo-leon\/category\/columnas\/\" rel=\"category tag\">Columnas<\/a><\/li><\/ul><\/div><\/div>\r\n\t\t\t<h2 class=\"cs-entry__title\"><a href=\"https:\/\/grupohoymexico.com\/nuevo-leon\/2026\/05\/27\/mexico-necesita-trabajar-sin-miedo-seguridad-credito-y-menos-tramites\/\">M\u00e9xico necesita trabajar sin miedo: seguridad, cr\u00e9dito y menos tr\u00e1mites<\/a><\/h2>\r\n\t\t\t\r\n\t\t\t<div class=\"cs-entry__post-meta\" ><div class=\"cs-meta-author\"><span class=\"cs-meta-author-by\">por<\/span><a class=\"cs-meta-author-link url fn n\" href=\"https:\/\/grupohoymexico.com\/nuevo-leon\/author\/octavio\/\"><span class=\"cs-meta-author-name\">octavio<\/span><\/a><\/div><\/div>\t\t<\/div>\r\n\t<\/div>\r\n<\/article>\r\n\r\n<article class=\"post-35972 post type-post status-publish format-standard has-post-thumbnail category-agenda-de-negocios category-columnas tag-canada tag-comercio tag-estados-unidos tag-mexico tag-norteamerica tag-t-mec-2026 cs-entry cs-video-wrap\">\r\n\t<div class=\"cs-entry__outer cs-entry__outer-small cs-entry__outer-thumbnail-left\">\r\n\t\t\t\t\t<div class=\"cs-entry__inner cs-entry__overlay cs-entry__thumbnail cs-overlay-ratio cs-ratio-square\">\r\n\r\n\t\t\t\t<div class=\"cs-overlay-background\">\r\n\t\t\t\t\t<img loading=\"lazy\" decoding=\"async\" width=\"332\" height=\"171\" src=\"https:\/\/grupohoymexico.com\/nuevo-leon\/wp-content\/uploads\/sites\/6\/2025\/08\/WhatsApp-Image-2025-08-27-at-1.48.03-PM-332x171.jpeg\" class=\"attachment-csco-thumbnail-uncropped size-csco-thumbnail-uncropped wp-post-image\" alt=\"Agenda de Negocios\" srcset=\"https:\/\/grupohoymexico.com\/nuevo-leon\/wp-content\/uploads\/sites\/6\/2025\/08\/WhatsApp-Image-2025-08-27-at-1.48.03-PM-332x171.jpeg 332w, https:\/\/grupohoymexico.com\/nuevo-leon\/wp-content\/uploads\/sites\/6\/2025\/08\/WhatsApp-Image-2025-08-27-at-1.48.03-PM-300x155.jpeg 300w, https:\/\/grupohoymexico.com\/nuevo-leon\/wp-content\/uploads\/sites\/6\/2025\/08\/WhatsApp-Image-2025-08-27-at-1.48.03-PM-1024x529.jpeg 1024w, https:\/\/grupohoymexico.com\/nuevo-leon\/wp-content\/uploads\/sites\/6\/2025\/08\/WhatsApp-Image-2025-08-27-at-1.48.03-PM-768x396.jpeg 768w, https:\/\/grupohoymexico.com\/nuevo-leon\/wp-content\/uploads\/sites\/6\/2025\/08\/WhatsApp-Image-2025-08-27-at-1.48.03-PM-664x343.jpeg 664w, https:\/\/grupohoymexico.com\/nuevo-leon\/wp-content\/uploads\/sites\/6\/2025\/08\/WhatsApp-Image-2025-08-27-at-1.48.03-PM-688x355.jpeg 688w, https:\/\/grupohoymexico.com\/nuevo-leon\/wp-content\/uploads\/sites\/6\/2025\/08\/WhatsApp-Image-2025-08-27-at-1.48.03-PM-1044x539.jpeg 1044w, https:\/\/grupohoymexico.com\/nuevo-leon\/wp-content\/uploads\/sites\/6\/2025\/08\/WhatsApp-Image-2025-08-27-at-1.48.03-PM.jpeg 1209w\" sizes=\"(max-width: 332px) 100vw, 332px\" \/>\t\t\t\t\t<img loading=\"lazy\" decoding=\"async\" width=\"688\" height=\"355\" src=\"https:\/\/grupohoymexico.com\/nuevo-leon\/wp-content\/uploads\/sites\/6\/2025\/08\/WhatsApp-Image-2025-08-27-at-1.48.03-PM-688x355.jpeg\" class=\"attachment-csco-medium-uncropped size-csco-medium-uncropped wp-post-image\" alt=\"Agenda de Negocios\" srcset=\"https:\/\/grupohoymexico.com\/nuevo-leon\/wp-content\/uploads\/sites\/6\/2025\/08\/WhatsApp-Image-2025-08-27-at-1.48.03-PM-688x355.jpeg 688w, https:\/\/grupohoymexico.com\/nuevo-leon\/wp-content\/uploads\/sites\/6\/2025\/08\/WhatsApp-Image-2025-08-27-at-1.48.03-PM-300x155.jpeg 300w, https:\/\/grupohoymexico.com\/nuevo-leon\/wp-content\/uploads\/sites\/6\/2025\/08\/WhatsApp-Image-2025-08-27-at-1.48.03-PM-1024x529.jpeg 1024w, https:\/\/grupohoymexico.com\/nuevo-leon\/wp-content\/uploads\/sites\/6\/2025\/08\/WhatsApp-Image-2025-08-27-at-1.48.03-PM-768x396.jpeg 768w, https:\/\/grupohoymexico.com\/nuevo-leon\/wp-content\/uploads\/sites\/6\/2025\/08\/WhatsApp-Image-2025-08-27-at-1.48.03-PM-332x171.jpeg 332w, https:\/\/grupohoymexico.com\/nuevo-leon\/wp-content\/uploads\/sites\/6\/2025\/08\/WhatsApp-Image-2025-08-27-at-1.48.03-PM-664x343.jpeg 664w, https:\/\/grupohoymexico.com\/nuevo-leon\/wp-content\/uploads\/sites\/6\/2025\/08\/WhatsApp-Image-2025-08-27-at-1.48.03-PM-1044x539.jpeg 1044w, https:\/\/grupohoymexico.com\/nuevo-leon\/wp-content\/uploads\/sites\/6\/2025\/08\/WhatsApp-Image-2025-08-27-at-1.48.03-PM.jpeg 1209w\" sizes=\"(max-width: 688px) 100vw, 688px\" \/>\t\t\t\t<\/div>\r\n\r\n\t\t\t\t\r\n\t\t\t\t\r\n\t\t\t\t<a href=\"https:\/\/grupohoymexico.com\/nuevo-leon\/2026\/05\/20\/t-mec-2026-cuando-la-revision-tambien-es-presion\/\" class=\"cs-overlay-link\" title=\"T-MEC 2026: cuando la revisi\u00f3n tambi\u00e9n es presi\u00f3n\"><\/a>\r\n\t\t\t<\/div>\r\n\t\t\r\n\t\t<div class=\"cs-entry__inner cs-entry__content cs-entry__content-horizontal\">\r\n\t\t\t<div class=\"cs-entry__post-meta\" ><div class=\"cs-meta-category\"><ul class=\"post-categories\">\n\t<li><a href=\"https:\/\/grupohoymexico.com\/nuevo-leon\/category\/columnas\/agenda-de-negocios\/\" rel=\"category tag\">Agenda de Negocios<\/a><\/li>\n\t<li><a href=\"https:\/\/grupohoymexico.com\/nuevo-leon\/category\/columnas\/\" rel=\"category tag\">Columnas<\/a><\/li><\/ul><\/div><\/div>\r\n\t\t\t<h2 class=\"cs-entry__title\"><a href=\"https:\/\/grupohoymexico.com\/nuevo-leon\/2026\/05\/20\/t-mec-2026-cuando-la-revision-tambien-es-presion\/\">T-MEC 2026: cuando la revisi\u00f3n tambi\u00e9n es presi\u00f3n<\/a><\/h2>\r\n\t\t\t\r\n\t\t\t<div class=\"cs-entry__post-meta\" ><div class=\"cs-meta-author\"><span class=\"cs-meta-author-by\">por<\/span><a class=\"cs-meta-author-link url fn n\" href=\"https:\/\/grupohoymexico.com\/nuevo-leon\/author\/octavio\/\"><span class=\"cs-meta-author-name\">octavio<\/span><\/a><\/div><\/div>\t\t<\/div>\r\n\t<\/div>\r\n<\/article>\r\n\t\t\t\t\t\t\t\t<\/div>\r\n\t\t\t\t\t\t\t<\/div>\r\n\t\t\t\t\t\t<\/div>\r\n\t\t\t\t\t\t\t\t<\/section>\r\n\t\t\t\t\t\t<\/div>\n\t\t\t\t<\/div>\n\t\t\t\t<\/div>\n\t\t\t\t<\/div>\n\t\t\t\t<div class=\"elementor-element elementor-element-9cfe328 cs-dividerhorizontal cs-divider-laptophorizontal cs-divider-tablethorizontal cs-divider-mobilehorizontal elementor-widget elementor-widget-cs-divider\" data-id=\"9cfe328\" data-element_type=\"widget\" data-e-type=\"widget\" data-widget_type=\"cs-divider.default\">\n\t\t\t\t<div class=\"elementor-widget-container\">\n\t\t\t\t\t\t\t<section class=\"cs-divider cs-divider-horizontal\"><\/section>\r\n\t\t\t\t\t\t<\/div>\n\t\t\t\t<\/div>\n\t\t\t\t\t<\/div>\n\t\t\t\t<\/div>\n\t\t<div class=\"elementor-element elementor-element-3395b36 e-flex e-con-boxed e-con e-parent\" data-id=\"3395b36\" data-element_type=\"container\" data-e-type=\"container\">\n\t\t\t\t\t<div class=\"e-con-inner\">\n\t\t\t\t<div class=\"elementor-element elementor-element-10c9197 elementor-widget elementor-widget-cs-heading\" data-id=\"10c9197\" data-element_type=\"widget\" data-e-type=\"widget\" data-widget_type=\"cs-heading.default\">\n\t\t\t\t<div class=\"elementor-widget-container\">\n\t\t\t\t\t\t\t\t\t\t<section class=\"cs-heading\">\r\n\t\t\t\t<div class=\"cs-heading__container \">\r\n\t\t\t\t\t<h2 class=\"cs-heading__content\">\r\n\t\t\t\t\t\tLo m\u00e1s le\u00eddo\t\t\t\t\t<\/h2>\r\n\r\n\t\t\t\t\t\t\t\t\t<\/div>\r\n\t\t\t<\/section>\r\n\t\t\t\t\t\t\t\t<\/div>\n\t\t\t\t<\/div>\n\t\t\t\t<div class=\"elementor-element elementor-element-dfe85ba elementor-widget elementor-widget-cs-posts\" data-id=\"dfe85ba\" data-element_type=\"widget\" data-e-type=\"widget\" data-widget_type=\"cs-posts.default\">\n\t\t\t\t<div class=\"elementor-widget-container\">\n\t\t\t\t\t\t\t\t<section class=\"cs-posts cs-posts__numbered\">\r\n\t\t\t\t\t\t\t\t\t\t<div class=\"cs-posts-area cs-posts-area-elementor \" data-posts-area=\"\">\r\n\t\t\t\t\t\t\t<div class=\"cs-posts-area__outer\">\r\n\t\t\t\t\t\t\t\t<div\r\n\t\t\t\t\t\t\t\tclass=\"cs-posts-area__main cs-posts-area__main-divider\"\r\n\t\t\t\t\t\t\t\tdata-pc=\"2\"\r\n\t\t\t\t\t\t\t\tdata-lt=\"2\"\r\n\t\t\t\t\t\t\t\tdata-tb=\"2\"\r\n\t\t\t\t\t\t\t\tdata-mb=\"1\"\r\n\t\t\t\t\t\t\t\t>\r\n\t\t\t\t\t\t\t\t\t\r\n\r\n<article class=\"post-36507 post type-post status-publish format-standard has-post-thumbnail category-deportes category-nuevo-leon tag-conmebol tag-futbol-mexicano tag-liga-mx cs-entry cs-video-wrap\">\r\n\t<div class=\"cs-entry__outer cs-entry__outer-accent\">\r\n\r\n\t\t\r\n\t\t<div class=\"cs-entry__inner cs-entry__content-wrapper\">\r\n\t\t\t<div class=\"cs-entry__content\">\r\n\r\n\t\t\t\t<div class=\"cs-entry__post-meta\" ><div class=\"cs-meta-category\"><ul class=\"post-categories\">\n\t<li><a href=\"https:\/\/grupohoymexico.com\/nuevo-leon\/category\/deportes\/\" rel=\"category tag\">Deportes<\/a><\/li>\n\t<li><a href=\"https:\/\/grupohoymexico.com\/nuevo-leon\/category\/nuevo-leon\/\" rel=\"category tag\">Nuevo Le\u00f3n<\/a><\/li><\/ul><\/div><\/div>\r\n\t\t\t\t<h2 class=\"cs-entry__title\"><a href=\"https:\/\/grupohoymexico.com\/nuevo-leon\/2026\/08\/21\/la-liga-mx-insiste-en-volver-a-la-conmebol-fifa-y-concacaf-le-siguen-diciendo-que-no\/\">La Liga MX insiste en volver a la Conmebol: FIFA y Concacaf le siguen diciendo que no<\/a><\/h2>\r\n\t\t\t\t\r\n\t\t\t\t<div class=\"cs-entry__post-meta\" ><div class=\"cs-meta-author\"><span class=\"cs-meta-author-by\">por<\/span><a class=\"cs-meta-author-link url fn n\" href=\"https:\/\/grupohoymexico.com\/nuevo-leon\/author\/user\/\"><span class=\"cs-meta-author-name\">Grupo Hoy<\/span><\/a><\/div><\/div>\t\t\t<\/div>\r\n\t\t<\/div>\r\n\r\n\t<\/div>\r\n<\/article>\r\n\r\n\r\n<article class=\"post-36509 post type-post status-publish format-standard has-post-thumbnail category-deportes category-nuevo-leon tag-cruz-azul tag-huiqui tag-liga-mx cs-entry cs-video-wrap\">\r\n\t<div class=\"cs-entry__outer cs-entry__outer-accent\">\r\n\r\n\t\t\r\n\t\t<div class=\"cs-entry__inner cs-entry__content-wrapper\">\r\n\t\t\t<div class=\"cs-entry__content\">\r\n\r\n\t\t\t\t<div class=\"cs-entry__post-meta\" ><div class=\"cs-meta-category\"><ul class=\"post-categories\">\n\t<li><a href=\"https:\/\/grupohoymexico.com\/nuevo-leon\/category\/deportes\/\" rel=\"category tag\">Deportes<\/a><\/li>\n\t<li><a href=\"https:\/\/grupohoymexico.com\/nuevo-leon\/category\/nuevo-leon\/\" rel=\"category tag\">Nuevo Le\u00f3n<\/a><\/li><\/ul><\/div><\/div>\r\n\t\t\t\t<h2 class=\"cs-entry__title\"><a href=\"https:\/\/grupohoymexico.com\/nuevo-leon\/2026\/08\/21\/el-primer-bache-real-de-huiqui-en-cruz-azul-tres-derrotas-y-seis-partidos-para-reinventarse\/\">El primer bache real de Huiqui en Cruz Azul: tres derrotas y seis partidos para reinventarse<\/a><\/h2>\r\n\t\t\t\t\r\n\t\t\t\t<div class=\"cs-entry__post-meta\" ><div class=\"cs-meta-author\"><span class=\"cs-meta-author-by\">por<\/span><a class=\"cs-meta-author-link url fn n\" href=\"https:\/\/grupohoymexico.com\/nuevo-leon\/author\/user\/\"><span class=\"cs-meta-author-name\">Grupo Hoy<\/span><\/a><\/div><\/div>\t\t\t<\/div>\r\n\t\t<\/div>\r\n\r\n\t<\/div>\r\n<\/article>\r\n\r\n\r\n<article class=\"post-36513 post type-post status-publish format-standard has-post-thumbnail category-finanzas category-nuevo-leon tag-energia tag-gasolina tag-nuevo-leon cs-entry cs-video-wrap\">\r\n\t<div class=\"cs-entry__outer cs-entry__outer-accent\">\r\n\r\n\t\t\r\n\t\t<div class=\"cs-entry__inner cs-entry__content-wrapper\">\r\n\t\t\t<div class=\"cs-entry__content\">\r\n\r\n\t\t\t\t<div class=\"cs-entry__post-meta\" ><div class=\"cs-meta-category\"><ul class=\"post-categories\">\n\t<li><a href=\"https:\/\/grupohoymexico.com\/nuevo-leon\/category\/finanzas\/\" rel=\"category tag\">Econom\u00eda<\/a><\/li>\n\t<li><a href=\"https:\/\/grupohoymexico.com\/nuevo-leon\/category\/nuevo-leon\/\" rel=\"category tag\">Nuevo Le\u00f3n<\/a><\/li><\/ul><\/div><\/div>\r\n\t\t\t\t<h2 class=\"cs-entry__title\"><a href=\"https:\/\/grupohoymexico.com\/nuevo-leon\/2026\/08\/21\/precios-de-la-gasolina-en-nuevo-leon-hoy-asi-se-calculan-y-por-que-varian\/\">Precios de la gasolina en Nuevo Le\u00f3n hoy: as\u00ed se calculan y por qu\u00e9 var\u00edan<\/a><\/h2>\r\n\t\t\t\t\r\n\t\t\t\t<div class=\"cs-entry__post-meta\" ><div class=\"cs-meta-author\"><span class=\"cs-meta-author-by\">por<\/span><a class=\"cs-meta-author-link url fn n\" href=\"https:\/\/grupohoymexico.com\/nuevo-leon\/author\/user\/\"><span class=\"cs-meta-author-name\">Grupo Hoy<\/span><\/a><\/div><\/div>\t\t\t<\/div>\r\n\t\t<\/div>\r\n\r\n\t<\/div>\r\n<\/article>\r\n\r\n\r\n<article class=\"post-36473 post type-post status-publish format-standard has-post-thumbnail category-estatal category-nuevo-leon tag-nuevo-leon tag-san-pedro-garza-garcia tag-servicios-funerarios cs-entry cs-video-wrap\">\r\n\t<div class=\"cs-entry__outer cs-entry__outer-accent\">\r\n\r\n\t\t\r\n\t\t<div class=\"cs-entry__inner cs-entry__content-wrapper\">\r\n\t\t\t<div class=\"cs-entry__content\">\r\n\r\n\t\t\t\t<div class=\"cs-entry__post-meta\" ><div class=\"cs-meta-category\"><ul class=\"post-categories\">\n\t<li><a href=\"https:\/\/grupohoymexico.com\/nuevo-leon\/category\/estatal\/\" rel=\"category tag\">Estados<\/a><\/li>\n\t<li><a href=\"https:\/\/grupohoymexico.com\/nuevo-leon\/category\/nuevo-leon\/\" rel=\"category tag\">Nuevo Le\u00f3n<\/a><\/li><\/ul><\/div><\/div>\r\n\t\t\t\t<h2 class=\"cs-entry__title\"><a href=\"https:\/\/grupohoymexico.com\/nuevo-leon\/2026\/08\/21\/san-pedro-dice-adios-a-las-capillas-san-felipe-asi-sera-el-nuevo-complejo-funerario\/\">San Pedro dice adi\u00f3s a las capillas San Felipe: as\u00ed ser\u00e1 el nuevo complejo funerario<\/a><\/h2>\r\n\t\t\t\t\r\n\t\t\t\t<div class=\"cs-entry__post-meta\" ><div class=\"cs-meta-author\"><span class=\"cs-meta-author-by\">por<\/span><a class=\"cs-meta-author-link url fn n\" href=\"https:\/\/grupohoymexico.com\/nuevo-leon\/author\/user\/\"><span class=\"cs-meta-author-name\">Grupo Hoy<\/span><\/a><\/div><\/div>\t\t\t<\/div>\r\n\t\t<\/div>\r\n\r\n\t<\/div>\r\n<\/article>\r\n\r\n\r\n<article class=\"post-36511 post type-post status-publish format-standard has-post-thumbnail category-cultura category-nuevo-leon tag-cielo-magico tag-globos-aerostaticos tag-nuevo-leon tag-santiago cs-entry cs-video-wrap\">\r\n\t<div class=\"cs-entry__outer cs-entry__outer-accent\">\r\n\r\n\t\t\r\n\t\t<div class=\"cs-entry__inner cs-entry__content-wrapper\">\r\n\t\t\t<div class=\"cs-entry__content\">\r\n\r\n\t\t\t\t<div class=\"cs-entry__post-meta\" ><div class=\"cs-meta-category\"><ul class=\"post-categories\">\n\t<li><a href=\"https:\/\/grupohoymexico.com\/nuevo-leon\/category\/cultura\/\" rel=\"category tag\">Cultura<\/a><\/li>\n\t<li><a href=\"https:\/\/grupohoymexico.com\/nuevo-leon\/category\/nuevo-leon\/\" rel=\"category tag\">Nuevo Le\u00f3n<\/a><\/li><\/ul><\/div><\/div>\r\n\t\t\t\t<h2 class=\"cs-entry__title\"><a href=\"https:\/\/grupohoymexico.com\/nuevo-leon\/2026\/08\/21\/cielo-magico-2026-10-anos-globos-aerostaticos\/\">Cielo M\u00e1gico 2026 cumple 10 a\u00f1os: 50 globos, ILUMINA y fechas confirmadas<\/a><\/h2>\r\n\t\t\t\t\r\n\t\t\t\t<div class=\"cs-entry__post-meta\" ><div class=\"cs-meta-author\"><span class=\"cs-meta-author-by\">por<\/span><a class=\"cs-meta-author-link url fn n\" href=\"https:\/\/grupohoymexico.com\/nuevo-leon\/author\/user\/\"><span class=\"cs-meta-author-name\">Grupo Hoy<\/span><\/a><\/div><\/div>\t\t\t<\/div>\r\n\t\t<\/div>\r\n\r\n\t<\/div>\r\n<\/article>\r\n\r\n\r\n<article class=\"post-36478 post type-post status-publish format-standard has-post-thumbnail category-estatal tag-medio-ambiente tag-nuevo-leon cs-entry cs-video-wrap\">\r\n\t<div class=\"cs-entry__outer cs-entry__outer-accent\">\r\n\r\n\t\t\r\n\t\t<div class=\"cs-entry__inner cs-entry__content-wrapper\">\r\n\t\t\t<div class=\"cs-entry__content\">\r\n\r\n\t\t\t\t<div class=\"cs-entry__post-meta\" ><div class=\"cs-meta-category\"><ul class=\"post-categories\">\n\t<li><a href=\"https:\/\/grupohoymexico.com\/nuevo-leon\/category\/estatal\/\" rel=\"category tag\">Estados<\/a><\/li><\/ul><\/div><\/div>\r\n\t\t\t\t<h2 class=\"cs-entry__title\"><a href=\"https:\/\/grupohoymexico.com\/nuevo-leon\/2026\/08\/19\/nuevo-leon-planta-2500-arboles-en-la-huasteca-impacto-ambiental\/\">Nuevo Le\u00f3n planta 2,500 \u00e1rboles en La Huasteca: impacto ambiental<\/a><\/h2>\r\n\t\t\t\t\r\n\t\t\t\t<div class=\"cs-entry__post-meta\" ><div class=\"cs-meta-author\"><span class=\"cs-meta-author-by\">por<\/span><a class=\"cs-meta-author-link url fn n\" href=\"https:\/\/grupohoymexico.com\/nuevo-leon\/author\/user\/\"><span class=\"cs-meta-author-name\">Grupo Hoy<\/span><\/a><\/div><\/div>\t\t\t<\/div>\r\n\t\t<\/div>\r\n\r\n\t<\/div>\r\n<\/article>\r\n\r\n\r\n<article class=\"post-36472 post type-post status-publish format-standard has-post-thumbnail category-estatal tag-nuevo-leon tag-san-pedro cs-entry cs-video-wrap\">\r\n\t<div class=\"cs-entry__outer cs-entry__outer-accent\">\r\n\r\n\t\t\r\n\t\t<div class=\"cs-entry__inner cs-entry__content-wrapper\">\r\n\t\t\t<div class=\"cs-entry__content\">\r\n\r\n\t\t\t\t<div class=\"cs-entry__post-meta\" ><div class=\"cs-meta-category\"><ul class=\"post-categories\">\n\t<li><a href=\"https:\/\/grupohoymexico.com\/nuevo-leon\/category\/estatal\/\" rel=\"category tag\">Estados<\/a><\/li><\/ul><\/div><\/div>\r\n\t\t\t\t<h2 class=\"cs-entry__title\"><a href=\"https:\/\/grupohoymexico.com\/nuevo-leon\/2026\/08\/19\/san-pedro-limita-zonas-de-scooters-asi-cambiara-el-reglamento\/\">San Pedro limita zonas de scooters: as\u00ed cambiar\u00e1 el reglamento<\/a><\/h2>\r\n\t\t\t\t\r\n\t\t\t\t<div class=\"cs-entry__post-meta\" ><div class=\"cs-meta-author\"><span class=\"cs-meta-author-by\">por<\/span><a class=\"cs-meta-author-link url fn n\" href=\"https:\/\/grupohoymexico.com\/nuevo-leon\/author\/user\/\"><span class=\"cs-meta-author-name\">Grupo Hoy<\/span><\/a><\/div><\/div>\t\t\t<\/div>\r\n\t\t<\/div>\r\n\r\n\t<\/div>\r\n<\/article>\r\n\r\n\r\n<article class=\"post-36471 post type-post status-publish format-standard has-post-thumbnail category-finanzas tag-economia tag-monterrey tag-nuevo-leon cs-entry cs-video-wrap\">\r\n\t<div class=\"cs-entry__outer cs-entry__outer-accent\">\r\n\r\n\t\t\r\n\t\t<div class=\"cs-entry__inner cs-entry__content-wrapper\">\r\n\t\t\t<div class=\"cs-entry__content\">\r\n\r\n\t\t\t\t<div class=\"cs-entry__post-meta\" ><div class=\"cs-meta-category\"><ul class=\"post-categories\">\n\t<li><a href=\"https:\/\/grupohoymexico.com\/nuevo-leon\/category\/finanzas\/\" rel=\"category tag\">Econom\u00eda<\/a><\/li><\/ul><\/div><\/div>\r\n\t\t\t\t<h2 class=\"cs-entry__title\"><a href=\"https:\/\/grupohoymexico.com\/nuevo-leon\/2026\/08\/19\/rentas-en-monterrey-superan-salario-promedio-brecha-crece-65\/\">Rentas en Monterrey superan salario promedio: brecha crece 65%<\/a><\/h2>\r\n\t\t\t\t\r\n\t\t\t\t<div class=\"cs-entry__post-meta\" ><div class=\"cs-meta-author\"><span class=\"cs-meta-author-by\">por<\/span><a class=\"cs-meta-author-link url fn n\" href=\"https:\/\/grupohoymexico.com\/nuevo-leon\/author\/user\/\"><span class=\"cs-meta-author-name\">Grupo Hoy<\/span><\/a><\/div><\/div>\t\t\t<\/div>\r\n\t\t<\/div>\r\n\r\n\t<\/div>\r\n<\/article>\r\n\r\n\r\n<article class=\"post-36470 post type-post status-publish format-standard has-post-thumbnail category-finanzas tag-economia tag-nuevo-leon cs-entry cs-video-wrap\">\r\n\t<div class=\"cs-entry__outer cs-entry__outer-accent\">\r\n\r\n\t\t\r\n\t\t<div class=\"cs-entry__inner cs-entry__content-wrapper\">\r\n\t\t\t<div class=\"cs-entry__content\">\r\n\r\n\t\t\t\t<div class=\"cs-entry__post-meta\" ><div class=\"cs-meta-category\"><ul class=\"post-categories\">\n\t<li><a href=\"https:\/\/grupohoymexico.com\/nuevo-leon\/category\/finanzas\/\" rel=\"category tag\">Econom\u00eda<\/a><\/li><\/ul><\/div><\/div>\r\n\t\t\t\t<h2 class=\"cs-entry__title\"><a href=\"https:\/\/grupohoymexico.com\/nuevo-leon\/2026\/08\/19\/gasto-familiar-nl-alimentos-y-transporte-absorben-56-4\/\">Gasto familiar NL: alimentos y transporte absorben 56.4%<\/a><\/h2>\r\n\t\t\t\t\r\n\t\t\t\t<div class=\"cs-entry__post-meta\" ><div class=\"cs-meta-author\"><span class=\"cs-meta-author-by\">por<\/span><a class=\"cs-meta-author-link url fn n\" href=\"https:\/\/grupohoymexico.com\/nuevo-leon\/author\/user\/\"><span class=\"cs-meta-author-name\">Grupo Hoy<\/span><\/a><\/div><\/div>\t\t\t<\/div>\r\n\t\t<\/div>\r\n\r\n\t<\/div>\r\n<\/article>\r\n\r\n\r\n<article class=\"post-36468 post type-post status-publish format-standard has-post-thumbnail category-estatal category-nuevo-leon tag-medio-ambiente tag-nuevo-leon cs-entry cs-video-wrap\">\r\n\t<div class=\"cs-entry__outer cs-entry__outer-accent\">\r\n\r\n\t\t\r\n\t\t<div class=\"cs-entry__inner cs-entry__content-wrapper\">\r\n\t\t\t<div class=\"cs-entry__content\">\r\n\r\n\t\t\t\t<div class=\"cs-entry__post-meta\" ><div class=\"cs-meta-category\"><ul class=\"post-categories\">\n\t<li><a href=\"https:\/\/grupohoymexico.com\/nuevo-leon\/category\/estatal\/\" rel=\"category tag\">Estados<\/a><\/li>\n\t<li><a href=\"https:\/\/grupohoymexico.com\/nuevo-leon\/category\/nuevo-leon\/\" rel=\"category tag\">Nuevo Le\u00f3n<\/a><\/li><\/ul><\/div><\/div>\r\n\t\t\t\t<h2 class=\"cs-entry__title\"><a href=\"https:\/\/grupohoymexico.com\/nuevo-leon\/2026\/08\/19\/inventario-emisiones-nl-5-meses-de-atraso-tras-promesa-federal\/\">Inventario emisiones NL: 5 meses de atraso tras promesa federal<\/a><\/h2>\r\n\t\t\t\t\r\n\t\t\t\t<div class=\"cs-entry__post-meta\" ><div class=\"cs-meta-author\"><span class=\"cs-meta-author-by\">por<\/span><a class=\"cs-meta-author-link url fn n\" href=\"https:\/\/grupohoymexico.com\/nuevo-leon\/author\/user\/\"><span class=\"cs-meta-author-name\">Grupo Hoy<\/span><\/a><\/div><\/div>\t\t\t<\/div>\r\n\t\t<\/div>\r\n\r\n\t<\/div>\r\n<\/article>\r\n\t\t\t\t\t\t\t\t<\/div>\r\n\t\t\t\t\t\t\t<\/div>\r\n\t\t\t\t\t\t<\/div>\r\n\t\t\t\t\t\t\t\t<\/section>\r\n\t\t\t\t\t\t<\/div>\n\t\t\t\t<\/div>\n\t\t\t\t<div class=\"elementor-element elementor-element-c6cdd40 cs-dividerhorizontal cs-divider-laptophorizontal cs-divider-tablethorizontal cs-divider-mobilehorizontal elementor-widget elementor-widget-cs-divider\" data-id=\"c6cdd40\" data-element_type=\"widget\" data-e-type=\"widget\" data-widget_type=\"cs-divider.default\">\n\t\t\t\t<div class=\"elementor-widget-container\">\n\t\t\t\t\t\t\t<section class=\"cs-divider cs-divider-horizontal\"><\/section>\r\n\t\t\t\t\t\t<\/div>\n\t\t\t\t<\/div>\n\t\t\t\t\t<\/div>\n\t\t\t\t<\/div>\n\t\t<div class=\"elementor-element elementor-element-925f88e e-con-full elementor-hidden-desktop elementor-hidden-laptop elementor-hidden-tablet elementor-hidden-mobile e-flex e-con e-parent\" data-id=\"925f88e\" data-element_type=\"container\" data-e-type=\"container\" data-settings=\"{&quot;background_background&quot;:&quot;classic&quot;}\">\n\t\t\t\t<div class=\"elementor-element elementor-element-04967ff elementor-widget elementor-widget-cs-banner\" data-id=\"04967ff\" data-element_type=\"widget\" data-e-type=\"widget\" data-widget_type=\"cs-banner.default\">\n\t\t\t\t<div class=\"elementor-widget-container\">\n\t\t\t\t\t\t\t<section class=\"cs-banner-elementor\">\r\n\t\t\t<div class=\"cs-banner cs-banner-background\">\r\n\t\t\t\t<div class=\"cs-banner__container cs-container\">\r\n\t\t\t\t\t<div class=\"cs-banner__content\">\r\n\t\t\t\t\t\t<a href=\"https:\/\/1.envato.market\/newsreader\" title=\"Advertisement\">\r\n    <img decoding=\"async\" loading=\"lazy\" src=\"http:\/\/newsreader.codesupply.co\/city\/wp-content\/uploads\/sites\/7\/2024\/03\/demo-banner-horizontal-0004.webp\" alt=\"Advertisement\">\r\n<\/a>\t\t\t\t\t<\/div>\r\n\t\t\t\t\t\t\t\t\t\t\t<div class=\"cs-banner__label\">\r\n\t\t\t\t\t\t\tAdvertisement\t\t\t\t\t\t<\/div>\r\n\t\t\t\t\t\t\t\t\t<\/div>\r\n\t\t\t<\/div>\r\n\t\t<\/section>\r\n\t\t\t\t\t\t<\/div>\n\t\t\t\t<\/div>\n\t\t\t\t<\/div>\n\t\t<div class=\"elementor-element elementor-element-8f2c404 e-con-full e-flex e-con e-parent\" data-id=\"8f2c404\" data-element_type=\"container\" data-e-type=\"container\" data-settings=\"{&quot;background_background&quot;:&quot;classic&quot;}\">\n\t\t\t\t<div class=\"elementor-element elementor-element-1f554d2 elementor-widget elementor-widget-image\" data-id=\"1f554d2\" data-element_type=\"widget\" data-e-type=\"widget\" data-widget_type=\"image.default\">\n\t\t\t\t\t\t\t\t\t\t\t\t\t\t\t\t<a href=\"https:\/\/www.renault.com.mx\/\">\n\t\t\t\t\t\t\t<img decoding=\"async\" src=\"https:\/\/grupohoymexico.com\/wp-content\/uploads\/2025\/05\/banner-renault-largo-scaled.jpg\" title=\"\" alt=\"\" loading=\"lazy\" \/>\t\t\t\t\t\t\t\t<\/a>\n\t\t\t\t\t\t\t\t\t\t\t\t\t\t\t<\/div>\n\t\t\t\t<\/div>\n\t\t<div class=\"elementor-element elementor-element-9464e93 e-flex e-con-boxed e-con e-parent\" data-id=\"9464e93\" data-element_type=\"container\" data-e-type=\"container\">\n\t\t\t\t\t<div class=\"e-con-inner\">\n\t\t\t\t<div class=\"elementor-element elementor-element-2cf3025 elementor-widget elementor-widget-cs-heading\" data-id=\"2cf3025\" data-element_type=\"widget\" data-e-type=\"widget\" data-widget_type=\"cs-heading.default\">\n\t\t\t\t<div class=\"elementor-widget-container\">\n\t\t\t\t\t\t\t\t\t\t<section class=\"cs-heading\">\r\n\t\t\t\t<div class=\"cs-heading__container \">\r\n\t\t\t\t\t<h2 class=\"cs-heading__content\">\r\n\t\t\t\t\t\tDeportes\t\t\t\t\t<\/h2>\r\n\r\n\t\t\t\t\t\t\t\t\t<\/div>\r\n\t\t\t<\/section>\r\n\t\t\t\t\t\t\t\t<\/div>\n\t\t\t\t<\/div>\n\t\t<div class=\"elementor-element elementor-element-5c802bc e-con-full e-flex e-con e-child\" data-id=\"5c802bc\" data-element_type=\"container\" data-e-type=\"container\">\n\t\t<div class=\"elementor-element elementor-element-c060d76 e-con-full e-flex e-con e-child\" data-id=\"c060d76\" data-element_type=\"container\" data-e-type=\"container\">\n\t\t\t\t<div class=\"elementor-element elementor-element-70623db elementor-widget elementor-widget-cs-posts\" data-id=\"70623db\" data-element_type=\"widget\" data-e-type=\"widget\" data-widget_type=\"cs-posts.default\">\n\t\t\t\t<div class=\"elementor-widget-container\">\n\t\t\t\t\t\t\t\t<section class=\"cs-posts cs-posts__standard\">\r\n\t\t\t\t\t\t\t\t\t\t<div class=\"cs-posts-area cs-posts-area-elementor \" data-posts-area=\"\">\r\n\t\t\t\t\t\t\t<div class=\"cs-posts-area__outer\">\r\n\t\t\t\t\t\t\t\t<div\r\n\t\t\t\t\t\t\t\tclass=\"cs-posts-area__main cs-posts-area__main-divider\"\r\n\t\t\t\t\t\t\t\tdata-pc=\"1\"\r\n\t\t\t\t\t\t\t\tdata-lt=\"1\"\r\n\t\t\t\t\t\t\t\tdata-tb=\"1\"\r\n\t\t\t\t\t\t\t\tdata-mb=\"1\"\r\n\t\t\t\t\t\t\t\t>\r\n\t\t\t\t\t\t\t\t\t\r\n<article class=\"post-36409 post type-post status-publish format-standard has-post-thumbnail category-deportes cs-entry cs-video-wrap\">\r\n\t<div class=\"cs-entry__outer\">\r\n\t\t\r\n\t\t<div class=\"cs-entry__inner cs-entry__content\">\r\n\r\n\t\t\t<div class=\"cs-entry__post-meta\" ><div class=\"cs-meta-category\"><ul class=\"post-categories\">\n\t<li><a href=\"https:\/\/grupohoymexico.com\/nuevo-leon\/category\/deportes\/\" rel=\"category tag\">Deportes<\/a><\/li><\/ul><\/div><\/div>\r\n\t\t\t<h2 class=\"cs-entry__title\"><a href=\"https:\/\/grupohoymexico.com\/nuevo-leon\/2026\/08\/10\/sultanes-vence-charros-primer-juego-playoffs-lmb\/\">Sultanes le pega primero a Charros en playoffs de la LMB<\/a><\/h2>\r\n\t\t\t\r\n\t\t\t<div class=\"cs-entry__post-meta\" ><div class=\"cs-meta-author\"><span class=\"cs-meta-author-by\">por<\/span><a class=\"cs-meta-author-link url fn n\" href=\"https:\/\/grupohoymexico.com\/nuevo-leon\/author\/user\/\"><span class=\"cs-meta-author-name\">Grupo Hoy<\/span><\/a><\/div><div class=\"cs-meta-date\">10 agosto, 2026<\/div><\/div>\t\t<\/div>\r\n\t<\/div>\r\n<\/article>\r\n\r\n<article class=\"post-36406 post type-post status-publish format-standard has-post-thumbnail category-deportes cs-entry cs-video-wrap\">\r\n\t<div class=\"cs-entry__outer\">\r\n\t\t\r\n\t\t<div class=\"cs-entry__inner cs-entry__content\">\r\n\r\n\t\t\t<div class=\"cs-entry__post-meta\" ><div class=\"cs-meta-category\"><ul class=\"post-categories\">\n\t<li><a href=\"https:\/\/grupohoymexico.com\/nuevo-leon\/category\/deportes\/\" rel=\"category tag\">Deportes<\/a><\/li><\/ul><\/div><\/div>\r\n\t\t\t<h2 class=\"cs-entry__title\"><a href=\"https:\/\/grupohoymexico.com\/nuevo-leon\/2026\/08\/10\/salcedo-lesion-rodilla-rayados-leagues-cup-inter-miami\/\">Salcedo se lesiona la rodilla en Leagues Cup; Rayados espera que no sea grave<\/a><\/h2>\r\n\t\t\t\r\n\t\t\t<div class=\"cs-entry__post-meta\" ><div class=\"cs-meta-author\"><span class=\"cs-meta-author-by\">por<\/span><a class=\"cs-meta-author-link url fn n\" href=\"https:\/\/grupohoymexico.com\/nuevo-leon\/author\/user\/\"><span class=\"cs-meta-author-name\">Grupo Hoy<\/span><\/a><\/div><div class=\"cs-meta-date\">10 agosto, 2026<\/div><\/div>\t\t<\/div>\r\n\t<\/div>\r\n<\/article>\r\n\r\n<article class=\"post-36398 post type-post status-publish format-standard has-post-thumbnail category-deportes cs-entry cs-video-wrap\">\r\n\t<div class=\"cs-entry__outer\">\r\n\t\t\r\n\t\t<div class=\"cs-entry__inner cs-entry__content\">\r\n\r\n\t\t\t<div class=\"cs-entry__post-meta\" ><div class=\"cs-meta-category\"><ul class=\"post-categories\">\n\t<li><a href=\"https:\/\/grupohoymexico.com\/nuevo-leon\/category\/deportes\/\" rel=\"category tag\">Deportes<\/a><\/li><\/ul><\/div><\/div>\r\n\t\t\t<h2 class=\"cs-entry__title\"><a href=\"https:\/\/grupohoymexico.com\/nuevo-leon\/2026\/08\/09\/nuevo-leon-25-oros-juegos-centroamericanos\/\">Nuevo Le\u00f3n se lleva 25 oros de los Juegos Centroamericanos<\/a><\/h2>\r\n\t\t\t\r\n\t\t\t<div class=\"cs-entry__post-meta\" ><div class=\"cs-meta-author\"><span class=\"cs-meta-author-by\">por<\/span><a class=\"cs-meta-author-link url fn n\" href=\"https:\/\/grupohoymexico.com\/nuevo-leon\/author\/user\/\"><span class=\"cs-meta-author-name\">Grupo Hoy<\/span><\/a><\/div><div class=\"cs-meta-date\">9 agosto, 2026<\/div><\/div>\t\t<\/div>\r\n\t<\/div>\r\n<\/article>\r\n\r\n<article class=\"post-36249 post type-post status-publish format-standard has-post-thumbnail category-deportes cs-entry cs-video-wrap\">\r\n\t<div class=\"cs-entry__outer\">\r\n\t\t\r\n\t\t<div class=\"cs-entry__inner cs-entry__content\">\r\n\r\n\t\t\t<div class=\"cs-entry__post-meta\" ><div class=\"cs-meta-category\"><ul class=\"post-categories\">\n\t<li><a href=\"https:\/\/grupohoymexico.com\/nuevo-leon\/category\/deportes\/\" rel=\"category tag\">Deportes<\/a><\/li><\/ul><\/div><\/div>\r\n\t\t\t<h2 class=\"cs-entry__title\"><a href=\"https:\/\/grupohoymexico.com\/nuevo-leon\/2026\/07\/27\/planet-fitness-dona-equipos-inde-nuevo-leon-alianza-deportiva\/\">Planet Fitness dona 27 equipos al INDE Nuevo Le\u00f3n y refuerza alianza deportiva<\/a><\/h2>\r\n\t\t\t\r\n\t\t\t<div class=\"cs-entry__post-meta\" ><div class=\"cs-meta-author\"><span class=\"cs-meta-author-by\">por<\/span><a class=\"cs-meta-author-link url fn n\" href=\"https:\/\/grupohoymexico.com\/nuevo-leon\/author\/user\/\"><span class=\"cs-meta-author-name\">Grupo Hoy<\/span><\/a><\/div><div class=\"cs-meta-date\">27 julio, 2026<\/div><\/div>\t\t<\/div>\r\n\t<\/div>\r\n<\/article>\r\n\r\n<article class=\"post-36252 post type-post status-publish format-standard has-post-thumbnail category-deportes cs-entry cs-video-wrap\">\r\n\t<div class=\"cs-entry__outer\">\r\n\t\t\r\n\t\t<div class=\"cs-entry__inner cs-entry__content\">\r\n\r\n\t\t\t<div class=\"cs-entry__post-meta\" ><div class=\"cs-meta-category\"><ul class=\"post-categories\">\n\t<li><a href=\"https:\/\/grupohoymexico.com\/nuevo-leon\/category\/deportes\/\" rel=\"category tag\">Deportes<\/a><\/li><\/ul><\/div><\/div>\r\n\t\t\t<h2 class=\"cs-entry__title\"><a href=\"https:\/\/grupohoymexico.com\/nuevo-leon\/2026\/07\/27\/ranya-de-leon-campeona-festival-nacional-voleibol-toritos-san-nicolas\/\">Ranya de Le\u00f3n conquista Festival Nacional de Voleibol con Toritos de San Nicol\u00e1s<\/a><\/h2>\r\n\t\t\t\r\n\t\t\t<div class=\"cs-entry__post-meta\" ><div class=\"cs-meta-author\"><span class=\"cs-meta-author-by\">por<\/span><a class=\"cs-meta-author-link url fn n\" href=\"https:\/\/grupohoymexico.com\/nuevo-leon\/author\/user\/\"><span class=\"cs-meta-author-name\">Grupo Hoy<\/span><\/a><\/div><div class=\"cs-meta-date\">27 julio, 2026<\/div><\/div>\t\t<\/div>\r\n\t<\/div>\r\n<\/article>\r\n\r\n<article class=\"post-36145 post type-post status-publish format-standard has-post-thumbnail category-deportes tag-mexico-vs-sudafrica tag-mundial-2026 tag-partido-mexico-vs-sudafrica cs-entry cs-video-wrap\">\r\n\t<div class=\"cs-entry__outer\">\r\n\t\t\r\n\t\t<div class=\"cs-entry__inner cs-entry__content\">\r\n\r\n\t\t\t<div class=\"cs-entry__post-meta\" ><div class=\"cs-meta-category\"><ul class=\"post-categories\">\n\t<li><a href=\"https:\/\/grupohoymexico.com\/nuevo-leon\/category\/deportes\/\" rel=\"category tag\">Deportes<\/a><\/li><\/ul><\/div><\/div>\r\n\t\t\t<h2 class=\"cs-entry__title\"><a href=\"https:\/\/grupohoymexico.com\/nuevo-leon\/2026\/06\/10\/donde-y-a-que-hora-ver-el-partido-de-mexico-vs-sudafrica-por-la-inauguracion-del-mundial-2026\/\">\u00bfD\u00f3nde y a qu\u00e9 hora ver el partido de M\u00e9xico vs Sud\u00e1frica por la inauguraci\u00f3n del Mundial 2026?<\/a><\/h2>\r\n\t\t\t\r\n\t\t\t<div class=\"cs-entry__post-meta\" ><div class=\"cs-meta-author\"><span class=\"cs-meta-author-by\">por<\/span><a class=\"cs-meta-author-link url fn n\" href=\"https:\/\/grupohoymexico.com\/nuevo-leon\/author\/nestor\/\"><span class=\"cs-meta-author-name\">nestor<\/span><\/a><\/div><div class=\"cs-meta-date\">10 junio, 2026<\/div><\/div>\t\t<\/div>\r\n\t<\/div>\r\n<\/article>\r\n\t\t\t\t\t\t\t\t<\/div>\r\n\t\t\t\t\t\t\t<\/div>\r\n\t\t\t\t\t\t<\/div>\r\n\t\t\t\t\t\t\t\t<\/section>\r\n\t\t\t\t\t\t<\/div>\n\t\t\t\t<\/div>\n\t\t\t\t<\/div>\n\t\t\t\t<div class=\"elementor-element elementor-element-6aee8d3 cs-dividervertical elementor-widget-laptop__width-inherit cs-divider-laptophorizontal cs-divider-tablethorizontal cs-divider-mobilehorizontal elementor-widget elementor-widget-cs-divider\" data-id=\"6aee8d3\" data-element_type=\"widget\" data-e-type=\"widget\" data-widget_type=\"cs-divider.default\">\n\t\t\t\t<div class=\"elementor-widget-container\">\n\t\t\t\t\t\t\t<section class=\"cs-divider cs-divider-vertical\"><\/section>\r\n\t\t\t\t\t\t<\/div>\n\t\t\t\t<\/div>\n\t\t<div class=\"elementor-element elementor-element-29cb6a6 e-con-full e-flex e-con e-child\" data-id=\"29cb6a6\" data-element_type=\"container\" data-e-type=\"container\">\n\t\t\t\t<div class=\"elementor-element elementor-element-8dbe1ce elementor-widget elementor-widget-cs-posts\" data-id=\"8dbe1ce\" data-element_type=\"widget\" data-e-type=\"widget\" data-widget_type=\"cs-posts.default\">\n\t\t\t\t<div class=\"elementor-widget-container\">\n\t\t\t\t\t\t\t\t<section class=\"cs-posts cs-posts__standard\">\r\n\t\t\t\t\t\t\t\t\t\t<div class=\"cs-posts-area cs-posts-area-elementor \" data-posts-area=\"\">\r\n\t\t\t\t\t\t\t<div class=\"cs-posts-area__outer\">\r\n\t\t\t\t\t\t\t\t<div\r\n\t\t\t\t\t\t\t\tclass=\"cs-posts-area__main\"\r\n\t\t\t\t\t\t\t\tdata-pc=\"1\"\r\n\t\t\t\t\t\t\t\tdata-lt=\"1\"\r\n\t\t\t\t\t\t\t\tdata-tb=\"1\"\r\n\t\t\t\t\t\t\t\tdata-mb=\"1\"\r\n\t\t\t\t\t\t\t\t>\r\n\t\t\t\t\t\t\t\t\t\r\n<article class=\"post-36066 post type-post status-publish format-standard has-post-thumbnail category-deportes tag-boletos-para-triplemania tag-triplemania-2026 tag-triplemania-34 cs-entry cs-video-wrap\">\r\n\t<div class=\"cs-entry__outer\">\r\n\t\t\t\t\t<div class=\"cs-entry__inner cs-entry__overlay cs-entry__thumbnail cs-overlay-ratio cs-ratio-landscape-16-9\">\r\n\r\n\t\t\t\t<div class=\"cs-overlay-background\">\r\n\t\t\t\t\t<img loading=\"lazy\" decoding=\"async\" width=\"332\" height=\"177\" src=\"https:\/\/grupohoymexico.com\/nuevo-leon\/wp-content\/uploads\/sites\/6\/2026\/06\/costo_boletos_triplemania_2026_wwe_aaa_-332x177.webp\" class=\"attachment-csco-thumbnail-uncropped size-csco-thumbnail-uncropped wp-post-image\" alt=\"\" srcset=\"https:\/\/grupohoymexico.com\/nuevo-leon\/wp-content\/uploads\/sites\/6\/2026\/06\/costo_boletos_triplemania_2026_wwe_aaa_-332x177.webp 332w, https:\/\/grupohoymexico.com\/nuevo-leon\/wp-content\/uploads\/sites\/6\/2026\/06\/costo_boletos_triplemania_2026_wwe_aaa_-300x160.webp 300w, https:\/\/grupohoymexico.com\/nuevo-leon\/wp-content\/uploads\/sites\/6\/2026\/06\/costo_boletos_triplemania_2026_wwe_aaa_-1024x544.webp 1024w, https:\/\/grupohoymexico.com\/nuevo-leon\/wp-content\/uploads\/sites\/6\/2026\/06\/costo_boletos_triplemania_2026_wwe_aaa_-768x408.webp 768w, https:\/\/grupohoymexico.com\/nuevo-leon\/wp-content\/uploads\/sites\/6\/2026\/06\/costo_boletos_triplemania_2026_wwe_aaa_-664x353.webp 664w, https:\/\/grupohoymexico.com\/nuevo-leon\/wp-content\/uploads\/sites\/6\/2026\/06\/costo_boletos_triplemania_2026_wwe_aaa_-688x366.webp 688w, https:\/\/grupohoymexico.com\/nuevo-leon\/wp-content\/uploads\/sites\/6\/2026\/06\/costo_boletos_triplemania_2026_wwe_aaa_-1044x555.webp 1044w, https:\/\/grupohoymexico.com\/nuevo-leon\/wp-content\/uploads\/sites\/6\/2026\/06\/costo_boletos_triplemania_2026_wwe_aaa_.webp 1200w\" sizes=\"(max-width: 332px) 100vw, 332px\" \/>\t\t\t\t\t<img loading=\"lazy\" decoding=\"async\" width=\"1200\" height=\"638\" src=\"https:\/\/grupohoymexico.com\/nuevo-leon\/wp-content\/uploads\/sites\/6\/2026\/06\/costo_boletos_triplemania_2026_wwe_aaa_.webp\" class=\"attachment-csco-extra-large size-csco-extra-large wp-post-image\" alt=\"\" srcset=\"https:\/\/grupohoymexico.com\/nuevo-leon\/wp-content\/uploads\/sites\/6\/2026\/06\/costo_boletos_triplemania_2026_wwe_aaa_.webp 1200w, https:\/\/grupohoymexico.com\/nuevo-leon\/wp-content\/uploads\/sites\/6\/2026\/06\/costo_boletos_triplemania_2026_wwe_aaa_-300x160.webp 300w, https:\/\/grupohoymexico.com\/nuevo-leon\/wp-content\/uploads\/sites\/6\/2026\/06\/costo_boletos_triplemania_2026_wwe_aaa_-1024x544.webp 1024w, https:\/\/grupohoymexico.com\/nuevo-leon\/wp-content\/uploads\/sites\/6\/2026\/06\/costo_boletos_triplemania_2026_wwe_aaa_-768x408.webp 768w, https:\/\/grupohoymexico.com\/nuevo-leon\/wp-content\/uploads\/sites\/6\/2026\/06\/costo_boletos_triplemania_2026_wwe_aaa_-332x177.webp 332w, https:\/\/grupohoymexico.com\/nuevo-leon\/wp-content\/uploads\/sites\/6\/2026\/06\/costo_boletos_triplemania_2026_wwe_aaa_-664x353.webp 664w, https:\/\/grupohoymexico.com\/nuevo-leon\/wp-content\/uploads\/sites\/6\/2026\/06\/costo_boletos_triplemania_2026_wwe_aaa_-688x366.webp 688w, https:\/\/grupohoymexico.com\/nuevo-leon\/wp-content\/uploads\/sites\/6\/2026\/06\/costo_boletos_triplemania_2026_wwe_aaa_-1044x555.webp 1044w\" sizes=\"(max-width: 1200px) 100vw, 1200px\" \/>\t\t\t\t<\/div>\r\n\r\n\t\t\t\t\r\n\t\t\t\t\r\n\t\t\t\t<a href=\"https:\/\/grupohoymexico.com\/nuevo-leon\/2026\/06\/02\/cuanto-cuestan-los-boletos-para-triplemania-2026\/\" class=\"cs-overlay-link\" title=\"\u00bfCu\u00e1nto cuestan los boletos para Triplemania 2026?\"><\/a>\r\n\t\t\t<\/div>\r\n\t\t\r\n\t\t<div class=\"cs-entry__inner cs-entry__content\">\r\n\r\n\t\t\t<div class=\"cs-entry__post-meta\" ><div class=\"cs-meta-category\"><ul class=\"post-categories\">\n\t<li><a href=\"https:\/\/grupohoymexico.com\/nuevo-leon\/category\/deportes\/\" rel=\"category tag\">Deportes<\/a><\/li><\/ul><\/div><\/div>\r\n\t\t\t<h2 class=\"cs-entry__title\"><a href=\"https:\/\/grupohoymexico.com\/nuevo-leon\/2026\/06\/02\/cuanto-cuestan-los-boletos-para-triplemania-2026\/\">\u00bfCu\u00e1nto cuestan los boletos para Triplemania 2026?<\/a><\/h2>\r\n\t\t\t\t\t\t\t\t<div class=\"cs-entry__excerpt\">\r\n\t\t\t\t\t\tTriplemania 2026 ya est\u00e1 aqu\u00ed y ya sabemos cu\u00e1nto cuestan los boletos, los cuales ya puedes adquirir a trav\u00e9s de la preventa. El evento es uno de los m\u00e1s importantes dentro de las luchas, pues&hellip;\t\t\t\t\t<\/div>\r\n\t\t\t\t\t\r\n\t\t\t<div class=\"cs-entry__post-meta\" ><div class=\"cs-meta-author\"><span class=\"cs-meta-author-by\">por<\/span><a class=\"cs-meta-author-link url fn n\" href=\"https:\/\/grupohoymexico.com\/nuevo-leon\/author\/nestor\/\"><span class=\"cs-meta-author-name\">nestor<\/span><\/a><\/div><div class=\"cs-meta-date\">2 junio, 2026<\/div><\/div>\t\t<\/div>\r\n\t<\/div>\r\n<\/article>\r\n\t\t\t\t\t\t\t\t<\/div>\r\n\t\t\t\t\t\t\t<\/div>\r\n\t\t\t\t\t\t<\/div>\r\n\t\t\t\t\t\t\t\t<\/section>\r\n\t\t\t\t\t\t<\/div>\n\t\t\t\t<\/div>\n\t\t\t\t<div class=\"elementor-element elementor-element-614d627 cs-dividerhorizontal cs-divider-laptophorizontal cs-divider-tablethorizontal cs-divider-mobilehorizontal elementor-widget elementor-widget-cs-divider\" data-id=\"614d627\" data-element_type=\"widget\" data-e-type=\"widget\" data-widget_type=\"cs-divider.default\">\n\t\t\t\t<div class=\"elementor-widget-container\">\n\t\t\t\t\t\t\t<section class=\"cs-divider cs-divider-horizontal\"><\/section>\r\n\t\t\t\t\t\t<\/div>\n\t\t\t\t<\/div>\n\t\t\t\t<div class=\"elementor-element elementor-element-cf9ecc3 elementor-widget elementor-widget-cs-posts\" data-id=\"cf9ecc3\" data-element_type=\"widget\" data-e-type=\"widget\" data-widget_type=\"cs-posts.default\">\n\t\t\t\t<div class=\"elementor-widget-container\">\n\t\t\t\t\t\t\t\t<section class=\"cs-posts cs-posts__horizontal\">\r\n\t\t\t\t\t\t\t\t\t\t<div class=\"cs-posts-area cs-posts-area-elementor \" data-posts-area=\"\">\r\n\t\t\t\t\t\t\t<div class=\"cs-posts-area__outer\">\r\n\t\t\t\t\t\t\t\t<div\r\n\t\t\t\t\t\t\t\tclass=\"cs-posts-area__main\"\r\n\t\t\t\t\t\t\t\tdata-pc=\"1\"\r\n\t\t\t\t\t\t\t\tdata-lt=\"1\"\r\n\t\t\t\t\t\t\t\tdata-tb=\"1\"\r\n\t\t\t\t\t\t\t\tdata-mb=\"1\"\r\n\t\t\t\t\t\t\t\t>\r\n\t\t\t\t\t\t\t\t\t\r\n<article class=\"post-35173 post type-post status-publish format-standard has-post-thumbnail category-deportes tag-cristiano-ronaldo tag-mexico-portugal cs-entry cs-video-wrap\">\r\n\t<div class=\"cs-entry__outer cs-entry__outer-medium cs-entry__outer-thumbnail-right\">\r\n\t\t\t\t\t<div class=\"cs-entry__inner cs-entry__overlay cs-entry__thumbnail cs-overlay-ratio cs-ratio-landscape-16-9\">\r\n\r\n\t\t\t\t<div class=\"cs-overlay-background\">\r\n\t\t\t\t\t<img loading=\"lazy\" decoding=\"async\" width=\"332\" height=\"176\" src=\"https:\/\/grupohoymexico.com\/nuevo-leon\/wp-content\/uploads\/sites\/6\/2026\/03\/Cristiano-Ronald-se-quedara-en-Al-Nassr-332x176.jpg\" class=\"attachment-csco-thumbnail-uncropped size-csco-thumbnail-uncropped wp-post-image\" alt=\"Cristiano Ronald se quedar\u00e1 en Al-Nassr\" srcset=\"https:\/\/grupohoymexico.com\/nuevo-leon\/wp-content\/uploads\/sites\/6\/2026\/03\/Cristiano-Ronald-se-quedara-en-Al-Nassr-332x176.jpg 332w, https:\/\/grupohoymexico.com\/nuevo-leon\/wp-content\/uploads\/sites\/6\/2026\/03\/Cristiano-Ronald-se-quedara-en-Al-Nassr-300x159.jpg 300w, https:\/\/grupohoymexico.com\/nuevo-leon\/wp-content\/uploads\/sites\/6\/2026\/03\/Cristiano-Ronald-se-quedara-en-Al-Nassr-1024x542.jpg 1024w, https:\/\/grupohoymexico.com\/nuevo-leon\/wp-content\/uploads\/sites\/6\/2026\/03\/Cristiano-Ronald-se-quedara-en-Al-Nassr-768x407.jpg 768w, https:\/\/grupohoymexico.com\/nuevo-leon\/wp-content\/uploads\/sites\/6\/2026\/03\/Cristiano-Ronald-se-quedara-en-Al-Nassr-664x351.jpg 664w, https:\/\/grupohoymexico.com\/nuevo-leon\/wp-content\/uploads\/sites\/6\/2026\/03\/Cristiano-Ronald-se-quedara-en-Al-Nassr-688x364.jpg 688w, https:\/\/grupohoymexico.com\/nuevo-leon\/wp-content\/uploads\/sites\/6\/2026\/03\/Cristiano-Ronald-se-quedara-en-Al-Nassr-1044x553.jpg 1044w, https:\/\/grupohoymexico.com\/nuevo-leon\/wp-content\/uploads\/sites\/6\/2026\/03\/Cristiano-Ronald-se-quedara-en-Al-Nassr.jpg 1192w\" sizes=\"(max-width: 332px) 100vw, 332px\" \/>\t\t\t\t\t<img loading=\"lazy\" decoding=\"async\" width=\"332\" height=\"186\" src=\"https:\/\/grupohoymexico.com\/nuevo-leon\/wp-content\/uploads\/sites\/6\/2026\/03\/Cristiano-Ronald-se-quedara-en-Al-Nassr-332x186.jpg\" class=\"attachment-csco-thumbnail size-csco-thumbnail wp-post-image\" alt=\"Cristiano Ronald se quedar\u00e1 en Al-Nassr\" srcset=\"https:\/\/grupohoymexico.com\/nuevo-leon\/wp-content\/uploads\/sites\/6\/2026\/03\/Cristiano-Ronald-se-quedara-en-Al-Nassr-332x186.jpg 332w, https:\/\/grupohoymexico.com\/nuevo-leon\/wp-content\/uploads\/sites\/6\/2026\/03\/Cristiano-Ronald-se-quedara-en-Al-Nassr-664x372.jpg 664w, https:\/\/grupohoymexico.com\/nuevo-leon\/wp-content\/uploads\/sites\/6\/2026\/03\/Cristiano-Ronald-se-quedara-en-Al-Nassr-688x387.jpg 688w, https:\/\/grupohoymexico.com\/nuevo-leon\/wp-content\/uploads\/sites\/6\/2026\/03\/Cristiano-Ronald-se-quedara-en-Al-Nassr-1044x587.jpg 1044w\" sizes=\"(max-width: 332px) 100vw, 332px\" \/>\t\t\t\t<\/div>\r\n\r\n\t\t\t\t\r\n\t\t\t\t\r\n\t\t\t\t<a href=\"https:\/\/grupohoymexico.com\/nuevo-leon\/2026\/03\/20\/ausencia-de-cristiano-ronaldo-desploma-la-reventa-de-boletos-para-el-mexico-vs-portugal\/\" class=\"cs-overlay-link\" title=\"Ausencia de Cristiano Ronaldo desploma la reventa de boletos para el M\u00e9xico vs Portugal\"><\/a>\r\n\t\t\t<\/div>\r\n\t\t\r\n\t\t<div class=\"cs-entry__inner cs-entry__content cs-entry__content-horizontal\">\r\n\t\t\t<div class=\"cs-entry__post-meta\" ><div class=\"cs-meta-category\"><ul class=\"post-categories\">\n\t<li><a href=\"https:\/\/grupohoymexico.com\/nuevo-leon\/category\/deportes\/\" rel=\"category tag\">Deportes<\/a><\/li><\/ul><\/div><\/div>\r\n\t\t\t<h2 class=\"cs-entry__title\"><a href=\"https:\/\/grupohoymexico.com\/nuevo-leon\/2026\/03\/20\/ausencia-de-cristiano-ronaldo-desploma-la-reventa-de-boletos-para-el-mexico-vs-portugal\/\">Ausencia de Cristiano Ronaldo desploma la reventa de boletos para el M\u00e9xico vs Portugal<\/a><\/h2>\r\n\t\t\t\r\n\t\t\t<div class=\"cs-entry__post-meta\" ><div class=\"cs-meta-author\"><span class=\"cs-meta-author-by\">por<\/span><a class=\"cs-meta-author-link url fn n\" href=\"https:\/\/grupohoymexico.com\/nuevo-leon\/author\/nestor\/\"><span class=\"cs-meta-author-name\">nestor<\/span><\/a><\/div><div class=\"cs-meta-date\">20 marzo, 2026<\/div><\/div>\t\t<\/div>\r\n\t<\/div>\r\n<\/article>\r\n\t\t\t\t\t\t\t\t<\/div>\r\n\t\t\t\t\t\t\t<\/div>\r\n\t\t\t\t\t\t<\/div>\r\n\t\t\t\t\t\t\t\t<\/section>\r\n\t\t\t\t\t\t<\/div>\n\t\t\t\t<\/div>\n\t\t\t\t<\/div>\n\t\t\t\t<div class=\"elementor-element elementor-element-feab530 cs-dividervertical cs-divider-laptopvertical cs-divider-tabletvertical cs-divider-mobilehorizontal elementor-widget elementor-widget-cs-divider\" data-id=\"feab530\" data-element_type=\"widget\" data-e-type=\"widget\" data-widget_type=\"cs-divider.default\">\n\t\t\t\t<div class=\"elementor-widget-container\">\n\t\t\t\t\t\t\t<section class=\"cs-divider cs-divider-vertical\"><\/section>\r\n\t\t\t\t\t\t<\/div>\n\t\t\t\t<\/div>\n\t\t<div class=\"elementor-element elementor-element-9f086d5 e-con-full e-flex e-con e-child\" data-id=\"9f086d5\" data-element_type=\"container\" data-e-type=\"container\">\n\t\t\t\t<div class=\"elementor-element elementor-element-74a80d4 elementor-widget elementor-widget-cs-posts\" data-id=\"74a80d4\" data-element_type=\"widget\" data-e-type=\"widget\" data-widget_type=\"cs-posts.default\">\n\t\t\t\t<div class=\"elementor-widget-container\">\n\t\t\t\t\t\t\t\t<section class=\"cs-posts cs-posts__standard\">\r\n\t\t\t\t\t\t\t\t\t\t<div class=\"cs-posts-area cs-posts-area-elementor \" data-posts-area=\"\">\r\n\t\t\t\t\t\t\t<div class=\"cs-posts-area__outer\">\r\n\t\t\t\t\t\t\t\t<div\r\n\t\t\t\t\t\t\t\tclass=\"cs-posts-area__main cs-posts-area__main-divider\"\r\n\t\t\t\t\t\t\t\tdata-pc=\"1\"\r\n\t\t\t\t\t\t\t\tdata-lt=\"1\"\r\n\t\t\t\t\t\t\t\tdata-tb=\"1\"\r\n\t\t\t\t\t\t\t\tdata-mb=\"1\"\r\n\t\t\t\t\t\t\t\t>\r\n\t\t\t\t\t\t\t\t\t\r\n<article class=\"post-35118 post type-post status-publish format-standard has-post-thumbnail category-deportes tag-900-goles-de-messi tag-inter-de-miami tag-lionel-messi cs-entry cs-video-wrap\">\r\n\t<div class=\"cs-entry__outer\">\r\n\t\t\r\n\t\t<div class=\"cs-entry__inner cs-entry__content\">\r\n\r\n\t\t\t<div class=\"cs-entry__post-meta\" ><div class=\"cs-meta-category\"><ul class=\"post-categories\">\n\t<li><a href=\"https:\/\/grupohoymexico.com\/nuevo-leon\/category\/deportes\/\" rel=\"category tag\">Deportes<\/a><\/li><\/ul><\/div><\/div>\r\n\t\t\t<h2 class=\"cs-entry__title\"><a href=\"https:\/\/grupohoymexico.com\/nuevo-leon\/2026\/03\/19\/lionel-messi-alcanza-900-goles-oficiales-en-su-carrera\/\">Lionel Messi alcanza 900 goles oficiales en su carrera<\/a><\/h2>\r\n\t\t\t\r\n\t\t\t<div class=\"cs-entry__post-meta\" ><div class=\"cs-meta-author\"><span class=\"cs-meta-author-by\">por<\/span><a class=\"cs-meta-author-link url fn n\" href=\"https:\/\/grupohoymexico.com\/nuevo-leon\/author\/redaccion\/\"><span class=\"cs-meta-author-name\">Redacci\u00f3n Grupo Hoy<\/span><\/a><\/div><div class=\"cs-meta-date\">19 marzo, 2026<\/div><\/div>\t\t<\/div>\r\n\t<\/div>\r\n<\/article>\r\n\r\n<article class=\"post-34977 post type-post status-publish format-standard has-post-thumbnail category-deportes tag-monterrey tag-mundial-2026 tag-tunez cs-entry cs-video-wrap\">\r\n\t<div class=\"cs-entry__outer\">\r\n\t\t\r\n\t\t<div class=\"cs-entry__inner cs-entry__content\">\r\n\r\n\t\t\t<div class=\"cs-entry__post-meta\" ><div class=\"cs-meta-category\"><ul class=\"post-categories\">\n\t<li><a href=\"https:\/\/grupohoymexico.com\/nuevo-leon\/category\/deportes\/\" rel=\"category tag\">Deportes<\/a><\/li><\/ul><\/div><\/div>\r\n\t\t\t<h2 class=\"cs-entry__title\"><a href=\"https:\/\/grupohoymexico.com\/nuevo-leon\/2026\/03\/18\/tunez-elige-a-monterrey-como-sede-para-sus-entrenamientos-para-el-mundial-2026\/\">T\u00fanez elige a Monterrey como sede para sus entrenamientos para el Mundial 2026<\/a><\/h2>\r\n\t\t\t\r\n\t\t\t<div class=\"cs-entry__post-meta\" ><div class=\"cs-meta-author\"><span class=\"cs-meta-author-by\">por<\/span><a class=\"cs-meta-author-link url fn n\" href=\"https:\/\/grupohoymexico.com\/nuevo-leon\/author\/redaccion\/\"><span class=\"cs-meta-author-name\">Redacci\u00f3n Grupo Hoy<\/span><\/a><\/div><div class=\"cs-meta-date\">18 marzo, 2026<\/div><\/div>\t\t<\/div>\r\n\t<\/div>\r\n<\/article>\r\n\r\n<article class=\"post-34342 post type-post status-publish format-standard has-post-thumbnail category-deportes cs-entry cs-video-wrap\">\r\n\t<div class=\"cs-entry__outer\">\r\n\t\t\r\n\t\t<div class=\"cs-entry__inner cs-entry__content\">\r\n\r\n\t\t\t<div class=\"cs-entry__post-meta\" ><div class=\"cs-meta-category\"><ul class=\"post-categories\">\n\t<li><a href=\"https:\/\/grupohoymexico.com\/nuevo-leon\/category\/deportes\/\" rel=\"category tag\">Deportes<\/a><\/li><\/ul><\/div><\/div>\r\n\t\t\t<h2 class=\"cs-entry__title\"><a href=\"https:\/\/grupohoymexico.com\/nuevo-leon\/2026\/03\/06\/seleccion-mexicana-gana-en-su-debut-en-el-clasico-mundial-de-beisbol-2026-frente-a-gran-bretana\/\">Selecci\u00f3n Mexicana gana en su debut en el Cl\u00e1sico Mundial de B\u00e9isbol 2026 frente a Gran Breta\u00f1a<\/a><\/h2>\r\n\t\t\t\r\n\t\t\t<div class=\"cs-entry__post-meta\" ><div class=\"cs-meta-author\"><span class=\"cs-meta-author-by\">por<\/span><a class=\"cs-meta-author-link url fn n\" href=\"https:\/\/grupohoymexico.com\/nuevo-leon\/author\/jair\/\"><span class=\"cs-meta-author-name\">jair<\/span><\/a><\/div><div class=\"cs-meta-date\">6 marzo, 2026<\/div><\/div>\t\t<\/div>\r\n\t<\/div>\r\n<\/article>\r\n\r\n<article class=\"post-34243 post type-post status-publish format-standard has-post-thumbnail category-deportes tag-charlyn-corral tag-mundial-2026 tag-palacio-nacional cs-entry cs-video-wrap\">\r\n\t<div class=\"cs-entry__outer\">\r\n\t\t\r\n\t\t<div class=\"cs-entry__inner cs-entry__content\">\r\n\r\n\t\t\t<div class=\"cs-entry__post-meta\" ><div class=\"cs-meta-category\"><ul class=\"post-categories\">\n\t<li><a href=\"https:\/\/grupohoymexico.com\/nuevo-leon\/category\/deportes\/\" rel=\"category tag\">Deportes<\/a><\/li><\/ul><\/div><\/div>\r\n\t\t\t<h2 class=\"cs-entry__title\"><a href=\"https:\/\/grupohoymexico.com\/nuevo-leon\/2026\/03\/05\/charlyn-corral-impulsa-el-futbol-femenil-mexicano-en-palacio-nacional\/\">Charlyn Corral impulsa el futbol femenil mexicano en Palacio Nacional<\/a><\/h2>\r\n\t\t\t\r\n\t\t\t<div class=\"cs-entry__post-meta\" ><div class=\"cs-meta-author\"><span class=\"cs-meta-author-by\">por<\/span><a class=\"cs-meta-author-link url fn n\" href=\"https:\/\/grupohoymexico.com\/nuevo-leon\/author\/redaccion\/\"><span class=\"cs-meta-author-name\">Redacci\u00f3n Grupo Hoy<\/span><\/a><\/div><div class=\"cs-meta-date\">5 marzo, 2026<\/div><\/div>\t\t<\/div>\r\n\t<\/div>\r\n<\/article>\r\n\t\t\t\t\t\t\t\t<\/div>\r\n\t\t\t\t\t\t\t<\/div>\r\n\t\t\t\t\t\t<\/div>\r\n\t\t\t\t\t\t\t\t<\/section>\r\n\t\t\t\t\t\t<\/div>\n\t\t\t\t<\/div>\n\t\t\t\t<div class=\"elementor-element elementor-element-c184e0e cs-dividerhorizontal cs-divider-laptophorizontal cs-divider-tablethorizontal cs-divider-mobilehorizontal elementor-widget elementor-widget-cs-divider\" data-id=\"c184e0e\" data-element_type=\"widget\" data-e-type=\"widget\" data-widget_type=\"cs-divider.default\">\n\t\t\t\t<div class=\"elementor-widget-container\">\n\t\t\t\t\t\t\t<section class=\"cs-divider cs-divider-horizontal\"><\/section>\r\n\t\t\t\t\t\t<\/div>\n\t\t\t\t<\/div>\n\t\t\t\t<div class=\"elementor-element elementor-element-79c12ab elementor-widget__width-initial elementor-hidden-desktop elementor-hidden-laptop elementor-hidden-tablet elementor-hidden-mobile elementor-widget elementor-widget-cs-banner\" data-id=\"79c12ab\" data-element_type=\"widget\" data-e-type=\"widget\" data-widget_type=\"cs-banner.default\">\n\t\t\t\t<div class=\"elementor-widget-container\">\n\t\t\t\t\t\t\t<section class=\"cs-banner-elementor\">\r\n\t\t\t<div class=\"cs-banner\">\r\n\t\t\t\t<div class=\"cs-banner__container \">\r\n\t\t\t\t\t<div class=\"cs-banner__content\">\r\n\t\t\t\t\t\t<a href=\"https:\/\/1.envato.market\/newsreader\" title=\"Advertisement\">\r\n    <img decoding=\"async\" loading=\"lazy\" src=\"http:\/\/newsreader.codesupply.co\/city\/wp-content\/uploads\/sites\/7\/2024\/03\/demo-banner-medium-0004.webp\" alt=\"Advertisement\">\r\n<\/a>\t\t\t\t\t<\/div>\r\n\t\t\t\t\t\t\t\t\t\t\t<div class=\"cs-banner__label\">\r\n\t\t\t\t\t\t\tAdvertisement\t\t\t\t\t\t<\/div>\r\n\t\t\t\t\t\t\t\t\t<\/div>\r\n\t\t\t<\/div>\r\n\t\t<\/section>\r\n\t\t\t\t\t\t<\/div>\n\t\t\t\t<\/div>\n\t\t\t\t<div class=\"elementor-element elementor-element-078f65f elementor-widget elementor-widget-image\" data-id=\"078f65f\" data-element_type=\"widget\" data-e-type=\"widget\" data-widget_type=\"image.default\">\n\t\t\t\t\t\t\t\t\t\t\t\t\t\t\t<img decoding=\"async\" src=\"https:\/\/grupohoymexico.com\/wp-content\/uploads\/2025\/05\/box-banner-la-joya.png\" title=\"\" alt=\"\" loading=\"lazy\" \/>\t\t\t\t\t\t\t\t\t\t\t\t\t\t\t<\/div>\n\t\t\t\t<\/div>\n\t\t\t\t<\/div>\n\t\t\t\t<div class=\"elementor-element elementor-element-3eed156 cs-dividerhorizontal cs-divider-laptophorizontal cs-divider-tablethorizontal cs-divider-mobilehorizontal elementor-widget elementor-widget-cs-divider\" data-id=\"3eed156\" data-element_type=\"widget\" data-e-type=\"widget\" data-widget_type=\"cs-divider.default\">\n\t\t\t\t<div class=\"elementor-widget-container\">\n\t\t\t\t\t\t\t<section class=\"cs-divider cs-divider-horizontal\"><\/section>\r\n\t\t\t\t\t\t<\/div>\n\t\t\t\t<\/div>\n\t\t\t\t\t<\/div>\n\t\t\t\t<\/div>\n\t\t\t\t<\/div>\n\t\t","protected":false},"excerpt":{"rendered":"Nacional Samuel Garc\u00eda reconoce la reducci\u00f3n de la inseguridad ante compromiso de la sociedad y el gobierno El&hellip;","protected":false},"author":1,"featured_media":0,"parent":0,"menu_order":0,"comment_status":"closed","ping_status":"closed","template":"elementor_header_footer","meta":{"csco_display_header_overlay":false,"csco_singular_sidebar":"disabled","csco_page_header_type":"none","csco_page_load_nextpost":"","csco_post_video_location":[],"csco_post_video_location_hash":"","csco_post_video_url":"","csco_post_video_bg_start_time":0,"csco_post_video_bg_end_time":0,"footnotes":""},"class_list":["post-10","page","type-page","status-publish","cs-entry","cs-video-wrap"],"yoast_head":"<!-- This site is optimized with the Yoast SEO Premium plugin v26.0 (Yoast SEO v28.0) - https:\/\/yoast.com\/product\/yoast-seo-premium-wordpress\/ -->\n<title>Nuevo Le\u00f3n Hoy - El portal de noticias l\u00edder de M\u00e9xico<\/title>\n<meta name=\"description\" content=\"Sitio l\u00edder de noticias en Nuevo Le\u00f3n. Pol\u00edtica, deportes, espect\u00e1culos, econom\u00eda y m\u00e1s: Somos periodismo local con impacto nacional\" \/>\n<meta name=\"robots\" content=\"index, follow, max-snippet:-1, max-image-preview:large, max-video-preview:-1\" \/>\n<link rel=\"canonical\" href=\"https:\/\/grupohoymexico.com\/nuevo-leon\/\" \/>\n<meta property=\"og:locale\" content=\"es_MX\" \/>\n<meta property=\"og:type\" content=\"article\" \/>\n<meta property=\"og:title\" content=\"Nuevo Le\u00f3n Hoy\" \/>\n<meta property=\"og:description\" content=\"Sitio l\u00edder de noticias en Nuevo Le\u00f3n. Pol\u00edtica, deportes, espect\u00e1culos, econom\u00eda y m\u00e1s: Somos periodismo local con impacto nacional\" \/>\n<meta property=\"og:url\" content=\"https:\/\/grupohoymexico.com\/nuevo-leon\/\" \/>\n<meta property=\"og:site_name\" content=\"Grupo Hoy Nuevo Leon\" \/>\n<meta property=\"article:modified_time\" content=\"2025-08-07T16:38:23+00:00\" \/>\n<meta property=\"og:image\" content=\"https:\/\/grupohoymexico.com\/nuevo-leon\/wp-content\/uploads\/sites\/6\/2025\/07\/samuel_garcia_inseguridad_nuevo_leon-332x176.jpg\" \/>\n<meta name=\"twitter:card\" content=\"summary_large_image\" \/>\n<meta name=\"twitter:label1\" content=\"Tiempo de lectura\" \/>\n\t<meta name=\"twitter:data1\" content=\"16 minutos\" \/>\n<script type=\"application\/ld+json\" class=\"yoast-schema-graph\">{\"@context\":\"https:\\\/\\\/schema.org\",\"@graph\":[{\"@type\":\"WebPage\",\"@id\":\"https:\\\/\\\/grupohoymexico.com\\\/nuevo-leon\\\/\",\"url\":\"https:\\\/\\\/grupohoymexico.com\\\/nuevo-leon\\\/\",\"name\":\"Nuevo Le\u00f3n Hoy - El portal de noticias l\u00edder de M\u00e9xico\",\"isPartOf\":{\"@id\":\"https:\\\/\\\/grupohoymexico.com\\\/nuevo-leon\\\/#website\"},\"primaryImageOfPage\":{\"@id\":\"https:\\\/\\\/grupohoymexico.com\\\/nuevo-leon\\\/#primaryimage\"},\"image\":{\"@id\":\"https:\\\/\\\/grupohoymexico.com\\\/nuevo-leon\\\/#primaryimage\"},\"thumbnailUrl\":\"https:\\\/\\\/grupohoymexico.com\\\/nuevo-leon\\\/wp-content\\\/uploads\\\/sites\\\/6\\\/2025\\\/07\\\/samuel_garcia_inseguridad_nuevo_leon-332x176.jpg\",\"datePublished\":\"2023-12-18T05:23:16+00:00\",\"dateModified\":\"2025-08-07T16:38:23+00:00\",\"description\":\"Sitio l\u00edder de noticias en Nuevo Le\u00f3n. Pol\u00edtica, deportes, espect\u00e1culos, econom\u00eda y m\u00e1s: Somos periodismo local con impacto nacional\",\"breadcrumb\":{\"@id\":\"https:\\\/\\\/grupohoymexico.com\\\/nuevo-leon\\\/#breadcrumb\"},\"inLanguage\":\"es\",\"potentialAction\":[{\"@type\":\"ReadAction\",\"target\":[\"https:\\\/\\\/grupohoymexico.com\\\/nuevo-leon\\\/\"]}]},{\"@type\":\"ImageObject\",\"inLanguage\":\"es\",\"@id\":\"https:\\\/\\\/grupohoymexico.com\\\/nuevo-leon\\\/#primaryimage\",\"url\":\"https:\\\/\\\/grupohoymexico.com\\\/nuevo-leon\\\/wp-content\\\/uploads\\\/sites\\\/6\\\/2025\\\/07\\\/samuel_garcia_inseguridad_nuevo_leon.jpg\",\"contentUrl\":\"https:\\\/\\\/grupohoymexico.com\\\/nuevo-leon\\\/wp-content\\\/uploads\\\/sites\\\/6\\\/2025\\\/07\\\/samuel_garcia_inseguridad_nuevo_leon.jpg\",\"width\":800,\"height\":425,\"caption\":\"El gobernador Samuel Garc\u00eda reconoci\u00f3 la reducci\u00f3n de la inseguridad en Nuevo Le\u00f3n. Foto: Facebook\"},{\"@type\":\"BreadcrumbList\",\"@id\":\"https:\\\/\\\/grupohoymexico.com\\\/nuevo-leon\\\/#breadcrumb\",\"itemListElement\":[{\"@type\":\"ListItem\",\"position\":1,\"name\":\"Inicio\",\"item\":\"https:\\\/\\\/grupohoymexico.com\\\/nuevo-leon\\\/\"},{\"@type\":\"ListItem\",\"position\":2,\"name\":\"Nuevo Le\u00f3n Hoy\"}]},{\"@type\":\"WebSite\",\"@id\":\"https:\\\/\\\/grupohoymexico.com\\\/nuevo-leon\\\/#website\",\"url\":\"https:\\\/\\\/grupohoymexico.com\\\/nuevo-leon\\\/\",\"name\":\"Grupo Hoy Nuevo Leon\",\"description\":\"Sitio l\u00edder de noticias en M\u00e9xico\",\"potentialAction\":[{\"@type\":\"SearchAction\",\"target\":{\"@type\":\"EntryPoint\",\"urlTemplate\":\"https:\\\/\\\/grupohoymexico.com\\\/nuevo-leon\\\/?s={search_term_string}\"},\"query-input\":{\"@type\":\"PropertyValueSpecification\",\"valueRequired\":true,\"valueName\":\"search_term_string\"}}],\"inLanguage\":\"es\"}]}<\/script>\n<!-- \/ Yoast SEO Premium plugin. -->","yoast_head_json":{"title":"Nuevo Le\u00f3n Hoy - El portal de noticias l\u00edder de M\u00e9xico","description":"Sitio l\u00edder de noticias en Nuevo Le\u00f3n. Pol\u00edtica, deportes, espect\u00e1culos, econom\u00eda y m\u00e1s: Somos periodismo local con impacto nacional","robots":{"index":"index","follow":"follow","max-snippet":"max-snippet:-1","max-image-preview":"max-image-preview:large","max-video-preview":"max-video-preview:-1"},"canonical":"https:\/\/grupohoymexico.com\/nuevo-leon\/","og_locale":"es_MX","og_type":"article","og_title":"Nuevo Le\u00f3n Hoy","og_description":"Sitio l\u00edder de noticias en Nuevo Le\u00f3n. Pol\u00edtica, deportes, espect\u00e1culos, econom\u00eda y m\u00e1s: Somos periodismo local con impacto nacional","og_url":"https:\/\/grupohoymexico.com\/nuevo-leon\/","og_site_name":"Grupo Hoy Nuevo Leon","article_modified_time":"2025-08-07T16:38:23+00:00","og_image":[{"url":"https:\/\/grupohoymexico.com\/nuevo-leon\/wp-content\/uploads\/sites\/6\/2025\/07\/samuel_garcia_inseguridad_nuevo_leon-332x176.jpg","type":"","width":"","height":""}],"twitter_card":"summary_large_image","twitter_misc":{"Tiempo de lectura":"16 minutos"},"schema":{"@context":"https:\/\/schema.org","@graph":[{"@type":"WebPage","@id":"https:\/\/grupohoymexico.com\/nuevo-leon\/","url":"https:\/\/grupohoymexico.com\/nuevo-leon\/","name":"Nuevo Le\u00f3n Hoy - El portal de noticias l\u00edder de M\u00e9xico","isPartOf":{"@id":"https:\/\/grupohoymexico.com\/nuevo-leon\/#website"},"primaryImageOfPage":{"@id":"https:\/\/grupohoymexico.com\/nuevo-leon\/#primaryimage"},"image":{"@id":"https:\/\/grupohoymexico.com\/nuevo-leon\/#primaryimage"},"thumbnailUrl":"https:\/\/grupohoymexico.com\/nuevo-leon\/wp-content\/uploads\/sites\/6\/2025\/07\/samuel_garcia_inseguridad_nuevo_leon-332x176.jpg","datePublished":"2023-12-18T05:23:16+00:00","dateModified":"2025-08-07T16:38:23+00:00","description":"Sitio l\u00edder de noticias en Nuevo Le\u00f3n. Pol\u00edtica, deportes, espect\u00e1culos, econom\u00eda y m\u00e1s: Somos periodismo local con impacto nacional","breadcrumb":{"@id":"https:\/\/grupohoymexico.com\/nuevo-leon\/#breadcrumb"},"inLanguage":"es","potentialAction":[{"@type":"ReadAction","target":["https:\/\/grupohoymexico.com\/nuevo-leon\/"]}]},{"@type":"ImageObject","inLanguage":"es","@id":"https:\/\/grupohoymexico.com\/nuevo-leon\/#primaryimage","url":"https:\/\/grupohoymexico.com\/nuevo-leon\/wp-content\/uploads\/sites\/6\/2025\/07\/samuel_garcia_inseguridad_nuevo_leon.jpg","contentUrl":"https:\/\/grupohoymexico.com\/nuevo-leon\/wp-content\/uploads\/sites\/6\/2025\/07\/samuel_garcia_inseguridad_nuevo_leon.jpg","width":800,"height":425,"caption":"El gobernador Samuel Garc\u00eda reconoci\u00f3 la reducci\u00f3n de la inseguridad en Nuevo Le\u00f3n. Foto: Facebook"},{"@type":"BreadcrumbList","@id":"https:\/\/grupohoymexico.com\/nuevo-leon\/#breadcrumb","itemListElement":[{"@type":"ListItem","position":1,"name":"Inicio","item":"https:\/\/grupohoymexico.com\/nuevo-leon\/"},{"@type":"ListItem","position":2,"name":"Nuevo Le\u00f3n Hoy"}]},{"@type":"WebSite","@id":"https:\/\/grupohoymexico.com\/nuevo-leon\/#website","url":"https:\/\/grupohoymexico.com\/nuevo-leon\/","name":"Grupo Hoy Nuevo Leon","description":"Sitio l\u00edder de noticias en M\u00e9xico","potentialAction":[{"@type":"SearchAction","target":{"@type":"EntryPoint","urlTemplate":"https:\/\/grupohoymexico.com\/nuevo-leon\/?s={search_term_string}"},"query-input":{"@type":"PropertyValueSpecification","valueRequired":true,"valueName":"search_term_string"}}],"inLanguage":"es"}]}},"_links":{"self":[{"href":"https:\/\/grupohoymexico.com\/nuevo-leon\/wp-json\/wp\/v2\/pages\/10","targetHints":{"allow":["GET"]}}],"collection":[{"href":"https:\/\/grupohoymexico.com\/nuevo-leon\/wp-json\/wp\/v2\/pages"}],"about":[{"href":"https:\/\/grupohoymexico.com\/nuevo-leon\/wp-json\/wp\/v2\/types\/page"}],"author":[{"embeddable":true,"href":"https:\/\/grupohoymexico.com\/nuevo-leon\/wp-json\/wp\/v2\/users\/1"}],"replies":[{"embeddable":true,"href":"https:\/\/grupohoymexico.com\/nuevo-leon\/wp-json\/wp\/v2\/comments?post=10"}],"version-history":[{"count":8,"href":"https:\/\/grupohoymexico.com\/nuevo-leon\/wp-json\/wp\/v2\/pages\/10\/revisions"}],"predecessor-version":[{"id":31825,"href":"https:\/\/grupohoymexico.com\/nuevo-leon\/wp-json\/wp\/v2\/pages\/10\/revisions\/31825"}],"wp:attachment":[{"href":"https:\/\/grupohoymexico.com\/nuevo-leon\/wp-json\/wp\/v2\/media?parent=10"}],"curies":[{"name":"wp","href":"https:\/\/api.w.org\/{rel}","templated":true}]}}