{"id":6,"date":"2023-12-18T05:23:16","date_gmt":"2023-12-18T05:23:16","guid":{"rendered":"https:\/\/newsreader.codesupply.co\/city\/?page_id=6"},"modified":"2026-08-26T17:45:35","modified_gmt":"2026-08-26T23:45:35","slug":"homepage","status":"publish","type":"page","link":"https:\/\/grupohoymexico.com\/hidalgo\/","title":{"rendered":"Hidalgo Hoy"},"content":{"rendered":"\t\t<div data-elementor-type=\"wp-page\" data-elementor-id=\"6\" class=\"elementor elementor-6\">\n\t\t\t\t<div class=\"elementor-element elementor-element-7d505bd e-flex e-con-boxed e-con e-parent\" data-id=\"7d505bd\" data-element_type=\"container\" data-e-type=\"container\">\n\t\t\t\t\t<div class=\"e-con-inner\">\n\t\t<div class=\"elementor-element elementor-element-9c86909 e-con-full e-flex e-con e-child\" data-id=\"9c86909\" data-element_type=\"container\" data-e-type=\"container\">\n\t\t<div class=\"elementor-element elementor-element-8eb768a e-con-full e-flex e-con e-child\" data-id=\"8eb768a\" data-element_type=\"container\" data-e-type=\"container\">\n\t\t\t\t<div class=\"elementor-element elementor-element-fca3729 elementor-widget elementor-widget-cs-posts\" data-id=\"fca3729\" data-element_type=\"widget\" data-e-type=\"widget\" data-widget_type=\"cs-posts.default\">\n\t\t\t\t<div class=\"elementor-widget-container\">\n\t\t\t\t\t\t\t\t<section class=\"cs-posts cs-posts__horizontal\">\r\n\t\t\t\t\t\t\t\t\t\t<div class=\"cs-posts-area cs-posts-area-elementor \" data-posts-area=\"\">\r\n\t\t\t\t\t\t\t<div class=\"cs-posts-area__outer\">\r\n\t\t\t\t\t\t\t\t<div\r\n\t\t\t\t\t\t\t\tclass=\"cs-posts-area__main\"\r\n\t\t\t\t\t\t\t\tdata-pc=\"1\"\r\n\t\t\t\t\t\t\t\tdata-lt=\"1\"\r\n\t\t\t\t\t\t\t\tdata-tb=\"1\"\r\n\t\t\t\t\t\t\t\tdata-mb=\"1\"\r\n\t\t\t\t\t\t\t\t>\r\n\t\t\t\t\t\t\t\t\t\r\n<article class=\"post-16682 post type-post status-publish format-standard has-post-thumbnail category-entretenimiento category-hidalgo tag-cardenales-de-nuevo-leon tag-carlos-rivera tag-fiestas-patrias tag-grito-de-independencia tag-hidalgo tag-pachuca tag-plaza-juarez cs-entry cs-video-wrap\">\r\n\t<div class=\"cs-entry__outer cs-entry__outer-xlarge cs-entry__outer-thumbnail-right\">\r\n\t\t\t\t\t<div class=\"cs-entry__inner cs-entry__overlay cs-entry__thumbnail cs-overlay-ratio cs-ratio-landscape-16-9\">\r\n\r\n\t\t\t\t<div class=\"cs-overlay-background\">\r\n\t\t\t\t\t<img fetchpriority=\"high\" decoding=\"async\" width=\"332\" height=\"177\" src=\"https:\/\/grupohoymexico.com\/hidalgo\/wp-content\/uploads\/sites\/5\/2026\/09\/Grito-de-Independencia-Pachuca-2026-332x177.jpg\" class=\"attachment-csco-thumbnail-uncropped size-csco-thumbnail-uncropped wp-post-image\" alt=\"Grito de Independencia Pachuca 2026: \u00bfQui\u00e9nes se presentar\u00e1n?\" srcset=\"https:\/\/grupohoymexico.com\/hidalgo\/wp-content\/uploads\/sites\/5\/2026\/09\/Grito-de-Independencia-Pachuca-2026-332x177.jpg 332w, https:\/\/grupohoymexico.com\/hidalgo\/wp-content\/uploads\/sites\/5\/2026\/09\/Grito-de-Independencia-Pachuca-2026-300x160.jpg 300w, https:\/\/grupohoymexico.com\/hidalgo\/wp-content\/uploads\/sites\/5\/2026\/09\/Grito-de-Independencia-Pachuca-2026-1024x544.jpg 1024w, https:\/\/grupohoymexico.com\/hidalgo\/wp-content\/uploads\/sites\/5\/2026\/09\/Grito-de-Independencia-Pachuca-2026-768x408.jpg 768w, https:\/\/grupohoymexico.com\/hidalgo\/wp-content\/uploads\/sites\/5\/2026\/09\/Grito-de-Independencia-Pachuca-2026-664x353.jpg 664w, https:\/\/grupohoymexico.com\/hidalgo\/wp-content\/uploads\/sites\/5\/2026\/09\/Grito-de-Independencia-Pachuca-2026-688x366.jpg 688w, https:\/\/grupohoymexico.com\/hidalgo\/wp-content\/uploads\/sites\/5\/2026\/09\/Grito-de-Independencia-Pachuca-2026-1044x555.jpg 1044w, https:\/\/grupohoymexico.com\/hidalgo\/wp-content\/uploads\/sites\/5\/2026\/09\/Grito-de-Independencia-Pachuca-2026.jpg 1200w\" sizes=\"(max-width: 332px) 100vw, 332px\" \/>\t\t\t\t\t<img decoding=\"async\" width=\"688\" height=\"387\" src=\"https:\/\/grupohoymexico.com\/hidalgo\/wp-content\/uploads\/sites\/5\/2026\/09\/Grito-de-Independencia-Pachuca-2026-688x387.jpg\" class=\"attachment-csco-medium size-csco-medium wp-post-image\" alt=\"Grito de Independencia Pachuca 2026: \u00bfQui\u00e9nes se presentar\u00e1n?\" srcset=\"https:\/\/grupohoymexico.com\/hidalgo\/wp-content\/uploads\/sites\/5\/2026\/09\/Grito-de-Independencia-Pachuca-2026-688x387.jpg 688w, https:\/\/grupohoymexico.com\/hidalgo\/wp-content\/uploads\/sites\/5\/2026\/09\/Grito-de-Independencia-Pachuca-2026-332x186.jpg 332w, https:\/\/grupohoymexico.com\/hidalgo\/wp-content\/uploads\/sites\/5\/2026\/09\/Grito-de-Independencia-Pachuca-2026-1044x587.jpg 1044w\" sizes=\"(max-width: 688px) 100vw, 688px\" \/>\t\t\t\t<\/div>\r\n\r\n\t\t\t\t\r\n\t\t\t\t\r\n\t\t\t\t<a href=\"https:\/\/grupohoymexico.com\/hidalgo\/hidalgo\/grito-de-independencia-pachuca-2026\/\" class=\"cs-overlay-link\" title=\"Grito de Independencia Pachuca 2026: \u00bfQui\u00e9nes se presentar\u00e1n?\"><\/a>\r\n\t\t\t<\/div>\r\n\t\t\r\n\t\t<div class=\"cs-entry__inner cs-entry__content cs-entry__content-horizontal\">\r\n\t\t\t<div class=\"cs-entry__post-meta\" ><div class=\"cs-meta-category\"><ul class=\"post-categories\">\n\t<li><a href=\"https:\/\/grupohoymexico.com\/hidalgo\/category\/entretenimiento\/\" rel=\"category tag\">Entretenimiento<\/a><\/li>\n\t<li><a href=\"https:\/\/grupohoymexico.com\/hidalgo\/category\/hidalgo\/\" rel=\"category tag\">Hidalgo<\/a><\/li><\/ul><\/div><\/div>\r\n\t\t\t<h2 class=\"cs-entry__title\"><a href=\"https:\/\/grupohoymexico.com\/hidalgo\/hidalgo\/grito-de-independencia-pachuca-2026\/\">Grito de Independencia Pachuca 2026: \u00bfQui\u00e9nes se presentar\u00e1n?<\/a><\/h2>\r\n\t\t\t\t\t\t\t\t<div class=\"cs-entry__excerpt\">\r\n\t\t\t\t\t\tEl Grito de Independencia en Pachuca 2026 ya tiene parte de su cartel musical confirmado. El Gobierno de Hidalgo dio a conocer que Carlos Rivera y los Cardenales de Nuevo Le\u00f3n ser\u00e1n algunos de&hellip;\t\t\t\t\t<\/div>\r\n\t\t\t\t\t\r\n\t\t\t<div class=\"cs-entry__post-meta\" ><div class=\"cs-meta-author\"><span class=\"cs-meta-author-by\">por<\/span><a class=\"cs-meta-author-link url fn n\" href=\"https:\/\/grupohoymexico.com\/hidalgo\/author\/jair\/\"><span class=\"cs-meta-author-name\">jair<\/span><\/a><\/div><div class=\"cs-meta-date\">02 de septiembre<\/div><\/div>\t\t<\/div>\r\n\t<\/div>\r\n<\/article>\r\n\t\t\t\t\t\t\t\t<\/div>\r\n\t\t\t\t\t\t\t<\/div>\r\n\t\t\t\t\t\t<\/div>\r\n\t\t\t\t\t\t\t\t<\/section>\r\n\t\t\t\t\t\t<\/div>\n\t\t\t\t<\/div>\n\t\t\t\t<div class=\"elementor-element elementor-element-c831ae5 cs-dividerhorizontal cs-divider-tablethorizontal cs-divider-mobilehorizontal elementor-widget elementor-widget-cs-divider\" data-id=\"c831ae5\" data-element_type=\"widget\" data-e-type=\"widget\" data-widget_type=\"cs-divider.default\">\n\t\t\t\t<div class=\"elementor-widget-container\">\n\t\t\t\t\t\t\t<section class=\"cs-divider cs-divider-horizontal\"><\/section>\r\n\t\t\t\t\t\t<\/div>\n\t\t\t\t<\/div>\n\t\t\t\t<div class=\"elementor-element elementor-element-8ad34f2 elementor-widget elementor-widget-cs-posts\" data-id=\"8ad34f2\" data-element_type=\"widget\" data-e-type=\"widget\" data-widget_type=\"cs-posts.default\">\n\t\t\t\t<div class=\"elementor-widget-container\">\n\t\t\t\t\t\t\t\t<section class=\"cs-posts cs-posts__standard\">\r\n\t\t\t\t\t\t\t\t\t\t<div class=\"cs-posts-area cs-posts-area-elementor \" data-posts-area=\"\">\r\n\t\t\t\t\t\t\t<div class=\"cs-posts-area__outer\">\r\n\t\t\t\t\t\t\t\t<div\r\n\t\t\t\t\t\t\t\tclass=\"cs-posts-area__main\"\r\n\t\t\t\t\t\t\t\tdata-pc=\"3\"\r\n\t\t\t\t\t\t\t\tdata-lt=\"3\"\r\n\t\t\t\t\t\t\t\tdata-tb=\"3\"\r\n\t\t\t\t\t\t\t\tdata-mb=\"1\"\r\n\t\t\t\t\t\t\t\t>\r\n\t\t\t\t\t\t\t\t\t\r\n<article class=\"post-16677 post type-post status-publish format-standard has-post-thumbnail category-hidalgo tag-apan tag-hidalgo tag-ixmiquilpan tag-semarnath tag-tramites tag-unidad-movil tag-verificacion tag-verificacion-vehicular cs-entry cs-video-wrap\">\r\n\t<div class=\"cs-entry__outer\">\r\n\t\t\t\t\t<div class=\"cs-entry__inner cs-entry__overlay cs-entry__thumbnail cs-overlay-ratio cs-ratio-landscape-16-9\">\r\n\r\n\t\t\t\t<div class=\"cs-overlay-background\">\r\n\t\t\t\t\t<img decoding=\"async\" width=\"332\" height=\"177\" src=\"https:\/\/grupohoymexico.com\/hidalgo\/wp-content\/uploads\/sites\/5\/2026\/09\/Verificacion-vehicular-Hidalgo-Apan-Ixmiquilpan-332x177.jpg\" class=\"attachment-csco-thumbnail-uncropped size-csco-thumbnail-uncropped wp-post-image\" alt=\"Verificaci\u00f3n vehicular Hidalgo 2026: unidad m\u00f3vil en Apan e Ixmiquilpan\" srcset=\"https:\/\/grupohoymexico.com\/hidalgo\/wp-content\/uploads\/sites\/5\/2026\/09\/Verificacion-vehicular-Hidalgo-Apan-Ixmiquilpan-332x177.jpg 332w, https:\/\/grupohoymexico.com\/hidalgo\/wp-content\/uploads\/sites\/5\/2026\/09\/Verificacion-vehicular-Hidalgo-Apan-Ixmiquilpan-300x160.jpg 300w, https:\/\/grupohoymexico.com\/hidalgo\/wp-content\/uploads\/sites\/5\/2026\/09\/Verificacion-vehicular-Hidalgo-Apan-Ixmiquilpan-1024x544.jpg 1024w, https:\/\/grupohoymexico.com\/hidalgo\/wp-content\/uploads\/sites\/5\/2026\/09\/Verificacion-vehicular-Hidalgo-Apan-Ixmiquilpan-768x408.jpg 768w, https:\/\/grupohoymexico.com\/hidalgo\/wp-content\/uploads\/sites\/5\/2026\/09\/Verificacion-vehicular-Hidalgo-Apan-Ixmiquilpan-664x353.jpg 664w, https:\/\/grupohoymexico.com\/hidalgo\/wp-content\/uploads\/sites\/5\/2026\/09\/Verificacion-vehicular-Hidalgo-Apan-Ixmiquilpan-688x366.jpg 688w, https:\/\/grupohoymexico.com\/hidalgo\/wp-content\/uploads\/sites\/5\/2026\/09\/Verificacion-vehicular-Hidalgo-Apan-Ixmiquilpan-1044x555.jpg 1044w, https:\/\/grupohoymexico.com\/hidalgo\/wp-content\/uploads\/sites\/5\/2026\/09\/Verificacion-vehicular-Hidalgo-Apan-Ixmiquilpan.jpg 1200w\" sizes=\"(max-width: 332px) 100vw, 332px\" \/>\t\t\t\t\t<img loading=\"lazy\" decoding=\"async\" width=\"1044\" height=\"587\" src=\"https:\/\/grupohoymexico.com\/hidalgo\/wp-content\/uploads\/sites\/5\/2026\/09\/Verificacion-vehicular-Hidalgo-Apan-Ixmiquilpan-1044x587.jpg\" class=\"attachment-csco-large size-csco-large wp-post-image\" alt=\"Verificaci\u00f3n vehicular Hidalgo 2026: unidad m\u00f3vil en Apan e Ixmiquilpan\" srcset=\"https:\/\/grupohoymexico.com\/hidalgo\/wp-content\/uploads\/sites\/5\/2026\/09\/Verificacion-vehicular-Hidalgo-Apan-Ixmiquilpan-1044x587.jpg 1044w, https:\/\/grupohoymexico.com\/hidalgo\/wp-content\/uploads\/sites\/5\/2026\/09\/Verificacion-vehicular-Hidalgo-Apan-Ixmiquilpan-332x186.jpg 332w, https:\/\/grupohoymexico.com\/hidalgo\/wp-content\/uploads\/sites\/5\/2026\/09\/Verificacion-vehicular-Hidalgo-Apan-Ixmiquilpan-664x372.jpg 664w, https:\/\/grupohoymexico.com\/hidalgo\/wp-content\/uploads\/sites\/5\/2026\/09\/Verificacion-vehicular-Hidalgo-Apan-Ixmiquilpan-688x387.jpg 688w\" sizes=\"(max-width: 1044px) 100vw, 1044px\" \/>\t\t\t\t<\/div>\r\n\r\n\t\t\t\t\r\n\t\t\t\t\r\n\t\t\t\t<a href=\"https:\/\/grupohoymexico.com\/hidalgo\/hidalgo\/verificacion-vehicular-hidalgo-unidad-movil-apan-ixmiquilpan\/\" class=\"cs-overlay-link\" title=\"Verificaci\u00f3n vehicular Hidalgo: unidad m\u00f3vil en Apan e Ixmiquilpan\"><\/a>\r\n\t\t\t<\/div>\r\n\t\t\r\n\t\t<div class=\"cs-entry__inner cs-entry__content\">\r\n\r\n\t\t\t<div class=\"cs-entry__post-meta\" ><div class=\"cs-meta-category\"><ul class=\"post-categories\">\n\t<li><a href=\"https:\/\/grupohoymexico.com\/hidalgo\/category\/hidalgo\/\" rel=\"category tag\">Hidalgo<\/a><\/li><\/ul><\/div><\/div>\r\n\t\t\t<h2 class=\"cs-entry__title\"><a href=\"https:\/\/grupohoymexico.com\/hidalgo\/hidalgo\/verificacion-vehicular-hidalgo-unidad-movil-apan-ixmiquilpan\/\">Verificaci\u00f3n vehicular Hidalgo: unidad m\u00f3vil en Apan e Ixmiquilpan<\/a><\/h2>\r\n\t\t\t\r\n\t\t\t<div class=\"cs-entry__post-meta\" ><div class=\"cs-meta-author\"><span class=\"cs-meta-author-by\">por<\/span><a class=\"cs-meta-author-link url fn n\" href=\"https:\/\/grupohoymexico.com\/hidalgo\/author\/jair\/\"><span class=\"cs-meta-author-name\">jair<\/span><\/a><\/div><div class=\"cs-meta-date\">02 de septiembre<\/div><\/div>\t\t<\/div>\r\n\t<\/div>\r\n<\/article>\r\n\r\n<article class=\"post-16673 post type-post status-publish format-standard has-post-thumbnail category-hidalgo category-politica cs-entry cs-video-wrap\">\r\n\t<div class=\"cs-entry__outer\">\r\n\t\t\t\t\t<div class=\"cs-entry__inner cs-entry__overlay cs-entry__thumbnail cs-overlay-ratio cs-ratio-landscape-16-9\">\r\n\r\n\t\t\t\t<div class=\"cs-overlay-background\">\r\n\t\t\t\t\t<img loading=\"lazy\" decoding=\"async\" width=\"332\" height=\"177\" src=\"https:\/\/grupohoymexico.com\/hidalgo\/wp-content\/uploads\/sites\/5\/2026\/09\/Cuauhtemoc-Ochoa-Adan-Augusto-332x177.jpg\" class=\"attachment-csco-thumbnail-uncropped size-csco-thumbnail-uncropped wp-post-image\" alt=\"\u00bfPor WhatsApp? Cuauht\u00e9moc Ochoa pide la Comisi\u00f3n de Bienestar a Ad\u00e1n Augusto\" srcset=\"https:\/\/grupohoymexico.com\/hidalgo\/wp-content\/uploads\/sites\/5\/2026\/09\/Cuauhtemoc-Ochoa-Adan-Augusto-332x177.jpg 332w, https:\/\/grupohoymexico.com\/hidalgo\/wp-content\/uploads\/sites\/5\/2026\/09\/Cuauhtemoc-Ochoa-Adan-Augusto-300x160.jpg 300w, https:\/\/grupohoymexico.com\/hidalgo\/wp-content\/uploads\/sites\/5\/2026\/09\/Cuauhtemoc-Ochoa-Adan-Augusto-1024x544.jpg 1024w, https:\/\/grupohoymexico.com\/hidalgo\/wp-content\/uploads\/sites\/5\/2026\/09\/Cuauhtemoc-Ochoa-Adan-Augusto-768x408.jpg 768w, https:\/\/grupohoymexico.com\/hidalgo\/wp-content\/uploads\/sites\/5\/2026\/09\/Cuauhtemoc-Ochoa-Adan-Augusto-664x353.jpg 664w, https:\/\/grupohoymexico.com\/hidalgo\/wp-content\/uploads\/sites\/5\/2026\/09\/Cuauhtemoc-Ochoa-Adan-Augusto-688x366.jpg 688w, https:\/\/grupohoymexico.com\/hidalgo\/wp-content\/uploads\/sites\/5\/2026\/09\/Cuauhtemoc-Ochoa-Adan-Augusto-1044x555.jpg 1044w, https:\/\/grupohoymexico.com\/hidalgo\/wp-content\/uploads\/sites\/5\/2026\/09\/Cuauhtemoc-Ochoa-Adan-Augusto.jpg 1200w\" sizes=\"(max-width: 332px) 100vw, 332px\" \/>\t\t\t\t\t<img loading=\"lazy\" decoding=\"async\" width=\"1044\" height=\"587\" src=\"https:\/\/grupohoymexico.com\/hidalgo\/wp-content\/uploads\/sites\/5\/2026\/09\/Cuauhtemoc-Ochoa-Adan-Augusto-1044x587.jpg\" class=\"attachment-csco-large size-csco-large wp-post-image\" alt=\"\u00bfPor WhatsApp? Cuauht\u00e9moc Ochoa pide la Comisi\u00f3n de Bienestar a Ad\u00e1n Augusto\" srcset=\"https:\/\/grupohoymexico.com\/hidalgo\/wp-content\/uploads\/sites\/5\/2026\/09\/Cuauhtemoc-Ochoa-Adan-Augusto-1044x587.jpg 1044w, https:\/\/grupohoymexico.com\/hidalgo\/wp-content\/uploads\/sites\/5\/2026\/09\/Cuauhtemoc-Ochoa-Adan-Augusto-332x186.jpg 332w, https:\/\/grupohoymexico.com\/hidalgo\/wp-content\/uploads\/sites\/5\/2026\/09\/Cuauhtemoc-Ochoa-Adan-Augusto-664x372.jpg 664w, https:\/\/grupohoymexico.com\/hidalgo\/wp-content\/uploads\/sites\/5\/2026\/09\/Cuauhtemoc-Ochoa-Adan-Augusto-688x387.jpg 688w\" sizes=\"(max-width: 1044px) 100vw, 1044px\" \/>\t\t\t\t<\/div>\r\n\r\n\t\t\t\t\r\n\t\t\t\t\r\n\t\t\t\t<a href=\"https:\/\/grupohoymexico.com\/hidalgo\/hidalgo\/por-whatsapp-cuauhtemoc-ochoa-pide-la-comision-de-bienestar-a-adan-augusto\/\" class=\"cs-overlay-link\" title=\"\u00bfPor WhatsApp? Cuauht\u00e9moc Ochoa pide la Comisi\u00f3n de Bienestar a Ad\u00e1n Augusto\"><\/a>\r\n\t\t\t<\/div>\r\n\t\t\r\n\t\t<div class=\"cs-entry__inner cs-entry__content\">\r\n\r\n\t\t\t<div class=\"cs-entry__post-meta\" ><div class=\"cs-meta-category\"><ul class=\"post-categories\">\n\t<li><a href=\"https:\/\/grupohoymexico.com\/hidalgo\/category\/hidalgo\/\" rel=\"category tag\">Hidalgo<\/a><\/li>\n\t<li><a href=\"https:\/\/grupohoymexico.com\/hidalgo\/category\/politica\/\" rel=\"category tag\">Pol\u00edtica<\/a><\/li><\/ul><\/div><\/div>\r\n\t\t\t<h2 class=\"cs-entry__title\"><a href=\"https:\/\/grupohoymexico.com\/hidalgo\/hidalgo\/por-whatsapp-cuauhtemoc-ochoa-pide-la-comision-de-bienestar-a-adan-augusto\/\">\u00bfPor WhatsApp? Cuauht\u00e9moc Ochoa pide la Comisi\u00f3n de Bienestar a Ad\u00e1n Augusto<\/a><\/h2>\r\n\t\t\t\r\n\t\t\t<div class=\"cs-entry__post-meta\" ><div class=\"cs-meta-author\"><span class=\"cs-meta-author-by\">por<\/span><a class=\"cs-meta-author-link url fn n\" href=\"https:\/\/grupohoymexico.com\/hidalgo\/author\/jair\/\"><span class=\"cs-meta-author-name\">jair<\/span><\/a><\/div><div class=\"cs-meta-date\">01 de septiembre<\/div><\/div>\t\t<\/div>\r\n\t<\/div>\r\n<\/article>\r\n\r\n<article class=\"post-16670 post type-post status-publish format-standard has-post-thumbnail category-hidalgo tag-educacion tag-hidalgo tag-inscripciones tag-preinscripcion-2026 tag-reinscripcion tag-seph cs-entry cs-video-wrap\">\r\n\t<div class=\"cs-entry__outer\">\r\n\t\t\t\t\t<div class=\"cs-entry__inner cs-entry__overlay cs-entry__thumbnail cs-overlay-ratio cs-ratio-landscape-16-9\">\r\n\r\n\t\t\t\t<div class=\"cs-overlay-background\">\r\n\t\t\t\t\t<img loading=\"lazy\" decoding=\"async\" width=\"332\" height=\"177\" src=\"https:\/\/grupohoymexico.com\/hidalgo\/wp-content\/uploads\/sites\/5\/2026\/08\/inscripcion-en-Hidalgo-2026-2027-332x177.jpg\" class=\"attachment-csco-thumbnail-uncropped size-csco-thumbnail-uncropped wp-post-image\" alt=\"\u00bfTu hijo se qued\u00f3 sin escuela? As\u00ed puedes resolver su inscripci\u00f3n en Hidalgo para el ciclo 2026-2027\" srcset=\"https:\/\/grupohoymexico.com\/hidalgo\/wp-content\/uploads\/sites\/5\/2026\/08\/inscripcion-en-Hidalgo-2026-2027-332x177.jpg 332w, https:\/\/grupohoymexico.com\/hidalgo\/wp-content\/uploads\/sites\/5\/2026\/08\/inscripcion-en-Hidalgo-2026-2027-300x160.jpg 300w, https:\/\/grupohoymexico.com\/hidalgo\/wp-content\/uploads\/sites\/5\/2026\/08\/inscripcion-en-Hidalgo-2026-2027-1024x544.jpg 1024w, https:\/\/grupohoymexico.com\/hidalgo\/wp-content\/uploads\/sites\/5\/2026\/08\/inscripcion-en-Hidalgo-2026-2027-768x408.jpg 768w, https:\/\/grupohoymexico.com\/hidalgo\/wp-content\/uploads\/sites\/5\/2026\/08\/inscripcion-en-Hidalgo-2026-2027-664x353.jpg 664w, https:\/\/grupohoymexico.com\/hidalgo\/wp-content\/uploads\/sites\/5\/2026\/08\/inscripcion-en-Hidalgo-2026-2027-688x366.jpg 688w, https:\/\/grupohoymexico.com\/hidalgo\/wp-content\/uploads\/sites\/5\/2026\/08\/inscripcion-en-Hidalgo-2026-2027-1044x555.jpg 1044w, https:\/\/grupohoymexico.com\/hidalgo\/wp-content\/uploads\/sites\/5\/2026\/08\/inscripcion-en-Hidalgo-2026-2027.jpg 1200w\" sizes=\"(max-width: 332px) 100vw, 332px\" \/>\t\t\t\t\t<img loading=\"lazy\" decoding=\"async\" width=\"1044\" height=\"587\" src=\"https:\/\/grupohoymexico.com\/hidalgo\/wp-content\/uploads\/sites\/5\/2026\/08\/inscripcion-en-Hidalgo-2026-2027-1044x587.jpg\" class=\"attachment-csco-large size-csco-large wp-post-image\" alt=\"\u00bfTu hijo se qued\u00f3 sin escuela? As\u00ed puedes resolver su inscripci\u00f3n en Hidalgo para el ciclo 2026-2027\" srcset=\"https:\/\/grupohoymexico.com\/hidalgo\/wp-content\/uploads\/sites\/5\/2026\/08\/inscripcion-en-Hidalgo-2026-2027-1044x587.jpg 1044w, https:\/\/grupohoymexico.com\/hidalgo\/wp-content\/uploads\/sites\/5\/2026\/08\/inscripcion-en-Hidalgo-2026-2027-332x186.jpg 332w, https:\/\/grupohoymexico.com\/hidalgo\/wp-content\/uploads\/sites\/5\/2026\/08\/inscripcion-en-Hidalgo-2026-2027-664x372.jpg 664w, https:\/\/grupohoymexico.com\/hidalgo\/wp-content\/uploads\/sites\/5\/2026\/08\/inscripcion-en-Hidalgo-2026-2027-688x387.jpg 688w\" sizes=\"(max-width: 1044px) 100vw, 1044px\" \/>\t\t\t\t<\/div>\r\n\r\n\t\t\t\t\r\n\t\t\t\t\r\n\t\t\t\t<a href=\"https:\/\/grupohoymexico.com\/hidalgo\/hidalgo\/tu-hijo-se-quedo-sin-escuela-asi-puedes-resolver-su-inscripcion-en-hidalgo-para-el-ciclo-2026-2027\/\" class=\"cs-overlay-link\" title=\"\u00bfTu hijo se qued\u00f3 sin escuela? As\u00ed puedes resolver su inscripci\u00f3n en Hidalgo para el ciclo 2026-2027\"><\/a>\r\n\t\t\t<\/div>\r\n\t\t\r\n\t\t<div class=\"cs-entry__inner cs-entry__content\">\r\n\r\n\t\t\t<div class=\"cs-entry__post-meta\" ><div class=\"cs-meta-category\"><ul class=\"post-categories\">\n\t<li><a href=\"https:\/\/grupohoymexico.com\/hidalgo\/category\/hidalgo\/\" rel=\"category tag\">Hidalgo<\/a><\/li><\/ul><\/div><\/div>\r\n\t\t\t<h2 class=\"cs-entry__title\"><a href=\"https:\/\/grupohoymexico.com\/hidalgo\/hidalgo\/tu-hijo-se-quedo-sin-escuela-asi-puedes-resolver-su-inscripcion-en-hidalgo-para-el-ciclo-2026-2027\/\">\u00bfTu hijo se qued\u00f3 sin escuela? As\u00ed puedes resolver su inscripci\u00f3n en Hidalgo para el ciclo 2026-2027<\/a><\/h2>\r\n\t\t\t\r\n\t\t\t<div class=\"cs-entry__post-meta\" ><div class=\"cs-meta-author\"><span class=\"cs-meta-author-by\">por<\/span><a class=\"cs-meta-author-link url fn n\" href=\"https:\/\/grupohoymexico.com\/hidalgo\/author\/jair\/\"><span class=\"cs-meta-author-name\">jair<\/span><\/a><\/div><div class=\"cs-meta-date\">27 de agosto<\/div><\/div>\t\t<\/div>\r\n\t<\/div>\r\n<\/article>\r\n\t\t\t\t\t\t\t\t<\/div>\r\n\t\t\t\t\t\t\t<\/div>\r\n\t\t\t\t\t\t<\/div>\r\n\t\t\t\t\t\t\t\t<\/section>\r\n\t\t\t\t\t\t<\/div>\n\t\t\t\t<\/div>\n\t\t\t\t<\/div>\n\t\t\t\t<div class=\"elementor-element elementor-element-303f729 cs-dividervertical cs-divider-tablethorizontal cs-divider-mobilehorizontal elementor-widget elementor-widget-cs-divider\" data-id=\"303f729\" data-element_type=\"widget\" data-e-type=\"widget\" data-widget_type=\"cs-divider.default\">\n\t\t\t\t<div class=\"elementor-widget-container\">\n\t\t\t\t\t\t\t<section class=\"cs-divider cs-divider-vertical\"><\/section>\r\n\t\t\t\t\t\t<\/div>\n\t\t\t\t<\/div>\n\t\t<div class=\"elementor-element elementor-element-2b541b3 e-con-full e-flex e-con e-child\" data-id=\"2b541b3\" data-element_type=\"container\" data-e-type=\"container\">\n\t\t\t\t<div class=\"elementor-element elementor-element-53e22bf elementor-widget elementor-widget-cs-heading\" data-id=\"53e22bf\" data-element_type=\"widget\" data-e-type=\"widget\" data-widget_type=\"cs-heading.default\">\n\t\t\t\t<div class=\"elementor-widget-container\">\n\t\t\t\t\t\t\t\t\t\t<section class=\"cs-heading\">\r\n\t\t\t\t<div class=\"cs-heading__container \">\r\n\t\t\t\t\t<h2 class=\"cs-heading__content\">\r\n\t\t\t\t\t\t\u00daltimas noticias\t\t\t\t\t<\/h2>\r\n\r\n\t\t\t\t\t\t\t\t\t<\/div>\r\n\t\t\t<\/section>\r\n\t\t\t\t\t\t\t\t<\/div>\n\t\t\t\t<\/div>\n\t\t<div class=\"elementor-element elementor-element-6ffc7d4 e-con-full e-flex e-con e-child\" data-id=\"6ffc7d4\" data-element_type=\"container\" data-e-type=\"container\">\n\t\t<div class=\"elementor-element elementor-element-02fc175 e-con-full e-flex e-con e-child\" data-id=\"02fc175\" data-element_type=\"container\" data-e-type=\"container\">\n\t\t\t\t<div class=\"elementor-element elementor-element-f228636 elementor-widget elementor-widget-cs-posts\" data-id=\"f228636\" data-element_type=\"widget\" data-e-type=\"widget\" data-widget_type=\"cs-posts.default\">\n\t\t\t\t<div class=\"elementor-widget-container\">\n\t\t\t\t\t\t\t\t<section class=\"cs-posts cs-posts__standard\">\r\n\t\t\t\t\t\t\t\t\t\t<div class=\"cs-posts-area cs-posts-area-elementor \" data-posts-area=\"\">\r\n\t\t\t\t\t\t\t<div class=\"cs-posts-area__outer\">\r\n\t\t\t\t\t\t\t\t<div\r\n\t\t\t\t\t\t\t\tclass=\"cs-posts-area__main cs-posts-area__main-divider\"\r\n\t\t\t\t\t\t\t\tdata-pc=\"1\"\r\n\t\t\t\t\t\t\t\tdata-lt=\"1\"\r\n\t\t\t\t\t\t\t\tdata-tb=\"1\"\r\n\t\t\t\t\t\t\t\tdata-mb=\"1\"\r\n\t\t\t\t\t\t\t\t>\r\n\t\t\t\t\t\t\t\t\t\r\n<article class=\"post-16667 post type-post status-publish format-standard has-post-thumbnail category-hidalgo tag-adultos-mayores tag-asilos tag-casa-de-descanso-vita tag-guarderia-hogar-de-los-abuelos tag-pachuca cs-entry cs-video-wrap\">\r\n\t<div class=\"cs-entry__outer\">\r\n\t\t\t\t\t<div class=\"cs-entry__inner cs-entry__overlay cs-entry__thumbnail cs-overlay-ratio cs-ratio-landscape-16-9\">\r\n\r\n\t\t\t\t<div class=\"cs-overlay-background\">\r\n\t\t\t\t\t<img loading=\"lazy\" decoding=\"async\" width=\"332\" height=\"177\" src=\"https:\/\/grupohoymexico.com\/hidalgo\/wp-content\/uploads\/sites\/5\/2026\/08\/Asilos-para-adultos-mayores-en-Pachuca-332x177.jpg\" class=\"attachment-csco-thumbnail-uncropped size-csco-thumbnail-uncropped wp-post-image\" alt=\"Asilos para adultos mayores en Pachuca: precios, servicios y opciones de estancia en 2026\" srcset=\"https:\/\/grupohoymexico.com\/hidalgo\/wp-content\/uploads\/sites\/5\/2026\/08\/Asilos-para-adultos-mayores-en-Pachuca-332x177.jpg 332w, https:\/\/grupohoymexico.com\/hidalgo\/wp-content\/uploads\/sites\/5\/2026\/08\/Asilos-para-adultos-mayores-en-Pachuca-300x160.jpg 300w, https:\/\/grupohoymexico.com\/hidalgo\/wp-content\/uploads\/sites\/5\/2026\/08\/Asilos-para-adultos-mayores-en-Pachuca-1024x544.jpg 1024w, https:\/\/grupohoymexico.com\/hidalgo\/wp-content\/uploads\/sites\/5\/2026\/08\/Asilos-para-adultos-mayores-en-Pachuca-768x408.jpg 768w, https:\/\/grupohoymexico.com\/hidalgo\/wp-content\/uploads\/sites\/5\/2026\/08\/Asilos-para-adultos-mayores-en-Pachuca-664x353.jpg 664w, https:\/\/grupohoymexico.com\/hidalgo\/wp-content\/uploads\/sites\/5\/2026\/08\/Asilos-para-adultos-mayores-en-Pachuca-688x366.jpg 688w, https:\/\/grupohoymexico.com\/hidalgo\/wp-content\/uploads\/sites\/5\/2026\/08\/Asilos-para-adultos-mayores-en-Pachuca-1044x555.jpg 1044w, https:\/\/grupohoymexico.com\/hidalgo\/wp-content\/uploads\/sites\/5\/2026\/08\/Asilos-para-adultos-mayores-en-Pachuca.jpg 1200w\" sizes=\"(max-width: 332px) 100vw, 332px\" \/>\t\t\t\t\t<img loading=\"lazy\" decoding=\"async\" width=\"1044\" height=\"587\" src=\"https:\/\/grupohoymexico.com\/hidalgo\/wp-content\/uploads\/sites\/5\/2026\/08\/Asilos-para-adultos-mayores-en-Pachuca-1044x587.jpg\" class=\"attachment-csco-large size-csco-large wp-post-image\" alt=\"Asilos para adultos mayores en Pachuca: precios, servicios y opciones de estancia en 2026\" srcset=\"https:\/\/grupohoymexico.com\/hidalgo\/wp-content\/uploads\/sites\/5\/2026\/08\/Asilos-para-adultos-mayores-en-Pachuca-1044x587.jpg 1044w, https:\/\/grupohoymexico.com\/hidalgo\/wp-content\/uploads\/sites\/5\/2026\/08\/Asilos-para-adultos-mayores-en-Pachuca-332x186.jpg 332w, https:\/\/grupohoymexico.com\/hidalgo\/wp-content\/uploads\/sites\/5\/2026\/08\/Asilos-para-adultos-mayores-en-Pachuca-664x372.jpg 664w, https:\/\/grupohoymexico.com\/hidalgo\/wp-content\/uploads\/sites\/5\/2026\/08\/Asilos-para-adultos-mayores-en-Pachuca-688x387.jpg 688w\" sizes=\"(max-width: 1044px) 100vw, 1044px\" \/>\t\t\t\t<\/div>\r\n\r\n\t\t\t\t\r\n\t\t\t\t\r\n\t\t\t\t<a href=\"https:\/\/grupohoymexico.com\/hidalgo\/hidalgo\/asilos-para-adultos-mayores-en-pachuca\/\" class=\"cs-overlay-link\" title=\"Asilos para adultos mayores en Pachuca: precios, servicios y opciones de estancia en 2026\"><\/a>\r\n\t\t\t<\/div>\r\n\t\t\r\n\t\t<div class=\"cs-entry__inner cs-entry__content\">\r\n\r\n\t\t\t<div class=\"cs-entry__post-meta\" ><div class=\"cs-meta-category\"><ul class=\"post-categories\">\n\t<li><a href=\"https:\/\/grupohoymexico.com\/hidalgo\/category\/hidalgo\/\" rel=\"category tag\">Hidalgo<\/a><\/li><\/ul><\/div><\/div>\r\n\t\t\t<h2 class=\"cs-entry__title\"><a href=\"https:\/\/grupohoymexico.com\/hidalgo\/hidalgo\/asilos-para-adultos-mayores-en-pachuca\/\">Asilos para adultos mayores en Pachuca: precios, servicios y opciones de estancia en 2026<\/a><\/h2>\r\n\t\t\t\r\n\t\t\t<div class=\"cs-entry__post-meta\" ><div class=\"cs-meta-author\"><span class=\"cs-meta-author-by\">por<\/span><a class=\"cs-meta-author-link url fn n\" href=\"https:\/\/grupohoymexico.com\/hidalgo\/author\/jair\/\"><span class=\"cs-meta-author-name\">jair<\/span><\/a><\/div><div class=\"cs-meta-date\">27 de agosto<\/div><\/div>\t\t<\/div>\r\n\t<\/div>\r\n<\/article>\r\n\t\t\t\t\t\t\t\t<\/div>\r\n\t\t\t\t\t\t\t<\/div>\r\n\t\t\t\t\t\t<\/div>\r\n\t\t\t\t\t\t\t\t<\/section>\r\n\t\t\t\t\t\t<\/div>\n\t\t\t\t<\/div>\n\t\t\t\t<\/div>\n\t\t\t\t<div class=\"elementor-element elementor-element-f61f3e4 cs-dividerhorizontal cs-divider-tablethorizontal cs-divider-mobilehorizontal elementor-widget elementor-widget-cs-divider\" data-id=\"f61f3e4\" data-element_type=\"widget\" data-e-type=\"widget\" data-widget_type=\"cs-divider.default\">\n\t\t\t\t<div class=\"elementor-widget-container\">\n\t\t\t\t\t\t\t<section class=\"cs-divider cs-divider-horizontal\"><\/section>\r\n\t\t\t\t\t\t<\/div>\n\t\t\t\t<\/div>\n\t\t<div class=\"elementor-element elementor-element-44dcc0a e-con-full e-flex e-con e-child\" data-id=\"44dcc0a\" data-element_type=\"container\" data-e-type=\"container\">\n\t\t\t\t<div class=\"elementor-element elementor-element-1517c73 elementor-widget elementor-widget-cs-posts\" data-id=\"1517c73\" data-element_type=\"widget\" data-e-type=\"widget\" data-widget_type=\"cs-posts.default\">\n\t\t\t\t<div class=\"elementor-widget-container\">\n\t\t\t\t\t\t\t\t<section class=\"cs-posts cs-posts__horizontal\">\r\n\t\t\t\t\t\t\t\t\t\t<div class=\"cs-posts-area cs-posts-area-elementor \" data-posts-area=\"\">\r\n\t\t\t\t\t\t\t<div class=\"cs-posts-area__outer\">\r\n\t\t\t\t\t\t\t\t<div\r\n\t\t\t\t\t\t\t\tclass=\"cs-posts-area__main cs-posts-area__main-divider\"\r\n\t\t\t\t\t\t\t\tdata-pc=\"1\"\r\n\t\t\t\t\t\t\t\tdata-lt=\"1\"\r\n\t\t\t\t\t\t\t\tdata-tb=\"1\"\r\n\t\t\t\t\t\t\t\tdata-mb=\"1\"\r\n\t\t\t\t\t\t\t\t>\r\n\t\t\t\t\t\t\t\t\t\r\n<article class=\"post-16657 post type-post status-publish format-standard has-post-thumbnail category-hidalgo tag-becas tag-educacion tag-escuelas-particulares tag-hidalgo tag-seph cs-entry cs-video-wrap\">\r\n\t<div class=\"cs-entry__outer cs-entry__outer-small cs-entry__outer-thumbnail-left\">\r\n\t\t\t\t\t<div class=\"cs-entry__inner cs-entry__overlay cs-entry__thumbnail cs-overlay-ratio cs-ratio-square\">\r\n\r\n\t\t\t\t<div class=\"cs-overlay-background\">\r\n\t\t\t\t\t<img loading=\"lazy\" decoding=\"async\" width=\"332\" height=\"177\" src=\"https:\/\/grupohoymexico.com\/hidalgo\/wp-content\/uploads\/sites\/5\/2026\/08\/Becas-para-escuelas-particulares-en-Hidalgo-332x177.jpg\" class=\"attachment-csco-thumbnail-uncropped size-csco-thumbnail-uncropped wp-post-image\" alt=\"Becas para escuelas particulares en Hidalgo 2026-2027: fechas, requisitos y c\u00f3mo solicitar\" srcset=\"https:\/\/grupohoymexico.com\/hidalgo\/wp-content\/uploads\/sites\/5\/2026\/08\/Becas-para-escuelas-particulares-en-Hidalgo-332x177.jpg 332w, https:\/\/grupohoymexico.com\/hidalgo\/wp-content\/uploads\/sites\/5\/2026\/08\/Becas-para-escuelas-particulares-en-Hidalgo-300x160.jpg 300w, https:\/\/grupohoymexico.com\/hidalgo\/wp-content\/uploads\/sites\/5\/2026\/08\/Becas-para-escuelas-particulares-en-Hidalgo-1024x544.jpg 1024w, https:\/\/grupohoymexico.com\/hidalgo\/wp-content\/uploads\/sites\/5\/2026\/08\/Becas-para-escuelas-particulares-en-Hidalgo-768x408.jpg 768w, https:\/\/grupohoymexico.com\/hidalgo\/wp-content\/uploads\/sites\/5\/2026\/08\/Becas-para-escuelas-particulares-en-Hidalgo-664x353.jpg 664w, https:\/\/grupohoymexico.com\/hidalgo\/wp-content\/uploads\/sites\/5\/2026\/08\/Becas-para-escuelas-particulares-en-Hidalgo-688x366.jpg 688w, https:\/\/grupohoymexico.com\/hidalgo\/wp-content\/uploads\/sites\/5\/2026\/08\/Becas-para-escuelas-particulares-en-Hidalgo-1044x555.jpg 1044w, https:\/\/grupohoymexico.com\/hidalgo\/wp-content\/uploads\/sites\/5\/2026\/08\/Becas-para-escuelas-particulares-en-Hidalgo.jpg 1200w\" sizes=\"(max-width: 332px) 100vw, 332px\" \/>\t\t\t\t\t<img loading=\"lazy\" decoding=\"async\" width=\"72\" height=\"72\" src=\"https:\/\/grupohoymexico.com\/hidalgo\/wp-content\/uploads\/sites\/5\/2026\/08\/Becas-para-escuelas-particulares-en-Hidalgo-72x72.jpg\" class=\"attachment-csco-small size-csco-small wp-post-image\" alt=\"Becas para escuelas particulares en Hidalgo 2026-2027: fechas, requisitos y c\u00f3mo solicitar\" srcset=\"https:\/\/grupohoymexico.com\/hidalgo\/wp-content\/uploads\/sites\/5\/2026\/08\/Becas-para-escuelas-particulares-en-Hidalgo-72x72.jpg 72w, https:\/\/grupohoymexico.com\/hidalgo\/wp-content\/uploads\/sites\/5\/2026\/08\/Becas-para-escuelas-particulares-en-Hidalgo-150x150.jpg 150w, https:\/\/grupohoymexico.com\/hidalgo\/wp-content\/uploads\/sites\/5\/2026\/08\/Becas-para-escuelas-particulares-en-Hidalgo-144x144.jpg 144w\" sizes=\"(max-width: 72px) 100vw, 72px\" \/>\t\t\t\t<\/div>\r\n\r\n\t\t\t\t\r\n\t\t\t\t\r\n\t\t\t\t<a href=\"https:\/\/grupohoymexico.com\/hidalgo\/hidalgo\/becas-para-escuelas-particulares-en-hidalgo-2026-2027-fechas-requisitos-y-como-solicitar\/\" class=\"cs-overlay-link\" title=\"Becas para escuelas particulares en Hidalgo 2026-2027: fechas, requisitos y c\u00f3mo solicitar\"><\/a>\r\n\t\t\t<\/div>\r\n\t\t\r\n\t\t<div class=\"cs-entry__inner cs-entry__content cs-entry__content-horizontal\">\r\n\t\t\t<div class=\"cs-entry__post-meta\" ><div class=\"cs-meta-category\"><ul class=\"post-categories\">\n\t<li><a href=\"https:\/\/grupohoymexico.com\/hidalgo\/category\/hidalgo\/\" rel=\"category tag\">Hidalgo<\/a><\/li><\/ul><\/div><\/div>\r\n\t\t\t<h2 class=\"cs-entry__title\"><a href=\"https:\/\/grupohoymexico.com\/hidalgo\/hidalgo\/becas-para-escuelas-particulares-en-hidalgo-2026-2027-fechas-requisitos-y-como-solicitar\/\">Becas para escuelas particulares en Hidalgo 2026-2027: fechas, requisitos y c\u00f3mo solicitar<\/a><\/h2>\r\n\t\t\t\r\n\t\t\t<div class=\"cs-entry__post-meta\" ><div class=\"cs-meta-author\"><span class=\"cs-meta-author-by\">por<\/span><a class=\"cs-meta-author-link url fn n\" href=\"https:\/\/grupohoymexico.com\/hidalgo\/author\/jair\/\"><span class=\"cs-meta-author-name\">jair<\/span><\/a><\/div><\/div>\t\t<\/div>\r\n\t<\/div>\r\n<\/article>\r\n\r\n<article class=\"post-16651 post type-post status-publish format-standard has-post-thumbnail category-cultura category-hidalgo tag-agenda-cultural tag-arte tag-cultura tag-entretenimiento tag-pachuca cs-entry cs-video-wrap\">\r\n\t<div class=\"cs-entry__outer cs-entry__outer-small cs-entry__outer-thumbnail-left\">\r\n\t\t\t\t\t<div class=\"cs-entry__inner cs-entry__overlay cs-entry__thumbnail cs-overlay-ratio cs-ratio-square\">\r\n\r\n\t\t\t\t<div class=\"cs-overlay-background\">\r\n\t\t\t\t\t<img loading=\"lazy\" decoding=\"async\" width=\"332\" height=\"177\" src=\"https:\/\/grupohoymexico.com\/hidalgo\/wp-content\/uploads\/sites\/5\/2026\/08\/Agenda-cultural-en-Pachuca-332x177.jpg\" class=\"attachment-csco-thumbnail-uncropped size-csco-thumbnail-uncropped wp-post-image\" alt=\"Agenda cultural en Pachuca: exposiciones, eclipse lunar y Ruta de Museos este fin de semana\" srcset=\"https:\/\/grupohoymexico.com\/hidalgo\/wp-content\/uploads\/sites\/5\/2026\/08\/Agenda-cultural-en-Pachuca-332x177.jpg 332w, https:\/\/grupohoymexico.com\/hidalgo\/wp-content\/uploads\/sites\/5\/2026\/08\/Agenda-cultural-en-Pachuca-300x160.jpg 300w, https:\/\/grupohoymexico.com\/hidalgo\/wp-content\/uploads\/sites\/5\/2026\/08\/Agenda-cultural-en-Pachuca-1024x544.jpg 1024w, https:\/\/grupohoymexico.com\/hidalgo\/wp-content\/uploads\/sites\/5\/2026\/08\/Agenda-cultural-en-Pachuca-768x408.jpg 768w, https:\/\/grupohoymexico.com\/hidalgo\/wp-content\/uploads\/sites\/5\/2026\/08\/Agenda-cultural-en-Pachuca-664x353.jpg 664w, https:\/\/grupohoymexico.com\/hidalgo\/wp-content\/uploads\/sites\/5\/2026\/08\/Agenda-cultural-en-Pachuca-688x366.jpg 688w, https:\/\/grupohoymexico.com\/hidalgo\/wp-content\/uploads\/sites\/5\/2026\/08\/Agenda-cultural-en-Pachuca-1044x555.jpg 1044w, https:\/\/grupohoymexico.com\/hidalgo\/wp-content\/uploads\/sites\/5\/2026\/08\/Agenda-cultural-en-Pachuca.jpg 1200w\" sizes=\"(max-width: 332px) 100vw, 332px\" \/>\t\t\t\t\t<img loading=\"lazy\" decoding=\"async\" width=\"72\" height=\"72\" src=\"https:\/\/grupohoymexico.com\/hidalgo\/wp-content\/uploads\/sites\/5\/2026\/08\/Agenda-cultural-en-Pachuca-72x72.jpg\" class=\"attachment-csco-small size-csco-small wp-post-image\" alt=\"Agenda cultural en Pachuca: exposiciones, eclipse lunar y Ruta de Museos este fin de semana\" srcset=\"https:\/\/grupohoymexico.com\/hidalgo\/wp-content\/uploads\/sites\/5\/2026\/08\/Agenda-cultural-en-Pachuca-72x72.jpg 72w, https:\/\/grupohoymexico.com\/hidalgo\/wp-content\/uploads\/sites\/5\/2026\/08\/Agenda-cultural-en-Pachuca-150x150.jpg 150w, https:\/\/grupohoymexico.com\/hidalgo\/wp-content\/uploads\/sites\/5\/2026\/08\/Agenda-cultural-en-Pachuca-144x144.jpg 144w\" sizes=\"(max-width: 72px) 100vw, 72px\" \/>\t\t\t\t<\/div>\r\n\r\n\t\t\t\t\r\n\t\t\t\t\r\n\t\t\t\t<a href=\"https:\/\/grupohoymexico.com\/hidalgo\/cultura\/agenda-cultural-en-pachuca-exposiciones-eclipse-lunar-y-ruta-de-museos-este-fin-de-semana\/\" class=\"cs-overlay-link\" title=\"Agenda cultural en Pachuca: exposiciones, eclipse lunar y Ruta de Museos este fin de semana\"><\/a>\r\n\t\t\t<\/div>\r\n\t\t\r\n\t\t<div class=\"cs-entry__inner cs-entry__content cs-entry__content-horizontal\">\r\n\t\t\t<div class=\"cs-entry__post-meta\" ><div class=\"cs-meta-category\"><ul class=\"post-categories\">\n\t<li><a href=\"https:\/\/grupohoymexico.com\/hidalgo\/category\/cultura\/\" rel=\"category tag\">Cultura<\/a><\/li>\n\t<li><a href=\"https:\/\/grupohoymexico.com\/hidalgo\/category\/hidalgo\/\" rel=\"category tag\">Hidalgo<\/a><\/li><\/ul><\/div><\/div>\r\n\t\t\t<h2 class=\"cs-entry__title\"><a href=\"https:\/\/grupohoymexico.com\/hidalgo\/cultura\/agenda-cultural-en-pachuca-exposiciones-eclipse-lunar-y-ruta-de-museos-este-fin-de-semana\/\">Agenda cultural en Pachuca: exposiciones, eclipse lunar y Ruta de Museos este fin de semana<\/a><\/h2>\r\n\t\t\t\r\n\t\t\t<div class=\"cs-entry__post-meta\" ><div class=\"cs-meta-author\"><span class=\"cs-meta-author-by\">por<\/span><a class=\"cs-meta-author-link url fn n\" href=\"https:\/\/grupohoymexico.com\/hidalgo\/author\/jair\/\"><span class=\"cs-meta-author-name\">jair<\/span><\/a><\/div><\/div>\t\t<\/div>\r\n\t<\/div>\r\n<\/article>\r\n\r\n<article class=\"post-16648 post type-post status-publish format-standard has-post-thumbnail category-finanzas category-hidalgo tag-agricultura tag-hidalgo tag-mexico tag-productores-de-tuna tag-tuna cs-entry cs-video-wrap\">\r\n\t<div class=\"cs-entry__outer cs-entry__outer-small cs-entry__outer-thumbnail-left\">\r\n\t\t\t\t\t<div class=\"cs-entry__inner cs-entry__overlay cs-entry__thumbnail cs-overlay-ratio cs-ratio-square\">\r\n\r\n\t\t\t\t<div class=\"cs-overlay-background\">\r\n\t\t\t\t\t<img loading=\"lazy\" decoding=\"async\" width=\"332\" height=\"177\" src=\"https:\/\/grupohoymexico.com\/hidalgo\/wp-content\/uploads\/sites\/5\/2026\/08\/Tuna-Hidalgo-332x177.jpg\" class=\"attachment-csco-thumbnail-uncropped size-csco-thumbnail-uncropped wp-post-image\" alt=\"Hidalgo destaca entre los principales productores de tuna en M\u00e9xico\" srcset=\"https:\/\/grupohoymexico.com\/hidalgo\/wp-content\/uploads\/sites\/5\/2026\/08\/Tuna-Hidalgo-332x177.jpg 332w, https:\/\/grupohoymexico.com\/hidalgo\/wp-content\/uploads\/sites\/5\/2026\/08\/Tuna-Hidalgo-300x160.jpg 300w, https:\/\/grupohoymexico.com\/hidalgo\/wp-content\/uploads\/sites\/5\/2026\/08\/Tuna-Hidalgo-1024x544.jpg 1024w, https:\/\/grupohoymexico.com\/hidalgo\/wp-content\/uploads\/sites\/5\/2026\/08\/Tuna-Hidalgo-768x408.jpg 768w, https:\/\/grupohoymexico.com\/hidalgo\/wp-content\/uploads\/sites\/5\/2026\/08\/Tuna-Hidalgo-664x353.jpg 664w, https:\/\/grupohoymexico.com\/hidalgo\/wp-content\/uploads\/sites\/5\/2026\/08\/Tuna-Hidalgo-688x366.jpg 688w, https:\/\/grupohoymexico.com\/hidalgo\/wp-content\/uploads\/sites\/5\/2026\/08\/Tuna-Hidalgo-1044x555.jpg 1044w, https:\/\/grupohoymexico.com\/hidalgo\/wp-content\/uploads\/sites\/5\/2026\/08\/Tuna-Hidalgo.jpg 1200w\" sizes=\"(max-width: 332px) 100vw, 332px\" \/>\t\t\t\t\t<img loading=\"lazy\" decoding=\"async\" width=\"72\" height=\"72\" src=\"https:\/\/grupohoymexico.com\/hidalgo\/wp-content\/uploads\/sites\/5\/2026\/08\/Tuna-Hidalgo-72x72.jpg\" class=\"attachment-csco-small size-csco-small wp-post-image\" alt=\"Hidalgo destaca entre los principales productores de tuna en M\u00e9xico\" srcset=\"https:\/\/grupohoymexico.com\/hidalgo\/wp-content\/uploads\/sites\/5\/2026\/08\/Tuna-Hidalgo-72x72.jpg 72w, https:\/\/grupohoymexico.com\/hidalgo\/wp-content\/uploads\/sites\/5\/2026\/08\/Tuna-Hidalgo-150x150.jpg 150w, https:\/\/grupohoymexico.com\/hidalgo\/wp-content\/uploads\/sites\/5\/2026\/08\/Tuna-Hidalgo-144x144.jpg 144w\" sizes=\"(max-width: 72px) 100vw, 72px\" \/>\t\t\t\t<\/div>\r\n\r\n\t\t\t\t\r\n\t\t\t\t\r\n\t\t\t\t<a href=\"https:\/\/grupohoymexico.com\/hidalgo\/hidalgo\/hidalgo-destaca-entre-los-principales-productores-de-tuna-en-mexico\/\" class=\"cs-overlay-link\" title=\"Hidalgo destaca entre los principales productores de tuna en M\u00e9xico\"><\/a>\r\n\t\t\t<\/div>\r\n\t\t\r\n\t\t<div class=\"cs-entry__inner cs-entry__content cs-entry__content-horizontal\">\r\n\t\t\t<div class=\"cs-entry__post-meta\" ><div class=\"cs-meta-category\"><ul class=\"post-categories\">\n\t<li><a href=\"https:\/\/grupohoymexico.com\/hidalgo\/category\/finanzas\/\" rel=\"category tag\">Econom\u00eda<\/a><\/li>\n\t<li><a href=\"https:\/\/grupohoymexico.com\/hidalgo\/category\/hidalgo\/\" rel=\"category tag\">Hidalgo<\/a><\/li><\/ul><\/div><\/div>\r\n\t\t\t<h2 class=\"cs-entry__title\"><a href=\"https:\/\/grupohoymexico.com\/hidalgo\/hidalgo\/hidalgo-destaca-entre-los-principales-productores-de-tuna-en-mexico\/\">Hidalgo destaca entre los principales productores de tuna en M\u00e9xico<\/a><\/h2>\r\n\t\t\t\r\n\t\t\t<div class=\"cs-entry__post-meta\" ><div class=\"cs-meta-author\"><span class=\"cs-meta-author-by\">por<\/span><a class=\"cs-meta-author-link url fn n\" href=\"https:\/\/grupohoymexico.com\/hidalgo\/author\/jair\/\"><span class=\"cs-meta-author-name\">jair<\/span><\/a><\/div><\/div>\t\t<\/div>\r\n\t<\/div>\r\n<\/article>\r\n\t\t\t\t\t\t\t\t<\/div>\r\n\t\t\t\t\t\t\t<\/div>\r\n\t\t\t\t\t\t<\/div>\r\n\t\t\t\t\t\t\t\t<\/section>\r\n\t\t\t\t\t\t<\/div>\n\t\t\t\t<\/div>\n\t\t\t\t<\/div>\n\t\t\t\t<\/div>\n\t\t\t\t<\/div>\n\t\t\t\t<\/div>\n\t\t\t\t<div class=\"elementor-element elementor-element-0d5fa75 cs-dividerhorizontal cs-divider-tablethorizontal cs-divider-mobilehorizontal elementor-widget elementor-widget-cs-divider\" data-id=\"0d5fa75\" data-element_type=\"widget\" data-e-type=\"widget\" data-widget_type=\"cs-divider.default\">\n\t\t\t\t<div class=\"elementor-widget-container\">\n\t\t\t\t\t\t\t<section class=\"cs-divider cs-divider-horizontal\"><\/section>\r\n\t\t\t\t\t\t<\/div>\n\t\t\t\t<\/div>\n\t\t\t\t\t<\/div>\n\t\t\t\t<\/div>\n\t\t<div class=\"elementor-element elementor-element-a14b6f3 e-flex e-con-boxed e-con e-parent\" data-id=\"a14b6f3\" data-element_type=\"container\" data-e-type=\"container\">\n\t\t\t\t\t<div class=\"e-con-inner\">\n\t\t\t\t<div class=\"elementor-element elementor-element-66e721e elementor-widget elementor-widget-cs-heading\" data-id=\"66e721e\" data-element_type=\"widget\" data-e-type=\"widget\" data-widget_type=\"cs-heading.default\">\n\t\t\t\t<div class=\"elementor-widget-container\">\n\t\t\t\t\t\t\t\t\t\t<section class=\"cs-heading\">\r\n\t\t\t\t<div class=\"cs-heading__container \">\r\n\t\t\t\t\t<h2 class=\"cs-heading__content\">\r\n\t\t\t\t\t\tEstatal\t\t\t\t\t<\/h2>\r\n\r\n\t\t\t\t\t\t\t\t\t\t\t<a class=\"cs-heading__link\" href=\"\/hidalgo\/category\/estatal\/\" target=\"_self\">\r\n\t\t\t\t\t\t\t<span>\t\r\n\t\t\t\t\t\t\t\tTodo sobre Hidalgo\t\t\t\t\t\t\t<\/span>\r\n\t\t\t\t\t\t<\/a>\r\n\t\t\t\t\t\t\t\t\t<\/div>\r\n\t\t\t<\/section>\r\n\t\t\t\t\t\t\t\t<\/div>\n\t\t\t\t<\/div>\n\t\t<div class=\"elementor-element elementor-element-e6e0b1a e-con-full e-flex e-con e-child\" data-id=\"e6e0b1a\" data-element_type=\"container\" data-e-type=\"container\">\n\t\t<div class=\"elementor-element elementor-element-8d14949 e-con-full e-flex e-con e-child\" data-id=\"8d14949\" data-element_type=\"container\" data-e-type=\"container\">\n\t\t\t\t<div class=\"elementor-element elementor-element-771edab elementor-widget elementor-widget-cs-posts\" data-id=\"771edab\" data-element_type=\"widget\" data-e-type=\"widget\" data-widget_type=\"cs-posts.default\">\n\t\t\t\t<div class=\"elementor-widget-container\">\n\t\t\t\t\t\t\t\t<section class=\"cs-posts cs-posts__standard\">\r\n\t\t\t\t\t\t\t\t\t\t<div class=\"cs-posts-area cs-posts-area-elementor \" data-posts-area=\"\">\r\n\t\t\t\t\t\t\t<div class=\"cs-posts-area__outer\">\r\n\t\t\t\t\t\t\t\t<div\r\n\t\t\t\t\t\t\t\tclass=\"cs-posts-area__main cs-posts-area__main-divider\"\r\n\t\t\t\t\t\t\t\tdata-pc=\"1\"\r\n\t\t\t\t\t\t\t\tdata-lt=\"1\"\r\n\t\t\t\t\t\t\t\tdata-tb=\"1\"\r\n\t\t\t\t\t\t\t\tdata-mb=\"1\"\r\n\t\t\t\t\t\t\t\t>\r\n\t\t\t\t\t\t\t\t\t\r\n<article class=\"post-16510 post type-post status-publish format-standard has-post-thumbnail category-estatal tag-hidalgo tag-infraestructura tag-sict cs-entry cs-video-wrap\">\r\n\t<div class=\"cs-entry__outer\">\r\n\t\t\t\t\t<div class=\"cs-entry__inner cs-entry__overlay cs-entry__thumbnail cs-overlay-ratio cs-ratio-landscape-16-9\">\r\n\r\n\t\t\t\t<div class=\"cs-overlay-background\">\r\n\t\t\t\t\t<img loading=\"lazy\" decoding=\"async\" width=\"332\" height=\"152\" src=\"https:\/\/grupohoymexico.com\/hidalgo\/wp-content\/uploads\/sites\/5\/2026\/08\/imgregen-ai-16510-1787329449-332x152.jpg\" class=\"attachment-csco-thumbnail-uncropped size-csco-thumbnail-uncropped wp-post-image\" alt=\"\" srcset=\"https:\/\/grupohoymexico.com\/hidalgo\/wp-content\/uploads\/sites\/5\/2026\/08\/imgregen-ai-16510-1787329449-332x152.jpg 332w, https:\/\/grupohoymexico.com\/hidalgo\/wp-content\/uploads\/sites\/5\/2026\/08\/imgregen-ai-16510-1787329449-300x138.jpg 300w, https:\/\/grupohoymexico.com\/hidalgo\/wp-content\/uploads\/sites\/5\/2026\/08\/imgregen-ai-16510-1787329449.jpg 660w\" sizes=\"(max-width: 332px) 100vw, 332px\" \/>\t\t\t\t\t<img loading=\"lazy\" decoding=\"async\" width=\"660\" height=\"303\" src=\"https:\/\/grupohoymexico.com\/hidalgo\/wp-content\/uploads\/sites\/5\/2026\/08\/imgregen-ai-16510-1787329449.jpg\" class=\"attachment-csco-medium size-csco-medium wp-post-image\" alt=\"\" srcset=\"https:\/\/grupohoymexico.com\/hidalgo\/wp-content\/uploads\/sites\/5\/2026\/08\/imgregen-ai-16510-1787329449.jpg 660w, https:\/\/grupohoymexico.com\/hidalgo\/wp-content\/uploads\/sites\/5\/2026\/08\/imgregen-ai-16510-1787329449-300x138.jpg 300w, https:\/\/grupohoymexico.com\/hidalgo\/wp-content\/uploads\/sites\/5\/2026\/08\/imgregen-ai-16510-1787329449-332x152.jpg 332w\" sizes=\"(max-width: 660px) 100vw, 660px\" \/>\t\t\t\t<\/div>\r\n\r\n\t\t\t\t\r\n\t\t\t\t\r\n\t\t\t\t<a href=\"https:\/\/grupohoymexico.com\/hidalgo\/estatal\/modernizacion-de-la-carretera-huejutla-tamazunchale-avanza-al-85\/\" class=\"cs-overlay-link\" title=\"Modernizaci\u00f3n de la carretera Huejutla\u2013Tamazunchale avanza al 85%\"><\/a>\r\n\t\t\t<\/div>\r\n\t\t\r\n\t\t<div class=\"cs-entry__inner cs-entry__content\">\r\n\r\n\t\t\t<div class=\"cs-entry__post-meta\" ><div class=\"cs-meta-category\"><ul class=\"post-categories\">\n\t<li><a href=\"https:\/\/grupohoymexico.com\/hidalgo\/category\/estatal\/\" rel=\"category tag\">Estados<\/a><\/li><\/ul><\/div><\/div>\r\n\t\t\t<h2 class=\"cs-entry__title\"><a href=\"https:\/\/grupohoymexico.com\/hidalgo\/estatal\/modernizacion-de-la-carretera-huejutla-tamazunchale-avanza-al-85\/\">Modernizaci\u00f3n de la carretera Huejutla\u2013Tamazunchale avanza al 85%<\/a><\/h2>\r\n\t\t\t\r\n\t\t\t<div class=\"cs-entry__post-meta\" ><div class=\"cs-meta-author\"><span class=\"cs-meta-author-by\">por<\/span><a class=\"cs-meta-author-link url fn n\" href=\"https:\/\/grupohoymexico.com\/hidalgo\/author\/user\/\"><span class=\"cs-meta-author-name\">Grupo Hoy<\/span><\/a><\/div><div class=\"cs-meta-date\">21 de agosto<\/div><\/div>\t\t<\/div>\r\n\t<\/div>\r\n<\/article>\r\n\t\t\t\t\t\t\t\t<\/div>\r\n\t\t\t\t\t\t\t<\/div>\r\n\t\t\t\t\t\t<\/div>\r\n\t\t\t\t\t\t\t\t<\/section>\r\n\t\t\t\t\t\t<\/div>\n\t\t\t\t<\/div>\n\t\t\t\t<div class=\"elementor-element elementor-element-3e90eb2 cs-dividerhorizontal cs-divider-tablethorizontal cs-divider-mobilehorizontal elementor-widget elementor-widget-cs-divider\" data-id=\"3e90eb2\" data-element_type=\"widget\" data-e-type=\"widget\" data-widget_type=\"cs-divider.default\">\n\t\t\t\t<div class=\"elementor-widget-container\">\n\t\t\t\t\t\t\t<section class=\"cs-divider cs-divider-horizontal\"><\/section>\r\n\t\t\t\t\t\t<\/div>\n\t\t\t\t<\/div>\n\t\t\t\t<div class=\"elementor-element elementor-element-3f8a183 elementor-widget elementor-widget-cs-posts\" data-id=\"3f8a183\" data-element_type=\"widget\" data-e-type=\"widget\" data-widget_type=\"cs-posts.default\">\n\t\t\t\t<div class=\"elementor-widget-container\">\n\t\t\t\t\t\t\t\t<section class=\"cs-posts cs-posts__standard\">\r\n\t\t\t\t\t\t\t\t\t\t<div class=\"cs-posts-area cs-posts-area-elementor \" data-posts-area=\"\">\r\n\t\t\t\t\t\t\t<div class=\"cs-posts-area__outer\">\r\n\t\t\t\t\t\t\t\t<div\r\n\t\t\t\t\t\t\t\tclass=\"cs-posts-area__main cs-posts-area__main-divider\"\r\n\t\t\t\t\t\t\t\tdata-pc=\"1\"\r\n\t\t\t\t\t\t\t\tdata-lt=\"1\"\r\n\t\t\t\t\t\t\t\tdata-tb=\"1\"\r\n\t\t\t\t\t\t\t\tdata-mb=\"1\"\r\n\t\t\t\t\t\t\t\t>\r\n\t\t\t\t\t\t\t\t\t\r\n<article class=\"post-16645 post type-post status-publish format-standard has-post-thumbnail category-hidalgo tag-estudiantes tag-hidalgo tag-museo-el-rehilete tag-vacantes cs-entry cs-video-wrap\">\r\n\t<div class=\"cs-entry__outer\">\r\n\t\t\r\n\t\t<div class=\"cs-entry__inner cs-entry__content\">\r\n\r\n\t\t\t<div class=\"cs-entry__post-meta\" ><div class=\"cs-meta-category\"><ul class=\"post-categories\">\n\t<li><a href=\"https:\/\/grupohoymexico.com\/hidalgo\/category\/hidalgo\/\" rel=\"category tag\">Hidalgo<\/a><\/li><\/ul><\/div><\/div>\r\n\t\t\t<h2 class=\"cs-entry__title\"><a href=\"https:\/\/grupohoymexico.com\/hidalgo\/hidalgo\/museo-el-rehilete-en-hidalgo-abre-vacantes-para-estudiantes-requisitos-horarios-y-como-postularse\/\">Museo El Rehilete en Hidalgo abre vacantes para estudiantes: requisitos, horarios y c\u00f3mo postularse<\/a><\/h2>\r\n\t\t\t\r\n\t\t\t<div class=\"cs-entry__post-meta\" ><div class=\"cs-meta-author\"><span class=\"cs-meta-author-by\">por<\/span><a class=\"cs-meta-author-link url fn n\" href=\"https:\/\/grupohoymexico.com\/hidalgo\/author\/jair\/\"><span class=\"cs-meta-author-name\">jair<\/span><\/a><\/div><div class=\"cs-meta-date\">25 de agosto<\/div><\/div>\t\t<\/div>\r\n\t<\/div>\r\n<\/article>\r\n\t\t\t\t\t\t\t\t<\/div>\r\n\t\t\t\t\t\t\t<\/div>\r\n\t\t\t\t\t\t<\/div>\r\n\t\t\t\t\t\t\t\t<\/section>\r\n\t\t\t\t\t\t<\/div>\n\t\t\t\t<\/div>\n\t\t\t\t<div class=\"elementor-element elementor-element-5b7af09 elementor-widget elementor-widget-image\" data-id=\"5b7af09\" data-element_type=\"widget\" data-e-type=\"widget\" data-widget_type=\"image.default\">\n\t\t\t\t<div class=\"elementor-widget-container\">\n\t\t\t\t\t\t\t\t\t\t\t\t\t\t\t\t<a href=\"https:\/\/www.instagram.com\/unicorniosociallistening\/\">\n\t\t\t\t\t\t\t<img loading=\"lazy\" decoding=\"async\" width=\"1000\" height=\"1000\" src=\"https:\/\/grupohoymexico.com\/hidalgo\/wp-content\/uploads\/sites\/5\/2026\/06\/unicornio-Banner-1-espanol.jpg-1.jpeg\" class=\"attachment-large size-large wp-image-15835\" alt=\"\" srcset=\"https:\/\/grupohoymexico.com\/hidalgo\/wp-content\/uploads\/sites\/5\/2026\/06\/unicornio-Banner-1-espanol.jpg-1.jpeg 1000w, https:\/\/grupohoymexico.com\/hidalgo\/wp-content\/uploads\/sites\/5\/2026\/06\/unicornio-Banner-1-espanol.jpg-1-300x300.jpeg 300w, https:\/\/grupohoymexico.com\/hidalgo\/wp-content\/uploads\/sites\/5\/2026\/06\/unicornio-Banner-1-espanol.jpg-1-150x150.jpeg 150w, https:\/\/grupohoymexico.com\/hidalgo\/wp-content\/uploads\/sites\/5\/2026\/06\/unicornio-Banner-1-espanol.jpg-1-768x768.jpeg 768w, https:\/\/grupohoymexico.com\/hidalgo\/wp-content\/uploads\/sites\/5\/2026\/06\/unicornio-Banner-1-espanol.jpg-1-72x72.jpeg 72w, https:\/\/grupohoymexico.com\/hidalgo\/wp-content\/uploads\/sites\/5\/2026\/06\/unicornio-Banner-1-espanol.jpg-1-144x144.jpeg 144w, https:\/\/grupohoymexico.com\/hidalgo\/wp-content\/uploads\/sites\/5\/2026\/06\/unicornio-Banner-1-espanol.jpg-1-332x332.jpeg 332w, https:\/\/grupohoymexico.com\/hidalgo\/wp-content\/uploads\/sites\/5\/2026\/06\/unicornio-Banner-1-espanol.jpg-1-664x664.jpeg 664w, https:\/\/grupohoymexico.com\/hidalgo\/wp-content\/uploads\/sites\/5\/2026\/06\/unicornio-Banner-1-espanol.jpg-1-688x688.jpeg 688w\" sizes=\"(max-width: 1000px) 100vw, 1000px\" \/>\t\t\t\t\t\t\t\t<\/a>\n\t\t\t\t\t\t\t\t\t\t\t\t\t\t\t<\/div>\n\t\t\t\t<\/div>\n\t\t\t\t<div class=\"elementor-element elementor-element-71e3393 cs-dividerhorizontal cs-divider-tablethorizontal cs-divider-mobilehorizontal elementor-widget elementor-widget-cs-divider\" data-id=\"71e3393\" data-element_type=\"widget\" data-e-type=\"widget\" data-widget_type=\"cs-divider.default\">\n\t\t\t\t<div class=\"elementor-widget-container\">\n\t\t\t\t\t\t\t<section class=\"cs-divider cs-divider-horizontal\"><\/section>\r\n\t\t\t\t\t\t<\/div>\n\t\t\t\t<\/div>\n\t\t\t\t<\/div>\n\t\t\t\t<div class=\"elementor-element elementor-element-853bd3d cs-dividervertical cs-divider-tablethorizontal cs-divider-mobilehorizontal elementor-widget elementor-widget-cs-divider\" data-id=\"853bd3d\" data-element_type=\"widget\" data-e-type=\"widget\" data-widget_type=\"cs-divider.default\">\n\t\t\t\t<div class=\"elementor-widget-container\">\n\t\t\t\t\t\t\t<section class=\"cs-divider cs-divider-vertical\"><\/section>\r\n\t\t\t\t\t\t<\/div>\n\t\t\t\t<\/div>\n\t\t<div class=\"elementor-element elementor-element-33c9066 e-con-full e-flex e-con e-child\" data-id=\"33c9066\" data-element_type=\"container\" data-e-type=\"container\">\n\t\t\t\t<div class=\"elementor-element elementor-element-19b14a1 elementor-widget elementor-widget-cs-posts\" data-id=\"19b14a1\" data-element_type=\"widget\" data-e-type=\"widget\" data-widget_type=\"cs-posts.default\">\n\t\t\t\t<div class=\"elementor-widget-container\">\n\t\t\t\t\t\t\t\t<section class=\"cs-posts cs-posts__standard\">\r\n\t\t\t\t\t\t\t\t\t\t<div class=\"cs-posts-area cs-posts-area-elementor \" data-posts-area=\"\">\r\n\t\t\t\t\t\t\t<div class=\"cs-posts-area__outer\">\r\n\t\t\t\t\t\t\t\t<div\r\n\t\t\t\t\t\t\t\tclass=\"cs-posts-area__main\"\r\n\t\t\t\t\t\t\t\tdata-pc=\"1\"\r\n\t\t\t\t\t\t\t\tdata-lt=\"1\"\r\n\t\t\t\t\t\t\t\tdata-tb=\"1\"\r\n\t\t\t\t\t\t\t\tdata-mb=\"1\"\r\n\t\t\t\t\t\t\t\t>\r\n\t\t\t\t\t\t\t\t\t\r\n<article class=\"post-16508 post type-post status-publish format-standard has-post-thumbnail category-estatal tag-energia-solar tag-hidalgo tag-inversion-extranjera cs-entry cs-video-wrap\">\r\n\t<div class=\"cs-entry__outer\">\r\n\t\t\t\t\t<div class=\"cs-entry__inner cs-entry__overlay cs-entry__thumbnail cs-overlay-ratio cs-ratio-landscape-16-9\">\r\n\r\n\t\t\t\t<div class=\"cs-overlay-background\">\r\n\t\t\t\t\t<img loading=\"lazy\" decoding=\"async\" width=\"332\" height=\"185\" src=\"https:\/\/grupohoymexico.com\/hidalgo\/wp-content\/uploads\/sites\/5\/2026\/08\/imgregen-ai-16508-1787329260-332x185.jpg\" class=\"attachment-csco-thumbnail-uncropped size-csco-thumbnail-uncropped wp-post-image\" alt=\"\" srcset=\"https:\/\/grupohoymexico.com\/hidalgo\/wp-content\/uploads\/sites\/5\/2026\/08\/imgregen-ai-16508-1787329260-332x185.jpg 332w, https:\/\/grupohoymexico.com\/hidalgo\/wp-content\/uploads\/sites\/5\/2026\/08\/imgregen-ai-16508-1787329260-300x167.jpg 300w, https:\/\/grupohoymexico.com\/hidalgo\/wp-content\/uploads\/sites\/5\/2026\/08\/imgregen-ai-16508-1787329260-1024x572.jpg 1024w, https:\/\/grupohoymexico.com\/hidalgo\/wp-content\/uploads\/sites\/5\/2026\/08\/imgregen-ai-16508-1787329260-768x429.jpg 768w, https:\/\/grupohoymexico.com\/hidalgo\/wp-content\/uploads\/sites\/5\/2026\/08\/imgregen-ai-16508-1787329260-1536x857.jpg 1536w, https:\/\/grupohoymexico.com\/hidalgo\/wp-content\/uploads\/sites\/5\/2026\/08\/imgregen-ai-16508-1787329260-664x371.jpg 664w, https:\/\/grupohoymexico.com\/hidalgo\/wp-content\/uploads\/sites\/5\/2026\/08\/imgregen-ai-16508-1787329260-688x384.jpg 688w, https:\/\/grupohoymexico.com\/hidalgo\/wp-content\/uploads\/sites\/5\/2026\/08\/imgregen-ai-16508-1787329260-1044x583.jpg 1044w, https:\/\/grupohoymexico.com\/hidalgo\/wp-content\/uploads\/sites\/5\/2026\/08\/imgregen-ai-16508-1787329260-1400x781.jpg 1400w, https:\/\/grupohoymexico.com\/hidalgo\/wp-content\/uploads\/sites\/5\/2026\/08\/imgregen-ai-16508-1787329260.jpg 1600w\" sizes=\"(max-width: 332px) 100vw, 332px\" \/>\t\t\t\t\t<img loading=\"lazy\" decoding=\"async\" width=\"1400\" height=\"650\" src=\"https:\/\/grupohoymexico.com\/hidalgo\/wp-content\/uploads\/sites\/5\/2026\/08\/imgregen-ai-16508-1787329260-1400x650.jpg\" class=\"attachment-csco-extra-large size-csco-extra-large wp-post-image\" alt=\"\" \/>\t\t\t\t<\/div>\r\n\r\n\t\t\t\t\r\n\t\t\t\t\r\n\t\t\t\t<a href=\"https:\/\/grupohoymexico.com\/hidalgo\/estatal\/hidalgo-recibe-inversion-de-2000-millones-de-dolares-para-energia-solar\/\" class=\"cs-overlay-link\" title=\"Hidalgo recibe inversi\u00f3n de 2,000 millones de d\u00f3lares para energ\u00eda solar\"><\/a>\r\n\t\t\t<\/div>\r\n\t\t\r\n\t\t<div class=\"cs-entry__inner cs-entry__content\">\r\n\r\n\t\t\t<div class=\"cs-entry__post-meta\" ><div class=\"cs-meta-category\"><ul class=\"post-categories\">\n\t<li><a href=\"https:\/\/grupohoymexico.com\/hidalgo\/category\/estatal\/\" rel=\"category tag\">Estados<\/a><\/li><\/ul><\/div><\/div>\r\n\t\t\t<h2 class=\"cs-entry__title\"><a href=\"https:\/\/grupohoymexico.com\/hidalgo\/estatal\/hidalgo-recibe-inversion-de-2000-millones-de-dolares-para-energia-solar\/\">Hidalgo recibe inversi\u00f3n de 2,000 millones de d\u00f3lares para energ\u00eda solar<\/a><\/h2>\r\n\t\t\t\t\t\t\t\t<div class=\"cs-entry__excerpt\">\r\n\t\t\t\t\t\tHidalgo capt\u00f3 una inversi\u00f3n de 2,000 millones de d\u00f3lares provenientes de Canad\u00e1. La empresa Solar International Core Canada y el gobierno del estado de Hidalgo informaron sobre este acuerdo de&hellip;\t\t\t\t\t<\/div>\r\n\t\t\t\t\t\r\n\t\t\t<div class=\"cs-entry__post-meta\" ><div class=\"cs-meta-author\"><span class=\"cs-meta-author-by\">por<\/span><a class=\"cs-meta-author-link url fn n\" href=\"https:\/\/grupohoymexico.com\/hidalgo\/author\/user\/\"><span class=\"cs-meta-author-name\">Grupo Hoy<\/span><\/a><\/div><div class=\"cs-meta-date\">21 de agosto<\/div><\/div>\t\t<\/div>\r\n\t<\/div>\r\n<\/article>\r\n\t\t\t\t\t\t\t\t<\/div>\r\n\t\t\t\t\t\t\t<\/div>\r\n\t\t\t\t\t\t<\/div>\r\n\t\t\t\t\t\t\t\t<\/section>\r\n\t\t\t\t\t\t<\/div>\n\t\t\t\t<\/div>\n\t\t\t\t<div class=\"elementor-element elementor-element-261e2de cs-dividerhorizontal cs-divider-tablethorizontal cs-divider-mobilehorizontal elementor-widget elementor-widget-cs-divider\" data-id=\"261e2de\" data-element_type=\"widget\" data-e-type=\"widget\" data-widget_type=\"cs-divider.default\">\n\t\t\t\t<div class=\"elementor-widget-container\">\n\t\t\t\t\t\t\t<section class=\"cs-divider cs-divider-horizontal\"><\/section>\r\n\t\t\t\t\t\t<\/div>\n\t\t\t\t<\/div>\n\t\t\t\t<div class=\"elementor-element elementor-element-e55bcd2 elementor-widget elementor-widget-cs-posts\" data-id=\"e55bcd2\" data-element_type=\"widget\" data-e-type=\"widget\" data-widget_type=\"cs-posts.default\">\n\t\t\t\t<div class=\"elementor-widget-container\">\n\t\t\t\t\t\t\t\t<section class=\"cs-posts cs-posts__horizontal\">\r\n\t\t\t\t\t\t\t\t\t\t<div class=\"cs-posts-area cs-posts-area-elementor \" data-posts-area=\"\">\r\n\t\t\t\t\t\t\t<div class=\"cs-posts-area__outer\">\r\n\t\t\t\t\t\t\t\t<div\r\n\t\t\t\t\t\t\t\tclass=\"cs-posts-area__main\"\r\n\t\t\t\t\t\t\t\tdata-pc=\"1\"\r\n\t\t\t\t\t\t\t\tdata-lt=\"1\"\r\n\t\t\t\t\t\t\t\tdata-tb=\"1\"\r\n\t\t\t\t\t\t\t\tdata-mb=\"1\"\r\n\t\t\t\t\t\t\t\t>\r\n\t\t\t\t\t\t\t\t\t\r\n<article class=\"post-16507 post type-post status-publish format-standard has-post-thumbnail category-estatal tag-conagua tag-hidalgo tag-presa-endho cs-entry cs-video-wrap\">\r\n\t<div class=\"cs-entry__outer cs-entry__outer-medium cs-entry__outer-thumbnail-right\">\r\n\t\t\t\t\t<div class=\"cs-entry__inner cs-entry__overlay cs-entry__thumbnail cs-overlay-ratio cs-ratio-landscape-16-9\">\r\n\r\n\t\t\t\t<div class=\"cs-overlay-background\">\r\n\t\t\t\t\t<img loading=\"lazy\" decoding=\"async\" width=\"332\" height=\"185\" src=\"https:\/\/grupohoymexico.com\/hidalgo\/wp-content\/uploads\/sites\/5\/2026\/08\/imgregen-ai-16507-1787328845-332x185.jpg\" class=\"attachment-csco-thumbnail-uncropped size-csco-thumbnail-uncropped wp-post-image\" alt=\"\" srcset=\"https:\/\/grupohoymexico.com\/hidalgo\/wp-content\/uploads\/sites\/5\/2026\/08\/imgregen-ai-16507-1787328845-332x185.jpg 332w, https:\/\/grupohoymexico.com\/hidalgo\/wp-content\/uploads\/sites\/5\/2026\/08\/imgregen-ai-16507-1787328845-300x167.jpg 300w, https:\/\/grupohoymexico.com\/hidalgo\/wp-content\/uploads\/sites\/5\/2026\/08\/imgregen-ai-16507-1787328845-1024x572.jpg 1024w, https:\/\/grupohoymexico.com\/hidalgo\/wp-content\/uploads\/sites\/5\/2026\/08\/imgregen-ai-16507-1787328845-768x429.jpg 768w, https:\/\/grupohoymexico.com\/hidalgo\/wp-content\/uploads\/sites\/5\/2026\/08\/imgregen-ai-16507-1787328845-1536x857.jpg 1536w, https:\/\/grupohoymexico.com\/hidalgo\/wp-content\/uploads\/sites\/5\/2026\/08\/imgregen-ai-16507-1787328845-664x371.jpg 664w, https:\/\/grupohoymexico.com\/hidalgo\/wp-content\/uploads\/sites\/5\/2026\/08\/imgregen-ai-16507-1787328845-688x384.jpg 688w, https:\/\/grupohoymexico.com\/hidalgo\/wp-content\/uploads\/sites\/5\/2026\/08\/imgregen-ai-16507-1787328845-1044x583.jpg 1044w, https:\/\/grupohoymexico.com\/hidalgo\/wp-content\/uploads\/sites\/5\/2026\/08\/imgregen-ai-16507-1787328845-1400x781.jpg 1400w, https:\/\/grupohoymexico.com\/hidalgo\/wp-content\/uploads\/sites\/5\/2026\/08\/imgregen-ai-16507-1787328845.jpg 1600w\" sizes=\"(max-width: 332px) 100vw, 332px\" \/>\t\t\t\t\t<img loading=\"lazy\" decoding=\"async\" width=\"332\" height=\"186\" src=\"https:\/\/grupohoymexico.com\/hidalgo\/wp-content\/uploads\/sites\/5\/2026\/08\/imgregen-ai-16507-1787328845-332x186.jpg\" class=\"attachment-csco-thumbnail size-csco-thumbnail wp-post-image\" alt=\"\" srcset=\"https:\/\/grupohoymexico.com\/hidalgo\/wp-content\/uploads\/sites\/5\/2026\/08\/imgregen-ai-16507-1787328845-332x185.jpg 332w, https:\/\/grupohoymexico.com\/hidalgo\/wp-content\/uploads\/sites\/5\/2026\/08\/imgregen-ai-16507-1787328845-300x167.jpg 300w, https:\/\/grupohoymexico.com\/hidalgo\/wp-content\/uploads\/sites\/5\/2026\/08\/imgregen-ai-16507-1787328845-1024x572.jpg 1024w, https:\/\/grupohoymexico.com\/hidalgo\/wp-content\/uploads\/sites\/5\/2026\/08\/imgregen-ai-16507-1787328845-768x429.jpg 768w, https:\/\/grupohoymexico.com\/hidalgo\/wp-content\/uploads\/sites\/5\/2026\/08\/imgregen-ai-16507-1787328845-1536x857.jpg 1536w, https:\/\/grupohoymexico.com\/hidalgo\/wp-content\/uploads\/sites\/5\/2026\/08\/imgregen-ai-16507-1787328845-664x371.jpg 664w, https:\/\/grupohoymexico.com\/hidalgo\/wp-content\/uploads\/sites\/5\/2026\/08\/imgregen-ai-16507-1787328845-688x384.jpg 688w, https:\/\/grupohoymexico.com\/hidalgo\/wp-content\/uploads\/sites\/5\/2026\/08\/imgregen-ai-16507-1787328845-1376x774.jpg 1376w, https:\/\/grupohoymexico.com\/hidalgo\/wp-content\/uploads\/sites\/5\/2026\/08\/imgregen-ai-16507-1787328845-1044x583.jpg 1044w, https:\/\/grupohoymexico.com\/hidalgo\/wp-content\/uploads\/sites\/5\/2026\/08\/imgregen-ai-16507-1787328845-1400x781.jpg 1400w, https:\/\/grupohoymexico.com\/hidalgo\/wp-content\/uploads\/sites\/5\/2026\/08\/imgregen-ai-16507-1787328845.jpg 1600w\" sizes=\"(max-width: 332px) 100vw, 332px\" \/>\t\t\t\t<\/div>\r\n\r\n\t\t\t\t\r\n\t\t\t\t\r\n\t\t\t\t<a href=\"https:\/\/grupohoymexico.com\/hidalgo\/estatal\/conagua-despliega-drones-con-inteligencia-artificial-para-sanear-la-presa-endho-en-hidalgo\/\" class=\"cs-overlay-link\" title=\"Conagua despliega drones con inteligencia artificial para sanear la Presa Endh\u00f3 en Hidalgo\"><\/a>\r\n\t\t\t<\/div>\r\n\t\t\r\n\t\t<div class=\"cs-entry__inner cs-entry__content cs-entry__content-horizontal\">\r\n\t\t\t<div class=\"cs-entry__post-meta\" ><div class=\"cs-meta-category\"><ul class=\"post-categories\">\n\t<li><a href=\"https:\/\/grupohoymexico.com\/hidalgo\/category\/estatal\/\" rel=\"category tag\">Estados<\/a><\/li><\/ul><\/div><\/div>\r\n\t\t\t<h2 class=\"cs-entry__title\"><a href=\"https:\/\/grupohoymexico.com\/hidalgo\/estatal\/conagua-despliega-drones-con-inteligencia-artificial-para-sanear-la-presa-endho-en-hidalgo\/\">Conagua despliega drones con inteligencia artificial para sanear la Presa Endh\u00f3 en Hidalgo<\/a><\/h2>\r\n\t\t\t\r\n\t\t\t<div class=\"cs-entry__post-meta\" ><div class=\"cs-meta-author\"><span class=\"cs-meta-author-by\">por<\/span><a class=\"cs-meta-author-link url fn n\" href=\"https:\/\/grupohoymexico.com\/hidalgo\/author\/user\/\"><span class=\"cs-meta-author-name\">Grupo Hoy<\/span><\/a><\/div><div class=\"cs-meta-date\">21 de agosto<\/div><\/div>\t\t<\/div>\r\n\t<\/div>\r\n<\/article>\r\n\t\t\t\t\t\t\t\t<\/div>\r\n\t\t\t\t\t\t\t<\/div>\r\n\t\t\t\t\t\t<\/div>\r\n\t\t\t\t\t\t\t\t<\/section>\r\n\t\t\t\t\t\t<\/div>\n\t\t\t\t<\/div>\n\t\t\t\t<\/div>\n\t\t\t\t<div class=\"elementor-element elementor-element-a89672f cs-dividervertical cs-divider-tabletvertical cs-divider-mobilehorizontal elementor-widget elementor-widget-cs-divider\" data-id=\"a89672f\" data-element_type=\"widget\" data-e-type=\"widget\" data-widget_type=\"cs-divider.default\">\n\t\t\t\t<div class=\"elementor-widget-container\">\n\t\t\t\t\t\t\t<section class=\"cs-divider cs-divider-vertical\"><\/section>\r\n\t\t\t\t\t\t<\/div>\n\t\t\t\t<\/div>\n\t\t<div class=\"elementor-element elementor-element-22a9b4a e-con-full e-flex e-con e-child\" data-id=\"22a9b4a\" data-element_type=\"container\" data-e-type=\"container\">\n\t\t\t\t<div class=\"elementor-element elementor-element-9ea561d elementor-widget elementor-widget-cs-posts\" data-id=\"9ea561d\" data-element_type=\"widget\" data-e-type=\"widget\" data-widget_type=\"cs-posts.default\">\n\t\t\t\t<div class=\"elementor-widget-container\">\n\t\t\t\t\t\t\t\t<section class=\"cs-posts cs-posts__standard\">\r\n\t\t\t\t\t\t\t\t\t\t<div class=\"cs-posts-area cs-posts-area-elementor \" data-posts-area=\"\">\r\n\t\t\t\t\t\t\t<div class=\"cs-posts-area__outer\">\r\n\t\t\t\t\t\t\t\t<div\r\n\t\t\t\t\t\t\t\tclass=\"cs-posts-area__main cs-posts-area__main-divider\"\r\n\t\t\t\t\t\t\t\tdata-pc=\"1\"\r\n\t\t\t\t\t\t\t\tdata-lt=\"1\"\r\n\t\t\t\t\t\t\t\tdata-tb=\"1\"\r\n\t\t\t\t\t\t\t\tdata-mb=\"1\"\r\n\t\t\t\t\t\t\t\t>\r\n\t\t\t\t\t\t\t\t\t\r\n<article class=\"post-16449 post type-post status-publish format-standard has-post-thumbnail category-estatal cs-entry cs-video-wrap\">\r\n\t<div class=\"cs-entry__outer\">\r\n\t\t\t\t\t<div class=\"cs-entry__inner cs-entry__overlay cs-entry__thumbnail cs-overlay-ratio cs-ratio-landscape-16-9\">\r\n\r\n\t\t\t\t<div class=\"cs-overlay-background\">\r\n\t\t\t\t\t<img loading=\"lazy\" decoding=\"async\" width=\"332\" height=\"185\" src=\"https:\/\/grupohoymexico.com\/hidalgo\/wp-content\/uploads\/sites\/5\/2026\/08\/imgregen-ai-16449-1786661793-332x185.jpg\" class=\"attachment-csco-thumbnail-uncropped size-csco-thumbnail-uncropped wp-post-image\" alt=\"\" srcset=\"https:\/\/grupohoymexico.com\/hidalgo\/wp-content\/uploads\/sites\/5\/2026\/08\/imgregen-ai-16449-1786661793-332x185.jpg 332w, https:\/\/grupohoymexico.com\/hidalgo\/wp-content\/uploads\/sites\/5\/2026\/08\/imgregen-ai-16449-1786661793-300x167.jpg 300w, https:\/\/grupohoymexico.com\/hidalgo\/wp-content\/uploads\/sites\/5\/2026\/08\/imgregen-ai-16449-1786661793-1024x572.jpg 1024w, https:\/\/grupohoymexico.com\/hidalgo\/wp-content\/uploads\/sites\/5\/2026\/08\/imgregen-ai-16449-1786661793-768x429.jpg 768w, https:\/\/grupohoymexico.com\/hidalgo\/wp-content\/uploads\/sites\/5\/2026\/08\/imgregen-ai-16449-1786661793-1536x857.jpg 1536w, https:\/\/grupohoymexico.com\/hidalgo\/wp-content\/uploads\/sites\/5\/2026\/08\/imgregen-ai-16449-1786661793-664x371.jpg 664w, https:\/\/grupohoymexico.com\/hidalgo\/wp-content\/uploads\/sites\/5\/2026\/08\/imgregen-ai-16449-1786661793-688x384.jpg 688w, https:\/\/grupohoymexico.com\/hidalgo\/wp-content\/uploads\/sites\/5\/2026\/08\/imgregen-ai-16449-1786661793-1044x583.jpg 1044w, https:\/\/grupohoymexico.com\/hidalgo\/wp-content\/uploads\/sites\/5\/2026\/08\/imgregen-ai-16449-1786661793-1400x781.jpg 1400w, https:\/\/grupohoymexico.com\/hidalgo\/wp-content\/uploads\/sites\/5\/2026\/08\/imgregen-ai-16449-1786661793.jpg 1600w\" sizes=\"(max-width: 332px) 100vw, 332px\" \/>\t\t\t\t\t<img loading=\"lazy\" decoding=\"async\" width=\"688\" height=\"387\" src=\"https:\/\/grupohoymexico.com\/hidalgo\/wp-content\/uploads\/sites\/5\/2026\/08\/imgregen-ai-16449-1786661793-688x387.jpg\" class=\"attachment-csco-medium size-csco-medium wp-post-image\" alt=\"\" srcset=\"https:\/\/grupohoymexico.com\/hidalgo\/wp-content\/uploads\/sites\/5\/2026\/08\/imgregen-ai-16449-1786661793-688x387.jpg 688w, https:\/\/grupohoymexico.com\/hidalgo\/wp-content\/uploads\/sites\/5\/2026\/08\/imgregen-ai-16449-1786661793-332x186.jpg 332w, https:\/\/grupohoymexico.com\/hidalgo\/wp-content\/uploads\/sites\/5\/2026\/08\/imgregen-ai-16449-1786661793-1376x774.jpg 1376w, https:\/\/grupohoymexico.com\/hidalgo\/wp-content\/uploads\/sites\/5\/2026\/08\/imgregen-ai-16449-1786661793-1044x587.jpg 1044w\" sizes=\"(max-width: 688px) 100vw, 688px\" \/>\t\t\t\t<\/div>\r\n\r\n\t\t\t\t\r\n\t\t\t\t\r\n\t\t\t\t<a href=\"https:\/\/grupohoymexico.com\/hidalgo\/estatal\/divorcio-voluntario-en-hidalgo-requisitos-y-cuanto-cuesta\/\" class=\"cs-overlay-link\" title=\"Divorcio voluntario en Hidalgo: requisitos y cu\u00e1nto cuesta\"><\/a>\r\n\t\t\t<\/div>\r\n\t\t\r\n\t\t<div class=\"cs-entry__inner cs-entry__content\">\r\n\r\n\t\t\t<div class=\"cs-entry__post-meta\" ><div class=\"cs-meta-category\"><ul class=\"post-categories\">\n\t<li><a href=\"https:\/\/grupohoymexico.com\/hidalgo\/category\/estatal\/\" rel=\"category tag\">Estados<\/a><\/li><\/ul><\/div><\/div>\r\n\t\t\t<h2 class=\"cs-entry__title\"><a href=\"https:\/\/grupohoymexico.com\/hidalgo\/estatal\/divorcio-voluntario-en-hidalgo-requisitos-y-cuanto-cuesta\/\">Divorcio voluntario en Hidalgo: requisitos y cu\u00e1nto cuesta<\/a><\/h2>\r\n\t\t\t\r\n\t\t\t<div class=\"cs-entry__post-meta\" ><div class=\"cs-meta-author\"><span class=\"cs-meta-author-by\">por<\/span><a class=\"cs-meta-author-link url fn n\" href=\"https:\/\/grupohoymexico.com\/hidalgo\/author\/user\/\"><span class=\"cs-meta-author-name\">Grupo Hoy<\/span><\/a><\/div><div class=\"cs-meta-date\">13 de agosto<\/div><\/div>\t\t<\/div>\r\n\t<\/div>\r\n<\/article>\r\n\t\t\t\t\t\t\t\t<\/div>\r\n\t\t\t\t\t\t\t<\/div>\r\n\t\t\t\t\t\t<\/div>\r\n\t\t\t\t\t\t\t\t<\/section>\r\n\t\t\t\t\t\t<\/div>\n\t\t\t\t<\/div>\n\t\t\t\t<div class=\"elementor-element elementor-element-8ec5451 cs-dividerhorizontal cs-divider-tablethorizontal cs-divider-mobilehorizontal elementor-widget elementor-widget-cs-divider\" data-id=\"8ec5451\" data-element_type=\"widget\" data-e-type=\"widget\" data-widget_type=\"cs-divider.default\">\n\t\t\t\t<div class=\"elementor-widget-container\">\n\t\t\t\t\t\t\t<section class=\"cs-divider cs-divider-horizontal\"><\/section>\r\n\t\t\t\t\t\t<\/div>\n\t\t\t\t<\/div>\n\t\t\t\t<div class=\"elementor-element elementor-element-b88703e elementor-widget elementor-widget-cs-posts\" data-id=\"b88703e\" data-element_type=\"widget\" data-e-type=\"widget\" data-widget_type=\"cs-posts.default\">\n\t\t\t\t<div class=\"elementor-widget-container\">\n\t\t\t\t\t\t\t\t<section class=\"cs-posts cs-posts__standard\">\r\n\t\t\t\t\t\t\t\t\t\t<div class=\"cs-posts-area cs-posts-area-elementor \" data-posts-area=\"\">\r\n\t\t\t\t\t\t\t<div class=\"cs-posts-area__outer\">\r\n\t\t\t\t\t\t\t\t<div\r\n\t\t\t\t\t\t\t\tclass=\"cs-posts-area__main cs-posts-area__main-divider\"\r\n\t\t\t\t\t\t\t\tdata-pc=\"1\"\r\n\t\t\t\t\t\t\t\tdata-lt=\"1\"\r\n\t\t\t\t\t\t\t\tdata-tb=\"1\"\r\n\t\t\t\t\t\t\t\tdata-mb=\"1\"\r\n\t\t\t\t\t\t\t\t>\r\n\t\t\t\t\t\t\t\t\t\r\n<article class=\"post-16271 post type-post status-publish format-standard has-post-thumbnail category-estatal tag-agricultura tag-cafe-mexicano tag-cambio-climatico tag-chiapas tag-roya-del-cafe tag-soconusco cs-entry cs-video-wrap\">\r\n\t<div class=\"cs-entry__outer\">\r\n\t\t\r\n\t\t<div class=\"cs-entry__inner cs-entry__content\">\r\n\r\n\t\t\t<div class=\"cs-entry__post-meta\" ><div class=\"cs-meta-category\"><ul class=\"post-categories\">\n\t<li><a href=\"https:\/\/grupohoymexico.com\/hidalgo\/category\/estatal\/\" rel=\"category tag\">Estados<\/a><\/li><\/ul><\/div><\/div>\r\n\t\t\t<h2 class=\"cs-entry__title\"><a href=\"https:\/\/grupohoymexico.com\/hidalgo\/estatal\/cafe-chiapas-cambio-climatico-altura\/\">Caf\u00e9 de Chiapas migra a 1,800 metros: cambio clim\u00e1tico redefine mapa cafetalero<\/a><\/h2>\r\n\t\t\t\r\n\t\t\t<div class=\"cs-entry__post-meta\" ><div class=\"cs-meta-author\"><span class=\"cs-meta-author-by\">por<\/span><a class=\"cs-meta-author-link url fn n\" href=\"https:\/\/grupohoymexico.com\/hidalgo\/author\/user\/\"><span class=\"cs-meta-author-name\">Grupo Hoy<\/span><\/a><\/div><div class=\"cs-meta-date\">03 de agosto<\/div><\/div>\t\t<\/div>\r\n\t<\/div>\r\n<\/article>\r\n\r\n<article class=\"post-16233 post type-post status-publish format-standard has-post-thumbnail category-estatal tag-bachillerato-nacional-margarita-maza tag-educacion tag-estudiantes tag-hidalgo tag-sep cs-entry cs-video-wrap\">\r\n\t<div class=\"cs-entry__outer\">\r\n\t\t\r\n\t\t<div class=\"cs-entry__inner cs-entry__content\">\r\n\r\n\t\t\t<div class=\"cs-entry__post-meta\" ><div class=\"cs-meta-category\"><ul class=\"post-categories\">\n\t<li><a href=\"https:\/\/grupohoymexico.com\/hidalgo\/category\/estatal\/\" rel=\"category tag\">Estados<\/a><\/li><\/ul><\/div><\/div>\r\n\t\t\t<h2 class=\"cs-entry__title\"><a href=\"https:\/\/grupohoymexico.com\/hidalgo\/estatal\/bachillerato-nacional-margarita-maza-en-hidalgo-2026-como-preinscribirse-sedes-requisitos-y-fechas-2\/\">Bachillerato Nacional Margarita Maza en Hidalgo 2026: c\u00f3mo preinscribirse, sedes, requisitos y fechas<\/a><\/h2>\r\n\t\t\t\r\n\t\t\t<div class=\"cs-entry__post-meta\" ><div class=\"cs-meta-author\"><span class=\"cs-meta-author-by\">por<\/span><a class=\"cs-meta-author-link url fn n\" href=\"https:\/\/grupohoymexico.com\/hidalgo\/author\/jair\/\"><span class=\"cs-meta-author-name\">jair<\/span><\/a><\/div><div class=\"cs-meta-date\">30 de julio<\/div><\/div>\t\t<\/div>\r\n\t<\/div>\r\n<\/article>\r\n\r\n<article class=\"post-16223 post type-post status-publish format-standard has-post-thumbnail category-estatal tag-agosto tag-calendario-oficial tag-hidalgo tag-placas-7-y-8 tag-semarnath tag-verificacion-vehicular cs-entry cs-video-wrap\">\r\n\t<div class=\"cs-entry__outer\">\r\n\t\t\r\n\t\t<div class=\"cs-entry__inner cs-entry__content\">\r\n\r\n\t\t\t<div class=\"cs-entry__post-meta\" ><div class=\"cs-meta-category\"><ul class=\"post-categories\">\n\t<li><a href=\"https:\/\/grupohoymexico.com\/hidalgo\/category\/estatal\/\" rel=\"category tag\">Estados<\/a><\/li><\/ul><\/div><\/div>\r\n\t\t\t<h2 class=\"cs-entry__title\"><a href=\"https:\/\/grupohoymexico.com\/hidalgo\/estatal\/verificacion-vehicular-en-hidalgo-que-autos-verifican-en-agosto-calendario-oficial-y-costos-actualizados\/\">Verificaci\u00f3n vehicular en Hidalgo: qu\u00e9 autos verifican en agosto, calendario oficial y costos actualizados<\/a><\/h2>\r\n\t\t\t\r\n\t\t\t<div class=\"cs-entry__post-meta\" ><div class=\"cs-meta-author\"><span class=\"cs-meta-author-by\">por<\/span><a class=\"cs-meta-author-link url fn n\" href=\"https:\/\/grupohoymexico.com\/hidalgo\/author\/jair\/\"><span class=\"cs-meta-author-name\">jair<\/span><\/a><\/div><div class=\"cs-meta-date\">29 de julio<\/div><\/div>\t\t<\/div>\r\n\t<\/div>\r\n<\/article>\r\n\r\n<article class=\"post-16055 post type-post status-publish format-standard has-post-thumbnail category-estatal tag-atempa tag-biodiversidad tag-calnali tag-ecoturismo tag-huasteca-hidalguense tag-turismo-hidalgo cs-entry cs-video-wrap\">\r\n\t<div class=\"cs-entry__outer\">\r\n\t\t\r\n\t\t<div class=\"cs-entry__inner cs-entry__content\">\r\n\r\n\t\t\t<div class=\"cs-entry__post-meta\" ><div class=\"cs-meta-category\"><ul class=\"post-categories\">\n\t<li><a href=\"https:\/\/grupohoymexico.com\/hidalgo\/category\/estatal\/\" rel=\"category tag\">Estados<\/a><\/li><\/ul><\/div><\/div>\r\n\t\t\t<h2 class=\"cs-entry__title\"><a href=\"https:\/\/grupohoymexico.com\/hidalgo\/estatal\/atempa-calnali-destino-tranquilo-huasteca-hidalguense\/\">Atempa en Calnali: el destino m\u00e1s tranquilo de la Huasteca hidalguense<\/a><\/h2>\r\n\t\t\t\r\n\t\t\t<div class=\"cs-entry__post-meta\" ><div class=\"cs-meta-author\"><span class=\"cs-meta-author-by\">por<\/span><a class=\"cs-meta-author-link url fn n\" href=\"https:\/\/grupohoymexico.com\/hidalgo\/author\/user\/\"><span class=\"cs-meta-author-name\">Grupo Hoy<\/span><\/a><\/div><div class=\"cs-meta-date\">27 de julio<\/div><\/div>\t\t<\/div>\r\n\t<\/div>\r\n<\/article>\r\n\t\t\t\t\t\t\t\t<\/div>\r\n\t\t\t\t\t\t\t<\/div>\r\n\t\t\t\t\t\t<\/div>\r\n\t\t\t\t\t\t\t\t<\/section>\r\n\t\t\t\t\t\t<\/div>\n\t\t\t\t<\/div>\n\t\t\t\t<\/div>\n\t\t\t\t<\/div>\n\t\t\t\t<div class=\"elementor-element elementor-element-21a2b47 cs-dividerhorizontal cs-divider-tablethorizontal cs-divider-mobilehorizontal elementor-widget elementor-widget-cs-divider\" data-id=\"21a2b47\" data-element_type=\"widget\" data-e-type=\"widget\" data-widget_type=\"cs-divider.default\">\n\t\t\t\t<div class=\"elementor-widget-container\">\n\t\t\t\t\t\t\t<section class=\"cs-divider cs-divider-horizontal\"><\/section>\r\n\t\t\t\t\t\t<\/div>\n\t\t\t\t<\/div>\n\t\t\t\t\t<\/div>\n\t\t\t\t<\/div>\n\t\t<div class=\"elementor-element elementor-element-f79cada e-flex e-con-boxed e-con e-parent\" data-id=\"f79cada\" data-element_type=\"container\" data-e-type=\"container\">\n\t\t\t\t\t<div class=\"e-con-inner\">\n\t\t\t\t<div class=\"elementor-element elementor-element-343c9ba elementor-widget elementor-widget-cs-subscribe\" data-id=\"343c9ba\" data-element_type=\"widget\" data-e-type=\"widget\" data-widget_type=\"cs-subscribe.default\">\n\t\t\t\t<div class=\"elementor-widget-container\">\n\t\t\t\t\t\r\n\t\t<section class=\"cs-subscribe-elementor cs-subscribe-elementor-type-1\">\r\n\r\n\t\t\t<div class=\"cs-subscribe__content\">\r\n\t\t\t\t\t\t\t\t\t<div class=\"cs-subscribe__header\">\r\n\t\t\t\t\t\t<h2 class=\"cs-subscribe__heading\">\r\n\t\t\t\t\t\t\tMant\u00e9ngase al d\u00eda con las noticias m\u00e1s importantes\t\t\t\t\t\t<\/h2>\r\n\t\t\t\t\t<\/div>\r\n\t\t\t\t\r\n\t\t\t\t\t\t\t\t\t<form class=\"cs-subscribe__form\" action=\"https:\/\/codesupply.us13.list-manage.com\/subscribe\/post?u=41845cb8908fb4302a4df512f&amp;id=b5a5e9c757\" method=\"post\" name=\"mc-embedded-subscribe-form-el\" class=\"validate\" target=\"_blank\" novalidate=\"novalidate\">\r\n\t\t\t\t\t\t<div class=\"cs-subscribe__form-group\" data-scheme=\"light\">\r\n\t\t\t\t\t\t\t<input type=\"email\" placeholder=\"E-mail\" name=\"EMAIL\">\r\n\t\t\t\t\t\t\t<button type=\"submit\" value=\"Subscribete\" name=\"subscribe\">Subscribete<\/button>\r\n\t\t\t\t\t\t<\/div>\r\n\r\n\t\t\t\t\t\t<div class=\"cs-subscribe__form-response clear\" id=\"mce-responses\">\r\n\t\t\t\t\t\t\t<div class=\"response\" id=\"mce-error-response\" style=\"display:none\"><\/div>\r\n\t\t\t\t\t\t\t<div class=\"response\" id=\"mce-success-response\" style=\"display:none\"><\/div>\r\n\t\t\t\t\t\t<\/div>\r\n\r\n\t\t\t\t\t\t\t\t\t\t\t\t\t<div class=\"cs-subscribe__description\">\r\n\t\t\t\t\t\t\t\tAl presionar el bot\u00f3n Suscribirse, confirma que ha le\u00eddo y acepta nuestra <a href=\"\/city\/privacy-policy\/\">Pol\u00edtica de privacidad<\/a> y <a href=\"\/city\/terms-of-use\/\">T\u00e9rminos de uso<\/a>.\t\t\t\t\t\t\t<\/div>\r\n\t\t\t\t\t\t\t\t\t\t\t<\/form>\r\n\t\t\t\t\t\t\t<\/div>\r\n\r\n\t\t\t\r\n\t\t<\/section>\r\n\r\n\t\t\t\t\t\t<\/div>\n\t\t\t\t<\/div>\n\t\t\t\t\t<\/div>\n\t\t\t\t<\/div>\n\t\t<div class=\"elementor-element elementor-element-b169254 e-flex e-con-boxed e-con e-parent\" data-id=\"b169254\" data-element_type=\"container\" data-e-type=\"container\">\n\t\t\t\t\t<div class=\"e-con-inner\">\n\t\t\t\t<div class=\"elementor-element elementor-element-cee13a9 elementor-widget elementor-widget-cs-heading\" data-id=\"cee13a9\" data-element_type=\"widget\" data-e-type=\"widget\" data-widget_type=\"cs-heading.default\">\n\t\t\t\t<div class=\"elementor-widget-container\">\n\t\t\t\t\t\t\t\t\t\t<section class=\"cs-heading\">\r\n\t\t\t\t<div class=\"cs-heading__container \">\r\n\t\t\t\t\t<h2 class=\"cs-heading__content\">\r\n\t\t\t\t\t\tNacional - internacional - columna\t\t\t\t\t<\/h2>\r\n\r\n\t\t\t\t\t\t\t\t\t<\/div>\r\n\t\t\t<\/section>\r\n\t\t\t\t\t\t\t\t<\/div>\n\t\t\t\t<\/div>\n\t\t<div class=\"elementor-element elementor-element-af070fa e-con-full e-flex e-con e-child\" data-id=\"af070fa\" data-element_type=\"container\" data-e-type=\"container\">\n\t\t<div class=\"elementor-element elementor-element-e524cad e-con-full e-flex e-con e-child\" data-id=\"e524cad\" data-element_type=\"container\" data-e-type=\"container\">\n\t\t\t\t<div class=\"elementor-element elementor-element-8edeedf elementor-widget elementor-widget-cs-posts\" data-id=\"8edeedf\" data-element_type=\"widget\" data-e-type=\"widget\" data-widget_type=\"cs-posts.default\">\n\t\t\t\t<div class=\"elementor-widget-container\">\n\t\t\t\t\t\t\t\t<section class=\"cs-posts cs-posts__standard\">\r\n\t\t\t\t\t\t\t\t\t\t<div class=\"cs-posts-area cs-posts-area-elementor \" data-posts-area=\"\">\r\n\t\t\t\t\t\t\t<div class=\"cs-posts-area__outer\">\r\n\t\t\t\t\t\t\t\t<div\r\n\t\t\t\t\t\t\t\tclass=\"cs-posts-area__main cs-posts-area__main-divider\"\r\n\t\t\t\t\t\t\t\tdata-pc=\"1\"\r\n\t\t\t\t\t\t\t\tdata-lt=\"1\"\r\n\t\t\t\t\t\t\t\tdata-tb=\"1\"\r\n\t\t\t\t\t\t\t\tdata-mb=\"1\"\r\n\t\t\t\t\t\t\t\t>\r\n\t\t\t\t\t\t\t\t\t\r\n<article class=\"post-16602 post type-post status-publish format-standard has-post-thumbnail category-nacional tag-fechas tag-linea-celular tag-mexico tag-registro cs-entry cs-video-wrap\">\r\n\t<div class=\"cs-entry__outer\">\r\n\t\t\t\t\t<div class=\"cs-entry__inner cs-entry__overlay cs-entry__thumbnail cs-overlay-ratio cs-ratio-landscape-16-9\">\r\n\r\n\t\t\t\t<div class=\"cs-overlay-background\">\r\n\t\t\t\t\t<img loading=\"lazy\" decoding=\"async\" width=\"332\" height=\"177\" src=\"https:\/\/grupohoymexico.com\/hidalgo\/wp-content\/uploads\/sites\/5\/2026\/08\/linea-celular-332x177.png\" class=\"attachment-csco-thumbnail-uncropped size-csco-thumbnail-uncropped wp-post-image\" alt=\"\u00bfTe suspendieron la l\u00ednea celular? As\u00ed puedes recuperar tu n\u00famero y reactivar el servicio\" srcset=\"https:\/\/grupohoymexico.com\/hidalgo\/wp-content\/uploads\/sites\/5\/2026\/08\/linea-celular-332x177.png 332w, https:\/\/grupohoymexico.com\/hidalgo\/wp-content\/uploads\/sites\/5\/2026\/08\/linea-celular-300x160.png 300w, https:\/\/grupohoymexico.com\/hidalgo\/wp-content\/uploads\/sites\/5\/2026\/08\/linea-celular-1024x544.png 1024w, https:\/\/grupohoymexico.com\/hidalgo\/wp-content\/uploads\/sites\/5\/2026\/08\/linea-celular-768x408.png 768w, https:\/\/grupohoymexico.com\/hidalgo\/wp-content\/uploads\/sites\/5\/2026\/08\/linea-celular-664x353.png 664w, https:\/\/grupohoymexico.com\/hidalgo\/wp-content\/uploads\/sites\/5\/2026\/08\/linea-celular-688x366.png 688w, https:\/\/grupohoymexico.com\/hidalgo\/wp-content\/uploads\/sites\/5\/2026\/08\/linea-celular-1044x555.png 1044w, https:\/\/grupohoymexico.com\/hidalgo\/wp-content\/uploads\/sites\/5\/2026\/08\/linea-celular.png 1200w\" sizes=\"(max-width: 332px) 100vw, 332px\" \/>\t\t\t\t\t<img loading=\"lazy\" decoding=\"async\" width=\"688\" height=\"387\" src=\"https:\/\/grupohoymexico.com\/hidalgo\/wp-content\/uploads\/sites\/5\/2026\/08\/linea-celular-688x387.png\" class=\"attachment-csco-medium size-csco-medium wp-post-image\" alt=\"\u00bfTe suspendieron la l\u00ednea celular? As\u00ed puedes recuperar tu n\u00famero y reactivar el servicio\" srcset=\"https:\/\/grupohoymexico.com\/hidalgo\/wp-content\/uploads\/sites\/5\/2026\/08\/linea-celular-688x387.png 688w, https:\/\/grupohoymexico.com\/hidalgo\/wp-content\/uploads\/sites\/5\/2026\/08\/linea-celular-332x186.png 332w, https:\/\/grupohoymexico.com\/hidalgo\/wp-content\/uploads\/sites\/5\/2026\/08\/linea-celular-1044x587.png 1044w\" sizes=\"(max-width: 688px) 100vw, 688px\" \/>\t\t\t\t<\/div>\r\n\r\n\t\t\t\t\r\n\t\t\t\t\r\n\t\t\t\t<a href=\"https:\/\/grupohoymexico.com\/hidalgo\/nacional\/te-suspendieron-la-linea-celular-asi-puedes-recuperar-tu-numero-y-reactivar-el-servicio\/\" class=\"cs-overlay-link\" title=\"\u00bfTe suspendieron la l\u00ednea celular? As\u00ed puedes recuperar tu n\u00famero y reactivar el servicio\"><\/a>\r\n\t\t\t<\/div>\r\n\t\t\r\n\t\t<div class=\"cs-entry__inner cs-entry__content\">\r\n\r\n\t\t\t<div class=\"cs-entry__post-meta\" ><div class=\"cs-meta-category\"><ul class=\"post-categories\">\n\t<li><a href=\"https:\/\/grupohoymexico.com\/hidalgo\/category\/nacional\/\" rel=\"category tag\">Nacional<\/a><\/li><\/ul><\/div><\/div>\r\n\t\t\t<h2 class=\"cs-entry__title\"><a href=\"https:\/\/grupohoymexico.com\/hidalgo\/nacional\/te-suspendieron-la-linea-celular-asi-puedes-recuperar-tu-numero-y-reactivar-el-servicio\/\">\u00bfTe suspendieron la l\u00ednea celular? As\u00ed puedes recuperar tu n\u00famero y reactivar el servicio<\/a><\/h2>\r\n\t\t\t\r\n\t\t\t<div class=\"cs-entry__post-meta\" ><div class=\"cs-meta-author\"><span class=\"cs-meta-author-by\">por<\/span><a class=\"cs-meta-author-link url fn n\" href=\"https:\/\/grupohoymexico.com\/hidalgo\/author\/jair\/\"><span class=\"cs-meta-author-name\">jair<\/span><\/a><\/div><div class=\"cs-meta-date\">21 de agosto<\/div><\/div>\t\t<\/div>\r\n\t<\/div>\r\n<\/article>\r\n\t\t\t\t\t\t\t\t<\/div>\r\n\t\t\t\t\t\t\t<\/div>\r\n\t\t\t\t\t\t<\/div>\r\n\t\t\t\t\t\t\t\t<\/section>\r\n\t\t\t\t\t\t<\/div>\n\t\t\t\t<\/div>\n\t\t\t\t<div class=\"elementor-element elementor-element-bb99954 cs-dividerhorizontal cs-divider-tablethorizontal cs-divider-mobilehorizontal elementor-widget elementor-widget-cs-divider\" data-id=\"bb99954\" data-element_type=\"widget\" data-e-type=\"widget\" data-widget_type=\"cs-divider.default\">\n\t\t\t\t<div class=\"elementor-widget-container\">\n\t\t\t\t\t\t\t<section class=\"cs-divider cs-divider-horizontal\"><\/section>\r\n\t\t\t\t\t\t<\/div>\n\t\t\t\t<\/div>\n\t\t\t\t<div class=\"elementor-element elementor-element-49a0037 elementor-widget elementor-widget-cs-posts\" data-id=\"49a0037\" data-element_type=\"widget\" data-e-type=\"widget\" data-widget_type=\"cs-posts.default\">\n\t\t\t\t<div class=\"elementor-widget-container\">\n\t\t\t\t\t\t\t\t<section class=\"cs-posts cs-posts__horizontal\">\r\n\t\t\t\t\t\t\t\t\t\t<div class=\"cs-posts-area cs-posts-area-elementor \" data-posts-area=\"\">\r\n\t\t\t\t\t\t\t<div class=\"cs-posts-area__outer\">\r\n\t\t\t\t\t\t\t\t<div\r\n\t\t\t\t\t\t\t\tclass=\"cs-posts-area__main cs-posts-area__main-divider\"\r\n\t\t\t\t\t\t\t\tdata-pc=\"1\"\r\n\t\t\t\t\t\t\t\tdata-lt=\"1\"\r\n\t\t\t\t\t\t\t\tdata-tb=\"1\"\r\n\t\t\t\t\t\t\t\tdata-mb=\"1\"\r\n\t\t\t\t\t\t\t\t>\r\n\t\t\t\t\t\t\t\t\t\r\n<article class=\"post-16572 post type-post status-publish format-standard has-post-thumbnail category-hidalgo category-nacional tag-educacion tag-hidalgo tag-sep cs-entry cs-video-wrap\">\r\n\t<div class=\"cs-entry__outer cs-entry__outer-small cs-entry__outer-thumbnail-left\">\r\n\t\t\t\t\t<div class=\"cs-entry__inner cs-entry__overlay cs-entry__thumbnail cs-overlay-ratio cs-ratio-square\">\r\n\r\n\t\t\t\t<div class=\"cs-overlay-background\">\r\n\t\t\t\t\t<img loading=\"lazy\" decoding=\"async\" width=\"332\" height=\"185\" src=\"https:\/\/grupohoymexico.com\/hidalgo\/wp-content\/uploads\/sites\/5\/2026\/08\/imgregen-ai-16572-1787327709-332x185.jpg\" class=\"attachment-csco-thumbnail-uncropped size-csco-thumbnail-uncropped wp-post-image\" alt=\"Bachillerato Nacional Margarita Maza en Hidalgo\" srcset=\"https:\/\/grupohoymexico.com\/hidalgo\/wp-content\/uploads\/sites\/5\/2026\/08\/imgregen-ai-16572-1787327709-332x185.jpg 332w, https:\/\/grupohoymexico.com\/hidalgo\/wp-content\/uploads\/sites\/5\/2026\/08\/imgregen-ai-16572-1787327709-300x167.jpg 300w, https:\/\/grupohoymexico.com\/hidalgo\/wp-content\/uploads\/sites\/5\/2026\/08\/imgregen-ai-16572-1787327709-1024x572.jpg 1024w, https:\/\/grupohoymexico.com\/hidalgo\/wp-content\/uploads\/sites\/5\/2026\/08\/imgregen-ai-16572-1787327709-768x429.jpg 768w, https:\/\/grupohoymexico.com\/hidalgo\/wp-content\/uploads\/sites\/5\/2026\/08\/imgregen-ai-16572-1787327709-1536x857.jpg 1536w, https:\/\/grupohoymexico.com\/hidalgo\/wp-content\/uploads\/sites\/5\/2026\/08\/imgregen-ai-16572-1787327709-664x371.jpg 664w, https:\/\/grupohoymexico.com\/hidalgo\/wp-content\/uploads\/sites\/5\/2026\/08\/imgregen-ai-16572-1787327709-688x384.jpg 688w, https:\/\/grupohoymexico.com\/hidalgo\/wp-content\/uploads\/sites\/5\/2026\/08\/imgregen-ai-16572-1787327709-1044x583.jpg 1044w, https:\/\/grupohoymexico.com\/hidalgo\/wp-content\/uploads\/sites\/5\/2026\/08\/imgregen-ai-16572-1787327709-1400x781.jpg 1400w, https:\/\/grupohoymexico.com\/hidalgo\/wp-content\/uploads\/sites\/5\/2026\/08\/imgregen-ai-16572-1787327709.jpg 1600w\" sizes=\"(max-width: 332px) 100vw, 332px\" \/>\t\t\t\t\t<img loading=\"lazy\" decoding=\"async\" width=\"688\" height=\"384\" src=\"https:\/\/grupohoymexico.com\/hidalgo\/wp-content\/uploads\/sites\/5\/2026\/08\/imgregen-ai-16572-1787327709-688x384.jpg\" class=\"attachment-csco-medium-uncropped size-csco-medium-uncropped wp-post-image\" alt=\"Bachillerato Nacional Margarita Maza en Hidalgo\" srcset=\"https:\/\/grupohoymexico.com\/hidalgo\/wp-content\/uploads\/sites\/5\/2026\/08\/imgregen-ai-16572-1787327709-688x384.jpg 688w, https:\/\/grupohoymexico.com\/hidalgo\/wp-content\/uploads\/sites\/5\/2026\/08\/imgregen-ai-16572-1787327709-300x167.jpg 300w, https:\/\/grupohoymexico.com\/hidalgo\/wp-content\/uploads\/sites\/5\/2026\/08\/imgregen-ai-16572-1787327709-1024x572.jpg 1024w, https:\/\/grupohoymexico.com\/hidalgo\/wp-content\/uploads\/sites\/5\/2026\/08\/imgregen-ai-16572-1787327709-768x429.jpg 768w, https:\/\/grupohoymexico.com\/hidalgo\/wp-content\/uploads\/sites\/5\/2026\/08\/imgregen-ai-16572-1787327709-1536x857.jpg 1536w, https:\/\/grupohoymexico.com\/hidalgo\/wp-content\/uploads\/sites\/5\/2026\/08\/imgregen-ai-16572-1787327709-332x185.jpg 332w, https:\/\/grupohoymexico.com\/hidalgo\/wp-content\/uploads\/sites\/5\/2026\/08\/imgregen-ai-16572-1787327709-664x371.jpg 664w, https:\/\/grupohoymexico.com\/hidalgo\/wp-content\/uploads\/sites\/5\/2026\/08\/imgregen-ai-16572-1787327709-1044x583.jpg 1044w, https:\/\/grupohoymexico.com\/hidalgo\/wp-content\/uploads\/sites\/5\/2026\/08\/imgregen-ai-16572-1787327709-1400x781.jpg 1400w, https:\/\/grupohoymexico.com\/hidalgo\/wp-content\/uploads\/sites\/5\/2026\/08\/imgregen-ai-16572-1787327709.jpg 1600w\" sizes=\"(max-width: 688px) 100vw, 688px\" \/>\t\t\t\t<\/div>\r\n\r\n\t\t\t\t\r\n\t\t\t\t\r\n\t\t\t\t<a href=\"https:\/\/grupohoymexico.com\/hidalgo\/nacional\/bachillerato-nacional-margarita-maza-en-hidalgo-2026-como-preinscribirse-sedes-requisitos-y-fechas\/\" class=\"cs-overlay-link\" title=\"Bachillerato Nacional Margarita Maza en Hidalgo 2026: c\u00f3mo preinscribirse, sedes, requisitos y fechas\"><\/a>\r\n\t\t\t<\/div>\r\n\t\t\r\n\t\t<div class=\"cs-entry__inner cs-entry__content cs-entry__content-horizontal\">\r\n\t\t\t<div class=\"cs-entry__post-meta\" ><div class=\"cs-meta-category\"><ul class=\"post-categories\">\n\t<li><a href=\"https:\/\/grupohoymexico.com\/hidalgo\/category\/hidalgo\/\" rel=\"category tag\">Hidalgo<\/a><\/li>\n\t<li><a href=\"https:\/\/grupohoymexico.com\/hidalgo\/category\/nacional\/\" rel=\"category tag\">Nacional<\/a><\/li><\/ul><\/div><\/div>\r\n\t\t\t<h2 class=\"cs-entry__title\"><a href=\"https:\/\/grupohoymexico.com\/hidalgo\/nacional\/bachillerato-nacional-margarita-maza-en-hidalgo-2026-como-preinscribirse-sedes-requisitos-y-fechas\/\">Bachillerato Nacional Margarita Maza en Hidalgo 2026: c\u00f3mo preinscribirse, sedes, requisitos y fechas<\/a><\/h2>\r\n\t\t\t\r\n\t\t\t<div class=\"cs-entry__post-meta\" ><div class=\"cs-meta-author\"><span class=\"cs-meta-author-by\">por<\/span><a class=\"cs-meta-author-link url fn n\" href=\"https:\/\/grupohoymexico.com\/hidalgo\/author\/user\/\"><span class=\"cs-meta-author-name\">Grupo Hoy<\/span><\/a><\/div><\/div>\t\t<\/div>\r\n\t<\/div>\r\n<\/article>\r\n\r\n<article class=\"post-16256 post type-post status-publish format-standard has-post-thumbnail category-nacional tag-buses tag-codex-pets tag-entertainment tag-happiness tag-inteligencia-artificial tag-mascotas-virtuales tag-mexico tag-mirumi tag-omar-fayad tag-tecnologia cs-entry cs-video-wrap\">\r\n\t<div class=\"cs-entry__outer cs-entry__outer-small cs-entry__outer-thumbnail-left\">\r\n\t\t\t\t\t<div class=\"cs-entry__inner cs-entry__overlay cs-entry__thumbnail cs-overlay-ratio cs-ratio-square\">\r\n\r\n\t\t\t\t<div class=\"cs-overlay-background\">\r\n\t\t\t\t\t<img loading=\"lazy\" decoding=\"async\" width=\"332\" height=\"216\" src=\"https:\/\/grupohoymexico.com\/hidalgo\/wp-content\/uploads\/sites\/5\/2026\/08\/imgregen-ai-16256-1786635092-332x216.jpg\" class=\"attachment-csco-thumbnail-uncropped size-csco-thumbnail-uncropped wp-post-image\" alt=\"\" srcset=\"https:\/\/grupohoymexico.com\/hidalgo\/wp-content\/uploads\/sites\/5\/2026\/08\/imgregen-ai-16256-1786635092-332x216.jpg 332w, https:\/\/grupohoymexico.com\/hidalgo\/wp-content\/uploads\/sites\/5\/2026\/08\/imgregen-ai-16256-1786635092-300x195.jpg 300w, https:\/\/grupohoymexico.com\/hidalgo\/wp-content\/uploads\/sites\/5\/2026\/08\/imgregen-ai-16256-1786635092-664x432.jpg 664w, https:\/\/grupohoymexico.com\/hidalgo\/wp-content\/uploads\/sites\/5\/2026\/08\/imgregen-ai-16256-1786635092-688x448.jpg 688w, https:\/\/grupohoymexico.com\/hidalgo\/wp-content\/uploads\/sites\/5\/2026\/08\/imgregen-ai-16256-1786635092.jpg 760w\" sizes=\"(max-width: 332px) 100vw, 332px\" \/>\t\t\t\t\t<img loading=\"lazy\" decoding=\"async\" width=\"688\" height=\"448\" src=\"https:\/\/grupohoymexico.com\/hidalgo\/wp-content\/uploads\/sites\/5\/2026\/08\/imgregen-ai-16256-1786635092-688x448.jpg\" class=\"attachment-csco-medium-uncropped size-csco-medium-uncropped wp-post-image\" alt=\"\" srcset=\"https:\/\/grupohoymexico.com\/hidalgo\/wp-content\/uploads\/sites\/5\/2026\/08\/imgregen-ai-16256-1786635092-688x448.jpg 688w, https:\/\/grupohoymexico.com\/hidalgo\/wp-content\/uploads\/sites\/5\/2026\/08\/imgregen-ai-16256-1786635092-300x195.jpg 300w, https:\/\/grupohoymexico.com\/hidalgo\/wp-content\/uploads\/sites\/5\/2026\/08\/imgregen-ai-16256-1786635092-332x216.jpg 332w, https:\/\/grupohoymexico.com\/hidalgo\/wp-content\/uploads\/sites\/5\/2026\/08\/imgregen-ai-16256-1786635092-664x432.jpg 664w, https:\/\/grupohoymexico.com\/hidalgo\/wp-content\/uploads\/sites\/5\/2026\/08\/imgregen-ai-16256-1786635092.jpg 760w\" sizes=\"(max-width: 688px) 100vw, 688px\" \/>\t\t\t\t<\/div>\r\n\r\n\t\t\t\t\r\n\t\t\t\t\r\n\t\t\t\t<a href=\"https:\/\/grupohoymexico.com\/hidalgo\/nacional\/mascotas-virtuales-soledad-tecnologia-mexico\/\" class=\"cs-overlay-link\" title=\"Mascotas virtuales 2026: qu\u00e9 revelan sobre la soledad y tecnolog\u00eda en M\u00e9xico\"><\/a>\r\n\t\t\t<\/div>\r\n\t\t\r\n\t\t<div class=\"cs-entry__inner cs-entry__content cs-entry__content-horizontal\">\r\n\t\t\t<div class=\"cs-entry__post-meta\" ><div class=\"cs-meta-category\"><ul class=\"post-categories\">\n\t<li><a href=\"https:\/\/grupohoymexico.com\/hidalgo\/category\/nacional\/\" rel=\"category tag\">Nacional<\/a><\/li><\/ul><\/div><\/div>\r\n\t\t\t<h2 class=\"cs-entry__title\"><a href=\"https:\/\/grupohoymexico.com\/hidalgo\/nacional\/mascotas-virtuales-soledad-tecnologia-mexico\/\">Mascotas virtuales 2026: qu\u00e9 revelan sobre la soledad y tecnolog\u00eda en M\u00e9xico<\/a><\/h2>\r\n\t\t\t\r\n\t\t\t<div class=\"cs-entry__post-meta\" ><div class=\"cs-meta-author\"><span class=\"cs-meta-author-by\">por<\/span><a class=\"cs-meta-author-link url fn n\" href=\"https:\/\/grupohoymexico.com\/hidalgo\/author\/user\/\"><span class=\"cs-meta-author-name\">Grupo Hoy<\/span><\/a><\/div><\/div>\t\t<\/div>\r\n\t<\/div>\r\n<\/article>\r\n\r\n<article class=\"post-16258 post type-post status-publish format-standard has-post-thumbnail category-nacional tag-adultos-mayores tag-centros-gerontologicos tag-hidalgo tag-huasteca tag-huejutla tag-iaameh tag-san-felipe-orizatlan cs-entry cs-video-wrap\">\r\n\t<div class=\"cs-entry__outer cs-entry__outer-small cs-entry__outer-thumbnail-left\">\r\n\t\t\t\t\t<div class=\"cs-entry__inner cs-entry__overlay cs-entry__thumbnail cs-overlay-ratio cs-ratio-square\">\r\n\r\n\t\t\t\t<div class=\"cs-overlay-background\">\r\n\t\t\t\t\t<img loading=\"lazy\" decoding=\"async\" width=\"332\" height=\"195\" src=\"https:\/\/grupohoymexico.com\/hidalgo\/wp-content\/uploads\/sites\/5\/2026\/08\/imgregen-ai-16258-1786635093-332x195.jpg\" class=\"attachment-csco-thumbnail-uncropped size-csco-thumbnail-uncropped wp-post-image\" alt=\"\" srcset=\"https:\/\/grupohoymexico.com\/hidalgo\/wp-content\/uploads\/sites\/5\/2026\/08\/imgregen-ai-16258-1786635093-332x195.jpg 332w, https:\/\/grupohoymexico.com\/hidalgo\/wp-content\/uploads\/sites\/5\/2026\/08\/imgregen-ai-16258-1786635093-300x176.jpg 300w, https:\/\/grupohoymexico.com\/hidalgo\/wp-content\/uploads\/sites\/5\/2026\/08\/imgregen-ai-16258-1786635093-768x452.jpg 768w, https:\/\/grupohoymexico.com\/hidalgo\/wp-content\/uploads\/sites\/5\/2026\/08\/imgregen-ai-16258-1786635093-664x390.jpg 664w, https:\/\/grupohoymexico.com\/hidalgo\/wp-content\/uploads\/sites\/5\/2026\/08\/imgregen-ai-16258-1786635093-688x404.jpg 688w, https:\/\/grupohoymexico.com\/hidalgo\/wp-content\/uploads\/sites\/5\/2026\/08\/imgregen-ai-16258-1786635093.jpg 1024w\" sizes=\"(max-width: 332px) 100vw, 332px\" \/>\t\t\t\t\t<img loading=\"lazy\" decoding=\"async\" width=\"688\" height=\"404\" src=\"https:\/\/grupohoymexico.com\/hidalgo\/wp-content\/uploads\/sites\/5\/2026\/08\/imgregen-ai-16258-1786635093-688x404.jpg\" class=\"attachment-csco-medium-uncropped size-csco-medium-uncropped wp-post-image\" alt=\"\" srcset=\"https:\/\/grupohoymexico.com\/hidalgo\/wp-content\/uploads\/sites\/5\/2026\/08\/imgregen-ai-16258-1786635093-688x404.jpg 688w, https:\/\/grupohoymexico.com\/hidalgo\/wp-content\/uploads\/sites\/5\/2026\/08\/imgregen-ai-16258-1786635093-300x176.jpg 300w, https:\/\/grupohoymexico.com\/hidalgo\/wp-content\/uploads\/sites\/5\/2026\/08\/imgregen-ai-16258-1786635093-768x452.jpg 768w, https:\/\/grupohoymexico.com\/hidalgo\/wp-content\/uploads\/sites\/5\/2026\/08\/imgregen-ai-16258-1786635093-332x195.jpg 332w, https:\/\/grupohoymexico.com\/hidalgo\/wp-content\/uploads\/sites\/5\/2026\/08\/imgregen-ai-16258-1786635093-664x390.jpg 664w, https:\/\/grupohoymexico.com\/hidalgo\/wp-content\/uploads\/sites\/5\/2026\/08\/imgregen-ai-16258-1786635093.jpg 1024w\" sizes=\"(max-width: 688px) 100vw, 688px\" \/>\t\t\t\t<\/div>\r\n\r\n\t\t\t\t\r\n\t\t\t\t\r\n\t\t\t\t<a href=\"https:\/\/grupohoymexico.com\/hidalgo\/nacional\/centros-gerontologicos-huasteca-hidalgo-servicios\/\" class=\"cs-overlay-link\" title=\"Centros Gerontol\u00f3gicos en la Huasteca: solo 2 espacios para adultos mayores\"><\/a>\r\n\t\t\t<\/div>\r\n\t\t\r\n\t\t<div class=\"cs-entry__inner cs-entry__content cs-entry__content-horizontal\">\r\n\t\t\t<div class=\"cs-entry__post-meta\" ><div class=\"cs-meta-category\"><ul class=\"post-categories\">\n\t<li><a href=\"https:\/\/grupohoymexico.com\/hidalgo\/category\/nacional\/\" rel=\"category tag\">Nacional<\/a><\/li><\/ul><\/div><\/div>\r\n\t\t\t<h2 class=\"cs-entry__title\"><a href=\"https:\/\/grupohoymexico.com\/hidalgo\/nacional\/centros-gerontologicos-huasteca-hidalgo-servicios\/\">Centros Gerontol\u00f3gicos en la Huasteca: solo 2 espacios para adultos mayores<\/a><\/h2>\r\n\t\t\t\r\n\t\t\t<div class=\"cs-entry__post-meta\" ><div class=\"cs-meta-author\"><span class=\"cs-meta-author-by\">por<\/span><a class=\"cs-meta-author-link url fn n\" href=\"https:\/\/grupohoymexico.com\/hidalgo\/author\/user\/\"><span class=\"cs-meta-author-name\">Grupo Hoy<\/span><\/a><\/div><\/div>\t\t<\/div>\r\n\t<\/div>\r\n<\/article>\r\n\r\n<article class=\"post-16260 post type-post status-publish format-standard has-post-thumbnail category-nacional tag-buses tag-deportaciones tag-donald-trump tag-entertainment tag-estados-unidos tag-happiness tag-hidalgo tag-migracion tag-omar-fayad tag-repatriacion cs-entry cs-video-wrap\">\r\n\t<div class=\"cs-entry__outer cs-entry__outer-small cs-entry__outer-thumbnail-left\">\r\n\t\t\t\t\t<div class=\"cs-entry__inner cs-entry__overlay cs-entry__thumbnail cs-overlay-ratio cs-ratio-square\">\r\n\r\n\t\t\t\t<div class=\"cs-overlay-background\">\r\n\t\t\t\t\t<img loading=\"lazy\" decoding=\"async\" width=\"332\" height=\"202\" src=\"https:\/\/grupohoymexico.com\/hidalgo\/wp-content\/uploads\/sites\/5\/2026\/08\/imgregen-ai-16260-1786635095-332x202.jpg\" class=\"attachment-csco-thumbnail-uncropped size-csco-thumbnail-uncropped wp-post-image\" alt=\"\" srcset=\"https:\/\/grupohoymexico.com\/hidalgo\/wp-content\/uploads\/sites\/5\/2026\/08\/imgregen-ai-16260-1786635095-332x202.jpg 332w, https:\/\/grupohoymexico.com\/hidalgo\/wp-content\/uploads\/sites\/5\/2026\/08\/imgregen-ai-16260-1786635095-300x182.jpg 300w, https:\/\/grupohoymexico.com\/hidalgo\/wp-content\/uploads\/sites\/5\/2026\/08\/imgregen-ai-16260-1786635095-1024x622.jpg 1024w, https:\/\/grupohoymexico.com\/hidalgo\/wp-content\/uploads\/sites\/5\/2026\/08\/imgregen-ai-16260-1786635095-768x467.jpg 768w, https:\/\/grupohoymexico.com\/hidalgo\/wp-content\/uploads\/sites\/5\/2026\/08\/imgregen-ai-16260-1786635095-664x403.jpg 664w, https:\/\/grupohoymexico.com\/hidalgo\/wp-content\/uploads\/sites\/5\/2026\/08\/imgregen-ai-16260-1786635095-688x418.jpg 688w, https:\/\/grupohoymexico.com\/hidalgo\/wp-content\/uploads\/sites\/5\/2026\/08\/imgregen-ai-16260-1786635095-1044x634.jpg 1044w, https:\/\/grupohoymexico.com\/hidalgo\/wp-content\/uploads\/sites\/5\/2026\/08\/imgregen-ai-16260-1786635095.jpg 1200w\" sizes=\"(max-width: 332px) 100vw, 332px\" \/>\t\t\t\t\t<img loading=\"lazy\" decoding=\"async\" width=\"688\" height=\"418\" src=\"https:\/\/grupohoymexico.com\/hidalgo\/wp-content\/uploads\/sites\/5\/2026\/08\/imgregen-ai-16260-1786635095-688x418.jpg\" class=\"attachment-csco-medium-uncropped size-csco-medium-uncropped wp-post-image\" alt=\"\" srcset=\"https:\/\/grupohoymexico.com\/hidalgo\/wp-content\/uploads\/sites\/5\/2026\/08\/imgregen-ai-16260-1786635095-688x418.jpg 688w, https:\/\/grupohoymexico.com\/hidalgo\/wp-content\/uploads\/sites\/5\/2026\/08\/imgregen-ai-16260-1786635095-300x182.jpg 300w, https:\/\/grupohoymexico.com\/hidalgo\/wp-content\/uploads\/sites\/5\/2026\/08\/imgregen-ai-16260-1786635095-1024x622.jpg 1024w, https:\/\/grupohoymexico.com\/hidalgo\/wp-content\/uploads\/sites\/5\/2026\/08\/imgregen-ai-16260-1786635095-768x467.jpg 768w, https:\/\/grupohoymexico.com\/hidalgo\/wp-content\/uploads\/sites\/5\/2026\/08\/imgregen-ai-16260-1786635095-332x202.jpg 332w, https:\/\/grupohoymexico.com\/hidalgo\/wp-content\/uploads\/sites\/5\/2026\/08\/imgregen-ai-16260-1786635095-664x403.jpg 664w, https:\/\/grupohoymexico.com\/hidalgo\/wp-content\/uploads\/sites\/5\/2026\/08\/imgregen-ai-16260-1786635095-1044x634.jpg 1044w, https:\/\/grupohoymexico.com\/hidalgo\/wp-content\/uploads\/sites\/5\/2026\/08\/imgregen-ai-16260-1786635095.jpg 1200w\" sizes=\"(max-width: 688px) 100vw, 688px\" \/>\t\t\t\t<\/div>\r\n\r\n\t\t\t\t\r\n\t\t\t\t\r\n\t\t\t\t<a href=\"https:\/\/grupohoymexico.com\/hidalgo\/nacional\/migrantes-hidalguenses-cruce-ilegal-eua-cae\/\" class=\"cs-overlay-link\" title=\"Migrantes hidalguenses: cruce ilegal a EUA cae m\u00e1s de 50% por pol\u00edticas de Trump\"><\/a>\r\n\t\t\t<\/div>\r\n\t\t\r\n\t\t<div class=\"cs-entry__inner cs-entry__content cs-entry__content-horizontal\">\r\n\t\t\t<div class=\"cs-entry__post-meta\" ><div class=\"cs-meta-category\"><ul class=\"post-categories\">\n\t<li><a href=\"https:\/\/grupohoymexico.com\/hidalgo\/category\/nacional\/\" rel=\"category tag\">Nacional<\/a><\/li><\/ul><\/div><\/div>\r\n\t\t\t<h2 class=\"cs-entry__title\"><a href=\"https:\/\/grupohoymexico.com\/hidalgo\/nacional\/migrantes-hidalguenses-cruce-ilegal-eua-cae\/\">Migrantes hidalguenses: cruce ilegal a EUA cae m\u00e1s de 50% por pol\u00edticas de Trump<\/a><\/h2>\r\n\t\t\t\r\n\t\t\t<div class=\"cs-entry__post-meta\" ><div class=\"cs-meta-author\"><span class=\"cs-meta-author-by\">por<\/span><a class=\"cs-meta-author-link url fn n\" href=\"https:\/\/grupohoymexico.com\/hidalgo\/author\/user\/\"><span class=\"cs-meta-author-name\">Grupo Hoy<\/span><\/a><\/div><\/div>\t\t<\/div>\r\n\t<\/div>\r\n<\/article>\r\n\t\t\t\t\t\t\t\t<\/div>\r\n\t\t\t\t\t\t\t<\/div>\r\n\t\t\t\t\t\t<\/div>\r\n\t\t\t\t\t\t\t\t<\/section>\r\n\t\t\t\t\t\t<\/div>\n\t\t\t\t<\/div>\n\t\t\t\t<\/div>\n\t\t\t\t<div class=\"elementor-element elementor-element-b12f3f6 cs-dividervertical cs-divider-tablethorizontal cs-divider-mobilehorizontal elementor-widget elementor-widget-cs-divider\" data-id=\"b12f3f6\" data-element_type=\"widget\" data-e-type=\"widget\" data-widget_type=\"cs-divider.default\">\n\t\t\t\t<div class=\"elementor-widget-container\">\n\t\t\t\t\t\t\t<section class=\"cs-divider cs-divider-vertical\"><\/section>\r\n\t\t\t\t\t\t<\/div>\n\t\t\t\t<\/div>\n\t\t<div class=\"elementor-element elementor-element-7e766b0 e-con-full e-flex e-con e-child\" data-id=\"7e766b0\" data-element_type=\"container\" data-e-type=\"container\">\n\t\t\t\t<div class=\"elementor-element elementor-element-1de6ff4 elementor-widget elementor-widget-cs-posts\" data-id=\"1de6ff4\" data-element_type=\"widget\" data-e-type=\"widget\" data-widget_type=\"cs-posts.default\">\n\t\t\t\t<div class=\"elementor-widget-container\">\n\t\t\t\t\t\t\t\t<section class=\"cs-posts cs-posts__standard\">\r\n\t\t\t\t\t\t\t\t\t\t<div class=\"cs-posts-area cs-posts-area-elementor \" data-posts-area=\"\">\r\n\t\t\t\t\t\t\t<div class=\"cs-posts-area__outer\">\r\n\t\t\t\t\t\t\t\t<div\r\n\t\t\t\t\t\t\t\tclass=\"cs-posts-area__main\"\r\n\t\t\t\t\t\t\t\tdata-pc=\"1\"\r\n\t\t\t\t\t\t\t\tdata-lt=\"1\"\r\n\t\t\t\t\t\t\t\tdata-tb=\"1\"\r\n\t\t\t\t\t\t\t\tdata-mb=\"1\"\r\n\t\t\t\t\t\t\t\t>\r\n\t\t\t\t\t\t\t\t\t\r\n<article class=\"post-16216 post type-post status-publish format-standard has-post-thumbnail category-internacional tag-dj-francia tag-french-touch tag-kavinsky tag-mexico-ano-nuevo-2026 tag-musica-electronica tag-nightcall tag-vincent-belorgey cs-entry cs-video-wrap\">\r\n\t<div class=\"cs-entry__outer\">\r\n\t\t\t\t\t<div class=\"cs-entry__inner cs-entry__overlay cs-entry__thumbnail cs-overlay-ratio cs-ratio-landscape-16-9\">\r\n\r\n\t\t\t\t<div class=\"cs-overlay-background\">\r\n\t\t\t\t\t<img loading=\"lazy\" decoding=\"async\" width=\"332\" height=\"186\" src=\"https:\/\/grupohoymexico.com\/hidalgo\/wp-content\/uploads\/sites\/5\/2026\/07\/img_ghm_16216.jpg\" class=\"attachment-csco-thumbnail-uncropped size-csco-thumbnail-uncropped wp-post-image\" alt=\"\" srcset=\"https:\/\/grupohoymexico.com\/hidalgo\/wp-content\/uploads\/sites\/5\/2026\/07\/img_ghm_16216.jpg 1200w, https:\/\/grupohoymexico.com\/hidalgo\/wp-content\/uploads\/sites\/5\/2026\/07\/img_ghm_16216-300x169.jpg 300w, https:\/\/grupohoymexico.com\/hidalgo\/wp-content\/uploads\/sites\/5\/2026\/07\/img_ghm_16216-1024x575.jpg 1024w, https:\/\/grupohoymexico.com\/hidalgo\/wp-content\/uploads\/sites\/5\/2026\/07\/img_ghm_16216-768x431.jpg 768w\" sizes=\"(max-width: 332px) 100vw, 332px\" \/>\t\t\t\t\t<img loading=\"lazy\" decoding=\"async\" width=\"1157\" height=\"650\" src=\"https:\/\/grupohoymexico.com\/hidalgo\/wp-content\/uploads\/sites\/5\/2026\/07\/img_ghm_16216.jpg\" class=\"attachment-csco-extra-large size-csco-extra-large wp-post-image\" alt=\"\" srcset=\"https:\/\/grupohoymexico.com\/hidalgo\/wp-content\/uploads\/sites\/5\/2026\/07\/img_ghm_16216.jpg 1200w, https:\/\/grupohoymexico.com\/hidalgo\/wp-content\/uploads\/sites\/5\/2026\/07\/img_ghm_16216-300x169.jpg 300w, https:\/\/grupohoymexico.com\/hidalgo\/wp-content\/uploads\/sites\/5\/2026\/07\/img_ghm_16216-1024x575.jpg 1024w, https:\/\/grupohoymexico.com\/hidalgo\/wp-content\/uploads\/sites\/5\/2026\/07\/img_ghm_16216-768x431.jpg 768w\" sizes=\"(max-width: 1157px) 100vw, 1157px\" \/>\t\t\t\t<\/div>\r\n\r\n\t\t\t\t\r\n\t\t\t\t\r\n\t\t\t\t<a href=\"https:\/\/grupohoymexico.com\/hidalgo\/internacional\/muere-kavinsky-dj-nightcall-french-touch-mexico\/\" class=\"cs-overlay-link\" title=\"Muere Kavinsky, DJ franc\u00e9s de Nightcall; celebr\u00f3 A\u00f1o Nuevo 2026 en M\u00e9xico\"><\/a>\r\n\t\t\t<\/div>\r\n\t\t\r\n\t\t<div class=\"cs-entry__inner cs-entry__content\">\r\n\r\n\t\t\t<div class=\"cs-entry__post-meta\" ><div class=\"cs-meta-category\"><ul class=\"post-categories\">\n\t<li><a href=\"https:\/\/grupohoymexico.com\/hidalgo\/category\/internacional\/\" rel=\"category tag\">Internacional<\/a><\/li><\/ul><\/div><\/div>\r\n\t\t\t<h2 class=\"cs-entry__title\"><a href=\"https:\/\/grupohoymexico.com\/hidalgo\/internacional\/muere-kavinsky-dj-nightcall-french-touch-mexico\/\">Muere Kavinsky, DJ franc\u00e9s de Nightcall; celebr\u00f3 A\u00f1o Nuevo 2026 en M\u00e9xico<\/a><\/h2>\r\n\t\t\t\t\t\t\t\t<div class=\"cs-entry__excerpt\">\r\n\t\t\t\t\t\tEl productor franc\u00e9s, \u00edcono de la French Touch y reconocido mundialmente por su tema en la pel\u00edcula Drive, fue hallado sin vida este mi\u00e9rcoles en Francia\t\t\t\t\t<\/div>\r\n\t\t\t\t\t\r\n\t\t\t<div class=\"cs-entry__post-meta\" ><div class=\"cs-meta-author\"><span class=\"cs-meta-author-by\">por<\/span><a class=\"cs-meta-author-link url fn n\" href=\"https:\/\/grupohoymexico.com\/hidalgo\/author\/user\/\"><span class=\"cs-meta-author-name\">Grupo Hoy<\/span><\/a><\/div><div class=\"cs-meta-date\">29 de julio<\/div><\/div>\t\t<\/div>\r\n\t<\/div>\r\n<\/article>\r\n\t\t\t\t\t\t\t\t<\/div>\r\n\t\t\t\t\t\t\t<\/div>\r\n\t\t\t\t\t\t<\/div>\r\n\t\t\t\t\t\t\t\t<\/section>\r\n\t\t\t\t\t\t<\/div>\n\t\t\t\t<\/div>\n\t\t\t\t<div class=\"elementor-element elementor-element-6a33f56 cs-dividerhorizontal cs-divider-tablethorizontal cs-divider-mobilehorizontal elementor-widget elementor-widget-cs-divider\" data-id=\"6a33f56\" data-element_type=\"widget\" data-e-type=\"widget\" data-widget_type=\"cs-divider.default\">\n\t\t\t\t<div class=\"elementor-widget-container\">\n\t\t\t\t\t\t\t<section class=\"cs-divider cs-divider-horizontal\"><\/section>\r\n\t\t\t\t\t\t<\/div>\n\t\t\t\t<\/div>\n\t\t\t\t<div class=\"elementor-element elementor-element-64c8ce3 elementor-widget elementor-widget-cs-posts\" data-id=\"64c8ce3\" data-element_type=\"widget\" data-e-type=\"widget\" data-widget_type=\"cs-posts.default\">\n\t\t\t\t<div class=\"elementor-widget-container\">\n\t\t\t\t\t\t\t\t<section class=\"cs-posts cs-posts__horizontal\">\r\n\t\t\t\t\t\t\t\t\t\t<div class=\"cs-posts-area cs-posts-area-elementor \" data-posts-area=\"\">\r\n\t\t\t\t\t\t\t<div class=\"cs-posts-area__outer\">\r\n\t\t\t\t\t\t\t\t<div\r\n\t\t\t\t\t\t\t\tclass=\"cs-posts-area__main\"\r\n\t\t\t\t\t\t\t\tdata-pc=\"1\"\r\n\t\t\t\t\t\t\t\tdata-lt=\"1\"\r\n\t\t\t\t\t\t\t\tdata-tb=\"1\"\r\n\t\t\t\t\t\t\t\tdata-mb=\"1\"\r\n\t\t\t\t\t\t\t\t>\r\n\t\t\t\t\t\t\t\t\t\r\n<article class=\"post-16064 post type-post status-publish format-standard has-post-thumbnail category-internacional tag-burdeos tag-evacuaciones tag-francia tag-gironda tag-incendios-forestales tag-ola-de-calor cs-entry cs-video-wrap\">\r\n\t<div class=\"cs-entry__outer cs-entry__outer-medium cs-entry__outer-thumbnail-right\">\r\n\t\t\t\t\t<div class=\"cs-entry__inner cs-entry__overlay cs-entry__thumbnail cs-overlay-ratio cs-ratio-landscape-16-9\">\r\n\r\n\t\t\t\t<div class=\"cs-overlay-background\">\r\n\t\t\t\t\t<img loading=\"lazy\" decoding=\"async\" width=\"332\" height=\"187\" src=\"https:\/\/grupohoymexico.com\/hidalgo\/wp-content\/uploads\/sites\/5\/2026\/07\/img_ghm_16064.jpg\" class=\"attachment-csco-thumbnail-uncropped size-csco-thumbnail-uncropped wp-post-image\" alt=\"\" srcset=\"https:\/\/grupohoymexico.com\/hidalgo\/wp-content\/uploads\/sites\/5\/2026\/07\/img_ghm_16064.jpg 1200w, https:\/\/grupohoymexico.com\/hidalgo\/wp-content\/uploads\/sites\/5\/2026\/07\/img_ghm_16064-300x169.jpg 300w, https:\/\/grupohoymexico.com\/hidalgo\/wp-content\/uploads\/sites\/5\/2026\/07\/img_ghm_16064-1024x576.jpg 1024w, https:\/\/grupohoymexico.com\/hidalgo\/wp-content\/uploads\/sites\/5\/2026\/07\/img_ghm_16064-768x432.jpg 768w\" sizes=\"(max-width: 332px) 100vw, 332px\" \/>\t\t\t\t\t<img loading=\"lazy\" decoding=\"async\" width=\"332\" height=\"186\" src=\"https:\/\/grupohoymexico.com\/hidalgo\/wp-content\/uploads\/sites\/5\/2026\/07\/img_ghm_16064.jpg\" class=\"attachment-csco-thumbnail size-csco-thumbnail wp-post-image\" alt=\"\" srcset=\"https:\/\/grupohoymexico.com\/hidalgo\/wp-content\/uploads\/sites\/5\/2026\/07\/img_ghm_16064.jpg 1200w, https:\/\/grupohoymexico.com\/hidalgo\/wp-content\/uploads\/sites\/5\/2026\/07\/img_ghm_16064-300x169.jpg 300w, https:\/\/grupohoymexico.com\/hidalgo\/wp-content\/uploads\/sites\/5\/2026\/07\/img_ghm_16064-1024x576.jpg 1024w, https:\/\/grupohoymexico.com\/hidalgo\/wp-content\/uploads\/sites\/5\/2026\/07\/img_ghm_16064-768x432.jpg 768w\" sizes=\"(max-width: 332px) 100vw, 332px\" \/>\t\t\t\t<\/div>\r\n\r\n\t\t\t\t\r\n\t\t\t\t\r\n\t\t\t\t<a href=\"https:\/\/grupohoymexico.com\/hidalgo\/internacional\/francia-ola-calor-incendios-forestales-gironda\/\" class=\"cs-overlay-link\" title=\"Francia enfrenta nueva ola de calor que complicar\u00e1 incendios forestales\"><\/a>\r\n\t\t\t<\/div>\r\n\t\t\r\n\t\t<div class=\"cs-entry__inner cs-entry__content cs-entry__content-horizontal\">\r\n\t\t\t<div class=\"cs-entry__post-meta\" ><div class=\"cs-meta-category\"><ul class=\"post-categories\">\n\t<li><a href=\"https:\/\/grupohoymexico.com\/hidalgo\/category\/internacional\/\" rel=\"category tag\">Internacional<\/a><\/li><\/ul><\/div><\/div>\r\n\t\t\t<h2 class=\"cs-entry__title\"><a href=\"https:\/\/grupohoymexico.com\/hidalgo\/internacional\/francia-ola-calor-incendios-forestales-gironda\/\">Francia enfrenta nueva ola de calor que complicar\u00e1 incendios forestales<\/a><\/h2>\r\n\t\t\t\r\n\t\t\t<div class=\"cs-entry__post-meta\" ><div class=\"cs-meta-author\"><span class=\"cs-meta-author-by\">por<\/span><a class=\"cs-meta-author-link url fn n\" href=\"https:\/\/grupohoymexico.com\/hidalgo\/author\/user\/\"><span class=\"cs-meta-author-name\">Grupo Hoy<\/span><\/a><\/div><div class=\"cs-meta-date\">27 de julio<\/div><\/div>\t\t<\/div>\r\n\t<\/div>\r\n<\/article>\r\n\t\t\t\t\t\t\t\t<\/div>\r\n\t\t\t\t\t\t\t<\/div>\r\n\t\t\t\t\t\t<\/div>\r\n\t\t\t\t\t\t\t\t<\/section>\r\n\t\t\t\t\t\t<\/div>\n\t\t\t\t<\/div>\n\t\t\t\t<\/div>\n\t\t\t\t<div class=\"elementor-element elementor-element-92fa69c cs-dividervertical cs-divider-tabletvertical cs-divider-mobilehorizontal elementor-widget elementor-widget-cs-divider\" data-id=\"92fa69c\" data-element_type=\"widget\" data-e-type=\"widget\" data-widget_type=\"cs-divider.default\">\n\t\t\t\t<div class=\"elementor-widget-container\">\n\t\t\t\t\t\t\t<section class=\"cs-divider cs-divider-vertical\"><\/section>\r\n\t\t\t\t\t\t<\/div>\n\t\t\t\t<\/div>\n\t\t<div class=\"elementor-element elementor-element-652df92 e-con-full e-flex e-con e-child\" data-id=\"652df92\" data-element_type=\"container\" data-e-type=\"container\">\n\t\t\t\t<div class=\"elementor-element elementor-element-56ee312 elementor-widget elementor-widget-cs-posts\" data-id=\"56ee312\" data-element_type=\"widget\" data-e-type=\"widget\" data-widget_type=\"cs-posts.default\">\n\t\t\t\t<div class=\"elementor-widget-container\">\n\t\t\t\t\t\t\t\t<section class=\"cs-posts cs-posts__standard\">\r\n\t\t\t\t\t\t\t\t\t\t<div class=\"cs-posts-area cs-posts-area-elementor \" data-posts-area=\"\">\r\n\t\t\t\t\t\t\t<div class=\"cs-posts-area__outer\">\r\n\t\t\t\t\t\t\t\t<div\r\n\t\t\t\t\t\t\t\tclass=\"cs-posts-area__main cs-posts-area__main-divider\"\r\n\t\t\t\t\t\t\t\tdata-pc=\"1\"\r\n\t\t\t\t\t\t\t\tdata-lt=\"1\"\r\n\t\t\t\t\t\t\t\tdata-tb=\"1\"\r\n\t\t\t\t\t\t\t\tdata-mb=\"1\"\r\n\t\t\t\t\t\t\t\t>\r\n\t\t\t\t\t\t\t\t\t\r\n<article class=\"post-15771 post type-post status-publish format-standard has-post-thumbnail category-columnas category-conexion-global tag-mexico tag-partidos-politicos tag-politica cs-entry cs-video-wrap\">\r\n\t<div class=\"cs-entry__outer\">\r\n\t\t\t\t\t<div class=\"cs-entry__inner cs-entry__overlay cs-entry__thumbnail cs-overlay-ratio cs-ratio-landscape-16-9\">\r\n\r\n\t\t\t\t<div class=\"cs-overlay-background\">\r\n\t\t\t\t\t<img loading=\"lazy\" decoding=\"async\" width=\"332\" height=\"176\" src=\"https:\/\/grupohoymexico.com\/hidalgo\/wp-content\/uploads\/sites\/5\/2025\/12\/eduardo_rivera_santamaria_conexion_global-332x176.jpeg\" class=\"attachment-csco-thumbnail-uncropped size-csco-thumbnail-uncropped wp-post-image\" alt=\"Eduardo Rivera Santamar\u00eda, CEO de Global Media Internacional Services. Autor de la columna Conexi\u00f3n Global\" srcset=\"https:\/\/grupohoymexico.com\/hidalgo\/wp-content\/uploads\/sites\/5\/2025\/12\/eduardo_rivera_santamaria_conexion_global-332x176.jpeg 332w, https:\/\/grupohoymexico.com\/hidalgo\/wp-content\/uploads\/sites\/5\/2025\/12\/eduardo_rivera_santamaria_conexion_global-300x159.jpeg 300w, https:\/\/grupohoymexico.com\/hidalgo\/wp-content\/uploads\/sites\/5\/2025\/12\/eduardo_rivera_santamaria_conexion_global-1024x544.jpeg 1024w, https:\/\/grupohoymexico.com\/hidalgo\/wp-content\/uploads\/sites\/5\/2025\/12\/eduardo_rivera_santamaria_conexion_global-768x408.jpeg 768w, https:\/\/grupohoymexico.com\/hidalgo\/wp-content\/uploads\/sites\/5\/2025\/12\/eduardo_rivera_santamaria_conexion_global-664x353.jpeg 664w, https:\/\/grupohoymexico.com\/hidalgo\/wp-content\/uploads\/sites\/5\/2025\/12\/eduardo_rivera_santamaria_conexion_global-688x366.jpeg 688w, https:\/\/grupohoymexico.com\/hidalgo\/wp-content\/uploads\/sites\/5\/2025\/12\/eduardo_rivera_santamaria_conexion_global-1044x555.jpeg 1044w, https:\/\/grupohoymexico.com\/hidalgo\/wp-content\/uploads\/sites\/5\/2025\/12\/eduardo_rivera_santamaria_conexion_global.jpeg 1280w\" sizes=\"(max-width: 332px) 100vw, 332px\" \/>\t\t\t\t\t<img loading=\"lazy\" decoding=\"async\" width=\"688\" height=\"387\" src=\"https:\/\/grupohoymexico.com\/hidalgo\/wp-content\/uploads\/sites\/5\/2025\/12\/eduardo_rivera_santamaria_conexion_global-688x387.jpeg\" class=\"attachment-csco-medium size-csco-medium wp-post-image\" alt=\"Eduardo Rivera Santamar\u00eda, CEO de Global Media Internacional Services. Autor de la columna Conexi\u00f3n Global\" srcset=\"https:\/\/grupohoymexico.com\/hidalgo\/wp-content\/uploads\/sites\/5\/2025\/12\/eduardo_rivera_santamaria_conexion_global-688x387.jpeg 688w, https:\/\/grupohoymexico.com\/hidalgo\/wp-content\/uploads\/sites\/5\/2025\/12\/eduardo_rivera_santamaria_conexion_global-332x186.jpeg 332w, https:\/\/grupohoymexico.com\/hidalgo\/wp-content\/uploads\/sites\/5\/2025\/12\/eduardo_rivera_santamaria_conexion_global-1044x587.jpeg 1044w\" sizes=\"(max-width: 688px) 100vw, 688px\" \/>\t\t\t\t<\/div>\r\n\r\n\t\t\t\t\r\n\t\t\t\t\r\n\t\t\t\t<a href=\"https:\/\/grupohoymexico.com\/hidalgo\/columnas\/el-espejismo-de-la-soledad-politica-y-la-urgencia-de-la-alianza-historica\/\" class=\"cs-overlay-link\" title=\"El espejismo de la soledad pol\u00edtica y la urgencia de la alianza hist\u00f3rica\"><\/a>\r\n\t\t\t<\/div>\r\n\t\t\r\n\t\t<div class=\"cs-entry__inner cs-entry__content\">\r\n\r\n\t\t\t<div class=\"cs-entry__post-meta\" ><div class=\"cs-meta-category\"><ul class=\"post-categories\">\n\t<li><a href=\"https:\/\/grupohoymexico.com\/hidalgo\/category\/columnas\/\" rel=\"category tag\">Columnas<\/a><\/li>\n\t<li><a href=\"https:\/\/grupohoymexico.com\/hidalgo\/category\/columnas\/conexion-global\/\" rel=\"category tag\">Conexi\u00f3n Global<\/a><\/li><\/ul><\/div><\/div>\r\n\t\t\t<h2 class=\"cs-entry__title\"><a href=\"https:\/\/grupohoymexico.com\/hidalgo\/columnas\/el-espejismo-de-la-soledad-politica-y-la-urgencia-de-la-alianza-historica\/\">El espejismo de la soledad pol\u00edtica y la urgencia de la alianza hist\u00f3rica<\/a><\/h2>\r\n\t\t\t\r\n\t\t\t<div class=\"cs-entry__post-meta\" ><div class=\"cs-meta-author\"><span class=\"cs-meta-author-by\">por<\/span><a class=\"cs-meta-author-link url fn n\" href=\"https:\/\/grupohoymexico.com\/hidalgo\/author\/eduardor\/\"><span class=\"cs-meta-author-name\">Eduardo Rivera S<\/span><\/a><\/div><div class=\"cs-meta-date\">10 de junio<\/div><\/div>\t\t<\/div>\r\n\t<\/div>\r\n<\/article>\r\n\t\t\t\t\t\t\t\t<\/div>\r\n\t\t\t\t\t\t\t<\/div>\r\n\t\t\t\t\t\t<\/div>\r\n\t\t\t\t\t\t\t\t<\/section>\r\n\t\t\t\t\t\t<\/div>\n\t\t\t\t<\/div>\n\t\t\t\t<div class=\"elementor-element elementor-element-1d33f5d cs-dividerhorizontal cs-divider-tablethorizontal cs-divider-mobilehorizontal elementor-widget elementor-widget-cs-divider\" data-id=\"1d33f5d\" data-element_type=\"widget\" data-e-type=\"widget\" data-widget_type=\"cs-divider.default\">\n\t\t\t\t<div class=\"elementor-widget-container\">\n\t\t\t\t\t\t\t<section class=\"cs-divider cs-divider-horizontal\"><\/section>\r\n\t\t\t\t\t\t<\/div>\n\t\t\t\t<\/div>\n\t\t\t\t<div class=\"elementor-element elementor-element-e16e138 elementor-widget elementor-widget-cs-posts\" data-id=\"e16e138\" data-element_type=\"widget\" data-e-type=\"widget\" data-widget_type=\"cs-posts.default\">\n\t\t\t\t<div class=\"elementor-widget-container\">\n\t\t\t\t\t\t\t\t<section class=\"cs-posts cs-posts__horizontal\">\r\n\t\t\t\t\t\t\t\t\t\t<div class=\"cs-posts-area cs-posts-area-elementor \" data-posts-area=\"\">\r\n\t\t\t\t\t\t\t<div class=\"cs-posts-area__outer\">\r\n\t\t\t\t\t\t\t\t<div\r\n\t\t\t\t\t\t\t\tclass=\"cs-posts-area__main cs-posts-area__main-divider\"\r\n\t\t\t\t\t\t\t\tdata-pc=\"1\"\r\n\t\t\t\t\t\t\t\tdata-lt=\"1\"\r\n\t\t\t\t\t\t\t\tdata-tb=\"1\"\r\n\t\t\t\t\t\t\t\tdata-mb=\"1\"\r\n\t\t\t\t\t\t\t\t>\r\n\t\t\t\t\t\t\t\t\t\r\n<article class=\"post-15656 post type-post status-publish format-standard has-post-thumbnail category-columnas category-conexion-global tag-ia tag-inteligencia-artificial tag-mexico tag-politica tag-tecnologia cs-entry cs-video-wrap\">\r\n\t<div class=\"cs-entry__outer cs-entry__outer-small cs-entry__outer-thumbnail-left\">\r\n\t\t\t\t\t<div class=\"cs-entry__inner cs-entry__overlay cs-entry__thumbnail cs-overlay-ratio cs-ratio-square\">\r\n\r\n\t\t\t\t<div class=\"cs-overlay-background\">\r\n\t\t\t\t\t<img loading=\"lazy\" decoding=\"async\" width=\"332\" height=\"176\" src=\"https:\/\/grupohoymexico.com\/hidalgo\/wp-content\/uploads\/sites\/5\/2025\/12\/eduardo_rivera_santamaria_conexion_global-332x176.jpeg\" class=\"attachment-csco-thumbnail-uncropped size-csco-thumbnail-uncropped wp-post-image\" alt=\"Eduardo Rivera Santamar\u00eda, CEO de Global Media Internacional Services. Autor de la columna Conexi\u00f3n Global\" srcset=\"https:\/\/grupohoymexico.com\/hidalgo\/wp-content\/uploads\/sites\/5\/2025\/12\/eduardo_rivera_santamaria_conexion_global-332x176.jpeg 332w, https:\/\/grupohoymexico.com\/hidalgo\/wp-content\/uploads\/sites\/5\/2025\/12\/eduardo_rivera_santamaria_conexion_global-300x159.jpeg 300w, https:\/\/grupohoymexico.com\/hidalgo\/wp-content\/uploads\/sites\/5\/2025\/12\/eduardo_rivera_santamaria_conexion_global-1024x544.jpeg 1024w, https:\/\/grupohoymexico.com\/hidalgo\/wp-content\/uploads\/sites\/5\/2025\/12\/eduardo_rivera_santamaria_conexion_global-768x408.jpeg 768w, https:\/\/grupohoymexico.com\/hidalgo\/wp-content\/uploads\/sites\/5\/2025\/12\/eduardo_rivera_santamaria_conexion_global-664x353.jpeg 664w, https:\/\/grupohoymexico.com\/hidalgo\/wp-content\/uploads\/sites\/5\/2025\/12\/eduardo_rivera_santamaria_conexion_global-688x366.jpeg 688w, https:\/\/grupohoymexico.com\/hidalgo\/wp-content\/uploads\/sites\/5\/2025\/12\/eduardo_rivera_santamaria_conexion_global-1044x555.jpeg 1044w, https:\/\/grupohoymexico.com\/hidalgo\/wp-content\/uploads\/sites\/5\/2025\/12\/eduardo_rivera_santamaria_conexion_global.jpeg 1280w\" sizes=\"(max-width: 332px) 100vw, 332px\" \/>\t\t\t\t\t<img loading=\"lazy\" decoding=\"async\" width=\"688\" height=\"366\" src=\"https:\/\/grupohoymexico.com\/hidalgo\/wp-content\/uploads\/sites\/5\/2025\/12\/eduardo_rivera_santamaria_conexion_global-688x366.jpeg\" class=\"attachment-csco-medium-uncropped size-csco-medium-uncropped wp-post-image\" alt=\"Eduardo Rivera Santamar\u00eda, CEO de Global Media Internacional Services. Autor de la columna Conexi\u00f3n Global\" srcset=\"https:\/\/grupohoymexico.com\/hidalgo\/wp-content\/uploads\/sites\/5\/2025\/12\/eduardo_rivera_santamaria_conexion_global-688x366.jpeg 688w, https:\/\/grupohoymexico.com\/hidalgo\/wp-content\/uploads\/sites\/5\/2025\/12\/eduardo_rivera_santamaria_conexion_global-300x159.jpeg 300w, https:\/\/grupohoymexico.com\/hidalgo\/wp-content\/uploads\/sites\/5\/2025\/12\/eduardo_rivera_santamaria_conexion_global-1024x544.jpeg 1024w, https:\/\/grupohoymexico.com\/hidalgo\/wp-content\/uploads\/sites\/5\/2025\/12\/eduardo_rivera_santamaria_conexion_global-768x408.jpeg 768w, https:\/\/grupohoymexico.com\/hidalgo\/wp-content\/uploads\/sites\/5\/2025\/12\/eduardo_rivera_santamaria_conexion_global-332x176.jpeg 332w, https:\/\/grupohoymexico.com\/hidalgo\/wp-content\/uploads\/sites\/5\/2025\/12\/eduardo_rivera_santamaria_conexion_global-664x353.jpeg 664w, https:\/\/grupohoymexico.com\/hidalgo\/wp-content\/uploads\/sites\/5\/2025\/12\/eduardo_rivera_santamaria_conexion_global-1044x555.jpeg 1044w, https:\/\/grupohoymexico.com\/hidalgo\/wp-content\/uploads\/sites\/5\/2025\/12\/eduardo_rivera_santamaria_conexion_global.jpeg 1280w\" sizes=\"(max-width: 688px) 100vw, 688px\" \/>\t\t\t\t<\/div>\r\n\r\n\t\t\t\t\r\n\t\t\t\t\r\n\t\t\t\t<a href=\"https:\/\/grupohoymexico.com\/hidalgo\/columnas\/la-politica-mexicana-ya-habla-como-chatgpt\/\" class=\"cs-overlay-link\" title=\"La pol\u00edtica mexicana ya habla como ChatGPT\"><\/a>\r\n\t\t\t<\/div>\r\n\t\t\r\n\t\t<div class=\"cs-entry__inner cs-entry__content cs-entry__content-horizontal\">\r\n\t\t\t<div class=\"cs-entry__post-meta\" ><div class=\"cs-meta-category\"><ul class=\"post-categories\">\n\t<li><a href=\"https:\/\/grupohoymexico.com\/hidalgo\/category\/columnas\/\" rel=\"category tag\">Columnas<\/a><\/li>\n\t<li><a href=\"https:\/\/grupohoymexico.com\/hidalgo\/category\/columnas\/conexion-global\/\" rel=\"category tag\">Conexi\u00f3n Global<\/a><\/li><\/ul><\/div><\/div>\r\n\t\t\t<h2 class=\"cs-entry__title\"><a href=\"https:\/\/grupohoymexico.com\/hidalgo\/columnas\/la-politica-mexicana-ya-habla-como-chatgpt\/\">La pol\u00edtica mexicana ya habla como ChatGPT<\/a><\/h2>\r\n\t\t\t\r\n\t\t\t<div class=\"cs-entry__post-meta\" ><div class=\"cs-meta-author\"><span class=\"cs-meta-author-by\">por<\/span><a class=\"cs-meta-author-link url fn n\" href=\"https:\/\/grupohoymexico.com\/hidalgo\/author\/eduardor\/\"><span class=\"cs-meta-author-name\">Eduardo Rivera S<\/span><\/a><\/div><\/div>\t\t<\/div>\r\n\t<\/div>\r\n<\/article>\r\n\r\n<article class=\"post-15589 post type-post status-publish format-standard has-post-thumbnail category-columnas category-conexion-global tag-conexion-global tag-cuba tag-jose-luis-rodriguez-zapatero tag-morena tag-politica tag-venezuela cs-entry cs-video-wrap\">\r\n\t<div class=\"cs-entry__outer cs-entry__outer-small cs-entry__outer-thumbnail-left\">\r\n\t\t\t\t\t<div class=\"cs-entry__inner cs-entry__overlay cs-entry__thumbnail cs-overlay-ratio cs-ratio-square\">\r\n\r\n\t\t\t\t<div class=\"cs-overlay-background\">\r\n\t\t\t\t\t<img loading=\"lazy\" decoding=\"async\" width=\"332\" height=\"176\" src=\"https:\/\/grupohoymexico.com\/hidalgo\/wp-content\/uploads\/sites\/5\/2025\/12\/eduardo_rivera_santamaria_conexion_global-332x176.jpeg\" class=\"attachment-csco-thumbnail-uncropped size-csco-thumbnail-uncropped wp-post-image\" alt=\"Eduardo Rivera Santamar\u00eda, CEO de Global Media Internacional Services. Autor de la columna Conexi\u00f3n Global\" srcset=\"https:\/\/grupohoymexico.com\/hidalgo\/wp-content\/uploads\/sites\/5\/2025\/12\/eduardo_rivera_santamaria_conexion_global-332x176.jpeg 332w, https:\/\/grupohoymexico.com\/hidalgo\/wp-content\/uploads\/sites\/5\/2025\/12\/eduardo_rivera_santamaria_conexion_global-300x159.jpeg 300w, https:\/\/grupohoymexico.com\/hidalgo\/wp-content\/uploads\/sites\/5\/2025\/12\/eduardo_rivera_santamaria_conexion_global-1024x544.jpeg 1024w, https:\/\/grupohoymexico.com\/hidalgo\/wp-content\/uploads\/sites\/5\/2025\/12\/eduardo_rivera_santamaria_conexion_global-768x408.jpeg 768w, https:\/\/grupohoymexico.com\/hidalgo\/wp-content\/uploads\/sites\/5\/2025\/12\/eduardo_rivera_santamaria_conexion_global-664x353.jpeg 664w, https:\/\/grupohoymexico.com\/hidalgo\/wp-content\/uploads\/sites\/5\/2025\/12\/eduardo_rivera_santamaria_conexion_global-688x366.jpeg 688w, https:\/\/grupohoymexico.com\/hidalgo\/wp-content\/uploads\/sites\/5\/2025\/12\/eduardo_rivera_santamaria_conexion_global-1044x555.jpeg 1044w, https:\/\/grupohoymexico.com\/hidalgo\/wp-content\/uploads\/sites\/5\/2025\/12\/eduardo_rivera_santamaria_conexion_global.jpeg 1280w\" sizes=\"(max-width: 332px) 100vw, 332px\" \/>\t\t\t\t\t<img loading=\"lazy\" decoding=\"async\" width=\"688\" height=\"366\" src=\"https:\/\/grupohoymexico.com\/hidalgo\/wp-content\/uploads\/sites\/5\/2025\/12\/eduardo_rivera_santamaria_conexion_global-688x366.jpeg\" class=\"attachment-csco-medium-uncropped size-csco-medium-uncropped wp-post-image\" alt=\"Eduardo Rivera Santamar\u00eda, CEO de Global Media Internacional Services. Autor de la columna Conexi\u00f3n Global\" srcset=\"https:\/\/grupohoymexico.com\/hidalgo\/wp-content\/uploads\/sites\/5\/2025\/12\/eduardo_rivera_santamaria_conexion_global-688x366.jpeg 688w, https:\/\/grupohoymexico.com\/hidalgo\/wp-content\/uploads\/sites\/5\/2025\/12\/eduardo_rivera_santamaria_conexion_global-300x159.jpeg 300w, https:\/\/grupohoymexico.com\/hidalgo\/wp-content\/uploads\/sites\/5\/2025\/12\/eduardo_rivera_santamaria_conexion_global-1024x544.jpeg 1024w, https:\/\/grupohoymexico.com\/hidalgo\/wp-content\/uploads\/sites\/5\/2025\/12\/eduardo_rivera_santamaria_conexion_global-768x408.jpeg 768w, https:\/\/grupohoymexico.com\/hidalgo\/wp-content\/uploads\/sites\/5\/2025\/12\/eduardo_rivera_santamaria_conexion_global-332x176.jpeg 332w, https:\/\/grupohoymexico.com\/hidalgo\/wp-content\/uploads\/sites\/5\/2025\/12\/eduardo_rivera_santamaria_conexion_global-664x353.jpeg 664w, https:\/\/grupohoymexico.com\/hidalgo\/wp-content\/uploads\/sites\/5\/2025\/12\/eduardo_rivera_santamaria_conexion_global-1044x555.jpeg 1044w, https:\/\/grupohoymexico.com\/hidalgo\/wp-content\/uploads\/sites\/5\/2025\/12\/eduardo_rivera_santamaria_conexion_global.jpeg 1280w\" sizes=\"(max-width: 688px) 100vw, 688px\" \/>\t\t\t\t<\/div>\r\n\r\n\t\t\t\t\r\n\t\t\t\t\r\n\t\t\t\t<a href=\"https:\/\/grupohoymexico.com\/hidalgo\/columnas\/la-caida-de-zapatero-y-el-costo-politico-para-morena\/\" class=\"cs-overlay-link\" title=\"La ca\u00edda de Zapatero y el costo pol\u00edtico para Morena\"><\/a>\r\n\t\t\t<\/div>\r\n\t\t\r\n\t\t<div class=\"cs-entry__inner cs-entry__content cs-entry__content-horizontal\">\r\n\t\t\t<div class=\"cs-entry__post-meta\" ><div class=\"cs-meta-category\"><ul class=\"post-categories\">\n\t<li><a href=\"https:\/\/grupohoymexico.com\/hidalgo\/category\/columnas\/\" rel=\"category tag\">Columnas<\/a><\/li>\n\t<li><a href=\"https:\/\/grupohoymexico.com\/hidalgo\/category\/columnas\/conexion-global\/\" rel=\"category tag\">Conexi\u00f3n Global<\/a><\/li><\/ul><\/div><\/div>\r\n\t\t\t<h2 class=\"cs-entry__title\"><a href=\"https:\/\/grupohoymexico.com\/hidalgo\/columnas\/la-caida-de-zapatero-y-el-costo-politico-para-morena\/\">La ca\u00edda de Zapatero y el costo pol\u00edtico para Morena<\/a><\/h2>\r\n\t\t\t\r\n\t\t\t<div class=\"cs-entry__post-meta\" ><div class=\"cs-meta-author\"><span class=\"cs-meta-author-by\">por<\/span><a class=\"cs-meta-author-link url fn n\" href=\"https:\/\/grupohoymexico.com\/hidalgo\/author\/eduardor\/\"><span class=\"cs-meta-author-name\">Eduardo Rivera S<\/span><\/a><\/div><\/div>\t\t<\/div>\r\n\t<\/div>\r\n<\/article>\r\n\r\n<article class=\"post-15573 post type-post status-publish format-standard has-post-thumbnail category-agenda-de-negocios category-columnas tag-agenda-de-negocios tag-credito tag-mexico tag-prosperidad tag-seguridad tag-tijuana tag-tramites cs-entry cs-video-wrap\">\r\n\t<div class=\"cs-entry__outer cs-entry__outer-small cs-entry__outer-thumbnail-left\">\r\n\t\t\t\t\t<div class=\"cs-entry__inner cs-entry__overlay cs-entry__thumbnail cs-overlay-ratio cs-ratio-square\">\r\n\r\n\t\t\t\t<div class=\"cs-overlay-background\">\r\n\t\t\t\t\t<img loading=\"lazy\" decoding=\"async\" width=\"332\" height=\"171\" src=\"https:\/\/grupohoymexico.com\/hidalgo\/wp-content\/uploads\/sites\/5\/2025\/08\/WhatsApp-Image-2025-08-27-at-1.48.03-PM-332x171.jpeg\" class=\"attachment-csco-thumbnail-uncropped size-csco-thumbnail-uncropped wp-post-image\" alt=\"Agenda de Negocios\" srcset=\"https:\/\/grupohoymexico.com\/hidalgo\/wp-content\/uploads\/sites\/5\/2025\/08\/WhatsApp-Image-2025-08-27-at-1.48.03-PM-332x171.jpeg 332w, https:\/\/grupohoymexico.com\/hidalgo\/wp-content\/uploads\/sites\/5\/2025\/08\/WhatsApp-Image-2025-08-27-at-1.48.03-PM-300x155.jpeg 300w, https:\/\/grupohoymexico.com\/hidalgo\/wp-content\/uploads\/sites\/5\/2025\/08\/WhatsApp-Image-2025-08-27-at-1.48.03-PM-1024x529.jpeg 1024w, https:\/\/grupohoymexico.com\/hidalgo\/wp-content\/uploads\/sites\/5\/2025\/08\/WhatsApp-Image-2025-08-27-at-1.48.03-PM-768x396.jpeg 768w, https:\/\/grupohoymexico.com\/hidalgo\/wp-content\/uploads\/sites\/5\/2025\/08\/WhatsApp-Image-2025-08-27-at-1.48.03-PM-664x343.jpeg 664w, https:\/\/grupohoymexico.com\/hidalgo\/wp-content\/uploads\/sites\/5\/2025\/08\/WhatsApp-Image-2025-08-27-at-1.48.03-PM-688x355.jpeg 688w, https:\/\/grupohoymexico.com\/hidalgo\/wp-content\/uploads\/sites\/5\/2025\/08\/WhatsApp-Image-2025-08-27-at-1.48.03-PM-1044x539.jpeg 1044w, https:\/\/grupohoymexico.com\/hidalgo\/wp-content\/uploads\/sites\/5\/2025\/08\/WhatsApp-Image-2025-08-27-at-1.48.03-PM.jpeg 1209w\" sizes=\"(max-width: 332px) 100vw, 332px\" \/>\t\t\t\t\t<img loading=\"lazy\" decoding=\"async\" width=\"688\" height=\"355\" src=\"https:\/\/grupohoymexico.com\/hidalgo\/wp-content\/uploads\/sites\/5\/2025\/08\/WhatsApp-Image-2025-08-27-at-1.48.03-PM-688x355.jpeg\" class=\"attachment-csco-medium-uncropped size-csco-medium-uncropped wp-post-image\" alt=\"Agenda de Negocios\" srcset=\"https:\/\/grupohoymexico.com\/hidalgo\/wp-content\/uploads\/sites\/5\/2025\/08\/WhatsApp-Image-2025-08-27-at-1.48.03-PM-688x355.jpeg 688w, https:\/\/grupohoymexico.com\/hidalgo\/wp-content\/uploads\/sites\/5\/2025\/08\/WhatsApp-Image-2025-08-27-at-1.48.03-PM-300x155.jpeg 300w, https:\/\/grupohoymexico.com\/hidalgo\/wp-content\/uploads\/sites\/5\/2025\/08\/WhatsApp-Image-2025-08-27-at-1.48.03-PM-1024x529.jpeg 1024w, https:\/\/grupohoymexico.com\/hidalgo\/wp-content\/uploads\/sites\/5\/2025\/08\/WhatsApp-Image-2025-08-27-at-1.48.03-PM-768x396.jpeg 768w, https:\/\/grupohoymexico.com\/hidalgo\/wp-content\/uploads\/sites\/5\/2025\/08\/WhatsApp-Image-2025-08-27-at-1.48.03-PM-332x171.jpeg 332w, https:\/\/grupohoymexico.com\/hidalgo\/wp-content\/uploads\/sites\/5\/2025\/08\/WhatsApp-Image-2025-08-27-at-1.48.03-PM-664x343.jpeg 664w, https:\/\/grupohoymexico.com\/hidalgo\/wp-content\/uploads\/sites\/5\/2025\/08\/WhatsApp-Image-2025-08-27-at-1.48.03-PM-1044x539.jpeg 1044w, https:\/\/grupohoymexico.com\/hidalgo\/wp-content\/uploads\/sites\/5\/2025\/08\/WhatsApp-Image-2025-08-27-at-1.48.03-PM.jpeg 1209w\" sizes=\"(max-width: 688px) 100vw, 688px\" \/>\t\t\t\t<\/div>\r\n\r\n\t\t\t\t\r\n\t\t\t\t\r\n\t\t\t\t<a href=\"https:\/\/grupohoymexico.com\/hidalgo\/columnas\/mexico-necesita-trabajar-sin-miedo-seguridad-credito-y-menos-tramites\/\" class=\"cs-overlay-link\" title=\"M\u00e9xico necesita trabajar sin miedo: seguridad, cr\u00e9dito y menos tr\u00e1mites\"><\/a>\r\n\t\t\t<\/div>\r\n\t\t\r\n\t\t<div class=\"cs-entry__inner cs-entry__content cs-entry__content-horizontal\">\r\n\t\t\t<div class=\"cs-entry__post-meta\" ><div class=\"cs-meta-category\"><ul class=\"post-categories\">\n\t<li><a href=\"https:\/\/grupohoymexico.com\/hidalgo\/category\/columnas\/agenda-de-negocios\/\" rel=\"category tag\">Agenda de Negocios<\/a><\/li>\n\t<li><a href=\"https:\/\/grupohoymexico.com\/hidalgo\/category\/columnas\/\" rel=\"category tag\">Columnas<\/a><\/li><\/ul><\/div><\/div>\r\n\t\t\t<h2 class=\"cs-entry__title\"><a href=\"https:\/\/grupohoymexico.com\/hidalgo\/columnas\/mexico-necesita-trabajar-sin-miedo-seguridad-credito-y-menos-tramites\/\">M\u00e9xico necesita trabajar sin miedo: seguridad, cr\u00e9dito y menos tr\u00e1mites<\/a><\/h2>\r\n\t\t\t\r\n\t\t\t<div class=\"cs-entry__post-meta\" ><div class=\"cs-meta-author\"><span class=\"cs-meta-author-by\">por<\/span><a class=\"cs-meta-author-link url fn n\" href=\"https:\/\/grupohoymexico.com\/hidalgo\/author\/octavio\/\"><span class=\"cs-meta-author-name\">octavio<\/span><\/a><\/div><\/div>\t\t<\/div>\r\n\t<\/div>\r\n<\/article>\r\n\r\n<article class=\"post-15521 post type-post status-publish format-standard has-post-thumbnail category-agenda-de-negocios category-columnas tag-canada tag-comercio tag-estados-unidos tag-mexico tag-norteamerica tag-t-mec-2026 cs-entry cs-video-wrap\">\r\n\t<div class=\"cs-entry__outer cs-entry__outer-small cs-entry__outer-thumbnail-left\">\r\n\t\t\t\t\t<div class=\"cs-entry__inner cs-entry__overlay cs-entry__thumbnail cs-overlay-ratio cs-ratio-square\">\r\n\r\n\t\t\t\t<div class=\"cs-overlay-background\">\r\n\t\t\t\t\t<img loading=\"lazy\" decoding=\"async\" width=\"332\" height=\"171\" src=\"https:\/\/grupohoymexico.com\/hidalgo\/wp-content\/uploads\/sites\/5\/2025\/08\/WhatsApp-Image-2025-08-27-at-1.48.03-PM-332x171.jpeg\" class=\"attachment-csco-thumbnail-uncropped size-csco-thumbnail-uncropped wp-post-image\" alt=\"Agenda de Negocios\" srcset=\"https:\/\/grupohoymexico.com\/hidalgo\/wp-content\/uploads\/sites\/5\/2025\/08\/WhatsApp-Image-2025-08-27-at-1.48.03-PM-332x171.jpeg 332w, https:\/\/grupohoymexico.com\/hidalgo\/wp-content\/uploads\/sites\/5\/2025\/08\/WhatsApp-Image-2025-08-27-at-1.48.03-PM-300x155.jpeg 300w, https:\/\/grupohoymexico.com\/hidalgo\/wp-content\/uploads\/sites\/5\/2025\/08\/WhatsApp-Image-2025-08-27-at-1.48.03-PM-1024x529.jpeg 1024w, https:\/\/grupohoymexico.com\/hidalgo\/wp-content\/uploads\/sites\/5\/2025\/08\/WhatsApp-Image-2025-08-27-at-1.48.03-PM-768x396.jpeg 768w, https:\/\/grupohoymexico.com\/hidalgo\/wp-content\/uploads\/sites\/5\/2025\/08\/WhatsApp-Image-2025-08-27-at-1.48.03-PM-664x343.jpeg 664w, https:\/\/grupohoymexico.com\/hidalgo\/wp-content\/uploads\/sites\/5\/2025\/08\/WhatsApp-Image-2025-08-27-at-1.48.03-PM-688x355.jpeg 688w, https:\/\/grupohoymexico.com\/hidalgo\/wp-content\/uploads\/sites\/5\/2025\/08\/WhatsApp-Image-2025-08-27-at-1.48.03-PM-1044x539.jpeg 1044w, https:\/\/grupohoymexico.com\/hidalgo\/wp-content\/uploads\/sites\/5\/2025\/08\/WhatsApp-Image-2025-08-27-at-1.48.03-PM.jpeg 1209w\" sizes=\"(max-width: 332px) 100vw, 332px\" \/>\t\t\t\t\t<img loading=\"lazy\" decoding=\"async\" width=\"688\" height=\"355\" src=\"https:\/\/grupohoymexico.com\/hidalgo\/wp-content\/uploads\/sites\/5\/2025\/08\/WhatsApp-Image-2025-08-27-at-1.48.03-PM-688x355.jpeg\" class=\"attachment-csco-medium-uncropped size-csco-medium-uncropped wp-post-image\" alt=\"Agenda de Negocios\" srcset=\"https:\/\/grupohoymexico.com\/hidalgo\/wp-content\/uploads\/sites\/5\/2025\/08\/WhatsApp-Image-2025-08-27-at-1.48.03-PM-688x355.jpeg 688w, https:\/\/grupohoymexico.com\/hidalgo\/wp-content\/uploads\/sites\/5\/2025\/08\/WhatsApp-Image-2025-08-27-at-1.48.03-PM-300x155.jpeg 300w, https:\/\/grupohoymexico.com\/hidalgo\/wp-content\/uploads\/sites\/5\/2025\/08\/WhatsApp-Image-2025-08-27-at-1.48.03-PM-1024x529.jpeg 1024w, https:\/\/grupohoymexico.com\/hidalgo\/wp-content\/uploads\/sites\/5\/2025\/08\/WhatsApp-Image-2025-08-27-at-1.48.03-PM-768x396.jpeg 768w, https:\/\/grupohoymexico.com\/hidalgo\/wp-content\/uploads\/sites\/5\/2025\/08\/WhatsApp-Image-2025-08-27-at-1.48.03-PM-332x171.jpeg 332w, https:\/\/grupohoymexico.com\/hidalgo\/wp-content\/uploads\/sites\/5\/2025\/08\/WhatsApp-Image-2025-08-27-at-1.48.03-PM-664x343.jpeg 664w, https:\/\/grupohoymexico.com\/hidalgo\/wp-content\/uploads\/sites\/5\/2025\/08\/WhatsApp-Image-2025-08-27-at-1.48.03-PM-1044x539.jpeg 1044w, https:\/\/grupohoymexico.com\/hidalgo\/wp-content\/uploads\/sites\/5\/2025\/08\/WhatsApp-Image-2025-08-27-at-1.48.03-PM.jpeg 1209w\" sizes=\"(max-width: 688px) 100vw, 688px\" \/>\t\t\t\t<\/div>\r\n\r\n\t\t\t\t\r\n\t\t\t\t\r\n\t\t\t\t<a href=\"https:\/\/grupohoymexico.com\/hidalgo\/columnas\/t-mec-2026-cuando-la-revision-tambien-es-presion\/\" class=\"cs-overlay-link\" title=\"T-MEC 2026: cuando la revisi\u00f3n tambi\u00e9n es presi\u00f3n\"><\/a>\r\n\t\t\t<\/div>\r\n\t\t\r\n\t\t<div class=\"cs-entry__inner cs-entry__content cs-entry__content-horizontal\">\r\n\t\t\t<div class=\"cs-entry__post-meta\" ><div class=\"cs-meta-category\"><ul class=\"post-categories\">\n\t<li><a href=\"https:\/\/grupohoymexico.com\/hidalgo\/category\/columnas\/agenda-de-negocios\/\" rel=\"category tag\">Agenda de Negocios<\/a><\/li>\n\t<li><a href=\"https:\/\/grupohoymexico.com\/hidalgo\/category\/columnas\/\" rel=\"category tag\">Columnas<\/a><\/li><\/ul><\/div><\/div>\r\n\t\t\t<h2 class=\"cs-entry__title\"><a href=\"https:\/\/grupohoymexico.com\/hidalgo\/columnas\/t-mec-2026-cuando-la-revision-tambien-es-presion\/\">T-MEC 2026: cuando la revisi\u00f3n tambi\u00e9n es presi\u00f3n<\/a><\/h2>\r\n\t\t\t\r\n\t\t\t<div class=\"cs-entry__post-meta\" ><div class=\"cs-meta-author\"><span class=\"cs-meta-author-by\">por<\/span><a class=\"cs-meta-author-link url fn n\" href=\"https:\/\/grupohoymexico.com\/hidalgo\/author\/octavio\/\"><span class=\"cs-meta-author-name\">octavio<\/span><\/a><\/div><\/div>\t\t<\/div>\r\n\t<\/div>\r\n<\/article>\r\n\t\t\t\t\t\t\t\t<\/div>\r\n\t\t\t\t\t\t\t<\/div>\r\n\t\t\t\t\t\t<\/div>\r\n\t\t\t\t\t\t\t\t<\/section>\r\n\t\t\t\t\t\t<\/div>\n\t\t\t\t<\/div>\n\t\t\t\t<\/div>\n\t\t\t\t<\/div>\n\t\t\t\t<div class=\"elementor-element elementor-element-9cfe328 cs-dividerhorizontal cs-divider-tablethorizontal cs-divider-mobilehorizontal elementor-widget elementor-widget-cs-divider\" data-id=\"9cfe328\" data-element_type=\"widget\" data-e-type=\"widget\" data-widget_type=\"cs-divider.default\">\n\t\t\t\t<div class=\"elementor-widget-container\">\n\t\t\t\t\t\t\t<section class=\"cs-divider cs-divider-horizontal\"><\/section>\r\n\t\t\t\t\t\t<\/div>\n\t\t\t\t<\/div>\n\t\t\t\t\t<\/div>\n\t\t\t\t<\/div>\n\t\t<div class=\"elementor-element elementor-element-3395b36 e-flex e-con-boxed e-con e-parent\" data-id=\"3395b36\" data-element_type=\"container\" data-e-type=\"container\">\n\t\t\t\t\t<div class=\"e-con-inner\">\n\t\t\t\t<div class=\"elementor-element elementor-element-10c9197 elementor-widget elementor-widget-cs-heading\" data-id=\"10c9197\" data-element_type=\"widget\" data-e-type=\"widget\" data-widget_type=\"cs-heading.default\">\n\t\t\t\t<div class=\"elementor-widget-container\">\n\t\t\t\t\t\t\t\t\t\t<section class=\"cs-heading\">\r\n\t\t\t\t<div class=\"cs-heading__container \">\r\n\t\t\t\t\t<h2 class=\"cs-heading__content\">\r\n\t\t\t\t\t\tLo m\u00e1s le\u00eddo\t\t\t\t\t<\/h2>\r\n\r\n\t\t\t\t\t\t\t\t\t<\/div>\r\n\t\t\t<\/section>\r\n\t\t\t\t\t\t\t\t<\/div>\n\t\t\t\t<\/div>\n\t\t\t\t<div class=\"elementor-element elementor-element-dfe85ba elementor-widget elementor-widget-cs-posts\" data-id=\"dfe85ba\" data-element_type=\"widget\" data-e-type=\"widget\" data-widget_type=\"cs-posts.default\">\n\t\t\t\t<div class=\"elementor-widget-container\">\n\t\t\t\t\t\t\t\t<section class=\"cs-posts cs-posts__numbered\">\r\n\t\t\t\t\t\t\t\t\t\t<div class=\"cs-posts-area cs-posts-area-elementor \" data-posts-area=\"\">\r\n\t\t\t\t\t\t\t<div class=\"cs-posts-area__outer\">\r\n\t\t\t\t\t\t\t\t<div\r\n\t\t\t\t\t\t\t\tclass=\"cs-posts-area__main cs-posts-area__main-divider\"\r\n\t\t\t\t\t\t\t\tdata-pc=\"2\"\r\n\t\t\t\t\t\t\t\tdata-lt=\"2\"\r\n\t\t\t\t\t\t\t\tdata-tb=\"2\"\r\n\t\t\t\t\t\t\t\tdata-mb=\"1\"\r\n\t\t\t\t\t\t\t\t>\r\n\t\t\t\t\t\t\t\t\t\r\n\r\n<article class=\"post-16642 post type-post status-publish format-standard has-post-thumbnail category-hidalgo tag-adultos-mayores tag-centros-gerontologicos tag-cgi tag-hidalgo tag-pachuca cs-entry cs-video-wrap\">\r\n\t<div class=\"cs-entry__outer cs-entry__outer-accent\">\r\n\r\n\t\t\r\n\t\t<div class=\"cs-entry__inner cs-entry__content-wrapper\">\r\n\t\t\t<div class=\"cs-entry__content\">\r\n\r\n\t\t\t\t<div class=\"cs-entry__post-meta\" ><div class=\"cs-meta-category\"><ul class=\"post-categories\">\n\t<li><a href=\"https:\/\/grupohoymexico.com\/hidalgo\/category\/hidalgo\/\" rel=\"category tag\">Hidalgo<\/a><\/li><\/ul><\/div><\/div>\r\n\t\t\t\t<h2 class=\"cs-entry__title\"><a href=\"https:\/\/grupohoymexico.com\/hidalgo\/hidalgo\/centros-gerontologicos-integrales-en-hidalgo-requisitos-servicios-y-quienes-pueden-acudir\/\">Centros Gerontol\u00f3gicos Integrales en Hidalgo: requisitos, servicios y qui\u00e9nes pueden acudir<\/a><\/h2>\r\n\t\t\t\t\r\n\t\t\t\t<div class=\"cs-entry__post-meta\" ><div class=\"cs-meta-author\"><span class=\"cs-meta-author-by\">por<\/span><a class=\"cs-meta-author-link url fn n\" href=\"https:\/\/grupohoymexico.com\/hidalgo\/author\/jair\/\"><span class=\"cs-meta-author-name\">jair<\/span><\/a><\/div><\/div>\t\t\t<\/div>\r\n\t\t<\/div>\r\n\r\n\t<\/div>\r\n<\/article>\r\n\r\n\r\n<article class=\"post-16639 post type-post status-publish format-standard has-post-thumbnail category-hidalgo tag-cuotas-escolares tag-derechos tag-educacion tag-estudiantes tag-hidalgo tag-seph cs-entry cs-video-wrap\">\r\n\t<div class=\"cs-entry__outer cs-entry__outer-accent\">\r\n\r\n\t\t\r\n\t\t<div class=\"cs-entry__inner cs-entry__content-wrapper\">\r\n\t\t\t<div class=\"cs-entry__content\">\r\n\r\n\t\t\t\t<div class=\"cs-entry__post-meta\" ><div class=\"cs-meta-category\"><ul class=\"post-categories\">\n\t<li><a href=\"https:\/\/grupohoymexico.com\/hidalgo\/category\/hidalgo\/\" rel=\"category tag\">Hidalgo<\/a><\/li><\/ul><\/div><\/div>\r\n\t\t\t\t<h2 class=\"cs-entry__title\"><a href=\"https:\/\/grupohoymexico.com\/hidalgo\/hidalgo\/cuotas-escolares-en-hidalgo-son-voluntarias-seph-pide-evitar-sanciones-a-estudiantes\/\">\u00bfCuotas escolares en Hidalgo son voluntarias? SEPH pide evitar sanciones a estudiantes<\/a><\/h2>\r\n\t\t\t\t\r\n\t\t\t\t<div class=\"cs-entry__post-meta\" ><div class=\"cs-meta-author\"><span class=\"cs-meta-author-by\">por<\/span><a class=\"cs-meta-author-link url fn n\" href=\"https:\/\/grupohoymexico.com\/hidalgo\/author\/jair\/\"><span class=\"cs-meta-author-name\">jair<\/span><\/a><\/div><\/div>\t\t\t<\/div>\r\n\t\t<\/div>\r\n\r\n\t<\/div>\r\n<\/article>\r\n\r\n\r\n<article class=\"post-16632 post type-post status-publish format-standard has-post-thumbnail category-hidalgo tag-bachillerato tag-educacion tag-examen-de-admision tag-hidalgo tag-media-superior tag-preparatorias cs-entry cs-video-wrap\">\r\n\t<div class=\"cs-entry__outer cs-entry__outer-accent\">\r\n\r\n\t\t\r\n\t\t<div class=\"cs-entry__inner cs-entry__content-wrapper\">\r\n\t\t\t<div class=\"cs-entry__content\">\r\n\r\n\t\t\t\t<div class=\"cs-entry__post-meta\" ><div class=\"cs-meta-category\"><ul class=\"post-categories\">\n\t<li><a href=\"https:\/\/grupohoymexico.com\/hidalgo\/category\/hidalgo\/\" rel=\"category tag\">Hidalgo<\/a><\/li><\/ul><\/div><\/div>\r\n\t\t\t\t<h2 class=\"cs-entry__title\"><a href=\"https:\/\/grupohoymexico.com\/hidalgo\/hidalgo\/hidalgo-eliminara-examen-de-admision-para-preparatorias-en-2027-asi-funcionara-el-nuevo-ingreso\/\">Hidalgo eliminar\u00e1 examen de admisi\u00f3n para preparatorias en 2027: as\u00ed funcionar\u00e1 el nuevo ingreso<\/a><\/h2>\r\n\t\t\t\t\r\n\t\t\t\t<div class=\"cs-entry__post-meta\" ><div class=\"cs-meta-author\"><span class=\"cs-meta-author-by\">por<\/span><a class=\"cs-meta-author-link url fn n\" href=\"https:\/\/grupohoymexico.com\/hidalgo\/author\/jair\/\"><span class=\"cs-meta-author-name\">jair<\/span><\/a><\/div><\/div>\t\t\t<\/div>\r\n\t\t<\/div>\r\n\r\n\t<\/div>\r\n<\/article>\r\n\r\n\r\n<article class=\"post-16629 post type-post status-publish format-standard has-post-thumbnail category-hidalgo tag-carril-exclusivo tag-movilidad tag-pachuca tag-tuzobus tag-vialidades cs-entry cs-video-wrap\">\r\n\t<div class=\"cs-entry__outer cs-entry__outer-accent\">\r\n\r\n\t\t\r\n\t\t<div class=\"cs-entry__inner cs-entry__content-wrapper\">\r\n\t\t\t<div class=\"cs-entry__content\">\r\n\r\n\t\t\t\t<div class=\"cs-entry__post-meta\" ><div class=\"cs-meta-category\"><ul class=\"post-categories\">\n\t<li><a href=\"https:\/\/grupohoymexico.com\/hidalgo\/category\/hidalgo\/\" rel=\"category tag\">Hidalgo<\/a><\/li><\/ul><\/div><\/div>\r\n\t\t\t\t<h2 class=\"cs-entry__title\"><a href=\"https:\/\/grupohoymexico.com\/hidalgo\/hidalgo\/instalan-12-puntos-de-vigilancia-en-pachuca-para-evitar-invasiones-al-carril-del-tuzobus\/\">Instalan 12 puntos de vigilancia en Pachuca para evitar invasiones al carril del Tuzob\u00fas<\/a><\/h2>\r\n\t\t\t\t\r\n\t\t\t\t<div class=\"cs-entry__post-meta\" ><div class=\"cs-meta-author\"><span class=\"cs-meta-author-by\">por<\/span><a class=\"cs-meta-author-link url fn n\" href=\"https:\/\/grupohoymexico.com\/hidalgo\/author\/jair\/\"><span class=\"cs-meta-author-name\">jair<\/span><\/a><\/div><\/div>\t\t\t<\/div>\r\n\t\t<\/div>\r\n\r\n\t<\/div>\r\n<\/article>\r\n\r\n\r\n<article class=\"post-16626 post type-post status-publish format-standard has-post-thumbnail category-finanzas category-hidalgo tag-adultos-mayores tag-descuentos tag-hidalgo tag-inapam tag-servicios cs-entry cs-video-wrap\">\r\n\t<div class=\"cs-entry__outer cs-entry__outer-accent\">\r\n\r\n\t\t\r\n\t\t<div class=\"cs-entry__inner cs-entry__content-wrapper\">\r\n\t\t\t<div class=\"cs-entry__content\">\r\n\r\n\t\t\t\t<div class=\"cs-entry__post-meta\" ><div class=\"cs-meta-category\"><ul class=\"post-categories\">\n\t<li><a href=\"https:\/\/grupohoymexico.com\/hidalgo\/category\/finanzas\/\" rel=\"category tag\">Econom\u00eda<\/a><\/li>\n\t<li><a href=\"https:\/\/grupohoymexico.com\/hidalgo\/category\/hidalgo\/\" rel=\"category tag\">Hidalgo<\/a><\/li><\/ul><\/div><\/div>\r\n\t\t\t\t<h2 class=\"cs-entry__title\"><a href=\"https:\/\/grupohoymexico.com\/hidalgo\/hidalgo\/descuentos-inapam-en-hidalgo-estos-son-los-municipios-y-servicios-donde-puedes-tener-beneficios\/\">Descuentos INAPAM en Hidalgo: estos son los municipios y servicios donde puedes tener beneficios<\/a><\/h2>\r\n\t\t\t\t\r\n\t\t\t\t<div class=\"cs-entry__post-meta\" ><div class=\"cs-meta-author\"><span class=\"cs-meta-author-by\">por<\/span><a class=\"cs-meta-author-link url fn n\" href=\"https:\/\/grupohoymexico.com\/hidalgo\/author\/jair\/\"><span class=\"cs-meta-author-name\">jair<\/span><\/a><\/div><\/div>\t\t\t<\/div>\r\n\t\t<\/div>\r\n\r\n\t<\/div>\r\n<\/article>\r\n\r\n\r\n<article class=\"post-16623 post type-post status-publish format-standard has-post-thumbnail category-finanzas cs-entry cs-video-wrap\">\r\n\t<div class=\"cs-entry__outer cs-entry__outer-accent\">\r\n\r\n\t\t\r\n\t\t<div class=\"cs-entry__inner cs-entry__content-wrapper\">\r\n\t\t\t<div class=\"cs-entry__content\">\r\n\r\n\t\t\t\t<div class=\"cs-entry__post-meta\" ><div class=\"cs-meta-category\"><ul class=\"post-categories\">\n\t<li><a href=\"https:\/\/grupohoymexico.com\/hidalgo\/category\/finanzas\/\" rel=\"category tag\">Econom\u00eda<\/a><\/li><\/ul><\/div><\/div>\r\n\t\t\t\t<h2 class=\"cs-entry__title\"><a href=\"https:\/\/grupohoymexico.com\/hidalgo\/finanzas\/los-hijos-de-los-millonarios-no-quieren-vivir-de-la-herencia-estudian-de-todo-menos-dinero\/\">Los hijos de los millonarios no quieren vivir de la herencia: estudian de todo menos dinero<\/a><\/h2>\r\n\t\t\t\t\r\n\t\t\t\t<div class=\"cs-entry__post-meta\" ><div class=\"cs-meta-author\"><span class=\"cs-meta-author-by\">por<\/span><a class=\"cs-meta-author-link url fn n\" href=\"https:\/\/grupohoymexico.com\/hidalgo\/author\/user\/\"><span class=\"cs-meta-author-name\">Grupo Hoy<\/span><\/a><\/div><\/div>\t\t\t<\/div>\r\n\t\t<\/div>\r\n\r\n\t<\/div>\r\n<\/article>\r\n\r\n\r\n<article class=\"post-16592 post type-post status-publish format-standard has-post-thumbnail category-entretenamiento tag-tuzocon cs-entry cs-video-wrap\">\r\n\t<div class=\"cs-entry__outer cs-entry__outer-accent\">\r\n\r\n\t\t\r\n\t\t<div class=\"cs-entry__inner cs-entry__content-wrapper\">\r\n\t\t\t<div class=\"cs-entry__content\">\r\n\r\n\t\t\t\t<div class=\"cs-entry__post-meta\" ><div class=\"cs-meta-category\"><ul class=\"post-categories\">\n\t<li><a href=\"https:\/\/grupohoymexico.com\/hidalgo\/category\/entretenamiento\/\" rel=\"category tag\">Entretenimiento<\/a><\/li><\/ul><\/div><\/div>\r\n\t\t\t\t<h2 class=\"cs-entry__title\"><a href=\"https:\/\/grupohoymexico.com\/hidalgo\/entretenamiento\/tuzocon-pachuca-2026-fechas-invitados-y-concursos-que-tendra-el-evento\/\">Tuzoc\u00f3n Pachuca 2026: fechas, invitados y concursos que tendr\u00e1 el evento<\/a><\/h2>\r\n\t\t\t\t\r\n\t\t\t\t<div class=\"cs-entry__post-meta\" ><div class=\"cs-meta-author\"><span class=\"cs-meta-author-by\">por<\/span><a class=\"cs-meta-author-link url fn n\" href=\"https:\/\/grupohoymexico.com\/hidalgo\/author\/jair\/\"><span class=\"cs-meta-author-name\">jair<\/span><\/a><\/div><\/div>\t\t\t<\/div>\r\n\t\t<\/div>\r\n\r\n\t<\/div>\r\n<\/article>\r\n\r\n\r\n<article class=\"post-15302 post type-post status-publish format-standard has-post-thumbnail category-hidalgo tag-educacion tag-homeschooling tag-mexico cs-entry cs-video-wrap\">\r\n\t<div class=\"cs-entry__outer cs-entry__outer-accent\">\r\n\r\n\t\t\r\n\t\t<div class=\"cs-entry__inner cs-entry__content-wrapper\">\r\n\t\t\t<div class=\"cs-entry__content\">\r\n\r\n\t\t\t\t<div class=\"cs-entry__post-meta\" ><div class=\"cs-meta-category\"><ul class=\"post-categories\">\n\t<li><a href=\"https:\/\/grupohoymexico.com\/hidalgo\/category\/hidalgo\/\" rel=\"category tag\">Hidalgo<\/a><\/li><\/ul><\/div><\/div>\r\n\t\t\t\t<h2 class=\"cs-entry__title\"><a href=\"https:\/\/grupohoymexico.com\/hidalgo\/hidalgo\/homeschooling-en-mexico-crecio-2400-sin-regulacion\/\">Homeschooling en M\u00e9xico creci\u00f3 2,400% y la ley no dice nada al respecto<\/a><\/h2>\r\n\t\t\t\t\r\n\t\t\t\t<div class=\"cs-entry__post-meta\" ><div class=\"cs-meta-author\"><span class=\"cs-meta-author-by\">por<\/span><a class=\"cs-meta-author-link url fn n\" href=\"https:\/\/grupohoymexico.com\/hidalgo\/author\/redaccion\/\"><span class=\"cs-meta-author-name\">Redacci\u00f3n Grupo Hoy<\/span><\/a><\/div><\/div>\t\t\t<\/div>\r\n\t\t<\/div>\r\n\r\n\t<\/div>\r\n<\/article>\r\n\r\n\r\n<article class=\"post-16593 post type-post status-publish format-standard has-post-thumbnail category-hidalgo tag-derrumbes tag-hidalgo tag-pachuca tag-proteccion-civil cs-entry cs-video-wrap\">\r\n\t<div class=\"cs-entry__outer cs-entry__outer-accent\">\r\n\r\n\t\t\r\n\t\t<div class=\"cs-entry__inner cs-entry__content-wrapper\">\r\n\t\t\t<div class=\"cs-entry__content\">\r\n\r\n\t\t\t\t<div class=\"cs-entry__post-meta\" ><div class=\"cs-meta-category\"><ul class=\"post-categories\">\n\t<li><a href=\"https:\/\/grupohoymexico.com\/hidalgo\/category\/hidalgo\/\" rel=\"category tag\">Hidalgo<\/a><\/li><\/ul><\/div><\/div>\r\n\t\t\t\t<h2 class=\"cs-entry__title\"><a href=\"https:\/\/grupohoymexico.com\/hidalgo\/hidalgo\/zonas-de-riesgo-por-derrumbes-en-pachuca\/\">10 zonas de riesgo por derrumbes en Pachuca: \u00bftu colonia est\u00e1 en la lista?<\/a><\/h2>\r\n\t\t\t\t\r\n\t\t\t\t<div class=\"cs-entry__post-meta\" ><div class=\"cs-meta-author\"><span class=\"cs-meta-author-by\">por<\/span><a class=\"cs-meta-author-link url fn n\" href=\"https:\/\/grupohoymexico.com\/hidalgo\/author\/user\/\"><span class=\"cs-meta-author-name\">Grupo Hoy<\/span><\/a><\/div><\/div>\t\t\t<\/div>\r\n\t\t<\/div>\r\n\r\n\t<\/div>\r\n<\/article>\r\n\r\n\r\n<article class=\"post-16578 post type-post status-publish format-standard has-post-thumbnail category-finanzas category-hidalgo cs-entry cs-video-wrap\">\r\n\t<div class=\"cs-entry__outer cs-entry__outer-accent\">\r\n\r\n\t\t\r\n\t\t<div class=\"cs-entry__inner cs-entry__content-wrapper\">\r\n\t\t\t<div class=\"cs-entry__content\">\r\n\r\n\t\t\t\t<div class=\"cs-entry__post-meta\" ><div class=\"cs-meta-category\"><ul class=\"post-categories\">\n\t<li><a href=\"https:\/\/grupohoymexico.com\/hidalgo\/category\/finanzas\/\" rel=\"category tag\">Econom\u00eda<\/a><\/li>\n\t<li><a href=\"https:\/\/grupohoymexico.com\/hidalgo\/category\/hidalgo\/\" rel=\"category tag\">Hidalgo<\/a><\/li><\/ul><\/div><\/div>\r\n\t\t\t\t<h2 class=\"cs-entry__title\"><a href=\"https:\/\/grupohoymexico.com\/hidalgo\/finanzas\/produccion-bienestar-septiembre-2026\/\">Producci\u00f3n para el Bienestar: el dep\u00f3sito de hasta $24,000 llega el 7 de septiembre<\/a><\/h2>\r\n\t\t\t\t\r\n\t\t\t\t<div class=\"cs-entry__post-meta\" ><div class=\"cs-meta-author\"><span class=\"cs-meta-author-by\">por<\/span><a class=\"cs-meta-author-link url fn n\" href=\"https:\/\/grupohoymexico.com\/hidalgo\/author\/user\/\"><span class=\"cs-meta-author-name\">Grupo Hoy<\/span><\/a><\/div><\/div>\t\t\t<\/div>\r\n\t\t<\/div>\r\n\r\n\t<\/div>\r\n<\/article>\r\n\t\t\t\t\t\t\t\t<\/div>\r\n\t\t\t\t\t\t\t<\/div>\r\n\t\t\t\t\t\t<\/div>\r\n\t\t\t\t\t\t\t\t<\/section>\r\n\t\t\t\t\t\t<\/div>\n\t\t\t\t<\/div>\n\t\t\t\t<div class=\"elementor-element elementor-element-c6cdd40 cs-dividerhorizontal cs-divider-tablethorizontal cs-divider-mobilehorizontal elementor-widget elementor-widget-cs-divider\" data-id=\"c6cdd40\" data-element_type=\"widget\" data-e-type=\"widget\" data-widget_type=\"cs-divider.default\">\n\t\t\t\t<div class=\"elementor-widget-container\">\n\t\t\t\t\t\t\t<section class=\"cs-divider cs-divider-horizontal\"><\/section>\r\n\t\t\t\t\t\t<\/div>\n\t\t\t\t<\/div>\n\t\t\t\t\t<\/div>\n\t\t\t\t<\/div>\n\t\t<div class=\"elementor-element elementor-element-c28f187 e-flex e-con-boxed e-con e-parent\" data-id=\"c28f187\" data-element_type=\"container\" data-e-type=\"container\">\n\t\t\t\t\t<div class=\"e-con-inner\">\n\t\t\t\t<div class=\"elementor-element elementor-element-5181142 elementor-widget elementor-widget-image\" data-id=\"5181142\" data-element_type=\"widget\" data-e-type=\"widget\" data-widget_type=\"image.default\">\n\t\t\t\t<div class=\"elementor-widget-container\">\n\t\t\t\t\t\t\t\t\t\t\t\t\t\t\t\t<a href=\"https:\/\/sociallisteningunicornio.com\/\">\n\t\t\t\t\t\t\t<img loading=\"lazy\" decoding=\"async\" width=\"1024\" height=\"161\" src=\"https:\/\/grupohoymexico.com\/hidalgo\/wp-content\/uploads\/sites\/5\/2026\/08\/banners_Mesa-de-trabajo-1.jpg-1-1024x161.jpeg\" class=\"attachment-large size-large wp-image-16663\" alt=\"\" srcset=\"https:\/\/grupohoymexico.com\/hidalgo\/wp-content\/uploads\/sites\/5\/2026\/08\/banners_Mesa-de-trabajo-1.jpg-1-1024x161.jpeg 1024w, https:\/\/grupohoymexico.com\/hidalgo\/wp-content\/uploads\/sites\/5\/2026\/08\/banners_Mesa-de-trabajo-1.jpg-1-300x47.jpeg 300w, https:\/\/grupohoymexico.com\/hidalgo\/wp-content\/uploads\/sites\/5\/2026\/08\/banners_Mesa-de-trabajo-1.jpg-1-768x121.jpeg 768w, https:\/\/grupohoymexico.com\/hidalgo\/wp-content\/uploads\/sites\/5\/2026\/08\/banners_Mesa-de-trabajo-1.jpg-1-1536x242.jpeg 1536w, https:\/\/grupohoymexico.com\/hidalgo\/wp-content\/uploads\/sites\/5\/2026\/08\/banners_Mesa-de-trabajo-1.jpg-1-2048x322.jpeg 2048w, https:\/\/grupohoymexico.com\/hidalgo\/wp-content\/uploads\/sites\/5\/2026\/08\/banners_Mesa-de-trabajo-1.jpg-1-332x52.jpeg 332w, https:\/\/grupohoymexico.com\/hidalgo\/wp-content\/uploads\/sites\/5\/2026\/08\/banners_Mesa-de-trabajo-1.jpg-1-664x105.jpeg 664w, https:\/\/grupohoymexico.com\/hidalgo\/wp-content\/uploads\/sites\/5\/2026\/08\/banners_Mesa-de-trabajo-1.jpg-1-688x108.jpeg 688w, https:\/\/grupohoymexico.com\/hidalgo\/wp-content\/uploads\/sites\/5\/2026\/08\/banners_Mesa-de-trabajo-1.jpg-1-1044x164.jpeg 1044w, https:\/\/grupohoymexico.com\/hidalgo\/wp-content\/uploads\/sites\/5\/2026\/08\/banners_Mesa-de-trabajo-1.jpg-1-1400x220.jpeg 1400w, https:\/\/grupohoymexico.com\/hidalgo\/wp-content\/uploads\/sites\/5\/2026\/08\/banners_Mesa-de-trabajo-1.jpg-1-1920x302.jpeg 1920w, https:\/\/grupohoymexico.com\/hidalgo\/wp-content\/uploads\/sites\/5\/2026\/08\/banners_Mesa-de-trabajo-1.jpg-1.jpeg 2560w\" sizes=\"(max-width: 1024px) 100vw, 1024px\" \/>\t\t\t\t\t\t\t\t<\/a>\n\t\t\t\t\t\t\t\t\t\t\t\t\t\t\t<\/div>\n\t\t\t\t<\/div>\n\t\t\t\t\t<\/div>\n\t\t\t\t<\/div>\n\t\t<div class=\"elementor-element elementor-element-9464e93 e-flex e-con-boxed e-con e-parent\" data-id=\"9464e93\" data-element_type=\"container\" data-e-type=\"container\">\n\t\t\t\t\t<div class=\"e-con-inner\">\n\t\t\t\t<div class=\"elementor-element elementor-element-2cf3025 elementor-widget elementor-widget-cs-heading\" data-id=\"2cf3025\" data-element_type=\"widget\" data-e-type=\"widget\" data-widget_type=\"cs-heading.default\">\n\t\t\t\t<div class=\"elementor-widget-container\">\n\t\t\t\t\t\t\t\t\t\t<section class=\"cs-heading\">\r\n\t\t\t\t<div class=\"cs-heading__container \">\r\n\t\t\t\t\t<h2 class=\"cs-heading__content\">\r\n\t\t\t\t\t\tDeportes\t\t\t\t\t<\/h2>\r\n\r\n\t\t\t\t\t\t\t\t\t\t\t<a class=\"cs-heading__link\" href=\"\/hidalgo\/category\/deportes\/\" target=\"_self\">\r\n\t\t\t\t\t\t\t<span>\t\r\n\t\t\t\t\t\t\t\tTodo sobre deportes\t\t\t\t\t\t\t<\/span>\r\n\t\t\t\t\t\t<\/a>\r\n\t\t\t\t\t\t\t\t\t<\/div>\r\n\t\t\t<\/section>\r\n\t\t\t\t\t\t\t\t<\/div>\n\t\t\t\t<\/div>\n\t\t<div class=\"elementor-element elementor-element-5c802bc e-con-full e-flex e-con e-child\" data-id=\"5c802bc\" data-element_type=\"container\" data-e-type=\"container\">\n\t\t<div class=\"elementor-element elementor-element-c060d76 e-con-full e-flex e-con e-child\" data-id=\"c060d76\" data-element_type=\"container\" data-e-type=\"container\">\n\t\t\t\t<div class=\"elementor-element elementor-element-70623db elementor-widget elementor-widget-cs-posts\" data-id=\"70623db\" data-element_type=\"widget\" data-e-type=\"widget\" data-widget_type=\"cs-posts.default\">\n\t\t\t\t<div class=\"elementor-widget-container\">\n\t\t\t\t\t\t\t\t<section class=\"cs-posts cs-posts__standard\">\r\n\t\t\t\t\t\t\t\t\t\t<div class=\"cs-posts-area cs-posts-area-elementor \" data-posts-area=\"\">\r\n\t\t\t\t\t\t\t<div class=\"cs-posts-area__outer\">\r\n\t\t\t\t\t\t\t\t<div\r\n\t\t\t\t\t\t\t\tclass=\"cs-posts-area__main cs-posts-area__main-divider\"\r\n\t\t\t\t\t\t\t\tdata-pc=\"1\"\r\n\t\t\t\t\t\t\t\tdata-lt=\"1\"\r\n\t\t\t\t\t\t\t\tdata-tb=\"1\"\r\n\t\t\t\t\t\t\t\tdata-mb=\"1\"\r\n\t\t\t\t\t\t\t\t>\r\n\t\t\t\t\t\t\t\t\t\r\n<article class=\"post-16154 post type-post status-publish format-standard has-post-thumbnail category-deportes tag-futbol-mexicano tag-goleadores tag-liga-mx tag-pachuca tag-salomon-rondon cs-entry cs-video-wrap\">\r\n\t<div class=\"cs-entry__outer\">\r\n\t\t\r\n\t\t<div class=\"cs-entry__inner cs-entry__content\">\r\n\r\n\t\t\t<div class=\"cs-entry__post-meta\" ><div class=\"cs-meta-category\"><ul class=\"post-categories\">\n\t<li><a href=\"https:\/\/grupohoymexico.com\/hidalgo\/category\/deportes\/\" rel=\"category tag\">Deportes<\/a><\/li><\/ul><\/div><\/div>\r\n\t\t\t<h2 class=\"cs-entry__title\"><a href=\"https:\/\/grupohoymexico.com\/hidalgo\/deportes\/salomon-rondon-octavo-goleador-historico-pachuca-tuzos\/\">Salom\u00f3n Rond\u00f3n alcanza el octavo lugar entre goleadores hist\u00f3ricos de Pachuca<\/a><\/h2>\r\n\t\t\t\r\n\t\t\t<div class=\"cs-entry__post-meta\" ><div class=\"cs-meta-author\"><span class=\"cs-meta-author-by\">por<\/span><a class=\"cs-meta-author-link url fn n\" href=\"https:\/\/grupohoymexico.com\/hidalgo\/author\/user\/\"><span class=\"cs-meta-author-name\">Grupo Hoy<\/span><\/a><\/div><div class=\"cs-meta-date\">28 de julio<\/div><\/div>\t\t<\/div>\r\n\t<\/div>\r\n<\/article>\r\n\r\n<article class=\"post-16127 post type-post status-publish format-standard has-post-thumbnail category-deportes cs-entry cs-video-wrap\">\r\n\t<div class=\"cs-entry__outer\">\r\n\t\t\r\n\t\t<div class=\"cs-entry__inner cs-entry__content\">\r\n\r\n\t\t\t<div class=\"cs-entry__post-meta\" ><div class=\"cs-meta-category\"><ul class=\"post-categories\">\n\t<li><a href=\"https:\/\/grupohoymexico.com\/hidalgo\/category\/deportes\/\" rel=\"category tag\">Deportes<\/a><\/li><\/ul><\/div><\/div>\r\n\t\t\t<h2 class=\"cs-entry__title\"><a href=\"https:\/\/grupohoymexico.com\/hidalgo\/deportes\/all-star-game-2026-pachuca-cuatro-jugadores-liga-mx-mls\/\">All Star Game 2026: Pachuca aporta cuatro jugadores al duelo Liga MX vs MLS<\/a><\/h2>\r\n\t\t\t\r\n\t\t\t<div class=\"cs-entry__post-meta\" ><div class=\"cs-meta-author\"><span class=\"cs-meta-author-by\">por<\/span><a class=\"cs-meta-author-link url fn n\" href=\"https:\/\/grupohoymexico.com\/hidalgo\/author\/user\/\"><span class=\"cs-meta-author-name\">Grupo Hoy<\/span><\/a><\/div><div class=\"cs-meta-date\">27 de julio<\/div><\/div>\t\t<\/div>\r\n\t<\/div>\r\n<\/article>\r\n\r\n<article class=\"post-16085 post type-post status-publish format-standard has-post-thumbnail category-deportes cs-entry cs-video-wrap\">\r\n\t<div class=\"cs-entry__outer\">\r\n\t\t\r\n\t\t<div class=\"cs-entry__inner cs-entry__content\">\r\n\r\n\t\t\t<div class=\"cs-entry__post-meta\" ><div class=\"cs-meta-category\"><ul class=\"post-categories\">\n\t<li><a href=\"https:\/\/grupohoymexico.com\/hidalgo\/category\/deportes\/\" rel=\"category tag\">Deportes<\/a><\/li><\/ul><\/div><\/div>\r\n\t\t\t<h2 class=\"cs-entry__title\"><a href=\"https:\/\/grupohoymexico.com\/hidalgo\/deportes\/barreras-charlyn-corral-apertura-2026-tuzas-pachuca-femenil\/\">Barreras y Charlyn Corral llegan motivadas al Apertura 2026 con Tuzas<\/a><\/h2>\r\n\t\t\t\r\n\t\t\t<div class=\"cs-entry__post-meta\" ><div class=\"cs-meta-author\"><span class=\"cs-meta-author-by\">por<\/span><a class=\"cs-meta-author-link url fn n\" href=\"https:\/\/grupohoymexico.com\/hidalgo\/author\/user\/\"><span class=\"cs-meta-author-name\">Grupo Hoy<\/span><\/a><\/div><div class=\"cs-meta-date\">27 de julio<\/div><\/div>\t\t<\/div>\r\n\t<\/div>\r\n<\/article>\r\n\r\n<article class=\"post-16100 post type-post status-publish format-standard has-post-thumbnail category-deportes cs-entry cs-video-wrap\">\r\n\t<div class=\"cs-entry__outer\">\r\n\t\t\r\n\t\t<div class=\"cs-entry__inner cs-entry__content\">\r\n\r\n\t\t\t<div class=\"cs-entry__post-meta\" ><div class=\"cs-meta-category\"><ul class=\"post-categories\">\n\t<li><a href=\"https:\/\/grupohoymexico.com\/hidalgo\/category\/deportes\/\" rel=\"category tag\">Deportes<\/a><\/li><\/ul><\/div><\/div>\r\n\t\t\t<h2 class=\"cs-entry__title\"><a href=\"https:\/\/grupohoymexico.com\/hidalgo\/deportes\/hidalguenses-campeones-nacionales-futbol-americano-fademac\/\">Hidalguenses se coronan campeones nacionales de futbol americano con Fademac<\/a><\/h2>\r\n\t\t\t\r\n\t\t\t<div class=\"cs-entry__post-meta\" ><div class=\"cs-meta-author\"><span class=\"cs-meta-author-by\">por<\/span><a class=\"cs-meta-author-link url fn n\" href=\"https:\/\/grupohoymexico.com\/hidalgo\/author\/user\/\"><span class=\"cs-meta-author-name\">Grupo Hoy<\/span><\/a><\/div><div class=\"cs-meta-date\">27 de julio<\/div><\/div>\t\t<\/div>\r\n\t<\/div>\r\n<\/article>\r\n\r\n<article class=\"post-16002 post type-post status-publish format-standard has-post-thumbnail category-deportes tag-apertura-2026 tag-boletos tag-clausura-2027 tag-estadio-hidalgo tag-liga-mx tag-pachuca tag-tuzocio tag-tuzos cs-entry cs-video-wrap\">\r\n\t<div class=\"cs-entry__outer\">\r\n\t\t\r\n\t\t<div class=\"cs-entry__inner cs-entry__content\">\r\n\r\n\t\t\t<div class=\"cs-entry__post-meta\" ><div class=\"cs-meta-category\"><ul class=\"post-categories\">\n\t<li><a href=\"https:\/\/grupohoymexico.com\/hidalgo\/category\/deportes\/\" rel=\"category tag\">Deportes<\/a><\/li><\/ul><\/div><\/div>\r\n\t\t\t<h2 class=\"cs-entry__title\"><a href=\"https:\/\/grupohoymexico.com\/hidalgo\/deportes\/pachuca-revela-costos-de-los-boletos-para-el-apertura-2026-y-clausura-2027\/\">Pachuca revela costos de los boletos para el Apertura 2026 y Clausura 2027<\/a><\/h2>\r\n\t\t\t\r\n\t\t\t<div class=\"cs-entry__post-meta\" ><div class=\"cs-meta-author\"><span class=\"cs-meta-author-by\">por<\/span><a class=\"cs-meta-author-link url fn n\" href=\"https:\/\/grupohoymexico.com\/hidalgo\/author\/jair\/\"><span class=\"cs-meta-author-name\">jair<\/span><\/a><\/div><div class=\"cs-meta-date\">21 de julio<\/div><\/div>\t\t<\/div>\r\n\t<\/div>\r\n<\/article>\r\n\r\n<article class=\"post-15955 post type-post status-publish format-standard has-post-thumbnail category-deportes tag-apertura-2026 tag-clausura-2027 tag-liga-mx tag-pachuca tag-tuzos tag-uniformes cs-entry cs-video-wrap\">\r\n\t<div class=\"cs-entry__outer\">\r\n\t\t\r\n\t\t<div class=\"cs-entry__inner cs-entry__content\">\r\n\r\n\t\t\t<div class=\"cs-entry__post-meta\" ><div class=\"cs-meta-category\"><ul class=\"post-categories\">\n\t<li><a href=\"https:\/\/grupohoymexico.com\/hidalgo\/category\/deportes\/\" rel=\"category tag\">Deportes<\/a><\/li><\/ul><\/div><\/div>\r\n\t\t\t<h2 class=\"cs-entry__title\"><a href=\"https:\/\/grupohoymexico.com\/hidalgo\/deportes\/pachuca-presenta-su-nuevos-uniformes-para-el-apertura-2026-precio-y-donde-comprarlo\/\">Pachuca present\u00f3 sus nuevos uniformes para el Apertura 2026: precio y d\u00f3nde comprarlos<\/a><\/h2>\r\n\t\t\t\r\n\t\t\t<div class=\"cs-entry__post-meta\" ><div class=\"cs-meta-author\"><span class=\"cs-meta-author-by\">por<\/span><a class=\"cs-meta-author-link url fn n\" href=\"https:\/\/grupohoymexico.com\/hidalgo\/author\/jair\/\"><span class=\"cs-meta-author-name\">jair<\/span><\/a><\/div><div class=\"cs-meta-date\">14 de julio<\/div><\/div>\t\t<\/div>\r\n\t<\/div>\r\n<\/article>\r\n\t\t\t\t\t\t\t\t<\/div>\r\n\t\t\t\t\t\t\t<\/div>\r\n\t\t\t\t\t\t<\/div>\r\n\t\t\t\t\t\t\t\t<\/section>\r\n\t\t\t\t\t\t<\/div>\n\t\t\t\t<\/div>\n\t\t\t\t<\/div>\n\t\t\t\t<div class=\"elementor-element elementor-element-6aee8d3 cs-dividervertical cs-divider-tablethorizontal cs-divider-mobilehorizontal elementor-widget elementor-widget-cs-divider\" data-id=\"6aee8d3\" data-element_type=\"widget\" data-e-type=\"widget\" data-widget_type=\"cs-divider.default\">\n\t\t\t\t<div class=\"elementor-widget-container\">\n\t\t\t\t\t\t\t<section class=\"cs-divider cs-divider-vertical\"><\/section>\r\n\t\t\t\t\t\t<\/div>\n\t\t\t\t<\/div>\n\t\t<div class=\"elementor-element elementor-element-29cb6a6 e-con-full e-flex e-con e-child\" data-id=\"29cb6a6\" data-element_type=\"container\" data-e-type=\"container\">\n\t\t\t\t<div class=\"elementor-element elementor-element-8dbe1ce elementor-widget elementor-widget-cs-posts\" data-id=\"8dbe1ce\" data-element_type=\"widget\" data-e-type=\"widget\" data-widget_type=\"cs-posts.default\">\n\t\t\t\t<div class=\"elementor-widget-container\">\n\t\t\t\t\t\t\t\t<section class=\"cs-posts cs-posts__standard\">\r\n\t\t\t\t\t\t\t\t\t\t<div class=\"cs-posts-area cs-posts-area-elementor \" data-posts-area=\"\">\r\n\t\t\t\t\t\t\t<div class=\"cs-posts-area__outer\">\r\n\t\t\t\t\t\t\t\t<div\r\n\t\t\t\t\t\t\t\tclass=\"cs-posts-area__main\"\r\n\t\t\t\t\t\t\t\tdata-pc=\"1\"\r\n\t\t\t\t\t\t\t\tdata-lt=\"1\"\r\n\t\t\t\t\t\t\t\tdata-tb=\"1\"\r\n\t\t\t\t\t\t\t\tdata-mb=\"1\"\r\n\t\t\t\t\t\t\t\t>\r\n\t\t\t\t\t\t\t\t\t\r\n<article class=\"post-15884 post type-post status-publish format-standard has-post-thumbnail category-deportes tag-club-pachuca tag-hidalgo tag-liga-mx tag-temporada-2026-2027 tag-tuzocio tag-tuzos cs-entry cs-video-wrap\">\r\n\t<div class=\"cs-entry__outer\">\r\n\t\t\t\t\t<div class=\"cs-entry__inner cs-entry__overlay cs-entry__thumbnail cs-overlay-ratio cs-ratio-landscape-16-9\">\r\n\r\n\t\t\t\t<div class=\"cs-overlay-background\">\r\n\t\t\t\t\t<img loading=\"lazy\" decoding=\"async\" width=\"332\" height=\"177\" src=\"https:\/\/grupohoymexico.com\/hidalgo\/wp-content\/uploads\/sites\/5\/2026\/07\/Tuzocio-Pachuca-332x177.jpg\" class=\"attachment-csco-thumbnail-uncropped size-csco-thumbnail-uncropped wp-post-image\" alt=\"Tuzocio 2026-2027: Club Pachuca anuncia venta de abonos\" srcset=\"https:\/\/grupohoymexico.com\/hidalgo\/wp-content\/uploads\/sites\/5\/2026\/07\/Tuzocio-Pachuca-332x177.jpg 332w, https:\/\/grupohoymexico.com\/hidalgo\/wp-content\/uploads\/sites\/5\/2026\/07\/Tuzocio-Pachuca-300x160.jpg 300w, https:\/\/grupohoymexico.com\/hidalgo\/wp-content\/uploads\/sites\/5\/2026\/07\/Tuzocio-Pachuca-1024x544.jpg 1024w, https:\/\/grupohoymexico.com\/hidalgo\/wp-content\/uploads\/sites\/5\/2026\/07\/Tuzocio-Pachuca-768x408.jpg 768w, https:\/\/grupohoymexico.com\/hidalgo\/wp-content\/uploads\/sites\/5\/2026\/07\/Tuzocio-Pachuca-664x353.jpg 664w, https:\/\/grupohoymexico.com\/hidalgo\/wp-content\/uploads\/sites\/5\/2026\/07\/Tuzocio-Pachuca-688x366.jpg 688w, https:\/\/grupohoymexico.com\/hidalgo\/wp-content\/uploads\/sites\/5\/2026\/07\/Tuzocio-Pachuca-1044x555.jpg 1044w, https:\/\/grupohoymexico.com\/hidalgo\/wp-content\/uploads\/sites\/5\/2026\/07\/Tuzocio-Pachuca.jpg 1200w\" sizes=\"(max-width: 332px) 100vw, 332px\" \/>\t\t\t\t\t<img loading=\"lazy\" decoding=\"async\" width=\"1200\" height=\"638\" src=\"https:\/\/grupohoymexico.com\/hidalgo\/wp-content\/uploads\/sites\/5\/2026\/07\/Tuzocio-Pachuca.jpg\" class=\"attachment-csco-extra-large size-csco-extra-large wp-post-image\" alt=\"Tuzocio 2026-2027: Club Pachuca anuncia venta de abonos\" srcset=\"https:\/\/grupohoymexico.com\/hidalgo\/wp-content\/uploads\/sites\/5\/2026\/07\/Tuzocio-Pachuca.jpg 1200w, https:\/\/grupohoymexico.com\/hidalgo\/wp-content\/uploads\/sites\/5\/2026\/07\/Tuzocio-Pachuca-300x160.jpg 300w, https:\/\/grupohoymexico.com\/hidalgo\/wp-content\/uploads\/sites\/5\/2026\/07\/Tuzocio-Pachuca-1024x544.jpg 1024w, https:\/\/grupohoymexico.com\/hidalgo\/wp-content\/uploads\/sites\/5\/2026\/07\/Tuzocio-Pachuca-768x408.jpg 768w, https:\/\/grupohoymexico.com\/hidalgo\/wp-content\/uploads\/sites\/5\/2026\/07\/Tuzocio-Pachuca-332x177.jpg 332w, https:\/\/grupohoymexico.com\/hidalgo\/wp-content\/uploads\/sites\/5\/2026\/07\/Tuzocio-Pachuca-664x353.jpg 664w, https:\/\/grupohoymexico.com\/hidalgo\/wp-content\/uploads\/sites\/5\/2026\/07\/Tuzocio-Pachuca-688x366.jpg 688w, https:\/\/grupohoymexico.com\/hidalgo\/wp-content\/uploads\/sites\/5\/2026\/07\/Tuzocio-Pachuca-1044x555.jpg 1044w\" sizes=\"(max-width: 1200px) 100vw, 1200px\" \/>\t\t\t\t<\/div>\r\n\r\n\t\t\t\t\r\n\t\t\t\t\r\n\t\t\t\t<a href=\"https:\/\/grupohoymexico.com\/hidalgo\/deportes\/tuzocio-2026-2027-club-pachuca-anuncia-venta-de-abonos\/\" class=\"cs-overlay-link\" title=\"Tuzocio 2026-2027: Club Pachuca anuncia venta de abonos\"><\/a>\r\n\t\t\t<\/div>\r\n\t\t\r\n\t\t<div class=\"cs-entry__inner cs-entry__content\">\r\n\r\n\t\t\t<div class=\"cs-entry__post-meta\" ><div class=\"cs-meta-category\"><ul class=\"post-categories\">\n\t<li><a href=\"https:\/\/grupohoymexico.com\/hidalgo\/category\/deportes\/\" rel=\"category tag\">Deportes<\/a><\/li><\/ul><\/div><\/div>\r\n\t\t\t<h2 class=\"cs-entry__title\"><a href=\"https:\/\/grupohoymexico.com\/hidalgo\/deportes\/tuzocio-2026-2027-club-pachuca-anuncia-venta-de-abonos\/\">Tuzocio 2026-2027: Club Pachuca anuncia venta de abonos<\/a><\/h2>\r\n\t\t\t\t\t\t\t\t<div class=\"cs-entry__excerpt\">\r\n\t\t\t\t\t\tEl Club de Futbol Pachuca anunci\u00f3 el lanzamiento oficial del abono Tuzocio para la Temporada 2026-2027, una opci\u00f3n dirigida a los aficionados que desean asegurar su lugar en el Estadio Hidalgo&hellip;\t\t\t\t\t<\/div>\r\n\t\t\t\t\t\r\n\t\t\t<div class=\"cs-entry__post-meta\" ><div class=\"cs-meta-author\"><span class=\"cs-meta-author-by\">por<\/span><a class=\"cs-meta-author-link url fn n\" href=\"https:\/\/grupohoymexico.com\/hidalgo\/author\/jair\/\"><span class=\"cs-meta-author-name\">jair<\/span><\/a><\/div><div class=\"cs-meta-date\">03 de julio<\/div><\/div>\t\t<\/div>\r\n\t<\/div>\r\n<\/article>\r\n\t\t\t\t\t\t\t\t<\/div>\r\n\t\t\t\t\t\t\t<\/div>\r\n\t\t\t\t\t\t<\/div>\r\n\t\t\t\t\t\t\t\t<\/section>\r\n\t\t\t\t\t\t<\/div>\n\t\t\t\t<\/div>\n\t\t\t\t<div class=\"elementor-element elementor-element-614d627 cs-dividerhorizontal cs-divider-tablethorizontal cs-divider-mobilehorizontal elementor-widget elementor-widget-cs-divider\" data-id=\"614d627\" data-element_type=\"widget\" data-e-type=\"widget\" data-widget_type=\"cs-divider.default\">\n\t\t\t\t<div class=\"elementor-widget-container\">\n\t\t\t\t\t\t\t<section class=\"cs-divider cs-divider-horizontal\"><\/section>\r\n\t\t\t\t\t\t<\/div>\n\t\t\t\t<\/div>\n\t\t\t\t<div class=\"elementor-element elementor-element-cf9ecc3 elementor-widget elementor-widget-cs-posts\" data-id=\"cf9ecc3\" data-element_type=\"widget\" data-e-type=\"widget\" data-widget_type=\"cs-posts.default\">\n\t\t\t\t<div class=\"elementor-widget-container\">\n\t\t\t\t\t\t\t\t<section class=\"cs-posts cs-posts__horizontal\">\r\n\t\t\t\t\t\t\t\t\t\t<div class=\"cs-posts-area cs-posts-area-elementor \" data-posts-area=\"\">\r\n\t\t\t\t\t\t\t<div class=\"cs-posts-area__outer\">\r\n\t\t\t\t\t\t\t\t<div\r\n\t\t\t\t\t\t\t\tclass=\"cs-posts-area__main\"\r\n\t\t\t\t\t\t\t\tdata-pc=\"1\"\r\n\t\t\t\t\t\t\t\tdata-lt=\"1\"\r\n\t\t\t\t\t\t\t\tdata-tb=\"1\"\r\n\t\t\t\t\t\t\t\tdata-mb=\"1\"\r\n\t\t\t\t\t\t\t\t>\r\n\t\t\t\t\t\t\t\t\t\r\n<article class=\"post-15768 post type-post status-publish format-standard has-post-thumbnail category-deportes tag-mexico-vs-sudafrica tag-mundial-2026 tag-partido-mexico-vs-sudafrica cs-entry cs-video-wrap\">\r\n\t<div class=\"cs-entry__outer cs-entry__outer-medium cs-entry__outer-thumbnail-right\">\r\n\t\t\t\t\t<div class=\"cs-entry__inner cs-entry__overlay cs-entry__thumbnail cs-overlay-ratio cs-ratio-landscape-16-9\">\r\n\r\n\t\t\t\t<div class=\"cs-overlay-background\">\r\n\t\t\t\t\t<img loading=\"lazy\" decoding=\"async\" width=\"332\" height=\"177\" src=\"https:\/\/grupohoymexico.com\/hidalgo\/wp-content\/uploads\/sites\/5\/2026\/06\/donde_ver_el_partido_mexico_vs_sudafrica_inauguracion_mundial_2026-332x177.png\" class=\"attachment-csco-thumbnail-uncropped size-csco-thumbnail-uncropped wp-post-image\" alt=\"\u00bfD\u00f3nde ver el partido de M\u00e9xico vs Sud\u00e1frica del Mundial 2026?\" srcset=\"https:\/\/grupohoymexico.com\/hidalgo\/wp-content\/uploads\/sites\/5\/2026\/06\/donde_ver_el_partido_mexico_vs_sudafrica_inauguracion_mundial_2026-332x177.png 332w, https:\/\/grupohoymexico.com\/hidalgo\/wp-content\/uploads\/sites\/5\/2026\/06\/donde_ver_el_partido_mexico_vs_sudafrica_inauguracion_mundial_2026-300x160.png 300w, https:\/\/grupohoymexico.com\/hidalgo\/wp-content\/uploads\/sites\/5\/2026\/06\/donde_ver_el_partido_mexico_vs_sudafrica_inauguracion_mundial_2026-1024x544.png 1024w, https:\/\/grupohoymexico.com\/hidalgo\/wp-content\/uploads\/sites\/5\/2026\/06\/donde_ver_el_partido_mexico_vs_sudafrica_inauguracion_mundial_2026-768x408.png 768w, https:\/\/grupohoymexico.com\/hidalgo\/wp-content\/uploads\/sites\/5\/2026\/06\/donde_ver_el_partido_mexico_vs_sudafrica_inauguracion_mundial_2026-664x353.png 664w, https:\/\/grupohoymexico.com\/hidalgo\/wp-content\/uploads\/sites\/5\/2026\/06\/donde_ver_el_partido_mexico_vs_sudafrica_inauguracion_mundial_2026-688x366.png 688w, https:\/\/grupohoymexico.com\/hidalgo\/wp-content\/uploads\/sites\/5\/2026\/06\/donde_ver_el_partido_mexico_vs_sudafrica_inauguracion_mundial_2026-1044x555.png 1044w, https:\/\/grupohoymexico.com\/hidalgo\/wp-content\/uploads\/sites\/5\/2026\/06\/donde_ver_el_partido_mexico_vs_sudafrica_inauguracion_mundial_2026.png 1200w\" sizes=\"(max-width: 332px) 100vw, 332px\" \/>\t\t\t\t\t<img loading=\"lazy\" decoding=\"async\" width=\"332\" height=\"186\" src=\"https:\/\/grupohoymexico.com\/hidalgo\/wp-content\/uploads\/sites\/5\/2026\/06\/donde_ver_el_partido_mexico_vs_sudafrica_inauguracion_mundial_2026-332x186.png\" class=\"attachment-csco-thumbnail size-csco-thumbnail wp-post-image\" alt=\"\u00bfD\u00f3nde ver el partido de M\u00e9xico vs Sud\u00e1frica del Mundial 2026?\" srcset=\"https:\/\/grupohoymexico.com\/hidalgo\/wp-content\/uploads\/sites\/5\/2026\/06\/donde_ver_el_partido_mexico_vs_sudafrica_inauguracion_mundial_2026-332x186.png 332w, https:\/\/grupohoymexico.com\/hidalgo\/wp-content\/uploads\/sites\/5\/2026\/06\/donde_ver_el_partido_mexico_vs_sudafrica_inauguracion_mundial_2026-664x372.png 664w, https:\/\/grupohoymexico.com\/hidalgo\/wp-content\/uploads\/sites\/5\/2026\/06\/donde_ver_el_partido_mexico_vs_sudafrica_inauguracion_mundial_2026-688x387.png 688w, https:\/\/grupohoymexico.com\/hidalgo\/wp-content\/uploads\/sites\/5\/2026\/06\/donde_ver_el_partido_mexico_vs_sudafrica_inauguracion_mundial_2026-1044x587.png 1044w\" sizes=\"(max-width: 332px) 100vw, 332px\" \/>\t\t\t\t<\/div>\r\n\r\n\t\t\t\t\r\n\t\t\t\t\r\n\t\t\t\t<a href=\"https:\/\/grupohoymexico.com\/hidalgo\/deportes\/donde-y-a-que-hora-ver-el-partido-de-mexico-vs-sudafrica-por-la-inauguracion-del-mundial-2026\/\" class=\"cs-overlay-link\" title=\"\u00bfD\u00f3nde y a qu\u00e9 hora ver el partido de M\u00e9xico vs Sud\u00e1frica por la inauguraci\u00f3n del Mundial 2026?\"><\/a>\r\n\t\t\t<\/div>\r\n\t\t\r\n\t\t<div class=\"cs-entry__inner cs-entry__content cs-entry__content-horizontal\">\r\n\t\t\t<div class=\"cs-entry__post-meta\" ><div class=\"cs-meta-category\"><ul class=\"post-categories\">\n\t<li><a href=\"https:\/\/grupohoymexico.com\/hidalgo\/category\/deportes\/\" rel=\"category tag\">Deportes<\/a><\/li><\/ul><\/div><\/div>\r\n\t\t\t<h2 class=\"cs-entry__title\"><a href=\"https:\/\/grupohoymexico.com\/hidalgo\/deportes\/donde-y-a-que-hora-ver-el-partido-de-mexico-vs-sudafrica-por-la-inauguracion-del-mundial-2026\/\">\u00bfD\u00f3nde y a qu\u00e9 hora ver el partido de M\u00e9xico vs Sud\u00e1frica por la inauguraci\u00f3n del Mundial 2026?<\/a><\/h2>\r\n\t\t\t\r\n\t\t\t<div class=\"cs-entry__post-meta\" ><div class=\"cs-meta-author\"><span class=\"cs-meta-author-by\">por<\/span><a class=\"cs-meta-author-link url fn n\" href=\"https:\/\/grupohoymexico.com\/hidalgo\/author\/nestor\/\"><span class=\"cs-meta-author-name\">nestor<\/span><\/a><\/div><div class=\"cs-meta-date\">10 de junio<\/div><\/div>\t\t<\/div>\r\n\t<\/div>\r\n<\/article>\r\n\t\t\t\t\t\t\t\t<\/div>\r\n\t\t\t\t\t\t\t<\/div>\r\n\t\t\t\t\t\t<\/div>\r\n\t\t\t\t\t\t\t\t<\/section>\r\n\t\t\t\t\t\t<\/div>\n\t\t\t\t<\/div>\n\t\t\t\t<\/div>\n\t\t\t\t<div class=\"elementor-element elementor-element-feab530 cs-dividervertical cs-divider-tabletvertical cs-divider-mobilehorizontal elementor-widget elementor-widget-cs-divider\" data-id=\"feab530\" data-element_type=\"widget\" data-e-type=\"widget\" data-widget_type=\"cs-divider.default\">\n\t\t\t\t<div class=\"elementor-widget-container\">\n\t\t\t\t\t\t\t<section class=\"cs-divider cs-divider-vertical\"><\/section>\r\n\t\t\t\t\t\t<\/div>\n\t\t\t\t<\/div>\n\t\t<div class=\"elementor-element elementor-element-9f086d5 e-con-full e-flex e-con e-child\" data-id=\"9f086d5\" data-element_type=\"container\" data-e-type=\"container\">\n\t\t\t\t<div class=\"elementor-element elementor-element-74a80d4 elementor-widget elementor-widget-cs-posts\" data-id=\"74a80d4\" data-element_type=\"widget\" data-e-type=\"widget\" data-widget_type=\"cs-posts.default\">\n\t\t\t\t<div class=\"elementor-widget-container\">\n\t\t\t\t\t\t\t\t<section class=\"cs-posts cs-posts__standard\">\r\n\t\t\t\t\t\t\t\t\t\t<div class=\"cs-posts-area cs-posts-area-elementor \" data-posts-area=\"\">\r\n\t\t\t\t\t\t\t<div class=\"cs-posts-area__outer\">\r\n\t\t\t\t\t\t\t\t<div\r\n\t\t\t\t\t\t\t\tclass=\"cs-posts-area__main cs-posts-area__main-divider\"\r\n\t\t\t\t\t\t\t\tdata-pc=\"1\"\r\n\t\t\t\t\t\t\t\tdata-lt=\"1\"\r\n\t\t\t\t\t\t\t\tdata-tb=\"1\"\r\n\t\t\t\t\t\t\t\tdata-mb=\"1\"\r\n\t\t\t\t\t\t\t\t>\r\n\t\t\t\t\t\t\t\t\t\r\n<article class=\"post-15648 post type-post status-publish format-standard has-post-thumbnail category-deportes tag-boletos-para-triplemania tag-triplemania-2026 tag-triplemania-34 cs-entry cs-video-wrap\">\r\n\t<div class=\"cs-entry__outer\">\r\n\t\t\r\n\t\t<div class=\"cs-entry__inner cs-entry__content\">\r\n\r\n\t\t\t<div class=\"cs-entry__post-meta\" ><div class=\"cs-meta-category\"><ul class=\"post-categories\">\n\t<li><a href=\"https:\/\/grupohoymexico.com\/hidalgo\/category\/deportes\/\" rel=\"category tag\">Deportes<\/a><\/li><\/ul><\/div><\/div>\r\n\t\t\t<h2 class=\"cs-entry__title\"><a href=\"https:\/\/grupohoymexico.com\/hidalgo\/deportes\/cuanto-cuestan-los-boletos-para-triplemania-2026\/\">\u00bfCu\u00e1nto cuestan los boletos para Triplemania 2026?<\/a><\/h2>\r\n\t\t\t\r\n\t\t\t<div class=\"cs-entry__post-meta\" ><div class=\"cs-meta-author\"><span class=\"cs-meta-author-by\">por<\/span><a class=\"cs-meta-author-link url fn n\" href=\"https:\/\/grupohoymexico.com\/hidalgo\/author\/nestor\/\"><span class=\"cs-meta-author-name\">nestor<\/span><\/a><\/div><div class=\"cs-meta-date\">02 de junio<\/div><\/div>\t\t<\/div>\r\n\t<\/div>\r\n<\/article>\r\n\r\n<article class=\"post-15643 post type-post status-publish format-standard has-post-thumbnail category-deportes tag-estadio-azteca tag-mundial-2026 tag-sudafrica cs-entry cs-video-wrap\">\r\n\t<div class=\"cs-entry__outer\">\r\n\t\t\r\n\t\t<div class=\"cs-entry__inner cs-entry__content\">\r\n\r\n\t\t\t<div class=\"cs-entry__post-meta\" ><div class=\"cs-meta-category\"><ul class=\"post-categories\">\n\t<li><a href=\"https:\/\/grupohoymexico.com\/hidalgo\/category\/deportes\/\" rel=\"category tag\">Deportes<\/a><\/li><\/ul><\/div><\/div>\r\n\t\t\t<h2 class=\"cs-entry__title\"><a href=\"https:\/\/grupohoymexico.com\/hidalgo\/deportes\/la-seleccion-de-sudafrica-llega-a-pachuca-rumbo-a-la-inauguracion-el-mundial\/\">La selecci\u00f3n de Sud\u00e1frica llega a Pachuca rumbo a la inauguraci\u00f3n el Mundial<\/a><\/h2>\r\n\t\t\t\r\n\t\t\t<div class=\"cs-entry__post-meta\" ><div class=\"cs-meta-author\"><span class=\"cs-meta-author-by\">por<\/span><a class=\"cs-meta-author-link url fn n\" href=\"https:\/\/grupohoymexico.com\/hidalgo\/author\/nestor\/\"><span class=\"cs-meta-author-name\">nestor<\/span><\/a><\/div><div class=\"cs-meta-date\">02 de junio<\/div><\/div>\t\t<\/div>\r\n\t<\/div>\r\n<\/article>\r\n\r\n<article class=\"post-14434 post type-post status-publish format-standard has-post-thumbnail category-deportes category-estatal tag-copa-de-campeones tag-pachuca cs-entry cs-video-wrap\">\r\n\t<div class=\"cs-entry__outer\">\r\n\t\t\r\n\t\t<div class=\"cs-entry__inner cs-entry__content\">\r\n\r\n\t\t\t<div class=\"cs-entry__post-meta\" ><div class=\"cs-meta-category\"><ul class=\"post-categories\">\n\t<li><a href=\"https:\/\/grupohoymexico.com\/hidalgo\/category\/deportes\/\" rel=\"category tag\">Deportes<\/a><\/li>\n\t<li><a href=\"https:\/\/grupohoymexico.com\/hidalgo\/category\/estatal\/\" rel=\"category tag\">Estados<\/a><\/li><\/ul><\/div><\/div>\r\n\t\t\t<h2 class=\"cs-entry__title\"><a href=\"https:\/\/grupohoymexico.com\/hidalgo\/deportes\/pachuca-a-un-paso-de-asegurar-su-lugar-en-la-copa-de-campeones\/\">Pachuca, a un paso de asegurar su lugar en la Copa de Campeones<\/a><\/h2>\r\n\t\t\t\r\n\t\t\t<div class=\"cs-entry__post-meta\" ><div class=\"cs-meta-author\"><span class=\"cs-meta-author-by\">por<\/span><a class=\"cs-meta-author-link url fn n\" href=\"https:\/\/grupohoymexico.com\/hidalgo\/author\/redaccion\/\"><span class=\"cs-meta-author-name\">Redacci\u00f3n Grupo Hoy<\/span><\/a><\/div><div class=\"cs-meta-date\">24 de abril<\/div><\/div>\t\t<\/div>\r\n\t<\/div>\r\n<\/article>\r\n\r\n<article class=\"post-13753 post type-post status-publish format-standard has-post-thumbnail category-deportes tag-cristiano-ronaldo tag-mexico-portugal cs-entry cs-video-wrap\">\r\n\t<div class=\"cs-entry__outer\">\r\n\t\t\r\n\t\t<div class=\"cs-entry__inner cs-entry__content\">\r\n\r\n\t\t\t<div class=\"cs-entry__post-meta\" ><div class=\"cs-meta-category\"><ul class=\"post-categories\">\n\t<li><a href=\"https:\/\/grupohoymexico.com\/hidalgo\/category\/deportes\/\" rel=\"category tag\">Deportes<\/a><\/li><\/ul><\/div><\/div>\r\n\t\t\t<h2 class=\"cs-entry__title\"><a href=\"https:\/\/grupohoymexico.com\/hidalgo\/deportes\/ausencia-de-cristiano-ronaldo-desploma-la-reventa-de-boletos-para-el-mexico-vs-portugal\/\">Ausencia de Cristiano Ronaldo desploma la reventa de boletos para el M\u00e9xico vs Portugal<\/a><\/h2>\r\n\t\t\t\r\n\t\t\t<div class=\"cs-entry__post-meta\" ><div class=\"cs-meta-author\"><span class=\"cs-meta-author-by\">por<\/span><a class=\"cs-meta-author-link url fn n\" href=\"https:\/\/grupohoymexico.com\/hidalgo\/author\/nestor\/\"><span class=\"cs-meta-author-name\">nestor<\/span><\/a><\/div><div class=\"cs-meta-date\">20 de marzo<\/div><\/div>\t\t<\/div>\r\n\t<\/div>\r\n<\/article>\r\n\t\t\t\t\t\t\t\t<\/div>\r\n\t\t\t\t\t\t\t<\/div>\r\n\t\t\t\t\t\t<\/div>\r\n\t\t\t\t\t\t\t\t<\/section>\r\n\t\t\t\t\t\t<\/div>\n\t\t\t\t<\/div>\n\t\t\t\t<div class=\"elementor-element elementor-element-c184e0e cs-dividerhorizontal cs-divider-tablethorizontal cs-divider-mobilehorizontal elementor-widget elementor-widget-cs-divider\" data-id=\"c184e0e\" data-element_type=\"widget\" data-e-type=\"widget\" data-widget_type=\"cs-divider.default\">\n\t\t\t\t<div class=\"elementor-widget-container\">\n\t\t\t\t\t\t\t<section class=\"cs-divider cs-divider-horizontal\"><\/section>\r\n\t\t\t\t\t\t<\/div>\n\t\t\t\t<\/div>\n\t\t\t\t<div class=\"elementor-element elementor-element-47f15ec elementor-widget elementor-widget-image\" data-id=\"47f15ec\" data-element_type=\"widget\" data-e-type=\"widget\" data-widget_type=\"image.default\">\n\t\t\t\t<div class=\"elementor-widget-container\">\n\t\t\t\t\t\t\t\t\t\t\t\t\t\t\t\t<a href=\"https:\/\/www.lajoyahoteles.com\/\">\n\t\t\t\t\t\t\t<img loading=\"lazy\" decoding=\"async\" width=\"500\" height=\"500\" src=\"https:\/\/grupohoymexico.com\/hidalgo\/wp-content\/uploads\/sites\/5\/2025\/05\/box-banner-la-joya.png\" class=\"attachment-large size-large wp-image-5069\" alt=\"\" srcset=\"https:\/\/grupohoymexico.com\/hidalgo\/wp-content\/uploads\/sites\/5\/2025\/05\/box-banner-la-joya.png 500w, https:\/\/grupohoymexico.com\/hidalgo\/wp-content\/uploads\/sites\/5\/2025\/05\/box-banner-la-joya-300x300.png 300w, https:\/\/grupohoymexico.com\/hidalgo\/wp-content\/uploads\/sites\/5\/2025\/05\/box-banner-la-joya-150x150.png 150w, https:\/\/grupohoymexico.com\/hidalgo\/wp-content\/uploads\/sites\/5\/2025\/05\/box-banner-la-joya-72x72.png 72w, https:\/\/grupohoymexico.com\/hidalgo\/wp-content\/uploads\/sites\/5\/2025\/05\/box-banner-la-joya-144x144.png 144w, https:\/\/grupohoymexico.com\/hidalgo\/wp-content\/uploads\/sites\/5\/2025\/05\/box-banner-la-joya-332x332.png 332w\" sizes=\"(max-width: 500px) 100vw, 500px\" \/>\t\t\t\t\t\t\t\t<\/a>\n\t\t\t\t\t\t\t\t\t\t\t\t\t\t\t<\/div>\n\t\t\t\t<\/div>\n\t\t\t\t<\/div>\n\t\t\t\t<\/div>\n\t\t\t\t<div class=\"elementor-element elementor-element-3eed156 cs-dividerhorizontal cs-divider-tablethorizontal cs-divider-mobilehorizontal elementor-widget elementor-widget-cs-divider\" data-id=\"3eed156\" data-element_type=\"widget\" data-e-type=\"widget\" data-widget_type=\"cs-divider.default\">\n\t\t\t\t<div class=\"elementor-widget-container\">\n\t\t\t\t\t\t\t<section class=\"cs-divider cs-divider-horizontal\"><\/section>\r\n\t\t\t\t\t\t<\/div>\n\t\t\t\t<\/div>\n\t\t\t\t\t<\/div>\n\t\t\t\t<\/div>\n\t\t\t\t<\/div>\n\t\t","protected":false},"excerpt":{"rendered":"Econom\u00eda Hidalgo Feria Nacional de Empleo para las Juventudes 2026 en Hidalgo: fecha, sede y c\u00f3mo postular a&hellip;","protected":false},"author":1,"featured_media":0,"parent":0,"menu_order":0,"comment_status":"closed","ping_status":"closed","template":"elementor_header_footer","meta":{"csco_display_header_overlay":false,"csco_singular_sidebar":"disabled","csco_page_header_type":"none","csco_page_load_nextpost":"","csco_post_video_location":[],"csco_post_video_location_hash":"","csco_post_video_url":"","csco_post_video_bg_start_time":0,"csco_post_video_bg_end_time":0,"footnotes":""},"class_list":["post-6","page","type-page","status-publish","cs-entry","cs-video-wrap"],"yoast_head":"<!-- This site is optimized with the Yoast SEO Premium plugin v26.0 (Yoast SEO v28.0) - https:\/\/yoast.com\/product\/yoast-seo-premium-wordpress\/ -->\n<title>Hidalgo Hoy | El portal l\u00edder en noticias de Hidalgo<\/title>\n<meta name=\"description\" content=\"Sitio l\u00edder de noticias en Hidalgo. Pol\u00edtica, deportes, espect\u00e1culos, econom\u00eda y m\u00e1s: Somos periodismo local con impacto nacional\" \/>\n<meta name=\"robots\" content=\"index, follow, max-snippet:-1, max-image-preview:large, max-video-preview:-1\" \/>\n<link rel=\"canonical\" href=\"https:\/\/grupohoymexico.com\/hidalgo\/\" \/>\n<meta property=\"og:locale\" content=\"es_MX\" \/>\n<meta property=\"og:type\" content=\"article\" \/>\n<meta property=\"og:title\" content=\"Hidalgo Hoy\" \/>\n<meta property=\"og:description\" content=\"Sitio l\u00edder de noticias en Hidalgo. Pol\u00edtica, deportes, espect\u00e1culos, econom\u00eda y m\u00e1s: Somos periodismo local con impacto nacional\" \/>\n<meta property=\"og:url\" content=\"https:\/\/grupohoymexico.com\/hidalgo\/\" \/>\n<meta property=\"og:site_name\" content=\"Hidalgo Hoy\" \/>\n<meta property=\"article:modified_time\" content=\"2026-08-26T23:45:35+00:00\" \/>\n<meta property=\"og:image\" content=\"https:\/\/grupohoymexico.com\/hidalgo\/wp-content\/uploads\/sites\/5\/2026\/08\/imgregen-ai-16401-1786634811-332x177.jpg\" \/>\n<meta name=\"twitter:card\" content=\"summary_large_image\" \/>\n<meta name=\"twitter:label1\" content=\"Tiempo de lectura\" \/>\n\t<meta name=\"twitter:data1\" content=\"16 minutos\" \/>\n<script type=\"application\/ld+json\" class=\"yoast-schema-graph\">{\"@context\":\"https:\\\/\\\/schema.org\",\"@graph\":[{\"@type\":\"WebPage\",\"@id\":\"https:\\\/\\\/grupohoymexico.com\\\/hidalgo\\\/\",\"url\":\"https:\\\/\\\/grupohoymexico.com\\\/hidalgo\\\/\",\"name\":\"Hidalgo Hoy | El portal l\u00edder en noticias de Hidalgo\",\"isPartOf\":{\"@id\":\"https:\\\/\\\/grupohoymexico.com\\\/hidalgo\\\/#website\"},\"primaryImageOfPage\":{\"@id\":\"https:\\\/\\\/grupohoymexico.com\\\/hidalgo\\\/#primaryimage\"},\"image\":{\"@id\":\"https:\\\/\\\/grupohoymexico.com\\\/hidalgo\\\/#primaryimage\"},\"thumbnailUrl\":\"https:\\\/\\\/grupohoymexico.com\\\/hidalgo\\\/wp-content\\\/uploads\\\/sites\\\/5\\\/2026\\\/08\\\/imgregen-ai-16401-1786634811-332x177.jpg\",\"datePublished\":\"2023-12-18T05:23:16+00:00\",\"dateModified\":\"2026-08-26T23:45:35+00:00\",\"description\":\"Sitio l\u00edder de noticias en Hidalgo. Pol\u00edtica, deportes, espect\u00e1culos, econom\u00eda y m\u00e1s: Somos periodismo local con impacto nacional\",\"breadcrumb\":{\"@id\":\"https:\\\/\\\/grupohoymexico.com\\\/hidalgo\\\/#breadcrumb\"},\"inLanguage\":\"es\",\"potentialAction\":[{\"@type\":\"ReadAction\",\"target\":[\"https:\\\/\\\/grupohoymexico.com\\\/hidalgo\\\/\"]}]},{\"@type\":\"ImageObject\",\"inLanguage\":\"es\",\"@id\":\"https:\\\/\\\/grupohoymexico.com\\\/hidalgo\\\/#primaryimage\",\"url\":\"https:\\\/\\\/grupohoymexico.com\\\/hidalgo\\\/wp-content\\\/uploads\\\/sites\\\/5\\\/2026\\\/08\\\/imgregen-ai-16401-1786634811.jpg\",\"contentUrl\":\"https:\\\/\\\/grupohoymexico.com\\\/hidalgo\\\/wp-content\\\/uploads\\\/sites\\\/5\\\/2026\\\/08\\\/imgregen-ai-16401-1786634811.jpg\",\"width\":1200,\"height\":638},{\"@type\":\"BreadcrumbList\",\"@id\":\"https:\\\/\\\/grupohoymexico.com\\\/hidalgo\\\/#breadcrumb\",\"itemListElement\":[{\"@type\":\"ListItem\",\"position\":1,\"name\":\"Inicio\",\"item\":\"https:\\\/\\\/grupohoymexico.com\\\/hidalgo\\\/\"},{\"@type\":\"ListItem\",\"position\":2,\"name\":\"Hidalgo Hoy\"}]},{\"@type\":\"WebSite\",\"@id\":\"https:\\\/\\\/grupohoymexico.com\\\/hidalgo\\\/#website\",\"url\":\"https:\\\/\\\/grupohoymexico.com\\\/hidalgo\\\/\",\"name\":\"Hidalgo Hoy\",\"description\":\"El alma de la noticia\",\"publisher\":{\"@id\":\"https:\\\/\\\/grupohoymexico.com\\\/hidalgo\\\/#organization\"},\"potentialAction\":[{\"@type\":\"SearchAction\",\"target\":{\"@type\":\"EntryPoint\",\"urlTemplate\":\"https:\\\/\\\/grupohoymexico.com\\\/hidalgo\\\/?s={search_term_string}\"},\"query-input\":{\"@type\":\"PropertyValueSpecification\",\"valueRequired\":true,\"valueName\":\"search_term_string\"}}],\"inLanguage\":\"es\"},{\"@type\":\"Organization\",\"@id\":\"https:\\\/\\\/grupohoymexico.com\\\/hidalgo\\\/#organization\",\"name\":\"Hidalgo Hoy\",\"url\":\"https:\\\/\\\/grupohoymexico.com\\\/hidalgo\\\/\",\"logo\":{\"@type\":\"ImageObject\",\"inLanguage\":\"es\",\"@id\":\"https:\\\/\\\/grupohoymexico.com\\\/hidalgo\\\/#\\\/schema\\\/logo\\\/image\\\/\",\"url\":\"https:\\\/\\\/grupohoymexico.com\\\/hidalgo\\\/wp-content\\\/uploads\\\/sites\\\/5\\\/2025\\\/05\\\/Recurso-70hidalgo-hoy.svg\",\"contentUrl\":\"https:\\\/\\\/grupohoymexico.com\\\/hidalgo\\\/wp-content\\\/uploads\\\/sites\\\/5\\\/2025\\\/05\\\/Recurso-70hidalgo-hoy.svg\",\"width\":85,\"height\":64,\"caption\":\"Hidalgo Hoy\"},\"image\":{\"@id\":\"https:\\\/\\\/grupohoymexico.com\\\/hidalgo\\\/#\\\/schema\\\/logo\\\/image\\\/\"}}]}<\/script>\n<!-- \/ Yoast SEO Premium plugin. -->","yoast_head_json":{"title":"Hidalgo Hoy | El portal l\u00edder en noticias de Hidalgo","description":"Sitio l\u00edder de noticias en Hidalgo. Pol\u00edtica, deportes, espect\u00e1culos, econom\u00eda y m\u00e1s: Somos periodismo local con impacto nacional","robots":{"index":"index","follow":"follow","max-snippet":"max-snippet:-1","max-image-preview":"max-image-preview:large","max-video-preview":"max-video-preview:-1"},"canonical":"https:\/\/grupohoymexico.com\/hidalgo\/","og_locale":"es_MX","og_type":"article","og_title":"Hidalgo Hoy","og_description":"Sitio l\u00edder de noticias en Hidalgo. Pol\u00edtica, deportes, espect\u00e1culos, econom\u00eda y m\u00e1s: Somos periodismo local con impacto nacional","og_url":"https:\/\/grupohoymexico.com\/hidalgo\/","og_site_name":"Hidalgo Hoy","article_modified_time":"2026-08-26T23:45:35+00:00","og_image":[{"url":"https:\/\/grupohoymexico.com\/hidalgo\/wp-content\/uploads\/sites\/5\/2026\/08\/imgregen-ai-16401-1786634811-332x177.jpg","type":"","width":"","height":""}],"twitter_card":"summary_large_image","twitter_misc":{"Tiempo de lectura":"16 minutos"},"schema":{"@context":"https:\/\/schema.org","@graph":[{"@type":"WebPage","@id":"https:\/\/grupohoymexico.com\/hidalgo\/","url":"https:\/\/grupohoymexico.com\/hidalgo\/","name":"Hidalgo Hoy | El portal l\u00edder en noticias de Hidalgo","isPartOf":{"@id":"https:\/\/grupohoymexico.com\/hidalgo\/#website"},"primaryImageOfPage":{"@id":"https:\/\/grupohoymexico.com\/hidalgo\/#primaryimage"},"image":{"@id":"https:\/\/grupohoymexico.com\/hidalgo\/#primaryimage"},"thumbnailUrl":"https:\/\/grupohoymexico.com\/hidalgo\/wp-content\/uploads\/sites\/5\/2026\/08\/imgregen-ai-16401-1786634811-332x177.jpg","datePublished":"2023-12-18T05:23:16+00:00","dateModified":"2026-08-26T23:45:35+00:00","description":"Sitio l\u00edder de noticias en Hidalgo. Pol\u00edtica, deportes, espect\u00e1culos, econom\u00eda y m\u00e1s: Somos periodismo local con impacto nacional","breadcrumb":{"@id":"https:\/\/grupohoymexico.com\/hidalgo\/#breadcrumb"},"inLanguage":"es","potentialAction":[{"@type":"ReadAction","target":["https:\/\/grupohoymexico.com\/hidalgo\/"]}]},{"@type":"ImageObject","inLanguage":"es","@id":"https:\/\/grupohoymexico.com\/hidalgo\/#primaryimage","url":"https:\/\/grupohoymexico.com\/hidalgo\/wp-content\/uploads\/sites\/5\/2026\/08\/imgregen-ai-16401-1786634811.jpg","contentUrl":"https:\/\/grupohoymexico.com\/hidalgo\/wp-content\/uploads\/sites\/5\/2026\/08\/imgregen-ai-16401-1786634811.jpg","width":1200,"height":638},{"@type":"BreadcrumbList","@id":"https:\/\/grupohoymexico.com\/hidalgo\/#breadcrumb","itemListElement":[{"@type":"ListItem","position":1,"name":"Inicio","item":"https:\/\/grupohoymexico.com\/hidalgo\/"},{"@type":"ListItem","position":2,"name":"Hidalgo Hoy"}]},{"@type":"WebSite","@id":"https:\/\/grupohoymexico.com\/hidalgo\/#website","url":"https:\/\/grupohoymexico.com\/hidalgo\/","name":"Hidalgo Hoy","description":"El alma de la noticia","publisher":{"@id":"https:\/\/grupohoymexico.com\/hidalgo\/#organization"},"potentialAction":[{"@type":"SearchAction","target":{"@type":"EntryPoint","urlTemplate":"https:\/\/grupohoymexico.com\/hidalgo\/?s={search_term_string}"},"query-input":{"@type":"PropertyValueSpecification","valueRequired":true,"valueName":"search_term_string"}}],"inLanguage":"es"},{"@type":"Organization","@id":"https:\/\/grupohoymexico.com\/hidalgo\/#organization","name":"Hidalgo Hoy","url":"https:\/\/grupohoymexico.com\/hidalgo\/","logo":{"@type":"ImageObject","inLanguage":"es","@id":"https:\/\/grupohoymexico.com\/hidalgo\/#\/schema\/logo\/image\/","url":"https:\/\/grupohoymexico.com\/hidalgo\/wp-content\/uploads\/sites\/5\/2025\/05\/Recurso-70hidalgo-hoy.svg","contentUrl":"https:\/\/grupohoymexico.com\/hidalgo\/wp-content\/uploads\/sites\/5\/2025\/05\/Recurso-70hidalgo-hoy.svg","width":85,"height":64,"caption":"Hidalgo Hoy"},"image":{"@id":"https:\/\/grupohoymexico.com\/hidalgo\/#\/schema\/logo\/image\/"}}]}},"_links":{"self":[{"href":"https:\/\/grupohoymexico.com\/hidalgo\/wp-json\/wp\/v2\/pages\/6","targetHints":{"allow":["GET"]}}],"collection":[{"href":"https:\/\/grupohoymexico.com\/hidalgo\/wp-json\/wp\/v2\/pages"}],"about":[{"href":"https:\/\/grupohoymexico.com\/hidalgo\/wp-json\/wp\/v2\/types\/page"}],"author":[{"embeddable":true,"href":"https:\/\/grupohoymexico.com\/hidalgo\/wp-json\/wp\/v2\/users\/1"}],"replies":[{"embeddable":true,"href":"https:\/\/grupohoymexico.com\/hidalgo\/wp-json\/wp\/v2\/comments?post=6"}],"version-history":[{"count":47,"href":"https:\/\/grupohoymexico.com\/hidalgo\/wp-json\/wp\/v2\/pages\/6\/revisions"}],"predecessor-version":[{"id":16666,"href":"https:\/\/grupohoymexico.com\/hidalgo\/wp-json\/wp\/v2\/pages\/6\/revisions\/16666"}],"wp:attachment":[{"href":"https:\/\/grupohoymexico.com\/hidalgo\/wp-json\/wp\/v2\/media?parent=6"}],"curies":[{"name":"wp","href":"https:\/\/api.w.org\/{rel}","templated":true}]}}